{"id":4,"date":"2025-04-28T09:27:49","date_gmt":"2025-04-28T13:27:49","guid":{"rendered":"https:\/\/medicina.udd.cl\/casev\/?page_id=4"},"modified":"2025-11-04T15:32:07","modified_gmt":"2025-11-04T18:32:07","slug":"inicio","status":"publish","type":"page","link":"https:\/\/medicina.udd.cl\/casev\/","title":{"rendered":"Inicio"},"content":{"rendered":"<div style=\"--udd-blocks-redux--cols: 1; --udd-blocks-redux--min-height: 25rem; --udd-blocks-redux--block-gap: var( --wp--preset--spacing--50 ); --items-vertical-align: flex-end; --mask-opacity: 0.5; min-height:25rem;\" class=\"wp-block-udd-blocks-redux-banners-multiples\" data-show-descriptions=\"hover\">\n\t<div class=\"udd-blocks-has-elements-in-columns\">\n\t\t<div style=\"background-position: 50% 50%;\" class=\"wp-block-udd-blocks-redux-banners-multiples-element\">\n\t<div class=\"udd-banner-multiple-element\" style=\"background-image: url(https:\/\/medicina.udd.cl\/casev\/files\/2025\/06\/hola2-768x419.png);\">\n\t\t<span class=\"udd-banner-multiple-element__title\">\n\t\t\tMISION\t\t<\/span>\n\t\t\t\t<div class=\"udd-banner-multiple-element__description\">\n\t\t\tPromover la salud y el bienestar de la poblaci\u00f3n chilena a trav\u00e9s de la docencia, la investigaci\u00f3n, la extensi\u00f3n y el dise\u00f1o de intervenciones basadas en estilos de vida saludables, con un enfoque interdisciplinario y un compromiso con la excelencia acad\u00e9mica y cl\u00ednica.\t\t<\/div>\n\t\t\t\t\t<\/div>\n<\/div>\n\t<\/div>\n<\/div>\n\n\n\n<div class=\"wp-block-media-text is-stacked-on-mobile\"><figure class=\"wp-block-media-text__media\"><img loading=\"lazy\" decoding=\"async\" width=\"768\" height=\"512\" src=\"https:\/\/medicina.udd.cl\/casev\/files\/2025\/06\/fm-casev-capacitacion-funcionarios-duoc-uc-21-768x512-1.jpg\" alt=\"\" class=\"wp-image-22 size-full\" srcset=\"https:\/\/medicina.udd.cl\/casev\/files\/2025\/06\/fm-casev-capacitacion-funcionarios-duoc-uc-21-768x512-1.jpg 768w, https:\/\/medicina.udd.cl\/casev\/files\/2025\/06\/fm-casev-capacitacion-funcionarios-duoc-uc-21-768x512-1-300x200.jpg 300w\" sizes=\"auto, (max-width: 768px) 100vw, 768px\" \/><\/figure><div class=\"wp-block-media-text__content\">\n<h2 class=\"wp-block-heading\"><strong>\u00bfQUI\u00c9NES SOMOS?<\/strong><\/h2>\n\n\n\n<p>Formado por un equipo multidisciplinario, el Centro Acad\u00e9mico de Salud y Estilos de Vida&#8230;<\/p>\n\n\n\n<div class=\"wp-block-buttons is-layout-flex wp-block-buttons-is-layout-flex\">\n<div class=\"wp-block-button\"><a class=\"wp-block-button__link wp-element-button\" href=\"https:\/\/medicina.udd.cl\/casev\/quienes-somos\/\">Ver m\u00e1s<\/a><\/div>\n<\/div>\n<\/div><\/div>\n\n\n\n<h2 class=\"wp-block-heading\">QU\u00c9 HACEMOS<\/h2>\n\n\n<div style=\"--udd-blocks-redux--cols: 4; --udd-blocks-redux--min-height: 25rem; --udd-blocks-redux--block-gap: var( --wp--preset--spacing--50 ); --items-vertical-align: flex-end; --mask-opacity: 0.5; min-height:25rem;\" class=\"wp-block-udd-blocks-redux-banners-multiples\" data-show-descriptions=\"hover\">\n\t<div class=\"udd-blocks-has-elements-in-columns\">\n\t\t<div style=\"background-position: 50% 50%;\" class=\"wp-block-udd-blocks-redux-banners-multiples-element\">\n\t<div class=\"udd-banner-multiple-element\" style=\"background-image: url(https:\/\/medicina.udd.cl\/casev\/files\/2025\/06\/images-4.jpeg);\">\n\t\t<span class=\"udd-banner-multiple-element__title\">\n\t\t\tDOCENCIA\t\t<\/span>\n\t\t\t\t\t<\/div>\n<\/div>\n<div style=\"background-position: 50% 50%;\" class=\"wp-block-udd-blocks-redux-banners-multiples-element\">\n\t<div class=\"udd-banner-multiple-element\" style=\"background-image: url(https:\/\/medicina.udd.cl\/casev\/files\/2025\/06\/inves.jpeg);\">\n\t\t<span class=\"udd-banner-multiple-element__title\">\n\t\t\tINVESTIGACI\u00d3N\t\t<\/span>\n\t\t\t\t\t<\/div>\n<\/div>\n<div style=\"background-position: 50% 50%;\" class=\"wp-block-udd-blocks-redux-banners-multiples-element\">\n\t<div class=\"udd-banner-multiple-element\" style=\"background-image: url(https:\/\/medicina.udd.cl\/casev\/files\/2025\/06\/to-feria-estilos-de-vida-saludable-12-768x1024-1.jpeg);\">\n\t\t<span class=\"udd-banner-multiple-element__title\">\n\t\t\tEXTENSI\u00d3N\t\t<\/span>\n\t\t\t\t\t<\/div>\n<\/div>\n<div style=\"background-position: 50% 50%;\" class=\"wp-block-udd-blocks-redux-banners-multiples-element\">\n\t<div class=\"udd-banner-multiple-element\" style=\"background-image: url(https:\/\/medicina.udd.cl\/casev\/files\/2025\/06\/intervencion.jpeg);\">\n\t\t<span class=\"udd-banner-multiple-element__title\">\n\t\t\tINTERVENCIONES\t\t<\/span>\n\t\t\t\t\t<\/div>\n<\/div>\n\t<\/div>\n<\/div>\n\n\n\n<p><\/p>\n","protected":false},"excerpt":{"rendered":"<p>QU\u00c9 HACEMOS<\/p>\n","protected":false},"author":9192217,"featured_media":0,"parent":0,"menu_order":0,"comment_status":"closed","ping_status":"closed","template":"","meta":{"footnotes":""},"class_list":["post-4","page","type-page","status-publish","hentry"],"yoast_head":"<!-- This site is optimized with the Yoast SEO plugin v26.9 - https:\/\/yoast.com\/product\/yoast-seo-wordpress\/ -->\n<title>Inicio - Centro Acad\u00e9mico de Salud y Estilos de Vida<\/title>\n<meta name=\"robots\" content=\"index, follow, max-snippet:-1, max-image-preview:large, max-video-preview:-1\" \/>\n<link rel=\"canonical\" href=\"https:\/\/medicina.udd.cl\/casev\/\" \/>\n<meta property=\"og:locale\" content=\"es_ES\" \/>\n<meta property=\"og:type\" content=\"article\" \/>\n<meta property=\"og:title\" content=\"Inicio - Centro Acad\u00e9mico de Salud y Estilos de Vida\" \/>\n<meta property=\"og:description\" content=\"QU\u00c9 HACEMOS\" \/>\n<meta property=\"og:url\" content=\"https:\/\/medicina.udd.cl\/casev\/\" \/>\n<meta property=\"og:site_name\" content=\"Centro Acad\u00e9mico de Salud y Estilos de Vida\" \/>\n<meta property=\"article:modified_time\" content=\"2025-11-04T18:32:07+00:00\" \/>\n<meta property=\"og:image\" content=\"https:\/\/medicina.udd.cl\/casev\/files\/2025\/06\/fm-casev-capacitacion-funcionarios-duoc-uc-21-768x512-1.jpg\" \/>\n\t<meta property=\"og:image:width\" content=\"768\" \/>\n\t<meta property=\"og:image:height\" content=\"512\" \/>\n\t<meta property=\"og:image:type\" content=\"image\/jpeg\" \/>\n<meta name=\"twitter:card\" content=\"summary_large_image\" \/>\n<meta name=\"twitter:label1\" content=\"Tiempo de lectura\" \/>\n\t<meta name=\"twitter:data1\" content=\"1 minuto\" \/>\n<script type=\"application\/ld+json\" class=\"yoast-schema-graph\">{\"@context\":\"https:\/\/schema.org\",\"@graph\":[{\"@type\":\"WebPage\",\"@id\":\"https:\/\/medicina.udd.cl\/casev\/\",\"url\":\"https:\/\/medicina.udd.cl\/casev\/\",\"name\":\"Inicio - Centro Acad\u00e9mico de Salud y Estilos de Vida\",\"isPartOf\":{\"@id\":\"https:\/\/medicina.udd.cl\/casev\/#website\"},\"primaryImageOfPage\":{\"@id\":\"https:\/\/medicina.udd.cl\/casev\/#primaryimage\"},\"image\":{\"@id\":\"https:\/\/medicina.udd.cl\/casev\/#primaryimage\"},\"thumbnailUrl\":\"https:\/\/medicina.udd.cl\/casev\/files\/2025\/06\/fm-casev-capacitacion-funcionarios-duoc-uc-21-768x512-1.jpg\",\"datePublished\":\"2025-04-28T13:27:49+00:00\",\"dateModified\":\"2025-11-04T18:32:07+00:00\",\"breadcrumb\":{\"@id\":\"https:\/\/medicina.udd.cl\/casev\/#breadcrumb\"},\"inLanguage\":\"es\",\"potentialAction\":[{\"@type\":\"ReadAction\",\"target\":[\"https:\/\/medicina.udd.cl\/casev\/\"]}]},{\"@type\":\"ImageObject\",\"inLanguage\":\"es\",\"@id\":\"https:\/\/medicina.udd.cl\/casev\/#primaryimage\",\"url\":\"https:\/\/medicina.udd.cl\/casev\/files\/2025\/06\/fm-casev-capacitacion-funcionarios-duoc-uc-21-768x512-1.jpg\",\"contentUrl\":\"https:\/\/medicina.udd.cl\/casev\/files\/2025\/06\/fm-casev-capacitacion-funcionarios-duoc-uc-21-768x512-1.jpg\",\"width\":768,\"height\":512},{\"@type\":\"BreadcrumbList\",\"@id\":\"https:\/\/medicina.udd.cl\/casev\/#breadcrumb\",\"itemListElement\":[{\"@type\":\"ListItem\",\"position\":1,\"name\":\"Portada\",\"item\":\"https:\/\/medicina.udd.cl\/casev\/\"},{\"@type\":\"ListItem\",\"position\":2,\"name\":\"Inicio\"}]},{\"@type\":\"WebSite\",\"@id\":\"https:\/\/medicina.udd.cl\/casev\/#website\",\"url\":\"https:\/\/medicina.udd.cl\/casev\/\",\"name\":\"Centro Acad\u00e9mico de Salud y Estilos de Vida\",\"description\":\"\",\"inLanguage\":\"es\"}]}<\/script>\n<!-- \/ Yoast SEO plugin. -->","yoast_head_json":{"title":"Inicio - Centro Acad\u00e9mico de Salud y Estilos de Vida","robots":{"index":"index","follow":"follow","max-snippet":"max-snippet:-1","max-image-preview":"max-image-preview:large","max-video-preview":"max-video-preview:-1"},"canonical":"https:\/\/medicina.udd.cl\/casev\/","og_locale":"es_ES","og_type":"article","og_title":"Inicio - Centro Acad\u00e9mico de Salud y Estilos de Vida","og_description":"QU\u00c9 HACEMOS","og_url":"https:\/\/medicina.udd.cl\/casev\/","og_site_name":"Centro Acad\u00e9mico de Salud y Estilos de Vida","article_modified_time":"2025-11-04T18:32:07+00:00","og_image":[{"width":768,"height":512,"url":"https:\/\/medicina.udd.cl\/casev\/files\/2025\/06\/fm-casev-capacitacion-funcionarios-duoc-uc-21-768x512-1.jpg","type":"image\/jpeg"}],"twitter_card":"summary_large_image","twitter_misc":{"Tiempo de lectura":"1 minuto"},"schema":{"@context":"https:\/\/schema.org","@graph":[{"@type":"WebPage","@id":"https:\/\/medicina.udd.cl\/casev\/","url":"https:\/\/medicina.udd.cl\/casev\/","name":"Inicio - Centro Acad\u00e9mico de Salud y Estilos de Vida","isPartOf":{"@id":"https:\/\/medicina.udd.cl\/casev\/#website"},"primaryImageOfPage":{"@id":"https:\/\/medicina.udd.cl\/casev\/#primaryimage"},"image":{"@id":"https:\/\/medicina.udd.cl\/casev\/#primaryimage"},"thumbnailUrl":"https:\/\/medicina.udd.cl\/casev\/files\/2025\/06\/fm-casev-capacitacion-funcionarios-duoc-uc-21-768x512-1.jpg","datePublished":"2025-04-28T13:27:49+00:00","dateModified":"2025-11-04T18:32:07+00:00","breadcrumb":{"@id":"https:\/\/medicina.udd.cl\/casev\/#breadcrumb"},"inLanguage":"es","potentialAction":[{"@type":"ReadAction","target":["https:\/\/medicina.udd.cl\/casev\/"]}]},{"@type":"ImageObject","inLanguage":"es","@id":"https:\/\/medicina.udd.cl\/casev\/#primaryimage","url":"https:\/\/medicina.udd.cl\/casev\/files\/2025\/06\/fm-casev-capacitacion-funcionarios-duoc-uc-21-768x512-1.jpg","contentUrl":"https:\/\/medicina.udd.cl\/casev\/files\/2025\/06\/fm-casev-capacitacion-funcionarios-duoc-uc-21-768x512-1.jpg","width":768,"height":512},{"@type":"BreadcrumbList","@id":"https:\/\/medicina.udd.cl\/casev\/#breadcrumb","itemListElement":[{"@type":"ListItem","position":1,"name":"Portada","item":"https:\/\/medicina.udd.cl\/casev\/"},{"@type":"ListItem","position":2,"name":"Inicio"}]},{"@type":"WebSite","@id":"https:\/\/medicina.udd.cl\/casev\/#website","url":"https:\/\/medicina.udd.cl\/casev\/","name":"Centro Acad\u00e9mico de Salud y Estilos de Vida","description":"","inLanguage":"es"}]}},"_links":{"self":[{"href":"https:\/\/medicina.udd.cl\/casev\/wp-json\/wp\/v2\/pages\/4","targetHints":{"allow":["GET"]}}],"collection":[{"href":"https:\/\/medicina.udd.cl\/casev\/wp-json\/wp\/v2\/pages"}],"about":[{"href":"https:\/\/medicina.udd.cl\/casev\/wp-json\/wp\/v2\/types\/page"}],"author":[{"embeddable":true,"href":"https:\/\/medicina.udd.cl\/casev\/wp-json\/wp\/v2\/users\/9192217"}],"replies":[{"embeddable":true,"href":"https:\/\/medicina.udd.cl\/casev\/wp-json\/wp\/v2\/comments?post=4"}],"version-history":[{"count":12,"href":"https:\/\/medicina.udd.cl\/casev\/wp-json\/wp\/v2\/pages\/4\/revisions"}],"predecessor-version":[{"id":74,"href":"https:\/\/medicina.udd.cl\/casev\/wp-json\/wp\/v2\/pages\/4\/revisions\/74"}],"wp:attachment":[{"href":"https:\/\/medicina.udd.cl\/casev\/wp-json\/wp\/v2\/media?parent=4"}],"curies":[{"name":"wp","href":"https:\/\/api.w.org\/{rel}","templated":true}]}}