{"id":2161,"date":"2013-07-27T16:39:34","date_gmt":"2013-07-27T20:39:34","guid":{"rendered":"http:\/\/medicina.udd.cl\/centro-bioetica\/calendario\/dialogo-bioetico-objecion-de-conciencia\/"},"modified":"2013-07-27T16:39:34","modified_gmt":"2013-07-27T20:39:34","slug":"dialogo-bioetico-objecion-de-conciencia","status":"publish","type":"event","link":"https:\/\/medicina.udd.cl\/centro-bioetica\/eventos\/dialogo-bioetico-objecion-de-conciencia\/","title":{"rendered":"Di\u00e1logo Bio\u00e9tico: \u00abObjeci\u00f3n de Conciencia\u00bb"},"content":{"rendered":"<p>Expone Dr. Jaime Burrows.<\/p>\n<p>Centro Saval: Manquehue Norte 1407 (frente a estacionamiento Cl&iacute;nica Alemana).<\/p>\n<p>&nbsp;<\/p>\n","protected":false},"author":31,"featured_media":0,"template":"","locations":[4020],"events-tax":[4032],"class_list":["post-2161","event","type-event","status-publish","hentry","locations-santiago","events_tax-academico"],"yoast_head":"<!-- This site is optimized with the Yoast SEO plugin v26.9 - https:\/\/yoast.com\/product\/yoast-seo-wordpress\/ -->\n<title>Di\u00e1logo Bio\u00e9tico: &quot;Objeci\u00f3n de Conciencia&quot; - Centro de Bio\u00e9tica<\/title>\n<meta name=\"robots\" content=\"index, follow, max-snippet:-1, max-image-preview:large, max-video-preview:-1\" \/>\n<link rel=\"canonical\" href=\"https:\/\/medicina.udd.cl\/centro-bioetica\/eventos\/dialogo-bioetico-objecion-de-conciencia\/\" \/>\n<meta property=\"og:locale\" content=\"es_ES\" \/>\n<meta property=\"og:type\" content=\"article\" \/>\n<meta property=\"og:title\" content=\"Di\u00e1logo Bio\u00e9tico: &quot;Objeci\u00f3n de Conciencia&quot; - Centro de Bio\u00e9tica\" \/>\n<meta property=\"og:description\" content=\"Centro Saval\" \/>\n<meta property=\"og:url\" content=\"https:\/\/medicina.udd.cl\/centro-bioetica\/eventos\/dialogo-bioetico-objecion-de-conciencia\/\" \/>\n<meta property=\"og:site_name\" content=\"Centro de Bio\u00e9tica\" \/>\n<script type=\"application\/ld+json\" class=\"yoast-schema-graph\">{\"@context\":\"https:\/\/schema.org\",\"@graph\":[{\"@type\":\"WebPage\",\"@id\":\"https:\/\/medicina.udd.cl\/centro-bioetica\/eventos\/dialogo-bioetico-objecion-de-conciencia\/\",\"url\":\"https:\/\/medicina.udd.cl\/centro-bioetica\/eventos\/dialogo-bioetico-objecion-de-conciencia\/\",\"name\":\"Di\u00e1logo Bio\u00e9tico: \\\"Objeci\u00f3n de Conciencia\\\" - Centro de Bio\u00e9tica\",\"isPartOf\":{\"@id\":\"https:\/\/medicina.udd.cl\/centro-bioetica\/#website\"},\"datePublished\":\"2013-07-27T20:39:34+00:00\",\"breadcrumb\":{\"@id\":\"https:\/\/medicina.udd.cl\/centro-bioetica\/eventos\/dialogo-bioetico-objecion-de-conciencia\/#breadcrumb\"},\"inLanguage\":\"es\",\"potentialAction\":[{\"@type\":\"ReadAction\",\"target\":[\"https:\/\/medicina.udd.cl\/centro-bioetica\/eventos\/dialogo-bioetico-objecion-de-conciencia\/\"]}]},{\"@type\":\"BreadcrumbList\",\"@id\":\"https:\/\/medicina.udd.cl\/centro-bioetica\/eventos\/dialogo-bioetico-objecion-de-conciencia\/#breadcrumb\",\"itemListElement\":[{\"@type\":\"ListItem\",\"position\":1,\"name\":\"Inicio\",\"item\":\"https:\/\/medicina.udd.cl\/centro-bioetica\/\"},{\"@type\":\"ListItem\",\"position\":2,\"name\":\"Eventos\",\"item\":\"https:\/\/medicina.udd.cl\/centro-bioetica\/eventos\/\"},{\"@type\":\"ListItem\",\"position\":3,\"name\":\"Di\u00e1logo Bio\u00e9tico: \u00abObjeci\u00f3n de Conciencia\u00bb\"}]},{\"@type\":\"WebSite\",\"@id\":\"https:\/\/medicina.udd.cl\/centro-bioetica\/#website\",\"url\":\"https:\/\/medicina.udd.cl\/centro-bioetica\/\",\"name\":\"Centro de Bio\u00e9tica\",\"description\":\"Universidad del Desarrollo\",\"inLanguage\":\"es\"}]}<\/script>\n<!-- \/ Yoast SEO plugin. -->","yoast_head_json":{"title":"Di\u00e1logo Bio\u00e9tico: \"Objeci\u00f3n de Conciencia\" - Centro de Bio\u00e9tica","robots":{"index":"index","follow":"follow","max-snippet":"max-snippet:-1","max-image-preview":"max-image-preview:large","max-video-preview":"max-video-preview:-1"},"canonical":"https:\/\/medicina.udd.cl\/centro-bioetica\/eventos\/dialogo-bioetico-objecion-de-conciencia\/","og_locale":"es_ES","og_type":"article","og_title":"Di\u00e1logo Bio\u00e9tico: \"Objeci\u00f3n de Conciencia\" - Centro de Bio\u00e9tica","og_description":"Centro Saval","og_url":"https:\/\/medicina.udd.cl\/centro-bioetica\/eventos\/dialogo-bioetico-objecion-de-conciencia\/","og_site_name":"Centro de Bio\u00e9tica","schema":{"@context":"https:\/\/schema.org","@graph":[{"@type":"WebPage","@id":"https:\/\/medicina.udd.cl\/centro-bioetica\/eventos\/dialogo-bioetico-objecion-de-conciencia\/","url":"https:\/\/medicina.udd.cl\/centro-bioetica\/eventos\/dialogo-bioetico-objecion-de-conciencia\/","name":"Di\u00e1logo Bio\u00e9tico: \"Objeci\u00f3n de Conciencia\" - Centro de Bio\u00e9tica","isPartOf":{"@id":"https:\/\/medicina.udd.cl\/centro-bioetica\/#website"},"datePublished":"2013-07-27T20:39:34+00:00","breadcrumb":{"@id":"https:\/\/medicina.udd.cl\/centro-bioetica\/eventos\/dialogo-bioetico-objecion-de-conciencia\/#breadcrumb"},"inLanguage":"es","potentialAction":[{"@type":"ReadAction","target":["https:\/\/medicina.udd.cl\/centro-bioetica\/eventos\/dialogo-bioetico-objecion-de-conciencia\/"]}]},{"@type":"BreadcrumbList","@id":"https:\/\/medicina.udd.cl\/centro-bioetica\/eventos\/dialogo-bioetico-objecion-de-conciencia\/#breadcrumb","itemListElement":[{"@type":"ListItem","position":1,"name":"Inicio","item":"https:\/\/medicina.udd.cl\/centro-bioetica\/"},{"@type":"ListItem","position":2,"name":"Eventos","item":"https:\/\/medicina.udd.cl\/centro-bioetica\/eventos\/"},{"@type":"ListItem","position":3,"name":"Di\u00e1logo Bio\u00e9tico: \u00abObjeci\u00f3n de Conciencia\u00bb"}]},{"@type":"WebSite","@id":"https:\/\/medicina.udd.cl\/centro-bioetica\/#website","url":"https:\/\/medicina.udd.cl\/centro-bioetica\/","name":"Centro de Bio\u00e9tica","description":"Universidad del Desarrollo","inLanguage":"es"}]}},"dtstart":"2013-06-12T18:30:00-04:00","dtend":"2013-06-12T18:30:00-04:00","full_day":false,"attendance_mode":"","_links":{"self":[{"href":"https:\/\/medicina.udd.cl\/centro-bioetica\/wp-json\/wp\/v2\/events\/2161","targetHints":{"allow":["GET"]}}],"collection":[{"href":"https:\/\/medicina.udd.cl\/centro-bioetica\/wp-json\/wp\/v2\/events"}],"about":[{"href":"https:\/\/medicina.udd.cl\/centro-bioetica\/wp-json\/wp\/v2\/types\/event"}],"author":[{"embeddable":true,"href":"https:\/\/medicina.udd.cl\/centro-bioetica\/wp-json\/wp\/v2\/users\/31"}],"version-history":[{"count":0,"href":"https:\/\/medicina.udd.cl\/centro-bioetica\/wp-json\/wp\/v2\/events\/2161\/revisions"}],"wp:attachment":[{"href":"https:\/\/medicina.udd.cl\/centro-bioetica\/wp-json\/wp\/v2\/media?parent=2161"}],"wp:term":[{"taxonomy":"locations","embeddable":true,"href":"https:\/\/medicina.udd.cl\/centro-bioetica\/wp-json\/wp\/v2\/locations?post=2161"},{"taxonomy":"events_tax","embeddable":true,"href":"https:\/\/medicina.udd.cl\/centro-bioetica\/wp-json\/wp\/v2\/events-tax?post=2161"}],"curies":[{"name":"wp","href":"https:\/\/api.w.org\/{rel}","templated":true}]}}