{"id":234,"date":"2010-06-30T11:36:57","date_gmt":"2010-06-30T15:36:57","guid":{"rendered":"http:\/\/medicina.udd.cl\/centro-bioetica\/dialogos-bioeticos-2008\/"},"modified":"2014-08-26T12:45:24","modified_gmt":"2014-08-26T16:45:24","slug":"dialogos-bioeticos-2008","status":"publish","type":"page","link":"https:\/\/medicina.udd.cl\/centro-bioetica\/dialogos-bioeticos\/dialogos-bioeticos-2008\/","title":{"rendered":"Di\u00e1logos Bio\u00e9ticos 2008"},"content":{"rendered":"<p>Marzo 12<br \/>\n<strong>\u201cTerapia celular y sus perspectivas \u00e9ticas\u201d<\/strong><br \/>\nPresentado por Paulette Conget PhD, Directora del Instituto de Ciencias y por el Dr. Juan Pablo Beca<\/p>\n<p>Abril 12<br \/>\n<strong>\u00abDimensi\u00f3n \u00e9tica de la seguridad cl\u00ednica\u00bb<\/strong><br \/>\nPresentado por Dr. Armando Ortiz<\/p>\n<p>Mayo 14<br \/>\n<strong>\u00abDonaci\u00f3n de \u00f3rganos para trasplante\u00bb<\/strong><br \/>\nPresentado por Dr. Jose Manuel Palacios y Sr. Sebasti\u00e1n Solar<\/p>\n<p>Junio 11<br \/>\n<strong>\u00abUn examen cr\u00edtico de los Principios de la Bio\u00e9tica\u00bb<\/strong><br \/>\nPresentado por Sr. Alfonso G\u00f3mez Lobo<\/p>\n<p>Julio 9<br \/>\n<strong>\u00abMedicina y Medios: \u00bfuna relaci\u00f3n dif\u00edcil?<\/strong><br \/>\nPresentado por Sra. Sof\u00eda Salas (M\u00e9dico) y Sra. Andrea Vial (Periodista)<\/p>\n<p>Agosto 13<br \/>\n<strong>\u00abEsterilizaci\u00f3n en discapacitados mentales\u00bb<\/strong><br \/>\nPresentado por Dra. Carmen Astete<\/p>\n<p>Septiembre 10<br \/>\n<strong>\u00abHistoria de la Bio\u00e9tica\u00bb<\/strong><br \/>\nPresentado por Dr. Armando Ortiz<\/p>\n<p>Octubre 15<br \/>\n<strong>\u00abAspectos \u00e9ticos de la gesti\u00f3n hospitalaria\u00bb<\/strong><br \/>\nPresentado por Dra. Mar\u00eda In\u00e9s G\u00f3mez<\/p>\n<p>Noviembre 12<br \/>\n<strong>\u00abCuidado Espiritual del Enfermo\u00bb<\/strong><br \/>\nPresentado por Dr. Juan Pablo Beca I y E.U. Bernardita Achondo<\/p>\n<p>Diciembre 10<br \/>\n<strong>\u00abLicencias M\u00e9dicas\u00bb<\/strong><br \/>\nPresentado por Dra. Lorna Luco<\/p>\n","protected":false},"excerpt":{"rendered":"<p>Revisa los temas que se discutieron durante el 2008.<\/p>\n","protected":false},"author":1,"featured_media":0,"parent":226,"menu_order":5,"comment_status":"open","ping_status":"closed","template":"","meta":{"footnotes":""},"class_list":["post-234","page","type-page","status-publish","hentry"],"yoast_head":"<!-- This site is optimized with the Yoast SEO plugin v26.9 - https:\/\/yoast.com\/product\/yoast-seo-wordpress\/ -->\n<title>Di\u00e1logos Bio\u00e9ticos 2008 - Centro de Bio\u00e9tica<\/title>\n<meta name=\"robots\" content=\"index, follow, max-snippet:-1, max-image-preview:large, max-video-preview:-1\" \/>\n<link rel=\"canonical\" href=\"https:\/\/medicina.udd.cl\/centro-bioetica\/dialogos-bioeticos\/dialogos-bioeticos-2008\/\" \/>\n<meta property=\"og:locale\" content=\"es_ES\" \/>\n<meta property=\"og:type\" content=\"article\" \/>\n<meta property=\"og:title\" content=\"Di\u00e1logos Bio\u00e9ticos 2008 - Centro de Bio\u00e9tica\" \/>\n<meta property=\"og:description\" content=\"Revisa los temas que se discutieron durante el 2008.\" \/>\n<meta property=\"og:url\" content=\"https:\/\/medicina.udd.cl\/centro-bioetica\/dialogos-bioeticos\/dialogos-bioeticos-2008\/\" \/>\n<meta property=\"og:site_name\" content=\"Centro de Bio\u00e9tica\" \/>\n<meta property=\"article:modified_time\" content=\"2014-08-26T16:45:24+00:00\" \/>\n<meta name=\"twitter:label1\" content=\"Tiempo de lectura\" \/>\n\t<meta name=\"twitter:data1\" content=\"1 minuto\" \/>\n<script type=\"application\/ld+json\" class=\"yoast-schema-graph\">{\"@context\":\"https:\/\/schema.org\",\"@graph\":[{\"@type\":\"WebPage\",\"@id\":\"https:\/\/medicina.udd.cl\/centro-bioetica\/dialogos-bioeticos\/dialogos-bioeticos-2008\/\",\"url\":\"https:\/\/medicina.udd.cl\/centro-bioetica\/dialogos-bioeticos\/dialogos-bioeticos-2008\/\",\"name\":\"Di\u00e1logos Bio\u00e9ticos 2008 - Centro de Bio\u00e9tica\",\"isPartOf\":{\"@id\":\"https:\/\/medicina.udd.cl\/centro-bioetica\/#website\"},\"datePublished\":\"2010-06-30T15:36:57+00:00\",\"dateModified\":\"2014-08-26T16:45:24+00:00\",\"breadcrumb\":{\"@id\":\"https:\/\/medicina.udd.cl\/centro-bioetica\/dialogos-bioeticos\/dialogos-bioeticos-2008\/#breadcrumb\"},\"inLanguage\":\"es\",\"potentialAction\":[{\"@type\":\"ReadAction\",\"target\":[\"https:\/\/medicina.udd.cl\/centro-bioetica\/dialogos-bioeticos\/dialogos-bioeticos-2008\/\"]}]},{\"@type\":\"BreadcrumbList\",\"@id\":\"https:\/\/medicina.udd.cl\/centro-bioetica\/dialogos-bioeticos\/dialogos-bioeticos-2008\/#breadcrumb\",\"itemListElement\":[{\"@type\":\"ListItem\",\"position\":1,\"name\":\"Inicio\",\"item\":\"https:\/\/medicina.udd.cl\/centro-bioetica\/\"},{\"@type\":\"ListItem\",\"position\":2,\"name\":\"Di\u00e1logos Bio\u00e9ticos\",\"item\":\"https:\/\/medicina.udd.cl\/centro-bioetica\/dialogos-bioeticos\/\"},{\"@type\":\"ListItem\",\"position\":3,\"name\":\"Di\u00e1logos Bio\u00e9ticos 2008\"}]},{\"@type\":\"WebSite\",\"@id\":\"https:\/\/medicina.udd.cl\/centro-bioetica\/#website\",\"url\":\"https:\/\/medicina.udd.cl\/centro-bioetica\/\",\"name\":\"Centro de Bio\u00e9tica\",\"description\":\"Universidad del Desarrollo\",\"inLanguage\":\"es\"}]}<\/script>\n<!-- \/ Yoast SEO plugin. -->","yoast_head_json":{"title":"Di\u00e1logos Bio\u00e9ticos 2008 - Centro de Bio\u00e9tica","robots":{"index":"index","follow":"follow","max-snippet":"max-snippet:-1","max-image-preview":"max-image-preview:large","max-video-preview":"max-video-preview:-1"},"canonical":"https:\/\/medicina.udd.cl\/centro-bioetica\/dialogos-bioeticos\/dialogos-bioeticos-2008\/","og_locale":"es_ES","og_type":"article","og_title":"Di\u00e1logos Bio\u00e9ticos 2008 - Centro de Bio\u00e9tica","og_description":"Revisa los temas que se discutieron durante el 2008.","og_url":"https:\/\/medicina.udd.cl\/centro-bioetica\/dialogos-bioeticos\/dialogos-bioeticos-2008\/","og_site_name":"Centro de Bio\u00e9tica","article_modified_time":"2014-08-26T16:45:24+00:00","twitter_misc":{"Tiempo de lectura":"1 minuto"},"schema":{"@context":"https:\/\/schema.org","@graph":[{"@type":"WebPage","@id":"https:\/\/medicina.udd.cl\/centro-bioetica\/dialogos-bioeticos\/dialogos-bioeticos-2008\/","url":"https:\/\/medicina.udd.cl\/centro-bioetica\/dialogos-bioeticos\/dialogos-bioeticos-2008\/","name":"Di\u00e1logos Bio\u00e9ticos 2008 - Centro de Bio\u00e9tica","isPartOf":{"@id":"https:\/\/medicina.udd.cl\/centro-bioetica\/#website"},"datePublished":"2010-06-30T15:36:57+00:00","dateModified":"2014-08-26T16:45:24+00:00","breadcrumb":{"@id":"https:\/\/medicina.udd.cl\/centro-bioetica\/dialogos-bioeticos\/dialogos-bioeticos-2008\/#breadcrumb"},"inLanguage":"es","potentialAction":[{"@type":"ReadAction","target":["https:\/\/medicina.udd.cl\/centro-bioetica\/dialogos-bioeticos\/dialogos-bioeticos-2008\/"]}]},{"@type":"BreadcrumbList","@id":"https:\/\/medicina.udd.cl\/centro-bioetica\/dialogos-bioeticos\/dialogos-bioeticos-2008\/#breadcrumb","itemListElement":[{"@type":"ListItem","position":1,"name":"Inicio","item":"https:\/\/medicina.udd.cl\/centro-bioetica\/"},{"@type":"ListItem","position":2,"name":"Di\u00e1logos Bio\u00e9ticos","item":"https:\/\/medicina.udd.cl\/centro-bioetica\/dialogos-bioeticos\/"},{"@type":"ListItem","position":3,"name":"Di\u00e1logos Bio\u00e9ticos 2008"}]},{"@type":"WebSite","@id":"https:\/\/medicina.udd.cl\/centro-bioetica\/#website","url":"https:\/\/medicina.udd.cl\/centro-bioetica\/","name":"Centro de Bio\u00e9tica","description":"Universidad del Desarrollo","inLanguage":"es"}]}},"_links":{"self":[{"href":"https:\/\/medicina.udd.cl\/centro-bioetica\/wp-json\/wp\/v2\/pages\/234","targetHints":{"allow":["GET"]}}],"collection":[{"href":"https:\/\/medicina.udd.cl\/centro-bioetica\/wp-json\/wp\/v2\/pages"}],"about":[{"href":"https:\/\/medicina.udd.cl\/centro-bioetica\/wp-json\/wp\/v2\/types\/page"}],"author":[{"embeddable":true,"href":"https:\/\/medicina.udd.cl\/centro-bioetica\/wp-json\/wp\/v2\/users\/1"}],"replies":[{"embeddable":true,"href":"https:\/\/medicina.udd.cl\/centro-bioetica\/wp-json\/wp\/v2\/comments?post=234"}],"version-history":[{"count":7,"href":"https:\/\/medicina.udd.cl\/centro-bioetica\/wp-json\/wp\/v2\/pages\/234\/revisions"}],"predecessor-version":[{"id":3012,"href":"https:\/\/medicina.udd.cl\/centro-bioetica\/wp-json\/wp\/v2\/pages\/234\/revisions\/3012"}],"up":[{"embeddable":true,"href":"https:\/\/medicina.udd.cl\/centro-bioetica\/wp-json\/wp\/v2\/pages\/226"}],"wp:attachment":[{"href":"https:\/\/medicina.udd.cl\/centro-bioetica\/wp-json\/wp\/v2\/media?parent=234"}],"curies":[{"name":"wp","href":"https:\/\/api.w.org\/{rel}","templated":true}]}}