{"id":245,"date":"2010-06-30T12:09:33","date_gmt":"2010-06-30T16:09:33","guid":{"rendered":"http:\/\/medicina.udd.cl\/centro-bioetica\/publicaciones\/publicaciones-en-revistas\/"},"modified":"2022-12-21T11:42:36","modified_gmt":"2022-12-21T14:42:36","slug":"publicaciones-en-revistas","status":"publish","type":"page","link":"https:\/\/medicina.udd.cl\/centro-bioetica\/nuestras-publicaciones\/publicaciones-en-revistas\/","title":{"rendered":"Publicaciones en revistas"},"content":{"rendered":"\n<p><a href=\"https:\/\/medicina.udd.cl\/centro-bioetica\/files\/2022\/12\/salas-sp-2022-edicion-genetica.pdf\">Human genetic editing: Analysis of some ethical challenges<\/a><\/p>\n\n\n\n<ul class=\"wp-block-list\"><li>Sof\u00eda P. Salas. (Rev. Med. Clin. Condes &#8211; 2022; 33(2) 140-147)<\/li><\/ul>\n\n\n\n<p><a href=\"https:\/\/medicina.udd.cl\/centro-bioetica\/files\/2022\/12\/lecaros_salas_ley_salud_mental_revmedchile_2022.pdf\">Ley de salud mental chilena y su impacto en la investigaci\u00f3n biom\u00e9dica<\/a><\/p>\n\n\n\n<ul class=\"wp-block-list\"><li>Juan Alberto Lecaros &amp; Sof\u00eda P. Salas. (Rev Med chile 2022; 150: 1119-1124)<\/li><\/ul>\n\n\n\n<p><a href=\"https:\/\/medicina.udd.cl\/centro-bioetica\/files\/2022\/04\/Dittborn-2022.pdf\">Ethical Challenges Experienced by Healthcare  Workers Delivering Clinical Care during Health Emergencies and Disasters: A Rapid Review of  Qualitative Studies and Thematic Synthesis<\/a><\/p>\n\n\n\n<ul class=\"wp-block-list\"><li>Mariana Dittborn, Constanza Micolich, Daniela Rojas &amp; Sof\u00eda P. Salas. AJOB Empirical Bioethics, (2022). DOI: 10.1080\/23294515.2022.2063996<\/li><\/ul>\n\n\n\n<p><a href=\"https:\/\/medicina.udd.cl\/centro-bioetica\/files\/2022\/07\/Perspectiva-etica-vacunacion-Covid19.pdf\"> Perspectiva \u00e9tica de la priorizaci\u00f3n de vacunaci\u00f3n contra el COVID-19 en Chile<\/a><\/p>\n\n\n\n<ul class=\"wp-block-list\"><li>Christian Garc\u00eda, Lorna&nbsp;Luco, Mar\u00eda In\u00e9s G\u00f3mez, Claudio Mart\u00ednez&nbsp;(Rev Med Chile 2021;149:1795-1800). <\/li><\/ul>\n\n\n\n<p> <a href=\"https:\/\/medicina.udd.cl\/centro-bioetica\/files\/2022\/06\/JBA_0717-6163-rmc-149-11-1650.pdf\">Impacto social de la despenalizaci\u00f3n de la muerte m\u00e9dicamente asistida<\/a> <\/p>\n\n\n\n<ul class=\"wp-block-list\"><li>Javiera Bellolio A.; Pedro Rosso R. (Rev Med Chile 2021; 149: 1650-1656).<\/li><\/ul>\n\n\n\n<p><a href=\"https:\/\/medicina.udd.cl\/centro-bioetica\/files\/2022\/05\/Aguilera-Bascun\u0303a\u0301n-y-Salas-2021.pdf\">Quince a\u00f1os de la ley de investigaci\u00f3n con seres  humanos: desaf\u00edos pendientes<\/a><\/p>\n\n\n\n<ul class=\"wp-block-list\"><li>Bernardo Aguilera; Mar\u00eda de la Luz Bascu\u00f1\u00e1n; Sof\u00eda P. Salas. (Rev Med Chile 2021; 149: 1516-1518).<\/li><\/ul>\n\n\n\n<p><a href=\"https:\/\/medicina.udd.cl\/centro-bioetica\/files\/2022\/05\/Besio-et-al-2021.pdf\">Teleconsulta m\u00e9dica. An\u00e1lisis y recomendaciones del Departamento de \u00c9tica del Colegio M\u00e9dico de Chile<\/a> <\/p>\n\n\n\n<ul class=\"wp-block-list\"><li>Mauricio R. Besio; Anamar\u00eda Arriagada; Lionel Bernier Villarroel; Gladys B\u00f3rquez Estef\u00f3; Constanza Micolich; Adelio Misseroni Raddatz; Fernando Novoa; Sof\u00eda P. Salas; Rodrigo A. Salinas; Carlos Y. Valenzuela. (Rev Med Chile 2021; 149: 1614-1619) <\/li><\/ul>\n\n\n\n<p><a href=\"https:\/\/medicina.udd.cl\/centro-bioetica\/files\/2022\/03\/Eutanasia-Aclarando-conceptos-2021.pdf\"> Eutanasia: aclarando conceptos<\/a><\/p>\n\n\n\n<ul class=\"wp-block-list\"><li>Carvajal Sergio, Portales Bernardita, Beca Juan Pablo. Rev Med Chile 2021;149:1502-1506. <\/li><\/ul>\n\n\n\n<p><a href=\"https:\/\/medicina.udd.cl\/centro-bioetica\/files\/2022\/01\/BMJ-Vaccine-Trials-Children.pdf\">COVID-19 vaccine trials with children:  ethics pointers<\/a><\/p>\n\n\n\n<ul class=\"wp-block-list\"><li>Atuire CA, et al. BMJ Global Health 2022;7:e007466. doi:10.1136\/bmjgh-2021-007466 1.<\/li><\/ul>\n\n\n\n<p><a href=\"https:\/\/medicina.udd.cl\/centro-bioetica\/files\/2021\/12\/Perez-Salas-2021.pdf\">Ethical issues of organ donation after circulatory death:  Considerations for a successful implementation in Chile<\/a><\/p>\n\n\n\n<ul class=\"wp-block-list\"><li>P\u00e9rez Castro, P., &amp; Salas, S. P. (2021).  Developing World Bioethics, 1\u20138.  <\/li><\/ul>\n\n\n\n<p><a href=\"https:\/\/medicina.udd.cl\/centro-bioetica\/files\/2021\/09\/journal.pone_.0257516.pdf\">Global research priorities for COVID-19 in  maternal, reproductive and child health:  Results of an international survey<\/a><\/p>\n\n\n\n<ul class=\"wp-block-list\"><li>Melanie EttiID, Jackeline Alger, Sof\u00eda P. Salas, Robin Saggers, Tanusha Ramdin, Margit Endler6, Kristina Gemzell-Danielsson, Tobias Alfv\u00e9n, Yusuf Ahmed, Allison Callejas, Deborah Eskenazi, Asma Khalil, Kirsty Le Doare, On behalf of the Maternal, Newborn and Child Health Working Group of the COVID-19 Clinical Research Coalition. PLoS ONE. September 2021. 16(9): e0257516. https:\/\/doi.org\/10.1371\/journal.pone.0257516<\/li><\/ul>\n\n\n\n<p><a href=\"https:\/\/medicina.udd.cl\/centro-bioetica\/files\/2021\/09\/Aspectos-\u00e9ticos-respecto-de-embriones.pdf\">Aspectos \u00e9ticos respecto de embriones humanos producidos en el laboratorio<\/a> <\/p>\n\n\n\n<ul class=\"wp-block-list\"><li> Sof\u00eda P. Salas. Rev. M\u00e9d. Chile 2021; 149: 648-658 <\/li><\/ul>\n\n\n\n<p><a href=\"https:\/\/scielo.conicyt.cl\/scielo.php?script=sci_arttext&amp;pid=S0034-98872020000801221&amp;lng=en&amp;nrm=iso&amp;tlng=en\">L\u00edmites de la responsabilidad m\u00e9dica durante la pandemia de coronavirus <\/a><\/p>\n\n\n\n<ul class=\"wp-block-list\"><li> Lecaros JA &amp; L\u00f3pez G.  Rev. M\u00e9d. Chile 2020;  vol.148 n\u00ba 8. <\/li><\/ul>\n\n\n\n<p><a href=\"https:\/\/www.raco.cat\/index.php\/rljae\">Ethical-medical Orientations for the Attention of Critical Patients in the COVID-19 Pandemic Context<\/a> <\/p>\n\n\n\n<ul class=\"wp-block-list\"><li>Aurenque D, Espinosa R, Lecaros JA, Loewe D, Villaroel R.  Ramon Llull Journal of Applied Ethics 2020; 11: Online First Publication <\/li><\/ul>\n\n\n\n<p><a href=\"https:\/\/medicina.udd.cl\/centro-bioetica\/files\/2021\/04\/Virtudes-m\u00e9dico.-S-Carvajal.pdf\">Virtudes del m\u00e9dico: \u00bfqu\u00e9 importancia le atribuyen los pacientes?<\/a><\/p>\n\n\n\n<ul class=\"wp-block-list\"><li>Sergio Carvajal. Rev Med Chile 2020; 148: 1767-1772<\/li><\/ul>\n\n\n\n<p><a href=\"https:\/\/medicina.udd.cl\/centro-bioetica\/files\/2020\/07\/Rojas-Micolich-Ditborn-Salas-2020.pdf\">Sobre h\u00e9roes, enemigos, v\u00edctimas y batallas en los tiempos del COVID-19<\/a><\/p>\n\n\n\n<ul class=\"wp-block-list\"><li>Sof\u00eda P. Salas. Rev Med Chile 2020; 148: 707-714<\/li><\/ul>\n\n\n\n<p><a href=\"https:\/\/medicina.udd.cl\/centro-bioetica\/files\/2020\/07\/Salas-SP-2020-pasaporte-COVID.pdf\">Consideraciones \u00e9ticas respecto del \u201cpasaporte\u201d COVID-19<\/a><\/p>\n\n\n\n<ul class=\"wp-block-list\"><li>Sof\u00eda P. Salas. Rev Chilena Infectolog\u00eda 2020; 37 (3): 329-330<\/li><\/ul>\n\n\n\n<p><a href=\"https:\/\/medicina.udd.cl\/centro-bioetica\/files\/2020\/07\/Salas-SP-2020-MMA.pdf\">Argumentos \u00e9ticos a favor y en contra de la participaci\u00f3n del profesional m\u00e9dico en la muerte asistida. An\u00e1lisis del Departamento de \u00c9tica del Colegio M\u00e9dico de Chile<\/a><\/p>\n\n\n\n<ul class=\"wp-block-list\"><li>Sof\u00eda P. Salas. Revista M\u00e9dica Chile 2020; 148: 542-547<\/li><\/ul>\n\n\n\n<p><a href=\"https:\/\/medicina.udd.cl\/centro-bioetica\/files\/2020\/06\/Catoni-Salas-Roessler-et-al-2020.pdf\"><strong>Toma de decisiones en hemodi\u00e1lisis cr\u00f3nica: estudio cualitativo en adultos mayores<\/strong><\/a><\/p>\n\n\n\n<ul class=\"wp-block-list\"><li>Sof\u00eda P. Salas. Revista M\u00e9dica Chile 2020; 148: 281-287<\/li><\/ul>\n\n\n\n<p><strong><a href=\"https:\/\/medicina.udd.cl\/centro-bioetica\/files\/2020\/05\/Rev-Med-Chile-2020148381-6-Donacion-y-TX-de-\u00f3rganos-Acad-Ch-Med.pdf\">Donaci\u00f3n y trasplante de \u00f3rganos: propuesta desde la Academia Chilena de Medicina<\/a><\/strong><\/p>\n\n\n\n<ul class=\"wp-block-list\"><li>Juan Pablo Beca. Revista M\u00e9dica Chile 2020; 148: 381-386<\/li><\/ul>\n\n\n\n<p><strong><a href=\"https:\/\/medicina.udd.cl\/centro-bioetica\/files\/2020\/03\/Salas-SP-2020-Coronavirus.pdf\">Aspectos \u00e9ticos de la epidemia del Coronavirus<\/a><\/strong><\/p>\n\n\n\n<ul class=\"wp-block-list\"><li>Sof\u00eda P. Salas. Revista M\u00e9dica Chile 2020; 148: 123-129<\/li><\/ul>\n\n\n\n<p><a href=\"https:\/\/ojrd.biomedcentral.com\/articles\/10.1186\/s13023-019-1261-8\"><strong>Rare diseases in Chile: challenges and recommendations in universal health coverage context <\/strong><\/a><\/p>\n\n\n\n<ul class=\"wp-block-list\"><li>Gonzalo Encina, Carla Castillo-Laborde, Juan A. Lecaros, Karen Dubois-Camacho, Juan F. Calder\u00f3n, Ximena Aguilera, Andr\u00e9s D. Klein &amp; Gabriela M. Repetto.  Orphanet J Rare Dis 14, 289 (2019).<\/li><\/ul>\n\n\n\n<p><a href=\"https:\/\/medicina.udd.cl\/centro-bioetica\/files\/2020\/09\/Decisiones-\u00e9tico-cl\u00ednicas-en-torno-a-trasplantes-S-Carvajal.pdf\"><strong>Decisiones \u00e9tico cl\u00ednicas en torno a trasplantes<\/strong><\/a><\/p>\n\n\n\n<ul class=\"wp-block-list\"><li>Sergio Carvajal C. Bolet\u00edn de la Academia Chilena de Medicina. N\u00b0 LVI, 2019. pp 175-182.<\/li><\/ul>\n\n\n\n<p><strong><a href=\"https:\/\/medicina.udd.cl\/centro-bioetica\/files\/2020\/01\/2019-Salas-SP-OC.pdf\">La objeci\u00f3n de conciencia en la educaci\u00f3n m\u00e9dica. Una propuesta para Chile<\/a><\/strong><\/p>\n\n\n\n<ul class=\"wp-block-list\"><li>Sof\u00eda P. Salas. Revista M\u00e9dica Chile 2019; 147: 1067-1072<\/li><\/ul>\n\n\n\n<p> <a href=\"https:\/\/www.raco.cat\/index.php\/rljae\/article\/view\/338151\/429022\"><strong>Making Environmental Ethics more practical: a model of principlism. <\/strong><\/a><\/p>\n\n\n\n<ul class=\"wp-block-list\"><li> Lecaros JA &amp; L\u00f3pez G.  Ramon Llull Journal of Applied Ethics 2018; 09: 96-116.<\/li><\/ul>\n\n\n\n<p><a href=\"https:\/\/medicina.udd.cl\/centro-bioetica\/files\/2020\/09\/SCarvajal-LET-2018.pdf\"><strong>Limitaci\u00f3n del esfuerzo terap\u00e9utico<\/strong><\/a><\/p>\n\n\n\n<ul class=\"wp-block-list\"><li>Sergio Carvajal C. Bolet\u00edn de la Academia Chilena de Medicina. N\u00b0 LV, 2018. pp 269-274.<\/li><\/ul>\n\n\n\n<p><strong><a href=\"https:\/\/medicina.udd.cl\/centro-bioetica\/files\/2020\/01\/Art\u00edculoInv.MarianaDottborn.pdf\">Conocimientos y actitudes de profesionales de cuidados paliativos sobre Voluntades Anticipadas en Regi\u00f3n Metropolitana, Chile<\/a><\/strong><\/p>\n\n\n\n<ul class=\"wp-block-list\"><li>Dittborn M. Revista Colombiana de bio\u00e9tica 2018; 13: 37-49<\/li><\/ul>\n\n\n\n<p><strong><a href=\"https:\/\/medicina.udd.cl\/centro-bioetica\/files\/2019\/04\/JP-BECA-Relacion-Clinica-siglo-21-Rev.pdf\">La relaci\u00f3n m\u00e9dico \u2013 paciente en el siglo 21<\/a><\/strong><\/p>\n\n\n\n<ul class=\"wp-block-list\"><li>Beca JP.&nbsp;Rev Chil Enferm Respir 2018; 209 &#8211; 211<\/li><\/ul>\n\n\n\n<p><a href=\"http:\/\/medicina.udd.cl\/centro-bioetica\/files\/2018\/10\/Salas-SP-et-al-2018-Huelga-hambre.pdf\">Aspectos \u00e9ticos de la conducta del&nbsp;m\u00e9dico ante personas en huelga de hambre: opini\u00f3n del Departamento de \u00c9tica del Colegio M\u00e9dico de Chile<\/a><\/p>\n\n\n\n<ul class=\"wp-block-list\"><li>Sof\u00eda Salas. Rev Med Chile 2018; 146: 1059-1063<\/li><\/ul>\n\n\n\n<p><a href=\"http:\/\/medicina.udd.cl\/centro-bioetica\/files\/2018\/07\/Salas-SP-2018-Alma-Ata.pdf\">Cuarenta a\u00f1os despu\u00e9s: Volver a Alma-Ata<\/a><\/p>\n\n\n\n<ul class=\"wp-block-list\"><li>Sof\u00eda Salas. Rev Med Chile 2018; 146: 403-406<\/li><\/ul>\n\n\n\n<p><a href=\"http:\/\/medicina.udd.cl\/centro-bioetica\/files\/2018\/07\/Salas-SP-GFBR-2018.pdf\">Experiencia en el Foro Global&nbsp;de Bio\u00e9tica en Investigaci\u00f3n.&nbsp;Desaf\u00edos para la revisi\u00f3n \u00e9tica en Chile<\/a><\/p>\n\n\n\n<ul class=\"wp-block-list\"><li>Sof\u00eda P. Salas1.&nbsp;Rev Med Chile 2018; 146: 653-659<\/li><\/ul>\n\n\n\n<p><a href=\"http:\/\/medicina.udd.cl\/centro-bioetica\/files\/2018\/06\/Aguilera-B-Beca-JP-Analisis-etico-efecto-nocebo-Rev-Med-Chile-2018-.pdf\">An\u00e1lisis \u00e9tico de la entrega parcial de&nbsp;informaci\u00f3n al paciente para prevenir&nbsp;efectos nocebo<\/a><\/p>\n\n\n\n<ul class=\"wp-block-list\"><li>Aguilera B, Beca JP. Rev Med Chile 2018; 146: 518-522<\/li><\/ul>\n\n\n\n<p><a href=\"http:\/\/medicina.udd.cl\/centro-bioetica\/files\/2018\/07\/Beca-JP-Cons-Inf-Bol-Acad-Med-2017.pdf\">Consentimiento informado en la pr\u00e1ctica cl\u00ednica: proceso y registro<\/a><\/p>\n\n\n\n<ul class=\"wp-block-list\"><li>Beca JP. Bolet\u00edn Academia Chilena de Medicina, 2017.<\/li><\/ul>\n\n\n\n<p><a href=\"http:\/\/contactocientifico.alemana.cl\/ojs\/index.php\/cc\/article\/view\/508\">Comit\u00e9 de \u00e9tica asistencial y servicio de consultor\u00eda \u00e9tico-cl\u00ednica en Cl\u00ednica Alemana.<\/a><\/p>\n\n\n\n<ul class=\"wp-block-list\"><li>Gosset K.&nbsp;Contacto Cient\u00edfico, [S.l.], v.7, n. 3, jul. 2017.<\/li><\/ul>\n\n\n\n<p><a href=\"https:\/\/www.sciencedirect.com\/science\/article\/pii\/S0716864017301529\">Interconsulta Bio\u00e9tica y Psiquiatr\u00eda de Enlace.<\/a><\/p>\n\n\n\n<ul class=\"wp-block-list\"><li>Koppmann A.&nbsp;Revista M\u00e9dica Cl\u00ednica Las Condes, 2017;28:949-55.<\/li><\/ul>\n\n\n\n<p><a href=\"https:\/\/www.medwave.cl\/link.cgi\/Medwave\/Enfoques\/Ensayo\/7105.act\">\u00bfTiene el m\u00e9dico el deber moral de trabajar en el sector p\u00fablico de salud? Consideraciones \u00e9ticas sobre las obligaciones sociales del m\u00e9dico.<\/a><\/p>\n\n\n\n<ul class=\"wp-block-list\"><li>Aguilera B, L\u00f3pez G.&nbsp;Medwave 2017 Nov-Dic;17(9):7105 doi: 10.5867\/medwave.2017.09.7105<\/li><\/ul>\n\n\n\n<p><a href=\"http:\/\/dx.doi.org\/10.4067\/S1726-569X2017000100047.\">Survey research implementation in educational centers in Chile: fulfillments of ethical and legal regulatory aspects.<\/a><\/p>\n\n\n\n<ul class=\"wp-block-list\"><li>Merino-Osorio C, Mattar G, Leppe J, Bahamondes P, Lecaros JA. Acta Bioethica 2017.<\/li><\/ul>\n\n\n\n<p><a href=\"http:\/\/medicina.udd.cl\/centro-bioetica\/files\/2018\/03\/Beca-JP.-La-autonom\u00eda-en-la-pr\u00e1ctica-cl\u00ednica.-Rev-Chil-Enf-Resp-Dic-2017.pdf\">La autonom\u00eda del paciente en la pr\u00e1ctica cl\u00ednica<\/a><\/p>\n\n\n\n<ul class=\"wp-block-list\"><li>Beca JP. Rev Chil Enferm Respir 2017; 33: 269-271<\/li><\/ul>\n\n\n\n<p><a href=\"http:\/\/medicina.udd.cl\/centro-bioetica\/files\/2017\/09\/Browne-Reeves-Beca-HPMIJ-sep-2017.pdf\">End of Life in Chile: What Can We Learn from Death Cafes?<\/a><\/p>\n\n\n\n<ul class=\"wp-block-list\"><li>Browne J, Reeves M, Beca JP (2017).&nbsp;Hos Pal Med Int Jnl 2017, 1(4): 00019<\/li><\/ul>\n\n\n\n<p><a href=\"http:\/\/medicina.udd.cl\/centro-bioetica\/files\/2017\/06\/Portales-B-Salas-S-Michaud-P-Beca-JP-Rev-Med-Chile.pdf\">Formas de Revisi\u00f3n \u00c9tica de Proyectos&nbsp;de Investigaci\u00f3n Biom\u00e9dica<\/a><\/p>\n\n\n\n<ul class=\"wp-block-list\"><li>Mar\u00eda Bernardita Portales, Patricio Michaud,&nbsp;Sof\u00eda P. Salas, Juan Pablo Beca.&nbsp;Rev Med Chile 2017; 145: 386-392<\/li><\/ul>\n\n\n\n<p><a href=\"http:\/\/medicina.udd.cl\/centro-bioetica\/files\/2017\/05\/Zika-y-aborto-en-Chile-Perry-N-y-Beca-JP.pdf\" target=\"_blank\" rel=\"noreferrer noopener\">Virus ZIKA y aborto por correspondencia, una realidad cercana a&nbsp;Chile<\/a><\/p>\n\n\n\n<ul class=\"wp-block-list\"><li>Por Nicol\u00e1s Perry y Juan Pablo Beca. Rev Chil Obstet Ginecol 2017; 82(1): 89 &#8211; 92<\/li><\/ul>\n\n\n\n<p><a href=\"http:\/\/medicina.udd.cl\/centro-bioetica\/files\/2017\/02\/Reflexiones-envejecimiento-Rev-Chil-Enf-Resp-2016.pdf\">Algunas reflexiones sobre el envejecimiento<\/a><\/p>\n\n\n\n<ul class=\"wp-block-list\"><li>Por Juan Pablo Beca.&nbsp;Rev Chil Enferm Respir 2016; 32: 147-148<\/li><\/ul>\n\n\n\n<p><a href=\"http:\/\/medicina.udd.cl\/centro-bioetica\/files\/2017\/02\/Un-llamado-\u00e9tico-a-la-inclusi\u00f3n-de-mujeres-en-investigaci\u00f3n.pdf\" target=\"_blank\" rel=\"noreferrer noopener\">Un llamado \u00e9tico a la inclusi\u00f3n de mujeres embarazadas en investigaci\u00f3n: Reflexiones del Foro Global de Bio\u00e9tica en Investigaci\u00f3n<\/a><\/p>\n\n\n\n<ul class=\"wp-block-list\"><li>Saenz C, Alger J, Beca JP, Beliz\u00e1n JM, Cafferata ML, Canario Guzm\u00e1n JA et al. Revista Panamericana de Salud P\u00fablica. 2017;41:e13<\/li><\/ul>\n\n\n\n<p><a href=\"http:\/\/medicina.udd.cl\/centro-bioetica\/files\/2016\/10\/JP-Beca-y-M-Razmilic-Caso-clinico-narrativo-comentado-Bio\u00e9tica-Complutense-27-2016.pdf\" target=\"_blank\" rel=\"noreferrer noopener\">Bio\u00e9tica narrativa: un caso de trastorno bipolar<\/a><\/p>\n\n\n\n<ul class=\"wp-block-list\"><li>Por Juan Pablo Beca y&nbsp;Mila Razmilic.&nbsp;Bioetica complutense 2016; 27: 63-65<\/li><\/ul>\n\n\n\n<p><a href=\"http:\/\/medicina.udd.cl\/centro-bioetica\/files\/2016\/07\/La-bio\u00e9tica-global-y-la-\u00e9tica-de-la-responsabilidad.-Revista-Iberoamericana-de-Bio\u00e9tica-N\u00b01.pdf\">La bio\u00e9tica global y la \u00e9tica de la responsabilidad:&nbsp;una mirada fenomenol\u00f3gica a los or\u00edgenes y a los&nbsp;desaf\u00edos para el futuro<\/a><\/p>\n\n\n\n<ul class=\"wp-block-list\"><li>Por Alberto Lecaros.&nbsp;Revista Iberoamericana de Bio\u00e9tica \/ n\u00ba 01 \/ 01-13 [2016] [ISSN 000-000] DOI: 10.14422\/rib.i01.y2016.007<\/li><\/ul>\n\n\n\n<p><a href=\"http:\/\/medicina.udd.cl\/centro-bioetica\/files\/2016\/07\/Lecaros-JA-2016.-Hacia-una-autonom\u00eda-encarnada.-Revista-Latinoamericana-de-Bio\u00e9tica-162.pdf\">Hacia una autonom\u00eda encarnada: consideraciones&nbsp;desde un ethos de la finitud y vulnerabilidad<\/a><\/p>\n\n\n\n<ul class=\"wp-block-list\"><li>Por Alberto Lecaros.&nbsp;rev.latinoam.bioet. \/ ISSN 1657-4702 \/ e-ISSN 2462-859X \/ N\u00famero 2 \/ Julio-Diciembre \/ pp. 162-187 \/ 2016<\/li><\/ul>\n\n\n\n<p><a href=\"http:\/\/medicina.udd.cl\/centro-bioetica\/files\/2016\/04\/Problemas-eticos-y-de-salud-planteados-por-la-reciente-epidemia-de-Ebola.pdf\">Problemas \u00e9ticos y de salud planteados&nbsp;por la reciente epidemia de \u00c9bola:&nbsp;\u00bfQu\u00e9 debemos aprender?<\/a><\/p>\n\n\n\n<ul class=\"wp-block-list\"><li>Por Juan Pablo Beca y Sof\u00eda Salas.&nbsp;Rev Med Chile 2016; 144: 371-376<\/li><\/ul>\n\n\n\n<p>Sobre las voluntades anticipadas<\/p>\n\n\n\n<ul class=\"wp-block-list\"><li>Por Carmen Astete.&nbsp;Bolet\u00edn de la Academia Chilena de Medicina 2015; vol LII: 431-439<\/li><\/ul>\n\n\n\n<p>Reflexiones \u00e9ticas sobre adopci\u00f3n<\/p>\n\n\n\n<ul class=\"wp-block-list\"><li>Por Carmen Astete.&nbsp;Revista Adopci\u00f3n y Familia 2015; n\u00b0 11: 20-21.<\/li><\/ul>\n\n\n\n<p><a href=\"http:\/\/medicina.udd.cl\/centro-bioetica\/files\/2016\/01\/Publicaci\u00f3n-Criterios-de-m\u00e9dicos-tratantes-para-indicar-GTT-en-pctes-con-demencia-avanzada.pdf\">Criterios de m\u00e9dicos tratantes para&nbsp;indicar instalaci\u00f3n de gastrostom\u00eda en&nbsp;pacientes con demencia avanzada<\/a><\/p>\n\n\n\n<ul class=\"wp-block-list\"><li>Por Bernardita Portales. Rev Med Chile 2015; 143: 1405-1410<\/li><\/ul>\n\n\n\n<p><a href=\"http:\/\/medicina.udd.cl\/centro-bioetica\/files\/2016\/11\/JP-Beca-Relacion-clinica-boletin2015.pdf\">Relaci\u00f3n cl\u00ednica<\/a><\/p>\n\n\n\n<ul class=\"wp-block-list\"><li>Por Juan Pablo Beca. Bolet\u00edn 2015 Academia Chilena de Medicina, pp 391-396<\/li><\/ul>\n\n\n\n<p><a href=\"http:\/\/medicina.udd.cl\/centro-bioetica\/files\/2016\/11\/C-Astete-vol-anticip-boletin2015.pdf\">Sobre las voluntades anticipadas<\/a><\/p>\n\n\n\n<ul class=\"wp-block-list\"><li>Por Carmen Astete.&nbsp;Bolet\u00edn 2015 Academia Chilena de Medicina, pp 431-439<\/li><\/ul>\n\n\n\n<p><a href=\"http:\/\/medicina.udd.cl\/centro-bioetica\/files\/2015\/09\/Bioderecho-da\u00f1o-genetico-y-derechos-humanos-Erick-Valdes.pdf\">Bioderecho, da\u00f1o gen\u00e9tico y derechos humanos<\/a><\/p>\n\n\n\n<ul class=\"wp-block-list\"><li>Por Erick Vald\u00e9s. Bolet\u00edn Mexicano de Derecho Comparado. Nueva serie, a\u00f1o XLVIII. num. 114, septiembre-diciembre de 2015, pp 1197-1228<\/li><\/ul>\n\n\n\n<p><a href=\"http:\/\/medicina.udd.cl\/centro-bioetica\/files\/2015\/09\/Haciendo-mas-practico-el-principialismo.-La-importancia-de-la-especificacion-bioetica.pdf\">Haciendo m\u00e1s pr\u00e1ctico el principialismo. La importancia de la&nbsp;especificaci\u00f3n en bio\u00e9tica<\/a><\/p>\n\n\n\n<ul class=\"wp-block-list\"><li>Por Erick Vald\u00e9s.&nbsp;Rev Bio y Der. 2015; 35: 65\u201078<\/li><\/ul>\n\n\n\n<p><a href=\"http:\/\/medicina.udd.cl\/centro-bioetica\/files\/2016\/08\/Oliva-J-Bioetica-y-dolor-en-Odontologia-2014.pdf\">La bio\u00e9tica&nbsp;y el dolor en&nbsp;odontolog\u00eda:&nbsp;una aproximaci\u00f3n humanista<\/a><\/p>\n\n\n\n<ul class=\"wp-block-list\"><li>Por&nbsp;Jorge Oliva Te-kloot. Revista Latinoamericana de Bio\u00e9tica.&nbsp;rev.latinoam.bioet. \/ ISSN 1657-4702 \/ Volumen 15 \/ N\u00famero 1 \/ Edici\u00f3n 28 \/ P\u00e1ginas 38-53 \/ 2015<\/li><\/ul>\n\n\n\n<p><a href=\"http:\/\/medicina.udd.cl\/centro-bioetica\/files\/2015\/06\/Bol-Acad-Med-Chile-Capitulo-C-Astete.pdf\">\u00c9tica de la prescripci\u00f3n<\/a><\/p>\n\n\n\n<ul class=\"wp-block-list\"><li>Por Carmen Astete y Gustavo Figueroa. Bolet\u00edn de la Academia Chilena de Medicina 2014; vol LI: 301-309<\/li><\/ul>\n\n\n\n<p><a href=\"http:\/\/medicina.udd.cl\/centro-bioetica\/files\/2015\/06\/Bol-Acad-Chil-Med-Capitulo-E-Valdes.pdf\">\u00bfEs posible juridificar la bio\u00e9tica?<\/a><\/p>\n\n\n\n<ul class=\"wp-block-list\"><li>Por Erick Vald\u00e9s. Bolet\u00edn de la Academia Chilena de Medicina 2014; vol LI: 257 a-266.<\/li><\/ul>\n\n\n\n<p><a href=\"http:\/\/medicina.udd.cl\/centro-bioetica\/files\/2015\/05\/Limitaci\u00f3n-del-esfuerzo-terap\u00e9utico-en-cuidados-Dr.-Gonzalo-Morales.pdf\">Limitaci\u00f3n del esfuerzo terap\u00e9utico en cuidados&nbsp;intensivos pedi\u00e1tricos<\/a><\/p>\n\n\n\n<ul class=\"wp-block-list\"><li>Por Gonzalo Morales.&nbsp;Rev Chil Pediatr. 2015;86(1):56-60<\/li><\/ul>\n\n\n\n<p><a href=\"http:\/\/medicina.udd.cl\/centro-bioetica\/files\/2015\/05\/Objeci\u00f3n-de-conciencia-en-la-pr\u00e1ctica-Dr.-Beca-y-Dra.-Astete.pdf\">Objeci\u00f3n de conciencia en la pr\u00e1ctica&nbsp;m\u00e9dica<\/a><\/p>\n\n\n\n<ul class=\"wp-block-list\"><li>Por Juan Pablo Beca y Carmen Astete.&nbsp;Rev Med Chile 2015; 143: 493-498<\/li><\/ul>\n\n\n\n<p><a href=\"http:\/\/medicina.udd.cl\/centro-bioetica\/files\/2014\/12\/Glosario-Aborto-Rev-Med-Chile-2014.pdf\">Propuesta de un glosario para la&nbsp;discusi\u00f3n del aborto<\/a><\/p>\n\n\n\n<ul class=\"wp-block-list\"><li>Por Carmen Astete, Juan Pablo Beca y Alberto Lecaros.&nbsp;Rev Med Chile 2014; 142: 1449-1451<\/li><\/ul>\n\n\n\n<p><a href=\"http:\/\/medicina.udd.cl\/centro-bioetica\/files\/2014\/12\/articulo-Ebola-Bol-Complutense-20-Diciembre-2014.pdf\">Epidemia de \u00c9bola: una mirada desde la infectolog\u00eda y desde la bio\u00e9tica<\/a><\/p>\n\n\n\n<ul class=\"wp-block-list\"><li>Por Juan Pablo Beca y Francisca Valdivieso. Bolet\u00edn Bio\u00e9tica Complutense, 20 de diciembre.<\/li><\/ul>\n\n\n\n<p><a href=\"http:\/\/medicina.udd.cl\/centro-bioetica\/files\/2014\/12\/Eutanasia-infantial-Beca-y-Leiva-2014.pdf\">\u00bfPodr\u00eda ser aceptable la eutanasia infantil?<\/a><\/p>\n\n\n\n<ul class=\"wp-block-list\"><li>Por Juan Pablo Beca y Alejandro Leiva.&nbsp;Rev Chil Pediatr 2014; 85 (5): 608-612&nbsp;doi:<\/li><\/ul>\n\n\n\n<p><a href=\"http:\/\/medicina.udd.cl\/centro-bioetica\/files\/2014\/12\/A-Lecaros-R-del-Canto-Academia-16-.pdf\">Confidencialidad y secreto&nbsp;m\u00e9dico: un deber en el marco&nbsp;de la excelencia profesional<\/a><\/p>\n\n\n\n<ul class=\"wp-block-list\"><li>Por Alberto Lecaros y Rodrigo del Canto. Revista Academia, n\u00b016, 2014.<\/li><\/ul>\n\n\n\n<p><a href=\"http:\/\/medicina.udd.cl\/centro-bioetica\/files\/2014\/12\/M-Lavarello-articulo_asochical-1.pdf\">Bienestar Animal en Investigaci\u00f3n con Animales<\/a><\/p>\n\n\n\n<ul class=\"wp-block-list\"><li>Por Mariella Lavarello. Revista LECTVS.<\/li><\/ul>\n\n\n\n<p><a href=\"http:\/\/medicina.udd.cl\/centro-bioetica\/files\/2014\/10\/Art.-Alberto-Lecaros.-Bio\u00e9tica-cl\u00ednica-narrativa.pdf\">Bio\u00e9tica cl\u00ednica narrativa:&nbsp;de los fundamentos&nbsp;a la pr\u00e1ctica<\/a><\/p>\n\n\n\n<ul class=\"wp-block-list\"><li>Por Alberto Lecaros.&nbsp;bio\u00e8tica &amp; debat \u00b7 2014; 20(72): 8-11<\/li><\/ul>\n\n\n\n<p><a href=\"http:\/\/medicina.udd.cl\/centro-bioetica\/files\/2014\/09\/Crio-Rev-Med-Chile-2014.pdf\">Aspectos m\u00e9dicos, \u00e9ticos y legales&nbsp;de la criopreservaci\u00f3n de embriones&nbsp;humanos<\/a><\/p>\n\n\n\n<ul class=\"wp-block-list\"><li>Por Juan Pablo Beca, Alberto Lecaros, Patricio Gonz\u00e1lez,&nbsp;Pablo Sanhueza, Borislava Mandakovic.&nbsp;Rev Med Chile 2014; 142: 903-908<\/li><\/ul>\n\n\n\n<p><a href=\"http:\/\/medicina.udd.cl\/centro-bioetica\/files\/2014\/09\/Aborto-Editorial-rev-chil-pediatr.pdf\">La discusi\u00f3n sobre el aborto en Chile<\/a><\/p>\n\n\n\n<ul class=\"wp-block-list\"><li>Por Juan Pablo Beca.&nbsp;Rev Chil Pediatr 2014; 85 (4): 418-420<\/li><\/ul>\n\n\n\n<p><a href=\"http:\/\/medicina.udd.cl\/centro-bioetica\/files\/2014\/04\/G-Hormazabal-Bioetica-historia-perspectivas-y-limites.pdf\">Bio\u00e9tica: historia, perspectivas y l\u00edmites<\/a><\/p>\n\n\n\n<ul class=\"wp-block-list\"><li>Por Gonzalo Hormaz\u00e1bal y Alejandro Koppmann. Revista Electr\u00f3nica, Cient\u00edfica y Acad\u00e9mica de Cl\u00ednica Alemana, 2014.<\/li><\/ul>\n\n\n\n<p><a href=\"http:\/\/medicina.udd.cl\/centro-bioetica\/files\/2013\/12\/Bio\u00e9tica-y-trasplantes-de-\u00f3rganos-de-cad\u00e1ver.pdf\">Bio\u00e9tica y trasplantes de \u00f3rganos de cad\u00e1ver<\/a><\/p>\n\n\n\n<ul class=\"wp-block-list\"><li>Por Juan Pablo Beca. Contacto Cient\u00edfico, 20 a\u00f1os del trasplante de H\u00edgado, Cl\u00ednica Alemana, 2013.<\/li><\/ul>\n\n\n\n<p><a href=\"http:\/\/medicina.udd.cl\/centro-bioetica\/files\/2013\/12\/Lecaros-JA.-\u00c9tica-medioambiental.-Acta-Bioethica-N\u00b0-19-vol.-2.-2013.pdf\">La \u00e9tica medio ambiental: principios y valores para una ciudadan\u00eda responsable en la sociedad global.<\/a><\/p>\n\n\n\n<ul class=\"wp-block-list\"><li>Por Juan Alberto Lecaros.&nbsp;Acta Bioethica 2013; 19 (2): 177-188<\/li><\/ul>\n\n\n\n<p><a href=\"http:\/\/medicina.udd.cl\/centro-bioetica\/files\/2013\/11\/Lecaros-2013-Ecological-ethics.pdf\">Ecological Ethics: the road of responsability towards global bioethics<\/a><\/p>\n\n\n\n<ul class=\"wp-block-list\"><li>Por Juan Alberto Lecaros. Ramon Llull Journal of Applied Ethics 2013. Issue 4, pp 201-2015<\/li><\/ul>\n\n\n\n<p><a href=\"http:\/\/medicina.udd.cl\/centro-bioetica\/files\/2013\/10\/Carta-Revista-Chilena-de-Pediatr\u00eda.pdf\">Carta al editor en Revista Chilena de Pediatr\u00eda<\/a><\/p>\n\n\n\n<ul class=\"wp-block-list\"><li>Por Jaime Burrows y Alberto Lecaros. Rev Chil Pediatr 2013; 84 (4): 453-458<\/li><\/ul>\n\n\n\n<p><a href=\"http:\/\/medicina.udd.cl\/centro-bioetica\/files\/2013\/09\/SANDRA-OLTRA-El_autocuidado.pdf\">El autocuidado, una responsabilidad \u00e9tica<\/a><\/p>\n\n\n\n<ul class=\"wp-block-list\"><li>Por Sandra Oltra.&nbsp;Rev GPU 2013; 9; 1: 85-90<\/li><\/ul>\n\n\n\n<p><a href=\"http:\/\/medicina.udd.cl\/centro-bioetica\/files\/2013\/09\/D-Scnetler-rev-salud-publica.pdf\">Efectos del megasismo del 27 de febrero de 2010&nbsp;en Hospital Regional de Talca.&nbsp;An\u00e1lisis bio\u00e9tico enfocado en la prevenci\u00f3n<\/a><\/p>\n\n\n\n<ul class=\"wp-block-list\"><li>Por Dr. David Schnettler.&nbsp;Rev Chil Salud P\u00fablica 2013;&nbsp;Vol 17 (1): 28-34<\/li><\/ul>\n\n\n\n<p><a href=\"http:\/\/medicina.udd.cl\/centro-bioetica\/files\/2013\/09\/C-Burgos-nursing-and-ethics-of-care.pdf\">Nursing care from the perspective&nbsp;of ethics of care and of gender<\/a><\/p>\n\n\n\n<ul class=\"wp-block-list\"><li>Por Cecilia Burgos.&nbsp;Invest Educ Enferm. 2013;31(2)<\/li><\/ul>\n\n\n\n<p><a href=\"http:\/\/medicina.udd.cl\/centro-bioetica\/files\/2014\/12\/JPBeca-LOS-CONSULTORES-\u00c9TICO-CLINICOS.pdf\">Consultor\u00eda \u00e9tico-cl\u00ednica individual: su raz\u00f3n y sus roles<\/a><\/p>\n\n\n\n<ul class=\"wp-block-list\"><li>Por Juan Pablo Beca. Bolet\u00edn de la Academia Chilena de medicina 2013; N\u00baL:10-\u00ad\u201020<\/li><\/ul>\n\n\n\n<p><a href=\"http:\/\/medicina.udd.cl\/centro-bioetica\/?p=1878\">Trasplante de \u00f3rganos, una mirada desde el juda\u00edsmo en el siglo XXI<\/a><\/p>\n\n\n\n<ul class=\"wp-block-list\"><li>Por Nicole Grossman, Javiera Herrera y Lorna Luco.&nbsp;Rev Med Chile 2012; 140: 1352-1354<\/li><\/ul>\n\n\n\n<p><a href=\"http:\/\/medicina.udd.cl\/centro-bioetica\/?p=1867\">Decisiones al final de la vida y envejecimiento satisfactorio<\/a><\/p>\n\n\n\n<ul class=\"wp-block-list\"><li>Por Mila Razmilic, Juan Pablo Beca y Juan Alberto Lecaros<\/li><\/ul>\n\n\n\n<p><a href=\"http:\/\/medicina.udd.cl\/centro-bioetica\/2013\/01\/18\/derecho-a-morir\/\">Derecho a morir<\/a><\/p>\n\n\n\n<ul class=\"wp-block-list\"><li>Por Mila Razmilic&nbsp;y Juan Pablo Beca.<\/li><\/ul>\n\n\n\n<p><a href=\"http:\/\/medicina.udd.cl\/centro-bioetica\/significado-de-la-vida-de-un-nino-con-retardo-mental\/\">Significado de la vida de un ni\u00f1o con retardo mental<\/a><\/p>\n\n\n\n<ul class=\"wp-block-list\"><li>Por Mila Razmilic&nbsp;y Juan Pablo Beca. Rev Chil Pediatr 2012: 83 (2): 175-178<\/li><\/ul>\n\n\n\n<p><a href=\"http:\/\/medicina.udd.cl\/centro-bioetica\/files\/2014\/05\/La-Toma-de-decisiones-en-\u00e9tica-cl\u00ednica.pdf\">La toma de decisiones en \u00e9tica cl\u00ednica.&nbsp;<\/a><\/p>\n\n\n\n<ul class=\"wp-block-list\"><li>Por Juan Pablo Beca.&nbsp;Bolet\u00edn de la Academia de Chilena de Medicina 2011, XLVII.<\/li><\/ul>\n\n\n\n<p><a href=\"http:\/\/medicina.udd.cl\/centro-bioetica\/2011\/09\/26\/barbara-una-posible-donante-de-organos\/\">B\u00e1rbara, una posible donante de \u00f3rganos<\/a><\/p>\n\n\n\n<ul class=\"wp-block-list\"><li>Por Juan Pablo Beca, Mila Razmilic y Montserrat Rius.&nbsp;Rev. Chilena de Cirug\u00eda. Vol 63 &#8211; N\u00ba 4, Agosto 2011; p\u00e1g. 426-429<\/li><\/ul>\n\n\n\n<p><a href=\"http:\/\/medicina.udd.cl\/centro-bioetica\/2011\/08\/04\/los-estudiantes-de-medicina-como-parte-del-equipo-de-salud\/\">Los estudiantes de medicina como parte del equipo de salud<\/a><\/p>\n\n\n\n<ul class=\"wp-block-list\"><li>Por Juan Pablo Beca, Mar\u00eda In\u00e9s G\u00f3mez, Francisc a Browne y&nbsp;Jorge Browne.&nbsp;Rev Med Chile 2011; 139: 462-466<\/li><\/ul>\n\n\n\n<p><a href=\"http:\/\/medicina.udd.cl\/centro-bioetica\/2011\/09\/26\/la-decision-de-mi-madre\/\">La decisi\u00f3n de mi madre<\/a><\/p>\n\n\n\n<ul class=\"wp-block-list\"><li>Por Juan Pablo Beca, Mila Razmilic y Lorna Luco. Teor\u00eda de la Medicina, dic 2010<\/li><\/ul>\n\n\n\n<p><a href=\"http:\/\/medicina.udd.cl\/centro-bioetica\/2011\/03\/04\/consultoria-carta-rev-med-chile\/\">Consultor\u00eda: Carta Rev Med Chile<\/a><\/p>\n\n\n\n<ul class=\"wp-block-list\"><li>Dr. Juan Pablo Beca.&nbsp;Rev Med Chile 2010; 138: 1563<\/li><\/ul>\n\n\n\n<p><a href=\"http:\/\/medicina.udd.cl\/centro-bioetica\/2011\/03\/04\/%c2%bfexisten-limites-en-la-decision-de-los-padres-sobre-el-tratamiento-de-sus-hijos\/\">\u00bfExisten l\u00edmites en la decisi\u00f3n de los padres sobre el tratamiento de sus hijos?<\/a><\/p>\n\n\n\n<ul class=\"wp-block-list\"><li>Mar\u00eda Elena McNab y Juan Pablo Beca.&nbsp;Revista Chilena de Pediatr\u00eda &#8211; Noviembre-Diciembre 2010<\/li><\/ul>\n\n\n\n<p><a href=\"http:\/\/medicina.udd.cl\/centro-bioetica\/2011\/01\/18\/un-analisis-del-problema-etico-y-legal-del-tratamiento-del-cancer-cervicouterino-en-mujeres-embarazadas\/\">Un an\u00e1lisis del problema \u00e9tico y legal del tratamiento del c\u00e1ncer cervicouterino en mujeres embarazadas<\/a><\/p>\n\n\n\n<ul class=\"wp-block-list\"><li>Alejandra Urra, Mikel Urquiza, Ricardo Mewes, Marcelo Gonz\u00e1lez, Juan Pablo Beca.<\/li><\/ul>\n\n\n\n<p><a href=\"http:\/\/medicina.udd.cl\/centro-bioetica\/files\/2014\/12\/Analisis-de-una-experienciad-consultoria-etico-clinica-Rev-Med-Chile-2010.pdf\">An\u00e1lisis de una experiencia de consultor\u00eda \u00e9tico cl\u00ednica en cuidado intensivo.<\/a><\/p>\n\n\n\n<ul class=\"wp-block-list\"><li>Por Juan Pablo Beca, Alejandro Koppmann, Pamela Ch\u00e1vez, Iris Delgado, Sebasti\u00e1n Solar.&nbsp;Rev Med Chile 2010; 138: 815-820<\/li><\/ul>\n\n\n\n<p><a href=\"http:\/\/medicina.udd.cl\/centro-bioetica\/2010\/12\/29\/competencias-bioeticas-en-pregrado-de-la-carrera-de-medicina\/\">Competencias Bio\u00e9ticas en pregrado de la carrera de Medicina<\/a><\/p>\n\n\n\n<ul class=\"wp-block-list\"><li>Dra. Gladys B\u00f3rquez E. Revista Academia, 2010.<\/li><\/ul>\n\n\n\n<p><a href=\"http:\/\/medicina.udd.cl\/centro-bioetica\/2010\/11\/02\/analisis-de-una-experiencia-de-consultoria-etico-clinica-en-cuidado-intensivo\/\">An\u00e1lisis de una experiencia de consultor\u00eda \u00e9tico cl\u00ednica en cuidado intensivo<\/a><\/p>\n\n\n\n<ul class=\"wp-block-list\"><li>Juan Pablo Beca, Alejandro Koppmann,&nbsp;Pamela Ch\u00e1vez, Iris Delgado y Sebasti\u00e1n Solar.&nbsp;Rev Med Chile 2010; 138: 815-820<\/li><\/ul>\n\n\n\n<p><a href=\"http:\/\/medicina.udd.cl\/centro-bioetica\/2010\/10\/12\/diez-mitos-sobre-el-retiro-de-la-ventilacion-mecanica-en-enfermos-terminales\/\">Diez mitos sobre el retiro de la ventilaci\u00f3n mec\u00e1nica en enfermos terminales<\/a><\/p>\n\n\n\n<ul class=\"wp-block-list\"><li>Dr. Juan Pablo Beca, Dr. Jos\u00e9 Miguel Montes y Dr. Juan Abarca.&nbsp;Rev med Chile 2010; 138:639-644<\/li><\/ul>\n\n\n\n<p><a href=\"http:\/\/medicina.udd.cl\/centro-bioetica\/2010\/08\/05\/una-mirada-etica-a-las-epidemias\/\">Una mirada \u00e9tica a las Epidemias<\/a><\/p>\n\n\n\n<ul class=\"wp-block-list\"><li>Dr. Juan Pablo Beca I. Revista Academia Udd 2010; 9: 24-27<\/li><\/ul>\n\n\n\n<p><a href=\"http:\/\/medicina.udd.cl\/centro-bioetica\/2010\/10\/12\/como-enfrenta-el-hinduismo-un-dilema-etico-clinico\/\">C\u00f3mo enfrenta el hinduismo un dilema \u00e9tico-cl\u00ednic<\/a><\/p>\n\n\n\n<ul class=\"wp-block-list\"><li>Suraj Samtani Ba, Mariana Jadue Za, Juan Pablo Beca I. Rev M\u00e9d Chile 2009; 137: 1511-1515<\/li><\/ul>\n\n\n\n<p><a href=\"http:\/\/medicina.udd.cl\/centro-bioetica\/2010\/10\/12\/deactivating-cardiac-pacemakers-and-implantable-cardioverter-defibrillators-in-terminally-ill-patients\/\">Deactivating Cardiac Pacemakers and Implantable Cardioverter Defbrilators in Terminally Ill Patients<\/a><\/p>\n\n\n\n<ul class=\"wp-block-list\"><li>Juan Pablo Beca, Ren\u00e9 Asenjo, Fernando Rosselot, Ver\u00f3nica Anguita y Rafael Quevedo. Cambridge Qarterly Healthcare Ethics 2009; 18: 236-240<\/li><\/ul>\n\n\n\n<p><a href=\"http:\/\/medicina.udd.cl\/centro-bioetica\/2010\/10\/12\/consultores-de-etica-clinica-razones-ventajas-y-limitaciones\/\">Consultores de \u00e9tica cl\u00ednica: razones, ventajas, y limitaciones<\/a><\/p>\n\n\n\n<ul class=\"wp-block-list\"><li>Dr.Juan Pablo Beca I. Bio\u00e8tica &amp; Debat 2008; 14(54): 1-5<\/li><\/ul>\n\n\n\n<p><a href=\"http:\/\/medicina.udd.cl\/centro-bioetica\/2010\/10\/12\/los-medios-de-comunicacion-y-los-avances-biomedicos\/\">Los medios de comunicaci\u00f3n y los avances biom\u00e9dicos<\/a><\/p>\n\n\n\n<ul class=\"wp-block-list\"><li>Dra. Sof\u00eda P Salas y Dr.Juan Pablo Beca. Rev. M\u00e9d Chile 2008; 136: 1348-1352<\/li><\/ul>\n\n\n\n<p><a href=\"http:\/\/medicina.udd.cl\/centro-bioetica\/2010\/10\/12\/problemas-eticos-en-neonatologia\/\">Problemas \u00e9ticos en Neonatolog\u00eda<\/a><\/p>\n\n\n\n<ul class=\"wp-block-list\"><li>Dra. Gladys B\u00f3rquez. Rev. Med Clin Condes 2008; 19(3):284-289<\/li><\/ul>\n\n\n\n<p><a href=\"http:\/\/medicina.udd.cl\/centro-bioetica\/2010\/10\/12\/tres-factores-que-influyen-en-la-actitud-de-las-personas-ante-la-donacion-de-organos\/\">Tres factores que influyen en la actitud de las personas ante la donaci\u00f3n de \u00f3rganos<\/a><\/p>\n\n\n\n<ul class=\"wp-block-list\"><li>Sebasti\u00e1n Solar P., Alejandra Ovalle R., Mar\u00eda Elvira Simian M., Juan Pablo Beca I. Rev. Chilena de Cirug\u00eda 2008; 60:262-267<\/li><\/ul>\n\n\n\n<p><a href=\"http:\/\/medicina.udd.cl\/centro-bioetica\/2010\/10\/12\/el-cuidado-espiritual-del-enfermo-como-responsabilidad-del-profesional-de-la-salud\/\">El cuidado espiritual como responsabilidad del profesional de la salud<\/a><\/p>\n\n\n\n<ul class=\"wp-block-list\"><li>Juan Pablo Beca I. Etica de los Cuidados 2008 Ene-Jun; 1(1)<\/li><\/ul>\n\n\n\n<p><a href=\"http:\/\/medicina.udd.cl\/centro-bioetica\/2010\/10\/12\/acompanamiento-del-enfermo-una-experiencia-de-aprendizaje-sobre-el-significado-de-la-enfermedad\/\">Acompa\u00f1amiento del enfermo: Una experiencia de aprendizaje sobre el significado de la enfermedad<\/a><\/p>\n\n\n\n<ul class=\"wp-block-list\"><li>Armando Ortiz P, Dr.Juan Pablo Beca I, Sof\u00eda P Salas, Francisca Browne L, Camila Salas A. Rev M\u00e9d Chile 2008; 136: 304-309<\/li><\/ul>\n\n\n\n<p><a href=\"http:\/\/medicina.udd.cl\/centro-bioetica\/2010\/10\/12\/relacion-estudiante-de-medicinaenfermo-vision-de-los-estudiantes\/\">Relaci\u00f3n estudiante-enfermo: Visi\u00f3n de los estudiantes<\/a><\/p>\n\n\n\n<ul class=\"wp-block-list\"><li>Juan Pablo Beca I, Francisca Browne L, Paula Repetto L, Armando Ortiz P, Camila Salas A. Rev M\u00e9d Chile 2007; 135: 1367-1369<\/li><\/ul>\n\n\n\n<p><a href=\"http:\/\/medicina.udd.cl\/centro-bioetica\/2010\/10\/12\/embriones-hibridos-como-fuente-de-celulas-troncales-embrionarias\/\">Embriones h\u00edbridos como fuente de c\u00e9lulas troncales embrionarias<\/a><\/p>\n\n\n\n<ul class=\"wp-block-list\"><li>Dr. Juan Pablo Beca I. Rev M\u00e9d Chile 2007; 135: 1367-1369<\/li><\/ul>\n\n\n\n<p>Los trabajos voluntarios en la vida de los estudiantes<\/p>\n\n\n\n<ul class=\"wp-block-list\"><li>Juan Pablo Beca Revista Academia, Facultad de Medicina Cl\u00ednica Alemana-Universidad del Desarrollo n\u00ba2, 2006<\/li><\/ul>\n\n\n\n<p><a href=\"http:\/\/medicina.udd.cl\/centro-bioetica\/2010\/10\/12\/la-amistad-y-la-recuperacion-de-la-enfermedad\/\">La amistad y la recuperaci\u00f3n de la enfermedad<\/a><\/p>\n\n\n\n<ul class=\"wp-block-list\"><li>Juan Pablo Beca. JANO 2007; 1655: 66-68<\/li><\/ul>\n\n\n\n<p><a href=\"http:\/\/medicina.udd.cl\/centro-bioetica\/2010\/10\/12\/necesidad-de-prudencia-frente-a-las-promesas-de-la-terapia-celular-2\/\">Necesidad de Prudencia frente a las promesas de la terapia celular<\/a><\/p>\n\n\n\n<ul class=\"wp-block-list\"><li>Jorge Browne y Juan Pablo Beca. Rev Med Chile 2007; 135: 127-128 y Rev Med Chile 2007; 135: 1221-1223<\/li><\/ul>\n\n\n\n<p>Cefalea: La enfermedad bajo el prisma de Julio Cort\u00e1zar<\/p>\n\n\n\n<ul class=\"wp-block-list\"><li>Sebasti\u00e1n Solar y Gladys B\u00f3rquez. JANO 2007; 1639:66-68<\/li><\/ul>\n\n\n\n<p><a href=\"http:\/\/medicina.udd.cl\/centro-bioetica\/2010\/10\/12\/conflictos-de-intereses-en-la-practica-clinica-analisis-etico-de-algunas-relaciones-con-la-industria\/\">Conflicto de intereses en la pr\u00e1ctica cl\u00ednica<\/a><\/p>\n\n\n\n<ul class=\"wp-block-list\"><li>Sof\u00eda Salas, Marcial Osorio, Pablo Vial, Ana Mar\u00eda Rebi\u00e9n, Camila Salas, Juan Pablo Beca. Rev Med Chile 2006; 134: 1609-1616<\/li><\/ul>\n\n\n\n<p><a href=\"http:\/\/medicina.udd.cl\/centro-bioetica\/2010\/10\/12\/relacion-estudiante-enfermo-vision-del-paciente\/\">Relaci\u00f3n estudiante-enfermo: Visi\u00f3n del paciente<\/a><\/p>\n\n\n\n<ul class=\"wp-block-list\"><li>Juan Pablo Beca, Francisca Browne, Carolina Valdebenito, Alexander Bataszew, Mar\u00eda Jos\u00e9 Mart\u00ednez. Rev M\u00e9d Chile 2006; 134: 955-959<\/li><\/ul>\n\n\n\n<p><a href=\"http:\/\/medicina.udd.cl\/centro-bioetica\/noticias\/2010\/08\/05\/el-sentido-de-las-profesiones-de-la-salud\">El sentido de las profesiones de la salud<\/a><\/p>\n\n\n\n<ul class=\"wp-block-list\"><li>Dr. Juan Pablo Beca. Rev. Academia S. V. Facultad de Medicina Cl\u00ednica Alemana-Universidad del Desarrollo, 2006. N\u00b01<\/li><\/ul>\n\n\n\n<p><a href=\"http:\/\/medicina.udd.cl\/centro-bioetica\/2010\/10\/12\/los-comites-de-etica-asistencial-y-las-repercusiones-juridicas-de-sus-informes\/\">Los comit\u00e9s de \u00e9tica asistencial y las repercusiones jur\u00eddicas de sus informes<\/a><\/p>\n\n\n\n<ul class=\"wp-block-list\"><li>Azucena Couceiro, Dr. Juan Pablo Beca. Rev. Med. Chile 2006; 134: 517-519<\/li><\/ul>\n\n\n\n<p><a href=\"http:\/\/medicina.udd.cl\/centro-bioetica\/2010\/10\/12\/derecho-a-morir-un-debate-actual\/\">Derecho a morir: un debate actual<\/a><\/p>\n\n\n\n<ul class=\"wp-block-list\"><li>Dr. Juan Pablo Beca, A Ortiz, S Solar. Rev. Med. Chile 2005; 133: 601-606<\/li><\/ul>\n\n\n\n<p><a href=\"http:\/\/medicina.udd.cl\/centro-bioetica\/2010\/10\/12\/conflicto-de-intereses-en-la-relacion-clinica\/\">Conflicto de intereses en la relaci\u00f3n cl\u00ednica<\/a><\/p>\n\n\n\n<ul class=\"wp-block-list\"><li>Dr. Armando Ortiz. Rev. Chil. Neuro-Psiquiat. 2004: 42 (11):29-36<\/li><\/ul>\n\n\n\n<p><a href=\"http:\/\/medicina.udd.cl\/centro-bioetica\/2010\/10\/12\/medicina-en-television-%c2%bfun-problema-etico\/\">Medicina en televisi\u00f3n: \u00bfun problema \u00e9tico?<\/a><\/p>\n\n\n\n<ul class=\"wp-block-list\"><li>Drs. Juan Pablo Beca I y Sof\u00eda P. Salas I. Rev. Med. Chile 2004; 132: 881-88<\/li><\/ul>\n\n\n\n<p><a href=\"http:\/\/medicina.udd.cl\/centro-bioetica\/2010\/10\/12\/la-medicina-expuesta-ante-la-television-%c2%bfhasta-donde-llegar\/\">La medicina expuesta ante la televisi\u00f3n: \u00bfhasta d\u00f3nde llegar?<\/a><\/p>\n\n\n\n<ul class=\"wp-block-list\"><li>Juan Pablo Beca. Rev. Chil. Pediatr. 2004; 75: 215-21<\/li><\/ul>\n","protected":false},"excerpt":{"rendered":"<p>Revisa las publicaciones en revistas pertenecientes a miembros del Centro de Bio\u00e9tica. <\/p>\n","protected":false},"author":1,"featured_media":0,"parent":2302,"menu_order":0,"comment_status":"open","ping_status":"open","template":"","meta":{"footnotes":""},"class_list":["post-245","page","type-page","status-publish","hentry"],"yoast_head":"<!-- This site is optimized with the Yoast SEO plugin v26.9 - https:\/\/yoast.com\/product\/yoast-seo-wordpress\/ -->\n<title>Publicaciones en revistas - Centro de Bio\u00e9tica<\/title>\n<meta name=\"robots\" content=\"index, follow, max-snippet:-1, max-image-preview:large, max-video-preview:-1\" \/>\n<link rel=\"canonical\" href=\"https:\/\/medicina.udd.cl\/centro-bioetica\/nuestras-publicaciones\/publicaciones-en-revistas\/\" \/>\n<meta property=\"og:locale\" content=\"es_ES\" \/>\n<meta property=\"og:type\" content=\"article\" \/>\n<meta property=\"og:title\" content=\"Publicaciones en revistas - Centro de Bio\u00e9tica\" \/>\n<meta property=\"og:description\" content=\"Revisa las publicaciones en revistas pertenecientes a miembros del Centro de Bio\u00e9tica.\" \/>\n<meta property=\"og:url\" content=\"https:\/\/medicina.udd.cl\/centro-bioetica\/nuestras-publicaciones\/publicaciones-en-revistas\/\" \/>\n<meta property=\"og:site_name\" content=\"Centro de Bio\u00e9tica\" \/>\n<meta property=\"article:modified_time\" content=\"2022-12-21T14:42:36+00:00\" \/>\n<meta name=\"twitter:label1\" content=\"Tiempo de lectura\" \/>\n\t<meta name=\"twitter:data1\" content=\"13 minutos\" \/>\n<script type=\"application\/ld+json\" class=\"yoast-schema-graph\">{\"@context\":\"https:\/\/schema.org\",\"@graph\":[{\"@type\":\"WebPage\",\"@id\":\"https:\/\/medicina.udd.cl\/centro-bioetica\/nuestras-publicaciones\/publicaciones-en-revistas\/\",\"url\":\"https:\/\/medicina.udd.cl\/centro-bioetica\/nuestras-publicaciones\/publicaciones-en-revistas\/\",\"name\":\"Publicaciones en revistas - Centro de Bio\u00e9tica\",\"isPartOf\":{\"@id\":\"https:\/\/medicina.udd.cl\/centro-bioetica\/#website\"},\"datePublished\":\"2010-06-30T16:09:33+00:00\",\"dateModified\":\"2022-12-21T14:42:36+00:00\",\"breadcrumb\":{\"@id\":\"https:\/\/medicina.udd.cl\/centro-bioetica\/nuestras-publicaciones\/publicaciones-en-revistas\/#breadcrumb\"},\"inLanguage\":\"es\",\"potentialAction\":[{\"@type\":\"ReadAction\",\"target\":[\"https:\/\/medicina.udd.cl\/centro-bioetica\/nuestras-publicaciones\/publicaciones-en-revistas\/\"]}]},{\"@type\":\"BreadcrumbList\",\"@id\":\"https:\/\/medicina.udd.cl\/centro-bioetica\/nuestras-publicaciones\/publicaciones-en-revistas\/#breadcrumb\",\"itemListElement\":[{\"@type\":\"ListItem\",\"position\":1,\"name\":\"Inicio\",\"item\":\"https:\/\/medicina.udd.cl\/centro-bioetica\/\"},{\"@type\":\"ListItem\",\"position\":2,\"name\":\"Publicaciones\",\"item\":\"https:\/\/medicina.udd.cl\/centro-bioetica\/nuestras-publicaciones\/\"},{\"@type\":\"ListItem\",\"position\":3,\"name\":\"Publicaciones en revistas\"}]},{\"@type\":\"WebSite\",\"@id\":\"https:\/\/medicina.udd.cl\/centro-bioetica\/#website\",\"url\":\"https:\/\/medicina.udd.cl\/centro-bioetica\/\",\"name\":\"Centro de Bio\u00e9tica\",\"description\":\"Universidad del Desarrollo\",\"inLanguage\":\"es\"}]}<\/script>\n<!-- \/ Yoast SEO plugin. -->","yoast_head_json":{"title":"Publicaciones en revistas - Centro de Bio\u00e9tica","robots":{"index":"index","follow":"follow","max-snippet":"max-snippet:-1","max-image-preview":"max-image-preview:large","max-video-preview":"max-video-preview:-1"},"canonical":"https:\/\/medicina.udd.cl\/centro-bioetica\/nuestras-publicaciones\/publicaciones-en-revistas\/","og_locale":"es_ES","og_type":"article","og_title":"Publicaciones en revistas - Centro de Bio\u00e9tica","og_description":"Revisa las publicaciones en revistas pertenecientes a miembros del Centro de Bio\u00e9tica.","og_url":"https:\/\/medicina.udd.cl\/centro-bioetica\/nuestras-publicaciones\/publicaciones-en-revistas\/","og_site_name":"Centro de Bio\u00e9tica","article_modified_time":"2022-12-21T14:42:36+00:00","twitter_misc":{"Tiempo de lectura":"13 minutos"},"schema":{"@context":"https:\/\/schema.org","@graph":[{"@type":"WebPage","@id":"https:\/\/medicina.udd.cl\/centro-bioetica\/nuestras-publicaciones\/publicaciones-en-revistas\/","url":"https:\/\/medicina.udd.cl\/centro-bioetica\/nuestras-publicaciones\/publicaciones-en-revistas\/","name":"Publicaciones en revistas - Centro de Bio\u00e9tica","isPartOf":{"@id":"https:\/\/medicina.udd.cl\/centro-bioetica\/#website"},"datePublished":"2010-06-30T16:09:33+00:00","dateModified":"2022-12-21T14:42:36+00:00","breadcrumb":{"@id":"https:\/\/medicina.udd.cl\/centro-bioetica\/nuestras-publicaciones\/publicaciones-en-revistas\/#breadcrumb"},"inLanguage":"es","potentialAction":[{"@type":"ReadAction","target":["https:\/\/medicina.udd.cl\/centro-bioetica\/nuestras-publicaciones\/publicaciones-en-revistas\/"]}]},{"@type":"BreadcrumbList","@id":"https:\/\/medicina.udd.cl\/centro-bioetica\/nuestras-publicaciones\/publicaciones-en-revistas\/#breadcrumb","itemListElement":[{"@type":"ListItem","position":1,"name":"Inicio","item":"https:\/\/medicina.udd.cl\/centro-bioetica\/"},{"@type":"ListItem","position":2,"name":"Publicaciones","item":"https:\/\/medicina.udd.cl\/centro-bioetica\/nuestras-publicaciones\/"},{"@type":"ListItem","position":3,"name":"Publicaciones en revistas"}]},{"@type":"WebSite","@id":"https:\/\/medicina.udd.cl\/centro-bioetica\/#website","url":"https:\/\/medicina.udd.cl\/centro-bioetica\/","name":"Centro de Bio\u00e9tica","description":"Universidad del Desarrollo","inLanguage":"es"}]}},"_links":{"self":[{"href":"https:\/\/medicina.udd.cl\/centro-bioetica\/wp-json\/wp\/v2\/pages\/245","targetHints":{"allow":["GET"]}}],"collection":[{"href":"https:\/\/medicina.udd.cl\/centro-bioetica\/wp-json\/wp\/v2\/pages"}],"about":[{"href":"https:\/\/medicina.udd.cl\/centro-bioetica\/wp-json\/wp\/v2\/types\/page"}],"author":[{"embeddable":true,"href":"https:\/\/medicina.udd.cl\/centro-bioetica\/wp-json\/wp\/v2\/users\/1"}],"replies":[{"embeddable":true,"href":"https:\/\/medicina.udd.cl\/centro-bioetica\/wp-json\/wp\/v2\/comments?post=245"}],"version-history":[{"count":49,"href":"https:\/\/medicina.udd.cl\/centro-bioetica\/wp-json\/wp\/v2\/pages\/245\/revisions"}],"predecessor-version":[{"id":5869,"href":"https:\/\/medicina.udd.cl\/centro-bioetica\/wp-json\/wp\/v2\/pages\/245\/revisions\/5869"}],"up":[{"embeddable":true,"href":"https:\/\/medicina.udd.cl\/centro-bioetica\/wp-json\/wp\/v2\/pages\/2302"}],"wp:attachment":[{"href":"https:\/\/medicina.udd.cl\/centro-bioetica\/wp-json\/wp\/v2\/media?parent=245"}],"curies":[{"name":"wp","href":"https:\/\/api.w.org\/{rel}","templated":true}]}}