{"id":261,"date":"2010-06-30T12:44:11","date_gmt":"2010-06-30T16:44:11","guid":{"rendered":"http:\/\/medicina.udd.cl\/centro-bioetica\/iv-seminario-internacional-de-bioetica-consentimiento-informado\/"},"modified":"2010-06-30T12:44:11","modified_gmt":"2010-06-30T16:44:11","slug":"iv-seminario-internacional-de-bioetica-consentimiento-informado","status":"publish","type":"page","link":"https:\/\/medicina.udd.cl\/centro-bioetica\/iv-seminario-internacional-de-bioetica-consentimiento-informado\/","title":{"rendered":"IV Seminario Internacional de Bio\u00e9tica \u00abConsentimiento Informado\u00bb"},"content":{"rendered":"<p style=\"text-align: justify\">Durante el mes de julio se celebrar\u00e1 el IV Seminario Internacional de Bio\u00e9tica \u00abConsentimiento Informado\u00bb donde participar\u00e1 el Dr. Juan Pablo Beca, director del Centro de Bio\u00e9tica de la Facultad de Medicina.<\/p>\n<p style=\"text-align: justify\">Dentro de los temas a tratar, se encuentran: Fundamentos \u00e9ticos y antropol\u00f3gicos del consentimiento informado, Perspectiva social y legal, Comunicaci\u00f3n de la informaci\u00f3n, Consentimiento e investigaci\u00f3n rol de los profesionales de la salud, entre otros.<\/p>\n<p style=\"text-align: justify\">Adem\u00e1s, el encuentro contar\u00e1 con la participaci\u00f3n de destacados expositores internacionales como\u00a0Nuria Terribas i Sala, Directora del Institut Borja de Bio\u00e9tica y la Dra. Bego\u00f1a Rom\u00e1n Maestre, Doctora en Filosof\u00eda y Profesora Titular de la Universidad de Barcelona y colaboradora del Institut Borja de Bio\u00e9tica.<\/p>\n<p style=\"text-align: justify\">\u00a0Para m\u00e1s informaci\u00f3n, descargar: <a href=\"http:\/\/medicina.udd.cl\/centro-bioetica\/files\/2010\/06\/Programa-Seminario-Internacional.pdf\">Programa Seminario Internacional<\/a><\/p>\n","protected":false},"excerpt":{"rendered":"<p>El encuentro se realizar\u00e1 el 23 y 24 de julio en el Aula Magna de Cl\u00ednica Alemana. <\/p>\n","protected":false},"author":1,"featured_media":0,"parent":0,"menu_order":0,"comment_status":"open","ping_status":"open","template":"","meta":{"footnotes":""},"class_list":["post-261","page","type-page","status-publish","hentry"],"yoast_head":"<!-- This site is optimized with the Yoast SEO plugin v26.9 - https:\/\/yoast.com\/product\/yoast-seo-wordpress\/ -->\n<title>IV Seminario Internacional de Bio\u00e9tica &quot;Consentimiento Informado&quot; - Centro de Bio\u00e9tica<\/title>\n<meta name=\"robots\" content=\"index, follow, max-snippet:-1, max-image-preview:large, max-video-preview:-1\" \/>\n<link rel=\"canonical\" href=\"https:\/\/medicina.udd.cl\/centro-bioetica\/iv-seminario-internacional-de-bioetica-consentimiento-informado\/\" \/>\n<meta property=\"og:locale\" content=\"es_ES\" \/>\n<meta property=\"og:type\" content=\"article\" \/>\n<meta property=\"og:title\" content=\"IV Seminario Internacional de Bio\u00e9tica &quot;Consentimiento Informado&quot; - Centro de Bio\u00e9tica\" \/>\n<meta property=\"og:description\" content=\"El encuentro se realizar\u00e1 el 23 y 24 de julio en el Aula Magna de Cl\u00ednica Alemana.\" \/>\n<meta property=\"og:url\" content=\"https:\/\/medicina.udd.cl\/centro-bioetica\/iv-seminario-internacional-de-bioetica-consentimiento-informado\/\" \/>\n<meta property=\"og:site_name\" content=\"Centro de Bio\u00e9tica\" \/>\n<meta name=\"twitter:label1\" content=\"Tiempo de lectura\" \/>\n\t<meta name=\"twitter:data1\" content=\"1 minuto\" \/>\n<script type=\"application\/ld+json\" class=\"yoast-schema-graph\">{\"@context\":\"https:\/\/schema.org\",\"@graph\":[{\"@type\":\"WebPage\",\"@id\":\"https:\/\/medicina.udd.cl\/centro-bioetica\/iv-seminario-internacional-de-bioetica-consentimiento-informado\/\",\"url\":\"https:\/\/medicina.udd.cl\/centro-bioetica\/iv-seminario-internacional-de-bioetica-consentimiento-informado\/\",\"name\":\"IV Seminario Internacional de Bio\u00e9tica \\\"Consentimiento Informado\\\" - Centro de Bio\u00e9tica\",\"isPartOf\":{\"@id\":\"https:\/\/medicina.udd.cl\/centro-bioetica\/#website\"},\"datePublished\":\"2010-06-30T16:44:11+00:00\",\"breadcrumb\":{\"@id\":\"https:\/\/medicina.udd.cl\/centro-bioetica\/iv-seminario-internacional-de-bioetica-consentimiento-informado\/#breadcrumb\"},\"inLanguage\":\"es\",\"potentialAction\":[{\"@type\":\"ReadAction\",\"target\":[\"https:\/\/medicina.udd.cl\/centro-bioetica\/iv-seminario-internacional-de-bioetica-consentimiento-informado\/\"]}]},{\"@type\":\"BreadcrumbList\",\"@id\":\"https:\/\/medicina.udd.cl\/centro-bioetica\/iv-seminario-internacional-de-bioetica-consentimiento-informado\/#breadcrumb\",\"itemListElement\":[{\"@type\":\"ListItem\",\"position\":1,\"name\":\"Inicio\",\"item\":\"https:\/\/medicina.udd.cl\/centro-bioetica\/\"},{\"@type\":\"ListItem\",\"position\":2,\"name\":\"IV Seminario Internacional de Bio\u00e9tica \u00abConsentimiento Informado\u00bb\"}]},{\"@type\":\"WebSite\",\"@id\":\"https:\/\/medicina.udd.cl\/centro-bioetica\/#website\",\"url\":\"https:\/\/medicina.udd.cl\/centro-bioetica\/\",\"name\":\"Centro de Bio\u00e9tica\",\"description\":\"Universidad del Desarrollo\",\"inLanguage\":\"es\"}]}<\/script>\n<!-- \/ Yoast SEO plugin. -->","yoast_head_json":{"title":"IV Seminario Internacional de Bio\u00e9tica \"Consentimiento Informado\" - Centro de Bio\u00e9tica","robots":{"index":"index","follow":"follow","max-snippet":"max-snippet:-1","max-image-preview":"max-image-preview:large","max-video-preview":"max-video-preview:-1"},"canonical":"https:\/\/medicina.udd.cl\/centro-bioetica\/iv-seminario-internacional-de-bioetica-consentimiento-informado\/","og_locale":"es_ES","og_type":"article","og_title":"IV Seminario Internacional de Bio\u00e9tica \"Consentimiento Informado\" - Centro de Bio\u00e9tica","og_description":"El encuentro se realizar\u00e1 el 23 y 24 de julio en el Aula Magna de Cl\u00ednica Alemana.","og_url":"https:\/\/medicina.udd.cl\/centro-bioetica\/iv-seminario-internacional-de-bioetica-consentimiento-informado\/","og_site_name":"Centro de Bio\u00e9tica","twitter_misc":{"Tiempo de lectura":"1 minuto"},"schema":{"@context":"https:\/\/schema.org","@graph":[{"@type":"WebPage","@id":"https:\/\/medicina.udd.cl\/centro-bioetica\/iv-seminario-internacional-de-bioetica-consentimiento-informado\/","url":"https:\/\/medicina.udd.cl\/centro-bioetica\/iv-seminario-internacional-de-bioetica-consentimiento-informado\/","name":"IV Seminario Internacional de Bio\u00e9tica \"Consentimiento Informado\" - Centro de Bio\u00e9tica","isPartOf":{"@id":"https:\/\/medicina.udd.cl\/centro-bioetica\/#website"},"datePublished":"2010-06-30T16:44:11+00:00","breadcrumb":{"@id":"https:\/\/medicina.udd.cl\/centro-bioetica\/iv-seminario-internacional-de-bioetica-consentimiento-informado\/#breadcrumb"},"inLanguage":"es","potentialAction":[{"@type":"ReadAction","target":["https:\/\/medicina.udd.cl\/centro-bioetica\/iv-seminario-internacional-de-bioetica-consentimiento-informado\/"]}]},{"@type":"BreadcrumbList","@id":"https:\/\/medicina.udd.cl\/centro-bioetica\/iv-seminario-internacional-de-bioetica-consentimiento-informado\/#breadcrumb","itemListElement":[{"@type":"ListItem","position":1,"name":"Inicio","item":"https:\/\/medicina.udd.cl\/centro-bioetica\/"},{"@type":"ListItem","position":2,"name":"IV Seminario Internacional de Bio\u00e9tica \u00abConsentimiento Informado\u00bb"}]},{"@type":"WebSite","@id":"https:\/\/medicina.udd.cl\/centro-bioetica\/#website","url":"https:\/\/medicina.udd.cl\/centro-bioetica\/","name":"Centro de Bio\u00e9tica","description":"Universidad del Desarrollo","inLanguage":"es"}]}},"_links":{"self":[{"href":"https:\/\/medicina.udd.cl\/centro-bioetica\/wp-json\/wp\/v2\/pages\/261","targetHints":{"allow":["GET"]}}],"collection":[{"href":"https:\/\/medicina.udd.cl\/centro-bioetica\/wp-json\/wp\/v2\/pages"}],"about":[{"href":"https:\/\/medicina.udd.cl\/centro-bioetica\/wp-json\/wp\/v2\/types\/page"}],"author":[{"embeddable":true,"href":"https:\/\/medicina.udd.cl\/centro-bioetica\/wp-json\/wp\/v2\/users\/1"}],"replies":[{"embeddable":true,"href":"https:\/\/medicina.udd.cl\/centro-bioetica\/wp-json\/wp\/v2\/comments?post=261"}],"version-history":[{"count":0,"href":"https:\/\/medicina.udd.cl\/centro-bioetica\/wp-json\/wp\/v2\/pages\/261\/revisions"}],"wp:attachment":[{"href":"https:\/\/medicina.udd.cl\/centro-bioetica\/wp-json\/wp\/v2\/media?parent=261"}],"curies":[{"name":"wp","href":"https:\/\/api.w.org\/{rel}","templated":true}]}}