{"id":5699,"date":"2022-05-19T14:15:32","date_gmt":"2022-05-19T18:15:32","guid":{"rendered":"https:\/\/medicina.udd.cl\/centro-bioetica\/?page_id=5699"},"modified":"2022-09-01T09:15:37","modified_gmt":"2022-09-01T13:15:37","slug":"dialogos-bioeticos-2022","status":"publish","type":"page","link":"https:\/\/medicina.udd.cl\/centro-bioetica\/dialogos-bioeticos-2022\/","title":{"rendered":"Di\u00e1logos Bio\u00e9ticos 2022"},"content":{"rendered":"<section class=\"wp-block-udd-videos-row is-style-clear\">\n\t<div class=\"videos-row container\">\n\t\t\t\t\t\t<div class=\"row videos-row__videos\">\n\t\t\t<article class=\"udd-video\">\n\t<a href=\"https:\/\/www.youtube.com\/watch?v=C4I9wKC8ICI&#038;t=449s\" class=\"js-udd-video-modal udd-video__link\" data-video-id=\"C4I9wKC8ICI\">\n\t\t<span class=\"udd-video__label\"><svg class=\"svg-video-dims\"><use xlink:href='https:\/\/medicina.udd.cl\/centro-bioetica\/wp-content\/themes\/facultades-2018\/assets\/img\/svg\/dist\/main.svg?version=1695853099#video'><\/use><\/svg> Ver video<\/span>\n\t\t<h3 class=\"udd-video__title\">\n\t\t\tDi\u00e1logo Bio\u00e9tico | Hablemos del derecho a la salud\t\t<\/h3>\n\t\t<span class=\"udd-video__image-container\"><img decoding=\"async\" src=\"https:\/\/i.ytimg.com\/vi\/C4I9wKC8ICI\/hqdefault.jpg\" loading=\"lazy\" alt=\"Di\u00e1logo Bio\u00e9tico | Hablemos del derecho a la salud\" class=\"udd-video__image\" alt=\"Previsualizaci\u00f3n de &#039;Di\u00e1logo Bio\u00e9tico | Hablemos del derecho a la salud&#039;\"><\/span>\t<\/a>\n<\/article>\n<article class=\"udd-video\">\n\t<a href=\"https:\/\/www.youtube.com\/watch?v=n3kfHMNSdLg&#038;t=2s\" class=\"js-udd-video-modal udd-video__link\" data-video-id=\"n3kfHMNSdLg\">\n\t\t<span class=\"udd-video__label\"><svg class=\"svg-video-dims\"><use xlink:href='https:\/\/medicina.udd.cl\/centro-bioetica\/wp-content\/themes\/facultades-2018\/assets\/img\/svg\/dist\/main.svg?version=1695853099#video'><\/use><\/svg> Ver video<\/span>\n\t\t<h3 class=\"udd-video__title\">\n\t\t\tDi\u00e1logo Bio\u00e9tico | Consideraciones \u00e9ticas de la inteligencia artificial en salud\t\t<\/h3>\n\t\t<span class=\"udd-video__image-container\"><img decoding=\"async\" src=\"https:\/\/i.ytimg.com\/vi\/n3kfHMNSdLg\/hqdefault.jpg\" loading=\"lazy\" alt=\"Di\u00e1logo Bio\u00e9tico | Consideraciones \u00e9ticas de la inteligencia artificial en salud\" class=\"udd-video__image\" alt=\"Previsualizaci\u00f3n de &#039;Di\u00e1logo Bio\u00e9tico | Consideraciones \u00e9ticas de la inteligencia artificial en salud&#039;\"><\/span>\t<\/a>\n<\/article>\n<article class=\"udd-video\">\n\t<a href=\"https:\/\/www.youtube.com\/watch?v=NrENQt2-_ls&#038;t=3s\" class=\"js-udd-video-modal udd-video__link\" data-video-id=\"NrENQt2-_ls\">\n\t\t<span class=\"udd-video__label\"><svg class=\"svg-video-dims\"><use xlink:href='https:\/\/medicina.udd.cl\/centro-bioetica\/wp-content\/themes\/facultades-2018\/assets\/img\/svg\/dist\/main.svg?version=1695853099#video'><\/use><\/svg> Ver video<\/span>\n\t\t<h3 class=\"udd-video__title\">\n\t\t\tDi\u00e1logo Bio\u00e9tico | Consideraciones \u00e9ticas sobre la ley de cuidados paliativos universales\t\t<\/h3>\n\t\t<span class=\"udd-video__image-container\"><img decoding=\"async\" src=\"https:\/\/i.ytimg.com\/vi\/NrENQt2-_ls\/hqdefault.jpg\" loading=\"lazy\" alt=\"Di\u00e1logo Bio\u00e9tico | Consideraciones \u00e9ticas sobre la ley de cuidados paliativos universales\" class=\"udd-video__image\" alt=\"Previsualizaci\u00f3n de &#039;Di\u00e1logo Bio\u00e9tico | Consideraciones \u00e9ticas sobre la ley de cuidados paliativos universales&#039;\"><\/span>\t<\/a>\n<\/article>\n<article class=\"udd-video\">\n\t<a href=\"https:\/\/www.youtube.com\/watch?v=cHHFzDHAqdQ\" class=\"js-udd-video-modal udd-video__link\" data-video-id=\"cHHFzDHAqdQ\">\n\t\t<span class=\"udd-video__label\"><svg class=\"svg-video-dims\"><use xlink:href='https:\/\/medicina.udd.cl\/centro-bioetica\/wp-content\/themes\/facultades-2018\/assets\/img\/svg\/dist\/main.svg?version=1695853099#video'><\/use><\/svg> Ver video<\/span>\n\t\t<h3 class=\"udd-video__title\">\n\t\t\tDi\u00e1logo Bio\u00e9tico | Comunicaci\u00f3n de noticias dif\u00edciles\t\t<\/h3>\n\t\t<span class=\"udd-video__image-container\"><img decoding=\"async\" src=\"https:\/\/i.ytimg.com\/vi\/cHHFzDHAqdQ\/hqdefault.jpg\" loading=\"lazy\" alt=\"Di\u00e1logo Bio\u00e9tico | Comunicaci\u00f3n de noticias dif\u00edciles\" class=\"udd-video__image\" alt=\"Previsualizaci\u00f3n de &#039;Di\u00e1logo Bio\u00e9tico | Comunicaci\u00f3n de noticias dif\u00edciles&#039;\"><\/span>\t<\/a>\n<\/article>\n\t\t<\/div>\n\t\t\t<\/div>\n<\/section>\n","protected":false},"excerpt":{"rendered":"","protected":false},"author":42,"featured_media":0,"parent":0,"menu_order":0,"comment_status":"closed","ping_status":"closed","template":"","meta":{"footnotes":""},"class_list":["post-5699","page","type-page","status-publish","hentry"],"yoast_head":"<!-- This site is optimized with the Yoast SEO plugin v26.9 - https:\/\/yoast.com\/product\/yoast-seo-wordpress\/ -->\n<title>Di\u00e1logos Bio\u00e9ticos 2022 - Centro de Bio\u00e9tica<\/title>\n<meta name=\"robots\" content=\"index, follow, max-snippet:-1, max-image-preview:large, max-video-preview:-1\" \/>\n<link rel=\"canonical\" href=\"https:\/\/medicina.udd.cl\/centro-bioetica\/dialogos-bioeticos-2022\/\" \/>\n<meta property=\"og:locale\" content=\"es_ES\" \/>\n<meta property=\"og:type\" content=\"article\" \/>\n<meta property=\"og:title\" content=\"Di\u00e1logos Bio\u00e9ticos 2022 - Centro de Bio\u00e9tica\" \/>\n<meta property=\"og:url\" content=\"https:\/\/medicina.udd.cl\/centro-bioetica\/dialogos-bioeticos-2022\/\" \/>\n<meta property=\"og:site_name\" content=\"Centro de Bio\u00e9tica\" \/>\n<meta property=\"article:modified_time\" content=\"2022-09-01T13:15:37+00:00\" \/>\n<script type=\"application\/ld+json\" class=\"yoast-schema-graph\">{\"@context\":\"https:\/\/schema.org\",\"@graph\":[{\"@type\":\"WebPage\",\"@id\":\"https:\/\/medicina.udd.cl\/centro-bioetica\/dialogos-bioeticos-2022\/\",\"url\":\"https:\/\/medicina.udd.cl\/centro-bioetica\/dialogos-bioeticos-2022\/\",\"name\":\"Di\u00e1logos Bio\u00e9ticos 2022 - Centro de Bio\u00e9tica\",\"isPartOf\":{\"@id\":\"https:\/\/medicina.udd.cl\/centro-bioetica\/#website\"},\"datePublished\":\"2022-05-19T18:15:32+00:00\",\"dateModified\":\"2022-09-01T13:15:37+00:00\",\"breadcrumb\":{\"@id\":\"https:\/\/medicina.udd.cl\/centro-bioetica\/dialogos-bioeticos-2022\/#breadcrumb\"},\"inLanguage\":\"es\",\"potentialAction\":[{\"@type\":\"ReadAction\",\"target\":[\"https:\/\/medicina.udd.cl\/centro-bioetica\/dialogos-bioeticos-2022\/\"]}]},{\"@type\":\"BreadcrumbList\",\"@id\":\"https:\/\/medicina.udd.cl\/centro-bioetica\/dialogos-bioeticos-2022\/#breadcrumb\",\"itemListElement\":[{\"@type\":\"ListItem\",\"position\":1,\"name\":\"Inicio\",\"item\":\"https:\/\/medicina.udd.cl\/centro-bioetica\/\"},{\"@type\":\"ListItem\",\"position\":2,\"name\":\"Di\u00e1logos Bio\u00e9ticos 2022\"}]},{\"@type\":\"WebSite\",\"@id\":\"https:\/\/medicina.udd.cl\/centro-bioetica\/#website\",\"url\":\"https:\/\/medicina.udd.cl\/centro-bioetica\/\",\"name\":\"Centro de Bio\u00e9tica\",\"description\":\"Universidad del Desarrollo\",\"inLanguage\":\"es\"}]}<\/script>\n<!-- \/ Yoast SEO plugin. -->","yoast_head_json":{"title":"Di\u00e1logos Bio\u00e9ticos 2022 - Centro de Bio\u00e9tica","robots":{"index":"index","follow":"follow","max-snippet":"max-snippet:-1","max-image-preview":"max-image-preview:large","max-video-preview":"max-video-preview:-1"},"canonical":"https:\/\/medicina.udd.cl\/centro-bioetica\/dialogos-bioeticos-2022\/","og_locale":"es_ES","og_type":"article","og_title":"Di\u00e1logos Bio\u00e9ticos 2022 - Centro de Bio\u00e9tica","og_url":"https:\/\/medicina.udd.cl\/centro-bioetica\/dialogos-bioeticos-2022\/","og_site_name":"Centro de Bio\u00e9tica","article_modified_time":"2022-09-01T13:15:37+00:00","schema":{"@context":"https:\/\/schema.org","@graph":[{"@type":"WebPage","@id":"https:\/\/medicina.udd.cl\/centro-bioetica\/dialogos-bioeticos-2022\/","url":"https:\/\/medicina.udd.cl\/centro-bioetica\/dialogos-bioeticos-2022\/","name":"Di\u00e1logos Bio\u00e9ticos 2022 - Centro de Bio\u00e9tica","isPartOf":{"@id":"https:\/\/medicina.udd.cl\/centro-bioetica\/#website"},"datePublished":"2022-05-19T18:15:32+00:00","dateModified":"2022-09-01T13:15:37+00:00","breadcrumb":{"@id":"https:\/\/medicina.udd.cl\/centro-bioetica\/dialogos-bioeticos-2022\/#breadcrumb"},"inLanguage":"es","potentialAction":[{"@type":"ReadAction","target":["https:\/\/medicina.udd.cl\/centro-bioetica\/dialogos-bioeticos-2022\/"]}]},{"@type":"BreadcrumbList","@id":"https:\/\/medicina.udd.cl\/centro-bioetica\/dialogos-bioeticos-2022\/#breadcrumb","itemListElement":[{"@type":"ListItem","position":1,"name":"Inicio","item":"https:\/\/medicina.udd.cl\/centro-bioetica\/"},{"@type":"ListItem","position":2,"name":"Di\u00e1logos Bio\u00e9ticos 2022"}]},{"@type":"WebSite","@id":"https:\/\/medicina.udd.cl\/centro-bioetica\/#website","url":"https:\/\/medicina.udd.cl\/centro-bioetica\/","name":"Centro de Bio\u00e9tica","description":"Universidad del Desarrollo","inLanguage":"es"}]}},"_links":{"self":[{"href":"https:\/\/medicina.udd.cl\/centro-bioetica\/wp-json\/wp\/v2\/pages\/5699","targetHints":{"allow":["GET"]}}],"collection":[{"href":"https:\/\/medicina.udd.cl\/centro-bioetica\/wp-json\/wp\/v2\/pages"}],"about":[{"href":"https:\/\/medicina.udd.cl\/centro-bioetica\/wp-json\/wp\/v2\/types\/page"}],"author":[{"embeddable":true,"href":"https:\/\/medicina.udd.cl\/centro-bioetica\/wp-json\/wp\/v2\/users\/42"}],"replies":[{"embeddable":true,"href":"https:\/\/medicina.udd.cl\/centro-bioetica\/wp-json\/wp\/v2\/comments?post=5699"}],"version-history":[{"count":5,"href":"https:\/\/medicina.udd.cl\/centro-bioetica\/wp-json\/wp\/v2\/pages\/5699\/revisions"}],"predecessor-version":[{"id":5785,"href":"https:\/\/medicina.udd.cl\/centro-bioetica\/wp-json\/wp\/v2\/pages\/5699\/revisions\/5785"}],"wp:attachment":[{"href":"https:\/\/medicina.udd.cl\/centro-bioetica\/wp-json\/wp\/v2\/media?parent=5699"}],"curies":[{"name":"wp","href":"https:\/\/api.w.org\/{rel}","templated":true}]}}