{"id":65,"date":"2010-05-27T11:52:57","date_gmt":"2010-05-27T15:52:57","guid":{"rendered":"http:\/\/medicina.udd.cl\/centro-bioetica\/documentos-de-interes\/"},"modified":"2021-04-21T18:56:27","modified_gmt":"2021-04-21T22:56:27","slug":"documentos-de-interes","status":"publish","type":"page","link":"https:\/\/medicina.udd.cl\/centro-bioetica\/documentos\/documentos-de-interes\/","title":{"rendered":"Documentos de Inter\u00e9s"},"content":{"rendered":"\n\n\n<ul class=\"wp-block-list\"><li><a href=\"https:\/\/medicina.udd.cl\/centro-bioetica\/files\/2020\/06\/Beca-Camps-Fins-et-al-Bol-Complutense-2020.pdf\">La pandemia de COVID-19 vista por los expertos en Bio\u00e9tica<\/a>. Beca JP, Camps V, Fins J, Ten Have H, De Montalvo F, Savulescu J. (Bio\u00e9tica Complutense 2020; 39: 7-28).<\/li><li><a href=\"http:\/\/medicina.udd.cl\/centro-bioetica\/files\/2015\/10\/El-paciente-como-persona.pdf\">\u00abEl paciente como persona\u00bb<\/a>. Entrevista a Dr. Juan Pablo Beca en Revista In Vitro (Septiembre de 2015)<\/li><li><a href=\"http:\/\/medicina.udd.cl\/centro-bioetica\/files\/2015\/03\/La-mujer-tiene-que-decidir-si-se-hace-un-aborto.-Las-sociedades-no-deber\u00edan-prohibirlo-La-Segunda-martes-24-de-marzo-2015.pdf\">\u00abLa mujer tiene que decidir si se hace un aborto. Las sociedades no deber\u00edan prohibirlo\u00bb<\/a>. Entrevista a Peter Kemp en Diario La Segunda<\/li><li><a href=\"http:\/\/medicina.udd.cl\/centro-bioetica\/files\/2015\/03\/Tom-L.pdf\">\u00abNadie niega tu derecho a decidir la vida o la muerte en algunas circunstancias\u00bb<\/a>. Entrevista a\u00a0Tom L. Beauchamp en El Mercurio Legal<\/li><li><a href=\"http:\/\/medicina.udd.cl\/centro-bioetica\/files\/2013\/05\/orientaciones-para-comite-de-\u00e9tica-hospitalaria-ops-doc-de-interes.pdf\">Orientaciones para Comit\u00e9 de \u00c9tica Hospitalaria <\/a> OPS<\/li><li><a href=\"http:\/\/medicina.udd.cl\/centro-bioetica\/files\/2010\/05\/El-Destino-de-los-Mortinatos.ppt\">El Destino de los Mortinatos<\/a> Dr. Juan Pablo Beca y Dr. Patricio Michaud.<\/li><li><a href=\"http:\/\/medicina.udd.cl\/centro-bioetica\/files\/2010\/11\/DELIBERACION-Y-CONSENSO.pdf\">Deliberaci\u00f3n y Consenso. Traducci\u00f3n resumida por Dr. Juan Pablo Beca, del cap\u00edtulo \u201cDeliberation and Consensus\u201d de Diego Gracia Guillen (Libro: The Bioethics Reader)<\/a><\/li><li><a href=\"http:\/\/medicina.udd.cl\/centro-bioetica\/files\/2010\/09\/Un-Proyecto-de-Bio\u00e9tica-para-el-siglo-XXI-D-Gracia.pdf\">Un Proyecto de Bio\u00e9tica para el siglo XXI &#8211; Dr. Diego\u00a0Gracia<\/a><\/li><li><a href=\"http:\/\/medicina.udd.cl\/centro-bioetica\/files\/2010\/05\/POLST-\u00d3rdenes-M\u00e9dicas-del-Tratamiento-para-el-Sustento-de-la-Vida.pdf\">POLST, \u00d3rdenes M\u00e9dicas del Tratamiento para el Sustento de la Vida<\/a><\/li><li><a href=\"http:\/\/medicina.udd.cl\/centro-bioetica\/files\/2010\/10\/consideraciones-sobre-embri\u00f3n-humano.pdf\">Consideraciones sobre el embri\u00f3n humano <\/a> Bio\u00e9tica &amp; Debat volumen 15, n\u00famero 57<\/li><li><a href=\"http:\/\/medicina.udd.cl\/centro-bioetica\/files\/2010\/10\/CODIGOETICAAMM.pdf\">C\u00f3digo de \u00e9tica de la AMM<\/a><\/li><li><a href=\"http:\/\/medicina.udd.cl\/centro-bioetica\/files\/2010\/10\/DiscursoObama2009.pdf\">Discurso de Barack Obama en la Ama<\/a> Traducido por dra. Lorna Luco. EE.UU 15 junio 2009.<\/li><li><a href=\"http:\/\/medicina.udd.cl\/centro-bioetica\/files\/2010\/10\/sedacion_agonia.pdf\">\u00c9tica de la sedaci\u00f3n en agon\u00eda<\/a> Comisi\u00f3n Central de Deontolog\u00eda y Derecho M\u00e9dico de la Asamblea General del Consejo General de Colegios Oficiales de M\u00e9dicos. Espa\u00f1a; 21\u00a0de febrero 2009.<\/li><li><a href=\"http:\/\/medicina.udd.cl\/centro-bioetica\/files\/2010\/10\/DignitasPersonae.pdf\">Instrucci\u00f3n Dignitas Personae: Sobre Algunas Cuestiones de Bio\u00e9tica <\/a>Congregaci\u00f3n para la Doctrina de la Fe. Santa Sede; 12 de diciembre 2008.<\/li><li><a href=\"http:\/\/medicina.udd.cl\/centro-bioetica\/files\/2010\/10\/uso_correcto_palabras.pdf\">\u00c9tica y muerte digna: propuesta de consenso para un uso correcto de las palabras<\/a> Dr. Pablo Sim\u00f3n Lorda y cols. Rev. Calidad Asistencial 2008;23(6):271-85<\/li><li><a href=\"http:\/\/medicina.udd.cl\/centro-bioetica\/files\/2010\/10\/historia.pdf\">Historia del Grupo Internacional de Estudios de Bio\u00e9tica (ISGB) de la Federaci\u00f3n Internacional de Universidades Cat\u00f3licas (FIUC)<\/a> Conferencia de Francesc Abel s.j. VII Congreso Internacional de la Asociaci\u00f3n Internacional de Facultades Cat\u00f3licas de Medicina. Santiago, 17-20\u00a0de enero 1994.<\/li><li><a href=\"http:\/\/medicina.udd.cl\/centro-bioetica\/files\/2010\/10\/conferencia_adela_cortina.pdf\">\u00c9tica de las instituciones de salud <\/a>Conferencia de Adela Cortina en Universidad del Desarrollo, 8 de mayo 2003.<\/li><li><a href=\"http:\/\/medicina.udd.cl\/centro-bioetica\/files\/2010\/10\/etica_de_las_organizaciones.pdf\">\u00c9tica de las organizaciones sanitarias: el segundo estadio de desarrollo de la Bio\u00e9tica <\/a>Dr. Pablo Sim\u00f3n Lorda. Rev. Calidad Asistencial 2002; 17(4):247-59.<\/li><li><a href=\"http:\/\/medicina.udd.cl\/centro-bioetica\/files\/2010\/10\/los_fines_de_la_medicina.pdf\">Los fines de la medicina: nuevas prioridades<\/a> Traducido por Dr. Juan Pablo Beca de The Goals of Medicine. MJ Hanson y D. Callahan. The forgotten sigues in health care reform. Georgetown University Press, Washington DC 1999.<\/li><li><a href=\"http:\/\/medicina.udd.cl\/centro-bioetica\/files\/2010\/10\/el_significado_humano_sanar.pdf\">El significado humano de sanar <\/a>Traducido por Dr. Juan Pablo Beca, del Cap\u00edtulo VI del Informe del President&#8217;s Council on Bioethics, Washington, 2002.<\/li><\/ul>\n","protected":false},"excerpt":{"rendered":"<p>Revisa los textos de inter\u00e9s bio\u00e9tico.<\/p>\n","protected":false},"author":1,"featured_media":0,"parent":47,"menu_order":4,"comment_status":"open","ping_status":"open","template":"","meta":{"footnotes":""},"class_list":["post-65","page","type-page","status-publish","hentry"],"yoast_head":"<!-- This site is optimized with the Yoast SEO plugin v26.9 - https:\/\/yoast.com\/product\/yoast-seo-wordpress\/ -->\n<title>Documentos de Inter\u00e9s - Centro de Bio\u00e9tica<\/title>\n<meta name=\"robots\" content=\"index, follow, max-snippet:-1, max-image-preview:large, max-video-preview:-1\" \/>\n<link rel=\"canonical\" href=\"https:\/\/medicina.udd.cl\/centro-bioetica\/documentos\/documentos-de-interes\/\" \/>\n<meta property=\"og:locale\" content=\"es_ES\" \/>\n<meta property=\"og:type\" content=\"article\" \/>\n<meta property=\"og:title\" content=\"Documentos de Inter\u00e9s - Centro de Bio\u00e9tica\" \/>\n<meta property=\"og:description\" content=\"Revisa los textos de inter\u00e9s bio\u00e9tico.\" \/>\n<meta property=\"og:url\" content=\"https:\/\/medicina.udd.cl\/centro-bioetica\/documentos\/documentos-de-interes\/\" \/>\n<meta property=\"og:site_name\" content=\"Centro de Bio\u00e9tica\" \/>\n<meta property=\"article:modified_time\" content=\"2021-04-21T22:56:27+00:00\" \/>\n<meta name=\"twitter:label1\" content=\"Tiempo de lectura\" \/>\n\t<meta name=\"twitter:data1\" content=\"2 minutos\" \/>\n<script type=\"application\/ld+json\" class=\"yoast-schema-graph\">{\"@context\":\"https:\/\/schema.org\",\"@graph\":[{\"@type\":\"WebPage\",\"@id\":\"https:\/\/medicina.udd.cl\/centro-bioetica\/documentos\/documentos-de-interes\/\",\"url\":\"https:\/\/medicina.udd.cl\/centro-bioetica\/documentos\/documentos-de-interes\/\",\"name\":\"Documentos de Inter\u00e9s - Centro de Bio\u00e9tica\",\"isPartOf\":{\"@id\":\"https:\/\/medicina.udd.cl\/centro-bioetica\/#website\"},\"datePublished\":\"2010-05-27T15:52:57+00:00\",\"dateModified\":\"2021-04-21T22:56:27+00:00\",\"breadcrumb\":{\"@id\":\"https:\/\/medicina.udd.cl\/centro-bioetica\/documentos\/documentos-de-interes\/#breadcrumb\"},\"inLanguage\":\"es\",\"potentialAction\":[{\"@type\":\"ReadAction\",\"target\":[\"https:\/\/medicina.udd.cl\/centro-bioetica\/documentos\/documentos-de-interes\/\"]}]},{\"@type\":\"BreadcrumbList\",\"@id\":\"https:\/\/medicina.udd.cl\/centro-bioetica\/documentos\/documentos-de-interes\/#breadcrumb\",\"itemListElement\":[{\"@type\":\"ListItem\",\"position\":1,\"name\":\"Inicio\",\"item\":\"https:\/\/medicina.udd.cl\/centro-bioetica\/\"},{\"@type\":\"ListItem\",\"position\":2,\"name\":\"Documentos\",\"item\":\"https:\/\/medicina.udd.cl\/centro-bioetica\/documentos\/\"},{\"@type\":\"ListItem\",\"position\":3,\"name\":\"Documentos de Inter\u00e9s\"}]},{\"@type\":\"WebSite\",\"@id\":\"https:\/\/medicina.udd.cl\/centro-bioetica\/#website\",\"url\":\"https:\/\/medicina.udd.cl\/centro-bioetica\/\",\"name\":\"Centro de Bio\u00e9tica\",\"description\":\"Universidad del Desarrollo\",\"inLanguage\":\"es\"}]}<\/script>\n<!-- \/ Yoast SEO plugin. -->","yoast_head_json":{"title":"Documentos de Inter\u00e9s - Centro de Bio\u00e9tica","robots":{"index":"index","follow":"follow","max-snippet":"max-snippet:-1","max-image-preview":"max-image-preview:large","max-video-preview":"max-video-preview:-1"},"canonical":"https:\/\/medicina.udd.cl\/centro-bioetica\/documentos\/documentos-de-interes\/","og_locale":"es_ES","og_type":"article","og_title":"Documentos de Inter\u00e9s - Centro de Bio\u00e9tica","og_description":"Revisa los textos de inter\u00e9s bio\u00e9tico.","og_url":"https:\/\/medicina.udd.cl\/centro-bioetica\/documentos\/documentos-de-interes\/","og_site_name":"Centro de Bio\u00e9tica","article_modified_time":"2021-04-21T22:56:27+00:00","twitter_misc":{"Tiempo de lectura":"2 minutos"},"schema":{"@context":"https:\/\/schema.org","@graph":[{"@type":"WebPage","@id":"https:\/\/medicina.udd.cl\/centro-bioetica\/documentos\/documentos-de-interes\/","url":"https:\/\/medicina.udd.cl\/centro-bioetica\/documentos\/documentos-de-interes\/","name":"Documentos de Inter\u00e9s - Centro de Bio\u00e9tica","isPartOf":{"@id":"https:\/\/medicina.udd.cl\/centro-bioetica\/#website"},"datePublished":"2010-05-27T15:52:57+00:00","dateModified":"2021-04-21T22:56:27+00:00","breadcrumb":{"@id":"https:\/\/medicina.udd.cl\/centro-bioetica\/documentos\/documentos-de-interes\/#breadcrumb"},"inLanguage":"es","potentialAction":[{"@type":"ReadAction","target":["https:\/\/medicina.udd.cl\/centro-bioetica\/documentos\/documentos-de-interes\/"]}]},{"@type":"BreadcrumbList","@id":"https:\/\/medicina.udd.cl\/centro-bioetica\/documentos\/documentos-de-interes\/#breadcrumb","itemListElement":[{"@type":"ListItem","position":1,"name":"Inicio","item":"https:\/\/medicina.udd.cl\/centro-bioetica\/"},{"@type":"ListItem","position":2,"name":"Documentos","item":"https:\/\/medicina.udd.cl\/centro-bioetica\/documentos\/"},{"@type":"ListItem","position":3,"name":"Documentos de Inter\u00e9s"}]},{"@type":"WebSite","@id":"https:\/\/medicina.udd.cl\/centro-bioetica\/#website","url":"https:\/\/medicina.udd.cl\/centro-bioetica\/","name":"Centro de Bio\u00e9tica","description":"Universidad del Desarrollo","inLanguage":"es"}]}},"_links":{"self":[{"href":"https:\/\/medicina.udd.cl\/centro-bioetica\/wp-json\/wp\/v2\/pages\/65","targetHints":{"allow":["GET"]}}],"collection":[{"href":"https:\/\/medicina.udd.cl\/centro-bioetica\/wp-json\/wp\/v2\/pages"}],"about":[{"href":"https:\/\/medicina.udd.cl\/centro-bioetica\/wp-json\/wp\/v2\/types\/page"}],"author":[{"embeddable":true,"href":"https:\/\/medicina.udd.cl\/centro-bioetica\/wp-json\/wp\/v2\/users\/1"}],"replies":[{"embeddable":true,"href":"https:\/\/medicina.udd.cl\/centro-bioetica\/wp-json\/wp\/v2\/comments?post=65"}],"version-history":[{"count":48,"href":"https:\/\/medicina.udd.cl\/centro-bioetica\/wp-json\/wp\/v2\/pages\/65\/revisions"}],"predecessor-version":[{"id":5350,"href":"https:\/\/medicina.udd.cl\/centro-bioetica\/wp-json\/wp\/v2\/pages\/65\/revisions\/5350"}],"up":[{"embeddable":true,"href":"https:\/\/medicina.udd.cl\/centro-bioetica\/wp-json\/wp\/v2\/pages\/47"}],"wp:attachment":[{"href":"https:\/\/medicina.udd.cl\/centro-bioetica\/wp-json\/wp\/v2\/media?parent=65"}],"curies":[{"name":"wp","href":"https:\/\/api.w.org\/{rel}","templated":true}]}}