{"id":9,"date":"2010-04-06T12:01:59","date_gmt":"2010-04-06T16:01:59","guid":{"rendered":"http:\/\/medicina.udd.cl\/centro-bioetica\/sobre-el-centro\/equipo\/"},"modified":"2024-08-29T11:02:19","modified_gmt":"2024-08-29T15:02:19","slug":"equipo","status":"publish","type":"page","link":"https:\/\/medicina.udd.cl\/centro-bioetica\/sobre-el-centro\/equipo\/","title":{"rendered":"Equipo"},"content":{"rendered":"<!-- WP Block: UDD - People -->\n<section class=\"wp-block-udd-people\">\n\t<div class=\"container\">\n\t\t<header class=\"block__header\">\n\t\t\t<h2 class=\"block__title\">Profesores<\/h2>\n\t\t\t\t\t<\/header>\n\t\t<div class=\"people-cards\">\n\t\t\t\t\t<div class=\"person-card\">\n\t<a href=\"https:\/\/medicina.udd.cl\/centro-bioetica\/persona\/maria-bernardita-portales-velasco\/\"\n\t\tclass=\"person-card__inner js-person-modal\"\n\t\tdata-post-id=\"3382\"\n\t\tdata-postid=\"3382\"\n\t>\n\t\t\t<div class=\"person-card__media\">\n\t\t\t<img loading=\"lazy\" decoding=\"async\" width=\"500\" height=\"500\" src=\"https:\/\/medicina.udd.cl\/centro-bioetica\/files\/2015\/07\/bernardita-portales-f-55-62x62.jpg\" class=\"person-card__image wp-post-image lazyload\" alt=\"\" sizes=\"auto, (max-width: 500px) 100vw, 500px\" data-src=\"https:\/\/medicina.udd.cl\/centro-bioetica\/files\/2015\/07\/bernardita-portales-f-55-500x500.jpg\" data-srcset=\"https:\/\/medicina.udd.cl\/centro-bioetica\/files\/2015\/07\/bernardita-portales-f-55-500x500.jpg 500w, https:\/\/medicina.udd.cl\/centro-bioetica\/files\/2015\/07\/bernardita-portales-f-55-300x300.jpg 300w, https:\/\/medicina.udd.cl\/centro-bioetica\/files\/2015\/07\/bernardita-portales-f-55-1024x1024.jpg 1024w, https:\/\/medicina.udd.cl\/centro-bioetica\/files\/2015\/07\/bernardita-portales-f-55-150x150.jpg 150w, https:\/\/medicina.udd.cl\/centro-bioetica\/files\/2015\/07\/bernardita-portales-f-55-768x768.jpg 768w, https:\/\/medicina.udd.cl\/centro-bioetica\/files\/2015\/07\/bernardita-portales-f-55-62x62.jpg 62w, https:\/\/medicina.udd.cl\/centro-bioetica\/files\/2015\/07\/bernardita-portales-f-55-1536x1536.jpg 1536w, https:\/\/medicina.udd.cl\/centro-bioetica\/files\/2015\/07\/bernardita-portales-f-55-2048x2048.jpg 2048w, https:\/\/medicina.udd.cl\/centro-bioetica\/files\/2015\/07\/bernardita-portales-f-55-750x750.jpg 750w, https:\/\/medicina.udd.cl\/centro-bioetica\/files\/2015\/07\/bernardita-portales-f-55-250x250.jpg 250w, https:\/\/medicina.udd.cl\/centro-bioetica\/files\/2015\/07\/bernardita-portales-f-55-126x126.jpg 126w\" \/>\t\t<\/div>\n\t\t\t<div class=\"person-card__content\">\n\t\t\t<h3 class=\"person-card__name\">Mar\u00eda Bernardita Portales Velasco<\/h3>\n\t\t\t\t\t<span class=\"person-card__description\">Directora<\/span>\n\t\t\t\t\t<span class=\"person-card__cta\">Ver perfil<\/span>\n\t\t<\/div>\n\t<\/a>\n<\/div>\n\t\t\t\t\t<div class=\"person-card\">\n\t<a href=\"https:\/\/medicina.udd.cl\/centro-bioetica\/persona\/marcial-osorio-fuenzalida\/\"\n\t\tclass=\"person-card__inner js-person-modal\"\n\t\tdata-post-id=\"2176\"\n\t\tdata-postid=\"2176\"\n\t>\n\t\t\t<div class=\"person-card__media\">\n\t\t\t<img loading=\"lazy\" decoding=\"async\" width=\"500\" height=\"500\" src=\"https:\/\/medicina.udd.cl\/centro-bioetica\/files\/2013\/07\/IMG_0694-62x62.jpg\" class=\"person-card__image wp-post-image lazyload\" alt=\"\" sizes=\"auto, (max-width: 500px) 100vw, 500px\" data-src=\"https:\/\/medicina.udd.cl\/centro-bioetica\/files\/2013\/07\/IMG_0694-500x500.jpg\" data-srcset=\"https:\/\/medicina.udd.cl\/centro-bioetica\/files\/2013\/07\/IMG_0694-500x500.jpg 500w, https:\/\/medicina.udd.cl\/centro-bioetica\/files\/2013\/07\/IMG_0694-300x300.jpg 300w, https:\/\/medicina.udd.cl\/centro-bioetica\/files\/2013\/07\/IMG_0694-150x150.jpg 150w, https:\/\/medicina.udd.cl\/centro-bioetica\/files\/2013\/07\/IMG_0694-62x62.jpg 62w, https:\/\/medicina.udd.cl\/centro-bioetica\/files\/2013\/07\/IMG_0694-250x250.jpg 250w, https:\/\/medicina.udd.cl\/centro-bioetica\/files\/2013\/07\/IMG_0694-126x126.jpg 126w, https:\/\/medicina.udd.cl\/centro-bioetica\/files\/2013\/07\/IMG_0694.jpg 640w\" \/>\t\t<\/div>\n\t\t\t<div class=\"person-card__content\">\n\t\t\t<h3 class=\"person-card__name\">Marcial Osorio Fuenzalida<\/h3>\n\t\t\t\t\t<span class=\"person-card__description\">Presidente del Comit\u00e9 \u00c9tico Cient\u00edfico<\/span>\n\t\t\t\t\t<span class=\"person-card__cta\">Ver perfil<\/span>\n\t\t<\/div>\n\t<\/a>\n<\/div>\n\t\t\t\t\t<div class=\"person-card\">\n\t<a href=\"https:\/\/medicina.udd.cl\/centro-bioetica\/persona\/juan-pablo-beca-infante\/\"\n\t\tclass=\"person-card__inner js-person-modal\"\n\t\tdata-post-id=\"2148\"\n\t\tdata-postid=\"2148\"\n\t>\n\t\t\t<div class=\"person-card__media\">\n\t\t\t<img loading=\"lazy\" decoding=\"async\" width=\"500\" height=\"488\" src=\"https:\/\/medicina.udd.cl\/centro-bioetica\/files\/2012\/03\/Beca-2-e1333141324209-62x62.jpg\" class=\"person-card__image wp-post-image lazyload\" alt=\"\" sizes=\"auto, (max-width: 500px) 100vw, 500px\" data-src=\"https:\/\/medicina.udd.cl\/centro-bioetica\/files\/2012\/03\/Beca-2-e1333141324209.jpg\" data-srcset=\"https:\/\/medicina.udd.cl\/centro-bioetica\/files\/2012\/03\/Beca-2-e1333141324209.jpg 1728w, https:\/\/medicina.udd.cl\/centro-bioetica\/files\/2012\/03\/Beca-2-e1333141324209-300x293.jpg 300w, https:\/\/medicina.udd.cl\/centro-bioetica\/files\/2012\/03\/Beca-2-e1333141324209-768x750.jpg 768w, https:\/\/medicina.udd.cl\/centro-bioetica\/files\/2012\/03\/Beca-2-e1333141324209-1024x1000.jpg 1024w, https:\/\/medicina.udd.cl\/centro-bioetica\/files\/2012\/03\/Beca-2-e1333141324209-62x62.jpg 62w, https:\/\/medicina.udd.cl\/centro-bioetica\/files\/2012\/03\/Beca-2-e1333141324209-960x937.jpg 960w\" \/>\t\t<\/div>\n\t\t\t<div class=\"person-card__content\">\n\t\t\t<h3 class=\"person-card__name\">Juan Pablo Beca Infante<\/h3>\n\t\t\t\t\t<span class=\"person-card__description\">Fundador y Docente<\/span>\n\t\t\t\t\t<span class=\"person-card__cta\">Ver perfil<\/span>\n\t\t<\/div>\n\t<\/a>\n<\/div>\n\t\t\t\t\t<div class=\"person-card\">\n\t<a href=\"https:\/\/medicina.udd.cl\/centro-bioetica\/persona\/maria-laura-aued\/\"\n\t\tclass=\"person-card__inner js-person-modal\"\n\t\tdata-post-id=\"5929\"\n\t\tdata-postid=\"5929\"\n\t>\n\t\t\t<div class=\"person-card__media\">\n\t\t\t<img loading=\"lazy\" decoding=\"async\" width=\"500\" height=\"500\" src=\"https:\/\/medicina.udd.cl\/centro-bioetica\/files\/2023\/04\/dra-maria-laura-aued-62x62.jpeg\" class=\"person-card__image wp-post-image lazyload\" alt=\"\" sizes=\"auto, (max-width: 500px) 100vw, 500px\" data-src=\"https:\/\/medicina.udd.cl\/centro-bioetica\/files\/2023\/04\/dra-maria-laura-aued-500x500.jpeg\" data-srcset=\"https:\/\/medicina.udd.cl\/centro-bioetica\/files\/2023\/04\/dra-maria-laura-aued-500x500.jpeg 500w, https:\/\/medicina.udd.cl\/centro-bioetica\/files\/2023\/04\/dra-maria-laura-aued-300x300.jpeg 300w, https:\/\/medicina.udd.cl\/centro-bioetica\/files\/2023\/04\/dra-maria-laura-aued-1024x1024.jpeg 1024w, https:\/\/medicina.udd.cl\/centro-bioetica\/files\/2023\/04\/dra-maria-laura-aued-150x150.jpeg 150w, https:\/\/medicina.udd.cl\/centro-bioetica\/files\/2023\/04\/dra-maria-laura-aued-768x769.jpeg 768w, https:\/\/medicina.udd.cl\/centro-bioetica\/files\/2023\/04\/dra-maria-laura-aued-62x62.jpeg 62w, https:\/\/medicina.udd.cl\/centro-bioetica\/files\/2023\/04\/dra-maria-laura-aued-750x750.jpeg 750w, https:\/\/medicina.udd.cl\/centro-bioetica\/files\/2023\/04\/dra-maria-laura-aued-250x250.jpeg 250w, https:\/\/medicina.udd.cl\/centro-bioetica\/files\/2023\/04\/dra-maria-laura-aued-126x126.jpeg 126w, https:\/\/medicina.udd.cl\/centro-bioetica\/files\/2023\/04\/dra-maria-laura-aued.jpeg 1400w\" \/>\t\t<\/div>\n\t\t\t<div class=\"person-card__content\">\n\t\t\t<h3 class=\"person-card__name\">Mar\u00eda Laura  Aued<\/h3>\n\t\t\t\t\t<span class=\"person-card__description\">Docente Investigadora \/ Secretaria Ejecutiva Comit\u00e9 \u00c9tico Cient\u00edfico<\/span>\n\t\t\t\t\t<span class=\"person-card__cta\">Ver perfil<\/span>\n\t\t<\/div>\n\t<\/a>\n<\/div>\n\t\t\t\t\t<div class=\"person-card\">\n\t<a href=\"https:\/\/medicina.udd.cl\/centro-bioetica\/persona\/sergio-carvajal-cabrera\/\"\n\t\tclass=\"person-card__inner js-person-modal\"\n\t\tdata-post-id=\"4570\"\n\t\tdata-postid=\"4570\"\n\t>\n\t\t\t<div class=\"person-card__media\">\n\t\t\t<img loading=\"lazy\" decoding=\"async\" width=\"350\" height=\"350\" src=\"https:\/\/medicina.udd.cl\/centro-bioetica\/files\/2019\/03\/10.063.682-4-62x62.jpg\" class=\"person-card__image wp-post-image lazyload\" alt=\"\" sizes=\"auto, (max-width: 350px) 100vw, 350px\" data-src=\"https:\/\/medicina.udd.cl\/centro-bioetica\/files\/2019\/03\/10.063.682-4.jpg\" data-srcset=\"https:\/\/medicina.udd.cl\/centro-bioetica\/files\/2019\/03\/10.063.682-4.jpg 350w, https:\/\/medicina.udd.cl\/centro-bioetica\/files\/2019\/03\/10.063.682-4-150x150.jpg 150w, https:\/\/medicina.udd.cl\/centro-bioetica\/files\/2019\/03\/10.063.682-4-300x300.jpg 300w, https:\/\/medicina.udd.cl\/centro-bioetica\/files\/2019\/03\/10.063.682-4-62x62.jpg 62w, https:\/\/medicina.udd.cl\/centro-bioetica\/files\/2019\/03\/10.063.682-4-126x126.jpg 126w\" \/>\t\t<\/div>\n\t\t\t<div class=\"person-card__content\">\n\t\t\t<h3 class=\"person-card__name\">Sergio  Carvajal Cabrera<\/h3>\n\t\t\t\t\t<span class=\"person-card__description\">Docente <\/span>\n\t\t\t\t\t<span class=\"person-card__cta\">Ver perfil<\/span>\n\t\t<\/div>\n\t<\/a>\n<\/div>\n\t\t\t\t\t<div class=\"person-card\">\n\t<a href=\"https:\/\/medicina.udd.cl\/centro-bioetica\/persona\/maria-ines-gomez-bradford\/\"\n\t\tclass=\"person-card__inner js-person-modal\"\n\t\tdata-post-id=\"2172\"\n\t\tdata-postid=\"2172\"\n\t>\n\t\t\t<div class=\"person-card__media\">\n\t\t\t<img loading=\"lazy\" decoding=\"async\" width=\"500\" height=\"500\" src=\"https:\/\/medicina.udd.cl\/centro-bioetica\/files\/2013\/07\/dra-maria-ines-gomez-77-62x62.jpg\" class=\"person-card__image wp-post-image lazyload\" alt=\"\" sizes=\"auto, (max-width: 500px) 100vw, 500px\" data-src=\"https:\/\/medicina.udd.cl\/centro-bioetica\/files\/2013\/07\/dra-maria-ines-gomez-77-500x500.jpg\" data-srcset=\"https:\/\/medicina.udd.cl\/centro-bioetica\/files\/2013\/07\/dra-maria-ines-gomez-77-500x500.jpg 500w, https:\/\/medicina.udd.cl\/centro-bioetica\/files\/2013\/07\/dra-maria-ines-gomez-77-300x300.jpg 300w, https:\/\/medicina.udd.cl\/centro-bioetica\/files\/2013\/07\/dra-maria-ines-gomez-77-1024x1024.jpg 1024w, https:\/\/medicina.udd.cl\/centro-bioetica\/files\/2013\/07\/dra-maria-ines-gomez-77-150x150.jpg 150w, https:\/\/medicina.udd.cl\/centro-bioetica\/files\/2013\/07\/dra-maria-ines-gomez-77-768x768.jpg 768w, https:\/\/medicina.udd.cl\/centro-bioetica\/files\/2013\/07\/dra-maria-ines-gomez-77-62x62.jpg 62w, https:\/\/medicina.udd.cl\/centro-bioetica\/files\/2013\/07\/dra-maria-ines-gomez-77-1536x1536.jpg 1536w, https:\/\/medicina.udd.cl\/centro-bioetica\/files\/2013\/07\/dra-maria-ines-gomez-77-2048x2048.jpg 2048w, https:\/\/medicina.udd.cl\/centro-bioetica\/files\/2013\/07\/dra-maria-ines-gomez-77-750x750.jpg 750w, https:\/\/medicina.udd.cl\/centro-bioetica\/files\/2013\/07\/dra-maria-ines-gomez-77-250x250.jpg 250w, https:\/\/medicina.udd.cl\/centro-bioetica\/files\/2013\/07\/dra-maria-ines-gomez-77-126x126.jpg 126w\" \/>\t\t<\/div>\n\t\t\t<div class=\"person-card__content\">\n\t\t\t<h3 class=\"person-card__name\">Mar\u00eda In\u00e9s G\u00f3mez Bradford<\/h3>\n\t\t\t\t\t<span class=\"person-card__description\">Docente <\/span>\n\t\t\t\t\t<span class=\"person-card__cta\">Ver perfil<\/span>\n\t\t<\/div>\n\t<\/a>\n<\/div>\n\t\t\t\t\t<div class=\"person-card\">\n\t<a href=\"https:\/\/medicina.udd.cl\/centro-bioetica\/persona\/sofia-salas\/\"\n\t\tclass=\"person-card__inner js-person-modal\"\n\t\tdata-post-id=\"4196\"\n\t\tdata-postid=\"4196\"\n\t>\n\t\t\t<div class=\"person-card__media\">\n\t\t\t<img loading=\"lazy\" decoding=\"async\" width=\"350\" height=\"350\" src=\"https:\/\/medicina.udd.cl\/centro-bioetica\/files\/2018\/04\/6.067.345-4-62x62.jpg\" class=\"person-card__image wp-post-image lazyload\" alt=\"\" sizes=\"auto, (max-width: 350px) 100vw, 350px\" data-src=\"https:\/\/medicina.udd.cl\/centro-bioetica\/files\/2018\/04\/6.067.345-4.jpg\" data-srcset=\"https:\/\/medicina.udd.cl\/centro-bioetica\/files\/2018\/04\/6.067.345-4.jpg 350w, https:\/\/medicina.udd.cl\/centro-bioetica\/files\/2018\/04\/6.067.345-4-150x150.jpg 150w, https:\/\/medicina.udd.cl\/centro-bioetica\/files\/2018\/04\/6.067.345-4-300x300.jpg 300w, https:\/\/medicina.udd.cl\/centro-bioetica\/files\/2018\/04\/6.067.345-4-62x62.jpg 62w, https:\/\/medicina.udd.cl\/centro-bioetica\/files\/2018\/04\/6.067.345-4-126x126.jpg 126w\" \/>\t\t<\/div>\n\t\t\t<div class=\"person-card__content\">\n\t\t\t<h3 class=\"person-card__name\">Sof\u00eda Salas Ibarra<\/h3>\n\t\t\t\t\t<span class=\"person-card__description\">Docente Investigadora<\/span>\n\t\t\t\t\t<span class=\"person-card__cta\">Ver perfil<\/span>\n\t\t<\/div>\n\t<\/a>\n<\/div>\n\t\t\t\t\t<div class=\"person-card\">\n\t<a href=\"https:\/\/medicina.udd.cl\/centro-bioetica\/persona\/alejandra-valdes\/\"\n\t\tclass=\"person-card__inner js-person-modal\"\n\t\tdata-post-id=\"2178\"\n\t\tdata-postid=\"2178\"\n\t>\n\t\t\t<div class=\"person-card__media\">\n\t\t\t<img loading=\"lazy\" decoding=\"async\" width=\"500\" height=\"500\" src=\"https:\/\/medicina.udd.cl\/centro-bioetica\/files\/2013\/07\/alejandra-valdes-fb_-62x62.jpg\" class=\"person-card__image wp-post-image lazyload\" alt=\"\" sizes=\"auto, (max-width: 500px) 100vw, 500px\" data-src=\"https:\/\/medicina.udd.cl\/centro-bioetica\/files\/2013\/07\/alejandra-valdes-fb_-500x500.jpg\" data-srcset=\"https:\/\/medicina.udd.cl\/centro-bioetica\/files\/2013\/07\/alejandra-valdes-fb_-500x500.jpg 500w, https:\/\/medicina.udd.cl\/centro-bioetica\/files\/2013\/07\/alejandra-valdes-fb_-300x300.jpg 300w, https:\/\/medicina.udd.cl\/centro-bioetica\/files\/2013\/07\/alejandra-valdes-fb_-1024x1024.jpg 1024w, https:\/\/medicina.udd.cl\/centro-bioetica\/files\/2013\/07\/alejandra-valdes-fb_-150x150.jpg 150w, https:\/\/medicina.udd.cl\/centro-bioetica\/files\/2013\/07\/alejandra-valdes-fb_-768x768.jpg 768w, https:\/\/medicina.udd.cl\/centro-bioetica\/files\/2013\/07\/alejandra-valdes-fb_-62x62.jpg 62w, https:\/\/medicina.udd.cl\/centro-bioetica\/files\/2013\/07\/alejandra-valdes-fb_-1536x1536.jpg 1536w, https:\/\/medicina.udd.cl\/centro-bioetica\/files\/2013\/07\/alejandra-valdes-fb_-2048x2048.jpg 2048w, https:\/\/medicina.udd.cl\/centro-bioetica\/files\/2013\/07\/alejandra-valdes-fb_-750x750.jpg 750w, https:\/\/medicina.udd.cl\/centro-bioetica\/files\/2013\/07\/alejandra-valdes-fb_-250x250.jpg 250w, https:\/\/medicina.udd.cl\/centro-bioetica\/files\/2013\/07\/alejandra-valdes-fb_-126x126.jpg 126w\" \/>\t\t<\/div>\n\t\t\t<div class=\"person-card__content\">\n\t\t\t<h3 class=\"person-card__name\">Alejandra Vald\u00e9s Vald\u00e9s<\/h3>\n\t\t\t\t\t<span class=\"person-card__description\">Docente <\/span>\n\t\t\t\t\t<span class=\"person-card__cta\">Ver perfil<\/span>\n\t\t<\/div>\n\t<\/a>\n<\/div>\n\t\t\t\t\t<div class=\"person-card\">\n\t<a href=\"https:\/\/medicina.udd.cl\/centro-bioetica\/persona\/karen-goset-poblete\/\"\n\t\tclass=\"person-card__inner js-person-modal\"\n\t\tdata-post-id=\"4817\"\n\t\tdata-postid=\"4817\"\n\t>\n\t\t\t<div class=\"person-card__media\">\n\t\t\t<img loading=\"lazy\" decoding=\"async\" width=\"462\" height=\"500\" src=\"https:\/\/medicina.udd.cl\/centro-bioetica\/files\/2020\/02\/Dra-Gotze-bio\u00e9tica-62x62.jpg\" class=\"person-card__image wp-post-image lazyload\" alt=\"\" sizes=\"auto, (max-width: 462px) 100vw, 462px\" data-src=\"https:\/\/medicina.udd.cl\/centro-bioetica\/files\/2020\/02\/Dra-Gotze-bio\u00e9tica.jpg\" data-srcset=\"https:\/\/medicina.udd.cl\/centro-bioetica\/files\/2020\/02\/Dra-Gotze-bio\u00e9tica.jpg 3802w, https:\/\/medicina.udd.cl\/centro-bioetica\/files\/2020\/02\/Dra-Gotze-bio\u00e9tica-277x300.jpg 277w, https:\/\/medicina.udd.cl\/centro-bioetica\/files\/2020\/02\/Dra-Gotze-bio\u00e9tica-768x831.jpg 768w, https:\/\/medicina.udd.cl\/centro-bioetica\/files\/2020\/02\/Dra-Gotze-bio\u00e9tica-946x1024.jpg 946w, https:\/\/medicina.udd.cl\/centro-bioetica\/files\/2020\/02\/Dra-Gotze-bio\u00e9tica-887x960.jpg 887w\" \/>\t\t<\/div>\n\t\t\t<div class=\"person-card__content\">\n\t\t\t<h3 class=\"person-card__name\">Karen Goset Poblete<\/h3>\n\t\t\t\t\t<span class=\"person-card__cta\">Ver perfil<\/span>\n\t\t<\/div>\n\t<\/a>\n<\/div>\n\t\t\t\t\t<div class=\"person-card\">\n\t<a href=\"https:\/\/medicina.udd.cl\/centro-bioetica\/persona\/barbara-sanzana\/\"\n\t\tclass=\"person-card__inner js-person-modal\"\n\t\tdata-post-id=\"6412\"\n\t\tdata-postid=\"6412\"\n\t>\n\t\t\t<div class=\"person-card__media\">\n\t\t\t<img loading=\"lazy\" decoding=\"async\" width=\"500\" height=\"500\" src=\"https:\/\/medicina.udd.cl\/centro-bioetica\/files\/2024\/08\/barbara-sanzana_fb-62x62.jpg\" class=\"person-card__image wp-post-image lazyload\" alt=\"\" sizes=\"auto, (max-width: 500px) 100vw, 500px\" data-src=\"https:\/\/medicina.udd.cl\/centro-bioetica\/files\/2024\/08\/barbara-sanzana_fb-500x500.jpg\" data-srcset=\"https:\/\/medicina.udd.cl\/centro-bioetica\/files\/2024\/08\/barbara-sanzana_fb-500x500.jpg 500w, https:\/\/medicina.udd.cl\/centro-bioetica\/files\/2024\/08\/barbara-sanzana_fb-300x300.jpg 300w, https:\/\/medicina.udd.cl\/centro-bioetica\/files\/2024\/08\/barbara-sanzana_fb-1024x1024.jpg 1024w, https:\/\/medicina.udd.cl\/centro-bioetica\/files\/2024\/08\/barbara-sanzana_fb-150x150.jpg 150w, https:\/\/medicina.udd.cl\/centro-bioetica\/files\/2024\/08\/barbara-sanzana_fb-768x768.jpg 768w, https:\/\/medicina.udd.cl\/centro-bioetica\/files\/2024\/08\/barbara-sanzana_fb-62x62.jpg 62w, https:\/\/medicina.udd.cl\/centro-bioetica\/files\/2024\/08\/barbara-sanzana_fb-1536x1536.jpg 1536w, https:\/\/medicina.udd.cl\/centro-bioetica\/files\/2024\/08\/barbara-sanzana_fb-2048x2048.jpg 2048w, https:\/\/medicina.udd.cl\/centro-bioetica\/files\/2024\/08\/barbara-sanzana_fb-750x750.jpg 750w, https:\/\/medicina.udd.cl\/centro-bioetica\/files\/2024\/08\/barbara-sanzana_fb-250x250.jpg 250w, https:\/\/medicina.udd.cl\/centro-bioetica\/files\/2024\/08\/barbara-sanzana_fb-126x126.jpg 126w\" \/>\t\t<\/div>\n\t\t\t<div class=\"person-card__content\">\n\t\t\t<h3 class=\"person-card__name\">B\u00e1rbara Sanzana<\/h3>\n\t\t\t\t\t<span class=\"person-card__description\">Coordinadora de Extensi\u00f3n<\/span>\n\t\t\t\t\t<span class=\"person-card__cta\">Ver perfil<\/span>\n\t\t<\/div>\n\t<\/a>\n<\/div>\n\t\t\t\t\t<div class=\"person-card\">\n\t<a href=\"https:\/\/medicina.udd.cl\/centro-bioetica\/persona\/maria-veronica-silva\/\"\n\t\tclass=\"person-card__inner js-person-modal\"\n\t\tdata-post-id=\"3505\"\n\t\tdata-postid=\"3505\"\n\t>\n\t\t\t<div class=\"person-card__media\">\n\t\t\t<img loading=\"lazy\" decoding=\"async\" width=\"500\" height=\"375\" src=\"https:\/\/medicina.udd.cl\/centro-bioetica\/files\/2015\/12\/Veronica-Silva-62x62.jpg\" class=\"person-card__image wp-post-image lazyload\" alt=\"\" sizes=\"auto, (max-width: 500px) 100vw, 500px\" data-src=\"https:\/\/medicina.udd.cl\/centro-bioetica\/files\/2015\/12\/Veronica-Silva.jpg\" data-srcset=\"https:\/\/medicina.udd.cl\/centro-bioetica\/files\/2015\/12\/Veronica-Silva.jpg 2592w, https:\/\/medicina.udd.cl\/centro-bioetica\/files\/2015\/12\/Veronica-Silva-300x225.jpg 300w, https:\/\/medicina.udd.cl\/centro-bioetica\/files\/2015\/12\/Veronica-Silva-768x576.jpg 768w, https:\/\/medicina.udd.cl\/centro-bioetica\/files\/2015\/12\/Veronica-Silva-1024x768.jpg 1024w, https:\/\/medicina.udd.cl\/centro-bioetica\/files\/2015\/12\/Veronica-Silva-960x720.jpg 960w\" \/>\t\t<\/div>\n\t\t\t<div class=\"person-card__content\">\n\t\t\t<h3 class=\"person-card__name\">Mar\u00eda Ver\u00f3nica Silva Navarrete<\/h3>\n\t\t\t\t\t<span class=\"person-card__description\">Asistente Acad\u00e9mica<\/span>\n\t\t\t\t\t<span class=\"person-card__cta\">Ver perfil<\/span>\n\t\t<\/div>\n\t<\/a>\n<\/div>\n\t\t\t\t<\/div>\n\t<\/div>\n<\/section>\n\n\n<!-- WP Block: UDD - People -->\n<section class=\"wp-block-udd-people\">\n\t<div class=\"container\">\n\t\t<header class=\"block__header\">\n\t\t\t<h2 class=\"block__title\">Colaboradores<\/h2>\n\t\t\t\t\t\t<a href=\"https:\/\/medicina.udd.cl\/centro-bioetica\/personas\/miembros-y-docentes-colaboradores\/\" class=\"block__view-more\">\n\t\t\t\tVer todos\t\t\t<\/a>\n\t\t\t\t\t<\/header>\n\t\t<div class=\"people-cards\">\n\t\t\t\t\t<div class=\"person-card\">\n\t<a href=\"https:\/\/medicina.udd.cl\/centro-bioetica\/persona\/mariana-dittborn-bellalta\/\"\n\t\tclass=\"person-card__inner js-person-modal\"\n\t\tdata-post-id=\"4815\"\n\t\tdata-postid=\"4815\"\n\t>\n\t\t\t<div class=\"person-card__media\">\n\t\t\t<img loading=\"lazy\" decoding=\"async\" width=\"223\" height=\"273\" src=\"https:\/\/medicina.udd.cl\/centro-bioetica\/files\/2020\/02\/Mariana-Dittborn-46-62x62.jpg\" class=\"person-card__image wp-post-image lazyload\" alt=\"\" data-src=\"https:\/\/medicina.udd.cl\/centro-bioetica\/files\/2020\/02\/Mariana-Dittborn-46.jpg\" \/>\t\t<\/div>\n\t\t\t<div class=\"person-card__content\">\n\t\t\t<h3 class=\"person-card__name\">Mariana Dittborn Bellalta<\/h3>\n\t\t\t\t\t<span class=\"person-card__cta\">Ver perfil<\/span>\n\t\t<\/div>\n\t<\/a>\n<\/div>\n\t\t\t\t<\/div>\n\t<\/div>\n<\/section>\n","protected":false},"excerpt":{"rendered":"<p>Conoce a los integrantes del Centro de Bio\u00e9tica.<\/p>\n","protected":false},"author":1,"featured_media":0,"parent":7,"menu_order":10,"comment_status":"open","ping_status":"open","template":"","meta":{"footnotes":""},"class_list":["post-9","page","type-page","status-publish","hentry"],"yoast_head":"<!-- This site is optimized with the Yoast SEO plugin v26.9 - https:\/\/yoast.com\/product\/yoast-seo-wordpress\/ -->\n<title>Equipo - Centro de Bio\u00e9tica<\/title>\n<meta name=\"robots\" content=\"index, follow, max-snippet:-1, max-image-preview:large, max-video-preview:-1\" \/>\n<link rel=\"canonical\" href=\"https:\/\/medicina.udd.cl\/centro-bioetica\/sobre-el-centro\/equipo\/\" \/>\n<meta property=\"og:locale\" content=\"es_ES\" \/>\n<meta property=\"og:type\" content=\"article\" \/>\n<meta property=\"og:title\" content=\"Equipo - Centro de Bio\u00e9tica\" \/>\n<meta property=\"og:description\" content=\"Conoce a los integrantes del Centro de Bio\u00e9tica.\" \/>\n<meta property=\"og:url\" content=\"https:\/\/medicina.udd.cl\/centro-bioetica\/sobre-el-centro\/equipo\/\" \/>\n<meta property=\"og:site_name\" content=\"Centro de Bio\u00e9tica\" \/>\n<meta property=\"article:modified_time\" content=\"2024-08-29T15:02:19+00:00\" \/>\n<script type=\"application\/ld+json\" class=\"yoast-schema-graph\">{\"@context\":\"https:\/\/schema.org\",\"@graph\":[{\"@type\":\"WebPage\",\"@id\":\"https:\/\/medicina.udd.cl\/centro-bioetica\/sobre-el-centro\/equipo\/\",\"url\":\"https:\/\/medicina.udd.cl\/centro-bioetica\/sobre-el-centro\/equipo\/\",\"name\":\"Equipo - Centro de Bio\u00e9tica\",\"isPartOf\":{\"@id\":\"https:\/\/medicina.udd.cl\/centro-bioetica\/#website\"},\"datePublished\":\"2010-04-06T16:01:59+00:00\",\"dateModified\":\"2024-08-29T15:02:19+00:00\",\"breadcrumb\":{\"@id\":\"https:\/\/medicina.udd.cl\/centro-bioetica\/sobre-el-centro\/equipo\/#breadcrumb\"},\"inLanguage\":\"es\",\"potentialAction\":[{\"@type\":\"ReadAction\",\"target\":[\"https:\/\/medicina.udd.cl\/centro-bioetica\/sobre-el-centro\/equipo\/\"]}]},{\"@type\":\"BreadcrumbList\",\"@id\":\"https:\/\/medicina.udd.cl\/centro-bioetica\/sobre-el-centro\/equipo\/#breadcrumb\",\"itemListElement\":[{\"@type\":\"ListItem\",\"position\":1,\"name\":\"Inicio\",\"item\":\"https:\/\/medicina.udd.cl\/centro-bioetica\/\"},{\"@type\":\"ListItem\",\"position\":2,\"name\":\"El Centro\",\"item\":\"https:\/\/medicina.udd.cl\/centro-bioetica\/sobre-el-centro\/\"},{\"@type\":\"ListItem\",\"position\":3,\"name\":\"Equipo\"}]},{\"@type\":\"WebSite\",\"@id\":\"https:\/\/medicina.udd.cl\/centro-bioetica\/#website\",\"url\":\"https:\/\/medicina.udd.cl\/centro-bioetica\/\",\"name\":\"Centro de Bio\u00e9tica\",\"description\":\"Universidad del Desarrollo\",\"inLanguage\":\"es\"}]}<\/script>\n<!-- \/ Yoast SEO plugin. -->","yoast_head_json":{"title":"Equipo - Centro de Bio\u00e9tica","robots":{"index":"index","follow":"follow","max-snippet":"max-snippet:-1","max-image-preview":"max-image-preview:large","max-video-preview":"max-video-preview:-1"},"canonical":"https:\/\/medicina.udd.cl\/centro-bioetica\/sobre-el-centro\/equipo\/","og_locale":"es_ES","og_type":"article","og_title":"Equipo - Centro de Bio\u00e9tica","og_description":"Conoce a los integrantes del Centro de Bio\u00e9tica.","og_url":"https:\/\/medicina.udd.cl\/centro-bioetica\/sobre-el-centro\/equipo\/","og_site_name":"Centro de Bio\u00e9tica","article_modified_time":"2024-08-29T15:02:19+00:00","schema":{"@context":"https:\/\/schema.org","@graph":[{"@type":"WebPage","@id":"https:\/\/medicina.udd.cl\/centro-bioetica\/sobre-el-centro\/equipo\/","url":"https:\/\/medicina.udd.cl\/centro-bioetica\/sobre-el-centro\/equipo\/","name":"Equipo - Centro de Bio\u00e9tica","isPartOf":{"@id":"https:\/\/medicina.udd.cl\/centro-bioetica\/#website"},"datePublished":"2010-04-06T16:01:59+00:00","dateModified":"2024-08-29T15:02:19+00:00","breadcrumb":{"@id":"https:\/\/medicina.udd.cl\/centro-bioetica\/sobre-el-centro\/equipo\/#breadcrumb"},"inLanguage":"es","potentialAction":[{"@type":"ReadAction","target":["https:\/\/medicina.udd.cl\/centro-bioetica\/sobre-el-centro\/equipo\/"]}]},{"@type":"BreadcrumbList","@id":"https:\/\/medicina.udd.cl\/centro-bioetica\/sobre-el-centro\/equipo\/#breadcrumb","itemListElement":[{"@type":"ListItem","position":1,"name":"Inicio","item":"https:\/\/medicina.udd.cl\/centro-bioetica\/"},{"@type":"ListItem","position":2,"name":"El Centro","item":"https:\/\/medicina.udd.cl\/centro-bioetica\/sobre-el-centro\/"},{"@type":"ListItem","position":3,"name":"Equipo"}]},{"@type":"WebSite","@id":"https:\/\/medicina.udd.cl\/centro-bioetica\/#website","url":"https:\/\/medicina.udd.cl\/centro-bioetica\/","name":"Centro de Bio\u00e9tica","description":"Universidad del Desarrollo","inLanguage":"es"}]}},"_links":{"self":[{"href":"https:\/\/medicina.udd.cl\/centro-bioetica\/wp-json\/wp\/v2\/pages\/9","targetHints":{"allow":["GET"]}}],"collection":[{"href":"https:\/\/medicina.udd.cl\/centro-bioetica\/wp-json\/wp\/v2\/pages"}],"about":[{"href":"https:\/\/medicina.udd.cl\/centro-bioetica\/wp-json\/wp\/v2\/types\/page"}],"author":[{"embeddable":true,"href":"https:\/\/medicina.udd.cl\/centro-bioetica\/wp-json\/wp\/v2\/users\/1"}],"replies":[{"embeddable":true,"href":"https:\/\/medicina.udd.cl\/centro-bioetica\/wp-json\/wp\/v2\/comments?post=9"}],"version-history":[{"count":30,"href":"https:\/\/medicina.udd.cl\/centro-bioetica\/wp-json\/wp\/v2\/pages\/9\/revisions"}],"predecessor-version":[{"id":6007,"href":"https:\/\/medicina.udd.cl\/centro-bioetica\/wp-json\/wp\/v2\/pages\/9\/revisions\/6007"}],"up":[{"embeddable":true,"href":"https:\/\/medicina.udd.cl\/centro-bioetica\/wp-json\/wp\/v2\/pages\/7"}],"wp:attachment":[{"href":"https:\/\/medicina.udd.cl\/centro-bioetica\/wp-json\/wp\/v2\/media?parent=9"}],"curies":[{"name":"wp","href":"https:\/\/api.w.org\/{rel}","templated":true}]}}