{"id":2178,"date":"2013-07-27T16:39:44","date_gmt":"2013-07-27T20:39:44","guid":{"rendered":"http:\/\/medicina.udd.cl\/centro-bioetica\/persona\/alejandra-valdes\/"},"modified":"2024-06-11T13:09:52","modified_gmt":"2024-06-11T17:09:52","slug":"alejandra-valdes","status":"publish","type":"person","link":"https:\/\/medicina.udd.cl\/centro-bioetica\/persona\/alejandra-valdes\/","title":{"rendered":"Alejandra Vald\u00e9s Vald\u00e9s"},"featured_media":6325,"template":"","people_tax":[4037,5979,4035],"people_areas":[],"people_levels":[],"class_list":["post-2178","person","type-person","status-publish","has-post-thumbnail","hentry","people_tax-equipo","people_tax-nuestro-equipo","people_tax-profesor"],"yoast_head":"<!-- This site is optimized with the Yoast SEO plugin v26.9 - https:\/\/yoast.com\/product\/yoast-seo-wordpress\/ -->\n<title>Alejandra Vald\u00e9s - Centro de Bio\u00e9tica | UDD<\/title>\n<meta name=\"description\" content=\"Docente del Centro de Bio\u00e9tica de la Facultad de Medicina Cl\u00ednica Alemana Universidad del Desarrollo.\" \/>\n<meta name=\"robots\" content=\"index, follow, max-snippet:-1, max-image-preview:large, max-video-preview:-1\" \/>\n<link rel=\"canonical\" href=\"https:\/\/medicina.udd.cl\/centro-bioetica\/persona\/alejandra-valdes\/\" \/>\n<meta property=\"og:locale\" content=\"es_ES\" \/>\n<meta property=\"og:type\" content=\"article\" \/>\n<meta property=\"og:title\" content=\"Alejandra Vald\u00e9s - Centro de Bio\u00e9tica | UDD\" \/>\n<meta property=\"og:description\" content=\"Docente del Centro de Bio\u00e9tica de la Facultad de Medicina Cl\u00ednica Alemana Universidad del Desarrollo.\" \/>\n<meta property=\"og:url\" content=\"https:\/\/medicina.udd.cl\/centro-bioetica\/persona\/alejandra-valdes\/\" \/>\n<meta property=\"og:site_name\" content=\"Centro de Bio\u00e9tica\" \/>\n<meta property=\"article:modified_time\" content=\"2024-06-11T17:09:52+00:00\" \/>\n<meta property=\"og:image\" content=\"https:\/\/medicina.udd.cl\/centro-bioetica\/files\/2013\/07\/alejandra-valdes-fb_-scaled.jpg\" \/>\n\t<meta property=\"og:image:width\" content=\"2560\" \/>\n\t<meta property=\"og:image:height\" content=\"2560\" \/>\n\t<meta property=\"og:image:type\" content=\"image\/jpeg\" \/>\n<meta name=\"twitter:label1\" content=\"Tiempo de lectura\" \/>\n\t<meta name=\"twitter:data1\" content=\"1 minuto\" \/>\n<script type=\"application\/ld+json\" class=\"yoast-schema-graph\">{\"@context\":\"https:\/\/schema.org\",\"@graph\":[{\"@type\":\"WebPage\",\"@id\":\"https:\/\/medicina.udd.cl\/centro-bioetica\/persona\/alejandra-valdes\/\",\"url\":\"https:\/\/medicina.udd.cl\/centro-bioetica\/persona\/alejandra-valdes\/\",\"name\":\"Alejandra Vald\u00e9s - Centro de Bio\u00e9tica | UDD\",\"isPartOf\":{\"@id\":\"https:\/\/medicina.udd.cl\/centro-bioetica\/#website\"},\"primaryImageOfPage\":{\"@id\":\"https:\/\/medicina.udd.cl\/centro-bioetica\/persona\/alejandra-valdes\/#primaryimage\"},\"image\":{\"@id\":\"https:\/\/medicina.udd.cl\/centro-bioetica\/persona\/alejandra-valdes\/#primaryimage\"},\"thumbnailUrl\":\"https:\/\/medicina.udd.cl\/centro-bioetica\/files\/2013\/07\/alejandra-valdes-fb_-scaled.jpg\",\"datePublished\":\"2013-07-27T20:39:44+00:00\",\"dateModified\":\"2024-06-11T17:09:52+00:00\",\"description\":\"Docente del Centro de Bio\u00e9tica de la Facultad de Medicina Cl\u00ednica Alemana Universidad del Desarrollo.\",\"breadcrumb\":{\"@id\":\"https:\/\/medicina.udd.cl\/centro-bioetica\/persona\/alejandra-valdes\/#breadcrumb\"},\"inLanguage\":\"es\",\"potentialAction\":[{\"@type\":\"ReadAction\",\"target\":[\"https:\/\/medicina.udd.cl\/centro-bioetica\/persona\/alejandra-valdes\/\"]}]},{\"@type\":\"ImageObject\",\"inLanguage\":\"es\",\"@id\":\"https:\/\/medicina.udd.cl\/centro-bioetica\/persona\/alejandra-valdes\/#primaryimage\",\"url\":\"https:\/\/medicina.udd.cl\/centro-bioetica\/files\/2013\/07\/alejandra-valdes-fb_-scaled.jpg\",\"contentUrl\":\"https:\/\/medicina.udd.cl\/centro-bioetica\/files\/2013\/07\/alejandra-valdes-fb_-scaled.jpg\",\"width\":2560,\"height\":2560},{\"@type\":\"BreadcrumbList\",\"@id\":\"https:\/\/medicina.udd.cl\/centro-bioetica\/persona\/alejandra-valdes\/#breadcrumb\",\"itemListElement\":[{\"@type\":\"ListItem\",\"position\":1,\"name\":\"Inicio\",\"item\":\"https:\/\/medicina.udd.cl\/centro-bioetica\/\"},{\"@type\":\"ListItem\",\"position\":2,\"name\":\"Personas\",\"item\":\"https:\/\/medicina.udd.cl\/centro-bioetica\/persona\/\"},{\"@type\":\"ListItem\",\"position\":3,\"name\":\"Alejandra Vald\u00e9s Vald\u00e9s\"}]},{\"@type\":\"WebSite\",\"@id\":\"https:\/\/medicina.udd.cl\/centro-bioetica\/#website\",\"url\":\"https:\/\/medicina.udd.cl\/centro-bioetica\/\",\"name\":\"Centro de Bio\u00e9tica\",\"description\":\"Universidad del Desarrollo\",\"inLanguage\":\"es\"}]}<\/script>\n<!-- \/ Yoast SEO plugin. -->","yoast_head_json":{"title":"Alejandra Vald\u00e9s - Centro de Bio\u00e9tica | UDD","description":"Docente del Centro de Bio\u00e9tica de la Facultad de Medicina Cl\u00ednica Alemana Universidad del Desarrollo.","robots":{"index":"index","follow":"follow","max-snippet":"max-snippet:-1","max-image-preview":"max-image-preview:large","max-video-preview":"max-video-preview:-1"},"canonical":"https:\/\/medicina.udd.cl\/centro-bioetica\/persona\/alejandra-valdes\/","og_locale":"es_ES","og_type":"article","og_title":"Alejandra Vald\u00e9s - Centro de Bio\u00e9tica | UDD","og_description":"Docente del Centro de Bio\u00e9tica de la Facultad de Medicina Cl\u00ednica Alemana Universidad del Desarrollo.","og_url":"https:\/\/medicina.udd.cl\/centro-bioetica\/persona\/alejandra-valdes\/","og_site_name":"Centro de Bio\u00e9tica","article_modified_time":"2024-06-11T17:09:52+00:00","og_image":[{"width":2560,"height":2560,"url":"https:\/\/medicina.udd.cl\/centro-bioetica\/files\/2013\/07\/alejandra-valdes-fb_-scaled.jpg","type":"image\/jpeg"}],"twitter_misc":{"Tiempo de lectura":"1 minuto"},"schema":{"@context":"https:\/\/schema.org","@graph":[{"@type":"WebPage","@id":"https:\/\/medicina.udd.cl\/centro-bioetica\/persona\/alejandra-valdes\/","url":"https:\/\/medicina.udd.cl\/centro-bioetica\/persona\/alejandra-valdes\/","name":"Alejandra Vald\u00e9s - Centro de Bio\u00e9tica | UDD","isPartOf":{"@id":"https:\/\/medicina.udd.cl\/centro-bioetica\/#website"},"primaryImageOfPage":{"@id":"https:\/\/medicina.udd.cl\/centro-bioetica\/persona\/alejandra-valdes\/#primaryimage"},"image":{"@id":"https:\/\/medicina.udd.cl\/centro-bioetica\/persona\/alejandra-valdes\/#primaryimage"},"thumbnailUrl":"https:\/\/medicina.udd.cl\/centro-bioetica\/files\/2013\/07\/alejandra-valdes-fb_-scaled.jpg","datePublished":"2013-07-27T20:39:44+00:00","dateModified":"2024-06-11T17:09:52+00:00","description":"Docente del Centro de Bio\u00e9tica de la Facultad de Medicina Cl\u00ednica Alemana Universidad del Desarrollo.","breadcrumb":{"@id":"https:\/\/medicina.udd.cl\/centro-bioetica\/persona\/alejandra-valdes\/#breadcrumb"},"inLanguage":"es","potentialAction":[{"@type":"ReadAction","target":["https:\/\/medicina.udd.cl\/centro-bioetica\/persona\/alejandra-valdes\/"]}]},{"@type":"ImageObject","inLanguage":"es","@id":"https:\/\/medicina.udd.cl\/centro-bioetica\/persona\/alejandra-valdes\/#primaryimage","url":"https:\/\/medicina.udd.cl\/centro-bioetica\/files\/2013\/07\/alejandra-valdes-fb_-scaled.jpg","contentUrl":"https:\/\/medicina.udd.cl\/centro-bioetica\/files\/2013\/07\/alejandra-valdes-fb_-scaled.jpg","width":2560,"height":2560},{"@type":"BreadcrumbList","@id":"https:\/\/medicina.udd.cl\/centro-bioetica\/persona\/alejandra-valdes\/#breadcrumb","itemListElement":[{"@type":"ListItem","position":1,"name":"Inicio","item":"https:\/\/medicina.udd.cl\/centro-bioetica\/"},{"@type":"ListItem","position":2,"name":"Personas","item":"https:\/\/medicina.udd.cl\/centro-bioetica\/persona\/"},{"@type":"ListItem","position":3,"name":"Alejandra Vald\u00e9s Vald\u00e9s"}]},{"@type":"WebSite","@id":"https:\/\/medicina.udd.cl\/centro-bioetica\/#website","url":"https:\/\/medicina.udd.cl\/centro-bioetica\/","name":"Centro de Bio\u00e9tica","description":"Universidad del Desarrollo","inLanguage":"es"}]}},"label":"Alejandra Vald\u00e9s Vald\u00e9s","role":"Docente ","thumbnail_url":"https:\/\/medicina.udd.cl\/centro-bioetica\/files\/2013\/07\/alejandra-valdes-fb_-500x500.jpg","email":"avaldesv@udd.cl","tel_job":"","content":{"rendered":"<div class=\"person-modal person-modal--scl\">\n\t<header class=\"person-modal__header\">\n\t\t<div class=\"person-modal__bg\"><\/div>\n\t\t<div class=\"modal-container\">\n\t\t\t\t\t\t<div class=\"person-modal__media\">\n\t\t\t\t<img width=\"500\" height=\"500\" src=\"https:\/\/medicina.udd.cl\/centro-bioetica\/files\/2013\/07\/alejandra-valdes-fb_-62x62.jpg\" class=\"person-modal__image wp-post-image lazyload\" alt=\"\" decoding=\"async\" loading=\"lazy\" sizes=\"auto, (max-width: 500px) 100vw, 500px\" data-src=\"https:\/\/medicina.udd.cl\/centro-bioetica\/files\/2013\/07\/alejandra-valdes-fb_-500x500.jpg\" data-srcset=\"https:\/\/medicina.udd.cl\/centro-bioetica\/files\/2013\/07\/alejandra-valdes-fb_-500x500.jpg 500w, https:\/\/medicina.udd.cl\/centro-bioetica\/files\/2013\/07\/alejandra-valdes-fb_-300x300.jpg 300w, https:\/\/medicina.udd.cl\/centro-bioetica\/files\/2013\/07\/alejandra-valdes-fb_-1024x1024.jpg 1024w, https:\/\/medicina.udd.cl\/centro-bioetica\/files\/2013\/07\/alejandra-valdes-fb_-150x150.jpg 150w, https:\/\/medicina.udd.cl\/centro-bioetica\/files\/2013\/07\/alejandra-valdes-fb_-768x768.jpg 768w, https:\/\/medicina.udd.cl\/centro-bioetica\/files\/2013\/07\/alejandra-valdes-fb_-62x62.jpg 62w, https:\/\/medicina.udd.cl\/centro-bioetica\/files\/2013\/07\/alejandra-valdes-fb_-1536x1536.jpg 1536w, https:\/\/medicina.udd.cl\/centro-bioetica\/files\/2013\/07\/alejandra-valdes-fb_-2048x2048.jpg 2048w, https:\/\/medicina.udd.cl\/centro-bioetica\/files\/2013\/07\/alejandra-valdes-fb_-750x750.jpg 750w, https:\/\/medicina.udd.cl\/centro-bioetica\/files\/2013\/07\/alejandra-valdes-fb_-250x250.jpg 250w, https:\/\/medicina.udd.cl\/centro-bioetica\/files\/2013\/07\/alejandra-valdes-fb_-126x126.jpg 126w\" \/>\t\t\t<\/div>\n\t\t\t\t\t\t<div class=\"person-modal__data\">\n\t\t\t\t<h1 class=\"person-modal__name\">Alejandra Vald\u00e9s Vald\u00e9s<\/h1>\n\t\t\t\t\t\t\t<span class=\"person-modal__description\">Docente <\/span>\n\t\t\t\t\t\t\t\t\t\t\t\t\t<a href=\"mailto:&#097;&#118;&#097;&#108;&#100;&#101;&#115;&#118;&#064;&#117;d&#100;&#046;&#099;&#108;\" class=\"person-modal__email\">&#97;v&#97;l&#100;e&#115;&#118;&#64;&#117;&#100;d.&#99;l<\/a>\n\t\t\t\t\t\t\t\t\t<\/div>\n\t\t<\/div>\n\t<\/header>\n\t<div class=\"modal-container\">\n\t\t\t<div class=\"person-modal__content text\">\n\t\t\t\t\t<p>Matrona, U. de Chile.<br \/>\nMag\u00edster en Bio\u00e9tica, UDD.<br \/>\nDiplomado en Administraci\u00f3n Hospitalaria, U. de Chile.<br \/>\nPdte. Comit\u00e9 de \u00c9tica de Investigaci\u00f3n Pregrado Facultad de Medicina Cl\u00ednica Alemana UDD.<br \/>\nProf. Coordinadora de Bio\u00e9tica para las Carreras de la Salud, UDD.<\/p>\n\t\t\t\t\t\t\t\t\t\t<p>&nbsp;<\/p>\n<p><strong>Actividad profesional y docente<\/strong><\/p>\n<p>&nbsp;<\/p>\n<ul>\n<li>Presidenta Comit\u00e9 de \u00c9tica Asistencial, Hospital Padre Hurtado.<\/li>\n<li>Profesora de Bio\u00e9tica en Enfermer\u00eda, UDD.<\/li>\n<li>Integrante del equipo Asesor de Enfermer\u00eda, Hospital Padre Hurtado.<\/li>\n<li>Integrante Comit\u00e9 de \u00c9tica de Investigaci\u00f3n, Cl\u00ednica Alemana.<\/li>\n<\/ul>\n\t\t<\/div>\n\t<\/div>\n<\/div>\n"},"identifier":"105fa8a6b2c3b2e3d455d76ee614ff48c4e25023","has_credential":[],"given_name":"Alejandra","family_name":"Vald\u00e9s Vald\u00e9s","name":"Alejandra Vald\u00e9s Vald\u00e9s","job_title":"Docente ","telephone":"","note":"Matrona, U. de Chile.\r\nMag\u00edster en Bio\u00e9tica, UDD.\r\nDiplomado en Administraci\u00f3n Hospitalaria, U. de Chile.\r\nPdte. Comit\u00e9 de \u00c9tica de Investigaci\u00f3n Pregrado Facultad de Medicina Cl\u00ednica Alemana UDD.\r\nProf. Coordinadora de Bio\u00e9tica para las Carreras de la Salud, UDD.","im":"","_self_schedule":null,"_links":{"self":[{"href":"https:\/\/medicina.udd.cl\/centro-bioetica\/wp-json\/wp\/v2\/people\/2178","targetHints":{"allow":["GET"]}}],"collection":[{"href":"https:\/\/medicina.udd.cl\/centro-bioetica\/wp-json\/wp\/v2\/people"}],"about":[{"href":"https:\/\/medicina.udd.cl\/centro-bioetica\/wp-json\/wp\/v2\/types\/person"}],"wp:featuredmedia":[{"embeddable":true,"href":"https:\/\/medicina.udd.cl\/centro-bioetica\/wp-json\/wp\/v2\/media\/6325"}],"wp:attachment":[{"href":"https:\/\/medicina.udd.cl\/centro-bioetica\/wp-json\/wp\/v2\/media?parent=2178"}],"wp:term":[{"taxonomy":"people_tax","embeddable":true,"href":"https:\/\/medicina.udd.cl\/centro-bioetica\/wp-json\/wp\/v2\/people_tax?post=2178"},{"taxonomy":"people_areas","embeddable":true,"href":"https:\/\/medicina.udd.cl\/centro-bioetica\/wp-json\/wp\/v2\/people_areas?post=2178"},{"taxonomy":"people_levels","embeddable":true,"href":"https:\/\/medicina.udd.cl\/centro-bioetica\/wp-json\/wp\/v2\/people_levels?post=2178"}],"curies":[{"name":"wp","href":"https:\/\/api.w.org\/{rel}","templated":true}]}}