{"id":3505,"date":"2015-12-02T16:35:04","date_gmt":"2015-12-02T19:35:04","guid":{"rendered":"http:\/\/medicina.udd.cl\/centro-bioetica\/?post_type=person&#038;p=3505"},"modified":"2020-02-25T16:46:17","modified_gmt":"2020-02-25T19:46:17","slug":"maria-veronica-silva","status":"publish","type":"person","link":"https:\/\/medicina.udd.cl\/centro-bioetica\/persona\/maria-veronica-silva\/","title":{"rendered":"Mar\u00eda Ver\u00f3nica Silva Navarrete"},"featured_media":3506,"template":"","people_tax":[4036,4037,5979],"people_areas":[],"people_levels":[],"class_list":["post-3505","person","type-person","status-publish","has-post-thumbnail","hentry","people_tax-contacto","people_tax-equipo","people_tax-nuestro-equipo"],"yoast_head":"<!-- This site is optimized with the Yoast SEO plugin v26.9 - https:\/\/yoast.com\/product\/yoast-seo-wordpress\/ -->\n<title>Mar\u00eda Ver\u00f3nica Silva Navarrete - Centro de Bio\u00e9tica<\/title>\n<meta name=\"robots\" content=\"index, follow, max-snippet:-1, max-image-preview:large, max-video-preview:-1\" \/>\n<link rel=\"canonical\" href=\"https:\/\/medicina.udd.cl\/centro-bioetica\/persona\/maria-veronica-silva\/\" \/>\n<meta property=\"og:locale\" content=\"es_ES\" \/>\n<meta property=\"og:type\" content=\"article\" \/>\n<meta property=\"og:title\" content=\"Mar\u00eda Ver\u00f3nica Silva Navarrete - Centro de Bio\u00e9tica\" \/>\n<meta property=\"og:url\" content=\"https:\/\/medicina.udd.cl\/centro-bioetica\/persona\/maria-veronica-silva\/\" \/>\n<meta property=\"og:site_name\" content=\"Centro de Bio\u00e9tica\" \/>\n<meta property=\"article:modified_time\" content=\"2020-02-25T19:46:17+00:00\" \/>\n<meta property=\"og:image\" content=\"https:\/\/medicina.udd.cl\/centro-bioetica\/files\/2015\/12\/Veronica-Silva.jpg\" \/>\n\t<meta property=\"og:image:width\" content=\"2592\" \/>\n\t<meta property=\"og:image:height\" content=\"1944\" \/>\n\t<meta property=\"og:image:type\" content=\"image\/jpeg\" \/>\n<script type=\"application\/ld+json\" class=\"yoast-schema-graph\">{\"@context\":\"https:\/\/schema.org\",\"@graph\":[{\"@type\":\"WebPage\",\"@id\":\"https:\/\/medicina.udd.cl\/centro-bioetica\/persona\/maria-veronica-silva\/\",\"url\":\"https:\/\/medicina.udd.cl\/centro-bioetica\/persona\/maria-veronica-silva\/\",\"name\":\"Mar\u00eda Ver\u00f3nica Silva Navarrete - Centro de Bio\u00e9tica\",\"isPartOf\":{\"@id\":\"https:\/\/medicina.udd.cl\/centro-bioetica\/#website\"},\"primaryImageOfPage\":{\"@id\":\"https:\/\/medicina.udd.cl\/centro-bioetica\/persona\/maria-veronica-silva\/#primaryimage\"},\"image\":{\"@id\":\"https:\/\/medicina.udd.cl\/centro-bioetica\/persona\/maria-veronica-silva\/#primaryimage\"},\"thumbnailUrl\":\"https:\/\/medicina.udd.cl\/centro-bioetica\/files\/2015\/12\/Veronica-Silva.jpg\",\"datePublished\":\"2015-12-02T19:35:04+00:00\",\"dateModified\":\"2020-02-25T19:46:17+00:00\",\"breadcrumb\":{\"@id\":\"https:\/\/medicina.udd.cl\/centro-bioetica\/persona\/maria-veronica-silva\/#breadcrumb\"},\"inLanguage\":\"es\",\"potentialAction\":[{\"@type\":\"ReadAction\",\"target\":[\"https:\/\/medicina.udd.cl\/centro-bioetica\/persona\/maria-veronica-silva\/\"]}]},{\"@type\":\"ImageObject\",\"inLanguage\":\"es\",\"@id\":\"https:\/\/medicina.udd.cl\/centro-bioetica\/persona\/maria-veronica-silva\/#primaryimage\",\"url\":\"https:\/\/medicina.udd.cl\/centro-bioetica\/files\/2015\/12\/Veronica-Silva.jpg\",\"contentUrl\":\"https:\/\/medicina.udd.cl\/centro-bioetica\/files\/2015\/12\/Veronica-Silva.jpg\",\"width\":2592,\"height\":1944},{\"@type\":\"BreadcrumbList\",\"@id\":\"https:\/\/medicina.udd.cl\/centro-bioetica\/persona\/maria-veronica-silva\/#breadcrumb\",\"itemListElement\":[{\"@type\":\"ListItem\",\"position\":1,\"name\":\"Inicio\",\"item\":\"https:\/\/medicina.udd.cl\/centro-bioetica\/\"},{\"@type\":\"ListItem\",\"position\":2,\"name\":\"Personas\",\"item\":\"https:\/\/medicina.udd.cl\/centro-bioetica\/persona\/\"},{\"@type\":\"ListItem\",\"position\":3,\"name\":\"Mar\u00eda Ver\u00f3nica Silva Navarrete\"}]},{\"@type\":\"WebSite\",\"@id\":\"https:\/\/medicina.udd.cl\/centro-bioetica\/#website\",\"url\":\"https:\/\/medicina.udd.cl\/centro-bioetica\/\",\"name\":\"Centro de Bio\u00e9tica\",\"description\":\"Universidad del Desarrollo\",\"inLanguage\":\"es\"}]}<\/script>\n<!-- \/ Yoast SEO plugin. -->","yoast_head_json":{"title":"Mar\u00eda Ver\u00f3nica Silva Navarrete - Centro de Bio\u00e9tica","robots":{"index":"index","follow":"follow","max-snippet":"max-snippet:-1","max-image-preview":"max-image-preview:large","max-video-preview":"max-video-preview:-1"},"canonical":"https:\/\/medicina.udd.cl\/centro-bioetica\/persona\/maria-veronica-silva\/","og_locale":"es_ES","og_type":"article","og_title":"Mar\u00eda Ver\u00f3nica Silva Navarrete - Centro de Bio\u00e9tica","og_url":"https:\/\/medicina.udd.cl\/centro-bioetica\/persona\/maria-veronica-silva\/","og_site_name":"Centro de Bio\u00e9tica","article_modified_time":"2020-02-25T19:46:17+00:00","og_image":[{"width":2592,"height":1944,"url":"https:\/\/medicina.udd.cl\/centro-bioetica\/files\/2015\/12\/Veronica-Silva.jpg","type":"image\/jpeg"}],"schema":{"@context":"https:\/\/schema.org","@graph":[{"@type":"WebPage","@id":"https:\/\/medicina.udd.cl\/centro-bioetica\/persona\/maria-veronica-silva\/","url":"https:\/\/medicina.udd.cl\/centro-bioetica\/persona\/maria-veronica-silva\/","name":"Mar\u00eda Ver\u00f3nica Silva Navarrete - Centro de Bio\u00e9tica","isPartOf":{"@id":"https:\/\/medicina.udd.cl\/centro-bioetica\/#website"},"primaryImageOfPage":{"@id":"https:\/\/medicina.udd.cl\/centro-bioetica\/persona\/maria-veronica-silva\/#primaryimage"},"image":{"@id":"https:\/\/medicina.udd.cl\/centro-bioetica\/persona\/maria-veronica-silva\/#primaryimage"},"thumbnailUrl":"https:\/\/medicina.udd.cl\/centro-bioetica\/files\/2015\/12\/Veronica-Silva.jpg","datePublished":"2015-12-02T19:35:04+00:00","dateModified":"2020-02-25T19:46:17+00:00","breadcrumb":{"@id":"https:\/\/medicina.udd.cl\/centro-bioetica\/persona\/maria-veronica-silva\/#breadcrumb"},"inLanguage":"es","potentialAction":[{"@type":"ReadAction","target":["https:\/\/medicina.udd.cl\/centro-bioetica\/persona\/maria-veronica-silva\/"]}]},{"@type":"ImageObject","inLanguage":"es","@id":"https:\/\/medicina.udd.cl\/centro-bioetica\/persona\/maria-veronica-silva\/#primaryimage","url":"https:\/\/medicina.udd.cl\/centro-bioetica\/files\/2015\/12\/Veronica-Silva.jpg","contentUrl":"https:\/\/medicina.udd.cl\/centro-bioetica\/files\/2015\/12\/Veronica-Silva.jpg","width":2592,"height":1944},{"@type":"BreadcrumbList","@id":"https:\/\/medicina.udd.cl\/centro-bioetica\/persona\/maria-veronica-silva\/#breadcrumb","itemListElement":[{"@type":"ListItem","position":1,"name":"Inicio","item":"https:\/\/medicina.udd.cl\/centro-bioetica\/"},{"@type":"ListItem","position":2,"name":"Personas","item":"https:\/\/medicina.udd.cl\/centro-bioetica\/persona\/"},{"@type":"ListItem","position":3,"name":"Mar\u00eda Ver\u00f3nica Silva Navarrete"}]},{"@type":"WebSite","@id":"https:\/\/medicina.udd.cl\/centro-bioetica\/#website","url":"https:\/\/medicina.udd.cl\/centro-bioetica\/","name":"Centro de Bio\u00e9tica","description":"Universidad del Desarrollo","inLanguage":"es"}]}},"label":"Mar\u00eda Ver\u00f3nica Silva Navarrete","role":"Asistente Acad\u00e9mica","thumbnail_url":"https:\/\/medicina.udd.cl\/centro-bioetica\/files\/2015\/12\/Veronica-Silva.jpg","email":"mvsilva@udd.cl","tel_job":"","content":{"rendered":"<div class=\"person-modal person-modal--scl\">\n\t<header class=\"person-modal__header\">\n\t\t<div class=\"person-modal__bg\"><\/div>\n\t\t<div class=\"modal-container\">\n\t\t\t\t\t\t<div class=\"person-modal__media\">\n\t\t\t\t<img width=\"500\" height=\"375\" src=\"https:\/\/medicina.udd.cl\/centro-bioetica\/files\/2015\/12\/Veronica-Silva-62x62.jpg\" class=\"person-modal__image wp-post-image lazyload\" alt=\"\" decoding=\"async\" loading=\"lazy\" sizes=\"auto, (max-width: 500px) 100vw, 500px\" data-src=\"https:\/\/medicina.udd.cl\/centro-bioetica\/files\/2015\/12\/Veronica-Silva.jpg\" data-srcset=\"https:\/\/medicina.udd.cl\/centro-bioetica\/files\/2015\/12\/Veronica-Silva.jpg 2592w, https:\/\/medicina.udd.cl\/centro-bioetica\/files\/2015\/12\/Veronica-Silva-300x225.jpg 300w, https:\/\/medicina.udd.cl\/centro-bioetica\/files\/2015\/12\/Veronica-Silva-768x576.jpg 768w, https:\/\/medicina.udd.cl\/centro-bioetica\/files\/2015\/12\/Veronica-Silva-1024x768.jpg 1024w, https:\/\/medicina.udd.cl\/centro-bioetica\/files\/2015\/12\/Veronica-Silva-960x720.jpg 960w\" \/>\t\t\t<\/div>\n\t\t\t\t\t\t<div class=\"person-modal__data\">\n\t\t\t\t<h1 class=\"person-modal__name\">Mar\u00eda Ver\u00f3nica Silva Navarrete<\/h1>\n\t\t\t\t\t\t\t<span class=\"person-modal__description\">Asistente Acad\u00e9mica<\/span>\n\t\t\t\t\t\t\t\t\t\t\t\t\t<a href=\"mailto:&#109;&#118;&#115;i&#108;va&#064;&#117;&#100;&#100;.&#099;l\" class=\"person-modal__email\">m&#118;sil&#118;&#97;&#64;u&#100;d&#46;cl<\/a>\n\t\t\t\t\t\t\t\t\t<\/div>\n\t\t<\/div>\n\t<\/header>\n\t<div class=\"modal-container\">\n\t\t\t<div class=\"person-modal__content text\">\n\t\t\t\t\t<p>Educadora de P\u00e1rvulos, PUC de Chile.<br \/>\nSecretaria Ejecutiva, Manpower.<br \/>\nAsistente Acad\u00e9mica Centro de Bio\u00e9tica.<\/p>\n\t\t\t\t\t\t\t\t\t\t\t\t<\/div>\n\t<\/div>\n<\/div>\n"},"identifier":"9cf446b1e3fac6932d609048d8c5d2e9c209038b","has_credential":[],"given_name":"Mar\u00eda Ver\u00f3nica","family_name":"Silva Navarrete","name":"Mar\u00eda Ver\u00f3nica Silva Navarrete","job_title":"Asistente Acad\u00e9mica","telephone":"","note":"Educadora de P\u00e1rvulos, PUC de Chile.\r\nSecretaria Ejecutiva, Manpower.\r\nAsistente Acad\u00e9mica Centro de Bio\u00e9tica.","im":"","_self_schedule":null,"_links":{"self":[{"href":"https:\/\/medicina.udd.cl\/centro-bioetica\/wp-json\/wp\/v2\/people\/3505","targetHints":{"allow":["GET"]}}],"collection":[{"href":"https:\/\/medicina.udd.cl\/centro-bioetica\/wp-json\/wp\/v2\/people"}],"about":[{"href":"https:\/\/medicina.udd.cl\/centro-bioetica\/wp-json\/wp\/v2\/types\/person"}],"wp:featuredmedia":[{"embeddable":true,"href":"https:\/\/medicina.udd.cl\/centro-bioetica\/wp-json\/wp\/v2\/media\/3506"}],"wp:attachment":[{"href":"https:\/\/medicina.udd.cl\/centro-bioetica\/wp-json\/wp\/v2\/media?parent=3505"}],"wp:term":[{"taxonomy":"people_tax","embeddable":true,"href":"https:\/\/medicina.udd.cl\/centro-bioetica\/wp-json\/wp\/v2\/people_tax?post=3505"},{"taxonomy":"people_areas","embeddable":true,"href":"https:\/\/medicina.udd.cl\/centro-bioetica\/wp-json\/wp\/v2\/people_areas?post=3505"},{"taxonomy":"people_levels","embeddable":true,"href":"https:\/\/medicina.udd.cl\/centro-bioetica\/wp-json\/wp\/v2\/people_levels?post=3505"}],"curies":[{"name":"wp","href":"https:\/\/api.w.org\/{rel}","templated":true}]}}