{"version":"1.0","provider_name":"Centro de Epidemiolog\u00eda y Pol\u00edticas de Salud","provider_url":"https:\/\/medicina.udd.cl\/centro-epidemiologia-politicas-salud","author_name":"admin","author_url":"https:\/\/medicina.udd.cl\/centro-epidemiologia-politicas-salud\/noticias\/author\/admin\/","title":"Manuel N\u00e1jera - Centro de Epidemiolog\u00eda y Pol\u00edticas de Salud","type":"rich","width":600,"height":338,"html":"<blockquote class=\"wp-embedded-content\" data-secret=\"8PKGfgJvUh\"><a href=\"https:\/\/medicina.udd.cl\/centro-epidemiologia-politicas-salud\/manuel-najera\/\">Manuel N\u00e1jera<\/a><\/blockquote><iframe sandbox=\"allow-scripts\" security=\"restricted\" src=\"https:\/\/medicina.udd.cl\/centro-epidemiologia-politicas-salud\/manuel-najera\/embed\/#?secret=8PKGfgJvUh\" width=\"600\" height=\"338\" title=\"\u00abManuel N\u00e1jera\u00bb \u2014 Centro de Epidemiolog\u00eda y Pol\u00edticas de Salud\" data-secret=\"8PKGfgJvUh\" frameborder=\"0\" marginwidth=\"0\" marginheight=\"0\" scrolling=\"no\" class=\"wp-embedded-content\"><\/iframe><script type=\"text\/javascript\">\n\/* <![CDATA[ *\/\n\/*! This file is auto-generated *\/\n!function(d,l){\"use strict\";l.querySelector&&d.addEventListener&&\"undefined\"!=typeof URL&&(d.wp=d.wp||{},d.wp.receiveEmbedMessage||(d.wp.receiveEmbedMessage=function(e){var t=e.data;if((t||t.secret||t.message||t.value)&&!\/[^a-zA-Z0-9]\/.test(t.secret)){for(var s,r,n,a=l.querySelectorAll('iframe[data-secret=\"'+t.secret+'\"]'),o=l.querySelectorAll('blockquote[data-secret=\"'+t.secret+'\"]'),c=new RegExp(\"^https?:$\",\"i\"),i=0;i<o.length;i++)o[i].style.display=\"none\";for(i=0;i<a.length;i++)s=a[i],e.source===s.contentWindow&&(s.removeAttribute(\"style\"),\"height\"===t.message?(1e3<(r=parseInt(t.value,10))?r=1e3:~~r<200&&(r=200),s.height=r):\"link\"===t.message&&(r=new URL(s.getAttribute(\"src\")),n=new URL(t.value),c.test(n.protocol))&&n.host===r.host&&l.activeElement===s&&(d.top.location.href=t.value))}},d.addEventListener(\"message\",d.wp.receiveEmbedMessage,!1),l.addEventListener(\"DOMContentLoaded\",function(){for(var e,t,s=l.querySelectorAll(\"iframe.wp-embedded-content\"),r=0;r<s.length;r++)(t=(e=s[r]).getAttribute(\"data-secret\"))||(t=Math.random().toString(36).substring(2,12),e.src+=\"#?secret=\"+t,e.setAttribute(\"data-secret\",t)),e.contentWindow.postMessage({message:\"ready\",secret:t},\"*\")},!1)))}(window,document);\n\/\/# sourceURL=https:\/\/medicina.udd.cl\/centro-epidemiologia-politicas-salud\/wp-includes\/js\/wp-embed.min.js\n\/* ]]> *\/\n<\/script>\n","description":"M\u00e9dico-cirujano de la Universidad de Santiago de Chile. Especialista en Epidemiolog\u00eda, con formaci\u00f3n en Postgrado en el \u00e1rea de Epidemiolog\u00eda en la Universidad Cat\u00f3lica de Chile. Tiene experiencia en el sector p\u00fablico habiendo prestado servicios profesionales en el \u00e1rea de Epidemiolog\u00eda y Diagn\u00f3sticos de Equidad en el Ministerio de Salud de Chile. Desarroll\u00f3 labores docentes [&hellip;]"}