{"id":1030,"date":"2014-07-28T16:28:30","date_gmt":"2014-07-28T20:28:30","guid":{"rendered":"http:\/\/medicina.udd.cl\/centro-epidemiologia-politicas-salud\/files\/2014\/07\/Andre-Olea-Catterina-Ferreccio-PUC-y-Ximena-Aguilera.jpg"},"modified":"2014-07-28T16:28:30","modified_gmt":"2014-07-28T20:28:30","slug":"andre-olea-catterina-ferreccio-puc-y-ximena-aguilera","status":"inherit","type":"attachment","link":"https:\/\/medicina.udd.cl\/centro-epidemiologia-politicas-salud\/noticias\/2014\/07\/28\/investigadores-udd-en-congreso-chileno-de-salud-publica-y-epidemiologia\/andre-olea-catterina-ferreccio-puc-y-ximena-aguilera\/","title":{"rendered":"Andre Olea, Catterina Ferreccio PUC y Ximena Aguilera"},"author":42,"featured_media":0,"comment_status":"open","ping_status":"open","template":"","meta":[],"class_list":["post-1030","attachment","type-attachment","status-inherit","hentry"],"yoast_head":"<!-- This site is optimized with the Yoast SEO plugin v26.9 - https:\/\/yoast.com\/product\/yoast-seo-wordpress\/ -->\n<title>Andre Olea, Catterina Ferreccio PUC y Ximena Aguilera - Centro de Epidemiolog\u00eda y Pol\u00edticas de Salud<\/title>\n<meta name=\"robots\" content=\"index, follow, max-snippet:-1, max-image-preview:large, max-video-preview:-1\" \/>\n<link rel=\"canonical\" href=\"https:\/\/medicina.udd.cl\/centro-epidemiologia-politicas-salud\/files\/2014\/07\/Andre-Olea-Catterina-Ferreccio-PUC-y-Ximena-Aguilera.jpg\" \/>\n<meta property=\"og:locale\" content=\"es_ES\" \/>\n<meta property=\"og:type\" content=\"article\" \/>\n<meta property=\"og:title\" content=\"Andre Olea, Catterina Ferreccio PUC y Ximena Aguilera - Centro de Epidemiolog\u00eda y Pol\u00edticas de Salud\" \/>\n<meta property=\"og:url\" content=\"https:\/\/medicina.udd.cl\/centro-epidemiologia-politicas-salud\/files\/2014\/07\/Andre-Olea-Catterina-Ferreccio-PUC-y-Ximena-Aguilera.jpg\" \/>\n<meta property=\"og:site_name\" content=\"Centro de Epidemiolog\u00eda y Pol\u00edticas de Salud\" \/>\n<meta property=\"og:image\" content=\"https:\/\/medicina.udd.cl\/centro-epidemiologia-politicas-salud\/files\/2014\/07\/Andre-Olea-Catterina-Ferreccio-PUC-y-Ximena-Aguilera.jpg\" \/>\n\t<meta property=\"og:image:width\" content=\"630\" \/>\n\t<meta property=\"og:image:height\" content=\"426\" \/>\n\t<meta property=\"og:image:type\" content=\"image\/jpeg\" \/>\n<script type=\"application\/ld+json\" class=\"yoast-schema-graph\">{\"@context\":\"https:\/\/schema.org\",\"@graph\":[{\"@type\":\"WebPage\",\"@id\":\"https:\/\/medicina.udd.cl\/centro-epidemiologia-politicas-salud\/files\/2014\/07\/Andre-Olea-Catterina-Ferreccio-PUC-y-Ximena-Aguilera.jpg\",\"url\":\"https:\/\/medicina.udd.cl\/centro-epidemiologia-politicas-salud\/files\/2014\/07\/Andre-Olea-Catterina-Ferreccio-PUC-y-Ximena-Aguilera.jpg\",\"name\":\"Andre Olea, Catterina Ferreccio PUC y Ximena Aguilera - Centro de Epidemiolog\u00eda y Pol\u00edticas de Salud\",\"isPartOf\":{\"@id\":\"https:\/\/medicina.udd.cl\/centro-epidemiologia-politicas-salud\/#website\"},\"datePublished\":\"2014-07-28T20:28:30+00:00\",\"breadcrumb\":{\"@id\":\"https:\/\/medicina.udd.cl\/centro-epidemiologia-politicas-salud\/files\/2014\/07\/Andre-Olea-Catterina-Ferreccio-PUC-y-Ximena-Aguilera.jpg#breadcrumb\"},\"inLanguage\":\"es\",\"potentialAction\":[{\"@type\":\"ReadAction\",\"target\":[\"https:\/\/medicina.udd.cl\/centro-epidemiologia-politicas-salud\/files\/2014\/07\/Andre-Olea-Catterina-Ferreccio-PUC-y-Ximena-Aguilera.jpg\"]}]},{\"@type\":\"BreadcrumbList\",\"@id\":\"https:\/\/medicina.udd.cl\/centro-epidemiologia-politicas-salud\/files\/2014\/07\/Andre-Olea-Catterina-Ferreccio-PUC-y-Ximena-Aguilera.jpg#breadcrumb\",\"itemListElement\":[{\"@type\":\"ListItem\",\"position\":1,\"name\":\"Inicio\",\"item\":\"https:\/\/medicina.udd.cl\/centro-epidemiologia-politicas-salud\/\"},{\"@type\":\"ListItem\",\"position\":2,\"name\":\"Investigadores UDD en Congreso Chileno de Salud P\u00fablica y Epidemiolog\u00eda\",\"item\":\"https:\/\/medicina.udd.cl\/centro-epidemiologia-politicas-salud\/noticias\/2014\/07\/28\/investigadores-udd-en-congreso-chileno-de-salud-publica-y-epidemiologia\/\"},{\"@type\":\"ListItem\",\"position\":3,\"name\":\"Andre Olea, Catterina Ferreccio PUC y Ximena Aguilera\"}]},{\"@type\":\"WebSite\",\"@id\":\"https:\/\/medicina.udd.cl\/centro-epidemiologia-politicas-salud\/#website\",\"url\":\"https:\/\/medicina.udd.cl\/centro-epidemiologia-politicas-salud\/\",\"name\":\"Centro de Epidemiolog\u00eda y Pol\u00edticas de Salud\",\"description\":\"Otro blog m\u00e1s de Medicina\",\"inLanguage\":\"es\"}]}<\/script>\n<!-- \/ Yoast SEO plugin. -->","yoast_head_json":{"title":"Andre Olea, Catterina Ferreccio PUC y Ximena Aguilera - Centro de Epidemiolog\u00eda y Pol\u00edticas de Salud","robots":{"index":"index","follow":"follow","max-snippet":"max-snippet:-1","max-image-preview":"max-image-preview:large","max-video-preview":"max-video-preview:-1"},"canonical":"https:\/\/medicina.udd.cl\/centro-epidemiologia-politicas-salud\/files\/2014\/07\/Andre-Olea-Catterina-Ferreccio-PUC-y-Ximena-Aguilera.jpg","og_locale":"es_ES","og_type":"article","og_title":"Andre Olea, Catterina Ferreccio PUC y Ximena Aguilera - Centro de Epidemiolog\u00eda y Pol\u00edticas de Salud","og_url":"https:\/\/medicina.udd.cl\/centro-epidemiologia-politicas-salud\/files\/2014\/07\/Andre-Olea-Catterina-Ferreccio-PUC-y-Ximena-Aguilera.jpg","og_site_name":"Centro de Epidemiolog\u00eda y Pol\u00edticas de Salud","og_image":[{"width":630,"height":426,"url":"https:\/\/medicina.udd.cl\/centro-epidemiologia-politicas-salud\/files\/2014\/07\/Andre-Olea-Catterina-Ferreccio-PUC-y-Ximena-Aguilera.jpg","type":"image\/jpeg"}],"schema":{"@context":"https:\/\/schema.org","@graph":[{"@type":"WebPage","@id":"https:\/\/medicina.udd.cl\/centro-epidemiologia-politicas-salud\/files\/2014\/07\/Andre-Olea-Catterina-Ferreccio-PUC-y-Ximena-Aguilera.jpg","url":"https:\/\/medicina.udd.cl\/centro-epidemiologia-politicas-salud\/files\/2014\/07\/Andre-Olea-Catterina-Ferreccio-PUC-y-Ximena-Aguilera.jpg","name":"Andre Olea, Catterina Ferreccio PUC y Ximena Aguilera - Centro de Epidemiolog\u00eda y Pol\u00edticas de Salud","isPartOf":{"@id":"https:\/\/medicina.udd.cl\/centro-epidemiologia-politicas-salud\/#website"},"datePublished":"2014-07-28T20:28:30+00:00","breadcrumb":{"@id":"https:\/\/medicina.udd.cl\/centro-epidemiologia-politicas-salud\/files\/2014\/07\/Andre-Olea-Catterina-Ferreccio-PUC-y-Ximena-Aguilera.jpg#breadcrumb"},"inLanguage":"es","potentialAction":[{"@type":"ReadAction","target":["https:\/\/medicina.udd.cl\/centro-epidemiologia-politicas-salud\/files\/2014\/07\/Andre-Olea-Catterina-Ferreccio-PUC-y-Ximena-Aguilera.jpg"]}]},{"@type":"BreadcrumbList","@id":"https:\/\/medicina.udd.cl\/centro-epidemiologia-politicas-salud\/files\/2014\/07\/Andre-Olea-Catterina-Ferreccio-PUC-y-Ximena-Aguilera.jpg#breadcrumb","itemListElement":[{"@type":"ListItem","position":1,"name":"Inicio","item":"https:\/\/medicina.udd.cl\/centro-epidemiologia-politicas-salud\/"},{"@type":"ListItem","position":2,"name":"Investigadores UDD en Congreso Chileno de Salud P\u00fablica y Epidemiolog\u00eda","item":"https:\/\/medicina.udd.cl\/centro-epidemiologia-politicas-salud\/noticias\/2014\/07\/28\/investigadores-udd-en-congreso-chileno-de-salud-publica-y-epidemiologia\/"},{"@type":"ListItem","position":3,"name":"Andre Olea, Catterina Ferreccio PUC y Ximena Aguilera"}]},{"@type":"WebSite","@id":"https:\/\/medicina.udd.cl\/centro-epidemiologia-politicas-salud\/#website","url":"https:\/\/medicina.udd.cl\/centro-epidemiologia-politicas-salud\/","name":"Centro de Epidemiolog\u00eda y Pol\u00edticas de Salud","description":"Otro blog m\u00e1s de Medicina","inLanguage":"es"}]}},"description":{"rendered":"<p class=\"attachment\"><a href='https:\/\/medicina.udd.cl\/centro-epidemiologia-politicas-salud\/files\/2014\/07\/Andre-Olea-Catterina-Ferreccio-PUC-y-Ximena-Aguilera.jpg'><img loading=\"lazy\" decoding=\"async\" width=\"300\" height=\"203\" src=\"https:\/\/medicina.udd.cl\/centro-epidemiologia-politicas-salud\/wp-content\/plugins\/wp-async-img-load\/blank.png\" class=\"attachment-medium size-medium lazyload\" alt=\"\" sizes=\"auto, (max-width: 300px) 100vw, 300px\" data-src=\"https:\/\/medicina.udd.cl\/centro-epidemiologia-politicas-salud\/files\/2014\/07\/Andre-Olea-Catterina-Ferreccio-PUC-y-Ximena-Aguilera-300x203.jpg\" data-srcset=\"https:\/\/medicina.udd.cl\/centro-epidemiologia-politicas-salud\/files\/2014\/07\/Andre-Olea-Catterina-Ferreccio-PUC-y-Ximena-Aguilera-300x203.jpg 300w, https:\/\/medicina.udd.cl\/centro-epidemiologia-politicas-salud\/files\/2014\/07\/Andre-Olea-Catterina-Ferreccio-PUC-y-Ximena-Aguilera.jpg 630w\" \/><\/a><\/p>\n"},"caption":{"rendered":""},"alt_text":"","media_type":"image","mime_type":"image\/jpeg","media_details":{"width":630,"height":426,"file":"2014\/07\/Andre-Olea-Catterina-Ferreccio-PUC-y-Ximena-Aguilera.jpg","sizes":{"thumbnail":{"file":"Andre-Olea-Catterina-Ferreccio-PUC-y-Ximena-Aguilera-150x150.jpg","width":150,"height":150,"mime_type":"image\/jpeg","source_url":"https:\/\/medicina.udd.cl\/centro-epidemiologia-politicas-salud\/files\/2014\/07\/Andre-Olea-Catterina-Ferreccio-PUC-y-Ximena-Aguilera-150x150.jpg"},"medium":{"file":"Andre-Olea-Catterina-Ferreccio-PUC-y-Ximena-Aguilera-300x203.jpg","width":300,"height":203,"mime_type":"image\/jpeg","source_url":"https:\/\/medicina.udd.cl\/centro-epidemiologia-politicas-salud\/files\/2014\/07\/Andre-Olea-Catterina-Ferreccio-PUC-y-Ximena-Aguilera-300x203.jpg"},"newsletter_featured":{"file":"Andre-Olea-Catterina-Ferreccio-PUC-y-Ximena-Aguilera-316x224.jpg","width":316,"height":224,"mime_type":"image\/jpeg","source_url":"https:\/\/medicina.udd.cl\/centro-epidemiologia-politicas-salud\/files\/2014\/07\/Andre-Olea-Catterina-Ferreccio-PUC-y-Ximena-Aguilera-316x224.jpg"},"newsletter_first":{"file":"Andre-Olea-Catterina-Ferreccio-PUC-y-Ximena-Aguilera-286x205.jpg","width":286,"height":205,"mime_type":"image\/jpeg","source_url":"https:\/\/medicina.udd.cl\/centro-epidemiologia-politicas-salud\/files\/2014\/07\/Andre-Olea-Catterina-Ferreccio-PUC-y-Ximena-Aguilera-286x205.jpg"},"newsletter_thumb":{"file":"Andre-Olea-Catterina-Ferreccio-PUC-y-Ximena-Aguilera-288x150.jpg","width":288,"height":150,"mime_type":"image\/jpeg","source_url":"https:\/\/medicina.udd.cl\/centro-epidemiologia-politicas-salud\/files\/2014\/07\/Andre-Olea-Catterina-Ferreccio-PUC-y-Ximena-Aguilera-288x150.jpg"},"newsletter_column":{"file":"Andre-Olea-Catterina-Ferreccio-PUC-y-Ximena-Aguilera-182x140.jpg","width":182,"height":140,"mime_type":"image\/jpeg","source_url":"https:\/\/medicina.udd.cl\/centro-epidemiologia-politicas-salud\/files\/2014\/07\/Andre-Olea-Catterina-Ferreccio-PUC-y-Ximena-Aguilera-182x140.jpg"},"newsletter_square":{"file":"Andre-Olea-Catterina-Ferreccio-PUC-y-Ximena-Aguilera-62x62.jpg","width":62,"height":62,"mime_type":"image\/jpeg","source_url":"https:\/\/medicina.udd.cl\/centro-epidemiologia-politicas-salud\/files\/2014\/07\/Andre-Olea-Catterina-Ferreccio-PUC-y-Ximena-Aguilera-62x62.jpg"},"newsletter_square_large":{"file":"Andre-Olea-Catterina-Ferreccio-PUC-y-Ximena-Aguilera-87x62.jpg","width":87,"height":62,"mime_type":"image\/jpeg","source_url":"https:\/\/medicina.udd.cl\/centro-epidemiologia-politicas-salud\/files\/2014\/07\/Andre-Olea-Catterina-Ferreccio-PUC-y-Ximena-Aguilera-87x62.jpg"},"squared":{"file":"Andre-Olea-Catterina-Ferreccio-PUC-y-Ximena-Aguilera-300x300.jpg","width":300,"height":300,"mime_type":"image\/jpeg","source_url":"https:\/\/medicina.udd.cl\/centro-epidemiologia-politicas-salud\/files\/2014\/07\/Andre-Olea-Catterina-Ferreccio-PUC-y-Ximena-Aguilera-300x300.jpg"},"portrait-medium":{"file":"Andre-Olea-Catterina-Ferreccio-PUC-y-Ximena-Aguilera-220x260.jpg","width":220,"height":260,"mime_type":"image\/jpeg","source_url":"https:\/\/medicina.udd.cl\/centro-epidemiologia-politicas-salud\/files\/2014\/07\/Andre-Olea-Catterina-Ferreccio-PUC-y-Ximena-Aguilera-220x260.jpg"},"landscape-small":{"file":"Andre-Olea-Catterina-Ferreccio-PUC-y-Ximena-Aguilera-125x80.jpg","width":125,"height":80,"mime_type":"image\/jpeg","source_url":"https:\/\/medicina.udd.cl\/centro-epidemiologia-politicas-salud\/files\/2014\/07\/Andre-Olea-Catterina-Ferreccio-PUC-y-Ximena-Aguilera-125x80.jpg"},"landscape-medium":{"file":"Andre-Olea-Catterina-Ferreccio-PUC-y-Ximena-Aguilera-340x220.jpg","width":340,"height":220,"mime_type":"image\/jpeg","source_url":"https:\/\/medicina.udd.cl\/centro-epidemiologia-politicas-salud\/files\/2014\/07\/Andre-Olea-Catterina-Ferreccio-PUC-y-Ximena-Aguilera-340x220.jpg"},"landscape-large":{"file":"Andre-Olea-Catterina-Ferreccio-PUC-y-Ximena-Aguilera-365x255.jpg","width":365,"height":255,"mime_type":"image\/jpeg","source_url":"https:\/\/medicina.udd.cl\/centro-epidemiologia-politicas-salud\/files\/2014\/07\/Andre-Olea-Catterina-Ferreccio-PUC-y-Ximena-Aguilera-365x255.jpg"},"panoramic":{"file":"Andre-Olea-Catterina-Ferreccio-PUC-y-Ximena-Aguilera-630x345.jpg","width":630,"height":345,"mime_type":"image\/jpeg","source_url":"https:\/\/medicina.udd.cl\/centro-epidemiologia-politicas-salud\/files\/2014\/07\/Andre-Olea-Catterina-Ferreccio-PUC-y-Ximena-Aguilera-630x345.jpg"},"custom_content":{"file":"Andre-Olea-Catterina-Ferreccio-PUC-y-Ximena-Aguilera-126x126.jpg","width":126,"height":126,"mime_type":"image\/jpeg","source_url":"https:\/\/medicina.udd.cl\/centro-epidemiologia-politicas-salud\/files\/2014\/07\/Andre-Olea-Catterina-Ferreccio-PUC-y-Ximena-Aguilera-126x126.jpg"},"full":{"file":"Andre-Olea-Catterina-Ferreccio-PUC-y-Ximena-Aguilera.jpg","width":630,"height":426,"mime_type":"image\/jpeg","source_url":"https:\/\/medicina.udd.cl\/centro-epidemiologia-politicas-salud\/files\/2014\/07\/Andre-Olea-Catterina-Ferreccio-PUC-y-Ximena-Aguilera.jpg"}},"image_meta":{"aperture":"4","credit":"","camera":"Canon PowerShot SX510 HS","caption":"","created_timestamp":"315532847","copyright":"","focal_length":"5.754","iso":"800","shutter_speed":"0.016666666666667","title":"","orientation":"1","keywords":[]}},"post":1029,"source_url":"https:\/\/medicina.udd.cl\/centro-epidemiologia-politicas-salud\/files\/2014\/07\/Andre-Olea-Catterina-Ferreccio-PUC-y-Ximena-Aguilera.jpg","_links":{"self":[{"href":"https:\/\/medicina.udd.cl\/centro-epidemiologia-politicas-salud\/wp-json\/wp\/v2\/media\/1030","targetHints":{"allow":["GET"]}}],"collection":[{"href":"https:\/\/medicina.udd.cl\/centro-epidemiologia-politicas-salud\/wp-json\/wp\/v2\/media"}],"about":[{"href":"https:\/\/medicina.udd.cl\/centro-epidemiologia-politicas-salud\/wp-json\/wp\/v2\/types\/attachment"}],"author":[{"embeddable":true,"href":"https:\/\/medicina.udd.cl\/centro-epidemiologia-politicas-salud\/wp-json\/wp\/v2\/users\/42"}],"replies":[{"embeddable":true,"href":"https:\/\/medicina.udd.cl\/centro-epidemiologia-politicas-salud\/wp-json\/wp\/v2\/comments?post=1030"}],"wp:attached-to":[{"embeddable":true,"post_type":"post","id":1029,"href":"https:\/\/medicina.udd.cl\/centro-epidemiologia-politicas-salud\/wp-json\/wp\/v2\/posts\/1029"}],"curies":[{"name":"wp","href":"https:\/\/api.w.org\/{rel}","templated":true}]}}