{"id":1214,"date":"2015-03-20T11:32:25","date_gmt":"2015-03-20T14:32:25","guid":{"rendered":"http:\/\/medicina.udd.cl\/centro-epidemiologia-politicas-salud\/files\/2013\/07\/Andrea-Olea1.jpg"},"modified":"2015-03-20T11:32:25","modified_gmt":"2015-03-20T14:32:25","slug":"andrea-olea-2","status":"inherit","type":"attachment","link":"https:\/\/medicina.udd.cl\/centro-epidemiologia-politicas-salud\/persona\/andrea-olea-normandin\/andrea-olea-2\/","title":{"rendered":"Andrea Olea"},"author":42,"featured_media":0,"comment_status":"open","ping_status":"open","template":"","meta":[],"class_list":["post-1214","attachment","type-attachment","status-inherit","hentry"],"yoast_head":"<!-- This site is optimized with the Yoast SEO plugin v26.9 - https:\/\/yoast.com\/product\/yoast-seo-wordpress\/ -->\n<title>Andrea Olea - Centro de Epidemiolog\u00eda y Pol\u00edticas de Salud<\/title>\n<meta name=\"robots\" content=\"index, follow, max-snippet:-1, max-image-preview:large, max-video-preview:-1\" \/>\n<link rel=\"canonical\" href=\"https:\/\/medicina.udd.cl\/centro-epidemiologia-politicas-salud\/files\/2013\/07\/Andrea-Olea1.jpg\" \/>\n<meta property=\"og:locale\" content=\"es_ES\" \/>\n<meta property=\"og:type\" content=\"article\" \/>\n<meta property=\"og:title\" content=\"Andrea Olea - Centro de Epidemiolog\u00eda y Pol\u00edticas de Salud\" \/>\n<meta property=\"og:url\" content=\"https:\/\/medicina.udd.cl\/centro-epidemiologia-politicas-salud\/files\/2013\/07\/Andrea-Olea1.jpg\" \/>\n<meta property=\"og:site_name\" content=\"Centro de Epidemiolog\u00eda y Pol\u00edticas de Salud\" \/>\n<meta property=\"og:image\" content=\"https:\/\/medicina.udd.cl\/centro-epidemiologia-politicas-salud\/files\/2013\/07\/Andrea-Olea1.jpg\" \/>\n\t<meta property=\"og:image:width\" content=\"1607\" \/>\n\t<meta property=\"og:image:height\" content=\"1755\" \/>\n\t<meta property=\"og:image:type\" content=\"image\/jpeg\" \/>\n<script type=\"application\/ld+json\" class=\"yoast-schema-graph\">{\"@context\":\"https:\/\/schema.org\",\"@graph\":[{\"@type\":\"WebPage\",\"@id\":\"https:\/\/medicina.udd.cl\/centro-epidemiologia-politicas-salud\/files\/2013\/07\/Andrea-Olea1.jpg\",\"url\":\"https:\/\/medicina.udd.cl\/centro-epidemiologia-politicas-salud\/files\/2013\/07\/Andrea-Olea1.jpg\",\"name\":\"Andrea Olea - Centro de Epidemiolog\u00eda y Pol\u00edticas de Salud\",\"isPartOf\":{\"@id\":\"https:\/\/medicina.udd.cl\/centro-epidemiologia-politicas-salud\/#website\"},\"datePublished\":\"2015-03-20T14:32:25+00:00\",\"breadcrumb\":{\"@id\":\"https:\/\/medicina.udd.cl\/centro-epidemiologia-politicas-salud\/files\/2013\/07\/Andrea-Olea1.jpg#breadcrumb\"},\"inLanguage\":\"es\",\"potentialAction\":[{\"@type\":\"ReadAction\",\"target\":[\"https:\/\/medicina.udd.cl\/centro-epidemiologia-politicas-salud\/files\/2013\/07\/Andrea-Olea1.jpg\"]}]},{\"@type\":\"BreadcrumbList\",\"@id\":\"https:\/\/medicina.udd.cl\/centro-epidemiologia-politicas-salud\/files\/2013\/07\/Andrea-Olea1.jpg#breadcrumb\",\"itemListElement\":[{\"@type\":\"ListItem\",\"position\":1,\"name\":\"Inicio\",\"item\":\"https:\/\/medicina.udd.cl\/centro-epidemiologia-politicas-salud\/\"},{\"@type\":\"ListItem\",\"position\":2,\"name\":\"Andrea Olea Normandin\",\"item\":\"https:\/\/medicina.udd.cl\/centro-epidemiologia-politicas-salud\/persona\/andrea-olea-normandin\/\"},{\"@type\":\"ListItem\",\"position\":3,\"name\":\"Andrea Olea\"}]},{\"@type\":\"WebSite\",\"@id\":\"https:\/\/medicina.udd.cl\/centro-epidemiologia-politicas-salud\/#website\",\"url\":\"https:\/\/medicina.udd.cl\/centro-epidemiologia-politicas-salud\/\",\"name\":\"Centro de Epidemiolog\u00eda y Pol\u00edticas de Salud\",\"description\":\"Otro blog m\u00e1s de Medicina\",\"inLanguage\":\"es\"}]}<\/script>\n<!-- \/ Yoast SEO plugin. -->","yoast_head_json":{"title":"Andrea Olea - Centro de Epidemiolog\u00eda y Pol\u00edticas de Salud","robots":{"index":"index","follow":"follow","max-snippet":"max-snippet:-1","max-image-preview":"max-image-preview:large","max-video-preview":"max-video-preview:-1"},"canonical":"https:\/\/medicina.udd.cl\/centro-epidemiologia-politicas-salud\/files\/2013\/07\/Andrea-Olea1.jpg","og_locale":"es_ES","og_type":"article","og_title":"Andrea Olea - Centro de Epidemiolog\u00eda y Pol\u00edticas de Salud","og_url":"https:\/\/medicina.udd.cl\/centro-epidemiologia-politicas-salud\/files\/2013\/07\/Andrea-Olea1.jpg","og_site_name":"Centro de Epidemiolog\u00eda y Pol\u00edticas de Salud","og_image":[{"width":1607,"height":1755,"url":"https:\/\/medicina.udd.cl\/centro-epidemiologia-politicas-salud\/files\/2013\/07\/Andrea-Olea1.jpg","type":"image\/jpeg"}],"schema":{"@context":"https:\/\/schema.org","@graph":[{"@type":"WebPage","@id":"https:\/\/medicina.udd.cl\/centro-epidemiologia-politicas-salud\/files\/2013\/07\/Andrea-Olea1.jpg","url":"https:\/\/medicina.udd.cl\/centro-epidemiologia-politicas-salud\/files\/2013\/07\/Andrea-Olea1.jpg","name":"Andrea Olea - Centro de Epidemiolog\u00eda y Pol\u00edticas de Salud","isPartOf":{"@id":"https:\/\/medicina.udd.cl\/centro-epidemiologia-politicas-salud\/#website"},"datePublished":"2015-03-20T14:32:25+00:00","breadcrumb":{"@id":"https:\/\/medicina.udd.cl\/centro-epidemiologia-politicas-salud\/files\/2013\/07\/Andrea-Olea1.jpg#breadcrumb"},"inLanguage":"es","potentialAction":[{"@type":"ReadAction","target":["https:\/\/medicina.udd.cl\/centro-epidemiologia-politicas-salud\/files\/2013\/07\/Andrea-Olea1.jpg"]}]},{"@type":"BreadcrumbList","@id":"https:\/\/medicina.udd.cl\/centro-epidemiologia-politicas-salud\/files\/2013\/07\/Andrea-Olea1.jpg#breadcrumb","itemListElement":[{"@type":"ListItem","position":1,"name":"Inicio","item":"https:\/\/medicina.udd.cl\/centro-epidemiologia-politicas-salud\/"},{"@type":"ListItem","position":2,"name":"Andrea Olea Normandin","item":"https:\/\/medicina.udd.cl\/centro-epidemiologia-politicas-salud\/persona\/andrea-olea-normandin\/"},{"@type":"ListItem","position":3,"name":"Andrea Olea"}]},{"@type":"WebSite","@id":"https:\/\/medicina.udd.cl\/centro-epidemiologia-politicas-salud\/#website","url":"https:\/\/medicina.udd.cl\/centro-epidemiologia-politicas-salud\/","name":"Centro de Epidemiolog\u00eda y Pol\u00edticas de Salud","description":"Otro blog m\u00e1s de Medicina","inLanguage":"es"}]}},"description":{"rendered":"<p class=\"attachment\"><a href='https:\/\/medicina.udd.cl\/centro-epidemiologia-politicas-salud\/files\/2013\/07\/Andrea-Olea1.jpg'><img loading=\"lazy\" decoding=\"async\" width=\"275\" height=\"300\" src=\"https:\/\/medicina.udd.cl\/centro-epidemiologia-politicas-salud\/wp-content\/plugins\/wp-async-img-load\/blank.png\" class=\"attachment-medium size-medium lazyload\" alt=\"\" sizes=\"auto, (max-width: 275px) 100vw, 275px\" data-src=\"https:\/\/medicina.udd.cl\/centro-epidemiologia-politicas-salud\/files\/2013\/07\/Andrea-Olea1-275x300.jpg\" data-srcset=\"https:\/\/medicina.udd.cl\/centro-epidemiologia-politicas-salud\/files\/2013\/07\/Andrea-Olea1-275x300.jpg 275w, https:\/\/medicina.udd.cl\/centro-epidemiologia-politicas-salud\/files\/2013\/07\/Andrea-Olea1-768x839.jpg 768w, https:\/\/medicina.udd.cl\/centro-epidemiologia-politicas-salud\/files\/2013\/07\/Andrea-Olea1-938x1024.jpg 938w, https:\/\/medicina.udd.cl\/centro-epidemiologia-politicas-salud\/files\/2013\/07\/Andrea-Olea1-879x960.jpg 879w, https:\/\/medicina.udd.cl\/centro-epidemiologia-politicas-salud\/files\/2013\/07\/Andrea-Olea1.jpg 1607w\" \/><\/a><\/p>\n"},"caption":{"rendered":""},"alt_text":"","media_type":"image","mime_type":"image\/jpeg","media_details":{"width":1607,"height":1755,"file":"2013\/07\/Andrea-Olea1.jpg","sizes":{"thumbnail":{"file":"Andrea-Olea1-150x150.jpg","width":150,"height":150,"mime_type":"image\/jpeg","source_url":"https:\/\/medicina.udd.cl\/centro-epidemiologia-politicas-salud\/files\/2013\/07\/Andrea-Olea1-150x150.jpg"},"medium":{"file":"Andrea-Olea1-275x300.jpg","width":275,"height":300,"mime_type":"image\/jpeg","source_url":"https:\/\/medicina.udd.cl\/centro-epidemiologia-politicas-salud\/files\/2013\/07\/Andrea-Olea1-275x300.jpg"},"medium_large":{"file":"Andrea-Olea1-768x839.jpg","width":768,"height":839,"mime_type":"image\/jpeg","source_url":"https:\/\/medicina.udd.cl\/centro-epidemiologia-politicas-salud\/files\/2013\/07\/Andrea-Olea1-768x839.jpg"},"large":{"file":"Andrea-Olea1-938x1024.jpg","width":938,"height":1024,"mime_type":"image\/jpeg","source_url":"https:\/\/medicina.udd.cl\/centro-epidemiologia-politicas-salud\/files\/2013\/07\/Andrea-Olea1-938x1024.jpg"},"newsletter_featured":{"file":"Andrea-Olea1-316x224.jpg","width":316,"height":224,"mime_type":"image\/jpeg","source_url":"https:\/\/medicina.udd.cl\/centro-epidemiologia-politicas-salud\/files\/2013\/07\/Andrea-Olea1-316x224.jpg"},"newsletter_first":{"file":"Andrea-Olea1-286x205.jpg","width":286,"height":205,"mime_type":"image\/jpeg","source_url":"https:\/\/medicina.udd.cl\/centro-epidemiologia-politicas-salud\/files\/2013\/07\/Andrea-Olea1-286x205.jpg"},"newsletter_thumb":{"file":"Andrea-Olea1-288x150.jpg","width":288,"height":150,"mime_type":"image\/jpeg","source_url":"https:\/\/medicina.udd.cl\/centro-epidemiologia-politicas-salud\/files\/2013\/07\/Andrea-Olea1-288x150.jpg"},"newsletter_column":{"file":"Andrea-Olea1-182x140.jpg","width":182,"height":140,"mime_type":"image\/jpeg","source_url":"https:\/\/medicina.udd.cl\/centro-epidemiologia-politicas-salud\/files\/2013\/07\/Andrea-Olea1-182x140.jpg"},"newsletter_square":{"file":"Andrea-Olea1-62x62.jpg","width":62,"height":62,"mime_type":"image\/jpeg","source_url":"https:\/\/medicina.udd.cl\/centro-epidemiologia-politicas-salud\/files\/2013\/07\/Andrea-Olea1-62x62.jpg"},"newsletter_square_large":{"file":"Andrea-Olea1-87x62.jpg","width":87,"height":62,"mime_type":"image\/jpeg","source_url":"https:\/\/medicina.udd.cl\/centro-epidemiologia-politicas-salud\/files\/2013\/07\/Andrea-Olea1-87x62.jpg"},"featured-home":{"file":"Andrea-Olea1-800x450.jpg","width":800,"height":450,"mime_type":"image\/jpeg","source_url":"https:\/\/medicina.udd.cl\/centro-epidemiologia-politicas-salud\/files\/2013\/07\/Andrea-Olea1-800x450.jpg"},"featured-career":{"file":"Andrea-Olea1-660x430.jpg","width":660,"height":430,"mime_type":"image\/jpeg","source_url":"https:\/\/medicina.udd.cl\/centro-epidemiologia-politicas-salud\/files\/2013\/07\/Andrea-Olea1-660x430.jpg"},"squared":{"file":"Andrea-Olea1-300x300.jpg","width":300,"height":300,"mime_type":"image\/jpeg","source_url":"https:\/\/medicina.udd.cl\/centro-epidemiologia-politicas-salud\/files\/2013\/07\/Andrea-Olea1-300x300.jpg"},"stretch":{"file":"Andrea-Olea1-800x450.jpg","width":800,"height":450,"mime_type":"image\/jpeg","source_url":"https:\/\/medicina.udd.cl\/centro-epidemiologia-politicas-salud\/files\/2013\/07\/Andrea-Olea1-800x450.jpg"},"portrait-medium":{"file":"Andrea-Olea1-220x260.jpg","width":220,"height":260,"mime_type":"image\/jpeg","source_url":"https:\/\/medicina.udd.cl\/centro-epidemiologia-politicas-salud\/files\/2013\/07\/Andrea-Olea1-220x260.jpg"},"landscape-small":{"file":"Andrea-Olea1-125x80.jpg","width":125,"height":80,"mime_type":"image\/jpeg","source_url":"https:\/\/medicina.udd.cl\/centro-epidemiologia-politicas-salud\/files\/2013\/07\/Andrea-Olea1-125x80.jpg"},"landscape-medium":{"file":"Andrea-Olea1-340x220.jpg","width":340,"height":220,"mime_type":"image\/jpeg","source_url":"https:\/\/medicina.udd.cl\/centro-epidemiologia-politicas-salud\/files\/2013\/07\/Andrea-Olea1-340x220.jpg"},"landscape-large":{"file":"Andrea-Olea1-365x255.jpg","width":365,"height":255,"mime_type":"image\/jpeg","source_url":"https:\/\/medicina.udd.cl\/centro-epidemiologia-politicas-salud\/files\/2013\/07\/Andrea-Olea1-365x255.jpg"},"landscape-xlarge":{"file":"Andrea-Olea1-660x430.jpg","width":660,"height":430,"mime_type":"image\/jpeg","source_url":"https:\/\/medicina.udd.cl\/centro-epidemiologia-politicas-salud\/files\/2013\/07\/Andrea-Olea1-660x430.jpg"},"panoramic":{"file":"Andrea-Olea1-940x345.jpg","width":940,"height":345,"mime_type":"image\/jpeg","source_url":"https:\/\/medicina.udd.cl\/centro-epidemiologia-politicas-salud\/files\/2013\/07\/Andrea-Olea1-940x345.jpg"},"stretch-large":{"file":"Andrea-Olea1-940x450.jpg","width":940,"height":450,"mime_type":"image\/jpeg","source_url":"https:\/\/medicina.udd.cl\/centro-epidemiologia-politicas-salud\/files\/2013\/07\/Andrea-Olea1-940x450.jpg"},"proportional-large":{"file":"Andrea-Olea1-879x960.jpg","width":879,"height":960,"mime_type":"image\/jpeg","source_url":"https:\/\/medicina.udd.cl\/centro-epidemiologia-politicas-salud\/files\/2013\/07\/Andrea-Olea1-879x960.jpg"},"custom_content":{"file":"Andrea-Olea1-126x126.jpg","width":126,"height":126,"mime_type":"image\/jpeg","source_url":"https:\/\/medicina.udd.cl\/centro-epidemiologia-politicas-salud\/files\/2013\/07\/Andrea-Olea1-126x126.jpg"},"full":{"file":"Andrea-Olea1.jpg","width":1607,"height":1755,"mime_type":"image\/jpeg","source_url":"https:\/\/medicina.udd.cl\/centro-epidemiologia-politicas-salud\/files\/2013\/07\/Andrea-Olea1.jpg"}},"image_meta":{"aperture":"4.5","credit":"","camera":"Canon PowerShot SX510 HS","caption":"","created_timestamp":"315532941","copyright":"","focal_length":"7.934","iso":"800","shutter_speed":"0.025","title":"","orientation":"1","keywords":[]}},"post":629,"source_url":"https:\/\/medicina.udd.cl\/centro-epidemiologia-politicas-salud\/files\/2013\/07\/Andrea-Olea1.jpg","_links":{"self":[{"href":"https:\/\/medicina.udd.cl\/centro-epidemiologia-politicas-salud\/wp-json\/wp\/v2\/media\/1214","targetHints":{"allow":["GET"]}}],"collection":[{"href":"https:\/\/medicina.udd.cl\/centro-epidemiologia-politicas-salud\/wp-json\/wp\/v2\/media"}],"about":[{"href":"https:\/\/medicina.udd.cl\/centro-epidemiologia-politicas-salud\/wp-json\/wp\/v2\/types\/attachment"}],"author":[{"embeddable":true,"href":"https:\/\/medicina.udd.cl\/centro-epidemiologia-politicas-salud\/wp-json\/wp\/v2\/users\/42"}],"replies":[{"embeddable":true,"href":"https:\/\/medicina.udd.cl\/centro-epidemiologia-politicas-salud\/wp-json\/wp\/v2\/comments?post=1214"}],"wp:attached-to":[{"embeddable":true,"post_type":"person","id":629,"href":"https:\/\/medicina.udd.cl\/centro-epidemiologia-politicas-salud\/wp-json\/wp\/v2\/people\/629"}],"curies":[{"name":"wp","href":"https:\/\/api.w.org\/{rel}","templated":true}]}}