{"id":1240,"date":"2015-07-30T15:26:51","date_gmt":"2015-07-30T18:26:51","guid":{"rendered":"http:\/\/medicina.udd.cl\/centro-epidemiologia-politicas-salud\/files\/2015\/07\/Curso-Salud-P\u00fablica-y-Epidemiolog\u00eda-3.jpg"},"modified":"2015-07-30T15:26:51","modified_gmt":"2015-07-30T18:26:51","slug":"sony-dsc-3","status":"inherit","type":"attachment","link":"https:\/\/medicina.udd.cl\/centro-epidemiologia-politicas-salud\/noticias\/2015\/07\/30\/inauguran-curso-de-salud-publica-y-epidemiologia-de-medicina\/sony-dsc-3\/","title":{"rendered":"SONY DSC"},"author":42,"featured_media":0,"comment_status":"open","ping_status":"open","template":"","meta":[],"class_list":["post-1240","attachment","type-attachment","status-inherit","hentry"],"yoast_head":"<!-- This site is optimized with the Yoast SEO plugin v26.9 - https:\/\/yoast.com\/product\/yoast-seo-wordpress\/ -->\n<title>SONY DSC - Centro de Epidemiolog\u00eda y Pol\u00edticas de Salud<\/title>\n<meta name=\"robots\" content=\"index, follow, max-snippet:-1, max-image-preview:large, max-video-preview:-1\" \/>\n<link rel=\"canonical\" href=\"https:\/\/medicina.udd.cl\/centro-epidemiologia-politicas-salud\/files\/2015\/07\/Curso-Salud-P\u00fablica-y-Epidemiolog\u00eda-3.jpg\" \/>\n<meta property=\"og:locale\" content=\"es_ES\" \/>\n<meta property=\"og:type\" content=\"article\" \/>\n<meta property=\"og:title\" content=\"SONY DSC - Centro de Epidemiolog\u00eda y Pol\u00edticas de Salud\" \/>\n<meta property=\"og:url\" content=\"https:\/\/medicina.udd.cl\/centro-epidemiologia-politicas-salud\/files\/2015\/07\/Curso-Salud-P\u00fablica-y-Epidemiolog\u00eda-3.jpg\" \/>\n<meta property=\"og:site_name\" content=\"Centro de Epidemiolog\u00eda y Pol\u00edticas de Salud\" \/>\n<meta property=\"og:image\" content=\"https:\/\/medicina.udd.cl\/centro-epidemiologia-politicas-salud\/files\/2015\/07\/Curso-Salud-P\u00fablica-y-Epidemiolog\u00eda-3.jpg\" \/>\n\t<meta property=\"og:image:width\" content=\"727\" \/>\n\t<meta property=\"og:image:height\" content=\"330\" \/>\n\t<meta property=\"og:image:type\" content=\"image\/jpeg\" \/>\n<script type=\"application\/ld+json\" class=\"yoast-schema-graph\">{\"@context\":\"https:\/\/schema.org\",\"@graph\":[{\"@type\":\"WebPage\",\"@id\":\"https:\/\/medicina.udd.cl\/centro-epidemiologia-politicas-salud\/files\/2015\/07\/Curso-Salud-P\u00fablica-y-Epidemiolog\u00eda-3.jpg\",\"url\":\"https:\/\/medicina.udd.cl\/centro-epidemiologia-politicas-salud\/files\/2015\/07\/Curso-Salud-P\u00fablica-y-Epidemiolog\u00eda-3.jpg\",\"name\":\"SONY DSC - Centro de Epidemiolog\u00eda y Pol\u00edticas de Salud\",\"isPartOf\":{\"@id\":\"https:\/\/medicina.udd.cl\/centro-epidemiologia-politicas-salud\/#website\"},\"datePublished\":\"2015-07-30T18:26:51+00:00\",\"breadcrumb\":{\"@id\":\"https:\/\/medicina.udd.cl\/centro-epidemiologia-politicas-salud\/files\/2015\/07\/Curso-Salud-P\u00fablica-y-Epidemiolog\u00eda-3.jpg#breadcrumb\"},\"inLanguage\":\"es\",\"potentialAction\":[{\"@type\":\"ReadAction\",\"target\":[\"https:\/\/medicina.udd.cl\/centro-epidemiologia-politicas-salud\/files\/2015\/07\/Curso-Salud-P\u00fablica-y-Epidemiolog\u00eda-3.jpg\"]}]},{\"@type\":\"BreadcrumbList\",\"@id\":\"https:\/\/medicina.udd.cl\/centro-epidemiologia-politicas-salud\/files\/2015\/07\/Curso-Salud-P\u00fablica-y-Epidemiolog\u00eda-3.jpg#breadcrumb\",\"itemListElement\":[{\"@type\":\"ListItem\",\"position\":1,\"name\":\"Inicio\",\"item\":\"https:\/\/medicina.udd.cl\/centro-epidemiologia-politicas-salud\/\"},{\"@type\":\"ListItem\",\"position\":2,\"name\":\"Inauguran curso de Salud P\u00fablica y Epidemiolog\u00eda de Medicina\",\"item\":\"https:\/\/medicina.udd.cl\/centro-epidemiologia-politicas-salud\/noticias\/2015\/07\/30\/inauguran-curso-de-salud-publica-y-epidemiologia-de-medicina\/\"},{\"@type\":\"ListItem\",\"position\":3,\"name\":\"SONY DSC\"}]},{\"@type\":\"WebSite\",\"@id\":\"https:\/\/medicina.udd.cl\/centro-epidemiologia-politicas-salud\/#website\",\"url\":\"https:\/\/medicina.udd.cl\/centro-epidemiologia-politicas-salud\/\",\"name\":\"Centro de Epidemiolog\u00eda y Pol\u00edticas de Salud\",\"description\":\"Otro blog m\u00e1s de Medicina\",\"inLanguage\":\"es\"}]}<\/script>\n<!-- \/ Yoast SEO plugin. -->","yoast_head_json":{"title":"SONY DSC - Centro de Epidemiolog\u00eda y Pol\u00edticas de Salud","robots":{"index":"index","follow":"follow","max-snippet":"max-snippet:-1","max-image-preview":"max-image-preview:large","max-video-preview":"max-video-preview:-1"},"canonical":"https:\/\/medicina.udd.cl\/centro-epidemiologia-politicas-salud\/files\/2015\/07\/Curso-Salud-P\u00fablica-y-Epidemiolog\u00eda-3.jpg","og_locale":"es_ES","og_type":"article","og_title":"SONY DSC - Centro de Epidemiolog\u00eda y Pol\u00edticas de Salud","og_url":"https:\/\/medicina.udd.cl\/centro-epidemiologia-politicas-salud\/files\/2015\/07\/Curso-Salud-P\u00fablica-y-Epidemiolog\u00eda-3.jpg","og_site_name":"Centro de Epidemiolog\u00eda y Pol\u00edticas de Salud","og_image":[{"width":727,"height":330,"url":"https:\/\/medicina.udd.cl\/centro-epidemiologia-politicas-salud\/files\/2015\/07\/Curso-Salud-P\u00fablica-y-Epidemiolog\u00eda-3.jpg","type":"image\/jpeg"}],"schema":{"@context":"https:\/\/schema.org","@graph":[{"@type":"WebPage","@id":"https:\/\/medicina.udd.cl\/centro-epidemiologia-politicas-salud\/files\/2015\/07\/Curso-Salud-P\u00fablica-y-Epidemiolog\u00eda-3.jpg","url":"https:\/\/medicina.udd.cl\/centro-epidemiologia-politicas-salud\/files\/2015\/07\/Curso-Salud-P\u00fablica-y-Epidemiolog\u00eda-3.jpg","name":"SONY DSC - Centro de Epidemiolog\u00eda y Pol\u00edticas de Salud","isPartOf":{"@id":"https:\/\/medicina.udd.cl\/centro-epidemiologia-politicas-salud\/#website"},"datePublished":"2015-07-30T18:26:51+00:00","breadcrumb":{"@id":"https:\/\/medicina.udd.cl\/centro-epidemiologia-politicas-salud\/files\/2015\/07\/Curso-Salud-P\u00fablica-y-Epidemiolog\u00eda-3.jpg#breadcrumb"},"inLanguage":"es","potentialAction":[{"@type":"ReadAction","target":["https:\/\/medicina.udd.cl\/centro-epidemiologia-politicas-salud\/files\/2015\/07\/Curso-Salud-P\u00fablica-y-Epidemiolog\u00eda-3.jpg"]}]},{"@type":"BreadcrumbList","@id":"https:\/\/medicina.udd.cl\/centro-epidemiologia-politicas-salud\/files\/2015\/07\/Curso-Salud-P\u00fablica-y-Epidemiolog\u00eda-3.jpg#breadcrumb","itemListElement":[{"@type":"ListItem","position":1,"name":"Inicio","item":"https:\/\/medicina.udd.cl\/centro-epidemiologia-politicas-salud\/"},{"@type":"ListItem","position":2,"name":"Inauguran curso de Salud P\u00fablica y Epidemiolog\u00eda de Medicina","item":"https:\/\/medicina.udd.cl\/centro-epidemiologia-politicas-salud\/noticias\/2015\/07\/30\/inauguran-curso-de-salud-publica-y-epidemiologia-de-medicina\/"},{"@type":"ListItem","position":3,"name":"SONY DSC"}]},{"@type":"WebSite","@id":"https:\/\/medicina.udd.cl\/centro-epidemiologia-politicas-salud\/#website","url":"https:\/\/medicina.udd.cl\/centro-epidemiologia-politicas-salud\/","name":"Centro de Epidemiolog\u00eda y Pol\u00edticas de Salud","description":"Otro blog m\u00e1s de Medicina","inLanguage":"es"}]}},"description":{"rendered":"<p class=\"attachment\"><a href='https:\/\/medicina.udd.cl\/centro-epidemiologia-politicas-salud\/files\/2015\/07\/Curso-Salud-P\u00fablica-y-Epidemiolog\u00eda-3.jpg'><img loading=\"lazy\" decoding=\"async\" width=\"300\" height=\"136\" src=\"https:\/\/medicina.udd.cl\/centro-epidemiologia-politicas-salud\/wp-content\/plugins\/wp-async-img-load\/blank.png\" class=\"attachment-medium size-medium lazyload\" alt=\"\" sizes=\"auto, (max-width: 300px) 100vw, 300px\" data-src=\"https:\/\/medicina.udd.cl\/centro-epidemiologia-politicas-salud\/files\/2015\/07\/Curso-Salud-P\u00fablica-y-Epidemiolog\u00eda-3-300x136.jpg\" data-srcset=\"https:\/\/medicina.udd.cl\/centro-epidemiologia-politicas-salud\/files\/2015\/07\/Curso-Salud-P\u00fablica-y-Epidemiolog\u00eda-3-300x136.jpg 300w, https:\/\/medicina.udd.cl\/centro-epidemiologia-politicas-salud\/files\/2015\/07\/Curso-Salud-P\u00fablica-y-Epidemiolog\u00eda-3.jpg 727w\" \/><\/a><\/p>\n"},"caption":{"rendered":""},"alt_text":"","media_type":"image","mime_type":"image\/jpeg","media_details":{"width":727,"height":330,"file":"2015\/07\/Curso-Salud-P\u00fablica-y-Epidemiolog\u00eda-3.jpg","sizes":{"thumbnail":{"file":"Curso-Salud-P\u00fablica-y-Epidemiolog\u00eda-3-150x150.jpg","width":150,"height":150,"mime_type":"image\/jpeg","source_url":"https:\/\/medicina.udd.cl\/centro-epidemiologia-politicas-salud\/files\/2015\/07\/Curso-Salud-P\u00fablica-y-Epidemiolog\u00eda-3-150x150.jpg"},"medium":{"file":"Curso-Salud-P\u00fablica-y-Epidemiolog\u00eda-3-300x136.jpg","width":300,"height":136,"mime_type":"image\/jpeg","source_url":"https:\/\/medicina.udd.cl\/centro-epidemiologia-politicas-salud\/files\/2015\/07\/Curso-Salud-P\u00fablica-y-Epidemiolog\u00eda-3-300x136.jpg"},"newsletter_featured":{"file":"Curso-Salud-P\u00fablica-y-Epidemiolog\u00eda-3-316x224.jpg","width":316,"height":224,"mime_type":"image\/jpeg","source_url":"https:\/\/medicina.udd.cl\/centro-epidemiologia-politicas-salud\/files\/2015\/07\/Curso-Salud-P\u00fablica-y-Epidemiolog\u00eda-3-316x224.jpg"},"newsletter_first":{"file":"Curso-Salud-P\u00fablica-y-Epidemiolog\u00eda-3-286x205.jpg","width":286,"height":205,"mime_type":"image\/jpeg","source_url":"https:\/\/medicina.udd.cl\/centro-epidemiologia-politicas-salud\/files\/2015\/07\/Curso-Salud-P\u00fablica-y-Epidemiolog\u00eda-3-286x205.jpg"},"newsletter_thumb":{"file":"Curso-Salud-P\u00fablica-y-Epidemiolog\u00eda-3-288x150.jpg","width":288,"height":150,"mime_type":"image\/jpeg","source_url":"https:\/\/medicina.udd.cl\/centro-epidemiologia-politicas-salud\/files\/2015\/07\/Curso-Salud-P\u00fablica-y-Epidemiolog\u00eda-3-288x150.jpg"},"newsletter_column":{"file":"Curso-Salud-P\u00fablica-y-Epidemiolog\u00eda-3-182x140.jpg","width":182,"height":140,"mime_type":"image\/jpeg","source_url":"https:\/\/medicina.udd.cl\/centro-epidemiologia-politicas-salud\/files\/2015\/07\/Curso-Salud-P\u00fablica-y-Epidemiolog\u00eda-3-182x140.jpg"},"newsletter_square":{"file":"Curso-Salud-P\u00fablica-y-Epidemiolog\u00eda-3-62x62.jpg","width":62,"height":62,"mime_type":"image\/jpeg","source_url":"https:\/\/medicina.udd.cl\/centro-epidemiologia-politicas-salud\/files\/2015\/07\/Curso-Salud-P\u00fablica-y-Epidemiolog\u00eda-3-62x62.jpg"},"newsletter_square_large":{"file":"Curso-Salud-P\u00fablica-y-Epidemiolog\u00eda-3-87x62.jpg","width":87,"height":62,"mime_type":"image\/jpeg","source_url":"https:\/\/medicina.udd.cl\/centro-epidemiologia-politicas-salud\/files\/2015\/07\/Curso-Salud-P\u00fablica-y-Epidemiolog\u00eda-3-87x62.jpg"},"featured-career":{"file":"Curso-Salud-P\u00fablica-y-Epidemiolog\u00eda-3-660x330.jpg","width":660,"height":330,"mime_type":"image\/jpeg","source_url":"https:\/\/medicina.udd.cl\/centro-epidemiologia-politicas-salud\/files\/2015\/07\/Curso-Salud-P\u00fablica-y-Epidemiolog\u00eda-3-660x330.jpg"},"squared":{"file":"Curso-Salud-P\u00fablica-y-Epidemiolog\u00eda-3-300x300.jpg","width":300,"height":300,"mime_type":"image\/jpeg","source_url":"https:\/\/medicina.udd.cl\/centro-epidemiologia-politicas-salud\/files\/2015\/07\/Curso-Salud-P\u00fablica-y-Epidemiolog\u00eda-3-300x300.jpg"},"portrait-medium":{"file":"Curso-Salud-P\u00fablica-y-Epidemiolog\u00eda-3-220x260.jpg","width":220,"height":260,"mime_type":"image\/jpeg","source_url":"https:\/\/medicina.udd.cl\/centro-epidemiologia-politicas-salud\/files\/2015\/07\/Curso-Salud-P\u00fablica-y-Epidemiolog\u00eda-3-220x260.jpg"},"landscape-small":{"file":"Curso-Salud-P\u00fablica-y-Epidemiolog\u00eda-3-125x80.jpg","width":125,"height":80,"mime_type":"image\/jpeg","source_url":"https:\/\/medicina.udd.cl\/centro-epidemiologia-politicas-salud\/files\/2015\/07\/Curso-Salud-P\u00fablica-y-Epidemiolog\u00eda-3-125x80.jpg"},"landscape-medium":{"file":"Curso-Salud-P\u00fablica-y-Epidemiolog\u00eda-3-340x220.jpg","width":340,"height":220,"mime_type":"image\/jpeg","source_url":"https:\/\/medicina.udd.cl\/centro-epidemiologia-politicas-salud\/files\/2015\/07\/Curso-Salud-P\u00fablica-y-Epidemiolog\u00eda-3-340x220.jpg"},"landscape-large":{"file":"Curso-Salud-P\u00fablica-y-Epidemiolog\u00eda-3-365x255.jpg","width":365,"height":255,"mime_type":"image\/jpeg","source_url":"https:\/\/medicina.udd.cl\/centro-epidemiologia-politicas-salud\/files\/2015\/07\/Curso-Salud-P\u00fablica-y-Epidemiolog\u00eda-3-365x255.jpg"},"landscape-xlarge":{"file":"Curso-Salud-P\u00fablica-y-Epidemiolog\u00eda-3-660x330.jpg","width":660,"height":330,"mime_type":"image\/jpeg","source_url":"https:\/\/medicina.udd.cl\/centro-epidemiologia-politicas-salud\/files\/2015\/07\/Curso-Salud-P\u00fablica-y-Epidemiolog\u00eda-3-660x330.jpg"},"custom_content":{"file":"Curso-Salud-P\u00fablica-y-Epidemiolog\u00eda-3-126x126.jpg","width":126,"height":126,"mime_type":"image\/jpeg","source_url":"https:\/\/medicina.udd.cl\/centro-epidemiologia-politicas-salud\/files\/2015\/07\/Curso-Salud-P\u00fablica-y-Epidemiolog\u00eda-3-126x126.jpg"},"full":{"file":"Curso-Salud-P\u00fablica-y-Epidemiolog\u00eda-3.jpg","width":727,"height":330,"mime_type":"image\/jpeg","source_url":"https:\/\/medicina.udd.cl\/centro-epidemiologia-politicas-salud\/files\/2015\/07\/Curso-Salud-P\u00fablica-y-Epidemiolog\u00eda-3.jpg"}},"image_meta":{"aperture":5.6,"credit":"","camera":"DSLR-A390","caption":"","created_timestamp":1406644964,"copyright":"","focal_length":"18","iso":"400","shutter_speed":"0.016666666666667","title":"SONY DSC"}},"post":1237,"source_url":"https:\/\/medicina.udd.cl\/centro-epidemiologia-politicas-salud\/files\/2015\/07\/Curso-Salud-P\u00fablica-y-Epidemiolog\u00eda-3.jpg","_links":{"self":[{"href":"https:\/\/medicina.udd.cl\/centro-epidemiologia-politicas-salud\/wp-json\/wp\/v2\/media\/1240","targetHints":{"allow":["GET"]}}],"collection":[{"href":"https:\/\/medicina.udd.cl\/centro-epidemiologia-politicas-salud\/wp-json\/wp\/v2\/media"}],"about":[{"href":"https:\/\/medicina.udd.cl\/centro-epidemiologia-politicas-salud\/wp-json\/wp\/v2\/types\/attachment"}],"author":[{"embeddable":true,"href":"https:\/\/medicina.udd.cl\/centro-epidemiologia-politicas-salud\/wp-json\/wp\/v2\/users\/42"}],"replies":[{"embeddable":true,"href":"https:\/\/medicina.udd.cl\/centro-epidemiologia-politicas-salud\/wp-json\/wp\/v2\/comments?post=1240"}],"wp:attached-to":[{"embeddable":true,"post_type":"post","id":1237,"href":"https:\/\/medicina.udd.cl\/centro-epidemiologia-politicas-salud\/wp-json\/wp\/v2\/posts\/1237"}],"curies":[{"name":"wp","href":"https:\/\/api.w.org\/{rel}","templated":true}]}}