{"id":1291,"date":"2016-01-07T14:35:50","date_gmt":"2016-01-07T17:35:50","guid":{"rendered":"http:\/\/medicina.udd.cl\/centro-epidemiologia-politicas-salud\/files\/2015\/10\/Epi-15-16-corregida.jpeg"},"modified":"2016-01-07T14:35:50","modified_gmt":"2016-01-07T17:35:50","slug":"epi-15-16-corregida","status":"inherit","type":"attachment","link":"https:\/\/medicina.udd.cl\/centro-epidemiologia-politicas-salud\/noticias\/2015\/10\/22\/se-da-inicio-la-segunda-version-del-diplomado-en-epidemiologia-aplicada\/epi-15-16-corregida\/","title":{"rendered":"Epi 15-16 corregida"},"author":42,"featured_media":0,"comment_status":"open","ping_status":"open","template":"","meta":[],"class_list":["post-1291","attachment","type-attachment","status-inherit","hentry"],"yoast_head":"<!-- This site is optimized with the Yoast SEO plugin v26.9 - https:\/\/yoast.com\/product\/yoast-seo-wordpress\/ -->\n<title>Epi 15-16 corregida - Centro de Epidemiolog\u00eda y Pol\u00edticas de Salud<\/title>\n<meta name=\"robots\" content=\"index, follow, max-snippet:-1, max-image-preview:large, max-video-preview:-1\" \/>\n<link rel=\"canonical\" href=\"https:\/\/medicina.udd.cl\/centro-epidemiologia-politicas-salud\/files\/2015\/10\/Epi-15-16-corregida.jpeg\" \/>\n<meta property=\"og:locale\" content=\"es_ES\" \/>\n<meta property=\"og:type\" content=\"article\" \/>\n<meta property=\"og:title\" content=\"Epi 15-16 corregida - Centro de Epidemiolog\u00eda y Pol\u00edticas de Salud\" \/>\n<meta property=\"og:url\" content=\"https:\/\/medicina.udd.cl\/centro-epidemiologia-politicas-salud\/files\/2015\/10\/Epi-15-16-corregida.jpeg\" \/>\n<meta property=\"og:site_name\" content=\"Centro de Epidemiolog\u00eda y Pol\u00edticas de Salud\" \/>\n<meta property=\"og:image\" content=\"https:\/\/medicina.udd.cl\/centro-epidemiologia-politicas-salud\/files\/2015\/10\/Epi-15-16-corregida.jpeg\" \/>\n\t<meta property=\"og:image:width\" content=\"940\" \/>\n\t<meta property=\"og:image:height\" content=\"399\" \/>\n\t<meta property=\"og:image:type\" content=\"image\/jpeg\" \/>\n<script type=\"application\/ld+json\" class=\"yoast-schema-graph\">{\"@context\":\"https:\/\/schema.org\",\"@graph\":[{\"@type\":\"WebPage\",\"@id\":\"https:\/\/medicina.udd.cl\/centro-epidemiologia-politicas-salud\/files\/2015\/10\/Epi-15-16-corregida.jpeg\",\"url\":\"https:\/\/medicina.udd.cl\/centro-epidemiologia-politicas-salud\/files\/2015\/10\/Epi-15-16-corregida.jpeg\",\"name\":\"Epi 15-16 corregida - Centro de Epidemiolog\u00eda y Pol\u00edticas de Salud\",\"isPartOf\":{\"@id\":\"https:\/\/medicina.udd.cl\/centro-epidemiologia-politicas-salud\/#website\"},\"datePublished\":\"2016-01-07T17:35:50+00:00\",\"breadcrumb\":{\"@id\":\"https:\/\/medicina.udd.cl\/centro-epidemiologia-politicas-salud\/files\/2015\/10\/Epi-15-16-corregida.jpeg#breadcrumb\"},\"inLanguage\":\"es\",\"potentialAction\":[{\"@type\":\"ReadAction\",\"target\":[\"https:\/\/medicina.udd.cl\/centro-epidemiologia-politicas-salud\/files\/2015\/10\/Epi-15-16-corregida.jpeg\"]}]},{\"@type\":\"BreadcrumbList\",\"@id\":\"https:\/\/medicina.udd.cl\/centro-epidemiologia-politicas-salud\/files\/2015\/10\/Epi-15-16-corregida.jpeg#breadcrumb\",\"itemListElement\":[{\"@type\":\"ListItem\",\"position\":1,\"name\":\"Inicio\",\"item\":\"https:\/\/medicina.udd.cl\/centro-epidemiologia-politicas-salud\/\"},{\"@type\":\"ListItem\",\"position\":2,\"name\":\"Se da inicio a la segunda versi\u00f3n del diplomado en Epidemiolog\u00eda Aplicada\",\"item\":\"https:\/\/medicina.udd.cl\/centro-epidemiologia-politicas-salud\/noticias\/2015\/10\/22\/se-da-inicio-la-segunda-version-del-diplomado-en-epidemiologia-aplicada\/\"},{\"@type\":\"ListItem\",\"position\":3,\"name\":\"Epi 15-16 corregida\"}]},{\"@type\":\"WebSite\",\"@id\":\"https:\/\/medicina.udd.cl\/centro-epidemiologia-politicas-salud\/#website\",\"url\":\"https:\/\/medicina.udd.cl\/centro-epidemiologia-politicas-salud\/\",\"name\":\"Centro de Epidemiolog\u00eda y Pol\u00edticas de Salud\",\"description\":\"Otro blog m\u00e1s de Medicina\",\"inLanguage\":\"es\"}]}<\/script>\n<!-- \/ Yoast SEO plugin. -->","yoast_head_json":{"title":"Epi 15-16 corregida - Centro de Epidemiolog\u00eda y Pol\u00edticas de Salud","robots":{"index":"index","follow":"follow","max-snippet":"max-snippet:-1","max-image-preview":"max-image-preview:large","max-video-preview":"max-video-preview:-1"},"canonical":"https:\/\/medicina.udd.cl\/centro-epidemiologia-politicas-salud\/files\/2015\/10\/Epi-15-16-corregida.jpeg","og_locale":"es_ES","og_type":"article","og_title":"Epi 15-16 corregida - Centro de Epidemiolog\u00eda y Pol\u00edticas de Salud","og_url":"https:\/\/medicina.udd.cl\/centro-epidemiologia-politicas-salud\/files\/2015\/10\/Epi-15-16-corregida.jpeg","og_site_name":"Centro de Epidemiolog\u00eda y Pol\u00edticas de Salud","og_image":[{"width":940,"height":399,"url":"https:\/\/medicina.udd.cl\/centro-epidemiologia-politicas-salud\/files\/2015\/10\/Epi-15-16-corregida.jpeg","type":"image\/jpeg"}],"schema":{"@context":"https:\/\/schema.org","@graph":[{"@type":"WebPage","@id":"https:\/\/medicina.udd.cl\/centro-epidemiologia-politicas-salud\/files\/2015\/10\/Epi-15-16-corregida.jpeg","url":"https:\/\/medicina.udd.cl\/centro-epidemiologia-politicas-salud\/files\/2015\/10\/Epi-15-16-corregida.jpeg","name":"Epi 15-16 corregida - Centro de Epidemiolog\u00eda y Pol\u00edticas de Salud","isPartOf":{"@id":"https:\/\/medicina.udd.cl\/centro-epidemiologia-politicas-salud\/#website"},"datePublished":"2016-01-07T17:35:50+00:00","breadcrumb":{"@id":"https:\/\/medicina.udd.cl\/centro-epidemiologia-politicas-salud\/files\/2015\/10\/Epi-15-16-corregida.jpeg#breadcrumb"},"inLanguage":"es","potentialAction":[{"@type":"ReadAction","target":["https:\/\/medicina.udd.cl\/centro-epidemiologia-politicas-salud\/files\/2015\/10\/Epi-15-16-corregida.jpeg"]}]},{"@type":"BreadcrumbList","@id":"https:\/\/medicina.udd.cl\/centro-epidemiologia-politicas-salud\/files\/2015\/10\/Epi-15-16-corregida.jpeg#breadcrumb","itemListElement":[{"@type":"ListItem","position":1,"name":"Inicio","item":"https:\/\/medicina.udd.cl\/centro-epidemiologia-politicas-salud\/"},{"@type":"ListItem","position":2,"name":"Se da inicio a la segunda versi\u00f3n del diplomado en Epidemiolog\u00eda Aplicada","item":"https:\/\/medicina.udd.cl\/centro-epidemiologia-politicas-salud\/noticias\/2015\/10\/22\/se-da-inicio-la-segunda-version-del-diplomado-en-epidemiologia-aplicada\/"},{"@type":"ListItem","position":3,"name":"Epi 15-16 corregida"}]},{"@type":"WebSite","@id":"https:\/\/medicina.udd.cl\/centro-epidemiologia-politicas-salud\/#website","url":"https:\/\/medicina.udd.cl\/centro-epidemiologia-politicas-salud\/","name":"Centro de Epidemiolog\u00eda y Pol\u00edticas de Salud","description":"Otro blog m\u00e1s de Medicina","inLanguage":"es"}]}},"description":{"rendered":"<p class=\"attachment\"><a href='https:\/\/medicina.udd.cl\/centro-epidemiologia-politicas-salud\/files\/2015\/10\/Epi-15-16-corregida.jpeg'><img loading=\"lazy\" decoding=\"async\" width=\"300\" height=\"127\" src=\"https:\/\/medicina.udd.cl\/centro-epidemiologia-politicas-salud\/wp-content\/plugins\/wp-async-img-load\/blank.png\" class=\"attachment-medium size-medium lazyload\" alt=\"\" sizes=\"auto, (max-width: 300px) 100vw, 300px\" data-src=\"https:\/\/medicina.udd.cl\/centro-epidemiologia-politicas-salud\/files\/2015\/10\/Epi-15-16-corregida-300x127.jpeg\" data-srcset=\"https:\/\/medicina.udd.cl\/centro-epidemiologia-politicas-salud\/files\/2015\/10\/Epi-15-16-corregida-300x127.jpeg 300w, https:\/\/medicina.udd.cl\/centro-epidemiologia-politicas-salud\/files\/2015\/10\/Epi-15-16-corregida-768x326.jpeg 768w, https:\/\/medicina.udd.cl\/centro-epidemiologia-politicas-salud\/files\/2015\/10\/Epi-15-16-corregida.jpeg 940w\" \/><\/a><\/p>\n"},"caption":{"rendered":""},"alt_text":"","media_type":"image","mime_type":"image\/jpeg","media_details":{"width":940,"height":399,"file":"2015\/10\/Epi-15-16-corregida.jpeg","sizes":{"thumbnail":{"file":"Epi-15-16-corregida-150x150.jpeg","width":150,"height":150,"mime_type":"image\/jpeg","source_url":"https:\/\/medicina.udd.cl\/centro-epidemiologia-politicas-salud\/files\/2015\/10\/Epi-15-16-corregida-150x150.jpeg"},"medium":{"file":"Epi-15-16-corregida-300x127.jpeg","width":300,"height":127,"mime_type":"image\/jpeg","source_url":"https:\/\/medicina.udd.cl\/centro-epidemiologia-politicas-salud\/files\/2015\/10\/Epi-15-16-corregida-300x127.jpeg"},"medium_large":{"file":"Epi-15-16-corregida-768x326.jpeg","width":768,"height":326,"mime_type":"image\/jpeg","source_url":"https:\/\/medicina.udd.cl\/centro-epidemiologia-politicas-salud\/files\/2015\/10\/Epi-15-16-corregida-768x326.jpeg"},"newsletter_featured":{"file":"Epi-15-16-corregida-316x224.jpeg","width":316,"height":224,"mime_type":"image\/jpeg","source_url":"https:\/\/medicina.udd.cl\/centro-epidemiologia-politicas-salud\/files\/2015\/10\/Epi-15-16-corregida-316x224.jpeg"},"newsletter_first":{"file":"Epi-15-16-corregida-286x205.jpeg","width":286,"height":205,"mime_type":"image\/jpeg","source_url":"https:\/\/medicina.udd.cl\/centro-epidemiologia-politicas-salud\/files\/2015\/10\/Epi-15-16-corregida-286x205.jpeg"},"newsletter_thumb":{"file":"Epi-15-16-corregida-288x150.jpeg","width":288,"height":150,"mime_type":"image\/jpeg","source_url":"https:\/\/medicina.udd.cl\/centro-epidemiologia-politicas-salud\/files\/2015\/10\/Epi-15-16-corregida-288x150.jpeg"},"newsletter_column":{"file":"Epi-15-16-corregida-182x140.jpeg","width":182,"height":140,"mime_type":"image\/jpeg","source_url":"https:\/\/medicina.udd.cl\/centro-epidemiologia-politicas-salud\/files\/2015\/10\/Epi-15-16-corregida-182x140.jpeg"},"newsletter_square":{"file":"Epi-15-16-corregida-62x62.jpeg","width":62,"height":62,"mime_type":"image\/jpeg","source_url":"https:\/\/medicina.udd.cl\/centro-epidemiologia-politicas-salud\/files\/2015\/10\/Epi-15-16-corregida-62x62.jpeg"},"newsletter_square_large":{"file":"Epi-15-16-corregida-87x62.jpeg","width":87,"height":62,"mime_type":"image\/jpeg","source_url":"https:\/\/medicina.udd.cl\/centro-epidemiologia-politicas-salud\/files\/2015\/10\/Epi-15-16-corregida-87x62.jpeg"},"featured-home":{"file":"Epi-15-16-corregida-800x399.jpeg","width":800,"height":399,"mime_type":"image\/jpeg","source_url":"https:\/\/medicina.udd.cl\/centro-epidemiologia-politicas-salud\/files\/2015\/10\/Epi-15-16-corregida-800x399.jpeg"},"featured-career":{"file":"Epi-15-16-corregida-660x399.jpeg","width":660,"height":399,"mime_type":"image\/jpeg","source_url":"https:\/\/medicina.udd.cl\/centro-epidemiologia-politicas-salud\/files\/2015\/10\/Epi-15-16-corregida-660x399.jpeg"},"squared":{"file":"Epi-15-16-corregida-300x300.jpeg","width":300,"height":300,"mime_type":"image\/jpeg","source_url":"https:\/\/medicina.udd.cl\/centro-epidemiologia-politicas-salud\/files\/2015\/10\/Epi-15-16-corregida-300x300.jpeg"},"stretch":{"file":"Epi-15-16-corregida-800x399.jpeg","width":800,"height":399,"mime_type":"image\/jpeg","source_url":"https:\/\/medicina.udd.cl\/centro-epidemiologia-politicas-salud\/files\/2015\/10\/Epi-15-16-corregida-800x399.jpeg"},"portrait-medium":{"file":"Epi-15-16-corregida-220x260.jpeg","width":220,"height":260,"mime_type":"image\/jpeg","source_url":"https:\/\/medicina.udd.cl\/centro-epidemiologia-politicas-salud\/files\/2015\/10\/Epi-15-16-corregida-220x260.jpeg"},"landscape-small":{"file":"Epi-15-16-corregida-125x80.jpeg","width":125,"height":80,"mime_type":"image\/jpeg","source_url":"https:\/\/medicina.udd.cl\/centro-epidemiologia-politicas-salud\/files\/2015\/10\/Epi-15-16-corregida-125x80.jpeg"},"landscape-medium":{"file":"Epi-15-16-corregida-340x220.jpeg","width":340,"height":220,"mime_type":"image\/jpeg","source_url":"https:\/\/medicina.udd.cl\/centro-epidemiologia-politicas-salud\/files\/2015\/10\/Epi-15-16-corregida-340x220.jpeg"},"landscape-large":{"file":"Epi-15-16-corregida-365x255.jpeg","width":365,"height":255,"mime_type":"image\/jpeg","source_url":"https:\/\/medicina.udd.cl\/centro-epidemiologia-politicas-salud\/files\/2015\/10\/Epi-15-16-corregida-365x255.jpeg"},"landscape-xlarge":{"file":"Epi-15-16-corregida-660x399.jpeg","width":660,"height":399,"mime_type":"image\/jpeg","source_url":"https:\/\/medicina.udd.cl\/centro-epidemiologia-politicas-salud\/files\/2015\/10\/Epi-15-16-corregida-660x399.jpeg"},"panoramic":{"file":"Epi-15-16-corregida-940x345.jpeg","width":940,"height":345,"mime_type":"image\/jpeg","source_url":"https:\/\/medicina.udd.cl\/centro-epidemiologia-politicas-salud\/files\/2015\/10\/Epi-15-16-corregida-940x345.jpeg"},"stretch-large":{"file":"Epi-15-16-corregida-940x399.jpeg","width":940,"height":399,"mime_type":"image\/jpeg","source_url":"https:\/\/medicina.udd.cl\/centro-epidemiologia-politicas-salud\/files\/2015\/10\/Epi-15-16-corregida-940x399.jpeg"},"custom_content":{"file":"Epi-15-16-corregida-126x126.jpeg","width":126,"height":126,"mime_type":"image\/jpeg","source_url":"https:\/\/medicina.udd.cl\/centro-epidemiologia-politicas-salud\/files\/2015\/10\/Epi-15-16-corregida-126x126.jpeg"},"full":{"file":"Epi-15-16-corregida.jpeg","width":940,"height":399,"mime_type":"image\/jpeg","source_url":"https:\/\/medicina.udd.cl\/centro-epidemiologia-politicas-salud\/files\/2015\/10\/Epi-15-16-corregida.jpeg"}},"image_meta":{"aperture":"4","credit":"Danilo Ocaranza T.","camera":"Canon EOS REBEL T2i","caption":"","created_timestamp":"1445693819","copyright":"(CC) BY-NC-SA","focal_length":"24","iso":"200","shutter_speed":"0.016666666666667","title":"","orientation":"1","keywords":[]}},"post":1267,"source_url":"https:\/\/medicina.udd.cl\/centro-epidemiologia-politicas-salud\/files\/2015\/10\/Epi-15-16-corregida.jpeg","_links":{"self":[{"href":"https:\/\/medicina.udd.cl\/centro-epidemiologia-politicas-salud\/wp-json\/wp\/v2\/media\/1291","targetHints":{"allow":["GET"]}}],"collection":[{"href":"https:\/\/medicina.udd.cl\/centro-epidemiologia-politicas-salud\/wp-json\/wp\/v2\/media"}],"about":[{"href":"https:\/\/medicina.udd.cl\/centro-epidemiologia-politicas-salud\/wp-json\/wp\/v2\/types\/attachment"}],"author":[{"embeddable":true,"href":"https:\/\/medicina.udd.cl\/centro-epidemiologia-politicas-salud\/wp-json\/wp\/v2\/users\/42"}],"replies":[{"embeddable":true,"href":"https:\/\/medicina.udd.cl\/centro-epidemiologia-politicas-salud\/wp-json\/wp\/v2\/comments?post=1291"}],"wp:attached-to":[{"embeddable":true,"post_type":"post","id":1267,"href":"https:\/\/medicina.udd.cl\/centro-epidemiologia-politicas-salud\/wp-json\/wp\/v2\/posts\/1267"}],"curies":[{"name":"wp","href":"https:\/\/api.w.org\/{rel}","templated":true}]}}