{"id":1451,"date":"2016-08-02T12:50:28","date_gmt":"2016-08-02T16:50:28","guid":{"rendered":"http:\/\/medicina.udd.cl\/centro-epidemiologia-politicas-salud\/files\/2016\/08\/Diplomado-en-Epidemiolog\u00eda-de-Campo-2.jpg"},"modified":"2016-08-02T12:50:28","modified_gmt":"2016-08-02T16:50:28","slug":"diplomado-en-epidemiologia-de-campo-2","status":"inherit","type":"attachment","link":"https:\/\/medicina.udd.cl\/centro-epidemiologia-politicas-salud\/noticias\/2016\/08\/02\/ceps-da-inicio-a-su-diplomado-en-epidemiologia-de-campo\/diplomado-en-epidemiologia-de-campo-2\/","title":{"rendered":"Diplomado en Epidemiolog\u00eda de Campo (2)"},"author":42,"featured_media":0,"comment_status":"open","ping_status":"closed","template":"","meta":[],"class_list":["post-1451","attachment","type-attachment","status-inherit","hentry"],"yoast_head":"<!-- This site is optimized with the Yoast SEO plugin v26.9 - https:\/\/yoast.com\/product\/yoast-seo-wordpress\/ -->\n<title>Diplomado en Epidemiolog\u00eda de Campo (2) - Centro de Epidemiolog\u00eda y Pol\u00edticas de Salud<\/title>\n<meta name=\"robots\" content=\"index, follow, max-snippet:-1, max-image-preview:large, max-video-preview:-1\" \/>\n<link rel=\"canonical\" href=\"https:\/\/medicina.udd.cl\/centro-epidemiologia-politicas-salud\/files\/2016\/08\/Diplomado-en-Epidemiolog\u00eda-de-Campo-2.jpg\" \/>\n<meta property=\"og:locale\" content=\"es_ES\" \/>\n<meta property=\"og:type\" content=\"article\" \/>\n<meta property=\"og:title\" content=\"Diplomado en Epidemiolog\u00eda de Campo (2) - Centro de Epidemiolog\u00eda y Pol\u00edticas de Salud\" \/>\n<meta property=\"og:url\" content=\"https:\/\/medicina.udd.cl\/centro-epidemiologia-politicas-salud\/files\/2016\/08\/Diplomado-en-Epidemiolog\u00eda-de-Campo-2.jpg\" \/>\n<meta property=\"og:site_name\" content=\"Centro de Epidemiolog\u00eda y Pol\u00edticas de Salud\" \/>\n<meta property=\"og:image\" content=\"https:\/\/medicina.udd.cl\/centro-epidemiologia-politicas-salud\/files\/2016\/08\/Diplomado-en-Epidemiolog\u00eda-de-Campo-2.jpg\" \/>\n\t<meta property=\"og:image:width\" content=\"744\" \/>\n\t<meta property=\"og:image:height\" content=\"450\" \/>\n\t<meta property=\"og:image:type\" content=\"image\/jpeg\" \/>\n<script type=\"application\/ld+json\" class=\"yoast-schema-graph\">{\"@context\":\"https:\/\/schema.org\",\"@graph\":[{\"@type\":\"WebPage\",\"@id\":\"https:\/\/medicina.udd.cl\/centro-epidemiologia-politicas-salud\/files\/2016\/08\/Diplomado-en-Epidemiolog\u00eda-de-Campo-2.jpg\",\"url\":\"https:\/\/medicina.udd.cl\/centro-epidemiologia-politicas-salud\/files\/2016\/08\/Diplomado-en-Epidemiolog\u00eda-de-Campo-2.jpg\",\"name\":\"Diplomado en Epidemiolog\u00eda de Campo (2) - Centro de Epidemiolog\u00eda y Pol\u00edticas de Salud\",\"isPartOf\":{\"@id\":\"https:\/\/medicina.udd.cl\/centro-epidemiologia-politicas-salud\/#website\"},\"datePublished\":\"2016-08-02T16:50:28+00:00\",\"breadcrumb\":{\"@id\":\"https:\/\/medicina.udd.cl\/centro-epidemiologia-politicas-salud\/files\/2016\/08\/Diplomado-en-Epidemiolog\u00eda-de-Campo-2.jpg#breadcrumb\"},\"inLanguage\":\"es\",\"potentialAction\":[{\"@type\":\"ReadAction\",\"target\":[\"https:\/\/medicina.udd.cl\/centro-epidemiologia-politicas-salud\/files\/2016\/08\/Diplomado-en-Epidemiolog\u00eda-de-Campo-2.jpg\"]}]},{\"@type\":\"BreadcrumbList\",\"@id\":\"https:\/\/medicina.udd.cl\/centro-epidemiologia-politicas-salud\/files\/2016\/08\/Diplomado-en-Epidemiolog\u00eda-de-Campo-2.jpg#breadcrumb\",\"itemListElement\":[{\"@type\":\"ListItem\",\"position\":1,\"name\":\"Inicio\",\"item\":\"https:\/\/medicina.udd.cl\/centro-epidemiologia-politicas-salud\/\"},{\"@type\":\"ListItem\",\"position\":2,\"name\":\"CEPS da inicio a su Diplomado en Epidemiolog\u00eda de Campo\",\"item\":\"https:\/\/medicina.udd.cl\/centro-epidemiologia-politicas-salud\/noticias\/2016\/08\/02\/ceps-da-inicio-a-su-diplomado-en-epidemiologia-de-campo\/\"},{\"@type\":\"ListItem\",\"position\":3,\"name\":\"Diplomado en Epidemiolog\u00eda de Campo (2)\"}]},{\"@type\":\"WebSite\",\"@id\":\"https:\/\/medicina.udd.cl\/centro-epidemiologia-politicas-salud\/#website\",\"url\":\"https:\/\/medicina.udd.cl\/centro-epidemiologia-politicas-salud\/\",\"name\":\"Centro de Epidemiolog\u00eda y Pol\u00edticas de Salud\",\"description\":\"Otro blog m\u00e1s de Medicina\",\"inLanguage\":\"es\"}]}<\/script>\n<!-- \/ Yoast SEO plugin. -->","yoast_head_json":{"title":"Diplomado en Epidemiolog\u00eda de Campo (2) - Centro de Epidemiolog\u00eda y Pol\u00edticas de Salud","robots":{"index":"index","follow":"follow","max-snippet":"max-snippet:-1","max-image-preview":"max-image-preview:large","max-video-preview":"max-video-preview:-1"},"canonical":"https:\/\/medicina.udd.cl\/centro-epidemiologia-politicas-salud\/files\/2016\/08\/Diplomado-en-Epidemiolog\u00eda-de-Campo-2.jpg","og_locale":"es_ES","og_type":"article","og_title":"Diplomado en Epidemiolog\u00eda de Campo (2) - Centro de Epidemiolog\u00eda y Pol\u00edticas de Salud","og_url":"https:\/\/medicina.udd.cl\/centro-epidemiologia-politicas-salud\/files\/2016\/08\/Diplomado-en-Epidemiolog\u00eda-de-Campo-2.jpg","og_site_name":"Centro de Epidemiolog\u00eda y Pol\u00edticas de Salud","og_image":[{"width":744,"height":450,"url":"https:\/\/medicina.udd.cl\/centro-epidemiologia-politicas-salud\/files\/2016\/08\/Diplomado-en-Epidemiolog\u00eda-de-Campo-2.jpg","type":"image\/jpeg"}],"schema":{"@context":"https:\/\/schema.org","@graph":[{"@type":"WebPage","@id":"https:\/\/medicina.udd.cl\/centro-epidemiologia-politicas-salud\/files\/2016\/08\/Diplomado-en-Epidemiolog\u00eda-de-Campo-2.jpg","url":"https:\/\/medicina.udd.cl\/centro-epidemiologia-politicas-salud\/files\/2016\/08\/Diplomado-en-Epidemiolog\u00eda-de-Campo-2.jpg","name":"Diplomado en Epidemiolog\u00eda de Campo (2) - Centro de Epidemiolog\u00eda y Pol\u00edticas de Salud","isPartOf":{"@id":"https:\/\/medicina.udd.cl\/centro-epidemiologia-politicas-salud\/#website"},"datePublished":"2016-08-02T16:50:28+00:00","breadcrumb":{"@id":"https:\/\/medicina.udd.cl\/centro-epidemiologia-politicas-salud\/files\/2016\/08\/Diplomado-en-Epidemiolog\u00eda-de-Campo-2.jpg#breadcrumb"},"inLanguage":"es","potentialAction":[{"@type":"ReadAction","target":["https:\/\/medicina.udd.cl\/centro-epidemiologia-politicas-salud\/files\/2016\/08\/Diplomado-en-Epidemiolog\u00eda-de-Campo-2.jpg"]}]},{"@type":"BreadcrumbList","@id":"https:\/\/medicina.udd.cl\/centro-epidemiologia-politicas-salud\/files\/2016\/08\/Diplomado-en-Epidemiolog\u00eda-de-Campo-2.jpg#breadcrumb","itemListElement":[{"@type":"ListItem","position":1,"name":"Inicio","item":"https:\/\/medicina.udd.cl\/centro-epidemiologia-politicas-salud\/"},{"@type":"ListItem","position":2,"name":"CEPS da inicio a su Diplomado en Epidemiolog\u00eda de Campo","item":"https:\/\/medicina.udd.cl\/centro-epidemiologia-politicas-salud\/noticias\/2016\/08\/02\/ceps-da-inicio-a-su-diplomado-en-epidemiologia-de-campo\/"},{"@type":"ListItem","position":3,"name":"Diplomado en Epidemiolog\u00eda de Campo (2)"}]},{"@type":"WebSite","@id":"https:\/\/medicina.udd.cl\/centro-epidemiologia-politicas-salud\/#website","url":"https:\/\/medicina.udd.cl\/centro-epidemiologia-politicas-salud\/","name":"Centro de Epidemiolog\u00eda y Pol\u00edticas de Salud","description":"Otro blog m\u00e1s de Medicina","inLanguage":"es"}]}},"description":{"rendered":"<p class=\"attachment\"><a href='https:\/\/medicina.udd.cl\/centro-epidemiologia-politicas-salud\/files\/2016\/08\/Diplomado-en-Epidemiolog\u00eda-de-Campo-2.jpg'><img loading=\"lazy\" decoding=\"async\" width=\"300\" height=\"181\" src=\"https:\/\/medicina.udd.cl\/centro-epidemiologia-politicas-salud\/wp-content\/plugins\/wp-async-img-load\/blank.png\" class=\"attachment-medium size-medium lazyload\" alt=\"\" sizes=\"auto, (max-width: 300px) 100vw, 300px\" data-src=\"https:\/\/medicina.udd.cl\/centro-epidemiologia-politicas-salud\/files\/2016\/08\/Diplomado-en-Epidemiolog\u00eda-de-Campo-2-300x181.jpg\" data-srcset=\"https:\/\/medicina.udd.cl\/centro-epidemiologia-politicas-salud\/files\/2016\/08\/Diplomado-en-Epidemiolog\u00eda-de-Campo-2-300x181.jpg 300w, https:\/\/medicina.udd.cl\/centro-epidemiologia-politicas-salud\/files\/2016\/08\/Diplomado-en-Epidemiolog\u00eda-de-Campo-2.jpg 744w\" \/><\/a><\/p>\n"},"caption":{"rendered":""},"alt_text":"","media_type":"image","mime_type":"image\/jpeg","media_details":{"width":744,"height":450,"file":"2016\/08\/Diplomado-en-Epidemiolog\u00eda-de-Campo-2.jpg","sizes":{"thumbnail":{"file":"Diplomado-en-Epidemiolog\u00eda-de-Campo-2-150x150.jpg","width":150,"height":150,"mime_type":"image\/jpeg","source_url":"https:\/\/medicina.udd.cl\/centro-epidemiologia-politicas-salud\/files\/2016\/08\/Diplomado-en-Epidemiolog\u00eda-de-Campo-2-150x150.jpg"},"medium":{"file":"Diplomado-en-Epidemiolog\u00eda-de-Campo-2-300x181.jpg","width":300,"height":181,"mime_type":"image\/jpeg","source_url":"https:\/\/medicina.udd.cl\/centro-epidemiologia-politicas-salud\/files\/2016\/08\/Diplomado-en-Epidemiolog\u00eda-de-Campo-2-300x181.jpg"},"newsletter_featured":{"file":"Diplomado-en-Epidemiolog\u00eda-de-Campo-2-316x224.jpg","width":316,"height":224,"mime_type":"image\/jpeg","source_url":"https:\/\/medicina.udd.cl\/centro-epidemiologia-politicas-salud\/files\/2016\/08\/Diplomado-en-Epidemiolog\u00eda-de-Campo-2-316x224.jpg"},"newsletter_first":{"file":"Diplomado-en-Epidemiolog\u00eda-de-Campo-2-286x205.jpg","width":286,"height":205,"mime_type":"image\/jpeg","source_url":"https:\/\/medicina.udd.cl\/centro-epidemiologia-politicas-salud\/files\/2016\/08\/Diplomado-en-Epidemiolog\u00eda-de-Campo-2-286x205.jpg"},"newsletter_thumb":{"file":"Diplomado-en-Epidemiolog\u00eda-de-Campo-2-288x150.jpg","width":288,"height":150,"mime_type":"image\/jpeg","source_url":"https:\/\/medicina.udd.cl\/centro-epidemiologia-politicas-salud\/files\/2016\/08\/Diplomado-en-Epidemiolog\u00eda-de-Campo-2-288x150.jpg"},"newsletter_column":{"file":"Diplomado-en-Epidemiolog\u00eda-de-Campo-2-182x140.jpg","width":182,"height":140,"mime_type":"image\/jpeg","source_url":"https:\/\/medicina.udd.cl\/centro-epidemiologia-politicas-salud\/files\/2016\/08\/Diplomado-en-Epidemiolog\u00eda-de-Campo-2-182x140.jpg"},"newsletter_square":{"file":"Diplomado-en-Epidemiolog\u00eda-de-Campo-2-62x62.jpg","width":62,"height":62,"mime_type":"image\/jpeg","source_url":"https:\/\/medicina.udd.cl\/centro-epidemiologia-politicas-salud\/files\/2016\/08\/Diplomado-en-Epidemiolog\u00eda-de-Campo-2-62x62.jpg"},"newsletter_square_large":{"file":"Diplomado-en-Epidemiolog\u00eda-de-Campo-2-87x62.jpg","width":87,"height":62,"mime_type":"image\/jpeg","source_url":"https:\/\/medicina.udd.cl\/centro-epidemiologia-politicas-salud\/files\/2016\/08\/Diplomado-en-Epidemiolog\u00eda-de-Campo-2-87x62.jpg"},"featured-home":{"file":"Diplomado-en-Epidemiolog\u00eda-de-Campo-2-744x450.jpg","width":744,"height":450,"mime_type":"image\/jpeg","source_url":"https:\/\/medicina.udd.cl\/centro-epidemiologia-politicas-salud\/files\/2016\/08\/Diplomado-en-Epidemiolog\u00eda-de-Campo-2-744x450.jpg"},"featured-career":{"file":"Diplomado-en-Epidemiolog\u00eda-de-Campo-2-660x430.jpg","width":660,"height":430,"mime_type":"image\/jpeg","source_url":"https:\/\/medicina.udd.cl\/centro-epidemiologia-politicas-salud\/files\/2016\/08\/Diplomado-en-Epidemiolog\u00eda-de-Campo-2-660x430.jpg"},"squared":{"file":"Diplomado-en-Epidemiolog\u00eda-de-Campo-2-300x300.jpg","width":300,"height":300,"mime_type":"image\/jpeg","source_url":"https:\/\/medicina.udd.cl\/centro-epidemiologia-politicas-salud\/files\/2016\/08\/Diplomado-en-Epidemiolog\u00eda-de-Campo-2-300x300.jpg"},"stretch":{"file":"Diplomado-en-Epidemiolog\u00eda-de-Campo-2-744x450.jpg","width":744,"height":450,"mime_type":"image\/jpeg","source_url":"https:\/\/medicina.udd.cl\/centro-epidemiologia-politicas-salud\/files\/2016\/08\/Diplomado-en-Epidemiolog\u00eda-de-Campo-2-744x450.jpg"},"portrait-medium":{"file":"Diplomado-en-Epidemiolog\u00eda-de-Campo-2-220x260.jpg","width":220,"height":260,"mime_type":"image\/jpeg","source_url":"https:\/\/medicina.udd.cl\/centro-epidemiologia-politicas-salud\/files\/2016\/08\/Diplomado-en-Epidemiolog\u00eda-de-Campo-2-220x260.jpg"},"landscape-small":{"file":"Diplomado-en-Epidemiolog\u00eda-de-Campo-2-125x80.jpg","width":125,"height":80,"mime_type":"image\/jpeg","source_url":"https:\/\/medicina.udd.cl\/centro-epidemiologia-politicas-salud\/files\/2016\/08\/Diplomado-en-Epidemiolog\u00eda-de-Campo-2-125x80.jpg"},"landscape-medium":{"file":"Diplomado-en-Epidemiolog\u00eda-de-Campo-2-340x220.jpg","width":340,"height":220,"mime_type":"image\/jpeg","source_url":"https:\/\/medicina.udd.cl\/centro-epidemiologia-politicas-salud\/files\/2016\/08\/Diplomado-en-Epidemiolog\u00eda-de-Campo-2-340x220.jpg"},"landscape-large":{"file":"Diplomado-en-Epidemiolog\u00eda-de-Campo-2-365x255.jpg","width":365,"height":255,"mime_type":"image\/jpeg","source_url":"https:\/\/medicina.udd.cl\/centro-epidemiologia-politicas-salud\/files\/2016\/08\/Diplomado-en-Epidemiolog\u00eda-de-Campo-2-365x255.jpg"},"landscape-xlarge":{"file":"Diplomado-en-Epidemiolog\u00eda-de-Campo-2-660x430.jpg","width":660,"height":430,"mime_type":"image\/jpeg","source_url":"https:\/\/medicina.udd.cl\/centro-epidemiologia-politicas-salud\/files\/2016\/08\/Diplomado-en-Epidemiolog\u00eda-de-Campo-2-660x430.jpg"},"panoramic":{"file":"Diplomado-en-Epidemiolog\u00eda-de-Campo-2-744x345.jpg","width":744,"height":345,"mime_type":"image\/jpeg","source_url":"https:\/\/medicina.udd.cl\/centro-epidemiologia-politicas-salud\/files\/2016\/08\/Diplomado-en-Epidemiolog\u00eda-de-Campo-2-744x345.jpg"},"stretch-large":{"file":"Diplomado-en-Epidemiolog\u00eda-de-Campo-2-744x450.jpg","width":744,"height":450,"mime_type":"image\/jpeg","source_url":"https:\/\/medicina.udd.cl\/centro-epidemiologia-politicas-salud\/files\/2016\/08\/Diplomado-en-Epidemiolog\u00eda-de-Campo-2-744x450.jpg"},"custom_content":{"file":"Diplomado-en-Epidemiolog\u00eda-de-Campo-2-126x126.jpg","width":126,"height":126,"mime_type":"image\/jpeg","source_url":"https:\/\/medicina.udd.cl\/centro-epidemiologia-politicas-salud\/files\/2016\/08\/Diplomado-en-Epidemiolog\u00eda-de-Campo-2-126x126.jpg"},"full":{"file":"Diplomado-en-Epidemiolog\u00eda-de-Campo-2.jpg","width":744,"height":450,"mime_type":"image\/jpeg","source_url":"https:\/\/medicina.udd.cl\/centro-epidemiologia-politicas-salud\/files\/2016\/08\/Diplomado-en-Epidemiolog\u00eda-de-Campo-2.jpg"}},"image_meta":{"aperture":"3.5","credit":"","camera":"Canon PowerShot SX510 HS","caption":"","created_timestamp":"1400360923","copyright":"","focal_length":"4.53","iso":"800","shutter_speed":"0.04","title":"","orientation":"1","keywords":[]}},"post":1449,"source_url":"https:\/\/medicina.udd.cl\/centro-epidemiologia-politicas-salud\/files\/2016\/08\/Diplomado-en-Epidemiolog\u00eda-de-Campo-2.jpg","_links":{"self":[{"href":"https:\/\/medicina.udd.cl\/centro-epidemiologia-politicas-salud\/wp-json\/wp\/v2\/media\/1451","targetHints":{"allow":["GET"]}}],"collection":[{"href":"https:\/\/medicina.udd.cl\/centro-epidemiologia-politicas-salud\/wp-json\/wp\/v2\/media"}],"about":[{"href":"https:\/\/medicina.udd.cl\/centro-epidemiologia-politicas-salud\/wp-json\/wp\/v2\/types\/attachment"}],"author":[{"embeddable":true,"href":"https:\/\/medicina.udd.cl\/centro-epidemiologia-politicas-salud\/wp-json\/wp\/v2\/users\/42"}],"replies":[{"embeddable":true,"href":"https:\/\/medicina.udd.cl\/centro-epidemiologia-politicas-salud\/wp-json\/wp\/v2\/comments?post=1451"}],"wp:attached-to":[{"embeddable":true,"post_type":"post","id":1449,"href":"https:\/\/medicina.udd.cl\/centro-epidemiologia-politicas-salud\/wp-json\/wp\/v2\/posts\/1449"}],"curies":[{"name":"wp","href":"https:\/\/api.w.org\/{rel}","templated":true}]}}