{"id":1477,"date":"2016-10-26T17:47:39","date_gmt":"2016-10-26T20:47:39","guid":{"rendered":"http:\/\/medicina.udd.cl\/centro-epidemiologia-politicas-salud\/files\/2016\/10\/Reuni\u00f3n-OPS-Arbovirosis-2.jpeg"},"modified":"2016-10-26T17:47:39","modified_gmt":"2016-10-26T20:47:39","slug":"reunion-ops-arbovirosis-2","status":"inherit","type":"attachment","link":"https:\/\/medicina.udd.cl\/centro-epidemiologia-politicas-salud\/noticias\/2016\/10\/26\/investigadora-udd-participo-en-reunion-de-la-ops-sobre-vigilancia-y-control-de-las-arbovirosis\/reunion-ops-arbovirosis-2\/","title":{"rendered":"Reuni\u00f3n OPS Arbovirosis (2)"},"author":42,"featured_media":0,"comment_status":"open","ping_status":"closed","template":"","meta":[],"class_list":["post-1477","attachment","type-attachment","status-inherit","hentry"],"yoast_head":"<!-- This site is optimized with the Yoast SEO plugin v26.9 - https:\/\/yoast.com\/product\/yoast-seo-wordpress\/ -->\n<title>Reuni\u00f3n OPS Arbovirosis (2) - Centro de Epidemiolog\u00eda y Pol\u00edticas de Salud<\/title>\n<meta name=\"robots\" content=\"index, follow, max-snippet:-1, max-image-preview:large, max-video-preview:-1\" \/>\n<link rel=\"canonical\" href=\"https:\/\/medicina.udd.cl\/centro-epidemiologia-politicas-salud\/files\/2016\/10\/Reuni\u00f3n-OPS-Arbovirosis-2.jpeg\" \/>\n<meta property=\"og:locale\" content=\"es_ES\" \/>\n<meta property=\"og:type\" content=\"article\" \/>\n<meta property=\"og:title\" content=\"Reuni\u00f3n OPS Arbovirosis (2) - Centro de Epidemiolog\u00eda y Pol\u00edticas de Salud\" \/>\n<meta property=\"og:url\" content=\"https:\/\/medicina.udd.cl\/centro-epidemiologia-politicas-salud\/files\/2016\/10\/Reuni\u00f3n-OPS-Arbovirosis-2.jpeg\" \/>\n<meta property=\"og:site_name\" content=\"Centro de Epidemiolog\u00eda y Pol\u00edticas de Salud\" \/>\n<meta property=\"og:image\" content=\"https:\/\/medicina.udd.cl\/centro-epidemiologia-politicas-salud\/files\/2016\/10\/Reuni\u00f3n-OPS-Arbovirosis-2.jpeg\" \/>\n\t<meta property=\"og:image:width\" content=\"459\" \/>\n\t<meta property=\"og:image:height\" content=\"374\" \/>\n\t<meta property=\"og:image:type\" content=\"image\/jpeg\" \/>\n<script type=\"application\/ld+json\" class=\"yoast-schema-graph\">{\"@context\":\"https:\/\/schema.org\",\"@graph\":[{\"@type\":\"WebPage\",\"@id\":\"https:\/\/medicina.udd.cl\/centro-epidemiologia-politicas-salud\/files\/2016\/10\/Reuni\u00f3n-OPS-Arbovirosis-2.jpeg\",\"url\":\"https:\/\/medicina.udd.cl\/centro-epidemiologia-politicas-salud\/files\/2016\/10\/Reuni\u00f3n-OPS-Arbovirosis-2.jpeg\",\"name\":\"Reuni\u00f3n OPS Arbovirosis (2) - Centro de Epidemiolog\u00eda y Pol\u00edticas de Salud\",\"isPartOf\":{\"@id\":\"https:\/\/medicina.udd.cl\/centro-epidemiologia-politicas-salud\/#website\"},\"datePublished\":\"2016-10-26T20:47:39+00:00\",\"breadcrumb\":{\"@id\":\"https:\/\/medicina.udd.cl\/centro-epidemiologia-politicas-salud\/files\/2016\/10\/Reuni\u00f3n-OPS-Arbovirosis-2.jpeg#breadcrumb\"},\"inLanguage\":\"es\",\"potentialAction\":[{\"@type\":\"ReadAction\",\"target\":[\"https:\/\/medicina.udd.cl\/centro-epidemiologia-politicas-salud\/files\/2016\/10\/Reuni\u00f3n-OPS-Arbovirosis-2.jpeg\"]}]},{\"@type\":\"BreadcrumbList\",\"@id\":\"https:\/\/medicina.udd.cl\/centro-epidemiologia-politicas-salud\/files\/2016\/10\/Reuni\u00f3n-OPS-Arbovirosis-2.jpeg#breadcrumb\",\"itemListElement\":[{\"@type\":\"ListItem\",\"position\":1,\"name\":\"Inicio\",\"item\":\"https:\/\/medicina.udd.cl\/centro-epidemiologia-politicas-salud\/\"},{\"@type\":\"ListItem\",\"position\":2,\"name\":\"Investigadora UDD particip\u00f3 en reuni\u00f3n de la OPS sobre vigilancia y control de las Arbovirosis\",\"item\":\"https:\/\/medicina.udd.cl\/centro-epidemiologia-politicas-salud\/noticias\/2016\/10\/26\/investigadora-udd-participo-en-reunion-de-la-ops-sobre-vigilancia-y-control-de-las-arbovirosis\/\"},{\"@type\":\"ListItem\",\"position\":3,\"name\":\"Reuni\u00f3n OPS Arbovirosis (2)\"}]},{\"@type\":\"WebSite\",\"@id\":\"https:\/\/medicina.udd.cl\/centro-epidemiologia-politicas-salud\/#website\",\"url\":\"https:\/\/medicina.udd.cl\/centro-epidemiologia-politicas-salud\/\",\"name\":\"Centro de Epidemiolog\u00eda y Pol\u00edticas de Salud\",\"description\":\"Otro blog m\u00e1s de Medicina\",\"inLanguage\":\"es\"}]}<\/script>\n<!-- \/ Yoast SEO plugin. -->","yoast_head_json":{"title":"Reuni\u00f3n OPS Arbovirosis (2) - Centro de Epidemiolog\u00eda y Pol\u00edticas de Salud","robots":{"index":"index","follow":"follow","max-snippet":"max-snippet:-1","max-image-preview":"max-image-preview:large","max-video-preview":"max-video-preview:-1"},"canonical":"https:\/\/medicina.udd.cl\/centro-epidemiologia-politicas-salud\/files\/2016\/10\/Reuni\u00f3n-OPS-Arbovirosis-2.jpeg","og_locale":"es_ES","og_type":"article","og_title":"Reuni\u00f3n OPS Arbovirosis (2) - Centro de Epidemiolog\u00eda y Pol\u00edticas de Salud","og_url":"https:\/\/medicina.udd.cl\/centro-epidemiologia-politicas-salud\/files\/2016\/10\/Reuni\u00f3n-OPS-Arbovirosis-2.jpeg","og_site_name":"Centro de Epidemiolog\u00eda y Pol\u00edticas de Salud","og_image":[{"width":459,"height":374,"url":"https:\/\/medicina.udd.cl\/centro-epidemiologia-politicas-salud\/files\/2016\/10\/Reuni\u00f3n-OPS-Arbovirosis-2.jpeg","type":"image\/jpeg"}],"schema":{"@context":"https:\/\/schema.org","@graph":[{"@type":"WebPage","@id":"https:\/\/medicina.udd.cl\/centro-epidemiologia-politicas-salud\/files\/2016\/10\/Reuni\u00f3n-OPS-Arbovirosis-2.jpeg","url":"https:\/\/medicina.udd.cl\/centro-epidemiologia-politicas-salud\/files\/2016\/10\/Reuni\u00f3n-OPS-Arbovirosis-2.jpeg","name":"Reuni\u00f3n OPS Arbovirosis (2) - Centro de Epidemiolog\u00eda y Pol\u00edticas de Salud","isPartOf":{"@id":"https:\/\/medicina.udd.cl\/centro-epidemiologia-politicas-salud\/#website"},"datePublished":"2016-10-26T20:47:39+00:00","breadcrumb":{"@id":"https:\/\/medicina.udd.cl\/centro-epidemiologia-politicas-salud\/files\/2016\/10\/Reuni\u00f3n-OPS-Arbovirosis-2.jpeg#breadcrumb"},"inLanguage":"es","potentialAction":[{"@type":"ReadAction","target":["https:\/\/medicina.udd.cl\/centro-epidemiologia-politicas-salud\/files\/2016\/10\/Reuni\u00f3n-OPS-Arbovirosis-2.jpeg"]}]},{"@type":"BreadcrumbList","@id":"https:\/\/medicina.udd.cl\/centro-epidemiologia-politicas-salud\/files\/2016\/10\/Reuni\u00f3n-OPS-Arbovirosis-2.jpeg#breadcrumb","itemListElement":[{"@type":"ListItem","position":1,"name":"Inicio","item":"https:\/\/medicina.udd.cl\/centro-epidemiologia-politicas-salud\/"},{"@type":"ListItem","position":2,"name":"Investigadora UDD particip\u00f3 en reuni\u00f3n de la OPS sobre vigilancia y control de las Arbovirosis","item":"https:\/\/medicina.udd.cl\/centro-epidemiologia-politicas-salud\/noticias\/2016\/10\/26\/investigadora-udd-participo-en-reunion-de-la-ops-sobre-vigilancia-y-control-de-las-arbovirosis\/"},{"@type":"ListItem","position":3,"name":"Reuni\u00f3n OPS Arbovirosis (2)"}]},{"@type":"WebSite","@id":"https:\/\/medicina.udd.cl\/centro-epidemiologia-politicas-salud\/#website","url":"https:\/\/medicina.udd.cl\/centro-epidemiologia-politicas-salud\/","name":"Centro de Epidemiolog\u00eda y Pol\u00edticas de Salud","description":"Otro blog m\u00e1s de Medicina","inLanguage":"es"}]}},"description":{"rendered":"<p class=\"attachment\"><a href='https:\/\/medicina.udd.cl\/centro-epidemiologia-politicas-salud\/files\/2016\/10\/Reuni\u00f3n-OPS-Arbovirosis-2.jpeg'><img loading=\"lazy\" decoding=\"async\" width=\"300\" height=\"244\" src=\"https:\/\/medicina.udd.cl\/centro-epidemiologia-politicas-salud\/wp-content\/plugins\/wp-async-img-load\/blank.png\" class=\"attachment-medium size-medium lazyload\" alt=\"\" sizes=\"auto, (max-width: 300px) 100vw, 300px\" data-src=\"https:\/\/medicina.udd.cl\/centro-epidemiologia-politicas-salud\/files\/2016\/10\/Reuni\u00f3n-OPS-Arbovirosis-2-300x244.jpeg\" data-srcset=\"https:\/\/medicina.udd.cl\/centro-epidemiologia-politicas-salud\/files\/2016\/10\/Reuni\u00f3n-OPS-Arbovirosis-2-300x244.jpeg 300w, https:\/\/medicina.udd.cl\/centro-epidemiologia-politicas-salud\/files\/2016\/10\/Reuni\u00f3n-OPS-Arbovirosis-2.jpeg 459w\" \/><\/a><\/p>\n"},"caption":{"rendered":""},"alt_text":"","media_type":"image","mime_type":"image\/jpeg","media_details":{"width":459,"height":374,"file":"2016\/10\/Reuni\u00f3n-OPS-Arbovirosis-2.jpeg","sizes":{"thumbnail":{"file":"Reuni\u00f3n-OPS-Arbovirosis-2-150x150.jpeg","width":150,"height":150,"mime_type":"image\/jpeg","source_url":"https:\/\/medicina.udd.cl\/centro-epidemiologia-politicas-salud\/files\/2016\/10\/Reuni\u00f3n-OPS-Arbovirosis-2-150x150.jpeg"},"medium":{"file":"Reuni\u00f3n-OPS-Arbovirosis-2-300x244.jpeg","width":300,"height":244,"mime_type":"image\/jpeg","source_url":"https:\/\/medicina.udd.cl\/centro-epidemiologia-politicas-salud\/files\/2016\/10\/Reuni\u00f3n-OPS-Arbovirosis-2-300x244.jpeg"},"newsletter_featured":{"file":"Reuni\u00f3n-OPS-Arbovirosis-2-316x224.jpeg","width":316,"height":224,"mime_type":"image\/jpeg","source_url":"https:\/\/medicina.udd.cl\/centro-epidemiologia-politicas-salud\/files\/2016\/10\/Reuni\u00f3n-OPS-Arbovirosis-2-316x224.jpeg"},"newsletter_first":{"file":"Reuni\u00f3n-OPS-Arbovirosis-2-286x205.jpeg","width":286,"height":205,"mime_type":"image\/jpeg","source_url":"https:\/\/medicina.udd.cl\/centro-epidemiologia-politicas-salud\/files\/2016\/10\/Reuni\u00f3n-OPS-Arbovirosis-2-286x205.jpeg"},"newsletter_thumb":{"file":"Reuni\u00f3n-OPS-Arbovirosis-2-288x150.jpeg","width":288,"height":150,"mime_type":"image\/jpeg","source_url":"https:\/\/medicina.udd.cl\/centro-epidemiologia-politicas-salud\/files\/2016\/10\/Reuni\u00f3n-OPS-Arbovirosis-2-288x150.jpeg"},"newsletter_column":{"file":"Reuni\u00f3n-OPS-Arbovirosis-2-182x140.jpeg","width":182,"height":140,"mime_type":"image\/jpeg","source_url":"https:\/\/medicina.udd.cl\/centro-epidemiologia-politicas-salud\/files\/2016\/10\/Reuni\u00f3n-OPS-Arbovirosis-2-182x140.jpeg"},"newsletter_square":{"file":"Reuni\u00f3n-OPS-Arbovirosis-2-62x62.jpeg","width":62,"height":62,"mime_type":"image\/jpeg","source_url":"https:\/\/medicina.udd.cl\/centro-epidemiologia-politicas-salud\/files\/2016\/10\/Reuni\u00f3n-OPS-Arbovirosis-2-62x62.jpeg"},"newsletter_square_large":{"file":"Reuni\u00f3n-OPS-Arbovirosis-2-87x62.jpeg","width":87,"height":62,"mime_type":"image\/jpeg","source_url":"https:\/\/medicina.udd.cl\/centro-epidemiologia-politicas-salud\/files\/2016\/10\/Reuni\u00f3n-OPS-Arbovirosis-2-87x62.jpeg"},"squared":{"file":"Reuni\u00f3n-OPS-Arbovirosis-2-300x300.jpeg","width":300,"height":300,"mime_type":"image\/jpeg","source_url":"https:\/\/medicina.udd.cl\/centro-epidemiologia-politicas-salud\/files\/2016\/10\/Reuni\u00f3n-OPS-Arbovirosis-2-300x300.jpeg"},"portrait-medium":{"file":"Reuni\u00f3n-OPS-Arbovirosis-2-220x260.jpeg","width":220,"height":260,"mime_type":"image\/jpeg","source_url":"https:\/\/medicina.udd.cl\/centro-epidemiologia-politicas-salud\/files\/2016\/10\/Reuni\u00f3n-OPS-Arbovirosis-2-220x260.jpeg"},"landscape-small":{"file":"Reuni\u00f3n-OPS-Arbovirosis-2-125x80.jpeg","width":125,"height":80,"mime_type":"image\/jpeg","source_url":"https:\/\/medicina.udd.cl\/centro-epidemiologia-politicas-salud\/files\/2016\/10\/Reuni\u00f3n-OPS-Arbovirosis-2-125x80.jpeg"},"landscape-medium":{"file":"Reuni\u00f3n-OPS-Arbovirosis-2-340x220.jpeg","width":340,"height":220,"mime_type":"image\/jpeg","source_url":"https:\/\/medicina.udd.cl\/centro-epidemiologia-politicas-salud\/files\/2016\/10\/Reuni\u00f3n-OPS-Arbovirosis-2-340x220.jpeg"},"landscape-large":{"file":"Reuni\u00f3n-OPS-Arbovirosis-2-365x255.jpeg","width":365,"height":255,"mime_type":"image\/jpeg","source_url":"https:\/\/medicina.udd.cl\/centro-epidemiologia-politicas-salud\/files\/2016\/10\/Reuni\u00f3n-OPS-Arbovirosis-2-365x255.jpeg"},"panoramic":{"file":"Reuni\u00f3n-OPS-Arbovirosis-2-459x345.jpeg","width":459,"height":345,"mime_type":"image\/jpeg","source_url":"https:\/\/medicina.udd.cl\/centro-epidemiologia-politicas-salud\/files\/2016\/10\/Reuni\u00f3n-OPS-Arbovirosis-2-459x345.jpeg"},"custom_content":{"file":"Reuni\u00f3n-OPS-Arbovirosis-2-126x126.jpeg","width":126,"height":126,"mime_type":"image\/jpeg","source_url":"https:\/\/medicina.udd.cl\/centro-epidemiologia-politicas-salud\/files\/2016\/10\/Reuni\u00f3n-OPS-Arbovirosis-2-126x126.jpeg"},"full":{"file":"Reuni\u00f3n-OPS-Arbovirosis-2.jpeg","width":459,"height":374,"mime_type":"image\/jpeg","source_url":"https:\/\/medicina.udd.cl\/centro-epidemiologia-politicas-salud\/files\/2016\/10\/Reuni\u00f3n-OPS-Arbovirosis-2.jpeg"}},"image_meta":{"aperture":"0","credit":"","camera":"","caption":"","created_timestamp":"0","copyright":"","focal_length":"0","iso":"0","shutter_speed":"0","title":"","orientation":"1","keywords":[]}},"post":1475,"source_url":"https:\/\/medicina.udd.cl\/centro-epidemiologia-politicas-salud\/files\/2016\/10\/Reuni\u00f3n-OPS-Arbovirosis-2.jpeg","_links":{"self":[{"href":"https:\/\/medicina.udd.cl\/centro-epidemiologia-politicas-salud\/wp-json\/wp\/v2\/media\/1477","targetHints":{"allow":["GET"]}}],"collection":[{"href":"https:\/\/medicina.udd.cl\/centro-epidemiologia-politicas-salud\/wp-json\/wp\/v2\/media"}],"about":[{"href":"https:\/\/medicina.udd.cl\/centro-epidemiologia-politicas-salud\/wp-json\/wp\/v2\/types\/attachment"}],"author":[{"embeddable":true,"href":"https:\/\/medicina.udd.cl\/centro-epidemiologia-politicas-salud\/wp-json\/wp\/v2\/users\/42"}],"replies":[{"embeddable":true,"href":"https:\/\/medicina.udd.cl\/centro-epidemiologia-politicas-salud\/wp-json\/wp\/v2\/comments?post=1477"}],"wp:attached-to":[{"embeddable":true,"post_type":"post","id":1475,"href":"https:\/\/medicina.udd.cl\/centro-epidemiologia-politicas-salud\/wp-json\/wp\/v2\/posts\/1475"}],"curies":[{"name":"wp","href":"https:\/\/api.w.org\/{rel}","templated":true}]}}