{"id":1715,"date":"2018-07-23T12:04:03","date_gmt":"2018-07-23T16:04:03","guid":{"rendered":"http:\/\/medicina.udd.cl\/centro-epidemiologia-politicas-salud\/files\/2018\/07\/5-version-diplomado-epidemiologia-de-campo-1.jpeg"},"modified":"2018-07-23T12:04:03","modified_gmt":"2018-07-23T16:04:03","slug":"5-version-diplomado-epidemiologia-de-campo-1","status":"inherit","type":"attachment","link":"https:\/\/medicina.udd.cl\/centro-epidemiologia-politicas-salud\/noticias\/2018\/07\/23\/ceps-udd-inicia-quinta-version-de-su-diplomado-en-epidemiologia-de-campo\/5-version-diplomado-epidemiologia-de-campo-1\/","title":{"rendered":"5 version diplomado epidemiologia de campo (1)"},"author":42,"featured_media":0,"comment_status":"open","ping_status":"closed","template":"","meta":[],"class_list":["post-1715","attachment","type-attachment","status-inherit","hentry"],"yoast_head":"<!-- This site is optimized with the Yoast SEO plugin v26.9 - https:\/\/yoast.com\/product\/yoast-seo-wordpress\/ -->\n<title>5 version diplomado epidemiologia de campo (1) - Centro de Epidemiolog\u00eda y Pol\u00edticas de Salud<\/title>\n<meta name=\"robots\" content=\"index, follow, max-snippet:-1, max-image-preview:large, max-video-preview:-1\" \/>\n<link rel=\"canonical\" href=\"https:\/\/medicina.udd.cl\/centro-epidemiologia-politicas-salud\/files\/2018\/07\/5-version-diplomado-epidemiologia-de-campo-1.jpeg\" \/>\n<meta property=\"og:locale\" content=\"es_ES\" \/>\n<meta property=\"og:type\" content=\"article\" \/>\n<meta property=\"og:title\" content=\"5 version diplomado epidemiologia de campo (1) - Centro de Epidemiolog\u00eda y Pol\u00edticas de Salud\" \/>\n<meta property=\"og:url\" content=\"https:\/\/medicina.udd.cl\/centro-epidemiologia-politicas-salud\/files\/2018\/07\/5-version-diplomado-epidemiologia-de-campo-1.jpeg\" \/>\n<meta property=\"og:site_name\" content=\"Centro de Epidemiolog\u00eda y Pol\u00edticas de Salud\" \/>\n<meta property=\"og:image\" content=\"https:\/\/medicina.udd.cl\/centro-epidemiologia-politicas-salud\/files\/2018\/07\/5-version-diplomado-epidemiologia-de-campo-1.jpeg\" \/>\n\t<meta property=\"og:image:width\" content=\"1280\" \/>\n\t<meta property=\"og:image:height\" content=\"960\" \/>\n\t<meta property=\"og:image:type\" content=\"image\/jpeg\" \/>\n<script type=\"application\/ld+json\" class=\"yoast-schema-graph\">{\"@context\":\"https:\/\/schema.org\",\"@graph\":[{\"@type\":\"WebPage\",\"@id\":\"https:\/\/medicina.udd.cl\/centro-epidemiologia-politicas-salud\/files\/2018\/07\/5-version-diplomado-epidemiologia-de-campo-1.jpeg\",\"url\":\"https:\/\/medicina.udd.cl\/centro-epidemiologia-politicas-salud\/files\/2018\/07\/5-version-diplomado-epidemiologia-de-campo-1.jpeg\",\"name\":\"5 version diplomado epidemiologia de campo (1) - Centro de Epidemiolog\u00eda y Pol\u00edticas de Salud\",\"isPartOf\":{\"@id\":\"https:\/\/medicina.udd.cl\/centro-epidemiologia-politicas-salud\/#website\"},\"datePublished\":\"2018-07-23T16:04:03+00:00\",\"breadcrumb\":{\"@id\":\"https:\/\/medicina.udd.cl\/centro-epidemiologia-politicas-salud\/files\/2018\/07\/5-version-diplomado-epidemiologia-de-campo-1.jpeg#breadcrumb\"},\"inLanguage\":\"es\",\"potentialAction\":[{\"@type\":\"ReadAction\",\"target\":[\"https:\/\/medicina.udd.cl\/centro-epidemiologia-politicas-salud\/files\/2018\/07\/5-version-diplomado-epidemiologia-de-campo-1.jpeg\"]}]},{\"@type\":\"BreadcrumbList\",\"@id\":\"https:\/\/medicina.udd.cl\/centro-epidemiologia-politicas-salud\/files\/2018\/07\/5-version-diplomado-epidemiologia-de-campo-1.jpeg#breadcrumb\",\"itemListElement\":[{\"@type\":\"ListItem\",\"position\":1,\"name\":\"Inicio\",\"item\":\"https:\/\/medicina.udd.cl\/centro-epidemiologia-politicas-salud\/\"},{\"@type\":\"ListItem\",\"position\":2,\"name\":\"CEPS UDD inicia quinta versi\u00f3n de su Diplomado en Epidemiolog\u00eda de Campo\",\"item\":\"https:\/\/medicina.udd.cl\/centro-epidemiologia-politicas-salud\/noticias\/2018\/07\/23\/ceps-udd-inicia-quinta-version-de-su-diplomado-en-epidemiologia-de-campo\/\"},{\"@type\":\"ListItem\",\"position\":3,\"name\":\"5 version diplomado epidemiologia de campo (1)\"}]},{\"@type\":\"WebSite\",\"@id\":\"https:\/\/medicina.udd.cl\/centro-epidemiologia-politicas-salud\/#website\",\"url\":\"https:\/\/medicina.udd.cl\/centro-epidemiologia-politicas-salud\/\",\"name\":\"Centro de Epidemiolog\u00eda y Pol\u00edticas de Salud\",\"description\":\"Otro blog m\u00e1s de Medicina\",\"inLanguage\":\"es\"}]}<\/script>\n<!-- \/ Yoast SEO plugin. -->","yoast_head_json":{"title":"5 version diplomado epidemiologia de campo (1) - Centro de Epidemiolog\u00eda y Pol\u00edticas de Salud","robots":{"index":"index","follow":"follow","max-snippet":"max-snippet:-1","max-image-preview":"max-image-preview:large","max-video-preview":"max-video-preview:-1"},"canonical":"https:\/\/medicina.udd.cl\/centro-epidemiologia-politicas-salud\/files\/2018\/07\/5-version-diplomado-epidemiologia-de-campo-1.jpeg","og_locale":"es_ES","og_type":"article","og_title":"5 version diplomado epidemiologia de campo (1) - Centro de Epidemiolog\u00eda y Pol\u00edticas de Salud","og_url":"https:\/\/medicina.udd.cl\/centro-epidemiologia-politicas-salud\/files\/2018\/07\/5-version-diplomado-epidemiologia-de-campo-1.jpeg","og_site_name":"Centro de Epidemiolog\u00eda y Pol\u00edticas de Salud","og_image":[{"width":1280,"height":960,"url":"https:\/\/medicina.udd.cl\/centro-epidemiologia-politicas-salud\/files\/2018\/07\/5-version-diplomado-epidemiologia-de-campo-1.jpeg","type":"image\/jpeg"}],"schema":{"@context":"https:\/\/schema.org","@graph":[{"@type":"WebPage","@id":"https:\/\/medicina.udd.cl\/centro-epidemiologia-politicas-salud\/files\/2018\/07\/5-version-diplomado-epidemiologia-de-campo-1.jpeg","url":"https:\/\/medicina.udd.cl\/centro-epidemiologia-politicas-salud\/files\/2018\/07\/5-version-diplomado-epidemiologia-de-campo-1.jpeg","name":"5 version diplomado epidemiologia de campo (1) - Centro de Epidemiolog\u00eda y Pol\u00edticas de Salud","isPartOf":{"@id":"https:\/\/medicina.udd.cl\/centro-epidemiologia-politicas-salud\/#website"},"datePublished":"2018-07-23T16:04:03+00:00","breadcrumb":{"@id":"https:\/\/medicina.udd.cl\/centro-epidemiologia-politicas-salud\/files\/2018\/07\/5-version-diplomado-epidemiologia-de-campo-1.jpeg#breadcrumb"},"inLanguage":"es","potentialAction":[{"@type":"ReadAction","target":["https:\/\/medicina.udd.cl\/centro-epidemiologia-politicas-salud\/files\/2018\/07\/5-version-diplomado-epidemiologia-de-campo-1.jpeg"]}]},{"@type":"BreadcrumbList","@id":"https:\/\/medicina.udd.cl\/centro-epidemiologia-politicas-salud\/files\/2018\/07\/5-version-diplomado-epidemiologia-de-campo-1.jpeg#breadcrumb","itemListElement":[{"@type":"ListItem","position":1,"name":"Inicio","item":"https:\/\/medicina.udd.cl\/centro-epidemiologia-politicas-salud\/"},{"@type":"ListItem","position":2,"name":"CEPS UDD inicia quinta versi\u00f3n de su Diplomado en Epidemiolog\u00eda de Campo","item":"https:\/\/medicina.udd.cl\/centro-epidemiologia-politicas-salud\/noticias\/2018\/07\/23\/ceps-udd-inicia-quinta-version-de-su-diplomado-en-epidemiologia-de-campo\/"},{"@type":"ListItem","position":3,"name":"5 version diplomado epidemiologia de campo (1)"}]},{"@type":"WebSite","@id":"https:\/\/medicina.udd.cl\/centro-epidemiologia-politicas-salud\/#website","url":"https:\/\/medicina.udd.cl\/centro-epidemiologia-politicas-salud\/","name":"Centro de Epidemiolog\u00eda y Pol\u00edticas de Salud","description":"Otro blog m\u00e1s de Medicina","inLanguage":"es"}]}},"description":{"rendered":"<p class=\"attachment\"><a href='https:\/\/medicina.udd.cl\/centro-epidemiologia-politicas-salud\/files\/2018\/07\/5-version-diplomado-epidemiologia-de-campo-1.jpeg'><img loading=\"lazy\" decoding=\"async\" width=\"300\" height=\"225\" src=\"https:\/\/medicina.udd.cl\/centro-epidemiologia-politicas-salud\/wp-content\/plugins\/wp-async-img-load\/blank.png\" class=\"attachment-medium size-medium lazyload\" alt=\"\" sizes=\"auto, (max-width: 300px) 100vw, 300px\" data-src=\"https:\/\/medicina.udd.cl\/centro-epidemiologia-politicas-salud\/files\/2018\/07\/5-version-diplomado-epidemiologia-de-campo-1-300x225.jpeg\" data-srcset=\"https:\/\/medicina.udd.cl\/centro-epidemiologia-politicas-salud\/files\/2018\/07\/5-version-diplomado-epidemiologia-de-campo-1-300x225.jpeg 300w, https:\/\/medicina.udd.cl\/centro-epidemiologia-politicas-salud\/files\/2018\/07\/5-version-diplomado-epidemiologia-de-campo-1-768x576.jpeg 768w, https:\/\/medicina.udd.cl\/centro-epidemiologia-politicas-salud\/files\/2018\/07\/5-version-diplomado-epidemiologia-de-campo-1-1024x768.jpeg 1024w, https:\/\/medicina.udd.cl\/centro-epidemiologia-politicas-salud\/files\/2018\/07\/5-version-diplomado-epidemiologia-de-campo-1-960x720.jpeg 960w, https:\/\/medicina.udd.cl\/centro-epidemiologia-politicas-salud\/files\/2018\/07\/5-version-diplomado-epidemiologia-de-campo-1.jpeg 1280w\" \/><\/a><\/p>\n"},"caption":{"rendered":""},"alt_text":"","media_type":"image","mime_type":"image\/jpeg","media_details":{"width":1280,"height":960,"file":"2018\/07\/5-version-diplomado-epidemiologia-de-campo-1.jpeg","sizes":{"thumbnail":{"file":"5-version-diplomado-epidemiologia-de-campo-1-150x150.jpeg","width":150,"height":150,"mime_type":"image\/jpeg","source_url":"https:\/\/medicina.udd.cl\/centro-epidemiologia-politicas-salud\/files\/2018\/07\/5-version-diplomado-epidemiologia-de-campo-1-150x150.jpeg"},"medium":{"file":"5-version-diplomado-epidemiologia-de-campo-1-300x225.jpeg","width":300,"height":225,"mime_type":"image\/jpeg","source_url":"https:\/\/medicina.udd.cl\/centro-epidemiologia-politicas-salud\/files\/2018\/07\/5-version-diplomado-epidemiologia-de-campo-1-300x225.jpeg"},"medium_large":{"file":"5-version-diplomado-epidemiologia-de-campo-1-768x576.jpeg","width":768,"height":576,"mime_type":"image\/jpeg","source_url":"https:\/\/medicina.udd.cl\/centro-epidemiologia-politicas-salud\/files\/2018\/07\/5-version-diplomado-epidemiologia-de-campo-1-768x576.jpeg"},"large":{"file":"5-version-diplomado-epidemiologia-de-campo-1-1024x768.jpeg","width":1024,"height":768,"mime_type":"image\/jpeg","source_url":"https:\/\/medicina.udd.cl\/centro-epidemiologia-politicas-salud\/files\/2018\/07\/5-version-diplomado-epidemiologia-de-campo-1-1024x768.jpeg"},"newsletter_featured":{"file":"5-version-diplomado-epidemiologia-de-campo-1-316x224.jpeg","width":316,"height":224,"mime_type":"image\/jpeg","source_url":"https:\/\/medicina.udd.cl\/centro-epidemiologia-politicas-salud\/files\/2018\/07\/5-version-diplomado-epidemiologia-de-campo-1-316x224.jpeg"},"newsletter_first":{"file":"5-version-diplomado-epidemiologia-de-campo-1-286x205.jpeg","width":286,"height":205,"mime_type":"image\/jpeg","source_url":"https:\/\/medicina.udd.cl\/centro-epidemiologia-politicas-salud\/files\/2018\/07\/5-version-diplomado-epidemiologia-de-campo-1-286x205.jpeg"},"newsletter_thumb":{"file":"5-version-diplomado-epidemiologia-de-campo-1-288x150.jpeg","width":288,"height":150,"mime_type":"image\/jpeg","source_url":"https:\/\/medicina.udd.cl\/centro-epidemiologia-politicas-salud\/files\/2018\/07\/5-version-diplomado-epidemiologia-de-campo-1-288x150.jpeg"},"newsletter_column":{"file":"5-version-diplomado-epidemiologia-de-campo-1-182x140.jpeg","width":182,"height":140,"mime_type":"image\/jpeg","source_url":"https:\/\/medicina.udd.cl\/centro-epidemiologia-politicas-salud\/files\/2018\/07\/5-version-diplomado-epidemiologia-de-campo-1-182x140.jpeg"},"newsletter_square":{"file":"5-version-diplomado-epidemiologia-de-campo-1-62x62.jpeg","width":62,"height":62,"mime_type":"image\/jpeg","source_url":"https:\/\/medicina.udd.cl\/centro-epidemiologia-politicas-salud\/files\/2018\/07\/5-version-diplomado-epidemiologia-de-campo-1-62x62.jpeg"},"newsletter_square_large":{"file":"5-version-diplomado-epidemiologia-de-campo-1-87x62.jpeg","width":87,"height":62,"mime_type":"image\/jpeg","source_url":"https:\/\/medicina.udd.cl\/centro-epidemiologia-politicas-salud\/files\/2018\/07\/5-version-diplomado-epidemiologia-de-campo-1-87x62.jpeg"},"featured-home":{"file":"5-version-diplomado-epidemiologia-de-campo-1-800x450.jpeg","width":800,"height":450,"mime_type":"image\/jpeg","source_url":"https:\/\/medicina.udd.cl\/centro-epidemiologia-politicas-salud\/files\/2018\/07\/5-version-diplomado-epidemiologia-de-campo-1-800x450.jpeg"},"featured-career":{"file":"5-version-diplomado-epidemiologia-de-campo-1-660x430.jpeg","width":660,"height":430,"mime_type":"image\/jpeg","source_url":"https:\/\/medicina.udd.cl\/centro-epidemiologia-politicas-salud\/files\/2018\/07\/5-version-diplomado-epidemiologia-de-campo-1-660x430.jpeg"},"squared":{"file":"5-version-diplomado-epidemiologia-de-campo-1-300x300.jpeg","width":300,"height":300,"mime_type":"image\/jpeg","source_url":"https:\/\/medicina.udd.cl\/centro-epidemiologia-politicas-salud\/files\/2018\/07\/5-version-diplomado-epidemiologia-de-campo-1-300x300.jpeg"},"stretch":{"file":"5-version-diplomado-epidemiologia-de-campo-1-800x450.jpeg","width":800,"height":450,"mime_type":"image\/jpeg","source_url":"https:\/\/medicina.udd.cl\/centro-epidemiologia-politicas-salud\/files\/2018\/07\/5-version-diplomado-epidemiologia-de-campo-1-800x450.jpeg"},"portrait-medium":{"file":"5-version-diplomado-epidemiologia-de-campo-1-220x260.jpeg","width":220,"height":260,"mime_type":"image\/jpeg","source_url":"https:\/\/medicina.udd.cl\/centro-epidemiologia-politicas-salud\/files\/2018\/07\/5-version-diplomado-epidemiologia-de-campo-1-220x260.jpeg"},"landscape-small":{"file":"5-version-diplomado-epidemiologia-de-campo-1-125x80.jpeg","width":125,"height":80,"mime_type":"image\/jpeg","source_url":"https:\/\/medicina.udd.cl\/centro-epidemiologia-politicas-salud\/files\/2018\/07\/5-version-diplomado-epidemiologia-de-campo-1-125x80.jpeg"},"landscape-medium":{"file":"5-version-diplomado-epidemiologia-de-campo-1-340x220.jpeg","width":340,"height":220,"mime_type":"image\/jpeg","source_url":"https:\/\/medicina.udd.cl\/centro-epidemiologia-politicas-salud\/files\/2018\/07\/5-version-diplomado-epidemiologia-de-campo-1-340x220.jpeg"},"landscape-large":{"file":"5-version-diplomado-epidemiologia-de-campo-1-365x255.jpeg","width":365,"height":255,"mime_type":"image\/jpeg","source_url":"https:\/\/medicina.udd.cl\/centro-epidemiologia-politicas-salud\/files\/2018\/07\/5-version-diplomado-epidemiologia-de-campo-1-365x255.jpeg"},"landscape-xlarge":{"file":"5-version-diplomado-epidemiologia-de-campo-1-660x430.jpeg","width":660,"height":430,"mime_type":"image\/jpeg","source_url":"https:\/\/medicina.udd.cl\/centro-epidemiologia-politicas-salud\/files\/2018\/07\/5-version-diplomado-epidemiologia-de-campo-1-660x430.jpeg"},"panoramic":{"file":"5-version-diplomado-epidemiologia-de-campo-1-940x345.jpeg","width":940,"height":345,"mime_type":"image\/jpeg","source_url":"https:\/\/medicina.udd.cl\/centro-epidemiologia-politicas-salud\/files\/2018\/07\/5-version-diplomado-epidemiologia-de-campo-1-940x345.jpeg"},"stretch-large":{"file":"5-version-diplomado-epidemiologia-de-campo-1-940x450.jpeg","width":940,"height":450,"mime_type":"image\/jpeg","source_url":"https:\/\/medicina.udd.cl\/centro-epidemiologia-politicas-salud\/files\/2018\/07\/5-version-diplomado-epidemiologia-de-campo-1-940x450.jpeg"},"proportional-large":{"file":"5-version-diplomado-epidemiologia-de-campo-1-960x720.jpeg","width":960,"height":720,"mime_type":"image\/jpeg","source_url":"https:\/\/medicina.udd.cl\/centro-epidemiologia-politicas-salud\/files\/2018\/07\/5-version-diplomado-epidemiologia-de-campo-1-960x720.jpeg"},"custom_content":{"file":"5-version-diplomado-epidemiologia-de-campo-1-126x126.jpeg","width":126,"height":126,"mime_type":"image\/jpeg","source_url":"https:\/\/medicina.udd.cl\/centro-epidemiologia-politicas-salud\/files\/2018\/07\/5-version-diplomado-epidemiologia-de-campo-1-126x126.jpeg"},"full":{"file":"5-version-diplomado-epidemiologia-de-campo-1.jpeg","width":1280,"height":960,"mime_type":"image\/jpeg","source_url":"https:\/\/medicina.udd.cl\/centro-epidemiologia-politicas-salud\/files\/2018\/07\/5-version-diplomado-epidemiologia-de-campo-1.jpeg"}},"image_meta":{"aperture":"0","credit":"","camera":"","caption":"","created_timestamp":"0","copyright":"","focal_length":"0","iso":"0","shutter_speed":"0","title":"","orientation":"0","keywords":[]}},"post":1714,"source_url":"https:\/\/medicina.udd.cl\/centro-epidemiologia-politicas-salud\/files\/2018\/07\/5-version-diplomado-epidemiologia-de-campo-1.jpeg","_links":{"self":[{"href":"https:\/\/medicina.udd.cl\/centro-epidemiologia-politicas-salud\/wp-json\/wp\/v2\/media\/1715","targetHints":{"allow":["GET"]}}],"collection":[{"href":"https:\/\/medicina.udd.cl\/centro-epidemiologia-politicas-salud\/wp-json\/wp\/v2\/media"}],"about":[{"href":"https:\/\/medicina.udd.cl\/centro-epidemiologia-politicas-salud\/wp-json\/wp\/v2\/types\/attachment"}],"author":[{"embeddable":true,"href":"https:\/\/medicina.udd.cl\/centro-epidemiologia-politicas-salud\/wp-json\/wp\/v2\/users\/42"}],"replies":[{"embeddable":true,"href":"https:\/\/medicina.udd.cl\/centro-epidemiologia-politicas-salud\/wp-json\/wp\/v2\/comments?post=1715"}],"wp:attached-to":[{"embeddable":true,"post_type":"post","id":1714,"href":"https:\/\/medicina.udd.cl\/centro-epidemiologia-politicas-salud\/wp-json\/wp\/v2\/posts\/1714"}],"curies":[{"name":"wp","href":"https:\/\/api.w.org\/{rel}","templated":true}]}}