{"id":1859,"date":"2020-03-25T20:59:27","date_gmt":"2020-03-25T23:59:27","guid":{"rendered":"http:\/\/medicina.udd.cl\/centro-epidemiologia-politicas-salud\/files\/2020\/03\/Remedios.jpg"},"modified":"2020-03-25T20:59:27","modified_gmt":"2020-03-25T23:59:27","slug":"remedios","status":"inherit","type":"attachment","link":"https:\/\/medicina.udd.cl\/centro-epidemiologia-politicas-salud\/noticias\/2020\/03\/25\/proyecto-fonis-ceps-udd-busca-identificar-barreras-y-facilitadores-en-el-acceso-a-medicamentos-para-enfermedades-no-transmisibles-prioritarias-en-chile\/remedios\/","title":{"rendered":"Remedios"},"author":42,"featured_media":0,"comment_status":"open","ping_status":"closed","template":"","meta":[],"class_list":["post-1859","attachment","type-attachment","status-inherit","hentry"],"yoast_head":"<!-- This site is optimized with the Yoast SEO plugin v26.9 - https:\/\/yoast.com\/product\/yoast-seo-wordpress\/ -->\n<title>Remedios - Centro de Epidemiolog\u00eda y Pol\u00edticas de Salud<\/title>\n<meta name=\"robots\" content=\"index, follow, max-snippet:-1, max-image-preview:large, max-video-preview:-1\" \/>\n<link rel=\"canonical\" href=\"https:\/\/medicina.udd.cl\/centro-epidemiologia-politicas-salud\/files\/2020\/03\/Remedios.jpg\" \/>\n<meta property=\"og:locale\" content=\"es_ES\" \/>\n<meta property=\"og:type\" content=\"article\" \/>\n<meta property=\"og:title\" content=\"Remedios - Centro de Epidemiolog\u00eda y Pol\u00edticas de Salud\" \/>\n<meta property=\"og:url\" content=\"https:\/\/medicina.udd.cl\/centro-epidemiologia-politicas-salud\/files\/2020\/03\/Remedios.jpg\" \/>\n<meta property=\"og:site_name\" content=\"Centro de Epidemiolog\u00eda y Pol\u00edticas de Salud\" \/>\n<meta property=\"og:image\" content=\"https:\/\/medicina.udd.cl\/centro-epidemiologia-politicas-salud\/files\/2020\/03\/Remedios-1024x731.jpg\" \/>\n\t<meta property=\"og:image:width\" content=\"1024\" \/>\n\t<meta property=\"og:image:height\" content=\"731\" \/>\n\t<meta property=\"og:image:type\" content=\"image\/jpeg\" \/>\n<script type=\"application\/ld+json\" class=\"yoast-schema-graph\">{\"@context\":\"https:\/\/schema.org\",\"@graph\":[{\"@type\":\"WebPage\",\"@id\":\"https:\/\/medicina.udd.cl\/centro-epidemiologia-politicas-salud\/files\/2020\/03\/Remedios.jpg\",\"url\":\"https:\/\/medicina.udd.cl\/centro-epidemiologia-politicas-salud\/files\/2020\/03\/Remedios.jpg\",\"name\":\"Remedios - Centro de Epidemiolog\u00eda y Pol\u00edticas de Salud\",\"isPartOf\":{\"@id\":\"https:\/\/medicina.udd.cl\/centro-epidemiologia-politicas-salud\/#website\"},\"datePublished\":\"2020-03-25T23:59:27+00:00\",\"breadcrumb\":{\"@id\":\"https:\/\/medicina.udd.cl\/centro-epidemiologia-politicas-salud\/files\/2020\/03\/Remedios.jpg#breadcrumb\"},\"inLanguage\":\"es\",\"potentialAction\":[{\"@type\":\"ReadAction\",\"target\":[\"https:\/\/medicina.udd.cl\/centro-epidemiologia-politicas-salud\/files\/2020\/03\/Remedios.jpg\"]}]},{\"@type\":\"BreadcrumbList\",\"@id\":\"https:\/\/medicina.udd.cl\/centro-epidemiologia-politicas-salud\/files\/2020\/03\/Remedios.jpg#breadcrumb\",\"itemListElement\":[{\"@type\":\"ListItem\",\"position\":1,\"name\":\"Inicio\",\"item\":\"https:\/\/medicina.udd.cl\/centro-epidemiologia-politicas-salud\/\"},{\"@type\":\"ListItem\",\"position\":2,\"name\":\"Proyecto Fonis: CEPS UDD busca identificar barreras y facilitadores en el acceso a medicamentos para enfermedades no transmisibles prioritarias en Chile\",\"item\":\"https:\/\/medicina.udd.cl\/centro-epidemiologia-politicas-salud\/noticias\/2020\/03\/25\/proyecto-fonis-ceps-udd-busca-identificar-barreras-y-facilitadores-en-el-acceso-a-medicamentos-para-enfermedades-no-transmisibles-prioritarias-en-chile\/\"},{\"@type\":\"ListItem\",\"position\":3,\"name\":\"Remedios\"}]},{\"@type\":\"WebSite\",\"@id\":\"https:\/\/medicina.udd.cl\/centro-epidemiologia-politicas-salud\/#website\",\"url\":\"https:\/\/medicina.udd.cl\/centro-epidemiologia-politicas-salud\/\",\"name\":\"Centro de Epidemiolog\u00eda y Pol\u00edticas de Salud\",\"description\":\"Otro blog m\u00e1s de Medicina\",\"inLanguage\":\"es\"}]}<\/script>\n<!-- \/ Yoast SEO plugin. -->","yoast_head_json":{"title":"Remedios - Centro de Epidemiolog\u00eda y Pol\u00edticas de Salud","robots":{"index":"index","follow":"follow","max-snippet":"max-snippet:-1","max-image-preview":"max-image-preview:large","max-video-preview":"max-video-preview:-1"},"canonical":"https:\/\/medicina.udd.cl\/centro-epidemiologia-politicas-salud\/files\/2020\/03\/Remedios.jpg","og_locale":"es_ES","og_type":"article","og_title":"Remedios - Centro de Epidemiolog\u00eda y Pol\u00edticas de Salud","og_url":"https:\/\/medicina.udd.cl\/centro-epidemiologia-politicas-salud\/files\/2020\/03\/Remedios.jpg","og_site_name":"Centro de Epidemiolog\u00eda y Pol\u00edticas de Salud","og_image":[{"width":1024,"height":731,"url":"https:\/\/medicina.udd.cl\/centro-epidemiologia-politicas-salud\/files\/2020\/03\/Remedios-1024x731.jpg","type":"image\/jpeg"}],"schema":{"@context":"https:\/\/schema.org","@graph":[{"@type":"WebPage","@id":"https:\/\/medicina.udd.cl\/centro-epidemiologia-politicas-salud\/files\/2020\/03\/Remedios.jpg","url":"https:\/\/medicina.udd.cl\/centro-epidemiologia-politicas-salud\/files\/2020\/03\/Remedios.jpg","name":"Remedios - Centro de Epidemiolog\u00eda y Pol\u00edticas de Salud","isPartOf":{"@id":"https:\/\/medicina.udd.cl\/centro-epidemiologia-politicas-salud\/#website"},"datePublished":"2020-03-25T23:59:27+00:00","breadcrumb":{"@id":"https:\/\/medicina.udd.cl\/centro-epidemiologia-politicas-salud\/files\/2020\/03\/Remedios.jpg#breadcrumb"},"inLanguage":"es","potentialAction":[{"@type":"ReadAction","target":["https:\/\/medicina.udd.cl\/centro-epidemiologia-politicas-salud\/files\/2020\/03\/Remedios.jpg"]}]},{"@type":"BreadcrumbList","@id":"https:\/\/medicina.udd.cl\/centro-epidemiologia-politicas-salud\/files\/2020\/03\/Remedios.jpg#breadcrumb","itemListElement":[{"@type":"ListItem","position":1,"name":"Inicio","item":"https:\/\/medicina.udd.cl\/centro-epidemiologia-politicas-salud\/"},{"@type":"ListItem","position":2,"name":"Proyecto Fonis: CEPS UDD busca identificar barreras y facilitadores en el acceso a medicamentos para enfermedades no transmisibles prioritarias en Chile","item":"https:\/\/medicina.udd.cl\/centro-epidemiologia-politicas-salud\/noticias\/2020\/03\/25\/proyecto-fonis-ceps-udd-busca-identificar-barreras-y-facilitadores-en-el-acceso-a-medicamentos-para-enfermedades-no-transmisibles-prioritarias-en-chile\/"},{"@type":"ListItem","position":3,"name":"Remedios"}]},{"@type":"WebSite","@id":"https:\/\/medicina.udd.cl\/centro-epidemiologia-politicas-salud\/#website","url":"https:\/\/medicina.udd.cl\/centro-epidemiologia-politicas-salud\/","name":"Centro de Epidemiolog\u00eda y Pol\u00edticas de Salud","description":"Otro blog m\u00e1s de Medicina","inLanguage":"es"}]}},"description":{"rendered":"<p class=\"attachment\"><a href='https:\/\/medicina.udd.cl\/centro-epidemiologia-politicas-salud\/files\/2020\/03\/Remedios.jpg'><img loading=\"lazy\" decoding=\"async\" width=\"300\" height=\"214\" src=\"https:\/\/medicina.udd.cl\/centro-epidemiologia-politicas-salud\/wp-content\/plugins\/wp-async-img-load\/blank.png\" class=\"attachment-medium size-medium lazyload\" alt=\"\" sizes=\"auto, (max-width: 300px) 100vw, 300px\" data-src=\"https:\/\/medicina.udd.cl\/centro-epidemiologia-politicas-salud\/files\/2020\/03\/Remedios-300x214.jpg\" data-srcset=\"https:\/\/medicina.udd.cl\/centro-epidemiologia-politicas-salud\/files\/2020\/03\/Remedios-300x214.jpg 300w, https:\/\/medicina.udd.cl\/centro-epidemiologia-politicas-salud\/files\/2020\/03\/Remedios-768x549.jpg 768w, https:\/\/medicina.udd.cl\/centro-epidemiologia-politicas-salud\/files\/2020\/03\/Remedios-1024x731.jpg 1024w, https:\/\/medicina.udd.cl\/centro-epidemiologia-politicas-salud\/files\/2020\/03\/Remedios-316x224.jpg 316w, https:\/\/medicina.udd.cl\/centro-epidemiologia-politicas-salud\/files\/2020\/03\/Remedios-286x205.jpg 286w, https:\/\/medicina.udd.cl\/centro-epidemiologia-politicas-salud\/files\/2020\/03\/Remedios-87x62.jpg 87w, https:\/\/medicina.udd.cl\/centro-epidemiologia-politicas-salud\/files\/2020\/03\/Remedios-960x686.jpg 960w\" \/><\/a><\/p>\n"},"caption":{"rendered":""},"alt_text":"","media_type":"image","mime_type":"image\/jpeg","media_details":{"width":11559,"height":8256,"file":"2020\/03\/Remedios.jpg","sizes":{"thumbnail":{"file":"Remedios-150x150.jpg","width":150,"height":150,"mime_type":"image\/jpeg","source_url":"https:\/\/medicina.udd.cl\/centro-epidemiologia-politicas-salud\/files\/2020\/03\/Remedios-150x150.jpg"},"medium":{"file":"Remedios-300x214.jpg","width":300,"height":214,"mime_type":"image\/jpeg","source_url":"https:\/\/medicina.udd.cl\/centro-epidemiologia-politicas-salud\/files\/2020\/03\/Remedios-300x214.jpg"},"medium_large":{"file":"Remedios-768x549.jpg","width":768,"height":549,"mime_type":"image\/jpeg","source_url":"https:\/\/medicina.udd.cl\/centro-epidemiologia-politicas-salud\/files\/2020\/03\/Remedios-768x549.jpg"},"large":{"file":"Remedios-1024x731.jpg","width":1024,"height":731,"mime_type":"image\/jpeg","source_url":"https:\/\/medicina.udd.cl\/centro-epidemiologia-politicas-salud\/files\/2020\/03\/Remedios-1024x731.jpg"},"newsletter_featured":{"file":"Remedios-316x224.jpg","width":316,"height":224,"mime_type":"image\/jpeg","source_url":"https:\/\/medicina.udd.cl\/centro-epidemiologia-politicas-salud\/files\/2020\/03\/Remedios-316x224.jpg"},"newsletter_first":{"file":"Remedios-286x205.jpg","width":286,"height":205,"mime_type":"image\/jpeg","source_url":"https:\/\/medicina.udd.cl\/centro-epidemiologia-politicas-salud\/files\/2020\/03\/Remedios-286x205.jpg"},"newsletter_thumb":{"file":"Remedios-288x150.jpg","width":288,"height":150,"mime_type":"image\/jpeg","source_url":"https:\/\/medicina.udd.cl\/centro-epidemiologia-politicas-salud\/files\/2020\/03\/Remedios-288x150.jpg"},"newsletter_column":{"file":"Remedios-182x140.jpg","width":182,"height":140,"mime_type":"image\/jpeg","source_url":"https:\/\/medicina.udd.cl\/centro-epidemiologia-politicas-salud\/files\/2020\/03\/Remedios-182x140.jpg"},"newsletter_square":{"file":"Remedios-62x62.jpg","width":62,"height":62,"mime_type":"image\/jpeg","source_url":"https:\/\/medicina.udd.cl\/centro-epidemiologia-politicas-salud\/files\/2020\/03\/Remedios-62x62.jpg"},"newsletter_square_large":{"file":"Remedios-87x62.jpg","width":87,"height":62,"mime_type":"image\/jpeg","source_url":"https:\/\/medicina.udd.cl\/centro-epidemiologia-politicas-salud\/files\/2020\/03\/Remedios-87x62.jpg"},"featured-home":{"file":"Remedios-800x450.jpg","width":800,"height":450,"mime_type":"image\/jpeg","source_url":"https:\/\/medicina.udd.cl\/centro-epidemiologia-politicas-salud\/files\/2020\/03\/Remedios-800x450.jpg"},"featured-career":{"file":"Remedios-660x430.jpg","width":660,"height":430,"mime_type":"image\/jpeg","source_url":"https:\/\/medicina.udd.cl\/centro-epidemiologia-politicas-salud\/files\/2020\/03\/Remedios-660x430.jpg"},"squared":{"file":"Remedios-300x300.jpg","width":300,"height":300,"mime_type":"image\/jpeg","source_url":"https:\/\/medicina.udd.cl\/centro-epidemiologia-politicas-salud\/files\/2020\/03\/Remedios-300x300.jpg"},"stretch":{"file":"Remedios-800x450.jpg","width":800,"height":450,"mime_type":"image\/jpeg","source_url":"https:\/\/medicina.udd.cl\/centro-epidemiologia-politicas-salud\/files\/2020\/03\/Remedios-800x450.jpg"},"portrait-medium":{"file":"Remedios-220x260.jpg","width":220,"height":260,"mime_type":"image\/jpeg","source_url":"https:\/\/medicina.udd.cl\/centro-epidemiologia-politicas-salud\/files\/2020\/03\/Remedios-220x260.jpg"},"landscape-small":{"file":"Remedios-125x80.jpg","width":125,"height":80,"mime_type":"image\/jpeg","source_url":"https:\/\/medicina.udd.cl\/centro-epidemiologia-politicas-salud\/files\/2020\/03\/Remedios-125x80.jpg"},"landscape-medium":{"file":"Remedios-340x220.jpg","width":340,"height":220,"mime_type":"image\/jpeg","source_url":"https:\/\/medicina.udd.cl\/centro-epidemiologia-politicas-salud\/files\/2020\/03\/Remedios-340x220.jpg"},"landscape-large":{"file":"Remedios-365x255.jpg","width":365,"height":255,"mime_type":"image\/jpeg","source_url":"https:\/\/medicina.udd.cl\/centro-epidemiologia-politicas-salud\/files\/2020\/03\/Remedios-365x255.jpg"},"landscape-xlarge":{"file":"Remedios-660x430.jpg","width":660,"height":430,"mime_type":"image\/jpeg","source_url":"https:\/\/medicina.udd.cl\/centro-epidemiologia-politicas-salud\/files\/2020\/03\/Remedios-660x430.jpg"},"panoramic":{"file":"Remedios-940x345.jpg","width":940,"height":345,"mime_type":"image\/jpeg","source_url":"https:\/\/medicina.udd.cl\/centro-epidemiologia-politicas-salud\/files\/2020\/03\/Remedios-940x345.jpg"},"stretch-large":{"file":"Remedios-940x450.jpg","width":940,"height":450,"mime_type":"image\/jpeg","source_url":"https:\/\/medicina.udd.cl\/centro-epidemiologia-politicas-salud\/files\/2020\/03\/Remedios-940x450.jpg"},"proportional-large":{"file":"Remedios-960x686.jpg","width":960,"height":686,"mime_type":"image\/jpeg","source_url":"https:\/\/medicina.udd.cl\/centro-epidemiologia-politicas-salud\/files\/2020\/03\/Remedios-960x686.jpg"},"custom_content":{"file":"Remedios-126x126.jpg","width":126,"height":126,"mime_type":"image\/jpeg","source_url":"https:\/\/medicina.udd.cl\/centro-epidemiologia-politicas-salud\/files\/2020\/03\/Remedios-126x126.jpg"},"full":{"file":"Remedios.jpg","width":11559,"height":8256,"mime_type":"image\/jpeg","source_url":"https:\/\/medicina.udd.cl\/centro-epidemiologia-politicas-salud\/files\/2020\/03\/Remedios.jpg"}},"image_meta":{"aperture":"4.5","credit":"RAPISAN SWANGPHON JOHN","camera":"NIKON D850","caption":"","created_timestamp":"1517515310","copyright":"I-Viewfinder","focal_length":"70","iso":"640","shutter_speed":"0.016666666666667","title":"","orientation":"1","keywords":[]}},"post":1857,"source_url":"https:\/\/medicina.udd.cl\/centro-epidemiologia-politicas-salud\/files\/2020\/03\/Remedios.jpg","_links":{"self":[{"href":"https:\/\/medicina.udd.cl\/centro-epidemiologia-politicas-salud\/wp-json\/wp\/v2\/media\/1859","targetHints":{"allow":["GET"]}}],"collection":[{"href":"https:\/\/medicina.udd.cl\/centro-epidemiologia-politicas-salud\/wp-json\/wp\/v2\/media"}],"about":[{"href":"https:\/\/medicina.udd.cl\/centro-epidemiologia-politicas-salud\/wp-json\/wp\/v2\/types\/attachment"}],"author":[{"embeddable":true,"href":"https:\/\/medicina.udd.cl\/centro-epidemiologia-politicas-salud\/wp-json\/wp\/v2\/users\/42"}],"replies":[{"embeddable":true,"href":"https:\/\/medicina.udd.cl\/centro-epidemiologia-politicas-salud\/wp-json\/wp\/v2\/comments?post=1859"}],"wp:attached-to":[{"embeddable":true,"post_type":"post","id":1857,"href":"https:\/\/medicina.udd.cl\/centro-epidemiologia-politicas-salud\/wp-json\/wp\/v2\/posts\/1857"}],"curies":[{"name":"wp","href":"https:\/\/api.w.org\/{rel}","templated":true}]}}