{"id":188,"date":"2012-04-04T11:08:39","date_gmt":"2012-04-04T15:08:39","guid":{"rendered":"http:\/\/medicina.udd.cl\/centro-epidemiologia-politicas-salud\/files\/2012\/04\/Ximena-Aguilera.jpg"},"modified":"2012-04-04T11:08:39","modified_gmt":"2012-04-04T15:08:39","slug":"ximena-aguilera-5","status":"inherit","type":"attachment","link":"https:\/\/medicina.udd.cl\/centro-epidemiologia-politicas-salud\/noticias\/2012\/04\/04\/dra-ximena-aguilera-asume-como-directora-del-ceps\/ximena-aguilera-5\/","title":{"rendered":"Ximena Aguilera"},"author":1,"featured_media":0,"comment_status":"open","ping_status":"open","template":"","meta":[],"class_list":["post-188","attachment","type-attachment","status-inherit","hentry"],"yoast_head":"<!-- This site is optimized with the Yoast SEO plugin v26.9 - https:\/\/yoast.com\/product\/yoast-seo-wordpress\/ -->\n<title>Ximena Aguilera - Centro de Epidemiolog\u00eda y Pol\u00edticas de Salud<\/title>\n<meta name=\"robots\" content=\"index, follow, max-snippet:-1, max-image-preview:large, max-video-preview:-1\" \/>\n<link rel=\"canonical\" href=\"https:\/\/medicina.udd.cl\/centro-epidemiologia-politicas-salud\/files\/2012\/04\/Ximena-Aguilera.jpg\" \/>\n<meta property=\"og:locale\" content=\"es_ES\" \/>\n<meta property=\"og:type\" content=\"article\" \/>\n<meta property=\"og:title\" content=\"Ximena Aguilera - Centro de Epidemiolog\u00eda y Pol\u00edticas de Salud\" \/>\n<meta property=\"og:url\" content=\"https:\/\/medicina.udd.cl\/centro-epidemiologia-politicas-salud\/files\/2012\/04\/Ximena-Aguilera.jpg\" \/>\n<meta property=\"og:site_name\" content=\"Centro de Epidemiolog\u00eda y Pol\u00edticas de Salud\" \/>\n<meta property=\"og:image\" content=\"https:\/\/medicina.udd.cl\/centro-epidemiologia-politicas-salud\/files\/2012\/04\/Ximena-Aguilera.jpg\" \/>\n\t<meta property=\"og:image:width\" content=\"1338\" \/>\n\t<meta property=\"og:image:height\" content=\"1657\" \/>\n\t<meta property=\"og:image:type\" content=\"image\/jpeg\" \/>\n<script type=\"application\/ld+json\" class=\"yoast-schema-graph\">{\"@context\":\"https:\/\/schema.org\",\"@graph\":[{\"@type\":\"WebPage\",\"@id\":\"https:\/\/medicina.udd.cl\/centro-epidemiologia-politicas-salud\/files\/2012\/04\/Ximena-Aguilera.jpg\",\"url\":\"https:\/\/medicina.udd.cl\/centro-epidemiologia-politicas-salud\/files\/2012\/04\/Ximena-Aguilera.jpg\",\"name\":\"Ximena Aguilera - Centro de Epidemiolog\u00eda y Pol\u00edticas de Salud\",\"isPartOf\":{\"@id\":\"https:\/\/medicina.udd.cl\/centro-epidemiologia-politicas-salud\/#website\"},\"datePublished\":\"2012-04-04T15:08:39+00:00\",\"breadcrumb\":{\"@id\":\"https:\/\/medicina.udd.cl\/centro-epidemiologia-politicas-salud\/files\/2012\/04\/Ximena-Aguilera.jpg#breadcrumb\"},\"inLanguage\":\"es\",\"potentialAction\":[{\"@type\":\"ReadAction\",\"target\":[\"https:\/\/medicina.udd.cl\/centro-epidemiologia-politicas-salud\/files\/2012\/04\/Ximena-Aguilera.jpg\"]}]},{\"@type\":\"BreadcrumbList\",\"@id\":\"https:\/\/medicina.udd.cl\/centro-epidemiologia-politicas-salud\/files\/2012\/04\/Ximena-Aguilera.jpg#breadcrumb\",\"itemListElement\":[{\"@type\":\"ListItem\",\"position\":1,\"name\":\"Inicio\",\"item\":\"https:\/\/medicina.udd.cl\/centro-epidemiologia-politicas-salud\/\"},{\"@type\":\"ListItem\",\"position\":2,\"name\":\"Dra. Ximena Aguilera asume como directora del CEPS\",\"item\":\"https:\/\/medicina.udd.cl\/centro-epidemiologia-politicas-salud\/noticias\/2012\/04\/04\/dra-ximena-aguilera-asume-como-directora-del-ceps\/\"},{\"@type\":\"ListItem\",\"position\":3,\"name\":\"Ximena Aguilera\"}]},{\"@type\":\"WebSite\",\"@id\":\"https:\/\/medicina.udd.cl\/centro-epidemiologia-politicas-salud\/#website\",\"url\":\"https:\/\/medicina.udd.cl\/centro-epidemiologia-politicas-salud\/\",\"name\":\"Centro de Epidemiolog\u00eda y Pol\u00edticas de Salud\",\"description\":\"Otro blog m\u00e1s de Medicina\",\"inLanguage\":\"es\"}]}<\/script>\n<!-- \/ Yoast SEO plugin. -->","yoast_head_json":{"title":"Ximena Aguilera - Centro de Epidemiolog\u00eda y Pol\u00edticas de Salud","robots":{"index":"index","follow":"follow","max-snippet":"max-snippet:-1","max-image-preview":"max-image-preview:large","max-video-preview":"max-video-preview:-1"},"canonical":"https:\/\/medicina.udd.cl\/centro-epidemiologia-politicas-salud\/files\/2012\/04\/Ximena-Aguilera.jpg","og_locale":"es_ES","og_type":"article","og_title":"Ximena Aguilera - Centro de Epidemiolog\u00eda y Pol\u00edticas de Salud","og_url":"https:\/\/medicina.udd.cl\/centro-epidemiologia-politicas-salud\/files\/2012\/04\/Ximena-Aguilera.jpg","og_site_name":"Centro de Epidemiolog\u00eda y Pol\u00edticas de Salud","og_image":[{"width":1338,"height":1657,"url":"https:\/\/medicina.udd.cl\/centro-epidemiologia-politicas-salud\/files\/2012\/04\/Ximena-Aguilera.jpg","type":"image\/jpeg"}],"schema":{"@context":"https:\/\/schema.org","@graph":[{"@type":"WebPage","@id":"https:\/\/medicina.udd.cl\/centro-epidemiologia-politicas-salud\/files\/2012\/04\/Ximena-Aguilera.jpg","url":"https:\/\/medicina.udd.cl\/centro-epidemiologia-politicas-salud\/files\/2012\/04\/Ximena-Aguilera.jpg","name":"Ximena Aguilera - Centro de Epidemiolog\u00eda y Pol\u00edticas de Salud","isPartOf":{"@id":"https:\/\/medicina.udd.cl\/centro-epidemiologia-politicas-salud\/#website"},"datePublished":"2012-04-04T15:08:39+00:00","breadcrumb":{"@id":"https:\/\/medicina.udd.cl\/centro-epidemiologia-politicas-salud\/files\/2012\/04\/Ximena-Aguilera.jpg#breadcrumb"},"inLanguage":"es","potentialAction":[{"@type":"ReadAction","target":["https:\/\/medicina.udd.cl\/centro-epidemiologia-politicas-salud\/files\/2012\/04\/Ximena-Aguilera.jpg"]}]},{"@type":"BreadcrumbList","@id":"https:\/\/medicina.udd.cl\/centro-epidemiologia-politicas-salud\/files\/2012\/04\/Ximena-Aguilera.jpg#breadcrumb","itemListElement":[{"@type":"ListItem","position":1,"name":"Inicio","item":"https:\/\/medicina.udd.cl\/centro-epidemiologia-politicas-salud\/"},{"@type":"ListItem","position":2,"name":"Dra. Ximena Aguilera asume como directora del CEPS","item":"https:\/\/medicina.udd.cl\/centro-epidemiologia-politicas-salud\/noticias\/2012\/04\/04\/dra-ximena-aguilera-asume-como-directora-del-ceps\/"},{"@type":"ListItem","position":3,"name":"Ximena Aguilera"}]},{"@type":"WebSite","@id":"https:\/\/medicina.udd.cl\/centro-epidemiologia-politicas-salud\/#website","url":"https:\/\/medicina.udd.cl\/centro-epidemiologia-politicas-salud\/","name":"Centro de Epidemiolog\u00eda y Pol\u00edticas de Salud","description":"Otro blog m\u00e1s de Medicina","inLanguage":"es"}]}},"description":{"rendered":"<p class=\"attachment\"><a href='https:\/\/medicina.udd.cl\/centro-epidemiologia-politicas-salud\/files\/2012\/04\/Ximena-Aguilera.jpg'><img loading=\"lazy\" decoding=\"async\" width=\"242\" height=\"300\" src=\"https:\/\/medicina.udd.cl\/centro-epidemiologia-politicas-salud\/wp-content\/plugins\/wp-async-img-load\/blank.png\" class=\"attachment-medium size-medium lazyload\" alt=\"\" sizes=\"auto, (max-width: 242px) 100vw, 242px\" data-src=\"https:\/\/medicina.udd.cl\/centro-epidemiologia-politicas-salud\/files\/2012\/04\/Ximena-Aguilera-242x300.jpg\" data-srcset=\"https:\/\/medicina.udd.cl\/centro-epidemiologia-politicas-salud\/files\/2012\/04\/Ximena-Aguilera-242x300.jpg 242w, https:\/\/medicina.udd.cl\/centro-epidemiologia-politicas-salud\/files\/2012\/04\/Ximena-Aguilera-768x951.jpg 768w, https:\/\/medicina.udd.cl\/centro-epidemiologia-politicas-salud\/files\/2012\/04\/Ximena-Aguilera-827x1024.jpg 827w, https:\/\/medicina.udd.cl\/centro-epidemiologia-politicas-salud\/files\/2012\/04\/Ximena-Aguilera-775x960.jpg 775w, https:\/\/medicina.udd.cl\/centro-epidemiologia-politicas-salud\/files\/2012\/04\/Ximena-Aguilera.jpg 1338w\" \/><\/a><\/p>\n"},"caption":{"rendered":""},"alt_text":"","media_type":"image","mime_type":"image\/jpeg","media_details":{"width":1338,"height":1657,"file":"2012\/04\/Ximena-Aguilera.jpg","sizes":{"thumbnail":{"file":"Ximena-Aguilera-150x150.jpg","width":150,"height":150,"mime_type":"image\/jpeg","source_url":"https:\/\/medicina.udd.cl\/centro-epidemiologia-politicas-salud\/files\/2012\/04\/Ximena-Aguilera-150x150.jpg"},"medium":{"file":"Ximena-Aguilera-242x300.jpg","width":242,"height":300,"mime_type":"image\/jpeg","source_url":"https:\/\/medicina.udd.cl\/centro-epidemiologia-politicas-salud\/files\/2012\/04\/Ximena-Aguilera-242x300.jpg"},"medium_large":{"file":"Ximena-Aguilera-768x951.jpg","width":768,"height":951,"mime_type":"image\/jpeg","source_url":"https:\/\/medicina.udd.cl\/centro-epidemiologia-politicas-salud\/files\/2012\/04\/Ximena-Aguilera-768x951.jpg"},"large":{"file":"Ximena-Aguilera-827x1024.jpg","width":827,"height":1024,"mime_type":"image\/jpeg","source_url":"https:\/\/medicina.udd.cl\/centro-epidemiologia-politicas-salud\/files\/2012\/04\/Ximena-Aguilera-827x1024.jpg"},"newsletter_featured":{"file":"Ximena-Aguilera-316x224.jpg","width":316,"height":224,"mime_type":"image\/jpeg","source_url":"https:\/\/medicina.udd.cl\/centro-epidemiologia-politicas-salud\/files\/2012\/04\/Ximena-Aguilera-316x224.jpg"},"newsletter_first":{"file":"Ximena-Aguilera-286x205.jpg","width":286,"height":205,"mime_type":"image\/jpeg","source_url":"https:\/\/medicina.udd.cl\/centro-epidemiologia-politicas-salud\/files\/2012\/04\/Ximena-Aguilera-286x205.jpg"},"newsletter_thumb":{"file":"Ximena-Aguilera-288x150.jpg","width":288,"height":150,"mime_type":"image\/jpeg","source_url":"https:\/\/medicina.udd.cl\/centro-epidemiologia-politicas-salud\/files\/2012\/04\/Ximena-Aguilera-288x150.jpg"},"newsletter_column":{"file":"Ximena-Aguilera-182x140.jpg","width":182,"height":140,"mime_type":"image\/jpeg","source_url":"https:\/\/medicina.udd.cl\/centro-epidemiologia-politicas-salud\/files\/2012\/04\/Ximena-Aguilera-182x140.jpg"},"newsletter_square":{"file":"Ximena-Aguilera-62x62.jpg","width":62,"height":62,"mime_type":"image\/jpeg","source_url":"https:\/\/medicina.udd.cl\/centro-epidemiologia-politicas-salud\/files\/2012\/04\/Ximena-Aguilera-62x62.jpg"},"newsletter_square_large":{"file":"Ximena-Aguilera-87x62.jpg","width":87,"height":62,"mime_type":"image\/jpeg","source_url":"https:\/\/medicina.udd.cl\/centro-epidemiologia-politicas-salud\/files\/2012\/04\/Ximena-Aguilera-87x62.jpg"},"featured-home":{"file":"Ximena-Aguilera-800x450.jpg","width":800,"height":450,"mime_type":"image\/jpeg","source_url":"https:\/\/medicina.udd.cl\/centro-epidemiologia-politicas-salud\/files\/2012\/04\/Ximena-Aguilera-800x450.jpg"},"featured-career":{"file":"Ximena-Aguilera-660x430.jpg","width":660,"height":430,"mime_type":"image\/jpeg","source_url":"https:\/\/medicina.udd.cl\/centro-epidemiologia-politicas-salud\/files\/2012\/04\/Ximena-Aguilera-660x430.jpg"},"squared":{"file":"Ximena-Aguilera-300x300.jpg","width":300,"height":300,"mime_type":"image\/jpeg","source_url":"https:\/\/medicina.udd.cl\/centro-epidemiologia-politicas-salud\/files\/2012\/04\/Ximena-Aguilera-300x300.jpg"},"stretch":{"file":"Ximena-Aguilera-800x450.jpg","width":800,"height":450,"mime_type":"image\/jpeg","source_url":"https:\/\/medicina.udd.cl\/centro-epidemiologia-politicas-salud\/files\/2012\/04\/Ximena-Aguilera-800x450.jpg"},"portrait-medium":{"file":"Ximena-Aguilera-220x260.jpg","width":220,"height":260,"mime_type":"image\/jpeg","source_url":"https:\/\/medicina.udd.cl\/centro-epidemiologia-politicas-salud\/files\/2012\/04\/Ximena-Aguilera-220x260.jpg"},"landscape-small":{"file":"Ximena-Aguilera-125x80.jpg","width":125,"height":80,"mime_type":"image\/jpeg","source_url":"https:\/\/medicina.udd.cl\/centro-epidemiologia-politicas-salud\/files\/2012\/04\/Ximena-Aguilera-125x80.jpg"},"landscape-medium":{"file":"Ximena-Aguilera-340x220.jpg","width":340,"height":220,"mime_type":"image\/jpeg","source_url":"https:\/\/medicina.udd.cl\/centro-epidemiologia-politicas-salud\/files\/2012\/04\/Ximena-Aguilera-340x220.jpg"},"landscape-large":{"file":"Ximena-Aguilera-365x255.jpg","width":365,"height":255,"mime_type":"image\/jpeg","source_url":"https:\/\/medicina.udd.cl\/centro-epidemiologia-politicas-salud\/files\/2012\/04\/Ximena-Aguilera-365x255.jpg"},"landscape-xlarge":{"file":"Ximena-Aguilera-660x430.jpg","width":660,"height":430,"mime_type":"image\/jpeg","source_url":"https:\/\/medicina.udd.cl\/centro-epidemiologia-politicas-salud\/files\/2012\/04\/Ximena-Aguilera-660x430.jpg"},"panoramic":{"file":"Ximena-Aguilera-940x345.jpg","width":940,"height":345,"mime_type":"image\/jpeg","source_url":"https:\/\/medicina.udd.cl\/centro-epidemiologia-politicas-salud\/files\/2012\/04\/Ximena-Aguilera-940x345.jpg"},"stretch-large":{"file":"Ximena-Aguilera-940x450.jpg","width":940,"height":450,"mime_type":"image\/jpeg","source_url":"https:\/\/medicina.udd.cl\/centro-epidemiologia-politicas-salud\/files\/2012\/04\/Ximena-Aguilera-940x450.jpg"},"proportional-large":{"file":"Ximena-Aguilera-775x960.jpg","width":775,"height":960,"mime_type":"image\/jpeg","source_url":"https:\/\/medicina.udd.cl\/centro-epidemiologia-politicas-salud\/files\/2012\/04\/Ximena-Aguilera-775x960.jpg"},"custom_content":{"file":"Ximena-Aguilera-126x126.jpg","width":126,"height":126,"mime_type":"image\/jpeg","source_url":"https:\/\/medicina.udd.cl\/centro-epidemiologia-politicas-salud\/files\/2012\/04\/Ximena-Aguilera-126x126.jpg"},"full":{"file":"Ximena-Aguilera.jpg","width":1338,"height":1657,"mime_type":"image\/jpeg","source_url":"https:\/\/medicina.udd.cl\/centro-epidemiologia-politicas-salud\/files\/2012\/04\/Ximena-Aguilera.jpg"}},"image_meta":{"aperture":"4.3","credit":"","camera":"FinePix S2000HD S2100HD","caption":"","created_timestamp":"1298547316","copyright":"","focal_length":"12.9","iso":"800","shutter_speed":"0.0095238095238095","title":"","orientation":"0","keywords":[]}},"post":187,"source_url":"https:\/\/medicina.udd.cl\/centro-epidemiologia-politicas-salud\/files\/2012\/04\/Ximena-Aguilera.jpg","_links":{"self":[{"href":"https:\/\/medicina.udd.cl\/centro-epidemiologia-politicas-salud\/wp-json\/wp\/v2\/media\/188","targetHints":{"allow":["GET"]}}],"collection":[{"href":"https:\/\/medicina.udd.cl\/centro-epidemiologia-politicas-salud\/wp-json\/wp\/v2\/media"}],"about":[{"href":"https:\/\/medicina.udd.cl\/centro-epidemiologia-politicas-salud\/wp-json\/wp\/v2\/types\/attachment"}],"author":[{"embeddable":true,"href":"https:\/\/medicina.udd.cl\/centro-epidemiologia-politicas-salud\/wp-json\/wp\/v2\/users\/1"}],"replies":[{"embeddable":true,"href":"https:\/\/medicina.udd.cl\/centro-epidemiologia-politicas-salud\/wp-json\/wp\/v2\/comments?post=188"}],"wp:attached-to":[{"embeddable":true,"post_type":"post","id":187,"href":"https:\/\/medicina.udd.cl\/centro-epidemiologia-politicas-salud\/wp-json\/wp\/v2\/posts\/187"}],"curies":[{"name":"wp","href":"https:\/\/api.w.org\/{rel}","templated":true}]}}