{"id":2059,"date":"2020-10-02T16:29:28","date_gmt":"2020-10-02T19:29:28","guid":{"rendered":"http:\/\/medicina.udd.cl\/centro-epidemiologia-politicas-salud\/files\/2020\/10\/WhatsApp-Image-2020-10-02-at-12.38.03-copia.jpeg"},"modified":"2020-10-02T16:29:28","modified_gmt":"2020-10-02T19:29:28","slug":"whatsapp-image-2020-10-02-at-12-38-03-copia","status":"inherit","type":"attachment","link":"https:\/\/medicina.udd.cl\/centro-epidemiologia-politicas-salud\/noticias\/2020\/10\/02\/directora-del-ceps-dentro-de-las-100-mujeres-lideres-2020\/whatsapp-image-2020-10-02-at-12-38-03-copia\/","title":{"rendered":"WhatsApp Image 2020-10-02 at 12.38.03 &#8211; copia"},"author":42,"featured_media":0,"comment_status":"open","ping_status":"closed","template":"","meta":[],"class_list":["post-2059","attachment","type-attachment","status-inherit","hentry"],"yoast_head":"<!-- This site is optimized with the Yoast SEO plugin v26.9 - https:\/\/yoast.com\/product\/yoast-seo-wordpress\/ -->\n<title>WhatsApp Image 2020-10-02 at 12.38.03 - copia - Centro de Epidemiolog\u00eda y Pol\u00edticas de Salud<\/title>\n<meta name=\"robots\" content=\"index, follow, max-snippet:-1, max-image-preview:large, max-video-preview:-1\" \/>\n<link rel=\"canonical\" href=\"https:\/\/medicina.udd.cl\/centro-epidemiologia-politicas-salud\/files\/2020\/10\/WhatsApp-Image-2020-10-02-at-12.38.03-copia.jpeg\" \/>\n<meta property=\"og:locale\" content=\"es_ES\" \/>\n<meta property=\"og:type\" content=\"article\" \/>\n<meta property=\"og:title\" content=\"WhatsApp Image 2020-10-02 at 12.38.03 - copia - Centro de Epidemiolog\u00eda y Pol\u00edticas de Salud\" \/>\n<meta property=\"og:url\" content=\"https:\/\/medicina.udd.cl\/centro-epidemiologia-politicas-salud\/files\/2020\/10\/WhatsApp-Image-2020-10-02-at-12.38.03-copia.jpeg\" \/>\n<meta property=\"og:site_name\" content=\"Centro de Epidemiolog\u00eda y Pol\u00edticas de Salud\" \/>\n<meta property=\"og:image\" content=\"https:\/\/medicina.udd.cl\/centro-epidemiologia-politicas-salud\/files\/2020\/10\/WhatsApp-Image-2020-10-02-at-12.38.03-copia.jpeg\" \/>\n\t<meta property=\"og:image:width\" content=\"649\" \/>\n\t<meta property=\"og:image:height\" content=\"470\" \/>\n\t<meta property=\"og:image:type\" content=\"image\/jpeg\" \/>\n<script type=\"application\/ld+json\" class=\"yoast-schema-graph\">{\"@context\":\"https:\/\/schema.org\",\"@graph\":[{\"@type\":\"WebPage\",\"@id\":\"https:\/\/medicina.udd.cl\/centro-epidemiologia-politicas-salud\/files\/2020\/10\/WhatsApp-Image-2020-10-02-at-12.38.03-copia.jpeg\",\"url\":\"https:\/\/medicina.udd.cl\/centro-epidemiologia-politicas-salud\/files\/2020\/10\/WhatsApp-Image-2020-10-02-at-12.38.03-copia.jpeg\",\"name\":\"WhatsApp Image 2020-10-02 at 12.38.03 - copia - Centro de Epidemiolog\u00eda y Pol\u00edticas de Salud\",\"isPartOf\":{\"@id\":\"https:\/\/medicina.udd.cl\/centro-epidemiologia-politicas-salud\/#website\"},\"datePublished\":\"2020-10-02T19:29:28+00:00\",\"breadcrumb\":{\"@id\":\"https:\/\/medicina.udd.cl\/centro-epidemiologia-politicas-salud\/files\/2020\/10\/WhatsApp-Image-2020-10-02-at-12.38.03-copia.jpeg#breadcrumb\"},\"inLanguage\":\"es\",\"potentialAction\":[{\"@type\":\"ReadAction\",\"target\":[\"https:\/\/medicina.udd.cl\/centro-epidemiologia-politicas-salud\/files\/2020\/10\/WhatsApp-Image-2020-10-02-at-12.38.03-copia.jpeg\"]}]},{\"@type\":\"BreadcrumbList\",\"@id\":\"https:\/\/medicina.udd.cl\/centro-epidemiologia-politicas-salud\/files\/2020\/10\/WhatsApp-Image-2020-10-02-at-12.38.03-copia.jpeg#breadcrumb\",\"itemListElement\":[{\"@type\":\"ListItem\",\"position\":1,\"name\":\"Inicio\",\"item\":\"https:\/\/medicina.udd.cl\/centro-epidemiologia-politicas-salud\/\"},{\"@type\":\"ListItem\",\"position\":2,\"name\":\"Directora del CEPS dentro de las 100 Mujeres L\u00edderes 2020\",\"item\":\"https:\/\/medicina.udd.cl\/centro-epidemiologia-politicas-salud\/noticias\/2020\/10\/02\/directora-del-ceps-dentro-de-las-100-mujeres-lideres-2020\/\"},{\"@type\":\"ListItem\",\"position\":3,\"name\":\"WhatsApp Image 2020-10-02 at 12.38.03 &#8211; copia\"}]},{\"@type\":\"WebSite\",\"@id\":\"https:\/\/medicina.udd.cl\/centro-epidemiologia-politicas-salud\/#website\",\"url\":\"https:\/\/medicina.udd.cl\/centro-epidemiologia-politicas-salud\/\",\"name\":\"Centro de Epidemiolog\u00eda y Pol\u00edticas de Salud\",\"description\":\"Otro blog m\u00e1s de Medicina\",\"inLanguage\":\"es\"}]}<\/script>\n<!-- \/ Yoast SEO plugin. -->","yoast_head_json":{"title":"WhatsApp Image 2020-10-02 at 12.38.03 - copia - Centro de Epidemiolog\u00eda y Pol\u00edticas de Salud","robots":{"index":"index","follow":"follow","max-snippet":"max-snippet:-1","max-image-preview":"max-image-preview:large","max-video-preview":"max-video-preview:-1"},"canonical":"https:\/\/medicina.udd.cl\/centro-epidemiologia-politicas-salud\/files\/2020\/10\/WhatsApp-Image-2020-10-02-at-12.38.03-copia.jpeg","og_locale":"es_ES","og_type":"article","og_title":"WhatsApp Image 2020-10-02 at 12.38.03 - copia - Centro de Epidemiolog\u00eda y Pol\u00edticas de Salud","og_url":"https:\/\/medicina.udd.cl\/centro-epidemiologia-politicas-salud\/files\/2020\/10\/WhatsApp-Image-2020-10-02-at-12.38.03-copia.jpeg","og_site_name":"Centro de Epidemiolog\u00eda y Pol\u00edticas de Salud","og_image":[{"width":649,"height":470,"url":"https:\/\/medicina.udd.cl\/centro-epidemiologia-politicas-salud\/files\/2020\/10\/WhatsApp-Image-2020-10-02-at-12.38.03-copia.jpeg","type":"image\/jpeg"}],"schema":{"@context":"https:\/\/schema.org","@graph":[{"@type":"WebPage","@id":"https:\/\/medicina.udd.cl\/centro-epidemiologia-politicas-salud\/files\/2020\/10\/WhatsApp-Image-2020-10-02-at-12.38.03-copia.jpeg","url":"https:\/\/medicina.udd.cl\/centro-epidemiologia-politicas-salud\/files\/2020\/10\/WhatsApp-Image-2020-10-02-at-12.38.03-copia.jpeg","name":"WhatsApp Image 2020-10-02 at 12.38.03 - copia - Centro de Epidemiolog\u00eda y Pol\u00edticas de Salud","isPartOf":{"@id":"https:\/\/medicina.udd.cl\/centro-epidemiologia-politicas-salud\/#website"},"datePublished":"2020-10-02T19:29:28+00:00","breadcrumb":{"@id":"https:\/\/medicina.udd.cl\/centro-epidemiologia-politicas-salud\/files\/2020\/10\/WhatsApp-Image-2020-10-02-at-12.38.03-copia.jpeg#breadcrumb"},"inLanguage":"es","potentialAction":[{"@type":"ReadAction","target":["https:\/\/medicina.udd.cl\/centro-epidemiologia-politicas-salud\/files\/2020\/10\/WhatsApp-Image-2020-10-02-at-12.38.03-copia.jpeg"]}]},{"@type":"BreadcrumbList","@id":"https:\/\/medicina.udd.cl\/centro-epidemiologia-politicas-salud\/files\/2020\/10\/WhatsApp-Image-2020-10-02-at-12.38.03-copia.jpeg#breadcrumb","itemListElement":[{"@type":"ListItem","position":1,"name":"Inicio","item":"https:\/\/medicina.udd.cl\/centro-epidemiologia-politicas-salud\/"},{"@type":"ListItem","position":2,"name":"Directora del CEPS dentro de las 100 Mujeres L\u00edderes 2020","item":"https:\/\/medicina.udd.cl\/centro-epidemiologia-politicas-salud\/noticias\/2020\/10\/02\/directora-del-ceps-dentro-de-las-100-mujeres-lideres-2020\/"},{"@type":"ListItem","position":3,"name":"WhatsApp Image 2020-10-02 at 12.38.03 &#8211; copia"}]},{"@type":"WebSite","@id":"https:\/\/medicina.udd.cl\/centro-epidemiologia-politicas-salud\/#website","url":"https:\/\/medicina.udd.cl\/centro-epidemiologia-politicas-salud\/","name":"Centro de Epidemiolog\u00eda y Pol\u00edticas de Salud","description":"Otro blog m\u00e1s de Medicina","inLanguage":"es"}]}},"description":{"rendered":"<p class=\"attachment\"><a href='https:\/\/medicina.udd.cl\/centro-epidemiologia-politicas-salud\/files\/2020\/10\/WhatsApp-Image-2020-10-02-at-12.38.03-copia.jpeg'><img loading=\"lazy\" decoding=\"async\" width=\"300\" height=\"217\" src=\"https:\/\/medicina.udd.cl\/centro-epidemiologia-politicas-salud\/wp-content\/plugins\/wp-async-img-load\/blank.png\" class=\"attachment-medium size-medium lazyload\" alt=\"\" sizes=\"auto, (max-width: 300px) 100vw, 300px\" data-src=\"https:\/\/medicina.udd.cl\/centro-epidemiologia-politicas-salud\/files\/2020\/10\/WhatsApp-Image-2020-10-02-at-12.38.03-copia-300x217.jpeg\" data-srcset=\"https:\/\/medicina.udd.cl\/centro-epidemiologia-politicas-salud\/files\/2020\/10\/WhatsApp-Image-2020-10-02-at-12.38.03-copia-300x217.jpeg 300w, https:\/\/medicina.udd.cl\/centro-epidemiologia-politicas-salud\/files\/2020\/10\/WhatsApp-Image-2020-10-02-at-12.38.03-copia-87x62.jpeg 87w, https:\/\/medicina.udd.cl\/centro-epidemiologia-politicas-salud\/files\/2020\/10\/WhatsApp-Image-2020-10-02-at-12.38.03-copia.jpeg 649w\" \/><\/a><\/p>\n"},"caption":{"rendered":""},"alt_text":"","media_type":"image","mime_type":"image\/jpeg","media_details":{"width":649,"height":470,"file":"2020\/10\/WhatsApp-Image-2020-10-02-at-12.38.03-copia.jpeg","sizes":{"medium":{"file":"WhatsApp-Image-2020-10-02-at-12.38.03-copia-300x217.jpeg","width":300,"height":217,"mime_type":"image\/jpeg","source_url":"https:\/\/medicina.udd.cl\/centro-epidemiologia-politicas-salud\/files\/2020\/10\/WhatsApp-Image-2020-10-02-at-12.38.03-copia-300x217.jpeg"},"thumbnail":{"file":"WhatsApp-Image-2020-10-02-at-12.38.03-copia-150x150.jpeg","width":150,"height":150,"mime_type":"image\/jpeg","source_url":"https:\/\/medicina.udd.cl\/centro-epidemiologia-politicas-salud\/files\/2020\/10\/WhatsApp-Image-2020-10-02-at-12.38.03-copia-150x150.jpeg"},"newsletter_featured":{"file":"WhatsApp-Image-2020-10-02-at-12.38.03-copia-316x224.jpeg","width":316,"height":224,"mime_type":"image\/jpeg","source_url":"https:\/\/medicina.udd.cl\/centro-epidemiologia-politicas-salud\/files\/2020\/10\/WhatsApp-Image-2020-10-02-at-12.38.03-copia-316x224.jpeg"},"newsletter_first":{"file":"WhatsApp-Image-2020-10-02-at-12.38.03-copia-286x205.jpeg","width":286,"height":205,"mime_type":"image\/jpeg","source_url":"https:\/\/medicina.udd.cl\/centro-epidemiologia-politicas-salud\/files\/2020\/10\/WhatsApp-Image-2020-10-02-at-12.38.03-copia-286x205.jpeg"},"newsletter_thumb":{"file":"WhatsApp-Image-2020-10-02-at-12.38.03-copia-288x150.jpeg","width":288,"height":150,"mime_type":"image\/jpeg","source_url":"https:\/\/medicina.udd.cl\/centro-epidemiologia-politicas-salud\/files\/2020\/10\/WhatsApp-Image-2020-10-02-at-12.38.03-copia-288x150.jpeg"},"newsletter_column":{"file":"WhatsApp-Image-2020-10-02-at-12.38.03-copia-182x140.jpeg","width":182,"height":140,"mime_type":"image\/jpeg","source_url":"https:\/\/medicina.udd.cl\/centro-epidemiologia-politicas-salud\/files\/2020\/10\/WhatsApp-Image-2020-10-02-at-12.38.03-copia-182x140.jpeg"},"newsletter_square":{"file":"WhatsApp-Image-2020-10-02-at-12.38.03-copia-62x62.jpeg","width":62,"height":62,"mime_type":"image\/jpeg","source_url":"https:\/\/medicina.udd.cl\/centro-epidemiologia-politicas-salud\/files\/2020\/10\/WhatsApp-Image-2020-10-02-at-12.38.03-copia-62x62.jpeg"},"newsletter_square_large":{"file":"WhatsApp-Image-2020-10-02-at-12.38.03-copia-87x62.jpeg","width":87,"height":62,"mime_type":"image\/jpeg","source_url":"https:\/\/medicina.udd.cl\/centro-epidemiologia-politicas-salud\/files\/2020\/10\/WhatsApp-Image-2020-10-02-at-12.38.03-copia-87x62.jpeg"},"featured-home":{"file":"WhatsApp-Image-2020-10-02-at-12.38.03-copia-649x450.jpeg","width":649,"height":450,"mime_type":"image\/jpeg","source_url":"https:\/\/medicina.udd.cl\/centro-epidemiologia-politicas-salud\/files\/2020\/10\/WhatsApp-Image-2020-10-02-at-12.38.03-copia-649x450.jpeg"},"featured-career":{"file":"WhatsApp-Image-2020-10-02-at-12.38.03-copia-649x430.jpeg","width":649,"height":430,"mime_type":"image\/jpeg","source_url":"https:\/\/medicina.udd.cl\/centro-epidemiologia-politicas-salud\/files\/2020\/10\/WhatsApp-Image-2020-10-02-at-12.38.03-copia-649x430.jpeg"},"squared":{"file":"WhatsApp-Image-2020-10-02-at-12.38.03-copia-300x300.jpeg","width":300,"height":300,"mime_type":"image\/jpeg","source_url":"https:\/\/medicina.udd.cl\/centro-epidemiologia-politicas-salud\/files\/2020\/10\/WhatsApp-Image-2020-10-02-at-12.38.03-copia-300x300.jpeg"},"stretch":{"file":"WhatsApp-Image-2020-10-02-at-12.38.03-copia-649x450.jpeg","width":649,"height":450,"mime_type":"image\/jpeg","source_url":"https:\/\/medicina.udd.cl\/centro-epidemiologia-politicas-salud\/files\/2020\/10\/WhatsApp-Image-2020-10-02-at-12.38.03-copia-649x450.jpeg"},"portrait-medium":{"file":"WhatsApp-Image-2020-10-02-at-12.38.03-copia-220x260.jpeg","width":220,"height":260,"mime_type":"image\/jpeg","source_url":"https:\/\/medicina.udd.cl\/centro-epidemiologia-politicas-salud\/files\/2020\/10\/WhatsApp-Image-2020-10-02-at-12.38.03-copia-220x260.jpeg"},"landscape-small":{"file":"WhatsApp-Image-2020-10-02-at-12.38.03-copia-125x80.jpeg","width":125,"height":80,"mime_type":"image\/jpeg","source_url":"https:\/\/medicina.udd.cl\/centro-epidemiologia-politicas-salud\/files\/2020\/10\/WhatsApp-Image-2020-10-02-at-12.38.03-copia-125x80.jpeg"},"landscape-medium":{"file":"WhatsApp-Image-2020-10-02-at-12.38.03-copia-340x220.jpeg","width":340,"height":220,"mime_type":"image\/jpeg","source_url":"https:\/\/medicina.udd.cl\/centro-epidemiologia-politicas-salud\/files\/2020\/10\/WhatsApp-Image-2020-10-02-at-12.38.03-copia-340x220.jpeg"},"landscape-large":{"file":"WhatsApp-Image-2020-10-02-at-12.38.03-copia-365x255.jpeg","width":365,"height":255,"mime_type":"image\/jpeg","source_url":"https:\/\/medicina.udd.cl\/centro-epidemiologia-politicas-salud\/files\/2020\/10\/WhatsApp-Image-2020-10-02-at-12.38.03-copia-365x255.jpeg"},"landscape-xlarge":{"file":"WhatsApp-Image-2020-10-02-at-12.38.03-copia-649x430.jpeg","width":649,"height":430,"mime_type":"image\/jpeg","source_url":"https:\/\/medicina.udd.cl\/centro-epidemiologia-politicas-salud\/files\/2020\/10\/WhatsApp-Image-2020-10-02-at-12.38.03-copia-649x430.jpeg"},"panoramic":{"file":"WhatsApp-Image-2020-10-02-at-12.38.03-copia-649x345.jpeg","width":649,"height":345,"mime_type":"image\/jpeg","source_url":"https:\/\/medicina.udd.cl\/centro-epidemiologia-politicas-salud\/files\/2020\/10\/WhatsApp-Image-2020-10-02-at-12.38.03-copia-649x345.jpeg"},"stretch-large":{"file":"WhatsApp-Image-2020-10-02-at-12.38.03-copia-649x450.jpeg","width":649,"height":450,"mime_type":"image\/jpeg","source_url":"https:\/\/medicina.udd.cl\/centro-epidemiologia-politicas-salud\/files\/2020\/10\/WhatsApp-Image-2020-10-02-at-12.38.03-copia-649x450.jpeg"},"custom_content":{"file":"WhatsApp-Image-2020-10-02-at-12.38.03-copia-126x126.jpeg","width":126,"height":126,"mime_type":"image\/jpeg","source_url":"https:\/\/medicina.udd.cl\/centro-epidemiologia-politicas-salud\/files\/2020\/10\/WhatsApp-Image-2020-10-02-at-12.38.03-copia-126x126.jpeg"},"full":{"file":"WhatsApp-Image-2020-10-02-at-12.38.03-copia.jpeg","width":649,"height":470,"mime_type":"image\/jpeg","source_url":"https:\/\/medicina.udd.cl\/centro-epidemiologia-politicas-salud\/files\/2020\/10\/WhatsApp-Image-2020-10-02-at-12.38.03-copia.jpeg"}},"image_meta":{"aperture":"0","credit":"","camera":"","caption":"","created_timestamp":"1601642344","copyright":"","focal_length":"0","iso":"0","shutter_speed":"0","title":"","orientation":"1","keywords":[]}},"post":2055,"source_url":"https:\/\/medicina.udd.cl\/centro-epidemiologia-politicas-salud\/files\/2020\/10\/WhatsApp-Image-2020-10-02-at-12.38.03-copia.jpeg","_links":{"self":[{"href":"https:\/\/medicina.udd.cl\/centro-epidemiologia-politicas-salud\/wp-json\/wp\/v2\/media\/2059","targetHints":{"allow":["GET"]}}],"collection":[{"href":"https:\/\/medicina.udd.cl\/centro-epidemiologia-politicas-salud\/wp-json\/wp\/v2\/media"}],"about":[{"href":"https:\/\/medicina.udd.cl\/centro-epidemiologia-politicas-salud\/wp-json\/wp\/v2\/types\/attachment"}],"author":[{"embeddable":true,"href":"https:\/\/medicina.udd.cl\/centro-epidemiologia-politicas-salud\/wp-json\/wp\/v2\/users\/42"}],"replies":[{"embeddable":true,"href":"https:\/\/medicina.udd.cl\/centro-epidemiologia-politicas-salud\/wp-json\/wp\/v2\/comments?post=2059"}],"wp:attached-to":[{"embeddable":true,"post_type":"post","id":2055,"href":"https:\/\/medicina.udd.cl\/centro-epidemiologia-politicas-salud\/wp-json\/wp\/v2\/posts\/2055"}],"curies":[{"name":"wp","href":"https:\/\/api.w.org\/{rel}","templated":true}]}}