{"id":2273,"date":"2022-03-22T15:57:43","date_gmt":"2022-03-22T18:57:43","guid":{"rendered":"https:\/\/medicina.udd.cl\/centro-epidemiologia-politicas-salud\/files\/2022\/03\/Captura-de-pantalla-2022-03-22-a-las-15.26.17.png"},"modified":"2022-03-22T15:57:43","modified_gmt":"2022-03-22T18:57:43","slug":"captura-de-pantalla-2022-03-22-a-las-15-26-17","status":"inherit","type":"attachment","link":"https:\/\/medicina.udd.cl\/centro-epidemiologia-politicas-salud\/noticias\/2022\/03\/22\/dra-ximena-aguilera-preside-consejo-asesor-externo-de-la-comision-nacional-de-respuesta-a-la-pandemia\/captura-de-pantalla-2022-03-22-a-las-15-26-17\/","title":{"rendered":"Captura de pantalla 2022-03-22 a las 15.26.17"},"author":42,"featured_media":0,"comment_status":"open","ping_status":"closed","template":"","meta":[],"class_list":["post-2273","attachment","type-attachment","status-inherit","hentry"],"yoast_head":"<!-- This site is optimized with the Yoast SEO plugin v26.9 - https:\/\/yoast.com\/product\/yoast-seo-wordpress\/ -->\n<title>Captura de pantalla 2022-03-22 a las 15.26.17 - Centro de Epidemiolog\u00eda y Pol\u00edticas de Salud<\/title>\n<meta name=\"robots\" content=\"index, follow, max-snippet:-1, max-image-preview:large, max-video-preview:-1\" \/>\n<link rel=\"canonical\" href=\"https:\/\/medicina.udd.cl\/centro-epidemiologia-politicas-salud\/files\/2022\/03\/Captura-de-pantalla-2022-03-22-a-las-15.26.17.png\" \/>\n<meta property=\"og:locale\" content=\"es_ES\" \/>\n<meta property=\"og:type\" content=\"article\" \/>\n<meta property=\"og:title\" content=\"Captura de pantalla 2022-03-22 a las 15.26.17 - Centro de Epidemiolog\u00eda y Pol\u00edticas de Salud\" \/>\n<meta property=\"og:url\" content=\"https:\/\/medicina.udd.cl\/centro-epidemiologia-politicas-salud\/files\/2022\/03\/Captura-de-pantalla-2022-03-22-a-las-15.26.17.png\" \/>\n<meta property=\"og:site_name\" content=\"Centro de Epidemiolog\u00eda y Pol\u00edticas de Salud\" \/>\n<meta property=\"og:image\" content=\"https:\/\/medicina.udd.cl\/centro-epidemiologia-politicas-salud\/files\/2022\/03\/Captura-de-pantalla-2022-03-22-a-las-15.26.17-1024x963.png\" \/>\n\t<meta property=\"og:image:width\" content=\"1024\" \/>\n\t<meta property=\"og:image:height\" content=\"963\" \/>\n\t<meta property=\"og:image:type\" content=\"image\/png\" \/>\n<script type=\"application\/ld+json\" class=\"yoast-schema-graph\">{\"@context\":\"https:\/\/schema.org\",\"@graph\":[{\"@type\":\"WebPage\",\"@id\":\"https:\/\/medicina.udd.cl\/centro-epidemiologia-politicas-salud\/files\/2022\/03\/Captura-de-pantalla-2022-03-22-a-las-15.26.17.png\",\"url\":\"https:\/\/medicina.udd.cl\/centro-epidemiologia-politicas-salud\/files\/2022\/03\/Captura-de-pantalla-2022-03-22-a-las-15.26.17.png\",\"name\":\"Captura de pantalla 2022-03-22 a las 15.26.17 - Centro de Epidemiolog\u00eda y Pol\u00edticas de Salud\",\"isPartOf\":{\"@id\":\"https:\/\/medicina.udd.cl\/centro-epidemiologia-politicas-salud\/#website\"},\"datePublished\":\"2022-03-22T18:57:43+00:00\",\"breadcrumb\":{\"@id\":\"https:\/\/medicina.udd.cl\/centro-epidemiologia-politicas-salud\/files\/2022\/03\/Captura-de-pantalla-2022-03-22-a-las-15.26.17.png#breadcrumb\"},\"inLanguage\":\"es\",\"potentialAction\":[{\"@type\":\"ReadAction\",\"target\":[\"https:\/\/medicina.udd.cl\/centro-epidemiologia-politicas-salud\/files\/2022\/03\/Captura-de-pantalla-2022-03-22-a-las-15.26.17.png\"]}]},{\"@type\":\"BreadcrumbList\",\"@id\":\"https:\/\/medicina.udd.cl\/centro-epidemiologia-politicas-salud\/files\/2022\/03\/Captura-de-pantalla-2022-03-22-a-las-15.26.17.png#breadcrumb\",\"itemListElement\":[{\"@type\":\"ListItem\",\"position\":1,\"name\":\"Inicio\",\"item\":\"https:\/\/medicina.udd.cl\/centro-epidemiologia-politicas-salud\/\"},{\"@type\":\"ListItem\",\"position\":2,\"name\":\"Dra. Ximena Aguilera preside consejo asesor externo de la Comisi\u00f3n Nacional de Respuesta a la Pandemia\",\"item\":\"https:\/\/medicina.udd.cl\/centro-epidemiologia-politicas-salud\/noticias\/2022\/03\/22\/dra-ximena-aguilera-preside-consejo-asesor-externo-de-la-comision-nacional-de-respuesta-a-la-pandemia\/\"},{\"@type\":\"ListItem\",\"position\":3,\"name\":\"Captura de pantalla 2022-03-22 a las 15.26.17\"}]},{\"@type\":\"WebSite\",\"@id\":\"https:\/\/medicina.udd.cl\/centro-epidemiologia-politicas-salud\/#website\",\"url\":\"https:\/\/medicina.udd.cl\/centro-epidemiologia-politicas-salud\/\",\"name\":\"Centro de Epidemiolog\u00eda y Pol\u00edticas de Salud\",\"description\":\"Otro blog m\u00e1s de Medicina\",\"inLanguage\":\"es\"}]}<\/script>\n<!-- \/ Yoast SEO plugin. -->","yoast_head_json":{"title":"Captura de pantalla 2022-03-22 a las 15.26.17 - Centro de Epidemiolog\u00eda y Pol\u00edticas de Salud","robots":{"index":"index","follow":"follow","max-snippet":"max-snippet:-1","max-image-preview":"max-image-preview:large","max-video-preview":"max-video-preview:-1"},"canonical":"https:\/\/medicina.udd.cl\/centro-epidemiologia-politicas-salud\/files\/2022\/03\/Captura-de-pantalla-2022-03-22-a-las-15.26.17.png","og_locale":"es_ES","og_type":"article","og_title":"Captura de pantalla 2022-03-22 a las 15.26.17 - Centro de Epidemiolog\u00eda y Pol\u00edticas de Salud","og_url":"https:\/\/medicina.udd.cl\/centro-epidemiologia-politicas-salud\/files\/2022\/03\/Captura-de-pantalla-2022-03-22-a-las-15.26.17.png","og_site_name":"Centro de Epidemiolog\u00eda y Pol\u00edticas de Salud","og_image":[{"width":1024,"height":963,"url":"https:\/\/medicina.udd.cl\/centro-epidemiologia-politicas-salud\/files\/2022\/03\/Captura-de-pantalla-2022-03-22-a-las-15.26.17-1024x963.png","type":"image\/png"}],"schema":{"@context":"https:\/\/schema.org","@graph":[{"@type":"WebPage","@id":"https:\/\/medicina.udd.cl\/centro-epidemiologia-politicas-salud\/files\/2022\/03\/Captura-de-pantalla-2022-03-22-a-las-15.26.17.png","url":"https:\/\/medicina.udd.cl\/centro-epidemiologia-politicas-salud\/files\/2022\/03\/Captura-de-pantalla-2022-03-22-a-las-15.26.17.png","name":"Captura de pantalla 2022-03-22 a las 15.26.17 - Centro de Epidemiolog\u00eda y Pol\u00edticas de Salud","isPartOf":{"@id":"https:\/\/medicina.udd.cl\/centro-epidemiologia-politicas-salud\/#website"},"datePublished":"2022-03-22T18:57:43+00:00","breadcrumb":{"@id":"https:\/\/medicina.udd.cl\/centro-epidemiologia-politicas-salud\/files\/2022\/03\/Captura-de-pantalla-2022-03-22-a-las-15.26.17.png#breadcrumb"},"inLanguage":"es","potentialAction":[{"@type":"ReadAction","target":["https:\/\/medicina.udd.cl\/centro-epidemiologia-politicas-salud\/files\/2022\/03\/Captura-de-pantalla-2022-03-22-a-las-15.26.17.png"]}]},{"@type":"BreadcrumbList","@id":"https:\/\/medicina.udd.cl\/centro-epidemiologia-politicas-salud\/files\/2022\/03\/Captura-de-pantalla-2022-03-22-a-las-15.26.17.png#breadcrumb","itemListElement":[{"@type":"ListItem","position":1,"name":"Inicio","item":"https:\/\/medicina.udd.cl\/centro-epidemiologia-politicas-salud\/"},{"@type":"ListItem","position":2,"name":"Dra. Ximena Aguilera preside consejo asesor externo de la Comisi\u00f3n Nacional de Respuesta a la Pandemia","item":"https:\/\/medicina.udd.cl\/centro-epidemiologia-politicas-salud\/noticias\/2022\/03\/22\/dra-ximena-aguilera-preside-consejo-asesor-externo-de-la-comision-nacional-de-respuesta-a-la-pandemia\/"},{"@type":"ListItem","position":3,"name":"Captura de pantalla 2022-03-22 a las 15.26.17"}]},{"@type":"WebSite","@id":"https:\/\/medicina.udd.cl\/centro-epidemiologia-politicas-salud\/#website","url":"https:\/\/medicina.udd.cl\/centro-epidemiologia-politicas-salud\/","name":"Centro de Epidemiolog\u00eda y Pol\u00edticas de Salud","description":"Otro blog m\u00e1s de Medicina","inLanguage":"es"}]}},"description":{"rendered":"<p class=\"attachment\"><a href='https:\/\/medicina.udd.cl\/centro-epidemiologia-politicas-salud\/files\/2022\/03\/Captura-de-pantalla-2022-03-22-a-las-15.26.17.png'><img loading=\"lazy\" decoding=\"async\" width=\"300\" height=\"282\" src=\"https:\/\/medicina.udd.cl\/centro-epidemiologia-politicas-salud\/wp-content\/plugins\/wp-async-img-load\/blank.png\" class=\"attachment-medium size-medium lazyload\" alt=\"\" sizes=\"auto, (max-width: 300px) 100vw, 300px\" data-src=\"https:\/\/medicina.udd.cl\/centro-epidemiologia-politicas-salud\/files\/2022\/03\/Captura-de-pantalla-2022-03-22-a-las-15.26.17-300x282.png\" data-srcset=\"https:\/\/medicina.udd.cl\/centro-epidemiologia-politicas-salud\/files\/2022\/03\/Captura-de-pantalla-2022-03-22-a-las-15.26.17-300x282.png 300w, https:\/\/medicina.udd.cl\/centro-epidemiologia-politicas-salud\/files\/2022\/03\/Captura-de-pantalla-2022-03-22-a-las-15.26.17-1024x963.png 1024w, https:\/\/medicina.udd.cl\/centro-epidemiologia-politicas-salud\/files\/2022\/03\/Captura-de-pantalla-2022-03-22-a-las-15.26.17-768x723.png 768w, https:\/\/medicina.udd.cl\/centro-epidemiologia-politicas-salud\/files\/2022\/03\/Captura-de-pantalla-2022-03-22-a-las-15.26.17-1536x1445.png 1536w, https:\/\/medicina.udd.cl\/centro-epidemiologia-politicas-salud\/files\/2022\/03\/Captura-de-pantalla-2022-03-22-a-las-15.26.17-2048x1927.png 2048w\" \/><\/a><\/p>\n"},"caption":{"rendered":""},"alt_text":"","media_type":"image","mime_type":"image\/png","media_details":{"width":2334,"height":2196,"file":"2022\/03\/Captura-de-pantalla-2022-03-22-a-las-15.26.17.png","sizes":{"medium":{"file":"Captura-de-pantalla-2022-03-22-a-las-15.26.17-300x282.png","width":300,"height":282,"mime_type":"image\/png","source_url":"https:\/\/medicina.udd.cl\/centro-epidemiologia-politicas-salud\/files\/2022\/03\/Captura-de-pantalla-2022-03-22-a-las-15.26.17-300x282.png"},"large":{"file":"Captura-de-pantalla-2022-03-22-a-las-15.26.17-1024x963.png","width":1024,"height":963,"mime_type":"image\/png","source_url":"https:\/\/medicina.udd.cl\/centro-epidemiologia-politicas-salud\/files\/2022\/03\/Captura-de-pantalla-2022-03-22-a-las-15.26.17-1024x963.png"},"thumbnail":{"file":"Captura-de-pantalla-2022-03-22-a-las-15.26.17-150x150.png","width":150,"height":150,"mime_type":"image\/png","source_url":"https:\/\/medicina.udd.cl\/centro-epidemiologia-politicas-salud\/files\/2022\/03\/Captura-de-pantalla-2022-03-22-a-las-15.26.17-150x150.png"},"medium_large":{"file":"Captura-de-pantalla-2022-03-22-a-las-15.26.17-768x723.png","width":768,"height":723,"mime_type":"image\/png","source_url":"https:\/\/medicina.udd.cl\/centro-epidemiologia-politicas-salud\/files\/2022\/03\/Captura-de-pantalla-2022-03-22-a-las-15.26.17-768x723.png"},"newsletter_featured":{"file":"Captura-de-pantalla-2022-03-22-a-las-15.26.17-316x224.png","width":316,"height":224,"mime_type":"image\/png","source_url":"https:\/\/medicina.udd.cl\/centro-epidemiologia-politicas-salud\/files\/2022\/03\/Captura-de-pantalla-2022-03-22-a-las-15.26.17-316x224.png"},"newsletter_first":{"file":"Captura-de-pantalla-2022-03-22-a-las-15.26.17-286x205.png","width":286,"height":205,"mime_type":"image\/png","source_url":"https:\/\/medicina.udd.cl\/centro-epidemiologia-politicas-salud\/files\/2022\/03\/Captura-de-pantalla-2022-03-22-a-las-15.26.17-286x205.png"},"newsletter_thumb":{"file":"Captura-de-pantalla-2022-03-22-a-las-15.26.17-288x150.png","width":288,"height":150,"mime_type":"image\/png","source_url":"https:\/\/medicina.udd.cl\/centro-epidemiologia-politicas-salud\/files\/2022\/03\/Captura-de-pantalla-2022-03-22-a-las-15.26.17-288x150.png"},"newsletter_column":{"file":"Captura-de-pantalla-2022-03-22-a-las-15.26.17-182x140.png","width":182,"height":140,"mime_type":"image\/png","source_url":"https:\/\/medicina.udd.cl\/centro-epidemiologia-politicas-salud\/files\/2022\/03\/Captura-de-pantalla-2022-03-22-a-las-15.26.17-182x140.png"},"newsletter_square":{"file":"Captura-de-pantalla-2022-03-22-a-las-15.26.17-62x62.png","width":62,"height":62,"mime_type":"image\/png","source_url":"https:\/\/medicina.udd.cl\/centro-epidemiologia-politicas-salud\/files\/2022\/03\/Captura-de-pantalla-2022-03-22-a-las-15.26.17-62x62.png"},"newsletter_square_large":{"file":"Captura-de-pantalla-2022-03-22-a-las-15.26.17-87x62.png","width":87,"height":62,"mime_type":"image\/png","source_url":"https:\/\/medicina.udd.cl\/centro-epidemiologia-politicas-salud\/files\/2022\/03\/Captura-de-pantalla-2022-03-22-a-las-15.26.17-87x62.png"},"1536x1536":{"file":"Captura-de-pantalla-2022-03-22-a-las-15.26.17-1536x1445.png","width":1536,"height":1445,"mime_type":"image\/png","source_url":"https:\/\/medicina.udd.cl\/centro-epidemiologia-politicas-salud\/files\/2022\/03\/Captura-de-pantalla-2022-03-22-a-las-15.26.17-1536x1445.png"},"2048x2048":{"file":"Captura-de-pantalla-2022-03-22-a-las-15.26.17-2048x1927.png","width":2048,"height":1927,"mime_type":"image\/png","source_url":"https:\/\/medicina.udd.cl\/centro-epidemiologia-politicas-salud\/files\/2022\/03\/Captura-de-pantalla-2022-03-22-a-las-15.26.17-2048x1927.png"},"landscape_1920":{"file":"Captura-de-pantalla-2022-03-22-a-las-15.26.17-1920x1080.png","width":1920,"height":1080,"mime_type":"image\/png","source_url":"https:\/\/medicina.udd.cl\/centro-epidemiologia-politicas-salud\/files\/2022\/03\/Captura-de-pantalla-2022-03-22-a-las-15.26.17-1920x1080.png"},"landscape_1366":{"file":"Captura-de-pantalla-2022-03-22-a-las-15.26.17-1366x768.png","width":1366,"height":768,"mime_type":"image\/png","source_url":"https:\/\/medicina.udd.cl\/centro-epidemiologia-politicas-salud\/files\/2022\/03\/Captura-de-pantalla-2022-03-22-a-las-15.26.17-1366x768.png"},"landscape_952":{"file":"Captura-de-pantalla-2022-03-22-a-las-15.26.17-952x534.png","width":952,"height":534,"mime_type":"image\/png","source_url":"https:\/\/medicina.udd.cl\/centro-epidemiologia-politicas-salud\/files\/2022\/03\/Captura-de-pantalla-2022-03-22-a-las-15.26.17-952x534.png"},"landscape_680":{"file":"Captura-de-pantalla-2022-03-22-a-las-15.26.17-680x382.png","width":680,"height":382,"mime_type":"image\/png","source_url":"https:\/\/medicina.udd.cl\/centro-epidemiologia-politicas-salud\/files\/2022\/03\/Captura-de-pantalla-2022-03-22-a-las-15.26.17-680x382.png"},"square_750":{"file":"Captura-de-pantalla-2022-03-22-a-las-15.26.17-750x750.png","width":750,"height":750,"mime_type":"image\/png","source_url":"https:\/\/medicina.udd.cl\/centro-epidemiologia-politicas-salud\/files\/2022\/03\/Captura-de-pantalla-2022-03-22-a-las-15.26.17-750x750.png"},"square_500":{"file":"Captura-de-pantalla-2022-03-22-a-las-15.26.17-500x500.png","width":500,"height":500,"mime_type":"image\/png","source_url":"https:\/\/medicina.udd.cl\/centro-epidemiologia-politicas-salud\/files\/2022\/03\/Captura-de-pantalla-2022-03-22-a-las-15.26.17-500x500.png"},"square_200":{"file":"Captura-de-pantalla-2022-03-22-a-las-15.26.17-250x250.png","width":250,"height":250,"mime_type":"image\/png","source_url":"https:\/\/medicina.udd.cl\/centro-epidemiologia-politicas-salud\/files\/2022\/03\/Captura-de-pantalla-2022-03-22-a-las-15.26.17-250x250.png"},"post-thumbnail":{"file":"Captura-de-pantalla-2022-03-22-a-las-15.26.17-952x534.png","width":952,"height":534,"mime_type":"image\/png","source_url":"https:\/\/medicina.udd.cl\/centro-epidemiologia-politicas-salud\/files\/2022\/03\/Captura-de-pantalla-2022-03-22-a-las-15.26.17-952x534.png"},"custom_content":{"file":"Captura-de-pantalla-2022-03-22-a-las-15.26.17-126x126.png","width":126,"height":126,"mime_type":"image\/png","source_url":"https:\/\/medicina.udd.cl\/centro-epidemiologia-politicas-salud\/files\/2022\/03\/Captura-de-pantalla-2022-03-22-a-las-15.26.17-126x126.png"},"full":{"file":"Captura-de-pantalla-2022-03-22-a-las-15.26.17.png","width":2334,"height":2196,"mime_type":"image\/png","source_url":"https:\/\/medicina.udd.cl\/centro-epidemiologia-politicas-salud\/files\/2022\/03\/Captura-de-pantalla-2022-03-22-a-las-15.26.17.png"}},"image_meta":{"aperture":"0","credit":"","camera":"","caption":"","created_timestamp":"0","copyright":"","focal_length":"0","iso":"0","shutter_speed":"0","title":"","orientation":"0","keywords":[]}},"post":2271,"source_url":"https:\/\/medicina.udd.cl\/centro-epidemiologia-politicas-salud\/files\/2022\/03\/Captura-de-pantalla-2022-03-22-a-las-15.26.17.png","_links":{"self":[{"href":"https:\/\/medicina.udd.cl\/centro-epidemiologia-politicas-salud\/wp-json\/wp\/v2\/media\/2273","targetHints":{"allow":["GET"]}}],"collection":[{"href":"https:\/\/medicina.udd.cl\/centro-epidemiologia-politicas-salud\/wp-json\/wp\/v2\/media"}],"about":[{"href":"https:\/\/medicina.udd.cl\/centro-epidemiologia-politicas-salud\/wp-json\/wp\/v2\/types\/attachment"}],"author":[{"embeddable":true,"href":"https:\/\/medicina.udd.cl\/centro-epidemiologia-politicas-salud\/wp-json\/wp\/v2\/users\/42"}],"replies":[{"embeddable":true,"href":"https:\/\/medicina.udd.cl\/centro-epidemiologia-politicas-salud\/wp-json\/wp\/v2\/comments?post=2273"}],"wp:attached-to":[{"embeddable":true,"post_type":"post","id":2271,"href":"https:\/\/medicina.udd.cl\/centro-epidemiologia-politicas-salud\/wp-json\/wp\/v2\/posts\/2271"}],"curies":[{"name":"wp","href":"https:\/\/api.w.org\/{rel}","templated":true}]}}