{"id":2325,"date":"2022-10-07T11:02:36","date_gmt":"2022-10-07T14:02:36","guid":{"rendered":"https:\/\/medicina.udd.cl\/centro-epidemiologia-politicas-salud\/files\/2022\/10\/icim-ceps-presentacion-resultados-proyecto-fonis-barreras-23.jpg"},"modified":"2022-10-07T11:02:36","modified_gmt":"2022-10-07T14:02:36","slug":"icim-ceps-presentacion-resultados-proyecto-fonis-barreras-23","status":"inherit","type":"attachment","link":"https:\/\/medicina.udd.cl\/centro-epidemiologia-politicas-salud\/noticias\/2022\/10\/07\/presentan-proyecto-fonis-barreras-y-facilitadores-en-el-acceso-a-medicamentos-para-enfermedades-no-transmisibles-prioritarias-en-chile-hipertension-dislipidemia-y-diabetes\/icim-ceps-presentacion-resultados-proyecto-fonis-barreras-23\/","title":{"rendered":"ICIM CEPS &#8211; Presentaci\u00f3n Resultados Proyecto Fonis Barreras (23)"},"author":9192219,"featured_media":0,"comment_status":"open","ping_status":"closed","template":"","meta":[],"class_list":["post-2325","attachment","type-attachment","status-inherit","hentry"],"yoast_head":"<!-- This site is optimized with the Yoast SEO plugin v26.9 - https:\/\/yoast.com\/product\/yoast-seo-wordpress\/ -->\n<title>ICIM CEPS - Presentaci\u00f3n Resultados Proyecto Fonis Barreras (23) - Centro de Epidemiolog\u00eda y Pol\u00edticas de Salud<\/title>\n<meta name=\"robots\" content=\"index, follow, max-snippet:-1, max-image-preview:large, max-video-preview:-1\" \/>\n<link rel=\"canonical\" href=\"https:\/\/medicina.udd.cl\/centro-epidemiologia-politicas-salud\/files\/2022\/10\/icim-ceps-presentacion-resultados-proyecto-fonis-barreras-23.jpg\" \/>\n<meta property=\"og:locale\" content=\"es_ES\" \/>\n<meta property=\"og:type\" content=\"article\" \/>\n<meta property=\"og:title\" content=\"ICIM CEPS - Presentaci\u00f3n Resultados Proyecto Fonis Barreras (23) - Centro de Epidemiolog\u00eda y Pol\u00edticas de Salud\" \/>\n<meta property=\"og:url\" content=\"https:\/\/medicina.udd.cl\/centro-epidemiologia-politicas-salud\/files\/2022\/10\/icim-ceps-presentacion-resultados-proyecto-fonis-barreras-23.jpg\" \/>\n<meta property=\"og:site_name\" content=\"Centro de Epidemiolog\u00eda y Pol\u00edticas de Salud\" \/>\n<meta property=\"og:image\" content=\"https:\/\/medicina.udd.cl\/centro-epidemiologia-politicas-salud\/files\/2022\/10\/icim-ceps-presentacion-resultados-proyecto-fonis-barreras-23.jpg\" \/>\n\t<meta property=\"og:image:width\" content=\"635\" \/>\n\t<meta property=\"og:image:height\" content=\"847\" \/>\n\t<meta property=\"og:image:type\" content=\"image\/jpeg\" \/>\n<script type=\"application\/ld+json\" class=\"yoast-schema-graph\">{\"@context\":\"https:\/\/schema.org\",\"@graph\":[{\"@type\":\"WebPage\",\"@id\":\"https:\/\/medicina.udd.cl\/centro-epidemiologia-politicas-salud\/files\/2022\/10\/icim-ceps-presentacion-resultados-proyecto-fonis-barreras-23.jpg\",\"url\":\"https:\/\/medicina.udd.cl\/centro-epidemiologia-politicas-salud\/files\/2022\/10\/icim-ceps-presentacion-resultados-proyecto-fonis-barreras-23.jpg\",\"name\":\"ICIM CEPS - Presentaci\u00f3n Resultados Proyecto Fonis Barreras (23) - Centro de Epidemiolog\u00eda y Pol\u00edticas de Salud\",\"isPartOf\":{\"@id\":\"https:\/\/medicina.udd.cl\/centro-epidemiologia-politicas-salud\/#website\"},\"datePublished\":\"2022-10-07T14:02:36+00:00\",\"breadcrumb\":{\"@id\":\"https:\/\/medicina.udd.cl\/centro-epidemiologia-politicas-salud\/files\/2022\/10\/icim-ceps-presentacion-resultados-proyecto-fonis-barreras-23.jpg#breadcrumb\"},\"inLanguage\":\"es\",\"potentialAction\":[{\"@type\":\"ReadAction\",\"target\":[\"https:\/\/medicina.udd.cl\/centro-epidemiologia-politicas-salud\/files\/2022\/10\/icim-ceps-presentacion-resultados-proyecto-fonis-barreras-23.jpg\"]}]},{\"@type\":\"BreadcrumbList\",\"@id\":\"https:\/\/medicina.udd.cl\/centro-epidemiologia-politicas-salud\/files\/2022\/10\/icim-ceps-presentacion-resultados-proyecto-fonis-barreras-23.jpg#breadcrumb\",\"itemListElement\":[{\"@type\":\"ListItem\",\"position\":1,\"name\":\"Inicio\",\"item\":\"https:\/\/medicina.udd.cl\/centro-epidemiologia-politicas-salud\/\"},{\"@type\":\"ListItem\",\"position\":2,\"name\":\"Presentan Proyecto Fonis \u201cBarreras y facilitadores en el acceso a medicamentos para enfermedades no transmisibles prioritarias en Chile: hipertensi\u00f3n, dislipidemia y diabetes\u201d\",\"item\":\"https:\/\/medicina.udd.cl\/centro-epidemiologia-politicas-salud\/noticias\/2022\/10\/07\/presentan-proyecto-fonis-barreras-y-facilitadores-en-el-acceso-a-medicamentos-para-enfermedades-no-transmisibles-prioritarias-en-chile-hipertension-dislipidemia-y-diabetes\/\"},{\"@type\":\"ListItem\",\"position\":3,\"name\":\"ICIM CEPS &#8211; Presentaci\u00f3n Resultados Proyecto Fonis Barreras (23)\"}]},{\"@type\":\"WebSite\",\"@id\":\"https:\/\/medicina.udd.cl\/centro-epidemiologia-politicas-salud\/#website\",\"url\":\"https:\/\/medicina.udd.cl\/centro-epidemiologia-politicas-salud\/\",\"name\":\"Centro de Epidemiolog\u00eda y Pol\u00edticas de Salud\",\"description\":\"Otro blog m\u00e1s de Medicina\",\"inLanguage\":\"es\"}]}<\/script>\n<!-- \/ Yoast SEO plugin. -->","yoast_head_json":{"title":"ICIM CEPS - Presentaci\u00f3n Resultados Proyecto Fonis Barreras (23) - Centro de Epidemiolog\u00eda y Pol\u00edticas de Salud","robots":{"index":"index","follow":"follow","max-snippet":"max-snippet:-1","max-image-preview":"max-image-preview:large","max-video-preview":"max-video-preview:-1"},"canonical":"https:\/\/medicina.udd.cl\/centro-epidemiologia-politicas-salud\/files\/2022\/10\/icim-ceps-presentacion-resultados-proyecto-fonis-barreras-23.jpg","og_locale":"es_ES","og_type":"article","og_title":"ICIM CEPS - Presentaci\u00f3n Resultados Proyecto Fonis Barreras (23) - Centro de Epidemiolog\u00eda y Pol\u00edticas de Salud","og_url":"https:\/\/medicina.udd.cl\/centro-epidemiologia-politicas-salud\/files\/2022\/10\/icim-ceps-presentacion-resultados-proyecto-fonis-barreras-23.jpg","og_site_name":"Centro de Epidemiolog\u00eda y Pol\u00edticas de Salud","og_image":[{"width":635,"height":847,"url":"https:\/\/medicina.udd.cl\/centro-epidemiologia-politicas-salud\/files\/2022\/10\/icim-ceps-presentacion-resultados-proyecto-fonis-barreras-23.jpg","type":"image\/jpeg"}],"schema":{"@context":"https:\/\/schema.org","@graph":[{"@type":"WebPage","@id":"https:\/\/medicina.udd.cl\/centro-epidemiologia-politicas-salud\/files\/2022\/10\/icim-ceps-presentacion-resultados-proyecto-fonis-barreras-23.jpg","url":"https:\/\/medicina.udd.cl\/centro-epidemiologia-politicas-salud\/files\/2022\/10\/icim-ceps-presentacion-resultados-proyecto-fonis-barreras-23.jpg","name":"ICIM CEPS - Presentaci\u00f3n Resultados Proyecto Fonis Barreras (23) - Centro de Epidemiolog\u00eda y Pol\u00edticas de Salud","isPartOf":{"@id":"https:\/\/medicina.udd.cl\/centro-epidemiologia-politicas-salud\/#website"},"datePublished":"2022-10-07T14:02:36+00:00","breadcrumb":{"@id":"https:\/\/medicina.udd.cl\/centro-epidemiologia-politicas-salud\/files\/2022\/10\/icim-ceps-presentacion-resultados-proyecto-fonis-barreras-23.jpg#breadcrumb"},"inLanguage":"es","potentialAction":[{"@type":"ReadAction","target":["https:\/\/medicina.udd.cl\/centro-epidemiologia-politicas-salud\/files\/2022\/10\/icim-ceps-presentacion-resultados-proyecto-fonis-barreras-23.jpg"]}]},{"@type":"BreadcrumbList","@id":"https:\/\/medicina.udd.cl\/centro-epidemiologia-politicas-salud\/files\/2022\/10\/icim-ceps-presentacion-resultados-proyecto-fonis-barreras-23.jpg#breadcrumb","itemListElement":[{"@type":"ListItem","position":1,"name":"Inicio","item":"https:\/\/medicina.udd.cl\/centro-epidemiologia-politicas-salud\/"},{"@type":"ListItem","position":2,"name":"Presentan Proyecto Fonis \u201cBarreras y facilitadores en el acceso a medicamentos para enfermedades no transmisibles prioritarias en Chile: hipertensi\u00f3n, dislipidemia y diabetes\u201d","item":"https:\/\/medicina.udd.cl\/centro-epidemiologia-politicas-salud\/noticias\/2022\/10\/07\/presentan-proyecto-fonis-barreras-y-facilitadores-en-el-acceso-a-medicamentos-para-enfermedades-no-transmisibles-prioritarias-en-chile-hipertension-dislipidemia-y-diabetes\/"},{"@type":"ListItem","position":3,"name":"ICIM CEPS &#8211; Presentaci\u00f3n Resultados Proyecto Fonis Barreras (23)"}]},{"@type":"WebSite","@id":"https:\/\/medicina.udd.cl\/centro-epidemiologia-politicas-salud\/#website","url":"https:\/\/medicina.udd.cl\/centro-epidemiologia-politicas-salud\/","name":"Centro de Epidemiolog\u00eda y Pol\u00edticas de Salud","description":"Otro blog m\u00e1s de Medicina","inLanguage":"es"}]}},"description":{"rendered":"<p class=\"attachment\"><a href='https:\/\/medicina.udd.cl\/centro-epidemiologia-politicas-salud\/files\/2022\/10\/icim-ceps-presentacion-resultados-proyecto-fonis-barreras-23.jpg'><img loading=\"lazy\" decoding=\"async\" width=\"225\" height=\"300\" src=\"https:\/\/medicina.udd.cl\/centro-epidemiologia-politicas-salud\/wp-content\/plugins\/wp-async-img-load\/blank.png\" class=\"attachment-medium size-medium lazyload\" alt=\"\" sizes=\"auto, (max-width: 225px) 100vw, 225px\" data-src=\"https:\/\/medicina.udd.cl\/centro-epidemiologia-politicas-salud\/files\/2022\/10\/icim-ceps-presentacion-resultados-proyecto-fonis-barreras-23-225x300.jpg\" data-srcset=\"https:\/\/medicina.udd.cl\/centro-epidemiologia-politicas-salud\/files\/2022\/10\/icim-ceps-presentacion-resultados-proyecto-fonis-barreras-23-225x300.jpg 225w, https:\/\/medicina.udd.cl\/centro-epidemiologia-politicas-salud\/files\/2022\/10\/icim-ceps-presentacion-resultados-proyecto-fonis-barreras-23.jpg 635w\" \/><\/a><\/p>\n"},"caption":{"rendered":""},"alt_text":"","media_type":"image","mime_type":"image\/jpeg","media_details":{"width":635,"height":847,"file":"2022\/10\/icim-ceps-presentacion-resultados-proyecto-fonis-barreras-23.jpg","sizes":{"medium":{"file":"icim-ceps-presentacion-resultados-proyecto-fonis-barreras-23-225x300.jpg","width":225,"height":300,"mime_type":"image\/jpeg","source_url":"https:\/\/medicina.udd.cl\/centro-epidemiologia-politicas-salud\/files\/2022\/10\/icim-ceps-presentacion-resultados-proyecto-fonis-barreras-23-225x300.jpg"},"thumbnail":{"file":"icim-ceps-presentacion-resultados-proyecto-fonis-barreras-23-150x150.jpg","width":150,"height":150,"mime_type":"image\/jpeg","source_url":"https:\/\/medicina.udd.cl\/centro-epidemiologia-politicas-salud\/files\/2022\/10\/icim-ceps-presentacion-resultados-proyecto-fonis-barreras-23-150x150.jpg"},"newsletter_featured":{"file":"icim-ceps-presentacion-resultados-proyecto-fonis-barreras-23-316x224.jpg","width":316,"height":224,"mime_type":"image\/jpeg","source_url":"https:\/\/medicina.udd.cl\/centro-epidemiologia-politicas-salud\/files\/2022\/10\/icim-ceps-presentacion-resultados-proyecto-fonis-barreras-23-316x224.jpg"},"newsletter_first":{"file":"icim-ceps-presentacion-resultados-proyecto-fonis-barreras-23-286x205.jpg","width":286,"height":205,"mime_type":"image\/jpeg","source_url":"https:\/\/medicina.udd.cl\/centro-epidemiologia-politicas-salud\/files\/2022\/10\/icim-ceps-presentacion-resultados-proyecto-fonis-barreras-23-286x205.jpg"},"newsletter_thumb":{"file":"icim-ceps-presentacion-resultados-proyecto-fonis-barreras-23-288x150.jpg","width":288,"height":150,"mime_type":"image\/jpeg","source_url":"https:\/\/medicina.udd.cl\/centro-epidemiologia-politicas-salud\/files\/2022\/10\/icim-ceps-presentacion-resultados-proyecto-fonis-barreras-23-288x150.jpg"},"newsletter_column":{"file":"icim-ceps-presentacion-resultados-proyecto-fonis-barreras-23-182x140.jpg","width":182,"height":140,"mime_type":"image\/jpeg","source_url":"https:\/\/medicina.udd.cl\/centro-epidemiologia-politicas-salud\/files\/2022\/10\/icim-ceps-presentacion-resultados-proyecto-fonis-barreras-23-182x140.jpg"},"newsletter_square":{"file":"icim-ceps-presentacion-resultados-proyecto-fonis-barreras-23-62x62.jpg","width":62,"height":62,"mime_type":"image\/jpeg","source_url":"https:\/\/medicina.udd.cl\/centro-epidemiologia-politicas-salud\/files\/2022\/10\/icim-ceps-presentacion-resultados-proyecto-fonis-barreras-23-62x62.jpg"},"newsletter_square_large":{"file":"icim-ceps-presentacion-resultados-proyecto-fonis-barreras-23-87x62.jpg","width":87,"height":62,"mime_type":"image\/jpeg","source_url":"https:\/\/medicina.udd.cl\/centro-epidemiologia-politicas-salud\/files\/2022\/10\/icim-ceps-presentacion-resultados-proyecto-fonis-barreras-23-87x62.jpg"},"landscape_1366":{"file":"icim-ceps-presentacion-resultados-proyecto-fonis-barreras-23-635x768.jpg","width":635,"height":768,"mime_type":"image\/jpeg","source_url":"https:\/\/medicina.udd.cl\/centro-epidemiologia-politicas-salud\/files\/2022\/10\/icim-ceps-presentacion-resultados-proyecto-fonis-barreras-23-635x768.jpg"},"landscape_952":{"file":"icim-ceps-presentacion-resultados-proyecto-fonis-barreras-23-635x534.jpg","width":635,"height":534,"mime_type":"image\/jpeg","source_url":"https:\/\/medicina.udd.cl\/centro-epidemiologia-politicas-salud\/files\/2022\/10\/icim-ceps-presentacion-resultados-proyecto-fonis-barreras-23-635x534.jpg"},"landscape_680":{"file":"icim-ceps-presentacion-resultados-proyecto-fonis-barreras-23-635x382.jpg","width":635,"height":382,"mime_type":"image\/jpeg","source_url":"https:\/\/medicina.udd.cl\/centro-epidemiologia-politicas-salud\/files\/2022\/10\/icim-ceps-presentacion-resultados-proyecto-fonis-barreras-23-635x382.jpg"},"square_750":{"file":"icim-ceps-presentacion-resultados-proyecto-fonis-barreras-23-635x750.jpg","width":635,"height":750,"mime_type":"image\/jpeg","source_url":"https:\/\/medicina.udd.cl\/centro-epidemiologia-politicas-salud\/files\/2022\/10\/icim-ceps-presentacion-resultados-proyecto-fonis-barreras-23-635x750.jpg"},"square_500":{"file":"icim-ceps-presentacion-resultados-proyecto-fonis-barreras-23-500x500.jpg","width":500,"height":500,"mime_type":"image\/jpeg","source_url":"https:\/\/medicina.udd.cl\/centro-epidemiologia-politicas-salud\/files\/2022\/10\/icim-ceps-presentacion-resultados-proyecto-fonis-barreras-23-500x500.jpg"},"square_200":{"file":"icim-ceps-presentacion-resultados-proyecto-fonis-barreras-23-250x250.jpg","width":250,"height":250,"mime_type":"image\/jpeg","source_url":"https:\/\/medicina.udd.cl\/centro-epidemiologia-politicas-salud\/files\/2022\/10\/icim-ceps-presentacion-resultados-proyecto-fonis-barreras-23-250x250.jpg"},"post-thumbnail":{"file":"icim-ceps-presentacion-resultados-proyecto-fonis-barreras-23-635x534.jpg","width":635,"height":534,"mime_type":"image\/jpeg","source_url":"https:\/\/medicina.udd.cl\/centro-epidemiologia-politicas-salud\/files\/2022\/10\/icim-ceps-presentacion-resultados-proyecto-fonis-barreras-23-635x534.jpg"},"custom_content":{"file":"icim-ceps-presentacion-resultados-proyecto-fonis-barreras-23-126x126.jpg","width":126,"height":126,"mime_type":"image\/jpeg","source_url":"https:\/\/medicina.udd.cl\/centro-epidemiologia-politicas-salud\/files\/2022\/10\/icim-ceps-presentacion-resultados-proyecto-fonis-barreras-23-126x126.jpg"},"full":{"file":"icim-ceps-presentacion-resultados-proyecto-fonis-barreras-23.jpg","width":635,"height":847,"mime_type":"image\/jpeg","source_url":"https:\/\/medicina.udd.cl\/centro-epidemiologia-politicas-salud\/files\/2022\/10\/icim-ceps-presentacion-resultados-proyecto-fonis-barreras-23.jpg"}},"image_meta":{"aperture":"0","credit":"","camera":"","caption":"","created_timestamp":"1665133250","copyright":"","focal_length":"0","iso":"0","shutter_speed":"0","title":"","orientation":"1","keywords":[]}},"post":2316,"source_url":"https:\/\/medicina.udd.cl\/centro-epidemiologia-politicas-salud\/files\/2022\/10\/icim-ceps-presentacion-resultados-proyecto-fonis-barreras-23.jpg","_links":{"self":[{"href":"https:\/\/medicina.udd.cl\/centro-epidemiologia-politicas-salud\/wp-json\/wp\/v2\/media\/2325","targetHints":{"allow":["GET"]}}],"collection":[{"href":"https:\/\/medicina.udd.cl\/centro-epidemiologia-politicas-salud\/wp-json\/wp\/v2\/media"}],"about":[{"href":"https:\/\/medicina.udd.cl\/centro-epidemiologia-politicas-salud\/wp-json\/wp\/v2\/types\/attachment"}],"author":[{"embeddable":true,"href":"https:\/\/medicina.udd.cl\/centro-epidemiologia-politicas-salud\/wp-json\/wp\/v2\/users\/9192219"}],"replies":[{"embeddable":true,"href":"https:\/\/medicina.udd.cl\/centro-epidemiologia-politicas-salud\/wp-json\/wp\/v2\/comments?post=2325"}],"wp:attached-to":[{"embeddable":true,"post_type":"post","id":2316,"href":"https:\/\/medicina.udd.cl\/centro-epidemiologia-politicas-salud\/wp-json\/wp\/v2\/posts\/2316"}],"curies":[{"name":"wp","href":"https:\/\/api.w.org\/{rel}","templated":true}]}}