{"id":2408,"date":"2023-10-02T11:49:28","date_gmt":"2023-10-02T14:49:28","guid":{"rendered":"https:\/\/medicina.udd.cl\/centro-epidemiologia-politicas-salud\/files\/2023\/10\/dr-camilo-lopez.jpg"},"modified":"2023-10-02T11:49:28","modified_gmt":"2023-10-02T14:49:28","slug":"dr-camilo-lopez","status":"inherit","type":"attachment","link":"https:\/\/medicina.udd.cl\/centro-epidemiologia-politicas-salud\/noticias\/2023\/10\/02\/sensible-fallecimiento-del-docente-dr-camilo-lopez-alarcon\/dr-camilo-lopez\/","title":{"rendered":"Dr. Camilo L\u00f3pez"},"author":9192219,"featured_media":0,"comment_status":"","ping_status":"closed","template":"","meta":[],"class_list":["post-2408","attachment","type-attachment","status-inherit","hentry"],"yoast_head":"<!-- This site is optimized with the Yoast SEO plugin v26.9 - https:\/\/yoast.com\/product\/yoast-seo-wordpress\/ -->\n<title>Dr. Camilo L\u00f3pez - Centro de Epidemiolog\u00eda y Pol\u00edticas de Salud<\/title>\n<meta name=\"robots\" content=\"index, follow, max-snippet:-1, max-image-preview:large, max-video-preview:-1\" \/>\n<link rel=\"canonical\" href=\"https:\/\/medicina.udd.cl\/centro-epidemiologia-politicas-salud\/files\/2023\/10\/dr-camilo-lopez.jpg\" \/>\n<meta property=\"og:locale\" content=\"es_ES\" \/>\n<meta property=\"og:type\" content=\"article\" \/>\n<meta property=\"og:title\" content=\"Dr. Camilo L\u00f3pez - Centro de Epidemiolog\u00eda y Pol\u00edticas de Salud\" \/>\n<meta property=\"og:url\" content=\"https:\/\/medicina.udd.cl\/centro-epidemiologia-politicas-salud\/files\/2023\/10\/dr-camilo-lopez.jpg\" \/>\n<meta property=\"og:site_name\" content=\"Centro de Epidemiolog\u00eda y Pol\u00edticas de Salud\" \/>\n<meta property=\"og:image\" content=\"https:\/\/medicina.udd.cl\/centro-epidemiologia-politicas-salud\/files\/2023\/10\/dr-camilo-lopez.jpg\" \/>\n\t<meta property=\"og:image:width\" content=\"1242\" \/>\n\t<meta property=\"og:image:height\" content=\"1242\" \/>\n\t<meta property=\"og:image:type\" content=\"image\/jpeg\" \/>\n<script type=\"application\/ld+json\" class=\"yoast-schema-graph\">{\"@context\":\"https:\/\/schema.org\",\"@graph\":[{\"@type\":\"WebPage\",\"@id\":\"https:\/\/medicina.udd.cl\/centro-epidemiologia-politicas-salud\/files\/2023\/10\/dr-camilo-lopez.jpg\",\"url\":\"https:\/\/medicina.udd.cl\/centro-epidemiologia-politicas-salud\/files\/2023\/10\/dr-camilo-lopez.jpg\",\"name\":\"Dr. Camilo L\u00f3pez - Centro de Epidemiolog\u00eda y Pol\u00edticas de Salud\",\"isPartOf\":{\"@id\":\"https:\/\/medicina.udd.cl\/centro-epidemiologia-politicas-salud\/#website\"},\"datePublished\":\"2023-10-02T14:49:28+00:00\",\"breadcrumb\":{\"@id\":\"https:\/\/medicina.udd.cl\/centro-epidemiologia-politicas-salud\/files\/2023\/10\/dr-camilo-lopez.jpg#breadcrumb\"},\"inLanguage\":\"es\",\"potentialAction\":[{\"@type\":\"ReadAction\",\"target\":[\"https:\/\/medicina.udd.cl\/centro-epidemiologia-politicas-salud\/files\/2023\/10\/dr-camilo-lopez.jpg\"]}]},{\"@type\":\"BreadcrumbList\",\"@id\":\"https:\/\/medicina.udd.cl\/centro-epidemiologia-politicas-salud\/files\/2023\/10\/dr-camilo-lopez.jpg#breadcrumb\",\"itemListElement\":[{\"@type\":\"ListItem\",\"position\":1,\"name\":\"Inicio\",\"item\":\"https:\/\/medicina.udd.cl\/centro-epidemiologia-politicas-salud\/\"},{\"@type\":\"ListItem\",\"position\":2,\"name\":\"Sensible fallecimiento del docente Dr. Camilo L\u00f3pez Alarc\u00f3n\",\"item\":\"https:\/\/medicina.udd.cl\/centro-epidemiologia-politicas-salud\/noticias\/2023\/10\/02\/sensible-fallecimiento-del-docente-dr-camilo-lopez-alarcon\/\"},{\"@type\":\"ListItem\",\"position\":3,\"name\":\"Dr. Camilo L\u00f3pez\"}]},{\"@type\":\"WebSite\",\"@id\":\"https:\/\/medicina.udd.cl\/centro-epidemiologia-politicas-salud\/#website\",\"url\":\"https:\/\/medicina.udd.cl\/centro-epidemiologia-politicas-salud\/\",\"name\":\"Centro de Epidemiolog\u00eda y Pol\u00edticas de Salud\",\"description\":\"Otro blog m\u00e1s de Medicina\",\"inLanguage\":\"es\"}]}<\/script>\n<!-- \/ Yoast SEO plugin. -->","yoast_head_json":{"title":"Dr. Camilo L\u00f3pez - Centro de Epidemiolog\u00eda y Pol\u00edticas de Salud","robots":{"index":"index","follow":"follow","max-snippet":"max-snippet:-1","max-image-preview":"max-image-preview:large","max-video-preview":"max-video-preview:-1"},"canonical":"https:\/\/medicina.udd.cl\/centro-epidemiologia-politicas-salud\/files\/2023\/10\/dr-camilo-lopez.jpg","og_locale":"es_ES","og_type":"article","og_title":"Dr. Camilo L\u00f3pez - Centro de Epidemiolog\u00eda y Pol\u00edticas de Salud","og_url":"https:\/\/medicina.udd.cl\/centro-epidemiologia-politicas-salud\/files\/2023\/10\/dr-camilo-lopez.jpg","og_site_name":"Centro de Epidemiolog\u00eda y Pol\u00edticas de Salud","og_image":[{"width":1242,"height":1242,"url":"https:\/\/medicina.udd.cl\/centro-epidemiologia-politicas-salud\/files\/2023\/10\/dr-camilo-lopez.jpg","type":"image\/jpeg"}],"schema":{"@context":"https:\/\/schema.org","@graph":[{"@type":"WebPage","@id":"https:\/\/medicina.udd.cl\/centro-epidemiologia-politicas-salud\/files\/2023\/10\/dr-camilo-lopez.jpg","url":"https:\/\/medicina.udd.cl\/centro-epidemiologia-politicas-salud\/files\/2023\/10\/dr-camilo-lopez.jpg","name":"Dr. Camilo L\u00f3pez - Centro de Epidemiolog\u00eda y Pol\u00edticas de Salud","isPartOf":{"@id":"https:\/\/medicina.udd.cl\/centro-epidemiologia-politicas-salud\/#website"},"datePublished":"2023-10-02T14:49:28+00:00","breadcrumb":{"@id":"https:\/\/medicina.udd.cl\/centro-epidemiologia-politicas-salud\/files\/2023\/10\/dr-camilo-lopez.jpg#breadcrumb"},"inLanguage":"es","potentialAction":[{"@type":"ReadAction","target":["https:\/\/medicina.udd.cl\/centro-epidemiologia-politicas-salud\/files\/2023\/10\/dr-camilo-lopez.jpg"]}]},{"@type":"BreadcrumbList","@id":"https:\/\/medicina.udd.cl\/centro-epidemiologia-politicas-salud\/files\/2023\/10\/dr-camilo-lopez.jpg#breadcrumb","itemListElement":[{"@type":"ListItem","position":1,"name":"Inicio","item":"https:\/\/medicina.udd.cl\/centro-epidemiologia-politicas-salud\/"},{"@type":"ListItem","position":2,"name":"Sensible fallecimiento del docente Dr. Camilo L\u00f3pez Alarc\u00f3n","item":"https:\/\/medicina.udd.cl\/centro-epidemiologia-politicas-salud\/noticias\/2023\/10\/02\/sensible-fallecimiento-del-docente-dr-camilo-lopez-alarcon\/"},{"@type":"ListItem","position":3,"name":"Dr. Camilo L\u00f3pez"}]},{"@type":"WebSite","@id":"https:\/\/medicina.udd.cl\/centro-epidemiologia-politicas-salud\/#website","url":"https:\/\/medicina.udd.cl\/centro-epidemiologia-politicas-salud\/","name":"Centro de Epidemiolog\u00eda y Pol\u00edticas de Salud","description":"Otro blog m\u00e1s de Medicina","inLanguage":"es"}]}},"description":{"rendered":"<p class=\"attachment\"><a href='https:\/\/medicina.udd.cl\/centro-epidemiologia-politicas-salud\/files\/2023\/10\/dr-camilo-lopez.jpg'><img loading=\"lazy\" decoding=\"async\" width=\"300\" height=\"300\" src=\"https:\/\/medicina.udd.cl\/centro-epidemiologia-politicas-salud\/wp-content\/plugins\/wp-async-img-load\/blank.png\" class=\"attachment-medium size-medium lazyload\" alt=\"\" sizes=\"auto, (max-width: 300px) 100vw, 300px\" data-src=\"https:\/\/medicina.udd.cl\/centro-epidemiologia-politicas-salud\/files\/2023\/10\/dr-camilo-lopez-300x300.jpg\" data-srcset=\"https:\/\/medicina.udd.cl\/centro-epidemiologia-politicas-salud\/files\/2023\/10\/dr-camilo-lopez-300x300.jpg 300w, https:\/\/medicina.udd.cl\/centro-epidemiologia-politicas-salud\/files\/2023\/10\/dr-camilo-lopez-1024x1024.jpg 1024w, https:\/\/medicina.udd.cl\/centro-epidemiologia-politicas-salud\/files\/2023\/10\/dr-camilo-lopez-150x150.jpg 150w, https:\/\/medicina.udd.cl\/centro-epidemiologia-politicas-salud\/files\/2023\/10\/dr-camilo-lopez-768x768.jpg 768w, https:\/\/medicina.udd.cl\/centro-epidemiologia-politicas-salud\/files\/2023\/10\/dr-camilo-lopez-62x62.jpg 62w, https:\/\/medicina.udd.cl\/centro-epidemiologia-politicas-salud\/files\/2023\/10\/dr-camilo-lopez-750x750.jpg 750w, https:\/\/medicina.udd.cl\/centro-epidemiologia-politicas-salud\/files\/2023\/10\/dr-camilo-lopez-500x500.jpg 500w, https:\/\/medicina.udd.cl\/centro-epidemiologia-politicas-salud\/files\/2023\/10\/dr-camilo-lopez-250x250.jpg 250w, https:\/\/medicina.udd.cl\/centro-epidemiologia-politicas-salud\/files\/2023\/10\/dr-camilo-lopez-126x126.jpg 126w, https:\/\/medicina.udd.cl\/centro-epidemiologia-politicas-salud\/files\/2023\/10\/dr-camilo-lopez.jpg 1242w\" \/><\/a><\/p>\n"},"caption":{"rendered":""},"alt_text":"","media_type":"image","mime_type":"image\/jpeg","media_details":{"width":1242,"height":1242,"file":"2023\/10\/dr-camilo-lopez.jpg","filesize":133972,"sizes":{"medium":{"file":"dr-camilo-lopez-300x300.jpg","width":300,"height":300,"filesize":10295,"mime_type":"image\/jpeg","source_url":"https:\/\/medicina.udd.cl\/centro-epidemiologia-politicas-salud\/files\/2023\/10\/dr-camilo-lopez-300x300.jpg"},"large":{"file":"dr-camilo-lopez-1024x1024.jpg","width":1024,"height":1024,"filesize":68323,"mime_type":"image\/jpeg","source_url":"https:\/\/medicina.udd.cl\/centro-epidemiologia-politicas-salud\/files\/2023\/10\/dr-camilo-lopez-1024x1024.jpg"},"thumbnail":{"file":"dr-camilo-lopez-150x150.jpg","width":150,"height":150,"filesize":3904,"mime_type":"image\/jpeg","source_url":"https:\/\/medicina.udd.cl\/centro-epidemiologia-politicas-salud\/files\/2023\/10\/dr-camilo-lopez-150x150.jpg"},"medium_large":{"file":"dr-camilo-lopez-768x768.jpg","width":768,"height":768,"filesize":43574,"mime_type":"image\/jpeg","source_url":"https:\/\/medicina.udd.cl\/centro-epidemiologia-politicas-salud\/files\/2023\/10\/dr-camilo-lopez-768x768.jpg"},"newsletter_featured":{"file":"dr-camilo-lopez-316x224.jpg","width":316,"height":224,"filesize":8312,"mime_type":"image\/jpeg","source_url":"https:\/\/medicina.udd.cl\/centro-epidemiologia-politicas-salud\/files\/2023\/10\/dr-camilo-lopez-316x224.jpg"},"newsletter_first":{"file":"dr-camilo-lopez-286x205.jpg","width":286,"height":205,"filesize":7391,"mime_type":"image\/jpeg","source_url":"https:\/\/medicina.udd.cl\/centro-epidemiologia-politicas-salud\/files\/2023\/10\/dr-camilo-lopez-286x205.jpg"},"newsletter_thumb":{"file":"dr-camilo-lopez-288x150.jpg","width":288,"height":150,"filesize":5454,"mime_type":"image\/jpeg","source_url":"https:\/\/medicina.udd.cl\/centro-epidemiologia-politicas-salud\/files\/2023\/10\/dr-camilo-lopez-288x150.jpg"},"newsletter_column":{"file":"dr-camilo-lopez-182x140.jpg","width":182,"height":140,"filesize":4210,"mime_type":"image\/jpeg","source_url":"https:\/\/medicina.udd.cl\/centro-epidemiologia-politicas-salud\/files\/2023\/10\/dr-camilo-lopez-182x140.jpg"},"newsletter_square":{"file":"dr-camilo-lopez-62x62.jpg","width":62,"height":62,"filesize":1317,"mime_type":"image\/jpeg","source_url":"https:\/\/medicina.udd.cl\/centro-epidemiologia-politicas-salud\/files\/2023\/10\/dr-camilo-lopez-62x62.jpg"},"newsletter_square_large":{"file":"dr-camilo-lopez-87x62.jpg","width":87,"height":62,"filesize":1562,"mime_type":"image\/jpeg","source_url":"https:\/\/medicina.udd.cl\/centro-epidemiologia-politicas-salud\/files\/2023\/10\/dr-camilo-lopez-87x62.jpg"},"landscape_1920":{"file":"dr-camilo-lopez-1242x1080.jpg","width":1242,"height":1080,"filesize":87877,"mime_type":"image\/jpeg","source_url":"https:\/\/medicina.udd.cl\/centro-epidemiologia-politicas-salud\/files\/2023\/10\/dr-camilo-lopez-1242x1080.jpg"},"landscape_1366":{"file":"dr-camilo-lopez-1242x768.jpg","width":1242,"height":768,"filesize":57380,"mime_type":"image\/jpeg","source_url":"https:\/\/medicina.udd.cl\/centro-epidemiologia-politicas-salud\/files\/2023\/10\/dr-camilo-lopez-1242x768.jpg"},"landscape_952":{"file":"dr-camilo-lopez-952x534.jpg","width":952,"height":534,"filesize":35747,"mime_type":"image\/jpeg","source_url":"https:\/\/medicina.udd.cl\/centro-epidemiologia-politicas-salud\/files\/2023\/10\/dr-camilo-lopez-952x534.jpg"},"landscape_680":{"file":"dr-camilo-lopez-680x382.jpg","width":680,"height":382,"filesize":21322,"mime_type":"image\/jpeg","source_url":"https:\/\/medicina.udd.cl\/centro-epidemiologia-politicas-salud\/files\/2023\/10\/dr-camilo-lopez-680x382.jpg"},"square_750":{"file":"dr-camilo-lopez-750x750.jpg","width":750,"height":750,"filesize":42043,"mime_type":"image\/jpeg","source_url":"https:\/\/medicina.udd.cl\/centro-epidemiologia-politicas-salud\/files\/2023\/10\/dr-camilo-lopez-750x750.jpg"},"square_500":{"file":"dr-camilo-lopez-500x500.jpg","width":500,"height":500,"filesize":22382,"mime_type":"image\/jpeg","source_url":"https:\/\/medicina.udd.cl\/centro-epidemiologia-politicas-salud\/files\/2023\/10\/dr-camilo-lopez-500x500.jpg"},"square_200":{"file":"dr-camilo-lopez-250x250.jpg","width":250,"height":250,"filesize":7936,"mime_type":"image\/jpeg","source_url":"https:\/\/medicina.udd.cl\/centro-epidemiologia-politicas-salud\/files\/2023\/10\/dr-camilo-lopez-250x250.jpg"},"post-thumbnail":{"file":"dr-camilo-lopez-952x534.jpg","width":952,"height":534,"filesize":35747,"mime_type":"image\/jpeg","source_url":"https:\/\/medicina.udd.cl\/centro-epidemiologia-politicas-salud\/files\/2023\/10\/dr-camilo-lopez-952x534.jpg"},"custom_content":{"file":"dr-camilo-lopez-126x126.jpg","width":126,"height":126,"filesize":3058,"mime_type":"image\/jpeg","source_url":"https:\/\/medicina.udd.cl\/centro-epidemiologia-politicas-salud\/files\/2023\/10\/dr-camilo-lopez-126x126.jpg"},"full":{"file":"dr-camilo-lopez.jpg","width":1242,"height":1242,"mime_type":"image\/jpeg","source_url":"https:\/\/medicina.udd.cl\/centro-epidemiologia-politicas-salud\/files\/2023\/10\/dr-camilo-lopez.jpg"}},"image_meta":{"aperture":"0","credit":"","camera":"","caption":"","created_timestamp":"0","copyright":"","focal_length":"0","iso":"0","shutter_speed":"0","title":"","orientation":"0","keywords":[]}},"post":2407,"source_url":"https:\/\/medicina.udd.cl\/centro-epidemiologia-politicas-salud\/files\/2023\/10\/dr-camilo-lopez.jpg","_links":{"self":[{"href":"https:\/\/medicina.udd.cl\/centro-epidemiologia-politicas-salud\/wp-json\/wp\/v2\/media\/2408","targetHints":{"allow":["GET"]}}],"collection":[{"href":"https:\/\/medicina.udd.cl\/centro-epidemiologia-politicas-salud\/wp-json\/wp\/v2\/media"}],"about":[{"href":"https:\/\/medicina.udd.cl\/centro-epidemiologia-politicas-salud\/wp-json\/wp\/v2\/types\/attachment"}],"author":[{"embeddable":true,"href":"https:\/\/medicina.udd.cl\/centro-epidemiologia-politicas-salud\/wp-json\/wp\/v2\/users\/9192219"}],"replies":[{"embeddable":true,"href":"https:\/\/medicina.udd.cl\/centro-epidemiologia-politicas-salud\/wp-json\/wp\/v2\/comments?post=2408"}],"wp:attached-to":[{"embeddable":true,"post_type":"post","id":2407,"href":"https:\/\/medicina.udd.cl\/centro-epidemiologia-politicas-salud\/wp-json\/wp\/v2\/posts\/2407"}],"curies":[{"name":"wp","href":"https:\/\/api.w.org\/{rel}","templated":true}]}}