{"id":2421,"date":"2023-11-15T15:00:16","date_gmt":"2023-11-15T18:00:16","guid":{"rendered":"https:\/\/medicina.udd.cl\/centro-epidemiologia-politicas-salud\/files\/2023\/11\/ceps-congreso-salud-publica-en-temuco-4.jpg"},"modified":"2023-11-15T15:00:16","modified_gmt":"2023-11-15T18:00:16","slug":"ceps-congreso-salud-publica-en-temuco-4","status":"inherit","type":"attachment","link":"https:\/\/medicina.udd.cl\/centro-epidemiologia-politicas-salud\/noticias\/2023\/11\/15\/equipo-del-ceps-udd-destaco-en-el-vii-congreso-chileno-de-salud-publica-y-epidemiologia\/ceps-congreso-salud-publica-en-temuco-4\/","title":{"rendered":"CEPS &#8211; Congreso Salud P\u00fablica en Temuco (4)"},"author":9192219,"featured_media":0,"comment_status":"","ping_status":"closed","template":"","meta":[],"class_list":["post-2421","attachment","type-attachment","status-inherit","hentry"],"yoast_head":"<!-- This site is optimized with the Yoast SEO plugin v26.9 - https:\/\/yoast.com\/product\/yoast-seo-wordpress\/ -->\n<title>CEPS - Congreso Salud P\u00fablica en Temuco (4) - Centro de Epidemiolog\u00eda y Pol\u00edticas de Salud<\/title>\n<meta name=\"robots\" content=\"index, follow, max-snippet:-1, max-image-preview:large, max-video-preview:-1\" \/>\n<link rel=\"canonical\" href=\"https:\/\/medicina.udd.cl\/centro-epidemiologia-politicas-salud\/files\/2023\/11\/ceps-congreso-salud-publica-en-temuco-4.jpg\" \/>\n<meta property=\"og:locale\" content=\"es_ES\" \/>\n<meta property=\"og:type\" content=\"article\" \/>\n<meta property=\"og:title\" content=\"CEPS - Congreso Salud P\u00fablica en Temuco (4) - Centro de Epidemiolog\u00eda y Pol\u00edticas de Salud\" \/>\n<meta property=\"og:url\" content=\"https:\/\/medicina.udd.cl\/centro-epidemiologia-politicas-salud\/files\/2023\/11\/ceps-congreso-salud-publica-en-temuco-4.jpg\" \/>\n<meta property=\"og:site_name\" content=\"Centro de Epidemiolog\u00eda y Pol\u00edticas de Salud\" \/>\n<meta property=\"og:image\" content=\"https:\/\/medicina.udd.cl\/centro-epidemiologia-politicas-salud\/files\/2023\/11\/ceps-congreso-salud-publica-en-temuco-4.jpg\" \/>\n\t<meta property=\"og:image:width\" content=\"656\" \/>\n\t<meta property=\"og:image:height\" content=\"806\" \/>\n\t<meta property=\"og:image:type\" content=\"image\/jpeg\" \/>\n<script type=\"application\/ld+json\" class=\"yoast-schema-graph\">{\"@context\":\"https:\/\/schema.org\",\"@graph\":[{\"@type\":\"WebPage\",\"@id\":\"https:\/\/medicina.udd.cl\/centro-epidemiologia-politicas-salud\/files\/2023\/11\/ceps-congreso-salud-publica-en-temuco-4.jpg\",\"url\":\"https:\/\/medicina.udd.cl\/centro-epidemiologia-politicas-salud\/files\/2023\/11\/ceps-congreso-salud-publica-en-temuco-4.jpg\",\"name\":\"CEPS - Congreso Salud P\u00fablica en Temuco (4) - Centro de Epidemiolog\u00eda y Pol\u00edticas de Salud\",\"isPartOf\":{\"@id\":\"https:\/\/medicina.udd.cl\/centro-epidemiologia-politicas-salud\/#website\"},\"datePublished\":\"2023-11-15T18:00:16+00:00\",\"breadcrumb\":{\"@id\":\"https:\/\/medicina.udd.cl\/centro-epidemiologia-politicas-salud\/files\/2023\/11\/ceps-congreso-salud-publica-en-temuco-4.jpg#breadcrumb\"},\"inLanguage\":\"es\",\"potentialAction\":[{\"@type\":\"ReadAction\",\"target\":[\"https:\/\/medicina.udd.cl\/centro-epidemiologia-politicas-salud\/files\/2023\/11\/ceps-congreso-salud-publica-en-temuco-4.jpg\"]}]},{\"@type\":\"BreadcrumbList\",\"@id\":\"https:\/\/medicina.udd.cl\/centro-epidemiologia-politicas-salud\/files\/2023\/11\/ceps-congreso-salud-publica-en-temuco-4.jpg#breadcrumb\",\"itemListElement\":[{\"@type\":\"ListItem\",\"position\":1,\"name\":\"Inicio\",\"item\":\"https:\/\/medicina.udd.cl\/centro-epidemiologia-politicas-salud\/\"},{\"@type\":\"ListItem\",\"position\":2,\"name\":\"Equipo del CEPS UDD destac\u00f3 en el VII Congreso Chileno de Salud P\u00fablica y Epidemiolog\u00eda\",\"item\":\"https:\/\/medicina.udd.cl\/centro-epidemiologia-politicas-salud\/noticias\/2023\/11\/15\/equipo-del-ceps-udd-destaco-en-el-vii-congreso-chileno-de-salud-publica-y-epidemiologia\/\"},{\"@type\":\"ListItem\",\"position\":3,\"name\":\"CEPS &#8211; Congreso Salud P\u00fablica en Temuco (4)\"}]},{\"@type\":\"WebSite\",\"@id\":\"https:\/\/medicina.udd.cl\/centro-epidemiologia-politicas-salud\/#website\",\"url\":\"https:\/\/medicina.udd.cl\/centro-epidemiologia-politicas-salud\/\",\"name\":\"Centro de Epidemiolog\u00eda y Pol\u00edticas de Salud\",\"description\":\"Otro blog m\u00e1s de Medicina\",\"inLanguage\":\"es\"}]}<\/script>\n<!-- \/ Yoast SEO plugin. -->","yoast_head_json":{"title":"CEPS - Congreso Salud P\u00fablica en Temuco (4) - Centro de Epidemiolog\u00eda y Pol\u00edticas de Salud","robots":{"index":"index","follow":"follow","max-snippet":"max-snippet:-1","max-image-preview":"max-image-preview:large","max-video-preview":"max-video-preview:-1"},"canonical":"https:\/\/medicina.udd.cl\/centro-epidemiologia-politicas-salud\/files\/2023\/11\/ceps-congreso-salud-publica-en-temuco-4.jpg","og_locale":"es_ES","og_type":"article","og_title":"CEPS - Congreso Salud P\u00fablica en Temuco (4) - Centro de Epidemiolog\u00eda y Pol\u00edticas de Salud","og_url":"https:\/\/medicina.udd.cl\/centro-epidemiologia-politicas-salud\/files\/2023\/11\/ceps-congreso-salud-publica-en-temuco-4.jpg","og_site_name":"Centro de Epidemiolog\u00eda y Pol\u00edticas de Salud","og_image":[{"width":656,"height":806,"url":"https:\/\/medicina.udd.cl\/centro-epidemiologia-politicas-salud\/files\/2023\/11\/ceps-congreso-salud-publica-en-temuco-4.jpg","type":"image\/jpeg"}],"schema":{"@context":"https:\/\/schema.org","@graph":[{"@type":"WebPage","@id":"https:\/\/medicina.udd.cl\/centro-epidemiologia-politicas-salud\/files\/2023\/11\/ceps-congreso-salud-publica-en-temuco-4.jpg","url":"https:\/\/medicina.udd.cl\/centro-epidemiologia-politicas-salud\/files\/2023\/11\/ceps-congreso-salud-publica-en-temuco-4.jpg","name":"CEPS - Congreso Salud P\u00fablica en Temuco (4) - Centro de Epidemiolog\u00eda y Pol\u00edticas de Salud","isPartOf":{"@id":"https:\/\/medicina.udd.cl\/centro-epidemiologia-politicas-salud\/#website"},"datePublished":"2023-11-15T18:00:16+00:00","breadcrumb":{"@id":"https:\/\/medicina.udd.cl\/centro-epidemiologia-politicas-salud\/files\/2023\/11\/ceps-congreso-salud-publica-en-temuco-4.jpg#breadcrumb"},"inLanguage":"es","potentialAction":[{"@type":"ReadAction","target":["https:\/\/medicina.udd.cl\/centro-epidemiologia-politicas-salud\/files\/2023\/11\/ceps-congreso-salud-publica-en-temuco-4.jpg"]}]},{"@type":"BreadcrumbList","@id":"https:\/\/medicina.udd.cl\/centro-epidemiologia-politicas-salud\/files\/2023\/11\/ceps-congreso-salud-publica-en-temuco-4.jpg#breadcrumb","itemListElement":[{"@type":"ListItem","position":1,"name":"Inicio","item":"https:\/\/medicina.udd.cl\/centro-epidemiologia-politicas-salud\/"},{"@type":"ListItem","position":2,"name":"Equipo del CEPS UDD destac\u00f3 en el VII Congreso Chileno de Salud P\u00fablica y Epidemiolog\u00eda","item":"https:\/\/medicina.udd.cl\/centro-epidemiologia-politicas-salud\/noticias\/2023\/11\/15\/equipo-del-ceps-udd-destaco-en-el-vii-congreso-chileno-de-salud-publica-y-epidemiologia\/"},{"@type":"ListItem","position":3,"name":"CEPS &#8211; Congreso Salud P\u00fablica en Temuco (4)"}]},{"@type":"WebSite","@id":"https:\/\/medicina.udd.cl\/centro-epidemiologia-politicas-salud\/#website","url":"https:\/\/medicina.udd.cl\/centro-epidemiologia-politicas-salud\/","name":"Centro de Epidemiolog\u00eda y Pol\u00edticas de Salud","description":"Otro blog m\u00e1s de Medicina","inLanguage":"es"}]}},"description":{"rendered":"<p class=\"attachment\"><a href='https:\/\/medicina.udd.cl\/centro-epidemiologia-politicas-salud\/files\/2023\/11\/ceps-congreso-salud-publica-en-temuco-4.jpg'><img loading=\"lazy\" decoding=\"async\" width=\"244\" height=\"300\" src=\"https:\/\/medicina.udd.cl\/centro-epidemiologia-politicas-salud\/wp-content\/plugins\/wp-async-img-load\/blank.png\" class=\"attachment-medium size-medium lazyload\" alt=\"\" sizes=\"auto, (max-width: 244px) 100vw, 244px\" data-src=\"https:\/\/medicina.udd.cl\/centro-epidemiologia-politicas-salud\/files\/2023\/11\/ceps-congreso-salud-publica-en-temuco-4-244x300.jpg\" data-srcset=\"https:\/\/medicina.udd.cl\/centro-epidemiologia-politicas-salud\/files\/2023\/11\/ceps-congreso-salud-publica-en-temuco-4-244x300.jpg 244w, https:\/\/medicina.udd.cl\/centro-epidemiologia-politicas-salud\/files\/2023\/11\/ceps-congreso-salud-publica-en-temuco-4.jpg 656w\" \/><\/a><\/p>\n"},"caption":{"rendered":""},"alt_text":"","media_type":"image","mime_type":"image\/jpeg","media_details":{"width":656,"height":806,"file":"2023\/11\/ceps-congreso-salud-publica-en-temuco-4.jpg","filesize":141046,"sizes":{"medium":{"file":"ceps-congreso-salud-publica-en-temuco-4-244x300.jpg","width":244,"height":300,"filesize":17921,"mime_type":"image\/jpeg","source_url":"https:\/\/medicina.udd.cl\/centro-epidemiologia-politicas-salud\/files\/2023\/11\/ceps-congreso-salud-publica-en-temuco-4-244x300.jpg"},"thumbnail":{"file":"ceps-congreso-salud-publica-en-temuco-4-150x150.jpg","width":150,"height":150,"filesize":7444,"mime_type":"image\/jpeg","source_url":"https:\/\/medicina.udd.cl\/centro-epidemiologia-politicas-salud\/files\/2023\/11\/ceps-congreso-salud-publica-en-temuco-4-150x150.jpg"},"newsletter_featured":{"file":"ceps-congreso-salud-publica-en-temuco-4-316x224.jpg","width":316,"height":224,"filesize":16862,"mime_type":"image\/jpeg","source_url":"https:\/\/medicina.udd.cl\/centro-epidemiologia-politicas-salud\/files\/2023\/11\/ceps-congreso-salud-publica-en-temuco-4-316x224.jpg"},"newsletter_first":{"file":"ceps-congreso-salud-publica-en-temuco-4-286x205.jpg","width":286,"height":205,"filesize":14618,"mime_type":"image\/jpeg","source_url":"https:\/\/medicina.udd.cl\/centro-epidemiologia-politicas-salud\/files\/2023\/11\/ceps-congreso-salud-publica-en-temuco-4-286x205.jpg"},"newsletter_thumb":{"file":"ceps-congreso-salud-publica-en-temuco-4-288x150.jpg","width":288,"height":150,"filesize":11435,"mime_type":"image\/jpeg","source_url":"https:\/\/medicina.udd.cl\/centro-epidemiologia-politicas-salud\/files\/2023\/11\/ceps-congreso-salud-publica-en-temuco-4-288x150.jpg"},"newsletter_column":{"file":"ceps-congreso-salud-publica-en-temuco-4-182x140.jpg","width":182,"height":140,"filesize":8073,"mime_type":"image\/jpeg","source_url":"https:\/\/medicina.udd.cl\/centro-epidemiologia-politicas-salud\/files\/2023\/11\/ceps-congreso-salud-publica-en-temuco-4-182x140.jpg"},"newsletter_square":{"file":"ceps-congreso-salud-publica-en-temuco-4-62x62.jpg","width":62,"height":62,"filesize":2707,"mime_type":"image\/jpeg","source_url":"https:\/\/medicina.udd.cl\/centro-epidemiologia-politicas-salud\/files\/2023\/11\/ceps-congreso-salud-publica-en-temuco-4-62x62.jpg"},"newsletter_square_large":{"file":"ceps-congreso-salud-publica-en-temuco-4-87x62.jpg","width":87,"height":62,"filesize":3177,"mime_type":"image\/jpeg","source_url":"https:\/\/medicina.udd.cl\/centro-epidemiologia-politicas-salud\/files\/2023\/11\/ceps-congreso-salud-publica-en-temuco-4-87x62.jpg"},"landscape_1366":{"file":"ceps-congreso-salud-publica-en-temuco-4-656x768.jpg","width":656,"height":768,"filesize":90204,"mime_type":"image\/jpeg","source_url":"https:\/\/medicina.udd.cl\/centro-epidemiologia-politicas-salud\/files\/2023\/11\/ceps-congreso-salud-publica-en-temuco-4-656x768.jpg"},"landscape_952":{"file":"ceps-congreso-salud-publica-en-temuco-4-656x534.jpg","width":656,"height":534,"filesize":66189,"mime_type":"image\/jpeg","source_url":"https:\/\/medicina.udd.cl\/centro-epidemiologia-politicas-salud\/files\/2023\/11\/ceps-congreso-salud-publica-en-temuco-4-656x534.jpg"},"landscape_680":{"file":"ceps-congreso-salud-publica-en-temuco-4-656x382.jpg","width":656,"height":382,"filesize":49183,"mime_type":"image\/jpeg","source_url":"https:\/\/medicina.udd.cl\/centro-epidemiologia-politicas-salud\/files\/2023\/11\/ceps-congreso-salud-publica-en-temuco-4-656x382.jpg"},"square_750":{"file":"ceps-congreso-salud-publica-en-temuco-4-656x750.jpg","width":656,"height":750,"filesize":87138,"mime_type":"image\/jpeg","source_url":"https:\/\/medicina.udd.cl\/centro-epidemiologia-politicas-salud\/files\/2023\/11\/ceps-congreso-salud-publica-en-temuco-4-656x750.jpg"},"square_500":{"file":"ceps-congreso-salud-publica-en-temuco-4-500x500.jpg","width":500,"height":500,"filesize":46421,"mime_type":"image\/jpeg","source_url":"https:\/\/medicina.udd.cl\/centro-epidemiologia-politicas-salud\/files\/2023\/11\/ceps-congreso-salud-publica-en-temuco-4-500x500.jpg"},"square_200":{"file":"ceps-congreso-salud-publica-en-temuco-4-250x250.jpg","width":250,"height":250,"filesize":15528,"mime_type":"image\/jpeg","source_url":"https:\/\/medicina.udd.cl\/centro-epidemiologia-politicas-salud\/files\/2023\/11\/ceps-congreso-salud-publica-en-temuco-4-250x250.jpg"},"post-thumbnail":{"file":"ceps-congreso-salud-publica-en-temuco-4-656x534.jpg","width":656,"height":534,"filesize":66189,"mime_type":"image\/jpeg","source_url":"https:\/\/medicina.udd.cl\/centro-epidemiologia-politicas-salud\/files\/2023\/11\/ceps-congreso-salud-publica-en-temuco-4-656x534.jpg"},"custom_content":{"file":"ceps-congreso-salud-publica-en-temuco-4-126x126.jpg","width":126,"height":126,"filesize":5949,"mime_type":"image\/jpeg","source_url":"https:\/\/medicina.udd.cl\/centro-epidemiologia-politicas-salud\/files\/2023\/11\/ceps-congreso-salud-publica-en-temuco-4-126x126.jpg"},"full":{"file":"ceps-congreso-salud-publica-en-temuco-4.jpg","width":656,"height":806,"mime_type":"image\/jpeg","source_url":"https:\/\/medicina.udd.cl\/centro-epidemiologia-politicas-salud\/files\/2023\/11\/ceps-congreso-salud-publica-en-temuco-4.jpg"}},"image_meta":{"aperture":"0","credit":"","camera":"","caption":"","created_timestamp":"1699556952","copyright":"","focal_length":"0","iso":"0","shutter_speed":"0","title":"","orientation":"1","keywords":[]}},"post":2420,"source_url":"https:\/\/medicina.udd.cl\/centro-epidemiologia-politicas-salud\/files\/2023\/11\/ceps-congreso-salud-publica-en-temuco-4.jpg","_links":{"self":[{"href":"https:\/\/medicina.udd.cl\/centro-epidemiologia-politicas-salud\/wp-json\/wp\/v2\/media\/2421","targetHints":{"allow":["GET"]}}],"collection":[{"href":"https:\/\/medicina.udd.cl\/centro-epidemiologia-politicas-salud\/wp-json\/wp\/v2\/media"}],"about":[{"href":"https:\/\/medicina.udd.cl\/centro-epidemiologia-politicas-salud\/wp-json\/wp\/v2\/types\/attachment"}],"author":[{"embeddable":true,"href":"https:\/\/medicina.udd.cl\/centro-epidemiologia-politicas-salud\/wp-json\/wp\/v2\/users\/9192219"}],"replies":[{"embeddable":true,"href":"https:\/\/medicina.udd.cl\/centro-epidemiologia-politicas-salud\/wp-json\/wp\/v2\/comments?post=2421"}],"wp:attached-to":[{"embeddable":true,"post_type":"post","id":2420,"href":"https:\/\/medicina.udd.cl\/centro-epidemiologia-politicas-salud\/wp-json\/wp\/v2\/posts\/2420"}],"curies":[{"name":"wp","href":"https:\/\/api.w.org\/{rel}","templated":true}]}}