{"id":2435,"date":"2023-11-15T15:05:09","date_gmt":"2023-11-15T18:05:09","guid":{"rendered":"https:\/\/medicina.udd.cl\/centro-epidemiologia-politicas-salud\/files\/2023\/11\/ceps-congreso-salud-publica-en-temuco-100.jpg"},"modified":"2023-11-15T15:05:09","modified_gmt":"2023-11-15T18:05:09","slug":"ceps-congreso-salud-publica-en-temuco-100","status":"inherit","type":"attachment","link":"https:\/\/medicina.udd.cl\/centro-epidemiologia-politicas-salud\/noticias\/2023\/11\/15\/equipo-del-ceps-udd-destaco-en-el-vii-congreso-chileno-de-salud-publica-y-epidemiologia\/ceps-congreso-salud-publica-en-temuco-100\/","title":{"rendered":"ceps-congreso-salud-publica-en-temuco-100"},"author":9192219,"featured_media":0,"comment_status":"","ping_status":"closed","template":"","meta":[],"class_list":["post-2435","attachment","type-attachment","status-inherit","hentry"],"yoast_head":"<!-- This site is optimized with the Yoast SEO plugin v26.9 - https:\/\/yoast.com\/product\/yoast-seo-wordpress\/ -->\n<title>ceps-congreso-salud-publica-en-temuco-100 - Centro de Epidemiolog\u00eda y Pol\u00edticas de Salud<\/title>\n<meta name=\"robots\" content=\"index, follow, max-snippet:-1, max-image-preview:large, max-video-preview:-1\" \/>\n<link rel=\"canonical\" href=\"https:\/\/medicina.udd.cl\/centro-epidemiologia-politicas-salud\/files\/2023\/11\/ceps-congreso-salud-publica-en-temuco-100.jpg\" \/>\n<meta property=\"og:locale\" content=\"es_ES\" \/>\n<meta property=\"og:type\" content=\"article\" \/>\n<meta property=\"og:title\" content=\"ceps-congreso-salud-publica-en-temuco-100 - Centro de Epidemiolog\u00eda y Pol\u00edticas de Salud\" \/>\n<meta property=\"og:url\" content=\"https:\/\/medicina.udd.cl\/centro-epidemiologia-politicas-salud\/files\/2023\/11\/ceps-congreso-salud-publica-en-temuco-100.jpg\" \/>\n<meta property=\"og:site_name\" content=\"Centro de Epidemiolog\u00eda y Pol\u00edticas de Salud\" \/>\n<meta property=\"og:image\" content=\"https:\/\/medicina.udd.cl\/centro-epidemiologia-politicas-salud\/files\/2023\/11\/ceps-congreso-salud-publica-en-temuco-100.jpg\" \/>\n\t<meta property=\"og:image:width\" content=\"765\" \/>\n\t<meta property=\"og:image:height\" content=\"765\" \/>\n\t<meta property=\"og:image:type\" content=\"image\/jpeg\" \/>\n<script type=\"application\/ld+json\" class=\"yoast-schema-graph\">{\"@context\":\"https:\/\/schema.org\",\"@graph\":[{\"@type\":\"WebPage\",\"@id\":\"https:\/\/medicina.udd.cl\/centro-epidemiologia-politicas-salud\/files\/2023\/11\/ceps-congreso-salud-publica-en-temuco-100.jpg\",\"url\":\"https:\/\/medicina.udd.cl\/centro-epidemiologia-politicas-salud\/files\/2023\/11\/ceps-congreso-salud-publica-en-temuco-100.jpg\",\"name\":\"ceps-congreso-salud-publica-en-temuco-100 - Centro de Epidemiolog\u00eda y Pol\u00edticas de Salud\",\"isPartOf\":{\"@id\":\"https:\/\/medicina.udd.cl\/centro-epidemiologia-politicas-salud\/#website\"},\"datePublished\":\"2023-11-15T18:05:09+00:00\",\"breadcrumb\":{\"@id\":\"https:\/\/medicina.udd.cl\/centro-epidemiologia-politicas-salud\/files\/2023\/11\/ceps-congreso-salud-publica-en-temuco-100.jpg#breadcrumb\"},\"inLanguage\":\"es\",\"potentialAction\":[{\"@type\":\"ReadAction\",\"target\":[\"https:\/\/medicina.udd.cl\/centro-epidemiologia-politicas-salud\/files\/2023\/11\/ceps-congreso-salud-publica-en-temuco-100.jpg\"]}]},{\"@type\":\"BreadcrumbList\",\"@id\":\"https:\/\/medicina.udd.cl\/centro-epidemiologia-politicas-salud\/files\/2023\/11\/ceps-congreso-salud-publica-en-temuco-100.jpg#breadcrumb\",\"itemListElement\":[{\"@type\":\"ListItem\",\"position\":1,\"name\":\"Inicio\",\"item\":\"https:\/\/medicina.udd.cl\/centro-epidemiologia-politicas-salud\/\"},{\"@type\":\"ListItem\",\"position\":2,\"name\":\"Equipo del CEPS UDD destac\u00f3 en el VII Congreso Chileno de Salud P\u00fablica y Epidemiolog\u00eda\",\"item\":\"https:\/\/medicina.udd.cl\/centro-epidemiologia-politicas-salud\/noticias\/2023\/11\/15\/equipo-del-ceps-udd-destaco-en-el-vii-congreso-chileno-de-salud-publica-y-epidemiologia\/\"},{\"@type\":\"ListItem\",\"position\":3,\"name\":\"ceps-congreso-salud-publica-en-temuco-100\"}]},{\"@type\":\"WebSite\",\"@id\":\"https:\/\/medicina.udd.cl\/centro-epidemiologia-politicas-salud\/#website\",\"url\":\"https:\/\/medicina.udd.cl\/centro-epidemiologia-politicas-salud\/\",\"name\":\"Centro de Epidemiolog\u00eda y Pol\u00edticas de Salud\",\"description\":\"Otro blog m\u00e1s de Medicina\",\"inLanguage\":\"es\"}]}<\/script>\n<!-- \/ Yoast SEO plugin. -->","yoast_head_json":{"title":"ceps-congreso-salud-publica-en-temuco-100 - Centro de Epidemiolog\u00eda y Pol\u00edticas de Salud","robots":{"index":"index","follow":"follow","max-snippet":"max-snippet:-1","max-image-preview":"max-image-preview:large","max-video-preview":"max-video-preview:-1"},"canonical":"https:\/\/medicina.udd.cl\/centro-epidemiologia-politicas-salud\/files\/2023\/11\/ceps-congreso-salud-publica-en-temuco-100.jpg","og_locale":"es_ES","og_type":"article","og_title":"ceps-congreso-salud-publica-en-temuco-100 - Centro de Epidemiolog\u00eda y Pol\u00edticas de Salud","og_url":"https:\/\/medicina.udd.cl\/centro-epidemiologia-politicas-salud\/files\/2023\/11\/ceps-congreso-salud-publica-en-temuco-100.jpg","og_site_name":"Centro de Epidemiolog\u00eda y Pol\u00edticas de Salud","og_image":[{"width":765,"height":765,"url":"https:\/\/medicina.udd.cl\/centro-epidemiologia-politicas-salud\/files\/2023\/11\/ceps-congreso-salud-publica-en-temuco-100.jpg","type":"image\/jpeg"}],"schema":{"@context":"https:\/\/schema.org","@graph":[{"@type":"WebPage","@id":"https:\/\/medicina.udd.cl\/centro-epidemiologia-politicas-salud\/files\/2023\/11\/ceps-congreso-salud-publica-en-temuco-100.jpg","url":"https:\/\/medicina.udd.cl\/centro-epidemiologia-politicas-salud\/files\/2023\/11\/ceps-congreso-salud-publica-en-temuco-100.jpg","name":"ceps-congreso-salud-publica-en-temuco-100 - Centro de Epidemiolog\u00eda y Pol\u00edticas de Salud","isPartOf":{"@id":"https:\/\/medicina.udd.cl\/centro-epidemiologia-politicas-salud\/#website"},"datePublished":"2023-11-15T18:05:09+00:00","breadcrumb":{"@id":"https:\/\/medicina.udd.cl\/centro-epidemiologia-politicas-salud\/files\/2023\/11\/ceps-congreso-salud-publica-en-temuco-100.jpg#breadcrumb"},"inLanguage":"es","potentialAction":[{"@type":"ReadAction","target":["https:\/\/medicina.udd.cl\/centro-epidemiologia-politicas-salud\/files\/2023\/11\/ceps-congreso-salud-publica-en-temuco-100.jpg"]}]},{"@type":"BreadcrumbList","@id":"https:\/\/medicina.udd.cl\/centro-epidemiologia-politicas-salud\/files\/2023\/11\/ceps-congreso-salud-publica-en-temuco-100.jpg#breadcrumb","itemListElement":[{"@type":"ListItem","position":1,"name":"Inicio","item":"https:\/\/medicina.udd.cl\/centro-epidemiologia-politicas-salud\/"},{"@type":"ListItem","position":2,"name":"Equipo del CEPS UDD destac\u00f3 en el VII Congreso Chileno de Salud P\u00fablica y Epidemiolog\u00eda","item":"https:\/\/medicina.udd.cl\/centro-epidemiologia-politicas-salud\/noticias\/2023\/11\/15\/equipo-del-ceps-udd-destaco-en-el-vii-congreso-chileno-de-salud-publica-y-epidemiologia\/"},{"@type":"ListItem","position":3,"name":"ceps-congreso-salud-publica-en-temuco-100"}]},{"@type":"WebSite","@id":"https:\/\/medicina.udd.cl\/centro-epidemiologia-politicas-salud\/#website","url":"https:\/\/medicina.udd.cl\/centro-epidemiologia-politicas-salud\/","name":"Centro de Epidemiolog\u00eda y Pol\u00edticas de Salud","description":"Otro blog m\u00e1s de Medicina","inLanguage":"es"}]}},"description":{"rendered":"<p class=\"attachment\"><a href='https:\/\/medicina.udd.cl\/centro-epidemiologia-politicas-salud\/files\/2023\/11\/ceps-congreso-salud-publica-en-temuco-100.jpg'><img loading=\"lazy\" decoding=\"async\" width=\"300\" height=\"300\" src=\"https:\/\/medicina.udd.cl\/centro-epidemiologia-politicas-salud\/wp-content\/plugins\/wp-async-img-load\/blank.png\" class=\"attachment-medium size-medium lazyload\" alt=\"\" sizes=\"auto, (max-width: 300px) 100vw, 300px\" data-src=\"https:\/\/medicina.udd.cl\/centro-epidemiologia-politicas-salud\/files\/2023\/11\/ceps-congreso-salud-publica-en-temuco-100-300x300.jpg\" data-srcset=\"https:\/\/medicina.udd.cl\/centro-epidemiologia-politicas-salud\/files\/2023\/11\/ceps-congreso-salud-publica-en-temuco-100-300x300.jpg 300w, https:\/\/medicina.udd.cl\/centro-epidemiologia-politicas-salud\/files\/2023\/11\/ceps-congreso-salud-publica-en-temuco-100-150x150.jpg 150w, https:\/\/medicina.udd.cl\/centro-epidemiologia-politicas-salud\/files\/2023\/11\/ceps-congreso-salud-publica-en-temuco-100-62x62.jpg 62w, https:\/\/medicina.udd.cl\/centro-epidemiologia-politicas-salud\/files\/2023\/11\/ceps-congreso-salud-publica-en-temuco-100-750x750.jpg 750w, https:\/\/medicina.udd.cl\/centro-epidemiologia-politicas-salud\/files\/2023\/11\/ceps-congreso-salud-publica-en-temuco-100-500x500.jpg 500w, https:\/\/medicina.udd.cl\/centro-epidemiologia-politicas-salud\/files\/2023\/11\/ceps-congreso-salud-publica-en-temuco-100-250x250.jpg 250w, https:\/\/medicina.udd.cl\/centro-epidemiologia-politicas-salud\/files\/2023\/11\/ceps-congreso-salud-publica-en-temuco-100-126x126.jpg 126w, https:\/\/medicina.udd.cl\/centro-epidemiologia-politicas-salud\/files\/2023\/11\/ceps-congreso-salud-publica-en-temuco-100.jpg 765w\" \/><\/a><\/p>\n"},"caption":{"rendered":""},"alt_text":"","media_type":"image","mime_type":"image\/jpeg","media_details":{"width":765,"height":765,"file":"2023\/11\/ceps-congreso-salud-publica-en-temuco-100.jpg","filesize":175551,"sizes":{"medium":{"file":"ceps-congreso-salud-publica-en-temuco-100-300x300.jpg","width":300,"height":300,"filesize":30029,"mime_type":"image\/jpeg","source_url":"https:\/\/medicina.udd.cl\/centro-epidemiologia-politicas-salud\/files\/2023\/11\/ceps-congreso-salud-publica-en-temuco-100-300x300.jpg"},"thumbnail":{"file":"ceps-congreso-salud-publica-en-temuco-100-150x150.jpg","width":150,"height":150,"filesize":13874,"mime_type":"image\/jpeg","source_url":"https:\/\/medicina.udd.cl\/centro-epidemiologia-politicas-salud\/files\/2023\/11\/ceps-congreso-salud-publica-en-temuco-100-150x150.jpg"},"newsletter_featured":{"file":"ceps-congreso-salud-publica-en-temuco-100-316x224.jpg","width":316,"height":224,"filesize":25940,"mime_type":"image\/jpeg","source_url":"https:\/\/medicina.udd.cl\/centro-epidemiologia-politicas-salud\/files\/2023\/11\/ceps-congreso-salud-publica-en-temuco-100-316x224.jpg"},"newsletter_first":{"file":"ceps-congreso-salud-publica-en-temuco-100-286x205.jpg","width":286,"height":205,"filesize":23257,"mime_type":"image\/jpeg","source_url":"https:\/\/medicina.udd.cl\/centro-epidemiologia-politicas-salud\/files\/2023\/11\/ceps-congreso-salud-publica-en-temuco-100-286x205.jpg"},"newsletter_thumb":{"file":"ceps-congreso-salud-publica-en-temuco-100-288x150.jpg","width":288,"height":150,"filesize":19166,"mime_type":"image\/jpeg","source_url":"https:\/\/medicina.udd.cl\/centro-epidemiologia-politicas-salud\/files\/2023\/11\/ceps-congreso-salud-publica-en-temuco-100-288x150.jpg"},"newsletter_column":{"file":"ceps-congreso-salud-publica-en-temuco-100-182x140.jpg","width":182,"height":140,"filesize":14903,"mime_type":"image\/jpeg","source_url":"https:\/\/medicina.udd.cl\/centro-epidemiologia-politicas-salud\/files\/2023\/11\/ceps-congreso-salud-publica-en-temuco-100-182x140.jpg"},"newsletter_square":{"file":"ceps-congreso-salud-publica-en-temuco-100-62x62.jpg","width":62,"height":62,"filesize":8529,"mime_type":"image\/jpeg","source_url":"https:\/\/medicina.udd.cl\/centro-epidemiologia-politicas-salud\/files\/2023\/11\/ceps-congreso-salud-publica-en-temuco-100-62x62.jpg"},"newsletter_square_large":{"file":"ceps-congreso-salud-publica-en-temuco-100-87x62.jpg","width":87,"height":62,"filesize":9089,"mime_type":"image\/jpeg","source_url":"https:\/\/medicina.udd.cl\/centro-epidemiologia-politicas-salud\/files\/2023\/11\/ceps-congreso-salud-publica-en-temuco-100-87x62.jpg"},"landscape_952":{"file":"ceps-congreso-salud-publica-en-temuco-100-765x534.jpg","width":765,"height":534,"filesize":100891,"mime_type":"image\/jpeg","source_url":"https:\/\/medicina.udd.cl\/centro-epidemiologia-politicas-salud\/files\/2023\/11\/ceps-congreso-salud-publica-en-temuco-100-765x534.jpg"},"landscape_680":{"file":"ceps-congreso-salud-publica-en-temuco-100-680x382.jpg","width":680,"height":382,"filesize":63323,"mime_type":"image\/jpeg","source_url":"https:\/\/medicina.udd.cl\/centro-epidemiologia-politicas-salud\/files\/2023\/11\/ceps-congreso-salud-publica-en-temuco-100-680x382.jpg"},"square_750":{"file":"ceps-congreso-salud-publica-en-temuco-100-750x750.jpg","width":750,"height":750,"filesize":116036,"mime_type":"image\/jpeg","source_url":"https:\/\/medicina.udd.cl\/centro-epidemiologia-politicas-salud\/files\/2023\/11\/ceps-congreso-salud-publica-en-temuco-100-750x750.jpg"},"square_500":{"file":"ceps-congreso-salud-publica-en-temuco-100-500x500.jpg","width":500,"height":500,"filesize":62791,"mime_type":"image\/jpeg","source_url":"https:\/\/medicina.udd.cl\/centro-epidemiologia-politicas-salud\/files\/2023\/11\/ceps-congreso-salud-publica-en-temuco-100-500x500.jpg"},"square_200":{"file":"ceps-congreso-salud-publica-en-temuco-100-250x250.jpg","width":250,"height":250,"filesize":23833,"mime_type":"image\/jpeg","source_url":"https:\/\/medicina.udd.cl\/centro-epidemiologia-politicas-salud\/files\/2023\/11\/ceps-congreso-salud-publica-en-temuco-100-250x250.jpg"},"post-thumbnail":{"file":"ceps-congreso-salud-publica-en-temuco-100-765x534.jpg","width":765,"height":534,"filesize":100891,"mime_type":"image\/jpeg","source_url":"https:\/\/medicina.udd.cl\/centro-epidemiologia-politicas-salud\/files\/2023\/11\/ceps-congreso-salud-publica-en-temuco-100-765x534.jpg"},"custom_content":{"file":"ceps-congreso-salud-publica-en-temuco-100-126x126.jpg","width":126,"height":126,"filesize":12084,"mime_type":"image\/jpeg","source_url":"https:\/\/medicina.udd.cl\/centro-epidemiologia-politicas-salud\/files\/2023\/11\/ceps-congreso-salud-publica-en-temuco-100-126x126.jpg"},"full":{"file":"ceps-congreso-salud-publica-en-temuco-100.jpg","width":765,"height":765,"mime_type":"image\/jpeg","source_url":"https:\/\/medicina.udd.cl\/centro-epidemiologia-politicas-salud\/files\/2023\/11\/ceps-congreso-salud-publica-en-temuco-100.jpg"}},"image_meta":{"aperture":"0","credit":"","camera":"","caption":"","created_timestamp":"1699521257","copyright":"","focal_length":"0","iso":"0","shutter_speed":"0","title":"","orientation":"0","keywords":[]}},"post":2420,"source_url":"https:\/\/medicina.udd.cl\/centro-epidemiologia-politicas-salud\/files\/2023\/11\/ceps-congreso-salud-publica-en-temuco-100.jpg","_links":{"self":[{"href":"https:\/\/medicina.udd.cl\/centro-epidemiologia-politicas-salud\/wp-json\/wp\/v2\/media\/2435","targetHints":{"allow":["GET"]}}],"collection":[{"href":"https:\/\/medicina.udd.cl\/centro-epidemiologia-politicas-salud\/wp-json\/wp\/v2\/media"}],"about":[{"href":"https:\/\/medicina.udd.cl\/centro-epidemiologia-politicas-salud\/wp-json\/wp\/v2\/types\/attachment"}],"author":[{"embeddable":true,"href":"https:\/\/medicina.udd.cl\/centro-epidemiologia-politicas-salud\/wp-json\/wp\/v2\/users\/9192219"}],"replies":[{"embeddable":true,"href":"https:\/\/medicina.udd.cl\/centro-epidemiologia-politicas-salud\/wp-json\/wp\/v2\/comments?post=2435"}],"wp:attached-to":[{"embeddable":true,"post_type":"post","id":2420,"href":"https:\/\/medicina.udd.cl\/centro-epidemiologia-politicas-salud\/wp-json\/wp\/v2\/posts\/2420"}],"curies":[{"name":"wp","href":"https:\/\/api.w.org\/{rel}","templated":true}]}}