{"id":2523,"date":"2024-03-25T13:26:56","date_gmt":"2024-03-25T16:26:56","guid":{"rendered":"https:\/\/medicina.udd.cl\/centro-epidemiologia-politicas-salud\/files\/2024\/03\/ceps-jornada-virus-respiratorios-5.jpeg"},"modified":"2024-03-25T13:26:56","modified_gmt":"2024-03-25T16:26:56","slug":"ceps-jornada-virus-respiratorios-5","status":"inherit","type":"attachment","link":"https:\/\/medicina.udd.cl\/centro-epidemiologia-politicas-salud\/noticias\/2024\/03\/25\/academica-udd-presento-resultados-sobre-vigilancia-integrada-de-virus-respiratorios-en-importante-jornada-nacional\/ceps-jornada-virus-respiratorios-5\/","title":{"rendered":"CEPS &#8211; Jornada Virus Respiratorios (5)"},"author":9192219,"featured_media":0,"comment_status":"","ping_status":"closed","template":"","meta":[],"class_list":["post-2523","attachment","type-attachment","status-inherit","hentry"],"yoast_head":"<!-- This site is optimized with the Yoast SEO plugin v26.9 - https:\/\/yoast.com\/product\/yoast-seo-wordpress\/ -->\n<title>CEPS - Jornada Virus Respiratorios (5) - Centro de Epidemiolog\u00eda y Pol\u00edticas de Salud<\/title>\n<meta name=\"robots\" content=\"index, follow, max-snippet:-1, max-image-preview:large, max-video-preview:-1\" \/>\n<link rel=\"canonical\" href=\"https:\/\/medicina.udd.cl\/centro-epidemiologia-politicas-salud\/files\/2024\/03\/ceps-jornada-virus-respiratorios-5.jpeg\" \/>\n<meta property=\"og:locale\" content=\"es_ES\" \/>\n<meta property=\"og:type\" content=\"article\" \/>\n<meta property=\"og:title\" content=\"CEPS - Jornada Virus Respiratorios (5) - Centro de Epidemiolog\u00eda y Pol\u00edticas de Salud\" \/>\n<meta property=\"og:url\" content=\"https:\/\/medicina.udd.cl\/centro-epidemiologia-politicas-salud\/files\/2024\/03\/ceps-jornada-virus-respiratorios-5.jpeg\" \/>\n<meta property=\"og:site_name\" content=\"Centro de Epidemiolog\u00eda y Pol\u00edticas de Salud\" \/>\n<meta property=\"og:image\" content=\"https:\/\/medicina.udd.cl\/centro-epidemiologia-politicas-salud\/files\/2024\/03\/ceps-jornada-virus-respiratorios-5.jpeg\" \/>\n\t<meta property=\"og:image:width\" content=\"1\" \/>\n\t<meta property=\"og:image:height\" content=\"1\" \/>\n\t<meta property=\"og:image:type\" content=\"image\/jpeg\" \/>\n<script type=\"application\/ld+json\" class=\"yoast-schema-graph\">{\"@context\":\"https:\/\/schema.org\",\"@graph\":[{\"@type\":\"WebPage\",\"@id\":\"https:\/\/medicina.udd.cl\/centro-epidemiologia-politicas-salud\/files\/2024\/03\/ceps-jornada-virus-respiratorios-5.jpeg\",\"url\":\"https:\/\/medicina.udd.cl\/centro-epidemiologia-politicas-salud\/files\/2024\/03\/ceps-jornada-virus-respiratorios-5.jpeg\",\"name\":\"CEPS - Jornada Virus Respiratorios (5) - Centro de Epidemiolog\u00eda y Pol\u00edticas de Salud\",\"isPartOf\":{\"@id\":\"https:\/\/medicina.udd.cl\/centro-epidemiologia-politicas-salud\/#website\"},\"datePublished\":\"2024-03-25T16:26:56+00:00\",\"breadcrumb\":{\"@id\":\"https:\/\/medicina.udd.cl\/centro-epidemiologia-politicas-salud\/files\/2024\/03\/ceps-jornada-virus-respiratorios-5.jpeg#breadcrumb\"},\"inLanguage\":\"es\",\"potentialAction\":[{\"@type\":\"ReadAction\",\"target\":[\"https:\/\/medicina.udd.cl\/centro-epidemiologia-politicas-salud\/files\/2024\/03\/ceps-jornada-virus-respiratorios-5.jpeg\"]}]},{\"@type\":\"BreadcrumbList\",\"@id\":\"https:\/\/medicina.udd.cl\/centro-epidemiologia-politicas-salud\/files\/2024\/03\/ceps-jornada-virus-respiratorios-5.jpeg#breadcrumb\",\"itemListElement\":[{\"@type\":\"ListItem\",\"position\":1,\"name\":\"Inicio\",\"item\":\"https:\/\/medicina.udd.cl\/centro-epidemiologia-politicas-salud\/\"},{\"@type\":\"ListItem\",\"position\":2,\"name\":\"Acad\u00e9mica UDD present\u00f3 resultados sobre vigilancia integrada de virus respiratorios en importante jornada nacional\",\"item\":\"https:\/\/medicina.udd.cl\/centro-epidemiologia-politicas-salud\/noticias\/2024\/03\/25\/academica-udd-presento-resultados-sobre-vigilancia-integrada-de-virus-respiratorios-en-importante-jornada-nacional\/\"},{\"@type\":\"ListItem\",\"position\":3,\"name\":\"CEPS &#8211; Jornada Virus Respiratorios (5)\"}]},{\"@type\":\"WebSite\",\"@id\":\"https:\/\/medicina.udd.cl\/centro-epidemiologia-politicas-salud\/#website\",\"url\":\"https:\/\/medicina.udd.cl\/centro-epidemiologia-politicas-salud\/\",\"name\":\"Centro de Epidemiolog\u00eda y Pol\u00edticas de Salud\",\"description\":\"Otro blog m\u00e1s de Medicina\",\"inLanguage\":\"es\"}]}<\/script>\n<!-- \/ Yoast SEO plugin. -->","yoast_head_json":{"title":"CEPS - Jornada Virus Respiratorios (5) - Centro de Epidemiolog\u00eda y Pol\u00edticas de Salud","robots":{"index":"index","follow":"follow","max-snippet":"max-snippet:-1","max-image-preview":"max-image-preview:large","max-video-preview":"max-video-preview:-1"},"canonical":"https:\/\/medicina.udd.cl\/centro-epidemiologia-politicas-salud\/files\/2024\/03\/ceps-jornada-virus-respiratorios-5.jpeg","og_locale":"es_ES","og_type":"article","og_title":"CEPS - Jornada Virus Respiratorios (5) - Centro de Epidemiolog\u00eda y Pol\u00edticas de Salud","og_url":"https:\/\/medicina.udd.cl\/centro-epidemiologia-politicas-salud\/files\/2024\/03\/ceps-jornada-virus-respiratorios-5.jpeg","og_site_name":"Centro de Epidemiolog\u00eda y Pol\u00edticas de Salud","og_image":[{"url":"https:\/\/medicina.udd.cl\/centro-epidemiologia-politicas-salud\/files\/2024\/03\/ceps-jornada-virus-respiratorios-5.jpeg","width":1,"height":1,"type":"image\/jpeg"}],"schema":{"@context":"https:\/\/schema.org","@graph":[{"@type":"WebPage","@id":"https:\/\/medicina.udd.cl\/centro-epidemiologia-politicas-salud\/files\/2024\/03\/ceps-jornada-virus-respiratorios-5.jpeg","url":"https:\/\/medicina.udd.cl\/centro-epidemiologia-politicas-salud\/files\/2024\/03\/ceps-jornada-virus-respiratorios-5.jpeg","name":"CEPS - Jornada Virus Respiratorios (5) - Centro de Epidemiolog\u00eda y Pol\u00edticas de Salud","isPartOf":{"@id":"https:\/\/medicina.udd.cl\/centro-epidemiologia-politicas-salud\/#website"},"datePublished":"2024-03-25T16:26:56+00:00","breadcrumb":{"@id":"https:\/\/medicina.udd.cl\/centro-epidemiologia-politicas-salud\/files\/2024\/03\/ceps-jornada-virus-respiratorios-5.jpeg#breadcrumb"},"inLanguage":"es","potentialAction":[{"@type":"ReadAction","target":["https:\/\/medicina.udd.cl\/centro-epidemiologia-politicas-salud\/files\/2024\/03\/ceps-jornada-virus-respiratorios-5.jpeg"]}]},{"@type":"BreadcrumbList","@id":"https:\/\/medicina.udd.cl\/centro-epidemiologia-politicas-salud\/files\/2024\/03\/ceps-jornada-virus-respiratorios-5.jpeg#breadcrumb","itemListElement":[{"@type":"ListItem","position":1,"name":"Inicio","item":"https:\/\/medicina.udd.cl\/centro-epidemiologia-politicas-salud\/"},{"@type":"ListItem","position":2,"name":"Acad\u00e9mica UDD present\u00f3 resultados sobre vigilancia integrada de virus respiratorios en importante jornada nacional","item":"https:\/\/medicina.udd.cl\/centro-epidemiologia-politicas-salud\/noticias\/2024\/03\/25\/academica-udd-presento-resultados-sobre-vigilancia-integrada-de-virus-respiratorios-en-importante-jornada-nacional\/"},{"@type":"ListItem","position":3,"name":"CEPS &#8211; Jornada Virus Respiratorios (5)"}]},{"@type":"WebSite","@id":"https:\/\/medicina.udd.cl\/centro-epidemiologia-politicas-salud\/#website","url":"https:\/\/medicina.udd.cl\/centro-epidemiologia-politicas-salud\/","name":"Centro de Epidemiolog\u00eda y Pol\u00edticas de Salud","description":"Otro blog m\u00e1s de Medicina","inLanguage":"es"}]}},"description":{"rendered":"<p class=\"attachment\"><a href='https:\/\/medicina.udd.cl\/centro-epidemiologia-politicas-salud\/files\/2024\/03\/ceps-jornada-virus-respiratorios-5.jpeg'><img loading=\"lazy\" decoding=\"async\" width=\"300\" height=\"225\" src=\"https:\/\/medicina.udd.cl\/centro-epidemiologia-politicas-salud\/wp-content\/plugins\/wp-async-img-load\/blank.png\" class=\"attachment-medium size-medium lazyload\" alt=\"\" sizes=\"auto, (max-width: 300px) 100vw, 300px\" data-src=\"https:\/\/medicina.udd.cl\/centro-epidemiologia-politicas-salud\/files\/2024\/03\/ceps-jornada-virus-respiratorios-5-300x225.jpeg\" data-srcset=\"https:\/\/medicina.udd.cl\/centro-epidemiologia-politicas-salud\/files\/2024\/03\/ceps-jornada-virus-respiratorios-5-300x225.jpeg 300w, https:\/\/medicina.udd.cl\/centro-epidemiologia-politicas-salud\/files\/2024\/03\/ceps-jornada-virus-respiratorios-5-1024x768.jpeg 1024w, https:\/\/medicina.udd.cl\/centro-epidemiologia-politicas-salud\/files\/2024\/03\/ceps-jornada-virus-respiratorios-5-768x576.jpeg 768w, https:\/\/medicina.udd.cl\/centro-epidemiologia-politicas-salud\/files\/2024\/03\/ceps-jornada-virus-respiratorios-5-1536x1152.jpeg 1536w, https:\/\/medicina.udd.cl\/centro-epidemiologia-politicas-salud\/files\/2024\/03\/ceps-jornada-virus-respiratorios-5.jpeg 1600w\" \/><\/a><\/p>\n"},"caption":{"rendered":""},"alt_text":"","media_type":"image","mime_type":"image\/jpeg","media_details":{"width":1600,"height":1200,"file":"2024\/03\/ceps-jornada-virus-respiratorios-5.jpeg","filesize":167278,"sizes":{"medium":{"file":"ceps-jornada-virus-respiratorios-5-300x225.jpeg","width":300,"height":225,"filesize":13080,"mime_type":"image\/jpeg","source_url":"https:\/\/medicina.udd.cl\/centro-epidemiologia-politicas-salud\/files\/2024\/03\/ceps-jornada-virus-respiratorios-5-300x225.jpeg"},"large":{"file":"ceps-jornada-virus-respiratorios-5-1024x768.jpeg","width":1024,"height":768,"filesize":94074,"mime_type":"image\/jpeg","source_url":"https:\/\/medicina.udd.cl\/centro-epidemiologia-politicas-salud\/files\/2024\/03\/ceps-jornada-virus-respiratorios-5-1024x768.jpeg"},"thumbnail":{"file":"ceps-jornada-virus-respiratorios-5-150x150.jpeg","width":150,"height":150,"filesize":5284,"mime_type":"image\/jpeg","source_url":"https:\/\/medicina.udd.cl\/centro-epidemiologia-politicas-salud\/files\/2024\/03\/ceps-jornada-virus-respiratorios-5-150x150.jpeg"},"medium_large":{"file":"ceps-jornada-virus-respiratorios-5-768x576.jpeg","width":768,"height":576,"filesize":58560,"mime_type":"image\/jpeg","source_url":"https:\/\/medicina.udd.cl\/centro-epidemiologia-politicas-salud\/files\/2024\/03\/ceps-jornada-virus-respiratorios-5-768x576.jpeg"},"newsletter_featured":{"file":"ceps-jornada-virus-respiratorios-5-316x224.jpeg","width":316,"height":224,"filesize":12951,"mime_type":"image\/jpeg","source_url":"https:\/\/medicina.udd.cl\/centro-epidemiologia-politicas-salud\/files\/2024\/03\/ceps-jornada-virus-respiratorios-5-316x224.jpeg"},"newsletter_first":{"file":"ceps-jornada-virus-respiratorios-5-286x205.jpeg","width":286,"height":205,"filesize":11326,"mime_type":"image\/jpeg","source_url":"https:\/\/medicina.udd.cl\/centro-epidemiologia-politicas-salud\/files\/2024\/03\/ceps-jornada-virus-respiratorios-5-286x205.jpeg"},"newsletter_thumb":{"file":"ceps-jornada-virus-respiratorios-5-288x150.jpeg","width":288,"height":150,"filesize":8096,"mime_type":"image\/jpeg","source_url":"https:\/\/medicina.udd.cl\/centro-epidemiologia-politicas-salud\/files\/2024\/03\/ceps-jornada-virus-respiratorios-5-288x150.jpeg"},"newsletter_column":{"file":"ceps-jornada-virus-respiratorios-5-182x140.jpeg","width":182,"height":140,"filesize":6147,"mime_type":"image\/jpeg","source_url":"https:\/\/medicina.udd.cl\/centro-epidemiologia-politicas-salud\/files\/2024\/03\/ceps-jornada-virus-respiratorios-5-182x140.jpeg"},"newsletter_square":{"file":"ceps-jornada-virus-respiratorios-5-62x62.jpeg","width":62,"height":62,"filesize":1549,"mime_type":"image\/jpeg","source_url":"https:\/\/medicina.udd.cl\/centro-epidemiologia-politicas-salud\/files\/2024\/03\/ceps-jornada-virus-respiratorios-5-62x62.jpeg"},"newsletter_square_large":{"file":"ceps-jornada-virus-respiratorios-5-87x62.jpeg","width":87,"height":62,"filesize":1997,"mime_type":"image\/jpeg","source_url":"https:\/\/medicina.udd.cl\/centro-epidemiologia-politicas-salud\/files\/2024\/03\/ceps-jornada-virus-respiratorios-5-87x62.jpeg"},"1536x1536":{"file":"ceps-jornada-virus-respiratorios-5-1536x1152.jpeg","width":1536,"height":1152,"filesize":179239,"mime_type":"image\/jpeg","source_url":"https:\/\/medicina.udd.cl\/centro-epidemiologia-politicas-salud\/files\/2024\/03\/ceps-jornada-virus-respiratorios-5-1536x1152.jpeg"},"landscape_1920":{"file":"ceps-jornada-virus-respiratorios-5-1600x1080.jpeg","width":1600,"height":1080,"filesize":179753,"mime_type":"image\/jpeg","source_url":"https:\/\/medicina.udd.cl\/centro-epidemiologia-politicas-salud\/files\/2024\/03\/ceps-jornada-virus-respiratorios-5-1600x1080.jpeg"},"landscape_1366":{"file":"ceps-jornada-virus-respiratorios-5-1366x768.jpeg","width":1366,"height":768,"filesize":103506,"mime_type":"image\/jpeg","source_url":"https:\/\/medicina.udd.cl\/centro-epidemiologia-politicas-salud\/files\/2024\/03\/ceps-jornada-virus-respiratorios-5-1366x768.jpeg"},"landscape_952":{"file":"ceps-jornada-virus-respiratorios-5-952x534.jpeg","width":952,"height":534,"filesize":58833,"mime_type":"image\/jpeg","source_url":"https:\/\/medicina.udd.cl\/centro-epidemiologia-politicas-salud\/files\/2024\/03\/ceps-jornada-virus-respiratorios-5-952x534.jpeg"},"landscape_680":{"file":"ceps-jornada-virus-respiratorios-5-680x382.jpeg","width":680,"height":382,"filesize":34299,"mime_type":"image\/jpeg","source_url":"https:\/\/medicina.udd.cl\/centro-epidemiologia-politicas-salud\/files\/2024\/03\/ceps-jornada-virus-respiratorios-5-680x382.jpeg"},"square_750":{"file":"ceps-jornada-virus-respiratorios-5-750x750.jpeg","width":750,"height":750,"filesize":66893,"mime_type":"image\/jpeg","source_url":"https:\/\/medicina.udd.cl\/centro-epidemiologia-politicas-salud\/files\/2024\/03\/ceps-jornada-virus-respiratorios-5-750x750.jpeg"},"square_500":{"file":"ceps-jornada-virus-respiratorios-5-500x500.jpeg","width":500,"height":500,"filesize":35008,"mime_type":"image\/jpeg","source_url":"https:\/\/medicina.udd.cl\/centro-epidemiologia-politicas-salud\/files\/2024\/03\/ceps-jornada-virus-respiratorios-5-500x500.jpeg"},"square_200":{"file":"ceps-jornada-virus-respiratorios-5-250x250.jpeg","width":250,"height":250,"filesize":11672,"mime_type":"image\/jpeg","source_url":"https:\/\/medicina.udd.cl\/centro-epidemiologia-politicas-salud\/files\/2024\/03\/ceps-jornada-virus-respiratorios-5-250x250.jpeg"},"post-thumbnail":{"file":"ceps-jornada-virus-respiratorios-5-952x534.jpeg","width":952,"height":534,"filesize":58833,"mime_type":"image\/jpeg","source_url":"https:\/\/medicina.udd.cl\/centro-epidemiologia-politicas-salud\/files\/2024\/03\/ceps-jornada-virus-respiratorios-5-952x534.jpeg"},"custom_content":{"file":"ceps-jornada-virus-respiratorios-5-126x126.jpeg","width":126,"height":126,"filesize":4026,"mime_type":"image\/jpeg","source_url":"https:\/\/medicina.udd.cl\/centro-epidemiologia-politicas-salud\/files\/2024\/03\/ceps-jornada-virus-respiratorios-5-126x126.jpeg"},"full":{"file":"ceps-jornada-virus-respiratorios-5.jpeg","width":1600,"height":1200,"mime_type":"image\/jpeg","source_url":"https:\/\/medicina.udd.cl\/centro-epidemiologia-politicas-salud\/files\/2024\/03\/ceps-jornada-virus-respiratorios-5.jpeg"}},"image_meta":{"aperture":"0","credit":"","camera":"","caption":"","created_timestamp":"0","copyright":"","focal_length":"0","iso":"0","shutter_speed":"0","title":"","orientation":"0","keywords":[]}},"post":2508,"source_url":"https:\/\/medicina.udd.cl\/centro-epidemiologia-politicas-salud\/files\/2024\/03\/ceps-jornada-virus-respiratorios-5.jpeg","_links":{"self":[{"href":"https:\/\/medicina.udd.cl\/centro-epidemiologia-politicas-salud\/wp-json\/wp\/v2\/media\/2523","targetHints":{"allow":["GET"]}}],"collection":[{"href":"https:\/\/medicina.udd.cl\/centro-epidemiologia-politicas-salud\/wp-json\/wp\/v2\/media"}],"about":[{"href":"https:\/\/medicina.udd.cl\/centro-epidemiologia-politicas-salud\/wp-json\/wp\/v2\/types\/attachment"}],"author":[{"embeddable":true,"href":"https:\/\/medicina.udd.cl\/centro-epidemiologia-politicas-salud\/wp-json\/wp\/v2\/users\/9192219"}],"replies":[{"embeddable":true,"href":"https:\/\/medicina.udd.cl\/centro-epidemiologia-politicas-salud\/wp-json\/wp\/v2\/comments?post=2523"}],"wp:attached-to":[{"embeddable":true,"post_type":"post","id":2508,"href":"https:\/\/medicina.udd.cl\/centro-epidemiologia-politicas-salud\/wp-json\/wp\/v2\/posts\/2508"}],"curies":[{"name":"wp","href":"https:\/\/api.w.org\/{rel}","templated":true}]}}