{"id":2627,"date":"2024-08-19T16:20:29","date_gmt":"2024-08-19T20:20:29","guid":{"rendered":"https:\/\/medicina.udd.cl\/centro-epidemiologia-politicas-salud\/files\/2024\/08\/maurizio-mattoli-2.jpg"},"modified":"2024-08-19T16:21:16","modified_gmt":"2024-08-19T20:21:16","slug":"maurizio-mattoli-2","status":"inherit","type":"attachment","link":"https:\/\/medicina.udd.cl\/centro-epidemiologia-politicas-salud\/noticias\/2024\/08\/19\/academicos-udd-participaran-en-el-primer-simposio-internacional-de-telesalud-transfronteriza-para-situaciones-de-emergencia-o-desastre\/maurizio-mattoli-2\/","title":{"rendered":"Maurizio Mattoli.2"},"author":9192219,"featured_media":0,"comment_status":"closed","ping_status":"closed","template":"","meta":[],"class_list":["post-2627","attachment","type-attachment","status-inherit","hentry"],"yoast_head":"<!-- This site is optimized with the Yoast SEO plugin v26.9 - https:\/\/yoast.com\/product\/yoast-seo-wordpress\/ -->\n<title>Maurizio Mattoli.2 - Centro de Epidemiolog\u00eda y Pol\u00edticas de Salud<\/title>\n<meta name=\"robots\" content=\"index, follow, max-snippet:-1, max-image-preview:large, max-video-preview:-1\" \/>\n<link rel=\"canonical\" href=\"https:\/\/medicina.udd.cl\/centro-epidemiologia-politicas-salud\/files\/2024\/08\/maurizio-mattoli-2-scaled.jpg\" \/>\n<meta property=\"og:locale\" content=\"es_ES\" \/>\n<meta property=\"og:type\" content=\"article\" \/>\n<meta property=\"og:title\" content=\"Maurizio Mattoli.2 - Centro de Epidemiolog\u00eda y Pol\u00edticas de Salud\" \/>\n<meta property=\"og:description\" content=\"Maurizio Mattoli\" \/>\n<meta property=\"og:url\" content=\"https:\/\/medicina.udd.cl\/centro-epidemiologia-politicas-salud\/files\/2024\/08\/maurizio-mattoli-2-scaled.jpg\" \/>\n<meta property=\"og:site_name\" content=\"Centro de Epidemiolog\u00eda y Pol\u00edticas de Salud\" \/>\n<meta property=\"article:modified_time\" content=\"2024-08-19T20:21:16+00:00\" \/>\n<meta property=\"og:image\" content=\"https:\/\/medicina.udd.cl\/centro-epidemiologia-politicas-salud\/files\/2024\/08\/maurizio-mattoli-2-scaled.jpg\" \/>\n\t<meta property=\"og:image:width\" content=\"2560\" \/>\n\t<meta property=\"og:image:height\" content=\"2560\" \/>\n\t<meta property=\"og:image:type\" content=\"image\/jpeg\" \/>\n<script type=\"application\/ld+json\" class=\"yoast-schema-graph\">{\"@context\":\"https:\/\/schema.org\",\"@graph\":[{\"@type\":\"WebPage\",\"@id\":\"https:\/\/medicina.udd.cl\/centro-epidemiologia-politicas-salud\/files\/2024\/08\/maurizio-mattoli-2-scaled.jpg\",\"url\":\"https:\/\/medicina.udd.cl\/centro-epidemiologia-politicas-salud\/files\/2024\/08\/maurizio-mattoli-2-scaled.jpg\",\"name\":\"Maurizio Mattoli.2 - Centro de Epidemiolog\u00eda y Pol\u00edticas de Salud\",\"isPartOf\":{\"@id\":\"https:\/\/medicina.udd.cl\/centro-epidemiologia-politicas-salud\/#website\"},\"datePublished\":\"2024-08-19T20:20:29+00:00\",\"dateModified\":\"2024-08-19T20:21:16+00:00\",\"breadcrumb\":{\"@id\":\"https:\/\/medicina.udd.cl\/centro-epidemiologia-politicas-salud\/files\/2024\/08\/maurizio-mattoli-2-scaled.jpg#breadcrumb\"},\"inLanguage\":\"es\",\"potentialAction\":[{\"@type\":\"ReadAction\",\"target\":[\"https:\/\/medicina.udd.cl\/centro-epidemiologia-politicas-salud\/files\/2024\/08\/maurizio-mattoli-2-scaled.jpg\"]}]},{\"@type\":\"BreadcrumbList\",\"@id\":\"https:\/\/medicina.udd.cl\/centro-epidemiologia-politicas-salud\/files\/2024\/08\/maurizio-mattoli-2-scaled.jpg#breadcrumb\",\"itemListElement\":[{\"@type\":\"ListItem\",\"position\":1,\"name\":\"Inicio\",\"item\":\"https:\/\/medicina.udd.cl\/centro-epidemiologia-politicas-salud\/\"},{\"@type\":\"ListItem\",\"position\":2,\"name\":\"Acad\u00e9micos UDD participar\u00e1n en el Primer Simposio Internacional de Telesalud Transfronteriza para Situaciones de Emergencia o Desastre\",\"item\":\"https:\/\/medicina.udd.cl\/centro-epidemiologia-politicas-salud\/noticias\/2024\/08\/19\/academicos-udd-participaran-en-el-primer-simposio-internacional-de-telesalud-transfronteriza-para-situaciones-de-emergencia-o-desastre\/\"},{\"@type\":\"ListItem\",\"position\":3,\"name\":\"Maurizio Mattoli.2\"}]},{\"@type\":\"WebSite\",\"@id\":\"https:\/\/medicina.udd.cl\/centro-epidemiologia-politicas-salud\/#website\",\"url\":\"https:\/\/medicina.udd.cl\/centro-epidemiologia-politicas-salud\/\",\"name\":\"Centro de Epidemiolog\u00eda y Pol\u00edticas de Salud\",\"description\":\"Otro blog m\u00e1s de Medicina\",\"inLanguage\":\"es\"}]}<\/script>\n<!-- \/ Yoast SEO plugin. -->","yoast_head_json":{"title":"Maurizio Mattoli.2 - Centro de Epidemiolog\u00eda y Pol\u00edticas de Salud","robots":{"index":"index","follow":"follow","max-snippet":"max-snippet:-1","max-image-preview":"max-image-preview:large","max-video-preview":"max-video-preview:-1"},"canonical":"https:\/\/medicina.udd.cl\/centro-epidemiologia-politicas-salud\/files\/2024\/08\/maurizio-mattoli-2-scaled.jpg","og_locale":"es_ES","og_type":"article","og_title":"Maurizio Mattoli.2 - Centro de Epidemiolog\u00eda y Pol\u00edticas de Salud","og_description":"Maurizio Mattoli","og_url":"https:\/\/medicina.udd.cl\/centro-epidemiologia-politicas-salud\/files\/2024\/08\/maurizio-mattoli-2-scaled.jpg","og_site_name":"Centro de Epidemiolog\u00eda y Pol\u00edticas de Salud","article_modified_time":"2024-08-19T20:21:16+00:00","og_image":[{"width":2560,"height":2560,"url":"https:\/\/medicina.udd.cl\/centro-epidemiologia-politicas-salud\/files\/2024\/08\/maurizio-mattoli-2-scaled.jpg","type":"image\/jpeg"}],"schema":{"@context":"https:\/\/schema.org","@graph":[{"@type":"WebPage","@id":"https:\/\/medicina.udd.cl\/centro-epidemiologia-politicas-salud\/files\/2024\/08\/maurizio-mattoli-2-scaled.jpg","url":"https:\/\/medicina.udd.cl\/centro-epidemiologia-politicas-salud\/files\/2024\/08\/maurizio-mattoli-2-scaled.jpg","name":"Maurizio Mattoli.2 - Centro de Epidemiolog\u00eda y Pol\u00edticas de Salud","isPartOf":{"@id":"https:\/\/medicina.udd.cl\/centro-epidemiologia-politicas-salud\/#website"},"datePublished":"2024-08-19T20:20:29+00:00","dateModified":"2024-08-19T20:21:16+00:00","breadcrumb":{"@id":"https:\/\/medicina.udd.cl\/centro-epidemiologia-politicas-salud\/files\/2024\/08\/maurizio-mattoli-2-scaled.jpg#breadcrumb"},"inLanguage":"es","potentialAction":[{"@type":"ReadAction","target":["https:\/\/medicina.udd.cl\/centro-epidemiologia-politicas-salud\/files\/2024\/08\/maurizio-mattoli-2-scaled.jpg"]}]},{"@type":"BreadcrumbList","@id":"https:\/\/medicina.udd.cl\/centro-epidemiologia-politicas-salud\/files\/2024\/08\/maurizio-mattoli-2-scaled.jpg#breadcrumb","itemListElement":[{"@type":"ListItem","position":1,"name":"Inicio","item":"https:\/\/medicina.udd.cl\/centro-epidemiologia-politicas-salud\/"},{"@type":"ListItem","position":2,"name":"Acad\u00e9micos UDD participar\u00e1n en el Primer Simposio Internacional de Telesalud Transfronteriza para Situaciones de Emergencia o Desastre","item":"https:\/\/medicina.udd.cl\/centro-epidemiologia-politicas-salud\/noticias\/2024\/08\/19\/academicos-udd-participaran-en-el-primer-simposio-internacional-de-telesalud-transfronteriza-para-situaciones-de-emergencia-o-desastre\/"},{"@type":"ListItem","position":3,"name":"Maurizio Mattoli.2"}]},{"@type":"WebSite","@id":"https:\/\/medicina.udd.cl\/centro-epidemiologia-politicas-salud\/#website","url":"https:\/\/medicina.udd.cl\/centro-epidemiologia-politicas-salud\/","name":"Centro de Epidemiolog\u00eda y Pol\u00edticas de Salud","description":"Otro blog m\u00e1s de Medicina","inLanguage":"es"}]}},"description":{"rendered":"<p class=\"attachment\"><a href='https:\/\/medicina.udd.cl\/centro-epidemiologia-politicas-salud\/files\/2024\/08\/maurizio-mattoli-2-scaled.jpg'><img loading=\"lazy\" decoding=\"async\" width=\"300\" height=\"300\" src=\"https:\/\/medicina.udd.cl\/centro-epidemiologia-politicas-salud\/wp-content\/plugins\/wp-async-img-load\/blank.png\" class=\"attachment-medium size-medium lazyload\" alt=\"\" sizes=\"auto, (max-width: 300px) 100vw, 300px\" data-src=\"https:\/\/medicina.udd.cl\/centro-epidemiologia-politicas-salud\/files\/2024\/08\/maurizio-mattoli-2-300x300.jpg\" data-srcset=\"https:\/\/medicina.udd.cl\/centro-epidemiologia-politicas-salud\/files\/2024\/08\/maurizio-mattoli-2-300x300.jpg 300w, https:\/\/medicina.udd.cl\/centro-epidemiologia-politicas-salud\/files\/2024\/08\/maurizio-mattoli-2-1024x1024.jpg 1024w, https:\/\/medicina.udd.cl\/centro-epidemiologia-politicas-salud\/files\/2024\/08\/maurizio-mattoli-2-150x150.jpg 150w, https:\/\/medicina.udd.cl\/centro-epidemiologia-politicas-salud\/files\/2024\/08\/maurizio-mattoli-2-768x768.jpg 768w, https:\/\/medicina.udd.cl\/centro-epidemiologia-politicas-salud\/files\/2024\/08\/maurizio-mattoli-2-62x62.jpg 62w, https:\/\/medicina.udd.cl\/centro-epidemiologia-politicas-salud\/files\/2024\/08\/maurizio-mattoli-2-1536x1536.jpg 1536w, https:\/\/medicina.udd.cl\/centro-epidemiologia-politicas-salud\/files\/2024\/08\/maurizio-mattoli-2-2048x2048.jpg 2048w, https:\/\/medicina.udd.cl\/centro-epidemiologia-politicas-salud\/files\/2024\/08\/maurizio-mattoli-2-750x750.jpg 750w, https:\/\/medicina.udd.cl\/centro-epidemiologia-politicas-salud\/files\/2024\/08\/maurizio-mattoli-2-500x500.jpg 500w, https:\/\/medicina.udd.cl\/centro-epidemiologia-politicas-salud\/files\/2024\/08\/maurizio-mattoli-2-250x250.jpg 250w, https:\/\/medicina.udd.cl\/centro-epidemiologia-politicas-salud\/files\/2024\/08\/maurizio-mattoli-2-126x126.jpg 126w\" \/><\/a><\/p>\n"},"caption":{"rendered":"<p>Maurizio Mattoli<\/p>\n"},"alt_text":"","media_type":"image","mime_type":"image\/jpeg","media_details":{"width":2560,"height":2560,"file":"2024\/08\/maurizio-mattoli-2-scaled.jpg","filesize":511678,"sizes":{"medium":{"file":"maurizio-mattoli-2-300x300.jpg","width":300,"height":300,"filesize":47365,"mime_type":"image\/jpeg","source_url":"https:\/\/medicina.udd.cl\/centro-epidemiologia-politicas-salud\/files\/2024\/08\/maurizio-mattoli-2-300x300.jpg"},"large":{"file":"maurizio-mattoli-2-1024x1024.jpg","width":1024,"height":1024,"filesize":140586,"mime_type":"image\/jpeg","source_url":"https:\/\/medicina.udd.cl\/centro-epidemiologia-politicas-salud\/files\/2024\/08\/maurizio-mattoli-2-1024x1024.jpg"},"thumbnail":{"file":"maurizio-mattoli-2-150x150.jpg","width":150,"height":150,"filesize":39901,"mime_type":"image\/jpeg","source_url":"https:\/\/medicina.udd.cl\/centro-epidemiologia-politicas-salud\/files\/2024\/08\/maurizio-mattoli-2-150x150.jpg"},"medium_large":{"file":"maurizio-mattoli-2-768x768.jpg","width":768,"height":768,"filesize":99160,"mime_type":"image\/jpeg","source_url":"https:\/\/medicina.udd.cl\/centro-epidemiologia-politicas-salud\/files\/2024\/08\/maurizio-mattoli-2-768x768.jpg"},"newsletter_featured":{"file":"maurizio-mattoli-2-316x224.jpg","width":316,"height":224,"filesize":44875,"mime_type":"image\/jpeg","source_url":"https:\/\/medicina.udd.cl\/centro-epidemiologia-politicas-salud\/files\/2024\/08\/maurizio-mattoli-2-316x224.jpg"},"newsletter_first":{"file":"maurizio-mattoli-2-286x205.jpg","width":286,"height":205,"filesize":43816,"mime_type":"image\/jpeg","source_url":"https:\/\/medicina.udd.cl\/centro-epidemiologia-politicas-salud\/files\/2024\/08\/maurizio-mattoli-2-286x205.jpg"},"newsletter_thumb":{"file":"maurizio-mattoli-2-288x150.jpg","width":288,"height":150,"filesize":41885,"mime_type":"image\/jpeg","source_url":"https:\/\/medicina.udd.cl\/centro-epidemiologia-politicas-salud\/files\/2024\/08\/maurizio-mattoli-2-288x150.jpg"},"newsletter_column":{"file":"maurizio-mattoli-2-182x140.jpg","width":182,"height":140,"filesize":40152,"mime_type":"image\/jpeg","source_url":"https:\/\/medicina.udd.cl\/centro-epidemiologia-politicas-salud\/files\/2024\/08\/maurizio-mattoli-2-182x140.jpg"},"newsletter_square":{"file":"maurizio-mattoli-2-62x62.jpg","width":62,"height":62,"filesize":37091,"mime_type":"image\/jpeg","source_url":"https:\/\/medicina.udd.cl\/centro-epidemiologia-politicas-salud\/files\/2024\/08\/maurizio-mattoli-2-62x62.jpg"},"newsletter_square_large":{"file":"maurizio-mattoli-2-87x62.jpg","width":87,"height":62,"filesize":37314,"mime_type":"image\/jpeg","source_url":"https:\/\/medicina.udd.cl\/centro-epidemiologia-politicas-salud\/files\/2024\/08\/maurizio-mattoli-2-87x62.jpg"},"1536x1536":{"file":"maurizio-mattoli-2-1536x1536.jpg","width":1536,"height":1536,"filesize":244033,"mime_type":"image\/jpeg","source_url":"https:\/\/medicina.udd.cl\/centro-epidemiologia-politicas-salud\/files\/2024\/08\/maurizio-mattoli-2-1536x1536.jpg"},"2048x2048":{"file":"maurizio-mattoli-2-2048x2048.jpg","width":2048,"height":2048,"filesize":367671,"mime_type":"image\/jpeg","source_url":"https:\/\/medicina.udd.cl\/centro-epidemiologia-politicas-salud\/files\/2024\/08\/maurizio-mattoli-2-2048x2048.jpg"},"landscape_1920":{"file":"maurizio-mattoli-2-1920x1080.jpg","width":1920,"height":1080,"filesize":177995,"mime_type":"image\/jpeg","source_url":"https:\/\/medicina.udd.cl\/centro-epidemiologia-politicas-salud\/files\/2024\/08\/maurizio-mattoli-2-1920x1080.jpg"},"landscape_1366":{"file":"maurizio-mattoli-2-1366x768.jpg","width":1366,"height":768,"filesize":119227,"mime_type":"image\/jpeg","source_url":"https:\/\/medicina.udd.cl\/centro-epidemiologia-politicas-salud\/files\/2024\/08\/maurizio-mattoli-2-1366x768.jpg"},"landscape_952":{"file":"maurizio-mattoli-2-952x534.jpg","width":952,"height":534,"filesize":82586,"mime_type":"image\/jpeg","source_url":"https:\/\/medicina.udd.cl\/centro-epidemiologia-politicas-salud\/files\/2024\/08\/maurizio-mattoli-2-952x534.jpg"},"landscape_680":{"file":"maurizio-mattoli-2-680x382.jpg","width":680,"height":382,"filesize":62778,"mime_type":"image\/jpeg","source_url":"https:\/\/medicina.udd.cl\/centro-epidemiologia-politicas-salud\/files\/2024\/08\/maurizio-mattoli-2-680x382.jpg"},"square_750":{"file":"maurizio-mattoli-2-750x750.jpg","width":750,"height":750,"filesize":97094,"mime_type":"image\/jpeg","source_url":"https:\/\/medicina.udd.cl\/centro-epidemiologia-politicas-salud\/files\/2024\/08\/maurizio-mattoli-2-750x750.jpg"},"square_500":{"file":"maurizio-mattoli-2-500x500.jpg","width":500,"height":500,"filesize":65719,"mime_type":"image\/jpeg","source_url":"https:\/\/medicina.udd.cl\/centro-epidemiologia-politicas-salud\/files\/2024\/08\/maurizio-mattoli-2-500x500.jpg"},"square_200":{"file":"maurizio-mattoli-2-250x250.jpg","width":250,"height":250,"filesize":44485,"mime_type":"image\/jpeg","source_url":"https:\/\/medicina.udd.cl\/centro-epidemiologia-politicas-salud\/files\/2024\/08\/maurizio-mattoli-2-250x250.jpg"},"post-thumbnail":{"file":"maurizio-mattoli-2-952x534.jpg","width":952,"height":534,"filesize":82586,"mime_type":"image\/jpeg","source_url":"https:\/\/medicina.udd.cl\/centro-epidemiologia-politicas-salud\/files\/2024\/08\/maurizio-mattoli-2-952x534.jpg"},"custom_content":{"file":"maurizio-mattoli-2-126x126.jpg","width":126,"height":126,"filesize":38936,"mime_type":"image\/jpeg","source_url":"https:\/\/medicina.udd.cl\/centro-epidemiologia-politicas-salud\/files\/2024\/08\/maurizio-mattoli-2-126x126.jpg"},"full":{"file":"maurizio-mattoli-2-scaled.jpg","width":2560,"height":2560,"mime_type":"image\/jpeg","source_url":"https:\/\/medicina.udd.cl\/centro-epidemiologia-politicas-salud\/files\/2024\/08\/maurizio-mattoli-2-scaled.jpg"}},"image_meta":{"aperture":"5","credit":"","camera":"Canon EOS 5D Mark III","caption":"","created_timestamp":"1555064940","copyright":"","focal_length":"135","iso":"200","shutter_speed":"0.008","title":"","orientation":"1","keywords":[]},"original_image":"maurizio-mattoli-2.jpg"},"post":2623,"source_url":"https:\/\/medicina.udd.cl\/centro-epidemiologia-politicas-salud\/files\/2024\/08\/maurizio-mattoli-2-scaled.jpg","_links":{"self":[{"href":"https:\/\/medicina.udd.cl\/centro-epidemiologia-politicas-salud\/wp-json\/wp\/v2\/media\/2627","targetHints":{"allow":["GET"]}}],"collection":[{"href":"https:\/\/medicina.udd.cl\/centro-epidemiologia-politicas-salud\/wp-json\/wp\/v2\/media"}],"about":[{"href":"https:\/\/medicina.udd.cl\/centro-epidemiologia-politicas-salud\/wp-json\/wp\/v2\/types\/attachment"}],"author":[{"embeddable":true,"href":"https:\/\/medicina.udd.cl\/centro-epidemiologia-politicas-salud\/wp-json\/wp\/v2\/users\/9192219"}],"replies":[{"embeddable":true,"href":"https:\/\/medicina.udd.cl\/centro-epidemiologia-politicas-salud\/wp-json\/wp\/v2\/comments?post=2627"}],"wp:attached-to":[{"embeddable":true,"post_type":"post","id":2623,"href":"https:\/\/medicina.udd.cl\/centro-epidemiologia-politicas-salud\/wp-json\/wp\/v2\/posts\/2623"}],"curies":[{"name":"wp","href":"https:\/\/api.w.org\/{rel}","templated":true}]}}