{"id":2676,"date":"2024-11-07T13:00:35","date_gmt":"2024-11-07T16:00:35","guid":{"rendered":"https:\/\/medicina.udd.cl\/centro-epidemiologia-politicas-salud\/files\/2024\/11\/ceps-isabel-matute-en-mexico-3.jpg"},"modified":"2024-11-07T13:00:35","modified_gmt":"2024-11-07T16:00:35","slug":"ceps-isabel-matute-en-mexico-3","status":"inherit","type":"attachment","link":"https:\/\/medicina.udd.cl\/centro-epidemiologia-politicas-salud\/noticias\/2024\/11\/07\/investigadoras-del-ceps-udd-trabajan-en-proyecto-de-cooperacion-chile-mexico-sobre-modelamiento-matematico-de-epidemias\/ceps-isabel-matute-en-mexico-3\/","title":{"rendered":"CEPS &#8211; Isabel Matute en M\u00e9xico (3)"},"author":9192219,"featured_media":0,"comment_status":"","ping_status":"closed","template":"","meta":[],"class_list":["post-2676","attachment","type-attachment","status-inherit","hentry"],"yoast_head":"<!-- This site is optimized with the Yoast SEO plugin v26.9 - https:\/\/yoast.com\/product\/yoast-seo-wordpress\/ -->\n<title>CEPS - Isabel Matute en M\u00e9xico (3) - Centro de Epidemiolog\u00eda y Pol\u00edticas de Salud<\/title>\n<meta name=\"robots\" content=\"index, follow, max-snippet:-1, max-image-preview:large, max-video-preview:-1\" \/>\n<link rel=\"canonical\" href=\"https:\/\/medicina.udd.cl\/centro-epidemiologia-politicas-salud\/files\/2024\/11\/ceps-isabel-matute-en-mexico-3-scaled.jpg\" \/>\n<meta property=\"og:locale\" content=\"es_ES\" \/>\n<meta property=\"og:type\" content=\"article\" \/>\n<meta property=\"og:title\" content=\"CEPS - Isabel Matute en M\u00e9xico (3) - Centro de Epidemiolog\u00eda y Pol\u00edticas de Salud\" \/>\n<meta property=\"og:url\" content=\"https:\/\/medicina.udd.cl\/centro-epidemiologia-politicas-salud\/files\/2024\/11\/ceps-isabel-matute-en-mexico-3-scaled.jpg\" \/>\n<meta property=\"og:site_name\" content=\"Centro de Epidemiolog\u00eda y Pol\u00edticas de Salud\" \/>\n<meta property=\"og:image\" content=\"https:\/\/medicina.udd.cl\/centro-epidemiologia-politicas-salud\/files\/2024\/11\/ceps-isabel-matute-en-mexico-3.jpg\" \/>\n\t<meta property=\"og:image:width\" content=\"1\" \/>\n\t<meta property=\"og:image:height\" content=\"1\" \/>\n\t<meta property=\"og:image:type\" content=\"image\/jpeg\" \/>\n<script type=\"application\/ld+json\" class=\"yoast-schema-graph\">{\"@context\":\"https:\/\/schema.org\",\"@graph\":[{\"@type\":\"WebPage\",\"@id\":\"https:\/\/medicina.udd.cl\/centro-epidemiologia-politicas-salud\/files\/2024\/11\/ceps-isabel-matute-en-mexico-3-scaled.jpg\",\"url\":\"https:\/\/medicina.udd.cl\/centro-epidemiologia-politicas-salud\/files\/2024\/11\/ceps-isabel-matute-en-mexico-3-scaled.jpg\",\"name\":\"CEPS - Isabel Matute en M\u00e9xico (3) - Centro de Epidemiolog\u00eda y Pol\u00edticas de Salud\",\"isPartOf\":{\"@id\":\"https:\/\/medicina.udd.cl\/centro-epidemiologia-politicas-salud\/#website\"},\"datePublished\":\"2024-11-07T16:00:35+00:00\",\"breadcrumb\":{\"@id\":\"https:\/\/medicina.udd.cl\/centro-epidemiologia-politicas-salud\/files\/2024\/11\/ceps-isabel-matute-en-mexico-3-scaled.jpg#breadcrumb\"},\"inLanguage\":\"es\",\"potentialAction\":[{\"@type\":\"ReadAction\",\"target\":[\"https:\/\/medicina.udd.cl\/centro-epidemiologia-politicas-salud\/files\/2024\/11\/ceps-isabel-matute-en-mexico-3-scaled.jpg\"]}]},{\"@type\":\"BreadcrumbList\",\"@id\":\"https:\/\/medicina.udd.cl\/centro-epidemiologia-politicas-salud\/files\/2024\/11\/ceps-isabel-matute-en-mexico-3-scaled.jpg#breadcrumb\",\"itemListElement\":[{\"@type\":\"ListItem\",\"position\":1,\"name\":\"Inicio\",\"item\":\"https:\/\/medicina.udd.cl\/centro-epidemiologia-politicas-salud\/\"},{\"@type\":\"ListItem\",\"position\":2,\"name\":\"Investigadoras del CEPS UDD trabajan en proyecto de cooperaci\u00f3n Chile-M\u00e9xico sobre modelamiento matem\u00e1tico de epidemias\",\"item\":\"https:\/\/medicina.udd.cl\/centro-epidemiologia-politicas-salud\/noticias\/2024\/11\/07\/investigadoras-del-ceps-udd-trabajan-en-proyecto-de-cooperacion-chile-mexico-sobre-modelamiento-matematico-de-epidemias\/\"},{\"@type\":\"ListItem\",\"position\":3,\"name\":\"CEPS &#8211; Isabel Matute en M\u00e9xico (3)\"}]},{\"@type\":\"WebSite\",\"@id\":\"https:\/\/medicina.udd.cl\/centro-epidemiologia-politicas-salud\/#website\",\"url\":\"https:\/\/medicina.udd.cl\/centro-epidemiologia-politicas-salud\/\",\"name\":\"Centro de Epidemiolog\u00eda y Pol\u00edticas de Salud\",\"description\":\"Otro blog m\u00e1s de Medicina\",\"inLanguage\":\"es\"}]}<\/script>\n<!-- \/ Yoast SEO plugin. -->","yoast_head_json":{"title":"CEPS - Isabel Matute en M\u00e9xico (3) - Centro de Epidemiolog\u00eda y Pol\u00edticas de Salud","robots":{"index":"index","follow":"follow","max-snippet":"max-snippet:-1","max-image-preview":"max-image-preview:large","max-video-preview":"max-video-preview:-1"},"canonical":"https:\/\/medicina.udd.cl\/centro-epidemiologia-politicas-salud\/files\/2024\/11\/ceps-isabel-matute-en-mexico-3-scaled.jpg","og_locale":"es_ES","og_type":"article","og_title":"CEPS - Isabel Matute en M\u00e9xico (3) - Centro de Epidemiolog\u00eda y Pol\u00edticas de Salud","og_url":"https:\/\/medicina.udd.cl\/centro-epidemiologia-politicas-salud\/files\/2024\/11\/ceps-isabel-matute-en-mexico-3-scaled.jpg","og_site_name":"Centro de Epidemiolog\u00eda y Pol\u00edticas de Salud","og_image":[{"url":"https:\/\/medicina.udd.cl\/centro-epidemiologia-politicas-salud\/files\/2024\/11\/ceps-isabel-matute-en-mexico-3.jpg","width":1,"height":1,"type":"image\/jpeg"}],"schema":{"@context":"https:\/\/schema.org","@graph":[{"@type":"WebPage","@id":"https:\/\/medicina.udd.cl\/centro-epidemiologia-politicas-salud\/files\/2024\/11\/ceps-isabel-matute-en-mexico-3-scaled.jpg","url":"https:\/\/medicina.udd.cl\/centro-epidemiologia-politicas-salud\/files\/2024\/11\/ceps-isabel-matute-en-mexico-3-scaled.jpg","name":"CEPS - Isabel Matute en M\u00e9xico (3) - Centro de Epidemiolog\u00eda y Pol\u00edticas de Salud","isPartOf":{"@id":"https:\/\/medicina.udd.cl\/centro-epidemiologia-politicas-salud\/#website"},"datePublished":"2024-11-07T16:00:35+00:00","breadcrumb":{"@id":"https:\/\/medicina.udd.cl\/centro-epidemiologia-politicas-salud\/files\/2024\/11\/ceps-isabel-matute-en-mexico-3-scaled.jpg#breadcrumb"},"inLanguage":"es","potentialAction":[{"@type":"ReadAction","target":["https:\/\/medicina.udd.cl\/centro-epidemiologia-politicas-salud\/files\/2024\/11\/ceps-isabel-matute-en-mexico-3-scaled.jpg"]}]},{"@type":"BreadcrumbList","@id":"https:\/\/medicina.udd.cl\/centro-epidemiologia-politicas-salud\/files\/2024\/11\/ceps-isabel-matute-en-mexico-3-scaled.jpg#breadcrumb","itemListElement":[{"@type":"ListItem","position":1,"name":"Inicio","item":"https:\/\/medicina.udd.cl\/centro-epidemiologia-politicas-salud\/"},{"@type":"ListItem","position":2,"name":"Investigadoras del CEPS UDD trabajan en proyecto de cooperaci\u00f3n Chile-M\u00e9xico sobre modelamiento matem\u00e1tico de epidemias","item":"https:\/\/medicina.udd.cl\/centro-epidemiologia-politicas-salud\/noticias\/2024\/11\/07\/investigadoras-del-ceps-udd-trabajan-en-proyecto-de-cooperacion-chile-mexico-sobre-modelamiento-matematico-de-epidemias\/"},{"@type":"ListItem","position":3,"name":"CEPS &#8211; Isabel Matute en M\u00e9xico (3)"}]},{"@type":"WebSite","@id":"https:\/\/medicina.udd.cl\/centro-epidemiologia-politicas-salud\/#website","url":"https:\/\/medicina.udd.cl\/centro-epidemiologia-politicas-salud\/","name":"Centro de Epidemiolog\u00eda y Pol\u00edticas de Salud","description":"Otro blog m\u00e1s de Medicina","inLanguage":"es"}]}},"description":{"rendered":"<p class=\"attachment\"><a href='https:\/\/medicina.udd.cl\/centro-epidemiologia-politicas-salud\/files\/2024\/11\/ceps-isabel-matute-en-mexico-3-scaled.jpg'><img loading=\"lazy\" decoding=\"async\" width=\"300\" height=\"225\" src=\"https:\/\/medicina.udd.cl\/centro-epidemiologia-politicas-salud\/wp-content\/plugins\/wp-async-img-load\/blank.png\" class=\"attachment-medium size-medium lazyload\" alt=\"\" sizes=\"auto, (max-width: 300px) 100vw, 300px\" data-src=\"https:\/\/medicina.udd.cl\/centro-epidemiologia-politicas-salud\/files\/2024\/11\/ceps-isabel-matute-en-mexico-3-300x225.jpg\" data-srcset=\"https:\/\/medicina.udd.cl\/centro-epidemiologia-politicas-salud\/files\/2024\/11\/ceps-isabel-matute-en-mexico-3-300x225.jpg 300w, https:\/\/medicina.udd.cl\/centro-epidemiologia-politicas-salud\/files\/2024\/11\/ceps-isabel-matute-en-mexico-3-1024x768.jpg 1024w, https:\/\/medicina.udd.cl\/centro-epidemiologia-politicas-salud\/files\/2024\/11\/ceps-isabel-matute-en-mexico-3-768x576.jpg 768w, https:\/\/medicina.udd.cl\/centro-epidemiologia-politicas-salud\/files\/2024\/11\/ceps-isabel-matute-en-mexico-3-1536x1152.jpg 1536w, https:\/\/medicina.udd.cl\/centro-epidemiologia-politicas-salud\/files\/2024\/11\/ceps-isabel-matute-en-mexico-3-2048x1536.jpg 2048w\" \/><\/a><\/p>\n"},"caption":{"rendered":""},"alt_text":"","media_type":"image","mime_type":"image\/jpeg","media_details":{"width":2560,"height":1920,"file":"2024\/11\/ceps-isabel-matute-en-mexico-3-scaled.jpg","filesize":843266,"sizes":{"medium":{"file":"ceps-isabel-matute-en-mexico-3-300x225.jpg","width":300,"height":225,"filesize":21803,"mime_type":"image\/jpeg","source_url":"https:\/\/medicina.udd.cl\/centro-epidemiologia-politicas-salud\/files\/2024\/11\/ceps-isabel-matute-en-mexico-3-300x225.jpg"},"large":{"file":"ceps-isabel-matute-en-mexico-3-1024x768.jpg","width":1024,"height":768,"filesize":181654,"mime_type":"image\/jpeg","source_url":"https:\/\/medicina.udd.cl\/centro-epidemiologia-politicas-salud\/files\/2024\/11\/ceps-isabel-matute-en-mexico-3-1024x768.jpg"},"thumbnail":{"file":"ceps-isabel-matute-en-mexico-3-150x150.jpg","width":150,"height":150,"filesize":8516,"mime_type":"image\/jpeg","source_url":"https:\/\/medicina.udd.cl\/centro-epidemiologia-politicas-salud\/files\/2024\/11\/ceps-isabel-matute-en-mexico-3-150x150.jpg"},"medium_large":{"file":"ceps-isabel-matute-en-mexico-3-768x576.jpg","width":768,"height":576,"filesize":112064,"mime_type":"image\/jpeg","source_url":"https:\/\/medicina.udd.cl\/centro-epidemiologia-politicas-salud\/files\/2024\/11\/ceps-isabel-matute-en-mexico-3-768x576.jpg"},"newsletter_featured":{"file":"ceps-isabel-matute-en-mexico-3-316x224.jpg","width":316,"height":224,"filesize":22768,"mime_type":"image\/jpeg","source_url":"https:\/\/medicina.udd.cl\/centro-epidemiologia-politicas-salud\/files\/2024\/11\/ceps-isabel-matute-en-mexico-3-316x224.jpg"},"newsletter_first":{"file":"ceps-isabel-matute-en-mexico-3-286x205.jpg","width":286,"height":205,"filesize":19347,"mime_type":"image\/jpeg","source_url":"https:\/\/medicina.udd.cl\/centro-epidemiologia-politicas-salud\/files\/2024\/11\/ceps-isabel-matute-en-mexico-3-286x205.jpg"},"newsletter_thumb":{"file":"ceps-isabel-matute-en-mexico-3-288x150.jpg","width":288,"height":150,"filesize":14513,"mime_type":"image\/jpeg","source_url":"https:\/\/medicina.udd.cl\/centro-epidemiologia-politicas-salud\/files\/2024\/11\/ceps-isabel-matute-en-mexico-3-288x150.jpg"},"newsletter_column":{"file":"ceps-isabel-matute-en-mexico-3-182x140.jpg","width":182,"height":140,"filesize":9444,"mime_type":"image\/jpeg","source_url":"https:\/\/medicina.udd.cl\/centro-epidemiologia-politicas-salud\/files\/2024\/11\/ceps-isabel-matute-en-mexico-3-182x140.jpg"},"newsletter_square":{"file":"ceps-isabel-matute-en-mexico-3-62x62.jpg","width":62,"height":62,"filesize":2310,"mime_type":"image\/jpeg","source_url":"https:\/\/medicina.udd.cl\/centro-epidemiologia-politicas-salud\/files\/2024\/11\/ceps-isabel-matute-en-mexico-3-62x62.jpg"},"newsletter_square_large":{"file":"ceps-isabel-matute-en-mexico-3-87x62.jpg","width":87,"height":62,"filesize":2923,"mime_type":"image\/jpeg","source_url":"https:\/\/medicina.udd.cl\/centro-epidemiologia-politicas-salud\/files\/2024\/11\/ceps-isabel-matute-en-mexico-3-87x62.jpg"},"1536x1536":{"file":"ceps-isabel-matute-en-mexico-3-1536x1152.jpg","width":1536,"height":1152,"filesize":355999,"mime_type":"image\/jpeg","source_url":"https:\/\/medicina.udd.cl\/centro-epidemiologia-politicas-salud\/files\/2024\/11\/ceps-isabel-matute-en-mexico-3-1536x1152.jpg"},"2048x2048":{"file":"ceps-isabel-matute-en-mexico-3-2048x1536.jpg","width":2048,"height":1536,"filesize":577011,"mime_type":"image\/jpeg","source_url":"https:\/\/medicina.udd.cl\/centro-epidemiologia-politicas-salud\/files\/2024\/11\/ceps-isabel-matute-en-mexico-3-2048x1536.jpg"},"landscape_1920":{"file":"ceps-isabel-matute-en-mexico-3-1920x1080.jpg","width":1920,"height":1080,"filesize":371209,"mime_type":"image\/jpeg","source_url":"https:\/\/medicina.udd.cl\/centro-epidemiologia-politicas-salud\/files\/2024\/11\/ceps-isabel-matute-en-mexico-3-1920x1080.jpg"},"landscape_1366":{"file":"ceps-isabel-matute-en-mexico-3-1366x768.jpg","width":1366,"height":768,"filesize":211342,"mime_type":"image\/jpeg","source_url":"https:\/\/medicina.udd.cl\/centro-epidemiologia-politicas-salud\/files\/2024\/11\/ceps-isabel-matute-en-mexico-3-1366x768.jpg"},"landscape_952":{"file":"ceps-isabel-matute-en-mexico-3-952x534.jpg","width":952,"height":534,"filesize":117219,"mime_type":"image\/jpeg","source_url":"https:\/\/medicina.udd.cl\/centro-epidemiologia-politicas-salud\/files\/2024\/11\/ceps-isabel-matute-en-mexico-3-952x534.jpg"},"landscape_680":{"file":"ceps-isabel-matute-en-mexico-3-680x382.jpg","width":680,"height":382,"filesize":66671,"mime_type":"image\/jpeg","source_url":"https:\/\/medicina.udd.cl\/centro-epidemiologia-politicas-salud\/files\/2024\/11\/ceps-isabel-matute-en-mexico-3-680x382.jpg"},"square_750":{"file":"ceps-isabel-matute-en-mexico-3-750x750.jpg","width":750,"height":750,"filesize":137454,"mime_type":"image\/jpeg","source_url":"https:\/\/medicina.udd.cl\/centro-epidemiologia-politicas-salud\/files\/2024\/11\/ceps-isabel-matute-en-mexico-3-750x750.jpg"},"square_500":{"file":"ceps-isabel-matute-en-mexico-3-500x500.jpg","width":500,"height":500,"filesize":69693,"mime_type":"image\/jpeg","source_url":"https:\/\/medicina.udd.cl\/centro-epidemiologia-politicas-salud\/files\/2024\/11\/ceps-isabel-matute-en-mexico-3-500x500.jpg"},"square_200":{"file":"ceps-isabel-matute-en-mexico-3-250x250.jpg","width":250,"height":250,"filesize":20693,"mime_type":"image\/jpeg","source_url":"https:\/\/medicina.udd.cl\/centro-epidemiologia-politicas-salud\/files\/2024\/11\/ceps-isabel-matute-en-mexico-3-250x250.jpg"},"post-thumbnail":{"file":"ceps-isabel-matute-en-mexico-3-952x534.jpg","width":952,"height":534,"filesize":117219,"mime_type":"image\/jpeg","source_url":"https:\/\/medicina.udd.cl\/centro-epidemiologia-politicas-salud\/files\/2024\/11\/ceps-isabel-matute-en-mexico-3-952x534.jpg"},"custom_content":{"file":"ceps-isabel-matute-en-mexico-3-126x126.jpg","width":126,"height":126,"filesize":6348,"mime_type":"image\/jpeg","source_url":"https:\/\/medicina.udd.cl\/centro-epidemiologia-politicas-salud\/files\/2024\/11\/ceps-isabel-matute-en-mexico-3-126x126.jpg"},"full":{"file":"ceps-isabel-matute-en-mexico-3-scaled.jpg","width":2560,"height":1920,"mime_type":"image\/jpeg","source_url":"https:\/\/medicina.udd.cl\/centro-epidemiologia-politicas-salud\/files\/2024\/11\/ceps-isabel-matute-en-mexico-3-scaled.jpg"}},"image_meta":{"aperture":"0","credit":"","camera":"","caption":"","created_timestamp":"1728948494","copyright":"","focal_length":"0","iso":"0","shutter_speed":"0","title":"","orientation":"1","keywords":[]},"original_image":"ceps-isabel-matute-en-mexico-3.jpg"},"post":2673,"source_url":"https:\/\/medicina.udd.cl\/centro-epidemiologia-politicas-salud\/files\/2024\/11\/ceps-isabel-matute-en-mexico-3-scaled.jpg","_links":{"self":[{"href":"https:\/\/medicina.udd.cl\/centro-epidemiologia-politicas-salud\/wp-json\/wp\/v2\/media\/2676","targetHints":{"allow":["GET"]}}],"collection":[{"href":"https:\/\/medicina.udd.cl\/centro-epidemiologia-politicas-salud\/wp-json\/wp\/v2\/media"}],"about":[{"href":"https:\/\/medicina.udd.cl\/centro-epidemiologia-politicas-salud\/wp-json\/wp\/v2\/types\/attachment"}],"author":[{"embeddable":true,"href":"https:\/\/medicina.udd.cl\/centro-epidemiologia-politicas-salud\/wp-json\/wp\/v2\/users\/9192219"}],"replies":[{"embeddable":true,"href":"https:\/\/medicina.udd.cl\/centro-epidemiologia-politicas-salud\/wp-json\/wp\/v2\/comments?post=2676"}],"wp:attached-to":[{"embeddable":true,"post_type":"post","id":2673,"href":"https:\/\/medicina.udd.cl\/centro-epidemiologia-politicas-salud\/wp-json\/wp\/v2\/posts\/2673"}],"curies":[{"name":"wp","href":"https:\/\/api.w.org\/{rel}","templated":true}]}}