{"id":2710,"date":"2025-03-31T12:49:10","date_gmt":"2025-03-31T15:49:10","guid":{"rendered":"https:\/\/medicina.udd.cl\/centro-epidemiologia-politicas-salud\/files\/2025\/03\/ceps-proyecto-arsenico-arica-4.png"},"modified":"2025-03-31T12:49:10","modified_gmt":"2025-03-31T15:49:10","slug":"ceps-proyecto-arsenico-arica-4","status":"inherit","type":"attachment","link":"https:\/\/medicina.udd.cl\/centro-epidemiologia-politicas-salud\/noticias\/2025\/03\/25\/presentan-resultados-del-proyecto-fonis-sobre-la-exposicion-al-arsenico-en-ninos-de-arica\/ceps-proyecto-arsenico-arica-4\/","title":{"rendered":"CEPS &#8211; Proyecto Ars\u00e9nico Arica 4"},"author":9192219,"featured_media":0,"comment_status":"","ping_status":"closed","template":"","meta":[],"class_list":["post-2710","attachment","type-attachment","status-inherit","hentry"],"yoast_head":"<!-- This site is optimized with the Yoast SEO plugin v26.9 - https:\/\/yoast.com\/product\/yoast-seo-wordpress\/ -->\n<title>CEPS - Proyecto Ars\u00e9nico Arica 4 - Centro de Epidemiolog\u00eda y Pol\u00edticas de Salud<\/title>\n<meta name=\"robots\" content=\"index, follow, max-snippet:-1, max-image-preview:large, max-video-preview:-1\" \/>\n<link rel=\"canonical\" href=\"https:\/\/medicina.udd.cl\/centro-epidemiologia-politicas-salud\/files\/2025\/03\/ceps-proyecto-arsenico-arica-4.png\" \/>\n<meta property=\"og:locale\" content=\"es_ES\" \/>\n<meta property=\"og:type\" content=\"article\" \/>\n<meta property=\"og:title\" content=\"CEPS - Proyecto Ars\u00e9nico Arica 4 - Centro de Epidemiolog\u00eda y Pol\u00edticas de Salud\" \/>\n<meta property=\"og:url\" content=\"https:\/\/medicina.udd.cl\/centro-epidemiologia-politicas-salud\/files\/2025\/03\/ceps-proyecto-arsenico-arica-4.png\" \/>\n<meta property=\"og:site_name\" content=\"Centro de Epidemiolog\u00eda y Pol\u00edticas de Salud\" \/>\n<meta property=\"og:image\" content=\"https:\/\/medicina.udd.cl\/centro-epidemiologia-politicas-salud\/files\/2025\/03\/ceps-proyecto-arsenico-arica-4.png\" \/>\n\t<meta property=\"og:image:width\" content=\"1\" \/>\n\t<meta property=\"og:image:height\" content=\"1\" \/>\n\t<meta property=\"og:image:type\" content=\"image\/png\" \/>\n<script type=\"application\/ld+json\" class=\"yoast-schema-graph\">{\"@context\":\"https:\/\/schema.org\",\"@graph\":[{\"@type\":\"WebPage\",\"@id\":\"https:\/\/medicina.udd.cl\/centro-epidemiologia-politicas-salud\/files\/2025\/03\/ceps-proyecto-arsenico-arica-4.png\",\"url\":\"https:\/\/medicina.udd.cl\/centro-epidemiologia-politicas-salud\/files\/2025\/03\/ceps-proyecto-arsenico-arica-4.png\",\"name\":\"CEPS - Proyecto Ars\u00e9nico Arica 4 - Centro de Epidemiolog\u00eda y Pol\u00edticas de Salud\",\"isPartOf\":{\"@id\":\"https:\/\/medicina.udd.cl\/centro-epidemiologia-politicas-salud\/#website\"},\"datePublished\":\"2025-03-31T15:49:10+00:00\",\"breadcrumb\":{\"@id\":\"https:\/\/medicina.udd.cl\/centro-epidemiologia-politicas-salud\/files\/2025\/03\/ceps-proyecto-arsenico-arica-4.png#breadcrumb\"},\"inLanguage\":\"es\",\"potentialAction\":[{\"@type\":\"ReadAction\",\"target\":[\"https:\/\/medicina.udd.cl\/centro-epidemiologia-politicas-salud\/files\/2025\/03\/ceps-proyecto-arsenico-arica-4.png\"]}]},{\"@type\":\"BreadcrumbList\",\"@id\":\"https:\/\/medicina.udd.cl\/centro-epidemiologia-politicas-salud\/files\/2025\/03\/ceps-proyecto-arsenico-arica-4.png#breadcrumb\",\"itemListElement\":[{\"@type\":\"ListItem\",\"position\":1,\"name\":\"Inicio\",\"item\":\"https:\/\/medicina.udd.cl\/centro-epidemiologia-politicas-salud\/\"},{\"@type\":\"ListItem\",\"position\":2,\"name\":\"Presentan resultados del Proyecto FONIS sobre la exposici\u00f3n al ars\u00e9nico en ni\u00f1os de Arica\",\"item\":\"https:\/\/medicina.udd.cl\/centro-epidemiologia-politicas-salud\/noticias\/2025\/03\/25\/presentan-resultados-del-proyecto-fonis-sobre-la-exposicion-al-arsenico-en-ninos-de-arica\/\"},{\"@type\":\"ListItem\",\"position\":3,\"name\":\"CEPS &#8211; Proyecto Ars\u00e9nico Arica 4\"}]},{\"@type\":\"WebSite\",\"@id\":\"https:\/\/medicina.udd.cl\/centro-epidemiologia-politicas-salud\/#website\",\"url\":\"https:\/\/medicina.udd.cl\/centro-epidemiologia-politicas-salud\/\",\"name\":\"Centro de Epidemiolog\u00eda y Pol\u00edticas de Salud\",\"description\":\"Otro blog m\u00e1s de Medicina\",\"inLanguage\":\"es\"}]}<\/script>\n<!-- \/ Yoast SEO plugin. -->","yoast_head_json":{"title":"CEPS - Proyecto Ars\u00e9nico Arica 4 - Centro de Epidemiolog\u00eda y Pol\u00edticas de Salud","robots":{"index":"index","follow":"follow","max-snippet":"max-snippet:-1","max-image-preview":"max-image-preview:large","max-video-preview":"max-video-preview:-1"},"canonical":"https:\/\/medicina.udd.cl\/centro-epidemiologia-politicas-salud\/files\/2025\/03\/ceps-proyecto-arsenico-arica-4.png","og_locale":"es_ES","og_type":"article","og_title":"CEPS - Proyecto Ars\u00e9nico Arica 4 - Centro de Epidemiolog\u00eda y Pol\u00edticas de Salud","og_url":"https:\/\/medicina.udd.cl\/centro-epidemiologia-politicas-salud\/files\/2025\/03\/ceps-proyecto-arsenico-arica-4.png","og_site_name":"Centro de Epidemiolog\u00eda y Pol\u00edticas de Salud","og_image":[{"url":"https:\/\/medicina.udd.cl\/centro-epidemiologia-politicas-salud\/files\/2025\/03\/ceps-proyecto-arsenico-arica-4.png","width":1,"height":1,"type":"image\/png"}],"schema":{"@context":"https:\/\/schema.org","@graph":[{"@type":"WebPage","@id":"https:\/\/medicina.udd.cl\/centro-epidemiologia-politicas-salud\/files\/2025\/03\/ceps-proyecto-arsenico-arica-4.png","url":"https:\/\/medicina.udd.cl\/centro-epidemiologia-politicas-salud\/files\/2025\/03\/ceps-proyecto-arsenico-arica-4.png","name":"CEPS - Proyecto Ars\u00e9nico Arica 4 - Centro de Epidemiolog\u00eda y Pol\u00edticas de Salud","isPartOf":{"@id":"https:\/\/medicina.udd.cl\/centro-epidemiologia-politicas-salud\/#website"},"datePublished":"2025-03-31T15:49:10+00:00","breadcrumb":{"@id":"https:\/\/medicina.udd.cl\/centro-epidemiologia-politicas-salud\/files\/2025\/03\/ceps-proyecto-arsenico-arica-4.png#breadcrumb"},"inLanguage":"es","potentialAction":[{"@type":"ReadAction","target":["https:\/\/medicina.udd.cl\/centro-epidemiologia-politicas-salud\/files\/2025\/03\/ceps-proyecto-arsenico-arica-4.png"]}]},{"@type":"BreadcrumbList","@id":"https:\/\/medicina.udd.cl\/centro-epidemiologia-politicas-salud\/files\/2025\/03\/ceps-proyecto-arsenico-arica-4.png#breadcrumb","itemListElement":[{"@type":"ListItem","position":1,"name":"Inicio","item":"https:\/\/medicina.udd.cl\/centro-epidemiologia-politicas-salud\/"},{"@type":"ListItem","position":2,"name":"Presentan resultados del Proyecto FONIS sobre la exposici\u00f3n al ars\u00e9nico en ni\u00f1os de Arica","item":"https:\/\/medicina.udd.cl\/centro-epidemiologia-politicas-salud\/noticias\/2025\/03\/25\/presentan-resultados-del-proyecto-fonis-sobre-la-exposicion-al-arsenico-en-ninos-de-arica\/"},{"@type":"ListItem","position":3,"name":"CEPS &#8211; Proyecto Ars\u00e9nico Arica 4"}]},{"@type":"WebSite","@id":"https:\/\/medicina.udd.cl\/centro-epidemiologia-politicas-salud\/#website","url":"https:\/\/medicina.udd.cl\/centro-epidemiologia-politicas-salud\/","name":"Centro de Epidemiolog\u00eda y Pol\u00edticas de Salud","description":"Otro blog m\u00e1s de Medicina","inLanguage":"es"}]}},"description":{"rendered":"<p class=\"attachment\"><a href='https:\/\/medicina.udd.cl\/centro-epidemiologia-politicas-salud\/files\/2025\/03\/ceps-proyecto-arsenico-arica-4.png'><img loading=\"lazy\" decoding=\"async\" width=\"300\" height=\"225\" src=\"https:\/\/medicina.udd.cl\/centro-epidemiologia-politicas-salud\/wp-content\/plugins\/wp-async-img-load\/blank.png\" class=\"attachment-medium size-medium lazyload\" alt=\"\" sizes=\"auto, (max-width: 300px) 100vw, 300px\" data-src=\"https:\/\/medicina.udd.cl\/centro-epidemiologia-politicas-salud\/files\/2025\/03\/ceps-proyecto-arsenico-arica-4-300x225.png\" data-srcset=\"https:\/\/medicina.udd.cl\/centro-epidemiologia-politicas-salud\/files\/2025\/03\/ceps-proyecto-arsenico-arica-4-300x225.png 300w, https:\/\/medicina.udd.cl\/centro-epidemiologia-politicas-salud\/files\/2025\/03\/ceps-proyecto-arsenico-arica-4-1024x768.png 1024w, https:\/\/medicina.udd.cl\/centro-epidemiologia-politicas-salud\/files\/2025\/03\/ceps-proyecto-arsenico-arica-4-768x576.png 768w, https:\/\/medicina.udd.cl\/centro-epidemiologia-politicas-salud\/files\/2025\/03\/ceps-proyecto-arsenico-arica-4.png 1280w\" \/><\/a><\/p>\n"},"caption":{"rendered":""},"alt_text":"","media_type":"image","mime_type":"image\/png","media_details":{"width":1280,"height":960,"file":"2025\/03\/ceps-proyecto-arsenico-arica-4.png","filesize":1214837,"sizes":{"medium":{"file":"ceps-proyecto-arsenico-arica-4-300x225.png","width":300,"height":225,"filesize":98832,"mime_type":"image\/png","source_url":"https:\/\/medicina.udd.cl\/centro-epidemiologia-politicas-salud\/files\/2025\/03\/ceps-proyecto-arsenico-arica-4-300x225.png"},"large":{"file":"ceps-proyecto-arsenico-arica-4-1024x768.png","width":1024,"height":768,"filesize":773872,"mime_type":"image\/png","source_url":"https:\/\/medicina.udd.cl\/centro-epidemiologia-politicas-salud\/files\/2025\/03\/ceps-proyecto-arsenico-arica-4-1024x768.png"},"thumbnail":{"file":"ceps-proyecto-arsenico-arica-4-150x150.png","width":150,"height":150,"filesize":38762,"mime_type":"image\/png","source_url":"https:\/\/medicina.udd.cl\/centro-epidemiologia-politicas-salud\/files\/2025\/03\/ceps-proyecto-arsenico-arica-4-150x150.png"},"medium_large":{"file":"ceps-proyecto-arsenico-arica-4-768x576.png","width":768,"height":576,"filesize":483774,"mime_type":"image\/png","source_url":"https:\/\/medicina.udd.cl\/centro-epidemiologia-politicas-salud\/files\/2025\/03\/ceps-proyecto-arsenico-arica-4-768x576.png"},"newsletter_featured":{"file":"ceps-proyecto-arsenico-arica-4-316x224.png","width":316,"height":224,"filesize":103008,"mime_type":"image\/png","source_url":"https:\/\/medicina.udd.cl\/centro-epidemiologia-politicas-salud\/files\/2025\/03\/ceps-proyecto-arsenico-arica-4-316x224.png"},"newsletter_first":{"file":"ceps-proyecto-arsenico-arica-4-286x205.png","width":286,"height":205,"filesize":87715,"mime_type":"image\/png","source_url":"https:\/\/medicina.udd.cl\/centro-epidemiologia-politicas-salud\/files\/2025\/03\/ceps-proyecto-arsenico-arica-4-286x205.png"},"newsletter_thumb":{"file":"ceps-proyecto-arsenico-arica-4-288x150.png","width":288,"height":150,"filesize":66454,"mime_type":"image\/png","source_url":"https:\/\/medicina.udd.cl\/centro-epidemiologia-politicas-salud\/files\/2025\/03\/ceps-proyecto-arsenico-arica-4-288x150.png"},"newsletter_column":{"file":"ceps-proyecto-arsenico-arica-4-182x140.png","width":182,"height":140,"filesize":43068,"mime_type":"image\/png","source_url":"https:\/\/medicina.udd.cl\/centro-epidemiologia-politicas-salud\/files\/2025\/03\/ceps-proyecto-arsenico-arica-4-182x140.png"},"newsletter_square":{"file":"ceps-proyecto-arsenico-arica-4-62x62.png","width":62,"height":62,"filesize":8480,"mime_type":"image\/png","source_url":"https:\/\/medicina.udd.cl\/centro-epidemiologia-politicas-salud\/files\/2025\/03\/ceps-proyecto-arsenico-arica-4-62x62.png"},"newsletter_square_large":{"file":"ceps-proyecto-arsenico-arica-4-87x62.png","width":87,"height":62,"filesize":11327,"mime_type":"image\/png","source_url":"https:\/\/medicina.udd.cl\/centro-epidemiologia-politicas-salud\/files\/2025\/03\/ceps-proyecto-arsenico-arica-4-87x62.png"},"landscape_1366":{"file":"ceps-proyecto-arsenico-arica-4-1280x768.png","width":1280,"height":768,"filesize":923546,"mime_type":"image\/png","source_url":"https:\/\/medicina.udd.cl\/centro-epidemiologia-politicas-salud\/files\/2025\/03\/ceps-proyecto-arsenico-arica-4-1280x768.png"},"landscape_952":{"file":"ceps-proyecto-arsenico-arica-4-952x534.png","width":952,"height":534,"filesize":538998,"mime_type":"image\/png","source_url":"https:\/\/medicina.udd.cl\/centro-epidemiologia-politicas-salud\/files\/2025\/03\/ceps-proyecto-arsenico-arica-4-952x534.png"},"landscape_680":{"file":"ceps-proyecto-arsenico-arica-4-680x382.png","width":680,"height":382,"filesize":307605,"mime_type":"image\/png","source_url":"https:\/\/medicina.udd.cl\/centro-epidemiologia-politicas-salud\/files\/2025\/03\/ceps-proyecto-arsenico-arica-4-680x382.png"},"square_750":{"file":"ceps-proyecto-arsenico-arica-4-750x750.png","width":750,"height":750,"filesize":588953,"mime_type":"image\/png","source_url":"https:\/\/medicina.udd.cl\/centro-epidemiologia-politicas-salud\/files\/2025\/03\/ceps-proyecto-arsenico-arica-4-750x750.png"},"square_500":{"file":"ceps-proyecto-arsenico-arica-4-500x500.png","width":500,"height":500,"filesize":301242,"mime_type":"image\/png","source_url":"https:\/\/medicina.udd.cl\/centro-epidemiologia-politicas-salud\/files\/2025\/03\/ceps-proyecto-arsenico-arica-4-500x500.png"},"square_200":{"file":"ceps-proyecto-arsenico-arica-4-250x250.png","width":250,"height":250,"filesize":92942,"mime_type":"image\/png","source_url":"https:\/\/medicina.udd.cl\/centro-epidemiologia-politicas-salud\/files\/2025\/03\/ceps-proyecto-arsenico-arica-4-250x250.png"},"post-thumbnail":{"file":"ceps-proyecto-arsenico-arica-4-952x534.png","width":952,"height":534,"filesize":538998,"mime_type":"image\/png","source_url":"https:\/\/medicina.udd.cl\/centro-epidemiologia-politicas-salud\/files\/2025\/03\/ceps-proyecto-arsenico-arica-4-952x534.png"},"custom_content":{"file":"ceps-proyecto-arsenico-arica-4-126x126.png","width":126,"height":126,"filesize":28749,"mime_type":"image\/png","source_url":"https:\/\/medicina.udd.cl\/centro-epidemiologia-politicas-salud\/files\/2025\/03\/ceps-proyecto-arsenico-arica-4-126x126.png"},"full":{"file":"ceps-proyecto-arsenico-arica-4.png","width":1280,"height":960,"mime_type":"image\/png","source_url":"https:\/\/medicina.udd.cl\/centro-epidemiologia-politicas-salud\/files\/2025\/03\/ceps-proyecto-arsenico-arica-4.png"}},"image_meta":{"aperture":"0","credit":"","camera":"","caption":"","created_timestamp":"0","copyright":"","focal_length":"0","iso":"0","shutter_speed":"0","title":"","orientation":"0","keywords":[]}},"post":2707,"source_url":"https:\/\/medicina.udd.cl\/centro-epidemiologia-politicas-salud\/files\/2025\/03\/ceps-proyecto-arsenico-arica-4.png","_links":{"self":[{"href":"https:\/\/medicina.udd.cl\/centro-epidemiologia-politicas-salud\/wp-json\/wp\/v2\/media\/2710","targetHints":{"allow":["GET"]}}],"collection":[{"href":"https:\/\/medicina.udd.cl\/centro-epidemiologia-politicas-salud\/wp-json\/wp\/v2\/media"}],"about":[{"href":"https:\/\/medicina.udd.cl\/centro-epidemiologia-politicas-salud\/wp-json\/wp\/v2\/types\/attachment"}],"author":[{"embeddable":true,"href":"https:\/\/medicina.udd.cl\/centro-epidemiologia-politicas-salud\/wp-json\/wp\/v2\/users\/9192219"}],"replies":[{"embeddable":true,"href":"https:\/\/medicina.udd.cl\/centro-epidemiologia-politicas-salud\/wp-json\/wp\/v2\/comments?post=2710"}],"wp:attached-to":[{"embeddable":true,"post_type":"post","id":2707,"href":"https:\/\/medicina.udd.cl\/centro-epidemiologia-politicas-salud\/wp-json\/wp\/v2\/posts\/2707"}],"curies":[{"name":"wp","href":"https:\/\/api.w.org\/{rel}","templated":true}]}}