{"id":2757,"date":"2025-07-09T16:36:56","date_gmt":"2025-07-09T20:36:56","guid":{"rendered":"https:\/\/medicina.udd.cl\/centro-epidemiologia-politicas-salud\/files\/2025\/07\/ceps-curso-introduccion-epidemiologia-matematica-2.jpg"},"modified":"2025-07-09T16:36:56","modified_gmt":"2025-07-09T20:36:56","slug":"ceps-curso-introduccion-epidemiologia-matematica-2","status":"inherit","type":"attachment","link":"https:\/\/medicina.udd.cl\/centro-epidemiologia-politicas-salud\/noticias\/2025\/07\/09\/curso-internacional-refuerza-formacion-en-epidemiologia-matematica-en-la-udd\/ceps-curso-introduccion-epidemiologia-matematica-2\/","title":{"rendered":"CEPS &#8211; Curso Introducci\u00f3n Epidemiolog\u00eda Matem\u00e1tica (2)"},"author":9192219,"featured_media":0,"comment_status":"","ping_status":"closed","template":"","meta":[],"class_list":["post-2757","attachment","type-attachment","status-inherit","hentry"],"yoast_head":"<!-- This site is optimized with the Yoast SEO plugin v26.9 - https:\/\/yoast.com\/product\/yoast-seo-wordpress\/ -->\n<title>CEPS - Curso Introducci\u00f3n Epidemiolog\u00eda Matem\u00e1tica (2) - Centro de Epidemiolog\u00eda y Pol\u00edticas de Salud<\/title>\n<meta name=\"robots\" content=\"index, follow, max-snippet:-1, max-image-preview:large, max-video-preview:-1\" \/>\n<link rel=\"canonical\" href=\"https:\/\/medicina.udd.cl\/centro-epidemiologia-politicas-salud\/files\/2025\/07\/ceps-curso-introduccion-epidemiologia-matematica-2-scaled.jpg\" \/>\n<meta property=\"og:locale\" content=\"es_ES\" \/>\n<meta property=\"og:type\" content=\"article\" \/>\n<meta property=\"og:title\" content=\"CEPS - Curso Introducci\u00f3n Epidemiolog\u00eda Matem\u00e1tica (2) - Centro de Epidemiolog\u00eda y Pol\u00edticas de Salud\" \/>\n<meta property=\"og:url\" content=\"https:\/\/medicina.udd.cl\/centro-epidemiologia-politicas-salud\/files\/2025\/07\/ceps-curso-introduccion-epidemiologia-matematica-2-scaled.jpg\" \/>\n<meta property=\"og:site_name\" content=\"Centro de Epidemiolog\u00eda y Pol\u00edticas de Salud\" \/>\n<meta property=\"og:image\" content=\"https:\/\/medicina.udd.cl\/centro-epidemiologia-politicas-salud\/files\/2025\/07\/ceps-curso-introduccion-epidemiologia-matematica-2.jpg\" \/>\n\t<meta property=\"og:image:width\" content=\"1\" \/>\n\t<meta property=\"og:image:height\" content=\"1\" \/>\n\t<meta property=\"og:image:type\" content=\"image\/jpeg\" \/>\n<script type=\"application\/ld+json\" class=\"yoast-schema-graph\">{\"@context\":\"https:\/\/schema.org\",\"@graph\":[{\"@type\":\"WebPage\",\"@id\":\"https:\/\/medicina.udd.cl\/centro-epidemiologia-politicas-salud\/files\/2025\/07\/ceps-curso-introduccion-epidemiologia-matematica-2-scaled.jpg\",\"url\":\"https:\/\/medicina.udd.cl\/centro-epidemiologia-politicas-salud\/files\/2025\/07\/ceps-curso-introduccion-epidemiologia-matematica-2-scaled.jpg\",\"name\":\"CEPS - Curso Introducci\u00f3n Epidemiolog\u00eda Matem\u00e1tica (2) - Centro de Epidemiolog\u00eda y Pol\u00edticas de Salud\",\"isPartOf\":{\"@id\":\"https:\/\/medicina.udd.cl\/centro-epidemiologia-politicas-salud\/#website\"},\"datePublished\":\"2025-07-09T20:36:56+00:00\",\"breadcrumb\":{\"@id\":\"https:\/\/medicina.udd.cl\/centro-epidemiologia-politicas-salud\/files\/2025\/07\/ceps-curso-introduccion-epidemiologia-matematica-2-scaled.jpg#breadcrumb\"},\"inLanguage\":\"es\",\"potentialAction\":[{\"@type\":\"ReadAction\",\"target\":[\"https:\/\/medicina.udd.cl\/centro-epidemiologia-politicas-salud\/files\/2025\/07\/ceps-curso-introduccion-epidemiologia-matematica-2-scaled.jpg\"]}]},{\"@type\":\"BreadcrumbList\",\"@id\":\"https:\/\/medicina.udd.cl\/centro-epidemiologia-politicas-salud\/files\/2025\/07\/ceps-curso-introduccion-epidemiologia-matematica-2-scaled.jpg#breadcrumb\",\"itemListElement\":[{\"@type\":\"ListItem\",\"position\":1,\"name\":\"Inicio\",\"item\":\"https:\/\/medicina.udd.cl\/centro-epidemiologia-politicas-salud\/\"},{\"@type\":\"ListItem\",\"position\":2,\"name\":\"Curso internacional refuerza formaci\u00f3n en epidemiolog\u00eda matem\u00e1tica en la UDD\",\"item\":\"https:\/\/medicina.udd.cl\/centro-epidemiologia-politicas-salud\/noticias\/2025\/07\/09\/curso-internacional-refuerza-formacion-en-epidemiologia-matematica-en-la-udd\/\"},{\"@type\":\"ListItem\",\"position\":3,\"name\":\"CEPS &#8211; Curso Introducci\u00f3n Epidemiolog\u00eda Matem\u00e1tica (2)\"}]},{\"@type\":\"WebSite\",\"@id\":\"https:\/\/medicina.udd.cl\/centro-epidemiologia-politicas-salud\/#website\",\"url\":\"https:\/\/medicina.udd.cl\/centro-epidemiologia-politicas-salud\/\",\"name\":\"Centro de Epidemiolog\u00eda y Pol\u00edticas de Salud\",\"description\":\"Otro blog m\u00e1s de Medicina\",\"inLanguage\":\"es\"}]}<\/script>\n<!-- \/ Yoast SEO plugin. -->","yoast_head_json":{"title":"CEPS - Curso Introducci\u00f3n Epidemiolog\u00eda Matem\u00e1tica (2) - Centro de Epidemiolog\u00eda y Pol\u00edticas de Salud","robots":{"index":"index","follow":"follow","max-snippet":"max-snippet:-1","max-image-preview":"max-image-preview:large","max-video-preview":"max-video-preview:-1"},"canonical":"https:\/\/medicina.udd.cl\/centro-epidemiologia-politicas-salud\/files\/2025\/07\/ceps-curso-introduccion-epidemiologia-matematica-2-scaled.jpg","og_locale":"es_ES","og_type":"article","og_title":"CEPS - Curso Introducci\u00f3n Epidemiolog\u00eda Matem\u00e1tica (2) - Centro de Epidemiolog\u00eda y Pol\u00edticas de Salud","og_url":"https:\/\/medicina.udd.cl\/centro-epidemiologia-politicas-salud\/files\/2025\/07\/ceps-curso-introduccion-epidemiologia-matematica-2-scaled.jpg","og_site_name":"Centro de Epidemiolog\u00eda y Pol\u00edticas de Salud","og_image":[{"url":"https:\/\/medicina.udd.cl\/centro-epidemiologia-politicas-salud\/files\/2025\/07\/ceps-curso-introduccion-epidemiologia-matematica-2.jpg","width":1,"height":1,"type":"image\/jpeg"}],"schema":{"@context":"https:\/\/schema.org","@graph":[{"@type":"WebPage","@id":"https:\/\/medicina.udd.cl\/centro-epidemiologia-politicas-salud\/files\/2025\/07\/ceps-curso-introduccion-epidemiologia-matematica-2-scaled.jpg","url":"https:\/\/medicina.udd.cl\/centro-epidemiologia-politicas-salud\/files\/2025\/07\/ceps-curso-introduccion-epidemiologia-matematica-2-scaled.jpg","name":"CEPS - Curso Introducci\u00f3n Epidemiolog\u00eda Matem\u00e1tica (2) - Centro de Epidemiolog\u00eda y Pol\u00edticas de Salud","isPartOf":{"@id":"https:\/\/medicina.udd.cl\/centro-epidemiologia-politicas-salud\/#website"},"datePublished":"2025-07-09T20:36:56+00:00","breadcrumb":{"@id":"https:\/\/medicina.udd.cl\/centro-epidemiologia-politicas-salud\/files\/2025\/07\/ceps-curso-introduccion-epidemiologia-matematica-2-scaled.jpg#breadcrumb"},"inLanguage":"es","potentialAction":[{"@type":"ReadAction","target":["https:\/\/medicina.udd.cl\/centro-epidemiologia-politicas-salud\/files\/2025\/07\/ceps-curso-introduccion-epidemiologia-matematica-2-scaled.jpg"]}]},{"@type":"BreadcrumbList","@id":"https:\/\/medicina.udd.cl\/centro-epidemiologia-politicas-salud\/files\/2025\/07\/ceps-curso-introduccion-epidemiologia-matematica-2-scaled.jpg#breadcrumb","itemListElement":[{"@type":"ListItem","position":1,"name":"Inicio","item":"https:\/\/medicina.udd.cl\/centro-epidemiologia-politicas-salud\/"},{"@type":"ListItem","position":2,"name":"Curso internacional refuerza formaci\u00f3n en epidemiolog\u00eda matem\u00e1tica en la UDD","item":"https:\/\/medicina.udd.cl\/centro-epidemiologia-politicas-salud\/noticias\/2025\/07\/09\/curso-internacional-refuerza-formacion-en-epidemiologia-matematica-en-la-udd\/"},{"@type":"ListItem","position":3,"name":"CEPS &#8211; Curso Introducci\u00f3n Epidemiolog\u00eda Matem\u00e1tica (2)"}]},{"@type":"WebSite","@id":"https:\/\/medicina.udd.cl\/centro-epidemiologia-politicas-salud\/#website","url":"https:\/\/medicina.udd.cl\/centro-epidemiologia-politicas-salud\/","name":"Centro de Epidemiolog\u00eda y Pol\u00edticas de Salud","description":"Otro blog m\u00e1s de Medicina","inLanguage":"es"}]}},"description":{"rendered":"<p class=\"attachment\"><a href='https:\/\/medicina.udd.cl\/centro-epidemiologia-politicas-salud\/files\/2025\/07\/ceps-curso-introduccion-epidemiologia-matematica-2-scaled.jpg'><img loading=\"lazy\" decoding=\"async\" width=\"300\" height=\"225\" src=\"https:\/\/medicina.udd.cl\/centro-epidemiologia-politicas-salud\/wp-content\/plugins\/wp-async-img-load\/blank.png\" class=\"attachment-medium size-medium lazyload\" alt=\"\" sizes=\"auto, (max-width: 300px) 100vw, 300px\" data-src=\"https:\/\/medicina.udd.cl\/centro-epidemiologia-politicas-salud\/files\/2025\/07\/ceps-curso-introduccion-epidemiologia-matematica-2-300x225.jpg\" data-srcset=\"https:\/\/medicina.udd.cl\/centro-epidemiologia-politicas-salud\/files\/2025\/07\/ceps-curso-introduccion-epidemiologia-matematica-2-300x225.jpg 300w, https:\/\/medicina.udd.cl\/centro-epidemiologia-politicas-salud\/files\/2025\/07\/ceps-curso-introduccion-epidemiologia-matematica-2-1024x768.jpg 1024w, https:\/\/medicina.udd.cl\/centro-epidemiologia-politicas-salud\/files\/2025\/07\/ceps-curso-introduccion-epidemiologia-matematica-2-768x576.jpg 768w, https:\/\/medicina.udd.cl\/centro-epidemiologia-politicas-salud\/files\/2025\/07\/ceps-curso-introduccion-epidemiologia-matematica-2-1536x1152.jpg 1536w, https:\/\/medicina.udd.cl\/centro-epidemiologia-politicas-salud\/files\/2025\/07\/ceps-curso-introduccion-epidemiologia-matematica-2-2048x1536.jpg 2048w\" \/><\/a><\/p>\n"},"caption":{"rendered":""},"alt_text":"","media_type":"image","mime_type":"image\/jpeg","media_details":{"width":2560,"height":1920,"file":"2025\/07\/ceps-curso-introduccion-epidemiologia-matematica-2-scaled.jpg","filesize":789900,"sizes":{"medium":{"file":"ceps-curso-introduccion-epidemiologia-matematica-2-300x225.jpg","width":300,"height":225,"filesize":72983,"mime_type":"image\/jpeg","source_url":"https:\/\/medicina.udd.cl\/centro-epidemiologia-politicas-salud\/files\/2025\/07\/ceps-curso-introduccion-epidemiologia-matematica-2-300x225.jpg"},"large":{"file":"ceps-curso-introduccion-epidemiologia-matematica-2-1024x768.jpg","width":1024,"height":768,"filesize":192308,"mime_type":"image\/jpeg","source_url":"https:\/\/medicina.udd.cl\/centro-epidemiologia-politicas-salud\/files\/2025\/07\/ceps-curso-introduccion-epidemiologia-matematica-2-1024x768.jpg"},"thumbnail":{"file":"ceps-curso-introduccion-epidemiologia-matematica-2-150x150.jpg","width":150,"height":150,"filesize":62276,"mime_type":"image\/jpeg","source_url":"https:\/\/medicina.udd.cl\/centro-epidemiologia-politicas-salud\/files\/2025\/07\/ceps-curso-introduccion-epidemiologia-matematica-2-150x150.jpg"},"medium_large":{"file":"ceps-curso-introduccion-epidemiologia-matematica-2-768x576.jpg","width":768,"height":576,"filesize":138587,"mime_type":"image\/jpeg","source_url":"https:\/\/medicina.udd.cl\/centro-epidemiologia-politicas-salud\/files\/2025\/07\/ceps-curso-introduccion-epidemiologia-matematica-2-768x576.jpg"},"newsletter_featured":{"file":"ceps-curso-introduccion-epidemiologia-matematica-2-316x224.jpg","width":316,"height":224,"filesize":73433,"mime_type":"image\/jpeg","source_url":"https:\/\/medicina.udd.cl\/centro-epidemiologia-politicas-salud\/files\/2025\/07\/ceps-curso-introduccion-epidemiologia-matematica-2-316x224.jpg"},"newsletter_first":{"file":"ceps-curso-introduccion-epidemiologia-matematica-2-286x205.jpg","width":286,"height":205,"filesize":70929,"mime_type":"image\/jpeg","source_url":"https:\/\/medicina.udd.cl\/centro-epidemiologia-politicas-salud\/files\/2025\/07\/ceps-curso-introduccion-epidemiologia-matematica-2-286x205.jpg"},"newsletter_thumb":{"file":"ceps-curso-introduccion-epidemiologia-matematica-2-288x150.jpg","width":288,"height":150,"filesize":67742,"mime_type":"image\/jpeg","source_url":"https:\/\/medicina.udd.cl\/centro-epidemiologia-politicas-salud\/files\/2025\/07\/ceps-curso-introduccion-epidemiologia-matematica-2-288x150.jpg"},"newsletter_column":{"file":"ceps-curso-introduccion-epidemiologia-matematica-2-182x140.jpg","width":182,"height":140,"filesize":63304,"mime_type":"image\/jpeg","source_url":"https:\/\/medicina.udd.cl\/centro-epidemiologia-politicas-salud\/files\/2025\/07\/ceps-curso-introduccion-epidemiologia-matematica-2-182x140.jpg"},"newsletter_square":{"file":"ceps-curso-introduccion-epidemiologia-matematica-2-62x62.jpg","width":62,"height":62,"filesize":57114,"mime_type":"image\/jpeg","source_url":"https:\/\/medicina.udd.cl\/centro-epidemiologia-politicas-salud\/files\/2025\/07\/ceps-curso-introduccion-epidemiologia-matematica-2-62x62.jpg"},"newsletter_square_large":{"file":"ceps-curso-introduccion-epidemiologia-matematica-2-87x62.jpg","width":87,"height":62,"filesize":57655,"mime_type":"image\/jpeg","source_url":"https:\/\/medicina.udd.cl\/centro-epidemiologia-politicas-salud\/files\/2025\/07\/ceps-curso-introduccion-epidemiologia-matematica-2-87x62.jpg"},"1536x1536":{"file":"ceps-curso-introduccion-epidemiologia-matematica-2-1536x1152.jpg","width":1536,"height":1152,"filesize":337971,"mime_type":"image\/jpeg","source_url":"https:\/\/medicina.udd.cl\/centro-epidemiologia-politicas-salud\/files\/2025\/07\/ceps-curso-introduccion-epidemiologia-matematica-2-1536x1152.jpg"},"2048x2048":{"file":"ceps-curso-introduccion-epidemiologia-matematica-2-2048x1536.jpg","width":2048,"height":1536,"filesize":537757,"mime_type":"image\/jpeg","source_url":"https:\/\/medicina.udd.cl\/centro-epidemiologia-politicas-salud\/files\/2025\/07\/ceps-curso-introduccion-epidemiologia-matematica-2-2048x1536.jpg"},"landscape_1920":{"file":"ceps-curso-introduccion-epidemiologia-matematica-2-1920x1080.jpg","width":1920,"height":1080,"filesize":387832,"mime_type":"image\/jpeg","source_url":"https:\/\/medicina.udd.cl\/centro-epidemiologia-politicas-salud\/files\/2025\/07\/ceps-curso-introduccion-epidemiologia-matematica-2-1920x1080.jpg"},"landscape_1366":{"file":"ceps-curso-introduccion-epidemiologia-matematica-2-1366x768.jpg","width":1366,"height":768,"filesize":235169,"mime_type":"image\/jpeg","source_url":"https:\/\/medicina.udd.cl\/centro-epidemiologia-politicas-salud\/files\/2025\/07\/ceps-curso-introduccion-epidemiologia-matematica-2-1366x768.jpg"},"landscape_952":{"file":"ceps-curso-introduccion-epidemiologia-matematica-2-952x534.jpg","width":952,"height":534,"filesize":151439,"mime_type":"image\/jpeg","source_url":"https:\/\/medicina.udd.cl\/centro-epidemiologia-politicas-salud\/files\/2025\/07\/ceps-curso-introduccion-epidemiologia-matematica-2-952x534.jpg"},"landscape_680":{"file":"ceps-curso-introduccion-epidemiologia-matematica-2-680x382.jpg","width":680,"height":382,"filesize":109733,"mime_type":"image\/jpeg","source_url":"https:\/\/medicina.udd.cl\/centro-epidemiologia-politicas-salud\/files\/2025\/07\/ceps-curso-introduccion-epidemiologia-matematica-2-680x382.jpg"},"square_750":{"file":"ceps-curso-introduccion-epidemiologia-matematica-2-750x750.jpg","width":750,"height":750,"filesize":156010,"mime_type":"image\/jpeg","source_url":"https:\/\/medicina.udd.cl\/centro-epidemiologia-politicas-salud\/files\/2025\/07\/ceps-curso-introduccion-epidemiologia-matematica-2-750x750.jpg"},"square_500":{"file":"ceps-curso-introduccion-epidemiologia-matematica-2-500x500.jpg","width":500,"height":500,"filesize":105870,"mime_type":"image\/jpeg","source_url":"https:\/\/medicina.udd.cl\/centro-epidemiologia-politicas-salud\/files\/2025\/07\/ceps-curso-introduccion-epidemiologia-matematica-2-500x500.jpg"},"square_200":{"file":"ceps-curso-introduccion-epidemiologia-matematica-2-250x250.jpg","width":250,"height":250,"filesize":71407,"mime_type":"image\/jpeg","source_url":"https:\/\/medicina.udd.cl\/centro-epidemiologia-politicas-salud\/files\/2025\/07\/ceps-curso-introduccion-epidemiologia-matematica-2-250x250.jpg"},"post-thumbnail":{"file":"ceps-curso-introduccion-epidemiologia-matematica-2-952x534.jpg","width":952,"height":534,"filesize":151439,"mime_type":"image\/jpeg","source_url":"https:\/\/medicina.udd.cl\/centro-epidemiologia-politicas-salud\/files\/2025\/07\/ceps-curso-introduccion-epidemiologia-matematica-2-952x534.jpg"},"custom_content":{"file":"ceps-curso-introduccion-epidemiologia-matematica-2-126x126.jpg","width":126,"height":126,"filesize":60540,"mime_type":"image\/jpeg","source_url":"https:\/\/medicina.udd.cl\/centro-epidemiologia-politicas-salud\/files\/2025\/07\/ceps-curso-introduccion-epidemiologia-matematica-2-126x126.jpg"},"full":{"file":"ceps-curso-introduccion-epidemiologia-matematica-2-scaled.jpg","width":2560,"height":1920,"mime_type":"image\/jpeg","source_url":"https:\/\/medicina.udd.cl\/centro-epidemiologia-politicas-salud\/files\/2025\/07\/ceps-curso-introduccion-epidemiologia-matematica-2-scaled.jpg"}},"image_meta":{"aperture":"1.8","credit":"","camera":"Galaxy S23+","caption":"","created_timestamp":"1751540569","copyright":"","focal_length":"5.4","iso":"250","shutter_speed":"0.009991324","title":"","orientation":"1","keywords":[]},"original_image":"ceps-curso-introduccion-epidemiologia-matematica-2.jpg"},"post":2755,"source_url":"https:\/\/medicina.udd.cl\/centro-epidemiologia-politicas-salud\/files\/2025\/07\/ceps-curso-introduccion-epidemiologia-matematica-2-scaled.jpg","_links":{"self":[{"href":"https:\/\/medicina.udd.cl\/centro-epidemiologia-politicas-salud\/wp-json\/wp\/v2\/media\/2757","targetHints":{"allow":["GET"]}}],"collection":[{"href":"https:\/\/medicina.udd.cl\/centro-epidemiologia-politicas-salud\/wp-json\/wp\/v2\/media"}],"about":[{"href":"https:\/\/medicina.udd.cl\/centro-epidemiologia-politicas-salud\/wp-json\/wp\/v2\/types\/attachment"}],"author":[{"embeddable":true,"href":"https:\/\/medicina.udd.cl\/centro-epidemiologia-politicas-salud\/wp-json\/wp\/v2\/users\/9192219"}],"replies":[{"embeddable":true,"href":"https:\/\/medicina.udd.cl\/centro-epidemiologia-politicas-salud\/wp-json\/wp\/v2\/comments?post=2757"}],"wp:attached-to":[{"embeddable":true,"post_type":"post","id":2755,"href":"https:\/\/medicina.udd.cl\/centro-epidemiologia-politicas-salud\/wp-json\/wp\/v2\/posts\/2755"}],"curies":[{"name":"wp","href":"https:\/\/api.w.org\/{rel}","templated":true}]}}