{"id":2798,"date":"2025-10-20T10:43:30","date_gmt":"2025-10-20T13:43:30","guid":{"rendered":"https:\/\/medicina.udd.cl\/centro-epidemiologia-politicas-salud\/files\/2025\/10\/ceps-congreso-concepcion-2025-2.png"},"modified":"2025-10-20T10:43:30","modified_gmt":"2025-10-20T13:43:30","slug":"ceps-congreso-concepcion-2025-2","status":"inherit","type":"attachment","link":"https:\/\/medicina.udd.cl\/centro-epidemiologia-politicas-salud\/noticias\/2025\/10\/17\/ceps-udd-presenta-investigaciones-sobre-ambiente-y-salud-en-congreso-nacional-de-fisica-y-quimica-ambiental\/ceps-congreso-concepcion-2025-2\/","title":{"rendered":"CEPS &#8211; Congreso Concepci\u00f3n 2025 (2)"},"author":9192219,"featured_media":0,"comment_status":"","ping_status":"closed","template":"","meta":[],"class_list":["post-2798","attachment","type-attachment","status-inherit","hentry"],"yoast_head":"<!-- This site is optimized with the Yoast SEO plugin v26.9 - https:\/\/yoast.com\/product\/yoast-seo-wordpress\/ -->\n<title>CEPS - Congreso Concepci\u00f3n 2025 (2) - Centro de Epidemiolog\u00eda y Pol\u00edticas de Salud<\/title>\n<meta name=\"robots\" content=\"index, follow, max-snippet:-1, max-image-preview:large, max-video-preview:-1\" \/>\n<link rel=\"canonical\" href=\"https:\/\/medicina.udd.cl\/centro-epidemiologia-politicas-salud\/files\/2025\/10\/ceps-congreso-concepcion-2025-2.png\" \/>\n<meta property=\"og:locale\" content=\"es_ES\" \/>\n<meta property=\"og:type\" content=\"article\" \/>\n<meta property=\"og:title\" content=\"CEPS - Congreso Concepci\u00f3n 2025 (2) - Centro de Epidemiolog\u00eda y Pol\u00edticas de Salud\" \/>\n<meta property=\"og:url\" content=\"https:\/\/medicina.udd.cl\/centro-epidemiologia-politicas-salud\/files\/2025\/10\/ceps-congreso-concepcion-2025-2.png\" \/>\n<meta property=\"og:site_name\" content=\"Centro de Epidemiolog\u00eda y Pol\u00edticas de Salud\" \/>\n<meta property=\"og:image\" content=\"https:\/\/medicina.udd.cl\/centro-epidemiologia-politicas-salud\/files\/2025\/10\/ceps-congreso-concepcion-2025-2.png\" \/>\n\t<meta property=\"og:image:width\" content=\"1\" \/>\n\t<meta property=\"og:image:height\" content=\"1\" \/>\n\t<meta property=\"og:image:type\" content=\"image\/png\" \/>\n<script type=\"application\/ld+json\" class=\"yoast-schema-graph\">{\"@context\":\"https:\/\/schema.org\",\"@graph\":[{\"@type\":\"WebPage\",\"@id\":\"https:\/\/medicina.udd.cl\/centro-epidemiologia-politicas-salud\/files\/2025\/10\/ceps-congreso-concepcion-2025-2.png\",\"url\":\"https:\/\/medicina.udd.cl\/centro-epidemiologia-politicas-salud\/files\/2025\/10\/ceps-congreso-concepcion-2025-2.png\",\"name\":\"CEPS - Congreso Concepci\u00f3n 2025 (2) - Centro de Epidemiolog\u00eda y Pol\u00edticas de Salud\",\"isPartOf\":{\"@id\":\"https:\/\/medicina.udd.cl\/centro-epidemiologia-politicas-salud\/#website\"},\"datePublished\":\"2025-10-20T13:43:30+00:00\",\"breadcrumb\":{\"@id\":\"https:\/\/medicina.udd.cl\/centro-epidemiologia-politicas-salud\/files\/2025\/10\/ceps-congreso-concepcion-2025-2.png#breadcrumb\"},\"inLanguage\":\"es\",\"potentialAction\":[{\"@type\":\"ReadAction\",\"target\":[\"https:\/\/medicina.udd.cl\/centro-epidemiologia-politicas-salud\/files\/2025\/10\/ceps-congreso-concepcion-2025-2.png\"]}]},{\"@type\":\"BreadcrumbList\",\"@id\":\"https:\/\/medicina.udd.cl\/centro-epidemiologia-politicas-salud\/files\/2025\/10\/ceps-congreso-concepcion-2025-2.png#breadcrumb\",\"itemListElement\":[{\"@type\":\"ListItem\",\"position\":1,\"name\":\"Inicio\",\"item\":\"https:\/\/medicina.udd.cl\/centro-epidemiologia-politicas-salud\/\"},{\"@type\":\"ListItem\",\"position\":2,\"name\":\"CEPS UDD presenta investigaciones sobre ambiente y salud en Congreso Nacional de F\u00edsica y Qu\u00edmica Ambiental\",\"item\":\"https:\/\/medicina.udd.cl\/centro-epidemiologia-politicas-salud\/noticias\/2025\/10\/17\/ceps-udd-presenta-investigaciones-sobre-ambiente-y-salud-en-congreso-nacional-de-fisica-y-quimica-ambiental\/\"},{\"@type\":\"ListItem\",\"position\":3,\"name\":\"CEPS &#8211; Congreso Concepci\u00f3n 2025 (2)\"}]},{\"@type\":\"WebSite\",\"@id\":\"https:\/\/medicina.udd.cl\/centro-epidemiologia-politicas-salud\/#website\",\"url\":\"https:\/\/medicina.udd.cl\/centro-epidemiologia-politicas-salud\/\",\"name\":\"Centro de Epidemiolog\u00eda y Pol\u00edticas de Salud\",\"description\":\"Otro blog m\u00e1s de Medicina\",\"inLanguage\":\"es\"}]}<\/script>\n<!-- \/ Yoast SEO plugin. -->","yoast_head_json":{"title":"CEPS - Congreso Concepci\u00f3n 2025 (2) - Centro de Epidemiolog\u00eda y Pol\u00edticas de Salud","robots":{"index":"index","follow":"follow","max-snippet":"max-snippet:-1","max-image-preview":"max-image-preview:large","max-video-preview":"max-video-preview:-1"},"canonical":"https:\/\/medicina.udd.cl\/centro-epidemiologia-politicas-salud\/files\/2025\/10\/ceps-congreso-concepcion-2025-2.png","og_locale":"es_ES","og_type":"article","og_title":"CEPS - Congreso Concepci\u00f3n 2025 (2) - Centro de Epidemiolog\u00eda y Pol\u00edticas de Salud","og_url":"https:\/\/medicina.udd.cl\/centro-epidemiologia-politicas-salud\/files\/2025\/10\/ceps-congreso-concepcion-2025-2.png","og_site_name":"Centro de Epidemiolog\u00eda y Pol\u00edticas de Salud","og_image":[{"url":"https:\/\/medicina.udd.cl\/centro-epidemiologia-politicas-salud\/files\/2025\/10\/ceps-congreso-concepcion-2025-2.png","width":1,"height":1,"type":"image\/png"}],"schema":{"@context":"https:\/\/schema.org","@graph":[{"@type":"WebPage","@id":"https:\/\/medicina.udd.cl\/centro-epidemiologia-politicas-salud\/files\/2025\/10\/ceps-congreso-concepcion-2025-2.png","url":"https:\/\/medicina.udd.cl\/centro-epidemiologia-politicas-salud\/files\/2025\/10\/ceps-congreso-concepcion-2025-2.png","name":"CEPS - Congreso Concepci\u00f3n 2025 (2) - Centro de Epidemiolog\u00eda y Pol\u00edticas de Salud","isPartOf":{"@id":"https:\/\/medicina.udd.cl\/centro-epidemiologia-politicas-salud\/#website"},"datePublished":"2025-10-20T13:43:30+00:00","breadcrumb":{"@id":"https:\/\/medicina.udd.cl\/centro-epidemiologia-politicas-salud\/files\/2025\/10\/ceps-congreso-concepcion-2025-2.png#breadcrumb"},"inLanguage":"es","potentialAction":[{"@type":"ReadAction","target":["https:\/\/medicina.udd.cl\/centro-epidemiologia-politicas-salud\/files\/2025\/10\/ceps-congreso-concepcion-2025-2.png"]}]},{"@type":"BreadcrumbList","@id":"https:\/\/medicina.udd.cl\/centro-epidemiologia-politicas-salud\/files\/2025\/10\/ceps-congreso-concepcion-2025-2.png#breadcrumb","itemListElement":[{"@type":"ListItem","position":1,"name":"Inicio","item":"https:\/\/medicina.udd.cl\/centro-epidemiologia-politicas-salud\/"},{"@type":"ListItem","position":2,"name":"CEPS UDD presenta investigaciones sobre ambiente y salud en Congreso Nacional de F\u00edsica y Qu\u00edmica Ambiental","item":"https:\/\/medicina.udd.cl\/centro-epidemiologia-politicas-salud\/noticias\/2025\/10\/17\/ceps-udd-presenta-investigaciones-sobre-ambiente-y-salud-en-congreso-nacional-de-fisica-y-quimica-ambiental\/"},{"@type":"ListItem","position":3,"name":"CEPS &#8211; Congreso Concepci\u00f3n 2025 (2)"}]},{"@type":"WebSite","@id":"https:\/\/medicina.udd.cl\/centro-epidemiologia-politicas-salud\/#website","url":"https:\/\/medicina.udd.cl\/centro-epidemiologia-politicas-salud\/","name":"Centro de Epidemiolog\u00eda y Pol\u00edticas de Salud","description":"Otro blog m\u00e1s de Medicina","inLanguage":"es"}]}},"description":{"rendered":"<p class=\"attachment\"><a href='https:\/\/medicina.udd.cl\/centro-epidemiologia-politicas-salud\/files\/2025\/10\/ceps-congreso-concepcion-2025-2.png'><img loading=\"lazy\" decoding=\"async\" width=\"225\" height=\"300\" src=\"https:\/\/medicina.udd.cl\/centro-epidemiologia-politicas-salud\/wp-content\/plugins\/wp-async-img-load\/blank.png\" class=\"attachment-medium size-medium lazyload\" alt=\"\" sizes=\"auto, (max-width: 225px) 100vw, 225px\" data-src=\"https:\/\/medicina.udd.cl\/centro-epidemiologia-politicas-salud\/files\/2025\/10\/ceps-congreso-concepcion-2025-2-225x300.png\" data-srcset=\"https:\/\/medicina.udd.cl\/centro-epidemiologia-politicas-salud\/files\/2025\/10\/ceps-congreso-concepcion-2025-2-225x300.png 225w, https:\/\/medicina.udd.cl\/centro-epidemiologia-politicas-salud\/files\/2025\/10\/ceps-congreso-concepcion-2025-2-768x1024.png 768w, https:\/\/medicina.udd.cl\/centro-epidemiologia-politicas-salud\/files\/2025\/10\/ceps-congreso-concepcion-2025-2.png 960w\" \/><\/a><\/p>\n"},"caption":{"rendered":""},"alt_text":"","media_type":"image","mime_type":"image\/png","media_details":{"width":960,"height":1280,"file":"2025\/10\/ceps-congreso-concepcion-2025-2.png","filesize":1655418,"sizes":{"medium":{"file":"ceps-congreso-concepcion-2025-2-225x300.png","width":225,"height":300,"filesize":41736,"mime_type":"image\/png","source_url":"https:\/\/medicina.udd.cl\/centro-epidemiologia-politicas-salud\/files\/2025\/10\/ceps-congreso-concepcion-2025-2-225x300.png"},"large":{"file":"ceps-congreso-concepcion-2025-2-768x1024.png","width":768,"height":1024,"filesize":357958,"mime_type":"image\/png","source_url":"https:\/\/medicina.udd.cl\/centro-epidemiologia-politicas-salud\/files\/2025\/10\/ceps-congreso-concepcion-2025-2-768x1024.png"},"thumbnail":{"file":"ceps-congreso-concepcion-2025-2-150x150.png","width":150,"height":150,"filesize":16651,"mime_type":"image\/png","source_url":"https:\/\/medicina.udd.cl\/centro-epidemiologia-politicas-salud\/files\/2025\/10\/ceps-congreso-concepcion-2025-2-150x150.png"},"medium_large":{"file":"ceps-congreso-concepcion-2025-2-768x1024.png","width":768,"height":1024,"filesize":357958,"mime_type":"image\/png","source_url":"https:\/\/medicina.udd.cl\/centro-epidemiologia-politicas-salud\/files\/2025\/10\/ceps-congreso-concepcion-2025-2-768x1024.png"},"newsletter_featured":{"file":"ceps-congreso-concepcion-2025-2-316x224.png","width":316,"height":224,"filesize":41935,"mime_type":"image\/png","source_url":"https:\/\/medicina.udd.cl\/centro-epidemiologia-politicas-salud\/files\/2025\/10\/ceps-congreso-concepcion-2025-2-316x224.png"},"newsletter_first":{"file":"ceps-congreso-concepcion-2025-2-286x205.png","width":286,"height":205,"filesize":36117,"mime_type":"image\/png","source_url":"https:\/\/medicina.udd.cl\/centro-epidemiologia-politicas-salud\/files\/2025\/10\/ceps-congreso-concepcion-2025-2-286x205.png"},"newsletter_thumb":{"file":"ceps-congreso-concepcion-2025-2-288x150.png","width":288,"height":150,"filesize":29345,"mime_type":"image\/png","source_url":"https:\/\/medicina.udd.cl\/centro-epidemiologia-politicas-salud\/files\/2025\/10\/ceps-congreso-concepcion-2025-2-288x150.png"},"newsletter_column":{"file":"ceps-congreso-concepcion-2025-2-182x140.png","width":182,"height":140,"filesize":17932,"mime_type":"image\/png","source_url":"https:\/\/medicina.udd.cl\/centro-epidemiologia-politicas-salud\/files\/2025\/10\/ceps-congreso-concepcion-2025-2-182x140.png"},"newsletter_square":{"file":"ceps-congreso-concepcion-2025-2-62x62.png","width":62,"height":62,"filesize":4364,"mime_type":"image\/png","source_url":"https:\/\/medicina.udd.cl\/centro-epidemiologia-politicas-salud\/files\/2025\/10\/ceps-congreso-concepcion-2025-2-62x62.png"},"newsletter_square_large":{"file":"ceps-congreso-concepcion-2025-2-87x62.png","width":87,"height":62,"filesize":5492,"mime_type":"image\/png","source_url":"https:\/\/medicina.udd.cl\/centro-epidemiologia-politicas-salud\/files\/2025\/10\/ceps-congreso-concepcion-2025-2-87x62.png"},"landscape_1920":{"file":"ceps-congreso-concepcion-2025-2-960x1080.png","width":960,"height":1080,"filesize":468759,"mime_type":"image\/png","source_url":"https:\/\/medicina.udd.cl\/centro-epidemiologia-politicas-salud\/files\/2025\/10\/ceps-congreso-concepcion-2025-2-960x1080.png"},"landscape_1366":{"file":"ceps-congreso-concepcion-2025-2-960x768.png","width":960,"height":768,"filesize":325061,"mime_type":"image\/png","source_url":"https:\/\/medicina.udd.cl\/centro-epidemiologia-politicas-salud\/files\/2025\/10\/ceps-congreso-concepcion-2025-2-960x768.png"},"landscape_952":{"file":"ceps-congreso-concepcion-2025-2-952x534.png","width":952,"height":534,"filesize":226380,"mime_type":"image\/png","source_url":"https:\/\/medicina.udd.cl\/centro-epidemiologia-politicas-salud\/files\/2025\/10\/ceps-congreso-concepcion-2025-2-952x534.png"},"landscape_680":{"file":"ceps-congreso-concepcion-2025-2-680x382.png","width":680,"height":382,"filesize":126209,"mime_type":"image\/png","source_url":"https:\/\/medicina.udd.cl\/centro-epidemiologia-politicas-salud\/files\/2025\/10\/ceps-congreso-concepcion-2025-2-680x382.png"},"square_750":{"file":"ceps-congreso-concepcion-2025-2-750x750.png","width":750,"height":750,"filesize":242734,"mime_type":"image\/png","source_url":"https:\/\/medicina.udd.cl\/centro-epidemiologia-politicas-salud\/files\/2025\/10\/ceps-congreso-concepcion-2025-2-750x750.png"},"square_500":{"file":"ceps-congreso-concepcion-2025-2-500x500.png","width":500,"height":500,"filesize":117716,"mime_type":"image\/png","source_url":"https:\/\/medicina.udd.cl\/centro-epidemiologia-politicas-salud\/files\/2025\/10\/ceps-congreso-concepcion-2025-2-500x500.png"},"square_200":{"file":"ceps-congreso-concepcion-2025-2-250x250.png","width":250,"height":250,"filesize":38063,"mime_type":"image\/png","source_url":"https:\/\/medicina.udd.cl\/centro-epidemiologia-politicas-salud\/files\/2025\/10\/ceps-congreso-concepcion-2025-2-250x250.png"},"post-thumbnail":{"file":"ceps-congreso-concepcion-2025-2-952x534.png","width":952,"height":534,"filesize":226380,"mime_type":"image\/png","source_url":"https:\/\/medicina.udd.cl\/centro-epidemiologia-politicas-salud\/files\/2025\/10\/ceps-congreso-concepcion-2025-2-952x534.png"},"custom_content":{"file":"ceps-congreso-concepcion-2025-2-126x126.png","width":126,"height":126,"filesize":12531,"mime_type":"image\/png","source_url":"https:\/\/medicina.udd.cl\/centro-epidemiologia-politicas-salud\/files\/2025\/10\/ceps-congreso-concepcion-2025-2-126x126.png"},"full":{"file":"ceps-congreso-concepcion-2025-2.png","width":960,"height":1280,"mime_type":"image\/png","source_url":"https:\/\/medicina.udd.cl\/centro-epidemiologia-politicas-salud\/files\/2025\/10\/ceps-congreso-concepcion-2025-2.png"}},"image_meta":{"aperture":"0","credit":"","camera":"","caption":"","created_timestamp":"0","copyright":"","focal_length":"0","iso":"0","shutter_speed":"0","title":"","orientation":"0","keywords":[]}},"post":2796,"source_url":"https:\/\/medicina.udd.cl\/centro-epidemiologia-politicas-salud\/files\/2025\/10\/ceps-congreso-concepcion-2025-2.png","_links":{"self":[{"href":"https:\/\/medicina.udd.cl\/centro-epidemiologia-politicas-salud\/wp-json\/wp\/v2\/media\/2798","targetHints":{"allow":["GET"]}}],"collection":[{"href":"https:\/\/medicina.udd.cl\/centro-epidemiologia-politicas-salud\/wp-json\/wp\/v2\/media"}],"about":[{"href":"https:\/\/medicina.udd.cl\/centro-epidemiologia-politicas-salud\/wp-json\/wp\/v2\/types\/attachment"}],"author":[{"embeddable":true,"href":"https:\/\/medicina.udd.cl\/centro-epidemiologia-politicas-salud\/wp-json\/wp\/v2\/users\/9192219"}],"replies":[{"embeddable":true,"href":"https:\/\/medicina.udd.cl\/centro-epidemiologia-politicas-salud\/wp-json\/wp\/v2\/comments?post=2798"}],"wp:attached-to":[{"embeddable":true,"post_type":"post","id":2796,"href":"https:\/\/medicina.udd.cl\/centro-epidemiologia-politicas-salud\/wp-json\/wp\/v2\/posts\/2796"}],"curies":[{"name":"wp","href":"https:\/\/api.w.org\/{rel}","templated":true}]}}