{"id":2837,"date":"2026-01-20T14:25:27","date_gmt":"2026-01-20T17:25:27","guid":{"rendered":"https:\/\/medicina.udd.cl\/centro-epidemiologia-politicas-salud\/files\/2026\/01\/resultados-casen_iris-delgado.jpeg"},"modified":"2026-01-20T14:25:27","modified_gmt":"2026-01-20T17:25:27","slug":"resultados-casen_iris-delgado","status":"inherit","type":"attachment","link":"https:\/\/medicina.udd.cl\/centro-epidemiologia-politicas-salud\/noticias\/2026\/01\/09\/investigadora-iris-delgado-participa-en-el-panel-de-expertos-de-la-casen-2024\/resultados-casen_iris-delgado\/","title":{"rendered":"Resultados CASEN_Iris Delgado"},"author":9192254,"featured_media":0,"comment_status":"","ping_status":"closed","template":"","meta":[],"class_list":["post-2837","attachment","type-attachment","status-inherit","hentry"],"yoast_head":"<!-- This site is optimized with the Yoast SEO plugin v26.9 - https:\/\/yoast.com\/product\/yoast-seo-wordpress\/ -->\n<title>Resultados CASEN_Iris Delgado - Centro de Epidemiolog\u00eda y Pol\u00edticas de Salud<\/title>\n<meta name=\"robots\" content=\"index, follow, max-snippet:-1, max-image-preview:large, max-video-preview:-1\" \/>\n<link rel=\"canonical\" href=\"https:\/\/medicina.udd.cl\/centro-epidemiologia-politicas-salud\/files\/2026\/01\/resultados-casen_iris-delgado.jpeg\" \/>\n<meta property=\"og:locale\" content=\"es_ES\" \/>\n<meta property=\"og:type\" content=\"article\" \/>\n<meta property=\"og:title\" content=\"Resultados CASEN_Iris Delgado - Centro de Epidemiolog\u00eda y Pol\u00edticas de Salud\" \/>\n<meta property=\"og:url\" content=\"https:\/\/medicina.udd.cl\/centro-epidemiologia-politicas-salud\/files\/2026\/01\/resultados-casen_iris-delgado.jpeg\" \/>\n<meta property=\"og:site_name\" content=\"Centro de Epidemiolog\u00eda y Pol\u00edticas de Salud\" \/>\n<meta property=\"og:image\" content=\"https:\/\/medicina.udd.cl\/centro-epidemiologia-politicas-salud\/files\/2026\/01\/resultados-casen_iris-delgado.jpeg\" \/>\n\t<meta property=\"og:image:width\" content=\"1\" \/>\n\t<meta property=\"og:image:height\" content=\"1\" \/>\n\t<meta property=\"og:image:type\" content=\"image\/jpeg\" \/>\n<script type=\"application\/ld+json\" class=\"yoast-schema-graph\">{\"@context\":\"https:\/\/schema.org\",\"@graph\":[{\"@type\":\"WebPage\",\"@id\":\"https:\/\/medicina.udd.cl\/centro-epidemiologia-politicas-salud\/files\/2026\/01\/resultados-casen_iris-delgado.jpeg\",\"url\":\"https:\/\/medicina.udd.cl\/centro-epidemiologia-politicas-salud\/files\/2026\/01\/resultados-casen_iris-delgado.jpeg\",\"name\":\"Resultados CASEN_Iris Delgado - Centro de Epidemiolog\u00eda y Pol\u00edticas de Salud\",\"isPartOf\":{\"@id\":\"https:\/\/medicina.udd.cl\/centro-epidemiologia-politicas-salud\/#website\"},\"datePublished\":\"2026-01-20T17:25:27+00:00\",\"breadcrumb\":{\"@id\":\"https:\/\/medicina.udd.cl\/centro-epidemiologia-politicas-salud\/files\/2026\/01\/resultados-casen_iris-delgado.jpeg#breadcrumb\"},\"inLanguage\":\"es\",\"potentialAction\":[{\"@type\":\"ReadAction\",\"target\":[\"https:\/\/medicina.udd.cl\/centro-epidemiologia-politicas-salud\/files\/2026\/01\/resultados-casen_iris-delgado.jpeg\"]}]},{\"@type\":\"BreadcrumbList\",\"@id\":\"https:\/\/medicina.udd.cl\/centro-epidemiologia-politicas-salud\/files\/2026\/01\/resultados-casen_iris-delgado.jpeg#breadcrumb\",\"itemListElement\":[{\"@type\":\"ListItem\",\"position\":1,\"name\":\"Inicio\",\"item\":\"https:\/\/medicina.udd.cl\/centro-epidemiologia-politicas-salud\/\"},{\"@type\":\"ListItem\",\"position\":2,\"name\":\"Investigadora Iris Delgado participa en el panel de expertos de la CASEN 2024\u00a0\",\"item\":\"https:\/\/medicina.udd.cl\/centro-epidemiologia-politicas-salud\/noticias\/2026\/01\/09\/investigadora-iris-delgado-participa-en-el-panel-de-expertos-de-la-casen-2024\/\"},{\"@type\":\"ListItem\",\"position\":3,\"name\":\"Resultados CASEN_Iris Delgado\"}]},{\"@type\":\"WebSite\",\"@id\":\"https:\/\/medicina.udd.cl\/centro-epidemiologia-politicas-salud\/#website\",\"url\":\"https:\/\/medicina.udd.cl\/centro-epidemiologia-politicas-salud\/\",\"name\":\"Centro de Epidemiolog\u00eda y Pol\u00edticas de Salud\",\"description\":\"Otro blog m\u00e1s de Medicina\",\"inLanguage\":\"es\"}]}<\/script>\n<!-- \/ Yoast SEO plugin. -->","yoast_head_json":{"title":"Resultados CASEN_Iris Delgado - Centro de Epidemiolog\u00eda y Pol\u00edticas de Salud","robots":{"index":"index","follow":"follow","max-snippet":"max-snippet:-1","max-image-preview":"max-image-preview:large","max-video-preview":"max-video-preview:-1"},"canonical":"https:\/\/medicina.udd.cl\/centro-epidemiologia-politicas-salud\/files\/2026\/01\/resultados-casen_iris-delgado.jpeg","og_locale":"es_ES","og_type":"article","og_title":"Resultados CASEN_Iris Delgado - Centro de Epidemiolog\u00eda y Pol\u00edticas de Salud","og_url":"https:\/\/medicina.udd.cl\/centro-epidemiologia-politicas-salud\/files\/2026\/01\/resultados-casen_iris-delgado.jpeg","og_site_name":"Centro de Epidemiolog\u00eda y Pol\u00edticas de Salud","og_image":[{"url":"https:\/\/medicina.udd.cl\/centro-epidemiologia-politicas-salud\/files\/2026\/01\/resultados-casen_iris-delgado.jpeg","width":1,"height":1,"type":"image\/jpeg"}],"schema":{"@context":"https:\/\/schema.org","@graph":[{"@type":"WebPage","@id":"https:\/\/medicina.udd.cl\/centro-epidemiologia-politicas-salud\/files\/2026\/01\/resultados-casen_iris-delgado.jpeg","url":"https:\/\/medicina.udd.cl\/centro-epidemiologia-politicas-salud\/files\/2026\/01\/resultados-casen_iris-delgado.jpeg","name":"Resultados CASEN_Iris Delgado - Centro de Epidemiolog\u00eda y Pol\u00edticas de Salud","isPartOf":{"@id":"https:\/\/medicina.udd.cl\/centro-epidemiologia-politicas-salud\/#website"},"datePublished":"2026-01-20T17:25:27+00:00","breadcrumb":{"@id":"https:\/\/medicina.udd.cl\/centro-epidemiologia-politicas-salud\/files\/2026\/01\/resultados-casen_iris-delgado.jpeg#breadcrumb"},"inLanguage":"es","potentialAction":[{"@type":"ReadAction","target":["https:\/\/medicina.udd.cl\/centro-epidemiologia-politicas-salud\/files\/2026\/01\/resultados-casen_iris-delgado.jpeg"]}]},{"@type":"BreadcrumbList","@id":"https:\/\/medicina.udd.cl\/centro-epidemiologia-politicas-salud\/files\/2026\/01\/resultados-casen_iris-delgado.jpeg#breadcrumb","itemListElement":[{"@type":"ListItem","position":1,"name":"Inicio","item":"https:\/\/medicina.udd.cl\/centro-epidemiologia-politicas-salud\/"},{"@type":"ListItem","position":2,"name":"Investigadora Iris Delgado participa en el panel de expertos de la CASEN 2024\u00a0","item":"https:\/\/medicina.udd.cl\/centro-epidemiologia-politicas-salud\/noticias\/2026\/01\/09\/investigadora-iris-delgado-participa-en-el-panel-de-expertos-de-la-casen-2024\/"},{"@type":"ListItem","position":3,"name":"Resultados CASEN_Iris Delgado"}]},{"@type":"WebSite","@id":"https:\/\/medicina.udd.cl\/centro-epidemiologia-politicas-salud\/#website","url":"https:\/\/medicina.udd.cl\/centro-epidemiologia-politicas-salud\/","name":"Centro de Epidemiolog\u00eda y Pol\u00edticas de Salud","description":"Otro blog m\u00e1s de Medicina","inLanguage":"es"}]}},"description":{"rendered":"<p class=\"attachment\"><a href='https:\/\/medicina.udd.cl\/centro-epidemiologia-politicas-salud\/files\/2026\/01\/resultados-casen_iris-delgado.jpeg'><img loading=\"lazy\" decoding=\"async\" width=\"300\" height=\"200\" src=\"https:\/\/medicina.udd.cl\/centro-epidemiologia-politicas-salud\/wp-content\/plugins\/wp-async-img-load\/blank.png\" class=\"attachment-medium size-medium lazyload\" alt=\"\" sizes=\"auto, (max-width: 300px) 100vw, 300px\" data-src=\"https:\/\/medicina.udd.cl\/centro-epidemiologia-politicas-salud\/files\/2026\/01\/resultados-casen_iris-delgado-300x200.jpeg\" data-srcset=\"https:\/\/medicina.udd.cl\/centro-epidemiologia-politicas-salud\/files\/2026\/01\/resultados-casen_iris-delgado-300x200.jpeg 300w, https:\/\/medicina.udd.cl\/centro-epidemiologia-politicas-salud\/files\/2026\/01\/resultados-casen_iris-delgado-1024x684.jpeg 1024w, https:\/\/medicina.udd.cl\/centro-epidemiologia-politicas-salud\/files\/2026\/01\/resultados-casen_iris-delgado-768x513.jpeg 768w, https:\/\/medicina.udd.cl\/centro-epidemiologia-politicas-salud\/files\/2026\/01\/resultados-casen_iris-delgado.jpeg 1280w\" \/><\/a><\/p>\n"},"caption":{"rendered":""},"alt_text":"","media_type":"image","mime_type":"image\/jpeg","media_details":{"width":1280,"height":855,"file":"2026\/01\/resultados-casen_iris-delgado.jpeg","filesize":111232,"sizes":{"medium":{"file":"resultados-casen_iris-delgado-300x200.jpeg","width":300,"height":200,"filesize":13412,"mime_type":"image\/jpeg","source_url":"https:\/\/medicina.udd.cl\/centro-epidemiologia-politicas-salud\/files\/2026\/01\/resultados-casen_iris-delgado-300x200.jpeg"},"large":{"file":"resultados-casen_iris-delgado-1024x684.jpeg","width":1024,"height":684,"filesize":102780,"mime_type":"image\/jpeg","source_url":"https:\/\/medicina.udd.cl\/centro-epidemiologia-politicas-salud\/files\/2026\/01\/resultados-casen_iris-delgado-1024x684.jpeg"},"thumbnail":{"file":"resultados-casen_iris-delgado-150x150.jpeg","width":150,"height":150,"filesize":6497,"mime_type":"image\/jpeg","source_url":"https:\/\/medicina.udd.cl\/centro-epidemiologia-politicas-salud\/files\/2026\/01\/resultados-casen_iris-delgado-150x150.jpeg"},"medium_large":{"file":"resultados-casen_iris-delgado-768x513.jpeg","width":768,"height":513,"filesize":65039,"mime_type":"image\/jpeg","source_url":"https:\/\/medicina.udd.cl\/centro-epidemiologia-politicas-salud\/files\/2026\/01\/resultados-casen_iris-delgado-768x513.jpeg"},"newsletter_featured":{"file":"resultados-casen_iris-delgado-316x224.jpeg","width":316,"height":224,"filesize":15711,"mime_type":"image\/jpeg","source_url":"https:\/\/medicina.udd.cl\/centro-epidemiologia-politicas-salud\/files\/2026\/01\/resultados-casen_iris-delgado-316x224.jpeg"},"newsletter_first":{"file":"resultados-casen_iris-delgado-286x205.jpeg","width":286,"height":205,"filesize":13572,"mime_type":"image\/jpeg","source_url":"https:\/\/medicina.udd.cl\/centro-epidemiologia-politicas-salud\/files\/2026\/01\/resultados-casen_iris-delgado-286x205.jpeg"},"newsletter_thumb":{"file":"resultados-casen_iris-delgado-288x150.jpeg","width":288,"height":150,"filesize":10420,"mime_type":"image\/jpeg","source_url":"https:\/\/medicina.udd.cl\/centro-epidemiologia-politicas-salud\/files\/2026\/01\/resultados-casen_iris-delgado-288x150.jpeg"},"newsletter_column":{"file":"resultados-casen_iris-delgado-182x140.jpeg","width":182,"height":140,"filesize":7015,"mime_type":"image\/jpeg","source_url":"https:\/\/medicina.udd.cl\/centro-epidemiologia-politicas-salud\/files\/2026\/01\/resultados-casen_iris-delgado-182x140.jpeg"},"newsletter_square":{"file":"resultados-casen_iris-delgado-62x62.jpeg","width":62,"height":62,"filesize":1668,"mime_type":"image\/jpeg","source_url":"https:\/\/medicina.udd.cl\/centro-epidemiologia-politicas-salud\/files\/2026\/01\/resultados-casen_iris-delgado-62x62.jpeg"},"newsletter_square_large":{"file":"resultados-casen_iris-delgado-87x62.jpeg","width":87,"height":62,"filesize":2064,"mime_type":"image\/jpeg","source_url":"https:\/\/medicina.udd.cl\/centro-epidemiologia-politicas-salud\/files\/2026\/01\/resultados-casen_iris-delgado-87x62.jpeg"},"landscape_1366":{"file":"resultados-casen_iris-delgado-1280x768.jpeg","width":1280,"height":768,"filesize":140636,"mime_type":"image\/jpeg","source_url":"https:\/\/medicina.udd.cl\/centro-epidemiologia-politicas-salud\/files\/2026\/01\/resultados-casen_iris-delgado-1280x768.jpeg"},"landscape_952":{"file":"resultados-casen_iris-delgado-952x534.jpeg","width":952,"height":534,"filesize":78789,"mime_type":"image\/jpeg","source_url":"https:\/\/medicina.udd.cl\/centro-epidemiologia-politicas-salud\/files\/2026\/01\/resultados-casen_iris-delgado-952x534.jpeg"},"landscape_680":{"file":"resultados-casen_iris-delgado-680x382.jpeg","width":680,"height":382,"filesize":45808,"mime_type":"image\/jpeg","source_url":"https:\/\/medicina.udd.cl\/centro-epidemiologia-politicas-salud\/files\/2026\/01\/resultados-casen_iris-delgado-680x382.jpeg"},"square_750":{"file":"resultados-casen_iris-delgado-750x750.jpeg","width":750,"height":750,"filesize":90615,"mime_type":"image\/jpeg","source_url":"https:\/\/medicina.udd.cl\/centro-epidemiologia-politicas-salud\/files\/2026\/01\/resultados-casen_iris-delgado-750x750.jpeg"},"square_500":{"file":"resultados-casen_iris-delgado-500x500.jpeg","width":500,"height":500,"filesize":47648,"mime_type":"image\/jpeg","source_url":"https:\/\/medicina.udd.cl\/centro-epidemiologia-politicas-salud\/files\/2026\/01\/resultados-casen_iris-delgado-500x500.jpeg"},"square_200":{"file":"resultados-casen_iris-delgado-250x250.jpeg","width":250,"height":250,"filesize":14952,"mime_type":"image\/jpeg","source_url":"https:\/\/medicina.udd.cl\/centro-epidemiologia-politicas-salud\/files\/2026\/01\/resultados-casen_iris-delgado-250x250.jpeg"},"post-thumbnail":{"file":"resultados-casen_iris-delgado-952x534.jpeg","width":952,"height":534,"filesize":78789,"mime_type":"image\/jpeg","source_url":"https:\/\/medicina.udd.cl\/centro-epidemiologia-politicas-salud\/files\/2026\/01\/resultados-casen_iris-delgado-952x534.jpeg"},"custom_content":{"file":"resultados-casen_iris-delgado-126x126.jpeg","width":126,"height":126,"filesize":4810,"mime_type":"image\/jpeg","source_url":"https:\/\/medicina.udd.cl\/centro-epidemiologia-politicas-salud\/files\/2026\/01\/resultados-casen_iris-delgado-126x126.jpeg"},"full":{"file":"resultados-casen_iris-delgado.jpeg","width":1280,"height":855,"mime_type":"image\/jpeg","source_url":"https:\/\/medicina.udd.cl\/centro-epidemiologia-politicas-salud\/files\/2026\/01\/resultados-casen_iris-delgado.jpeg"}},"image_meta":{"aperture":"0","credit":"","camera":"","caption":"","created_timestamp":"0","copyright":"","focal_length":"0","iso":"0","shutter_speed":"0","title":"","orientation":"0","keywords":[]}},"post":2836,"source_url":"https:\/\/medicina.udd.cl\/centro-epidemiologia-politicas-salud\/files\/2026\/01\/resultados-casen_iris-delgado.jpeg","_links":{"self":[{"href":"https:\/\/medicina.udd.cl\/centro-epidemiologia-politicas-salud\/wp-json\/wp\/v2\/media\/2837","targetHints":{"allow":["GET"]}}],"collection":[{"href":"https:\/\/medicina.udd.cl\/centro-epidemiologia-politicas-salud\/wp-json\/wp\/v2\/media"}],"about":[{"href":"https:\/\/medicina.udd.cl\/centro-epidemiologia-politicas-salud\/wp-json\/wp\/v2\/types\/attachment"}],"author":[{"embeddable":true,"href":"https:\/\/medicina.udd.cl\/centro-epidemiologia-politicas-salud\/wp-json\/wp\/v2\/users\/9192254"}],"replies":[{"embeddable":true,"href":"https:\/\/medicina.udd.cl\/centro-epidemiologia-politicas-salud\/wp-json\/wp\/v2\/comments?post=2837"}],"wp:attached-to":[{"embeddable":true,"post_type":"post","id":2836,"href":"https:\/\/medicina.udd.cl\/centro-epidemiologia-politicas-salud\/wp-json\/wp\/v2\/posts\/2836"}],"curies":[{"name":"wp","href":"https:\/\/api.w.org\/{rel}","templated":true}]}}