{"id":96,"date":"2010-10-04T11:40:54","date_gmt":"2010-10-04T15:40:54","guid":{"rendered":"http:\/\/medicina.udd.cl\/centro-epidemiologia-politicas-salud\/files\/2010\/10\/Foto-Oficial-Cl\u00ednica-Odontol\u00f3gica.jpg"},"modified":"2010-10-04T11:40:54","modified_gmt":"2010-10-04T15:40:54","slug":"foto-oficial-clinica-odontologica","status":"inherit","type":"attachment","link":"https:\/\/medicina.udd.cl\/centro-epidemiologia-politicas-salud\/noticias\/2010\/10\/04\/jornada-de-trabajo-en-comuna-de-la-florida\/foto-oficial-clinica-odontologica\/","title":{"rendered":"Foto Oficial Cl\u00ednica Odontol\u00f3gica"},"author":1,"featured_media":0,"comment_status":"open","ping_status":"open","template":"","meta":[],"class_list":["post-96","attachment","type-attachment","status-inherit","hentry"],"yoast_head":"<!-- This site is optimized with the Yoast SEO plugin v26.9 - https:\/\/yoast.com\/product\/yoast-seo-wordpress\/ -->\n<title>Foto Oficial Cl\u00ednica Odontol\u00f3gica - Centro de Epidemiolog\u00eda y Pol\u00edticas de Salud<\/title>\n<meta name=\"robots\" content=\"index, follow, max-snippet:-1, max-image-preview:large, max-video-preview:-1\" \/>\n<link rel=\"canonical\" href=\"https:\/\/medicina.udd.cl\/centro-epidemiologia-politicas-salud\/files\/2010\/10\/Foto-Oficial-Cl\u00ednica-Odontol\u00f3gica.jpg\" \/>\n<meta property=\"og:locale\" content=\"es_ES\" \/>\n<meta property=\"og:type\" content=\"article\" \/>\n<meta property=\"og:title\" content=\"Foto Oficial Cl\u00ednica Odontol\u00f3gica - Centro de Epidemiolog\u00eda y Pol\u00edticas de Salud\" \/>\n<meta property=\"og:url\" content=\"https:\/\/medicina.udd.cl\/centro-epidemiologia-politicas-salud\/files\/2010\/10\/Foto-Oficial-Cl\u00ednica-Odontol\u00f3gica.jpg\" \/>\n<meta property=\"og:site_name\" content=\"Centro de Epidemiolog\u00eda y Pol\u00edticas de Salud\" \/>\n<meta property=\"og:image\" content=\"https:\/\/medicina.udd.cl\/centro-epidemiologia-politicas-salud\/files\/2010\/10\/Foto-Oficial-Cl\u00ednica-Odontol\u00f3gica.jpg\" \/>\n\t<meta property=\"og:image:width\" content=\"1181\" \/>\n\t<meta property=\"og:image:height\" content=\"745\" \/>\n\t<meta property=\"og:image:type\" content=\"image\/jpeg\" \/>\n<script type=\"application\/ld+json\" class=\"yoast-schema-graph\">{\"@context\":\"https:\/\/schema.org\",\"@graph\":[{\"@type\":\"WebPage\",\"@id\":\"https:\/\/medicina.udd.cl\/centro-epidemiologia-politicas-salud\/files\/2010\/10\/Foto-Oficial-Cl\u00ednica-Odontol\u00f3gica.jpg\",\"url\":\"https:\/\/medicina.udd.cl\/centro-epidemiologia-politicas-salud\/files\/2010\/10\/Foto-Oficial-Cl\u00ednica-Odontol\u00f3gica.jpg\",\"name\":\"Foto Oficial Cl\u00ednica Odontol\u00f3gica - Centro de Epidemiolog\u00eda y Pol\u00edticas de Salud\",\"isPartOf\":{\"@id\":\"https:\/\/medicina.udd.cl\/centro-epidemiologia-politicas-salud\/#website\"},\"datePublished\":\"2010-10-04T15:40:54+00:00\",\"breadcrumb\":{\"@id\":\"https:\/\/medicina.udd.cl\/centro-epidemiologia-politicas-salud\/files\/2010\/10\/Foto-Oficial-Cl\u00ednica-Odontol\u00f3gica.jpg#breadcrumb\"},\"inLanguage\":\"es\",\"potentialAction\":[{\"@type\":\"ReadAction\",\"target\":[\"https:\/\/medicina.udd.cl\/centro-epidemiologia-politicas-salud\/files\/2010\/10\/Foto-Oficial-Cl\u00ednica-Odontol\u00f3gica.jpg\"]}]},{\"@type\":\"BreadcrumbList\",\"@id\":\"https:\/\/medicina.udd.cl\/centro-epidemiologia-politicas-salud\/files\/2010\/10\/Foto-Oficial-Cl\u00ednica-Odontol\u00f3gica.jpg#breadcrumb\",\"itemListElement\":[{\"@type\":\"ListItem\",\"position\":1,\"name\":\"Inicio\",\"item\":\"https:\/\/medicina.udd.cl\/centro-epidemiologia-politicas-salud\/\"},{\"@type\":\"ListItem\",\"position\":2,\"name\":\"Jornada de trabajo en comuna de La Florida\",\"item\":\"https:\/\/medicina.udd.cl\/centro-epidemiologia-politicas-salud\/noticias\/2010\/10\/04\/jornada-de-trabajo-en-comuna-de-la-florida\/\"},{\"@type\":\"ListItem\",\"position\":3,\"name\":\"Foto Oficial Cl\u00ednica Odontol\u00f3gica\"}]},{\"@type\":\"WebSite\",\"@id\":\"https:\/\/medicina.udd.cl\/centro-epidemiologia-politicas-salud\/#website\",\"url\":\"https:\/\/medicina.udd.cl\/centro-epidemiologia-politicas-salud\/\",\"name\":\"Centro de Epidemiolog\u00eda y Pol\u00edticas de Salud\",\"description\":\"Otro blog m\u00e1s de Medicina\",\"inLanguage\":\"es\"}]}<\/script>\n<!-- \/ Yoast SEO plugin. -->","yoast_head_json":{"title":"Foto Oficial Cl\u00ednica Odontol\u00f3gica - Centro de Epidemiolog\u00eda y Pol\u00edticas de Salud","robots":{"index":"index","follow":"follow","max-snippet":"max-snippet:-1","max-image-preview":"max-image-preview:large","max-video-preview":"max-video-preview:-1"},"canonical":"https:\/\/medicina.udd.cl\/centro-epidemiologia-politicas-salud\/files\/2010\/10\/Foto-Oficial-Cl\u00ednica-Odontol\u00f3gica.jpg","og_locale":"es_ES","og_type":"article","og_title":"Foto Oficial Cl\u00ednica Odontol\u00f3gica - Centro de Epidemiolog\u00eda y Pol\u00edticas de Salud","og_url":"https:\/\/medicina.udd.cl\/centro-epidemiologia-politicas-salud\/files\/2010\/10\/Foto-Oficial-Cl\u00ednica-Odontol\u00f3gica.jpg","og_site_name":"Centro de Epidemiolog\u00eda y Pol\u00edticas de Salud","og_image":[{"width":1181,"height":745,"url":"https:\/\/medicina.udd.cl\/centro-epidemiologia-politicas-salud\/files\/2010\/10\/Foto-Oficial-Cl\u00ednica-Odontol\u00f3gica.jpg","type":"image\/jpeg"}],"schema":{"@context":"https:\/\/schema.org","@graph":[{"@type":"WebPage","@id":"https:\/\/medicina.udd.cl\/centro-epidemiologia-politicas-salud\/files\/2010\/10\/Foto-Oficial-Cl\u00ednica-Odontol\u00f3gica.jpg","url":"https:\/\/medicina.udd.cl\/centro-epidemiologia-politicas-salud\/files\/2010\/10\/Foto-Oficial-Cl\u00ednica-Odontol\u00f3gica.jpg","name":"Foto Oficial Cl\u00ednica Odontol\u00f3gica - Centro de Epidemiolog\u00eda y Pol\u00edticas de Salud","isPartOf":{"@id":"https:\/\/medicina.udd.cl\/centro-epidemiologia-politicas-salud\/#website"},"datePublished":"2010-10-04T15:40:54+00:00","breadcrumb":{"@id":"https:\/\/medicina.udd.cl\/centro-epidemiologia-politicas-salud\/files\/2010\/10\/Foto-Oficial-Cl\u00ednica-Odontol\u00f3gica.jpg#breadcrumb"},"inLanguage":"es","potentialAction":[{"@type":"ReadAction","target":["https:\/\/medicina.udd.cl\/centro-epidemiologia-politicas-salud\/files\/2010\/10\/Foto-Oficial-Cl\u00ednica-Odontol\u00f3gica.jpg"]}]},{"@type":"BreadcrumbList","@id":"https:\/\/medicina.udd.cl\/centro-epidemiologia-politicas-salud\/files\/2010\/10\/Foto-Oficial-Cl\u00ednica-Odontol\u00f3gica.jpg#breadcrumb","itemListElement":[{"@type":"ListItem","position":1,"name":"Inicio","item":"https:\/\/medicina.udd.cl\/centro-epidemiologia-politicas-salud\/"},{"@type":"ListItem","position":2,"name":"Jornada de trabajo en comuna de La Florida","item":"https:\/\/medicina.udd.cl\/centro-epidemiologia-politicas-salud\/noticias\/2010\/10\/04\/jornada-de-trabajo-en-comuna-de-la-florida\/"},{"@type":"ListItem","position":3,"name":"Foto Oficial Cl\u00ednica Odontol\u00f3gica"}]},{"@type":"WebSite","@id":"https:\/\/medicina.udd.cl\/centro-epidemiologia-politicas-salud\/#website","url":"https:\/\/medicina.udd.cl\/centro-epidemiologia-politicas-salud\/","name":"Centro de Epidemiolog\u00eda y Pol\u00edticas de Salud","description":"Otro blog m\u00e1s de Medicina","inLanguage":"es"}]}},"description":{"rendered":"<p class=\"attachment\"><a href='https:\/\/medicina.udd.cl\/centro-epidemiologia-politicas-salud\/files\/2010\/10\/Foto-Oficial-Cl\u00ednica-Odontol\u00f3gica.jpg'><img loading=\"lazy\" decoding=\"async\" width=\"300\" height=\"189\" src=\"https:\/\/medicina.udd.cl\/centro-epidemiologia-politicas-salud\/wp-content\/plugins\/wp-async-img-load\/blank.png\" class=\"attachment-medium size-medium lazyload\" alt=\"\" sizes=\"auto, (max-width: 300px) 100vw, 300px\" data-src=\"https:\/\/medicina.udd.cl\/centro-epidemiologia-politicas-salud\/files\/2010\/10\/Foto-Oficial-Cl\u00ednica-Odontol\u00f3gica-300x189.jpg\" data-srcset=\"https:\/\/medicina.udd.cl\/centro-epidemiologia-politicas-salud\/files\/2010\/10\/Foto-Oficial-Cl\u00ednica-Odontol\u00f3gica-300x189.jpg 300w, https:\/\/medicina.udd.cl\/centro-epidemiologia-politicas-salud\/files\/2010\/10\/Foto-Oficial-Cl\u00ednica-Odontol\u00f3gica-768x484.jpg 768w, https:\/\/medicina.udd.cl\/centro-epidemiologia-politicas-salud\/files\/2010\/10\/Foto-Oficial-Cl\u00ednica-Odontol\u00f3gica-1024x646.jpg 1024w, https:\/\/medicina.udd.cl\/centro-epidemiologia-politicas-salud\/files\/2010\/10\/Foto-Oficial-Cl\u00ednica-Odontol\u00f3gica-125x80.jpg 125w, https:\/\/medicina.udd.cl\/centro-epidemiologia-politicas-salud\/files\/2010\/10\/Foto-Oficial-Cl\u00ednica-Odontol\u00f3gica-960x606.jpg 960w, https:\/\/medicina.udd.cl\/centro-epidemiologia-politicas-salud\/files\/2010\/10\/Foto-Oficial-Cl\u00ednica-Odontol\u00f3gica.jpg 1181w\" \/><\/a><\/p>\n"},"caption":{"rendered":""},"alt_text":"","media_type":"image","mime_type":"image\/jpeg","media_details":{"width":1181,"height":745,"file":"2010\/10\/Foto-Oficial-Cl\u00ednica-Odontol\u00f3gica.jpg","sizes":{"thumbnail":{"file":"Foto-Oficial-Cl\u00ednica-Odontol\u00f3gica-150x150.jpg","width":150,"height":150,"mime_type":"image\/jpeg","source_url":"https:\/\/medicina.udd.cl\/centro-epidemiologia-politicas-salud\/files\/2010\/10\/Foto-Oficial-Cl\u00ednica-Odontol\u00f3gica-150x150.jpg"},"medium":{"file":"Foto-Oficial-Cl\u00ednica-Odontol\u00f3gica-300x189.jpg","width":300,"height":189,"mime_type":"image\/jpeg","source_url":"https:\/\/medicina.udd.cl\/centro-epidemiologia-politicas-salud\/files\/2010\/10\/Foto-Oficial-Cl\u00ednica-Odontol\u00f3gica-300x189.jpg"},"medium_large":{"file":"Foto-Oficial-Cl\u00ednica-Odontol\u00f3gica-768x484.jpg","width":768,"height":484,"mime_type":"image\/jpeg","source_url":"https:\/\/medicina.udd.cl\/centro-epidemiologia-politicas-salud\/files\/2010\/10\/Foto-Oficial-Cl\u00ednica-Odontol\u00f3gica-768x484.jpg"},"large":{"file":"Foto-Oficial-Cl\u00ednica-Odontol\u00f3gica-1024x646.jpg","width":1024,"height":646,"mime_type":"image\/jpeg","source_url":"https:\/\/medicina.udd.cl\/centro-epidemiologia-politicas-salud\/files\/2010\/10\/Foto-Oficial-Cl\u00ednica-Odontol\u00f3gica-1024x646.jpg"},"newsletter_featured":{"file":"Foto-Oficial-Cl\u00ednica-Odontol\u00f3gica-316x224.jpg","width":316,"height":224,"mime_type":"image\/jpeg","source_url":"https:\/\/medicina.udd.cl\/centro-epidemiologia-politicas-salud\/files\/2010\/10\/Foto-Oficial-Cl\u00ednica-Odontol\u00f3gica-316x224.jpg"},"newsletter_first":{"file":"Foto-Oficial-Cl\u00ednica-Odontol\u00f3gica-286x205.jpg","width":286,"height":205,"mime_type":"image\/jpeg","source_url":"https:\/\/medicina.udd.cl\/centro-epidemiologia-politicas-salud\/files\/2010\/10\/Foto-Oficial-Cl\u00ednica-Odontol\u00f3gica-286x205.jpg"},"newsletter_thumb":{"file":"Foto-Oficial-Cl\u00ednica-Odontol\u00f3gica-288x150.jpg","width":288,"height":150,"mime_type":"image\/jpeg","source_url":"https:\/\/medicina.udd.cl\/centro-epidemiologia-politicas-salud\/files\/2010\/10\/Foto-Oficial-Cl\u00ednica-Odontol\u00f3gica-288x150.jpg"},"newsletter_column":{"file":"Foto-Oficial-Cl\u00ednica-Odontol\u00f3gica-182x140.jpg","width":182,"height":140,"mime_type":"image\/jpeg","source_url":"https:\/\/medicina.udd.cl\/centro-epidemiologia-politicas-salud\/files\/2010\/10\/Foto-Oficial-Cl\u00ednica-Odontol\u00f3gica-182x140.jpg"},"newsletter_square":{"file":"Foto-Oficial-Cl\u00ednica-Odontol\u00f3gica-62x62.jpg","width":62,"height":62,"mime_type":"image\/jpeg","source_url":"https:\/\/medicina.udd.cl\/centro-epidemiologia-politicas-salud\/files\/2010\/10\/Foto-Oficial-Cl\u00ednica-Odontol\u00f3gica-62x62.jpg"},"newsletter_square_large":{"file":"Foto-Oficial-Cl\u00ednica-Odontol\u00f3gica-87x62.jpg","width":87,"height":62,"mime_type":"image\/jpeg","source_url":"https:\/\/medicina.udd.cl\/centro-epidemiologia-politicas-salud\/files\/2010\/10\/Foto-Oficial-Cl\u00ednica-Odontol\u00f3gica-87x62.jpg"},"featured-home":{"file":"Foto-Oficial-Cl\u00ednica-Odontol\u00f3gica-800x450.jpg","width":800,"height":450,"mime_type":"image\/jpeg","source_url":"https:\/\/medicina.udd.cl\/centro-epidemiologia-politicas-salud\/files\/2010\/10\/Foto-Oficial-Cl\u00ednica-Odontol\u00f3gica-800x450.jpg"},"featured-career":{"file":"Foto-Oficial-Cl\u00ednica-Odontol\u00f3gica-660x430.jpg","width":660,"height":430,"mime_type":"image\/jpeg","source_url":"https:\/\/medicina.udd.cl\/centro-epidemiologia-politicas-salud\/files\/2010\/10\/Foto-Oficial-Cl\u00ednica-Odontol\u00f3gica-660x430.jpg"},"squared":{"file":"Foto-Oficial-Cl\u00ednica-Odontol\u00f3gica-300x300.jpg","width":300,"height":300,"mime_type":"image\/jpeg","source_url":"https:\/\/medicina.udd.cl\/centro-epidemiologia-politicas-salud\/files\/2010\/10\/Foto-Oficial-Cl\u00ednica-Odontol\u00f3gica-300x300.jpg"},"stretch":{"file":"Foto-Oficial-Cl\u00ednica-Odontol\u00f3gica-800x450.jpg","width":800,"height":450,"mime_type":"image\/jpeg","source_url":"https:\/\/medicina.udd.cl\/centro-epidemiologia-politicas-salud\/files\/2010\/10\/Foto-Oficial-Cl\u00ednica-Odontol\u00f3gica-800x450.jpg"},"portrait-medium":{"file":"Foto-Oficial-Cl\u00ednica-Odontol\u00f3gica-220x260.jpg","width":220,"height":260,"mime_type":"image\/jpeg","source_url":"https:\/\/medicina.udd.cl\/centro-epidemiologia-politicas-salud\/files\/2010\/10\/Foto-Oficial-Cl\u00ednica-Odontol\u00f3gica-220x260.jpg"},"landscape-small":{"file":"Foto-Oficial-Cl\u00ednica-Odontol\u00f3gica-125x80.jpg","width":125,"height":80,"mime_type":"image\/jpeg","source_url":"https:\/\/medicina.udd.cl\/centro-epidemiologia-politicas-salud\/files\/2010\/10\/Foto-Oficial-Cl\u00ednica-Odontol\u00f3gica-125x80.jpg"},"landscape-medium":{"file":"Foto-Oficial-Cl\u00ednica-Odontol\u00f3gica-340x220.jpg","width":340,"height":220,"mime_type":"image\/jpeg","source_url":"https:\/\/medicina.udd.cl\/centro-epidemiologia-politicas-salud\/files\/2010\/10\/Foto-Oficial-Cl\u00ednica-Odontol\u00f3gica-340x220.jpg"},"landscape-large":{"file":"Foto-Oficial-Cl\u00ednica-Odontol\u00f3gica-365x255.jpg","width":365,"height":255,"mime_type":"image\/jpeg","source_url":"https:\/\/medicina.udd.cl\/centro-epidemiologia-politicas-salud\/files\/2010\/10\/Foto-Oficial-Cl\u00ednica-Odontol\u00f3gica-365x255.jpg"},"landscape-xlarge":{"file":"Foto-Oficial-Cl\u00ednica-Odontol\u00f3gica-660x430.jpg","width":660,"height":430,"mime_type":"image\/jpeg","source_url":"https:\/\/medicina.udd.cl\/centro-epidemiologia-politicas-salud\/files\/2010\/10\/Foto-Oficial-Cl\u00ednica-Odontol\u00f3gica-660x430.jpg"},"panoramic":{"file":"Foto-Oficial-Cl\u00ednica-Odontol\u00f3gica-940x345.jpg","width":940,"height":345,"mime_type":"image\/jpeg","source_url":"https:\/\/medicina.udd.cl\/centro-epidemiologia-politicas-salud\/files\/2010\/10\/Foto-Oficial-Cl\u00ednica-Odontol\u00f3gica-940x345.jpg"},"stretch-large":{"file":"Foto-Oficial-Cl\u00ednica-Odontol\u00f3gica-940x450.jpg","width":940,"height":450,"mime_type":"image\/jpeg","source_url":"https:\/\/medicina.udd.cl\/centro-epidemiologia-politicas-salud\/files\/2010\/10\/Foto-Oficial-Cl\u00ednica-Odontol\u00f3gica-940x450.jpg"},"proportional-large":{"file":"Foto-Oficial-Cl\u00ednica-Odontol\u00f3gica-960x606.jpg","width":960,"height":606,"mime_type":"image\/jpeg","source_url":"https:\/\/medicina.udd.cl\/centro-epidemiologia-politicas-salud\/files\/2010\/10\/Foto-Oficial-Cl\u00ednica-Odontol\u00f3gica-960x606.jpg"},"custom_content":{"file":"Foto-Oficial-Cl\u00ednica-Odontol\u00f3gica-126x126.jpg","width":126,"height":126,"mime_type":"image\/jpeg","source_url":"https:\/\/medicina.udd.cl\/centro-epidemiologia-politicas-salud\/files\/2010\/10\/Foto-Oficial-Cl\u00ednica-Odontol\u00f3gica-126x126.jpg"},"full":{"file":"Foto-Oficial-Cl\u00ednica-Odontol\u00f3gica.jpg","width":1181,"height":745,"mime_type":"image\/jpeg","source_url":"https:\/\/medicina.udd.cl\/centro-epidemiologia-politicas-salud\/files\/2010\/10\/Foto-Oficial-Cl\u00ednica-Odontol\u00f3gica.jpg"}},"image_meta":{"aperture":"0","credit":"","camera":"","caption":"","created_timestamp":"0","copyright":"","focal_length":"0","iso":"0","shutter_speed":"0","title":"","orientation":"1","keywords":[]}},"post":95,"source_url":"https:\/\/medicina.udd.cl\/centro-epidemiologia-politicas-salud\/files\/2010\/10\/Foto-Oficial-Cl\u00ednica-Odontol\u00f3gica.jpg","_links":{"self":[{"href":"https:\/\/medicina.udd.cl\/centro-epidemiologia-politicas-salud\/wp-json\/wp\/v2\/media\/96","targetHints":{"allow":["GET"]}}],"collection":[{"href":"https:\/\/medicina.udd.cl\/centro-epidemiologia-politicas-salud\/wp-json\/wp\/v2\/media"}],"about":[{"href":"https:\/\/medicina.udd.cl\/centro-epidemiologia-politicas-salud\/wp-json\/wp\/v2\/types\/attachment"}],"author":[{"embeddable":true,"href":"https:\/\/medicina.udd.cl\/centro-epidemiologia-politicas-salud\/wp-json\/wp\/v2\/users\/1"}],"replies":[{"embeddable":true,"href":"https:\/\/medicina.udd.cl\/centro-epidemiologia-politicas-salud\/wp-json\/wp\/v2\/comments?post=96"}],"wp:attached-to":[{"embeddable":true,"post_type":"post","id":95,"href":"https:\/\/medicina.udd.cl\/centro-epidemiologia-politicas-salud\/wp-json\/wp\/v2\/posts\/95"}],"curies":[{"name":"wp","href":"https:\/\/api.w.org\/{rel}","templated":true}]}}