{"id":987,"date":"2014-04-28T13:19:01","date_gmt":"2014-04-28T17:19:01","guid":{"rendered":"http:\/\/medicina.udd.cl\/centro-epidemiologia-politicas-salud\/files\/2014\/04\/Epidemiolog\u00eda-y-Salud-P\u00fablica.jpg"},"modified":"2014-04-28T13:19:01","modified_gmt":"2014-04-28T17:19:01","slug":"epidemiologia-y-salud-publica","status":"inherit","type":"attachment","link":"https:\/\/medicina.udd.cl\/centro-epidemiologia-politicas-salud\/noticias\/2014\/04\/28\/centro-de-epidemiologia-y-politicas-de-salud-realiza-estudio-sobre-enfermedad-meningococica\/epidemiologia-y-salud-publica\/","title":{"rendered":"Epidemiolog\u00eda y Salud P\u00fablica"},"author":42,"featured_media":0,"comment_status":"open","ping_status":"open","template":"","meta":[],"class_list":["post-987","attachment","type-attachment","status-inherit","hentry"],"yoast_head":"<!-- This site is optimized with the Yoast SEO plugin v26.9 - https:\/\/yoast.com\/product\/yoast-seo-wordpress\/ -->\n<title>Epidemiolog\u00eda y Salud P\u00fablica - Centro de Epidemiolog\u00eda y Pol\u00edticas de Salud<\/title>\n<meta name=\"robots\" content=\"index, follow, max-snippet:-1, max-image-preview:large, max-video-preview:-1\" \/>\n<link rel=\"canonical\" href=\"https:\/\/medicina.udd.cl\/centro-epidemiologia-politicas-salud\/files\/2014\/04\/Epidemiolog\u00eda-y-Salud-P\u00fablica.jpg\" \/>\n<meta property=\"og:locale\" content=\"es_ES\" \/>\n<meta property=\"og:type\" content=\"article\" \/>\n<meta property=\"og:title\" content=\"Epidemiolog\u00eda y Salud P\u00fablica - Centro de Epidemiolog\u00eda y Pol\u00edticas de Salud\" \/>\n<meta property=\"og:url\" content=\"https:\/\/medicina.udd.cl\/centro-epidemiologia-politicas-salud\/files\/2014\/04\/Epidemiolog\u00eda-y-Salud-P\u00fablica.jpg\" \/>\n<meta property=\"og:site_name\" content=\"Centro de Epidemiolog\u00eda y Pol\u00edticas de Salud\" \/>\n<meta property=\"og:image\" content=\"https:\/\/medicina.udd.cl\/centro-epidemiologia-politicas-salud\/files\/2014\/04\/Epidemiolog\u00eda-y-Salud-P\u00fablica.jpg\" \/>\n\t<meta property=\"og:image:width\" content=\"3456\" \/>\n\t<meta property=\"og:image:height\" content=\"2304\" \/>\n\t<meta property=\"og:image:type\" content=\"image\/jpeg\" \/>\n<script type=\"application\/ld+json\" class=\"yoast-schema-graph\">{\"@context\":\"https:\/\/schema.org\",\"@graph\":[{\"@type\":\"WebPage\",\"@id\":\"https:\/\/medicina.udd.cl\/centro-epidemiologia-politicas-salud\/files\/2014\/04\/Epidemiolog\u00eda-y-Salud-P\u00fablica.jpg\",\"url\":\"https:\/\/medicina.udd.cl\/centro-epidemiologia-politicas-salud\/files\/2014\/04\/Epidemiolog\u00eda-y-Salud-P\u00fablica.jpg\",\"name\":\"Epidemiolog\u00eda y Salud P\u00fablica - Centro de Epidemiolog\u00eda y Pol\u00edticas de Salud\",\"isPartOf\":{\"@id\":\"https:\/\/medicina.udd.cl\/centro-epidemiologia-politicas-salud\/#website\"},\"datePublished\":\"2014-04-28T17:19:01+00:00\",\"breadcrumb\":{\"@id\":\"https:\/\/medicina.udd.cl\/centro-epidemiologia-politicas-salud\/files\/2014\/04\/Epidemiolog\u00eda-y-Salud-P\u00fablica.jpg#breadcrumb\"},\"inLanguage\":\"es\",\"potentialAction\":[{\"@type\":\"ReadAction\",\"target\":[\"https:\/\/medicina.udd.cl\/centro-epidemiologia-politicas-salud\/files\/2014\/04\/Epidemiolog\u00eda-y-Salud-P\u00fablica.jpg\"]}]},{\"@type\":\"BreadcrumbList\",\"@id\":\"https:\/\/medicina.udd.cl\/centro-epidemiologia-politicas-salud\/files\/2014\/04\/Epidemiolog\u00eda-y-Salud-P\u00fablica.jpg#breadcrumb\",\"itemListElement\":[{\"@type\":\"ListItem\",\"position\":1,\"name\":\"Inicio\",\"item\":\"https:\/\/medicina.udd.cl\/centro-epidemiologia-politicas-salud\/\"},{\"@type\":\"ListItem\",\"position\":2,\"name\":\"Centro de Epidemiolog\u00eda y Pol\u00edticas de Salud realiza estudio sobre enfermedad meningoc\u00f3cica\",\"item\":\"https:\/\/medicina.udd.cl\/centro-epidemiologia-politicas-salud\/noticias\/2014\/04\/28\/centro-de-epidemiologia-y-politicas-de-salud-realiza-estudio-sobre-enfermedad-meningococica\/\"},{\"@type\":\"ListItem\",\"position\":3,\"name\":\"Epidemiolog\u00eda y Salud P\u00fablica\"}]},{\"@type\":\"WebSite\",\"@id\":\"https:\/\/medicina.udd.cl\/centro-epidemiologia-politicas-salud\/#website\",\"url\":\"https:\/\/medicina.udd.cl\/centro-epidemiologia-politicas-salud\/\",\"name\":\"Centro de Epidemiolog\u00eda y Pol\u00edticas de Salud\",\"description\":\"Otro blog m\u00e1s de Medicina\",\"inLanguage\":\"es\"}]}<\/script>\n<!-- \/ Yoast SEO plugin. -->","yoast_head_json":{"title":"Epidemiolog\u00eda y Salud P\u00fablica - Centro de Epidemiolog\u00eda y Pol\u00edticas de Salud","robots":{"index":"index","follow":"follow","max-snippet":"max-snippet:-1","max-image-preview":"max-image-preview:large","max-video-preview":"max-video-preview:-1"},"canonical":"https:\/\/medicina.udd.cl\/centro-epidemiologia-politicas-salud\/files\/2014\/04\/Epidemiolog\u00eda-y-Salud-P\u00fablica.jpg","og_locale":"es_ES","og_type":"article","og_title":"Epidemiolog\u00eda y Salud P\u00fablica - Centro de Epidemiolog\u00eda y Pol\u00edticas de Salud","og_url":"https:\/\/medicina.udd.cl\/centro-epidemiologia-politicas-salud\/files\/2014\/04\/Epidemiolog\u00eda-y-Salud-P\u00fablica.jpg","og_site_name":"Centro de Epidemiolog\u00eda y Pol\u00edticas de Salud","og_image":[{"width":3456,"height":2304,"url":"https:\/\/medicina.udd.cl\/centro-epidemiologia-politicas-salud\/files\/2014\/04\/Epidemiolog\u00eda-y-Salud-P\u00fablica.jpg","type":"image\/jpeg"}],"schema":{"@context":"https:\/\/schema.org","@graph":[{"@type":"WebPage","@id":"https:\/\/medicina.udd.cl\/centro-epidemiologia-politicas-salud\/files\/2014\/04\/Epidemiolog\u00eda-y-Salud-P\u00fablica.jpg","url":"https:\/\/medicina.udd.cl\/centro-epidemiologia-politicas-salud\/files\/2014\/04\/Epidemiolog\u00eda-y-Salud-P\u00fablica.jpg","name":"Epidemiolog\u00eda y Salud P\u00fablica - Centro de Epidemiolog\u00eda y Pol\u00edticas de Salud","isPartOf":{"@id":"https:\/\/medicina.udd.cl\/centro-epidemiologia-politicas-salud\/#website"},"datePublished":"2014-04-28T17:19:01+00:00","breadcrumb":{"@id":"https:\/\/medicina.udd.cl\/centro-epidemiologia-politicas-salud\/files\/2014\/04\/Epidemiolog\u00eda-y-Salud-P\u00fablica.jpg#breadcrumb"},"inLanguage":"es","potentialAction":[{"@type":"ReadAction","target":["https:\/\/medicina.udd.cl\/centro-epidemiologia-politicas-salud\/files\/2014\/04\/Epidemiolog\u00eda-y-Salud-P\u00fablica.jpg"]}]},{"@type":"BreadcrumbList","@id":"https:\/\/medicina.udd.cl\/centro-epidemiologia-politicas-salud\/files\/2014\/04\/Epidemiolog\u00eda-y-Salud-P\u00fablica.jpg#breadcrumb","itemListElement":[{"@type":"ListItem","position":1,"name":"Inicio","item":"https:\/\/medicina.udd.cl\/centro-epidemiologia-politicas-salud\/"},{"@type":"ListItem","position":2,"name":"Centro de Epidemiolog\u00eda y Pol\u00edticas de Salud realiza estudio sobre enfermedad meningoc\u00f3cica","item":"https:\/\/medicina.udd.cl\/centro-epidemiologia-politicas-salud\/noticias\/2014\/04\/28\/centro-de-epidemiologia-y-politicas-de-salud-realiza-estudio-sobre-enfermedad-meningococica\/"},{"@type":"ListItem","position":3,"name":"Epidemiolog\u00eda y Salud P\u00fablica"}]},{"@type":"WebSite","@id":"https:\/\/medicina.udd.cl\/centro-epidemiologia-politicas-salud\/#website","url":"https:\/\/medicina.udd.cl\/centro-epidemiologia-politicas-salud\/","name":"Centro de Epidemiolog\u00eda y Pol\u00edticas de Salud","description":"Otro blog m\u00e1s de Medicina","inLanguage":"es"}]}},"description":{"rendered":"<p class=\"attachment\"><a href='https:\/\/medicina.udd.cl\/centro-epidemiologia-politicas-salud\/files\/2014\/04\/Epidemiolog\u00eda-y-Salud-P\u00fablica.jpg'><img loading=\"lazy\" decoding=\"async\" width=\"300\" height=\"200\" src=\"https:\/\/medicina.udd.cl\/centro-epidemiologia-politicas-salud\/wp-content\/plugins\/wp-async-img-load\/blank.png\" class=\"attachment-medium size-medium lazyload\" alt=\"\" sizes=\"auto, (max-width: 300px) 100vw, 300px\" data-src=\"https:\/\/medicina.udd.cl\/centro-epidemiologia-politicas-salud\/files\/2014\/04\/Epidemiolog\u00eda-y-Salud-P\u00fablica-300x200.jpg\" data-srcset=\"https:\/\/medicina.udd.cl\/centro-epidemiologia-politicas-salud\/files\/2014\/04\/Epidemiolog\u00eda-y-Salud-P\u00fablica-300x200.jpg 300w, https:\/\/medicina.udd.cl\/centro-epidemiologia-politicas-salud\/files\/2014\/04\/Epidemiolog\u00eda-y-Salud-P\u00fablica-768x512.jpg 768w, https:\/\/medicina.udd.cl\/centro-epidemiologia-politicas-salud\/files\/2014\/04\/Epidemiolog\u00eda-y-Salud-P\u00fablica-1024x683.jpg 1024w, https:\/\/medicina.udd.cl\/centro-epidemiologia-politicas-salud\/files\/2014\/04\/Epidemiolog\u00eda-y-Salud-P\u00fablica-960x640.jpg 960w\" \/><\/a><\/p>\n"},"caption":{"rendered":""},"alt_text":"","media_type":"image","mime_type":"image\/jpeg","media_details":{"width":3456,"height":2304,"file":"2014\/04\/Epidemiolog\u00eda-y-Salud-P\u00fablica.jpg","sizes":{"thumbnail":{"file":"Epidemiolog\u00eda-y-Salud-P\u00fablica-150x150.jpg","width":150,"height":150,"mime_type":"image\/jpeg","source_url":"https:\/\/medicina.udd.cl\/centro-epidemiologia-politicas-salud\/files\/2014\/04\/Epidemiolog\u00eda-y-Salud-P\u00fablica-150x150.jpg"},"medium":{"file":"Epidemiolog\u00eda-y-Salud-P\u00fablica-300x200.jpg","width":300,"height":200,"mime_type":"image\/jpeg","source_url":"https:\/\/medicina.udd.cl\/centro-epidemiologia-politicas-salud\/files\/2014\/04\/Epidemiolog\u00eda-y-Salud-P\u00fablica-300x200.jpg"},"medium_large":{"file":"Epidemiolog\u00eda-y-Salud-P\u00fablica-768x512.jpg","width":768,"height":512,"mime_type":"image\/jpeg","source_url":"https:\/\/medicina.udd.cl\/centro-epidemiologia-politicas-salud\/files\/2014\/04\/Epidemiolog\u00eda-y-Salud-P\u00fablica-768x512.jpg"},"large":{"file":"Epidemiolog\u00eda-y-Salud-P\u00fablica-1024x683.jpg","width":1024,"height":683,"mime_type":"image\/jpeg","source_url":"https:\/\/medicina.udd.cl\/centro-epidemiologia-politicas-salud\/files\/2014\/04\/Epidemiolog\u00eda-y-Salud-P\u00fablica-1024x683.jpg"},"newsletter_featured":{"file":"Epidemiolog\u00eda-y-Salud-P\u00fablica-316x224.jpg","width":316,"height":224,"mime_type":"image\/jpeg","source_url":"https:\/\/medicina.udd.cl\/centro-epidemiologia-politicas-salud\/files\/2014\/04\/Epidemiolog\u00eda-y-Salud-P\u00fablica-316x224.jpg"},"newsletter_first":{"file":"Epidemiolog\u00eda-y-Salud-P\u00fablica-286x205.jpg","width":286,"height":205,"mime_type":"image\/jpeg","source_url":"https:\/\/medicina.udd.cl\/centro-epidemiologia-politicas-salud\/files\/2014\/04\/Epidemiolog\u00eda-y-Salud-P\u00fablica-286x205.jpg"},"newsletter_thumb":{"file":"Epidemiolog\u00eda-y-Salud-P\u00fablica-288x150.jpg","width":288,"height":150,"mime_type":"image\/jpeg","source_url":"https:\/\/medicina.udd.cl\/centro-epidemiologia-politicas-salud\/files\/2014\/04\/Epidemiolog\u00eda-y-Salud-P\u00fablica-288x150.jpg"},"newsletter_column":{"file":"Epidemiolog\u00eda-y-Salud-P\u00fablica-182x140.jpg","width":182,"height":140,"mime_type":"image\/jpeg","source_url":"https:\/\/medicina.udd.cl\/centro-epidemiologia-politicas-salud\/files\/2014\/04\/Epidemiolog\u00eda-y-Salud-P\u00fablica-182x140.jpg"},"newsletter_square":{"file":"Epidemiolog\u00eda-y-Salud-P\u00fablica-62x62.jpg","width":62,"height":62,"mime_type":"image\/jpeg","source_url":"https:\/\/medicina.udd.cl\/centro-epidemiologia-politicas-salud\/files\/2014\/04\/Epidemiolog\u00eda-y-Salud-P\u00fablica-62x62.jpg"},"newsletter_square_large":{"file":"Epidemiolog\u00eda-y-Salud-P\u00fablica-87x62.jpg","width":87,"height":62,"mime_type":"image\/jpeg","source_url":"https:\/\/medicina.udd.cl\/centro-epidemiologia-politicas-salud\/files\/2014\/04\/Epidemiolog\u00eda-y-Salud-P\u00fablica-87x62.jpg"},"featured-home":{"file":"Epidemiolog\u00eda-y-Salud-P\u00fablica-800x450.jpg","width":800,"height":450,"mime_type":"image\/jpeg","source_url":"https:\/\/medicina.udd.cl\/centro-epidemiologia-politicas-salud\/files\/2014\/04\/Epidemiolog\u00eda-y-Salud-P\u00fablica-800x450.jpg"},"featured-career":{"file":"Epidemiolog\u00eda-y-Salud-P\u00fablica-660x430.jpg","width":660,"height":430,"mime_type":"image\/jpeg","source_url":"https:\/\/medicina.udd.cl\/centro-epidemiologia-politicas-salud\/files\/2014\/04\/Epidemiolog\u00eda-y-Salud-P\u00fablica-660x430.jpg"},"squared":{"file":"Epidemiolog\u00eda-y-Salud-P\u00fablica-300x300.jpg","width":300,"height":300,"mime_type":"image\/jpeg","source_url":"https:\/\/medicina.udd.cl\/centro-epidemiologia-politicas-salud\/files\/2014\/04\/Epidemiolog\u00eda-y-Salud-P\u00fablica-300x300.jpg"},"stretch":{"file":"Epidemiolog\u00eda-y-Salud-P\u00fablica-800x450.jpg","width":800,"height":450,"mime_type":"image\/jpeg","source_url":"https:\/\/medicina.udd.cl\/centro-epidemiologia-politicas-salud\/files\/2014\/04\/Epidemiolog\u00eda-y-Salud-P\u00fablica-800x450.jpg"},"portrait-medium":{"file":"Epidemiolog\u00eda-y-Salud-P\u00fablica-220x260.jpg","width":220,"height":260,"mime_type":"image\/jpeg","source_url":"https:\/\/medicina.udd.cl\/centro-epidemiologia-politicas-salud\/files\/2014\/04\/Epidemiolog\u00eda-y-Salud-P\u00fablica-220x260.jpg"},"landscape-small":{"file":"Epidemiolog\u00eda-y-Salud-P\u00fablica-125x80.jpg","width":125,"height":80,"mime_type":"image\/jpeg","source_url":"https:\/\/medicina.udd.cl\/centro-epidemiologia-politicas-salud\/files\/2014\/04\/Epidemiolog\u00eda-y-Salud-P\u00fablica-125x80.jpg"},"landscape-medium":{"file":"Epidemiolog\u00eda-y-Salud-P\u00fablica-340x220.jpg","width":340,"height":220,"mime_type":"image\/jpeg","source_url":"https:\/\/medicina.udd.cl\/centro-epidemiologia-politicas-salud\/files\/2014\/04\/Epidemiolog\u00eda-y-Salud-P\u00fablica-340x220.jpg"},"landscape-large":{"file":"Epidemiolog\u00eda-y-Salud-P\u00fablica-365x255.jpg","width":365,"height":255,"mime_type":"image\/jpeg","source_url":"https:\/\/medicina.udd.cl\/centro-epidemiologia-politicas-salud\/files\/2014\/04\/Epidemiolog\u00eda-y-Salud-P\u00fablica-365x255.jpg"},"landscape-xlarge":{"file":"Epidemiolog\u00eda-y-Salud-P\u00fablica-660x430.jpg","width":660,"height":430,"mime_type":"image\/jpeg","source_url":"https:\/\/medicina.udd.cl\/centro-epidemiologia-politicas-salud\/files\/2014\/04\/Epidemiolog\u00eda-y-Salud-P\u00fablica-660x430.jpg"},"panoramic":{"file":"Epidemiolog\u00eda-y-Salud-P\u00fablica-940x345.jpg","width":940,"height":345,"mime_type":"image\/jpeg","source_url":"https:\/\/medicina.udd.cl\/centro-epidemiologia-politicas-salud\/files\/2014\/04\/Epidemiolog\u00eda-y-Salud-P\u00fablica-940x345.jpg"},"stretch-large":{"file":"Epidemiolog\u00eda-y-Salud-P\u00fablica-940x450.jpg","width":940,"height":450,"mime_type":"image\/jpeg","source_url":"https:\/\/medicina.udd.cl\/centro-epidemiologia-politicas-salud\/files\/2014\/04\/Epidemiolog\u00eda-y-Salud-P\u00fablica-940x450.jpg"},"proportional-large":{"file":"Epidemiolog\u00eda-y-Salud-P\u00fablica-960x640.jpg","width":960,"height":640,"mime_type":"image\/jpeg","source_url":"https:\/\/medicina.udd.cl\/centro-epidemiologia-politicas-salud\/files\/2014\/04\/Epidemiolog\u00eda-y-Salud-P\u00fablica-960x640.jpg"},"custom_content":{"file":"Epidemiolog\u00eda-y-Salud-P\u00fablica-126x126.jpg","width":126,"height":126,"mime_type":"image\/jpeg","source_url":"https:\/\/medicina.udd.cl\/centro-epidemiologia-politicas-salud\/files\/2014\/04\/Epidemiolog\u00eda-y-Salud-P\u00fablica-126x126.jpg"},"full":{"file":"Epidemiolog\u00eda-y-Salud-P\u00fablica.jpg","width":3456,"height":2304,"mime_type":"image\/jpeg","source_url":"https:\/\/medicina.udd.cl\/centro-epidemiologia-politicas-salud\/files\/2014\/04\/Epidemiolog\u00eda-y-Salud-P\u00fablica.jpg"}},"image_meta":{"aperture":"4.5","credit":"","camera":"Canon EOS REBEL T2i","caption":"","created_timestamp":"1389701164","copyright":"","focal_length":"35","iso":"320","shutter_speed":"0.02","title":"","orientation":"1","keywords":[]}},"post":986,"source_url":"https:\/\/medicina.udd.cl\/centro-epidemiologia-politicas-salud\/files\/2014\/04\/Epidemiolog\u00eda-y-Salud-P\u00fablica.jpg","_links":{"self":[{"href":"https:\/\/medicina.udd.cl\/centro-epidemiologia-politicas-salud\/wp-json\/wp\/v2\/media\/987","targetHints":{"allow":["GET"]}}],"collection":[{"href":"https:\/\/medicina.udd.cl\/centro-epidemiologia-politicas-salud\/wp-json\/wp\/v2\/media"}],"about":[{"href":"https:\/\/medicina.udd.cl\/centro-epidemiologia-politicas-salud\/wp-json\/wp\/v2\/types\/attachment"}],"author":[{"embeddable":true,"href":"https:\/\/medicina.udd.cl\/centro-epidemiologia-politicas-salud\/wp-json\/wp\/v2\/users\/42"}],"replies":[{"embeddable":true,"href":"https:\/\/medicina.udd.cl\/centro-epidemiologia-politicas-salud\/wp-json\/wp\/v2\/comments?post=987"}],"wp:attached-to":[{"embeddable":true,"post_type":"post","id":986,"href":"https:\/\/medicina.udd.cl\/centro-epidemiologia-politicas-salud\/wp-json\/wp\/v2\/posts\/986"}],"curies":[{"name":"wp","href":"https:\/\/api.w.org\/{rel}","templated":true}]}}