{"id":283,"date":"2012-06-26T15:29:24","date_gmt":"2012-06-26T19:29:24","guid":{"rendered":"http:\/\/medicina.udd.cl\/centro-epidemiologia-politicas-salud\/"},"modified":"2021-04-14T16:55:55","modified_gmt":"2021-04-14T20:55:55","slug":"investigacion-2","status":"publish","type":"page","link":"https:\/\/medicina.udd.cl\/centro-epidemiologia-politicas-salud\/investigacion-2\/","title":{"rendered":"Investigaci\u00f3n"},"content":{"rendered":"\n<h2 class=\"wp-block-heading\">L\u00edneas de investigaci\u00f3n<\/h2>\n\n\n\n<p>En\ninvestigaci\u00f3n, contamos con un equipo interdisciplinario que nos permite\nabordar adecuadamente la complejidad de los problemas de Salud P\u00fablica,\nespecialmente en las \u00e1reas de:<\/p>\n\n\n\n<ol class=\"wp-block-list\"><li>Situaci\u00f3n de la salud de Chile, sus tendencias y los factores que la determinan. <\/li><li>Funcionamiento del sistema de salud, con foco en la equidad<\/li><li>Evaluaci\u00f3n de pol\u00edticas de salud y contribuir al dise\u00f1o de nuevas pol\u00edticas y programas.<\/li><\/ol>\n\n\n\n<p><strong>L\u00edneas de investigaci\u00f3n:\u00a0 <\/strong><\/p>\n\n\n\n<ol class=\"wp-block-list\"><li>Salud Poblacional<\/li><li>Sistemas de salud con foco en equidad <\/li><li>Enfermedades Transmisibles\/Salud en prisiones<\/li><li>Envejecimiento\/Discapacidad<\/li><li>Enfermedades cr\u00f3nicas\/Tabaco<\/li><li>Salud Ambiental (incorporada a partir de 2020)<\/li><\/ol>\n","protected":false},"excerpt":{"rendered":"<p>L\u00edneas de investigaci\u00f3n En investigaci\u00f3n, contamos con un equipo interdisciplinario que nos permite abordar adecuadamente la complejidad de los problemas de Salud P\u00fablica, especialmente en las \u00e1reas de: Situaci\u00f3n de la salud de Chile, sus tendencias y los factores que la determinan. Funcionamiento del sistema de salud, con foco en la equidad Evaluaci\u00f3n de pol\u00edticas [&hellip;]<\/p>\n","protected":false},"author":1,"featured_media":0,"parent":0,"menu_order":0,"comment_status":"open","ping_status":"open","template":"","meta":{"footnotes":""},"class_list":["post-283","page","type-page","status-publish","hentry"],"yoast_head":"<!-- This site is optimized with the Yoast SEO plugin v26.9 - https:\/\/yoast.com\/product\/yoast-seo-wordpress\/ -->\n<title>Investigaci\u00f3n - Centro de Epidemiolog\u00eda y Pol\u00edticas de Salud<\/title>\n<meta name=\"robots\" content=\"index, follow, max-snippet:-1, max-image-preview:large, max-video-preview:-1\" \/>\n<link rel=\"canonical\" href=\"https:\/\/medicina.udd.cl\/centro-epidemiologia-politicas-salud\/investigacion-2\/\" \/>\n<meta property=\"og:locale\" content=\"es_ES\" \/>\n<meta property=\"og:type\" content=\"article\" \/>\n<meta property=\"og:title\" content=\"Investigaci\u00f3n - Centro de Epidemiolog\u00eda y Pol\u00edticas de Salud\" \/>\n<meta property=\"og:description\" content=\"L\u00edneas de investigaci\u00f3n En investigaci\u00f3n, contamos con un equipo interdisciplinario que nos permite abordar adecuadamente la complejidad de los problemas de Salud P\u00fablica, especialmente en las \u00e1reas de: Situaci\u00f3n de la salud de Chile, sus tendencias y los factores que la determinan. Funcionamiento del sistema de salud, con foco en la equidad Evaluaci\u00f3n de pol\u00edticas [&hellip;]\" \/>\n<meta property=\"og:url\" content=\"https:\/\/medicina.udd.cl\/centro-epidemiologia-politicas-salud\/investigacion-2\/\" \/>\n<meta property=\"og:site_name\" content=\"Centro de Epidemiolog\u00eda y Pol\u00edticas de Salud\" \/>\n<meta property=\"article:modified_time\" content=\"2021-04-14T20:55:55+00:00\" \/>\n<meta name=\"twitter:label1\" content=\"Tiempo de lectura\" \/>\n\t<meta name=\"twitter:data1\" content=\"1 minuto\" \/>\n<script type=\"application\/ld+json\" class=\"yoast-schema-graph\">{\"@context\":\"https:\/\/schema.org\",\"@graph\":[{\"@type\":\"WebPage\",\"@id\":\"https:\/\/medicina.udd.cl\/centro-epidemiologia-politicas-salud\/investigacion-2\/\",\"url\":\"https:\/\/medicina.udd.cl\/centro-epidemiologia-politicas-salud\/investigacion-2\/\",\"name\":\"Investigaci\u00f3n - Centro de Epidemiolog\u00eda y Pol\u00edticas de Salud\",\"isPartOf\":{\"@id\":\"https:\/\/medicina.udd.cl\/centro-epidemiologia-politicas-salud\/#website\"},\"datePublished\":\"2012-06-26T19:29:24+00:00\",\"dateModified\":\"2021-04-14T20:55:55+00:00\",\"breadcrumb\":{\"@id\":\"https:\/\/medicina.udd.cl\/centro-epidemiologia-politicas-salud\/investigacion-2\/#breadcrumb\"},\"inLanguage\":\"es\",\"potentialAction\":[{\"@type\":\"ReadAction\",\"target\":[\"https:\/\/medicina.udd.cl\/centro-epidemiologia-politicas-salud\/investigacion-2\/\"]}]},{\"@type\":\"BreadcrumbList\",\"@id\":\"https:\/\/medicina.udd.cl\/centro-epidemiologia-politicas-salud\/investigacion-2\/#breadcrumb\",\"itemListElement\":[{\"@type\":\"ListItem\",\"position\":1,\"name\":\"Inicio\",\"item\":\"https:\/\/medicina.udd.cl\/centro-epidemiologia-politicas-salud\/\"},{\"@type\":\"ListItem\",\"position\":2,\"name\":\"Investigaci\u00f3n\"}]},{\"@type\":\"WebSite\",\"@id\":\"https:\/\/medicina.udd.cl\/centro-epidemiologia-politicas-salud\/#website\",\"url\":\"https:\/\/medicina.udd.cl\/centro-epidemiologia-politicas-salud\/\",\"name\":\"Centro de Epidemiolog\u00eda y Pol\u00edticas de Salud\",\"description\":\"Otro blog m\u00e1s de Medicina\",\"inLanguage\":\"es\"}]}<\/script>\n<!-- \/ Yoast SEO plugin. -->","yoast_head_json":{"title":"Investigaci\u00f3n - Centro de Epidemiolog\u00eda y Pol\u00edticas de Salud","robots":{"index":"index","follow":"follow","max-snippet":"max-snippet:-1","max-image-preview":"max-image-preview:large","max-video-preview":"max-video-preview:-1"},"canonical":"https:\/\/medicina.udd.cl\/centro-epidemiologia-politicas-salud\/investigacion-2\/","og_locale":"es_ES","og_type":"article","og_title":"Investigaci\u00f3n - Centro de Epidemiolog\u00eda y Pol\u00edticas de Salud","og_description":"L\u00edneas de investigaci\u00f3n En investigaci\u00f3n, contamos con un equipo interdisciplinario que nos permite abordar adecuadamente la complejidad de los problemas de Salud P\u00fablica, especialmente en las \u00e1reas de: Situaci\u00f3n de la salud de Chile, sus tendencias y los factores que la determinan. Funcionamiento del sistema de salud, con foco en la equidad Evaluaci\u00f3n de pol\u00edticas [&hellip;]","og_url":"https:\/\/medicina.udd.cl\/centro-epidemiologia-politicas-salud\/investigacion-2\/","og_site_name":"Centro de Epidemiolog\u00eda y Pol\u00edticas de Salud","article_modified_time":"2021-04-14T20:55:55+00:00","twitter_misc":{"Tiempo de lectura":"1 minuto"},"schema":{"@context":"https:\/\/schema.org","@graph":[{"@type":"WebPage","@id":"https:\/\/medicina.udd.cl\/centro-epidemiologia-politicas-salud\/investigacion-2\/","url":"https:\/\/medicina.udd.cl\/centro-epidemiologia-politicas-salud\/investigacion-2\/","name":"Investigaci\u00f3n - Centro de Epidemiolog\u00eda y Pol\u00edticas de Salud","isPartOf":{"@id":"https:\/\/medicina.udd.cl\/centro-epidemiologia-politicas-salud\/#website"},"datePublished":"2012-06-26T19:29:24+00:00","dateModified":"2021-04-14T20:55:55+00:00","breadcrumb":{"@id":"https:\/\/medicina.udd.cl\/centro-epidemiologia-politicas-salud\/investigacion-2\/#breadcrumb"},"inLanguage":"es","potentialAction":[{"@type":"ReadAction","target":["https:\/\/medicina.udd.cl\/centro-epidemiologia-politicas-salud\/investigacion-2\/"]}]},{"@type":"BreadcrumbList","@id":"https:\/\/medicina.udd.cl\/centro-epidemiologia-politicas-salud\/investigacion-2\/#breadcrumb","itemListElement":[{"@type":"ListItem","position":1,"name":"Inicio","item":"https:\/\/medicina.udd.cl\/centro-epidemiologia-politicas-salud\/"},{"@type":"ListItem","position":2,"name":"Investigaci\u00f3n"}]},{"@type":"WebSite","@id":"https:\/\/medicina.udd.cl\/centro-epidemiologia-politicas-salud\/#website","url":"https:\/\/medicina.udd.cl\/centro-epidemiologia-politicas-salud\/","name":"Centro de Epidemiolog\u00eda y Pol\u00edticas de Salud","description":"Otro blog m\u00e1s de Medicina","inLanguage":"es"}]}},"_links":{"self":[{"href":"https:\/\/medicina.udd.cl\/centro-epidemiologia-politicas-salud\/wp-json\/wp\/v2\/pages\/283","targetHints":{"allow":["GET"]}}],"collection":[{"href":"https:\/\/medicina.udd.cl\/centro-epidemiologia-politicas-salud\/wp-json\/wp\/v2\/pages"}],"about":[{"href":"https:\/\/medicina.udd.cl\/centro-epidemiologia-politicas-salud\/wp-json\/wp\/v2\/types\/page"}],"author":[{"embeddable":true,"href":"https:\/\/medicina.udd.cl\/centro-epidemiologia-politicas-salud\/wp-json\/wp\/v2\/users\/1"}],"replies":[{"embeddable":true,"href":"https:\/\/medicina.udd.cl\/centro-epidemiologia-politicas-salud\/wp-json\/wp\/v2\/comments?post=283"}],"version-history":[{"count":5,"href":"https:\/\/medicina.udd.cl\/centro-epidemiologia-politicas-salud\/wp-json\/wp\/v2\/pages\/283\/revisions"}],"predecessor-version":[{"id":2160,"href":"https:\/\/medicina.udd.cl\/centro-epidemiologia-politicas-salud\/wp-json\/wp\/v2\/pages\/283\/revisions\/2160"}],"wp:attachment":[{"href":"https:\/\/medicina.udd.cl\/centro-epidemiologia-politicas-salud\/wp-json\/wp\/v2\/media?parent=283"}],"curies":[{"name":"wp","href":"https:\/\/api.w.org\/{rel}","templated":true}]}}