{"id":365,"date":"2012-07-05T15:02:36","date_gmt":"2012-07-05T19:02:36","guid":{"rendered":"http:\/\/medicina.udd.cl\/centro-epidemiologia-politicas-salud\/"},"modified":"2013-09-26T10:42:56","modified_gmt":"2013-09-26T14:42:56","slug":"participacion-en-conferencias-internacionales","status":"publish","type":"page","link":"https:\/\/medicina.udd.cl\/centro-epidemiologia-politicas-salud\/extension-capacitacion\/participacion-en-conferencias-internacionales\/","title":{"rendered":"Participaci\u00f3n en conferencias internacionales"},"content":{"rendered":"<ul>\n<li>Ximena Aguilera Foro Salud OPS\/OMS \u2013Ministerio de Salud 8va. Jornada Estrategia Nacional de Salud \u00bfDebe ser una pol\u00edtica de Estado?, Santiago. 22 de agosto 2012.<\/li>\n<li>Ximena Aguilera Charla \u201cAllende y la Medicina Social en Chile\u201d6 de septiembre \/ 18:00 horas, En el marco del ciclo \u201cArte y Salud\u201d, organizado por la Facultad de Medicina y la Escuela de Arte de la Universidad del Desarrollo. Museo de la Memoria y los Derechos Humanos<\/li>\n<li>Ximena Aguilera. Presentaci\u00f3n de Experiencias del Reglamento Sanitario Internacional RSI en el Seminario Internacional sobre la Legislaci\u00f3n en Respuesta a las Emergencias Epidemiol\u00f3gicas. Dra. Ximena Aguilera, Brasilia. 26 de septiembre 2012.<\/li>\n<li>Claudia Gonz\u00e1lez. Participaci\u00f3n como experto en Reuni\u00f3n de Expertos convocada por el Ministerio de Salud de Chile por Brote de Meningitis, Santiago. 29 de septiembre 2012.<\/li>\n<li>Lucy Poffald, Encuentro de asesor\u00eda al Ministerio de Salud y Protecci\u00f3n Social de Colombia, convocada por la Organizaci\u00f3n Panamericana de la Salud (OPS) en Colombia, donde se discuti\u00f3 la incorporaci\u00f3n de determinantes sociales y la reducci\u00f3n de inequidades en salud de ese pa\u00eds. Bogot\u00e1, Colombia. , Bogot\u00e130 de octubre 2012.<\/li>\n<li>Lucy Poffald, Participaci\u00f3n en la Segunda Reuni\u00f3n del Grupo T\u00e9cnico de Promoci\u00f3n de la Salud y Acci\u00f3n sobre los Determinantes Sociales de la Salud de UNASUR, bloque regional que agrupa a 12 pa\u00edses de Latinoam\u00e9rica, Bogot\u00e1, Colombia. 1 de noviembre.<\/li>\n<li>Ximena Aguilera WHO Informal Technical Consultation Research Needs for the Battle Against Respiratory Viruses, Ginebra 6 y 7 de noviembre 2012.<\/li>\n<li>Macarena Hirmas, Iris Delgado, Ximena Aguilera. Presentaci\u00f3n posters Second Global Symposium on Health Systems Research, 31 Octubre-3 Noviembre. Beijing, China.<\/li>\n<li>Ximena Aguilera, Conferencia Epidemiolog\u00eda de Hepatitis Virales en Curso Hepatitis Virales, Sociedad de Infectolog\u00eda en Cl\u00ednica Alemana, Santiago. Octubre 2012<\/li>\n<li>Ximena Aguilera, Conferencia Importancia de las enfermedades zoon\u00f3ticas en las emergencias de salud p\u00fablica de inter\u00e9s internacional. Presentaci\u00f3n en el XXXIV Congreso Chileno de Microbiolog\u00eda, Valdivia. 23 al 26 de noviembre.<\/li>\n<li>Ximena Aguilera, Conferencia Experiencia Chilena en la implementaci\u00f3n del Reglamento Sanitario Internacional. Convenci\u00f3n Internacional de Salud P\u00fablica, La HabanaCuba, 3 y 7 diciembre.<\/li>\n<li>Lucy Poffald, ponencia en Mesa Redonda en el Seminario \u201cViolencia de G\u00e9nero y Pol\u00edticas P\u00fablicas Una propuesta de problematizaci\u00f3n acerca de las pol\u00edticas p\u00fablicas en violencia de g\u00e9nero hacia la mujer\u201d, convocada por la Fundaci\u00f3n Templanza, junto al SERNAM, Ministerio de Salud, Universidad Diego Portales, Santiago. 4 de diciembre.<\/li>\n<li>Gabriel Sanhueza, Conferencia Situaci\u00f3n de salud adolescente en el Encuentro Nacional del programa Or\u00edgenes convocado por el Ministerio de Desarrollo Social junto a la Divisi\u00f3n de Atenci\u00f3n Primaria del Ministerio de Salud de Chile, Temuco, 13 y 14 de diciembre.<\/li>\n<\/ul>\n","protected":false},"excerpt":{"rendered":"<p>Participaci\u00f3n de nuestro equipo en distintos seminarios y conferencias.<\/p>\n","protected":false},"author":1,"featured_media":0,"parent":290,"menu_order":2,"comment_status":"open","ping_status":"open","template":"","meta":{"footnotes":""},"class_list":["post-365","page","type-page","status-publish","hentry"],"yoast_head":"<!-- This site is optimized with the Yoast SEO plugin v26.9 - https:\/\/yoast.com\/product\/yoast-seo-wordpress\/ -->\n<title>Participaci\u00f3n en conferencias internacionales - Centro de Epidemiolog\u00eda y Pol\u00edticas de Salud<\/title>\n<meta name=\"robots\" content=\"index, follow, max-snippet:-1, max-image-preview:large, max-video-preview:-1\" \/>\n<link rel=\"canonical\" href=\"https:\/\/medicina.udd.cl\/centro-epidemiologia-politicas-salud\/extension-capacitacion\/participacion-en-conferencias-internacionales\/\" \/>\n<meta property=\"og:locale\" content=\"es_ES\" \/>\n<meta property=\"og:type\" content=\"article\" \/>\n<meta property=\"og:title\" content=\"Participaci\u00f3n en conferencias internacionales - Centro de Epidemiolog\u00eda y Pol\u00edticas de Salud\" \/>\n<meta property=\"og:description\" content=\"Participaci\u00f3n de nuestro equipo en distintos seminarios y conferencias.\" \/>\n<meta property=\"og:url\" content=\"https:\/\/medicina.udd.cl\/centro-epidemiologia-politicas-salud\/extension-capacitacion\/participacion-en-conferencias-internacionales\/\" \/>\n<meta property=\"og:site_name\" content=\"Centro de Epidemiolog\u00eda y Pol\u00edticas de Salud\" \/>\n<meta property=\"article:modified_time\" content=\"2013-09-26T14:42:56+00:00\" \/>\n<meta name=\"twitter:label1\" content=\"Tiempo de lectura\" \/>\n\t<meta name=\"twitter:data1\" content=\"2 minutos\" \/>\n<script type=\"application\/ld+json\" class=\"yoast-schema-graph\">{\"@context\":\"https:\/\/schema.org\",\"@graph\":[{\"@type\":\"WebPage\",\"@id\":\"https:\/\/medicina.udd.cl\/centro-epidemiologia-politicas-salud\/extension-capacitacion\/participacion-en-conferencias-internacionales\/\",\"url\":\"https:\/\/medicina.udd.cl\/centro-epidemiologia-politicas-salud\/extension-capacitacion\/participacion-en-conferencias-internacionales\/\",\"name\":\"Participaci\u00f3n en conferencias internacionales - Centro de Epidemiolog\u00eda y Pol\u00edticas de Salud\",\"isPartOf\":{\"@id\":\"https:\/\/medicina.udd.cl\/centro-epidemiologia-politicas-salud\/#website\"},\"datePublished\":\"2012-07-05T19:02:36+00:00\",\"dateModified\":\"2013-09-26T14:42:56+00:00\",\"breadcrumb\":{\"@id\":\"https:\/\/medicina.udd.cl\/centro-epidemiologia-politicas-salud\/extension-capacitacion\/participacion-en-conferencias-internacionales\/#breadcrumb\"},\"inLanguage\":\"es\",\"potentialAction\":[{\"@type\":\"ReadAction\",\"target\":[\"https:\/\/medicina.udd.cl\/centro-epidemiologia-politicas-salud\/extension-capacitacion\/participacion-en-conferencias-internacionales\/\"]}]},{\"@type\":\"BreadcrumbList\",\"@id\":\"https:\/\/medicina.udd.cl\/centro-epidemiologia-politicas-salud\/extension-capacitacion\/participacion-en-conferencias-internacionales\/#breadcrumb\",\"itemListElement\":[{\"@type\":\"ListItem\",\"position\":1,\"name\":\"Inicio\",\"item\":\"https:\/\/medicina.udd.cl\/centro-epidemiologia-politicas-salud\/\"},{\"@type\":\"ListItem\",\"position\":2,\"name\":\"Extensi\u00f3n y capacitaci\u00f3n\",\"item\":\"https:\/\/medicina.udd.cl\/centro-epidemiologia-politicas-salud\/extension-capacitacion\/\"},{\"@type\":\"ListItem\",\"position\":3,\"name\":\"Participaci\u00f3n en conferencias internacionales\"}]},{\"@type\":\"WebSite\",\"@id\":\"https:\/\/medicina.udd.cl\/centro-epidemiologia-politicas-salud\/#website\",\"url\":\"https:\/\/medicina.udd.cl\/centro-epidemiologia-politicas-salud\/\",\"name\":\"Centro de Epidemiolog\u00eda y Pol\u00edticas de Salud\",\"description\":\"Otro blog m\u00e1s de Medicina\",\"inLanguage\":\"es\"}]}<\/script>\n<!-- \/ Yoast SEO plugin. -->","yoast_head_json":{"title":"Participaci\u00f3n en conferencias internacionales - Centro de Epidemiolog\u00eda y Pol\u00edticas de Salud","robots":{"index":"index","follow":"follow","max-snippet":"max-snippet:-1","max-image-preview":"max-image-preview:large","max-video-preview":"max-video-preview:-1"},"canonical":"https:\/\/medicina.udd.cl\/centro-epidemiologia-politicas-salud\/extension-capacitacion\/participacion-en-conferencias-internacionales\/","og_locale":"es_ES","og_type":"article","og_title":"Participaci\u00f3n en conferencias internacionales - Centro de Epidemiolog\u00eda y Pol\u00edticas de Salud","og_description":"Participaci\u00f3n de nuestro equipo en distintos seminarios y conferencias.","og_url":"https:\/\/medicina.udd.cl\/centro-epidemiologia-politicas-salud\/extension-capacitacion\/participacion-en-conferencias-internacionales\/","og_site_name":"Centro de Epidemiolog\u00eda y Pol\u00edticas de Salud","article_modified_time":"2013-09-26T14:42:56+00:00","twitter_misc":{"Tiempo de lectura":"2 minutos"},"schema":{"@context":"https:\/\/schema.org","@graph":[{"@type":"WebPage","@id":"https:\/\/medicina.udd.cl\/centro-epidemiologia-politicas-salud\/extension-capacitacion\/participacion-en-conferencias-internacionales\/","url":"https:\/\/medicina.udd.cl\/centro-epidemiologia-politicas-salud\/extension-capacitacion\/participacion-en-conferencias-internacionales\/","name":"Participaci\u00f3n en conferencias internacionales - Centro de Epidemiolog\u00eda y Pol\u00edticas de Salud","isPartOf":{"@id":"https:\/\/medicina.udd.cl\/centro-epidemiologia-politicas-salud\/#website"},"datePublished":"2012-07-05T19:02:36+00:00","dateModified":"2013-09-26T14:42:56+00:00","breadcrumb":{"@id":"https:\/\/medicina.udd.cl\/centro-epidemiologia-politicas-salud\/extension-capacitacion\/participacion-en-conferencias-internacionales\/#breadcrumb"},"inLanguage":"es","potentialAction":[{"@type":"ReadAction","target":["https:\/\/medicina.udd.cl\/centro-epidemiologia-politicas-salud\/extension-capacitacion\/participacion-en-conferencias-internacionales\/"]}]},{"@type":"BreadcrumbList","@id":"https:\/\/medicina.udd.cl\/centro-epidemiologia-politicas-salud\/extension-capacitacion\/participacion-en-conferencias-internacionales\/#breadcrumb","itemListElement":[{"@type":"ListItem","position":1,"name":"Inicio","item":"https:\/\/medicina.udd.cl\/centro-epidemiologia-politicas-salud\/"},{"@type":"ListItem","position":2,"name":"Extensi\u00f3n y capacitaci\u00f3n","item":"https:\/\/medicina.udd.cl\/centro-epidemiologia-politicas-salud\/extension-capacitacion\/"},{"@type":"ListItem","position":3,"name":"Participaci\u00f3n en conferencias internacionales"}]},{"@type":"WebSite","@id":"https:\/\/medicina.udd.cl\/centro-epidemiologia-politicas-salud\/#website","url":"https:\/\/medicina.udd.cl\/centro-epidemiologia-politicas-salud\/","name":"Centro de Epidemiolog\u00eda y Pol\u00edticas de Salud","description":"Otro blog m\u00e1s de Medicina","inLanguage":"es"}]}},"_links":{"self":[{"href":"https:\/\/medicina.udd.cl\/centro-epidemiologia-politicas-salud\/wp-json\/wp\/v2\/pages\/365","targetHints":{"allow":["GET"]}}],"collection":[{"href":"https:\/\/medicina.udd.cl\/centro-epidemiologia-politicas-salud\/wp-json\/wp\/v2\/pages"}],"about":[{"href":"https:\/\/medicina.udd.cl\/centro-epidemiologia-politicas-salud\/wp-json\/wp\/v2\/types\/page"}],"author":[{"embeddable":true,"href":"https:\/\/medicina.udd.cl\/centro-epidemiologia-politicas-salud\/wp-json\/wp\/v2\/users\/1"}],"replies":[{"embeddable":true,"href":"https:\/\/medicina.udd.cl\/centro-epidemiologia-politicas-salud\/wp-json\/wp\/v2\/comments?post=365"}],"version-history":[{"count":8,"href":"https:\/\/medicina.udd.cl\/centro-epidemiologia-politicas-salud\/wp-json\/wp\/v2\/pages\/365\/revisions"}],"predecessor-version":[{"id":777,"href":"https:\/\/medicina.udd.cl\/centro-epidemiologia-politicas-salud\/wp-json\/wp\/v2\/pages\/365\/revisions\/777"}],"up":[{"embeddable":true,"href":"https:\/\/medicina.udd.cl\/centro-epidemiologia-politicas-salud\/wp-json\/wp\/v2\/pages\/290"}],"wp:attachment":[{"href":"https:\/\/medicina.udd.cl\/centro-epidemiologia-politicas-salud\/wp-json\/wp\/v2\/media?parent=365"}],"curies":[{"name":"wp","href":"https:\/\/api.w.org\/{rel}","templated":true}]}}