{"id":372,"date":"2012-07-05T15:55:08","date_gmt":"2012-07-05T19:55:08","guid":{"rendered":"http:\/\/medicina.udd.cl\/centro-epidemiologia-politicas-salud\/"},"modified":"2013-09-26T10:46:42","modified_gmt":"2013-09-26T14:46:42","slug":"participacion-en-asesorias-internacionales","status":"publish","type":"page","link":"https:\/\/medicina.udd.cl\/centro-epidemiologia-politicas-salud\/extension-capacitacion\/participacion-en-asesorias-internacionales\/","title":{"rendered":"Participaci\u00f3n en Asesor\u00edas Internacionales"},"content":{"rendered":"<ul>\n<li>Proyecto OPS Colombia.\u00a0Se desarroll\u00f3 el proyecto \u201cPropuesta Metodol\u00f3gica para incluir el enfoque de Determinantes Sociales de la Salud en los Planes de Salud\u00bb, en el marco de un Convenio de Colaboraci\u00f3n suscrito con OPS Colombia destinado al Ministerio de Salud y Protecci\u00f3n Social de Colombia. El producto final fue un documento t\u00e9cnico con orientaciones metodol\u00f3gicas para incluir el enfoque de Determinantes Sociales de la Salud en los Planes de Salud de Colombia, validado con las respectivas contrapartes. La metodolog\u00eda incluy\u00f3 una \u201cScopingReview\u201d, una encuesta on line, entrevistas a informantes clave y 3 talleres de capacitaci\u00f3n presenciales en Colombia.<\/li>\n<li><span style=\"text-align: justify;\">La Organizaci\u00f3n Panamericana de la Salud\/Organizaci\u00f3n Mundial de la Salud OPS\/OMS, invit\u00f3 a la Doctora Ximena Aguilera a liderar el equipo de expertos internacionales en la Evaluaci\u00f3n de la Respuesta de Brasil a la Pandemia de Influenza 2009.\u00a0<\/span><span style=\"text-align: justify;\">Esto se llev\u00f3 a cabo del 23 de mayo al 3 de junio de 2011.<\/span><\/li>\n<\/ul>\n","protected":false},"excerpt":{"rendered":"<p>Reuniones y colaboraciones con equipos de expertos internacionales.<\/p>\n","protected":false},"author":1,"featured_media":0,"parent":290,"menu_order":3,"comment_status":"open","ping_status":"open","template":"","meta":{"footnotes":""},"class_list":["post-372","page","type-page","status-publish","hentry"],"yoast_head":"<!-- This site is optimized with the Yoast SEO plugin v26.9 - https:\/\/yoast.com\/product\/yoast-seo-wordpress\/ -->\n<title>Participaci\u00f3n en Asesor\u00edas Internacionales - Centro de Epidemiolog\u00eda y Pol\u00edticas de Salud<\/title>\n<meta name=\"robots\" content=\"index, follow, max-snippet:-1, max-image-preview:large, max-video-preview:-1\" \/>\n<link rel=\"canonical\" href=\"https:\/\/medicina.udd.cl\/centro-epidemiologia-politicas-salud\/extension-capacitacion\/participacion-en-asesorias-internacionales\/\" \/>\n<meta property=\"og:locale\" content=\"es_ES\" \/>\n<meta property=\"og:type\" content=\"article\" \/>\n<meta property=\"og:title\" content=\"Participaci\u00f3n en Asesor\u00edas Internacionales - Centro de Epidemiolog\u00eda y Pol\u00edticas de Salud\" \/>\n<meta property=\"og:description\" content=\"Reuniones y colaboraciones con equipos de expertos internacionales.\" \/>\n<meta property=\"og:url\" content=\"https:\/\/medicina.udd.cl\/centro-epidemiologia-politicas-salud\/extension-capacitacion\/participacion-en-asesorias-internacionales\/\" \/>\n<meta property=\"og:site_name\" content=\"Centro de Epidemiolog\u00eda y Pol\u00edticas de Salud\" \/>\n<meta property=\"article:modified_time\" content=\"2013-09-26T14:46:42+00:00\" \/>\n<meta name=\"twitter:label1\" content=\"Tiempo de lectura\" \/>\n\t<meta name=\"twitter:data1\" content=\"1 minuto\" \/>\n<script type=\"application\/ld+json\" class=\"yoast-schema-graph\">{\"@context\":\"https:\/\/schema.org\",\"@graph\":[{\"@type\":\"WebPage\",\"@id\":\"https:\/\/medicina.udd.cl\/centro-epidemiologia-politicas-salud\/extension-capacitacion\/participacion-en-asesorias-internacionales\/\",\"url\":\"https:\/\/medicina.udd.cl\/centro-epidemiologia-politicas-salud\/extension-capacitacion\/participacion-en-asesorias-internacionales\/\",\"name\":\"Participaci\u00f3n en Asesor\u00edas Internacionales - Centro de Epidemiolog\u00eda y Pol\u00edticas de Salud\",\"isPartOf\":{\"@id\":\"https:\/\/medicina.udd.cl\/centro-epidemiologia-politicas-salud\/#website\"},\"datePublished\":\"2012-07-05T19:55:08+00:00\",\"dateModified\":\"2013-09-26T14:46:42+00:00\",\"breadcrumb\":{\"@id\":\"https:\/\/medicina.udd.cl\/centro-epidemiologia-politicas-salud\/extension-capacitacion\/participacion-en-asesorias-internacionales\/#breadcrumb\"},\"inLanguage\":\"es\",\"potentialAction\":[{\"@type\":\"ReadAction\",\"target\":[\"https:\/\/medicina.udd.cl\/centro-epidemiologia-politicas-salud\/extension-capacitacion\/participacion-en-asesorias-internacionales\/\"]}]},{\"@type\":\"BreadcrumbList\",\"@id\":\"https:\/\/medicina.udd.cl\/centro-epidemiologia-politicas-salud\/extension-capacitacion\/participacion-en-asesorias-internacionales\/#breadcrumb\",\"itemListElement\":[{\"@type\":\"ListItem\",\"position\":1,\"name\":\"Inicio\",\"item\":\"https:\/\/medicina.udd.cl\/centro-epidemiologia-politicas-salud\/\"},{\"@type\":\"ListItem\",\"position\":2,\"name\":\"Extensi\u00f3n y capacitaci\u00f3n\",\"item\":\"https:\/\/medicina.udd.cl\/centro-epidemiologia-politicas-salud\/extension-capacitacion\/\"},{\"@type\":\"ListItem\",\"position\":3,\"name\":\"Participaci\u00f3n en Asesor\u00edas Internacionales\"}]},{\"@type\":\"WebSite\",\"@id\":\"https:\/\/medicina.udd.cl\/centro-epidemiologia-politicas-salud\/#website\",\"url\":\"https:\/\/medicina.udd.cl\/centro-epidemiologia-politicas-salud\/\",\"name\":\"Centro de Epidemiolog\u00eda y Pol\u00edticas de Salud\",\"description\":\"Otro blog m\u00e1s de Medicina\",\"inLanguage\":\"es\"}]}<\/script>\n<!-- \/ Yoast SEO plugin. -->","yoast_head_json":{"title":"Participaci\u00f3n en Asesor\u00edas Internacionales - Centro de Epidemiolog\u00eda y Pol\u00edticas de Salud","robots":{"index":"index","follow":"follow","max-snippet":"max-snippet:-1","max-image-preview":"max-image-preview:large","max-video-preview":"max-video-preview:-1"},"canonical":"https:\/\/medicina.udd.cl\/centro-epidemiologia-politicas-salud\/extension-capacitacion\/participacion-en-asesorias-internacionales\/","og_locale":"es_ES","og_type":"article","og_title":"Participaci\u00f3n en Asesor\u00edas Internacionales - Centro de Epidemiolog\u00eda y Pol\u00edticas de Salud","og_description":"Reuniones y colaboraciones con equipos de expertos internacionales.","og_url":"https:\/\/medicina.udd.cl\/centro-epidemiologia-politicas-salud\/extension-capacitacion\/participacion-en-asesorias-internacionales\/","og_site_name":"Centro de Epidemiolog\u00eda y Pol\u00edticas de Salud","article_modified_time":"2013-09-26T14:46:42+00:00","twitter_misc":{"Tiempo de lectura":"1 minuto"},"schema":{"@context":"https:\/\/schema.org","@graph":[{"@type":"WebPage","@id":"https:\/\/medicina.udd.cl\/centro-epidemiologia-politicas-salud\/extension-capacitacion\/participacion-en-asesorias-internacionales\/","url":"https:\/\/medicina.udd.cl\/centro-epidemiologia-politicas-salud\/extension-capacitacion\/participacion-en-asesorias-internacionales\/","name":"Participaci\u00f3n en Asesor\u00edas Internacionales - Centro de Epidemiolog\u00eda y Pol\u00edticas de Salud","isPartOf":{"@id":"https:\/\/medicina.udd.cl\/centro-epidemiologia-politicas-salud\/#website"},"datePublished":"2012-07-05T19:55:08+00:00","dateModified":"2013-09-26T14:46:42+00:00","breadcrumb":{"@id":"https:\/\/medicina.udd.cl\/centro-epidemiologia-politicas-salud\/extension-capacitacion\/participacion-en-asesorias-internacionales\/#breadcrumb"},"inLanguage":"es","potentialAction":[{"@type":"ReadAction","target":["https:\/\/medicina.udd.cl\/centro-epidemiologia-politicas-salud\/extension-capacitacion\/participacion-en-asesorias-internacionales\/"]}]},{"@type":"BreadcrumbList","@id":"https:\/\/medicina.udd.cl\/centro-epidemiologia-politicas-salud\/extension-capacitacion\/participacion-en-asesorias-internacionales\/#breadcrumb","itemListElement":[{"@type":"ListItem","position":1,"name":"Inicio","item":"https:\/\/medicina.udd.cl\/centro-epidemiologia-politicas-salud\/"},{"@type":"ListItem","position":2,"name":"Extensi\u00f3n y capacitaci\u00f3n","item":"https:\/\/medicina.udd.cl\/centro-epidemiologia-politicas-salud\/extension-capacitacion\/"},{"@type":"ListItem","position":3,"name":"Participaci\u00f3n en Asesor\u00edas Internacionales"}]},{"@type":"WebSite","@id":"https:\/\/medicina.udd.cl\/centro-epidemiologia-politicas-salud\/#website","url":"https:\/\/medicina.udd.cl\/centro-epidemiologia-politicas-salud\/","name":"Centro de Epidemiolog\u00eda y Pol\u00edticas de Salud","description":"Otro blog m\u00e1s de Medicina","inLanguage":"es"}]}},"_links":{"self":[{"href":"https:\/\/medicina.udd.cl\/centro-epidemiologia-politicas-salud\/wp-json\/wp\/v2\/pages\/372","targetHints":{"allow":["GET"]}}],"collection":[{"href":"https:\/\/medicina.udd.cl\/centro-epidemiologia-politicas-salud\/wp-json\/wp\/v2\/pages"}],"about":[{"href":"https:\/\/medicina.udd.cl\/centro-epidemiologia-politicas-salud\/wp-json\/wp\/v2\/types\/page"}],"author":[{"embeddable":true,"href":"https:\/\/medicina.udd.cl\/centro-epidemiologia-politicas-salud\/wp-json\/wp\/v2\/users\/1"}],"replies":[{"embeddable":true,"href":"https:\/\/medicina.udd.cl\/centro-epidemiologia-politicas-salud\/wp-json\/wp\/v2\/comments?post=372"}],"version-history":[{"count":4,"href":"https:\/\/medicina.udd.cl\/centro-epidemiologia-politicas-salud\/wp-json\/wp\/v2\/pages\/372\/revisions"}],"predecessor-version":[{"id":847,"href":"https:\/\/medicina.udd.cl\/centro-epidemiologia-politicas-salud\/wp-json\/wp\/v2\/pages\/372\/revisions\/847"}],"up":[{"embeddable":true,"href":"https:\/\/medicina.udd.cl\/centro-epidemiologia-politicas-salud\/wp-json\/wp\/v2\/pages\/290"}],"wp:attachment":[{"href":"https:\/\/medicina.udd.cl\/centro-epidemiologia-politicas-salud\/wp-json\/wp\/v2\/media?parent=372"}],"curies":[{"name":"wp","href":"https:\/\/api.w.org\/{rel}","templated":true}]}}