{"id":439,"date":"2012-11-14T17:16:14","date_gmt":"2012-11-14T20:16:14","guid":{"rendered":"http:\/\/medicina.udd.cl\/centro-epidemiologia-politicas-salud\/"},"modified":"2012-11-14T17:17:39","modified_gmt":"2012-11-14T20:17:39","slug":"manuel-najera","status":"publish","type":"page","link":"https:\/\/medicina.udd.cl\/centro-epidemiologia-politicas-salud\/manuel-najera\/","title":{"rendered":"Manuel N\u00e1jera"},"content":{"rendered":"<p>M\u00e9dico-cirujano de la Universidad de Santiago de Chile.<\/p>\n<p>Especialista en Epidemiolog\u00eda, con formaci\u00f3n en Postgrado en el \u00e1rea de Epidemiolog\u00eda en la Universidad Cat\u00f3lica de Chile.<\/p>\n<p>Tiene experiencia en el sector p\u00fablico habiendo prestado servicios profesionales en el \u00e1rea de Epidemiolog\u00eda y Diagn\u00f3sticos de Equidad en el Ministerio de Salud de Chile. Desarroll\u00f3 labores docentes en el \u00e1mbito de pre y postgrado del \u00e1rea de Salud P\u00fablica y Epidemiolog\u00eda, as\u00ed como participaci\u00f3n en actividades de investigaci\u00f3n y asesor\u00eda en el \u00e1mbito de la Gesti\u00f3n de Atenci\u00f3n y Servicios de Salud\u00bb.<\/p>\n","protected":false},"excerpt":{"rendered":"<p>M\u00e9dico-cirujano de la Universidad de Santiago de Chile. Especialista en Epidemiolog\u00eda, con formaci\u00f3n en Postgrado en el \u00e1rea de Epidemiolog\u00eda en la Universidad Cat\u00f3lica de Chile. Tiene experiencia en el sector p\u00fablico habiendo prestado servicios profesionales en el \u00e1rea de Epidemiolog\u00eda y Diagn\u00f3sticos de Equidad en el Ministerio de Salud de Chile. Desarroll\u00f3 labores docentes [&hellip;]<\/p>\n","protected":false},"author":1,"featured_media":0,"parent":0,"menu_order":0,"comment_status":"open","ping_status":"open","template":"","meta":{"footnotes":""},"class_list":["post-439","page","type-page","status-publish","hentry"],"yoast_head":"<!-- This site is optimized with the Yoast SEO plugin v26.9 - https:\/\/yoast.com\/product\/yoast-seo-wordpress\/ -->\n<title>Manuel N\u00e1jera - Centro de Epidemiolog\u00eda y Pol\u00edticas de Salud<\/title>\n<meta name=\"robots\" content=\"index, follow, max-snippet:-1, max-image-preview:large, max-video-preview:-1\" \/>\n<link rel=\"canonical\" href=\"https:\/\/medicina.udd.cl\/centro-epidemiologia-politicas-salud\/manuel-najera\/\" \/>\n<meta property=\"og:locale\" content=\"es_ES\" \/>\n<meta property=\"og:type\" content=\"article\" \/>\n<meta property=\"og:title\" content=\"Manuel N\u00e1jera - Centro de Epidemiolog\u00eda y Pol\u00edticas de Salud\" \/>\n<meta property=\"og:description\" content=\"M\u00e9dico-cirujano de la Universidad de Santiago de Chile. Especialista en Epidemiolog\u00eda, con formaci\u00f3n en Postgrado en el \u00e1rea de Epidemiolog\u00eda en la Universidad Cat\u00f3lica de Chile. Tiene experiencia en el sector p\u00fablico habiendo prestado servicios profesionales en el \u00e1rea de Epidemiolog\u00eda y Diagn\u00f3sticos de Equidad en el Ministerio de Salud de Chile. Desarroll\u00f3 labores docentes [&hellip;]\" \/>\n<meta property=\"og:url\" content=\"https:\/\/medicina.udd.cl\/centro-epidemiologia-politicas-salud\/manuel-najera\/\" \/>\n<meta property=\"og:site_name\" content=\"Centro de Epidemiolog\u00eda y Pol\u00edticas de Salud\" \/>\n<meta property=\"article:modified_time\" content=\"2012-11-14T20:17:39+00:00\" \/>\n<meta name=\"twitter:label1\" content=\"Tiempo de lectura\" \/>\n\t<meta name=\"twitter:data1\" content=\"1 minuto\" \/>\n<script type=\"application\/ld+json\" class=\"yoast-schema-graph\">{\"@context\":\"https:\/\/schema.org\",\"@graph\":[{\"@type\":\"WebPage\",\"@id\":\"https:\/\/medicina.udd.cl\/centro-epidemiologia-politicas-salud\/manuel-najera\/\",\"url\":\"https:\/\/medicina.udd.cl\/centro-epidemiologia-politicas-salud\/manuel-najera\/\",\"name\":\"Manuel N\u00e1jera - Centro de Epidemiolog\u00eda y Pol\u00edticas de Salud\",\"isPartOf\":{\"@id\":\"https:\/\/medicina.udd.cl\/centro-epidemiologia-politicas-salud\/#website\"},\"datePublished\":\"2012-11-14T20:16:14+00:00\",\"dateModified\":\"2012-11-14T20:17:39+00:00\",\"breadcrumb\":{\"@id\":\"https:\/\/medicina.udd.cl\/centro-epidemiologia-politicas-salud\/manuel-najera\/#breadcrumb\"},\"inLanguage\":\"es\",\"potentialAction\":[{\"@type\":\"ReadAction\",\"target\":[\"https:\/\/medicina.udd.cl\/centro-epidemiologia-politicas-salud\/manuel-najera\/\"]}]},{\"@type\":\"BreadcrumbList\",\"@id\":\"https:\/\/medicina.udd.cl\/centro-epidemiologia-politicas-salud\/manuel-najera\/#breadcrumb\",\"itemListElement\":[{\"@type\":\"ListItem\",\"position\":1,\"name\":\"Inicio\",\"item\":\"https:\/\/medicina.udd.cl\/centro-epidemiologia-politicas-salud\/\"},{\"@type\":\"ListItem\",\"position\":2,\"name\":\"Manuel N\u00e1jera\"}]},{\"@type\":\"WebSite\",\"@id\":\"https:\/\/medicina.udd.cl\/centro-epidemiologia-politicas-salud\/#website\",\"url\":\"https:\/\/medicina.udd.cl\/centro-epidemiologia-politicas-salud\/\",\"name\":\"Centro de Epidemiolog\u00eda y Pol\u00edticas de Salud\",\"description\":\"Otro blog m\u00e1s de Medicina\",\"inLanguage\":\"es\"}]}<\/script>\n<!-- \/ Yoast SEO plugin. -->","yoast_head_json":{"title":"Manuel N\u00e1jera - Centro de Epidemiolog\u00eda y Pol\u00edticas de Salud","robots":{"index":"index","follow":"follow","max-snippet":"max-snippet:-1","max-image-preview":"max-image-preview:large","max-video-preview":"max-video-preview:-1"},"canonical":"https:\/\/medicina.udd.cl\/centro-epidemiologia-politicas-salud\/manuel-najera\/","og_locale":"es_ES","og_type":"article","og_title":"Manuel N\u00e1jera - Centro de Epidemiolog\u00eda y Pol\u00edticas de Salud","og_description":"M\u00e9dico-cirujano de la Universidad de Santiago de Chile. Especialista en Epidemiolog\u00eda, con formaci\u00f3n en Postgrado en el \u00e1rea de Epidemiolog\u00eda en la Universidad Cat\u00f3lica de Chile. Tiene experiencia en el sector p\u00fablico habiendo prestado servicios profesionales en el \u00e1rea de Epidemiolog\u00eda y Diagn\u00f3sticos de Equidad en el Ministerio de Salud de Chile. Desarroll\u00f3 labores docentes [&hellip;]","og_url":"https:\/\/medicina.udd.cl\/centro-epidemiologia-politicas-salud\/manuel-najera\/","og_site_name":"Centro de Epidemiolog\u00eda y Pol\u00edticas de Salud","article_modified_time":"2012-11-14T20:17:39+00:00","twitter_misc":{"Tiempo de lectura":"1 minuto"},"schema":{"@context":"https:\/\/schema.org","@graph":[{"@type":"WebPage","@id":"https:\/\/medicina.udd.cl\/centro-epidemiologia-politicas-salud\/manuel-najera\/","url":"https:\/\/medicina.udd.cl\/centro-epidemiologia-politicas-salud\/manuel-najera\/","name":"Manuel N\u00e1jera - Centro de Epidemiolog\u00eda y Pol\u00edticas de Salud","isPartOf":{"@id":"https:\/\/medicina.udd.cl\/centro-epidemiologia-politicas-salud\/#website"},"datePublished":"2012-11-14T20:16:14+00:00","dateModified":"2012-11-14T20:17:39+00:00","breadcrumb":{"@id":"https:\/\/medicina.udd.cl\/centro-epidemiologia-politicas-salud\/manuel-najera\/#breadcrumb"},"inLanguage":"es","potentialAction":[{"@type":"ReadAction","target":["https:\/\/medicina.udd.cl\/centro-epidemiologia-politicas-salud\/manuel-najera\/"]}]},{"@type":"BreadcrumbList","@id":"https:\/\/medicina.udd.cl\/centro-epidemiologia-politicas-salud\/manuel-najera\/#breadcrumb","itemListElement":[{"@type":"ListItem","position":1,"name":"Inicio","item":"https:\/\/medicina.udd.cl\/centro-epidemiologia-politicas-salud\/"},{"@type":"ListItem","position":2,"name":"Manuel N\u00e1jera"}]},{"@type":"WebSite","@id":"https:\/\/medicina.udd.cl\/centro-epidemiologia-politicas-salud\/#website","url":"https:\/\/medicina.udd.cl\/centro-epidemiologia-politicas-salud\/","name":"Centro de Epidemiolog\u00eda y Pol\u00edticas de Salud","description":"Otro blog m\u00e1s de Medicina","inLanguage":"es"}]}},"_links":{"self":[{"href":"https:\/\/medicina.udd.cl\/centro-epidemiologia-politicas-salud\/wp-json\/wp\/v2\/pages\/439","targetHints":{"allow":["GET"]}}],"collection":[{"href":"https:\/\/medicina.udd.cl\/centro-epidemiologia-politicas-salud\/wp-json\/wp\/v2\/pages"}],"about":[{"href":"https:\/\/medicina.udd.cl\/centro-epidemiologia-politicas-salud\/wp-json\/wp\/v2\/types\/page"}],"author":[{"embeddable":true,"href":"https:\/\/medicina.udd.cl\/centro-epidemiologia-politicas-salud\/wp-json\/wp\/v2\/users\/1"}],"replies":[{"embeddable":true,"href":"https:\/\/medicina.udd.cl\/centro-epidemiologia-politicas-salud\/wp-json\/wp\/v2\/comments?post=439"}],"version-history":[{"count":3,"href":"https:\/\/medicina.udd.cl\/centro-epidemiologia-politicas-salud\/wp-json\/wp\/v2\/pages\/439\/revisions"}],"predecessor-version":[{"id":442,"href":"https:\/\/medicina.udd.cl\/centro-epidemiologia-politicas-salud\/wp-json\/wp\/v2\/pages\/439\/revisions\/442"}],"wp:attachment":[{"href":"https:\/\/medicina.udd.cl\/centro-epidemiologia-politicas-salud\/wp-json\/wp\/v2\/media?parent=439"}],"curies":[{"name":"wp","href":"https:\/\/api.w.org\/{rel}","templated":true}]}}