{"id":68,"date":"2010-07-06T12:57:31","date_gmt":"2010-07-06T16:57:31","guid":{"rendered":"http:\/\/medicina.udd.cl\/centro-epidemiologia-politicas-salud\/lucy-poffald\/"},"modified":"2012-11-14T17:04:08","modified_gmt":"2012-11-14T20:04:08","slug":"lucy-poffald","status":"publish","type":"page","link":"https:\/\/medicina.udd.cl\/centro-epidemiologia-politicas-salud\/lucy-poffald\/","title":{"rendered":"Lucy Poffald"},"content":{"rendered":"<p>Psic\u00f3loga de la Universidad de La Frontera, Mag\u00edster en Psicolog\u00eda Social-Comunitaria de la\u00a0Universidad Cat\u00f3lica de Chile, Diplomada en Gesti\u00f3n de Instituciones de Salud y con formaci\u00f3n espec\u00edfica en la Escuela Andaluza de Salud P\u00fablica de Granada, Espa\u00f1a.<\/p>\n<p>Experiencia en el sistema de salud p\u00fablico adquirida en la Direcci\u00f3n del Servicio de Salud Metropolitano Occidente, desempe\u00f1ando funciones de gesti\u00f3n de redes de salud en las 15 comunas del territorio, de formaci\u00f3n y capacitaci\u00f3n de equipos de salud y de Encargada de Salud Mental.<\/p>\n<p>Trabaj\u00f3 en el Ministerio de Salud en la Unidad de Salud Mental en dise\u00f1o, implementaci\u00f3n y monitoreo de programas de intervenci\u00f3n psicosocial en el \u00e1rea de derechos humanos, violencia intrafamiliar y maltrato infantil y en la Secretar\u00eda T\u00e9cnica de Determinantes de la Salud de la Subsecretar\u00eda de Salud P\u00fablica, dise\u00f1ando, implementando y evaluando programas de intervenci\u00f3n en equidad en salud a nivel nacional.<\/p>\n<p style=\"text-align: justify;\">Co- autora de publicaciones institucionales:<\/p>\n<p style=\"text-align: justify;\">\u2022\u00a0Co-autora \u201cOrientaciones Metodol\u00f3gicas para el Trabajo en 92 Comunas Vulnerables\u201d, MINSAL, 2010<br \/>\n\u2022\u00a0Co-autora \u201cEstrategia para la integraci\u00f3n de los determinantes Sociales y Equidad en la Agenda de Salud de Chile: Documento T\u00e9cnico I Antecedentes para apoyar la revisi\u00f3n y redise\u00f1o de los programas de salud p\u00fablica desde la perspectiva de equidad y determinantes sociales\u201d<br \/>\n\u2022\u00a0Co-autora \u201cEstrategia para la integraci\u00f3n de los determinantes Sociales y Equidad en la Agenda de Salud de Chile: Documento T\u00e9cnico II Pauta para iniciar la revisi\u00f3n de los programas: Lista de Chequeo de Equidad\u201d<br \/>\n\u2022\u00a0Co-autora \u201cEstrategia para la integraci\u00f3n de los determinantes Sociales y Equidad en la Agenda de Salud de Chile: Documento T\u00e9cnico III Gu\u00eda para analizar equidad en el acceso y los resultados de los programas y su relaci\u00f3n con los Determinantes Sociales de la Salud\u201d<br \/>\n\u2022\u00a0Co-autora \u201c\u201cPrograma de Comunas Vulnerables: Experiencia de Implementaci\u00f3n durante 2009\u201d, MINSAL, 2010.<br \/>\n\u2022\u00a0Co-autora \u201cPrograma Desarrollo de Competencias en Salud P\u00fablica Formador de Formadores\u201d MINSAL, 2010<\/p>\n","protected":false},"excerpt":{"rendered":"<p>Psic\u00f3loga de la Universidad de La Frontera, Mag\u00edster en Psicolog\u00eda Social-Comunitaria de la\u00a0Universidad Cat\u00f3lica de Chile, Diplomada en Gesti\u00f3n de Instituciones de Salud y con formaci\u00f3n espec\u00edfica en la Escuela Andaluza de Salud P\u00fablica de Granada, Espa\u00f1a. Experiencia en el sistema de salud p\u00fablico adquirida en la Direcci\u00f3n del Servicio de Salud Metropolitano Occidente, desempe\u00f1ando [&hellip;]<\/p>\n","protected":false},"author":1,"featured_media":0,"parent":0,"menu_order":0,"comment_status":"open","ping_status":"open","template":"","meta":{"footnotes":""},"class_list":["post-68","page","type-page","status-publish","hentry"],"yoast_head":"<!-- This site is optimized with the Yoast SEO plugin v26.9 - https:\/\/yoast.com\/product\/yoast-seo-wordpress\/ -->\n<title>Lucy Poffald  - Centro de Epidemiolog\u00eda y Pol\u00edticas de Salud<\/title>\n<meta name=\"robots\" content=\"index, follow, max-snippet:-1, max-image-preview:large, max-video-preview:-1\" \/>\n<link rel=\"canonical\" href=\"https:\/\/medicina.udd.cl\/centro-epidemiologia-politicas-salud\/lucy-poffald\/\" \/>\n<meta property=\"og:locale\" content=\"es_ES\" \/>\n<meta property=\"og:type\" content=\"article\" \/>\n<meta property=\"og:title\" content=\"Lucy Poffald  - Centro de Epidemiolog\u00eda y Pol\u00edticas de Salud\" \/>\n<meta property=\"og:description\" content=\"Psic\u00f3loga de la Universidad de La Frontera, Mag\u00edster en Psicolog\u00eda Social-Comunitaria de la\u00a0Universidad Cat\u00f3lica de Chile, Diplomada en Gesti\u00f3n de Instituciones de Salud y con formaci\u00f3n espec\u00edfica en la Escuela Andaluza de Salud P\u00fablica de Granada, Espa\u00f1a. Experiencia en el sistema de salud p\u00fablico adquirida en la Direcci\u00f3n del Servicio de Salud Metropolitano Occidente, desempe\u00f1ando [&hellip;]\" \/>\n<meta property=\"og:url\" content=\"https:\/\/medicina.udd.cl\/centro-epidemiologia-politicas-salud\/lucy-poffald\/\" \/>\n<meta property=\"og:site_name\" content=\"Centro de Epidemiolog\u00eda y Pol\u00edticas de Salud\" \/>\n<meta property=\"article:modified_time\" content=\"2012-11-14T20:04:08+00:00\" \/>\n<meta name=\"twitter:label1\" content=\"Tiempo de lectura\" \/>\n\t<meta name=\"twitter:data1\" content=\"2 minutos\" \/>\n<script type=\"application\/ld+json\" class=\"yoast-schema-graph\">{\"@context\":\"https:\/\/schema.org\",\"@graph\":[{\"@type\":\"WebPage\",\"@id\":\"https:\/\/medicina.udd.cl\/centro-epidemiologia-politicas-salud\/lucy-poffald\/\",\"url\":\"https:\/\/medicina.udd.cl\/centro-epidemiologia-politicas-salud\/lucy-poffald\/\",\"name\":\"Lucy Poffald - Centro de Epidemiolog\u00eda y Pol\u00edticas de Salud\",\"isPartOf\":{\"@id\":\"https:\/\/medicina.udd.cl\/centro-epidemiologia-politicas-salud\/#website\"},\"datePublished\":\"2010-07-06T16:57:31+00:00\",\"dateModified\":\"2012-11-14T20:04:08+00:00\",\"breadcrumb\":{\"@id\":\"https:\/\/medicina.udd.cl\/centro-epidemiologia-politicas-salud\/lucy-poffald\/#breadcrumb\"},\"inLanguage\":\"es\",\"potentialAction\":[{\"@type\":\"ReadAction\",\"target\":[\"https:\/\/medicina.udd.cl\/centro-epidemiologia-politicas-salud\/lucy-poffald\/\"]}]},{\"@type\":\"BreadcrumbList\",\"@id\":\"https:\/\/medicina.udd.cl\/centro-epidemiologia-politicas-salud\/lucy-poffald\/#breadcrumb\",\"itemListElement\":[{\"@type\":\"ListItem\",\"position\":1,\"name\":\"Inicio\",\"item\":\"https:\/\/medicina.udd.cl\/centro-epidemiologia-politicas-salud\/\"},{\"@type\":\"ListItem\",\"position\":2,\"name\":\"Lucy Poffald\"}]},{\"@type\":\"WebSite\",\"@id\":\"https:\/\/medicina.udd.cl\/centro-epidemiologia-politicas-salud\/#website\",\"url\":\"https:\/\/medicina.udd.cl\/centro-epidemiologia-politicas-salud\/\",\"name\":\"Centro de Epidemiolog\u00eda y Pol\u00edticas de Salud\",\"description\":\"Otro blog m\u00e1s de Medicina\",\"inLanguage\":\"es\"}]}<\/script>\n<!-- \/ Yoast SEO plugin. -->","yoast_head_json":{"title":"Lucy Poffald  - Centro de Epidemiolog\u00eda y Pol\u00edticas de Salud","robots":{"index":"index","follow":"follow","max-snippet":"max-snippet:-1","max-image-preview":"max-image-preview:large","max-video-preview":"max-video-preview:-1"},"canonical":"https:\/\/medicina.udd.cl\/centro-epidemiologia-politicas-salud\/lucy-poffald\/","og_locale":"es_ES","og_type":"article","og_title":"Lucy Poffald  - Centro de Epidemiolog\u00eda y Pol\u00edticas de Salud","og_description":"Psic\u00f3loga de la Universidad de La Frontera, Mag\u00edster en Psicolog\u00eda Social-Comunitaria de la\u00a0Universidad Cat\u00f3lica de Chile, Diplomada en Gesti\u00f3n de Instituciones de Salud y con formaci\u00f3n espec\u00edfica en la Escuela Andaluza de Salud P\u00fablica de Granada, Espa\u00f1a. Experiencia en el sistema de salud p\u00fablico adquirida en la Direcci\u00f3n del Servicio de Salud Metropolitano Occidente, desempe\u00f1ando [&hellip;]","og_url":"https:\/\/medicina.udd.cl\/centro-epidemiologia-politicas-salud\/lucy-poffald\/","og_site_name":"Centro de Epidemiolog\u00eda y Pol\u00edticas de Salud","article_modified_time":"2012-11-14T20:04:08+00:00","twitter_misc":{"Tiempo de lectura":"2 minutos"},"schema":{"@context":"https:\/\/schema.org","@graph":[{"@type":"WebPage","@id":"https:\/\/medicina.udd.cl\/centro-epidemiologia-politicas-salud\/lucy-poffald\/","url":"https:\/\/medicina.udd.cl\/centro-epidemiologia-politicas-salud\/lucy-poffald\/","name":"Lucy Poffald - Centro de Epidemiolog\u00eda y Pol\u00edticas de Salud","isPartOf":{"@id":"https:\/\/medicina.udd.cl\/centro-epidemiologia-politicas-salud\/#website"},"datePublished":"2010-07-06T16:57:31+00:00","dateModified":"2012-11-14T20:04:08+00:00","breadcrumb":{"@id":"https:\/\/medicina.udd.cl\/centro-epidemiologia-politicas-salud\/lucy-poffald\/#breadcrumb"},"inLanguage":"es","potentialAction":[{"@type":"ReadAction","target":["https:\/\/medicina.udd.cl\/centro-epidemiologia-politicas-salud\/lucy-poffald\/"]}]},{"@type":"BreadcrumbList","@id":"https:\/\/medicina.udd.cl\/centro-epidemiologia-politicas-salud\/lucy-poffald\/#breadcrumb","itemListElement":[{"@type":"ListItem","position":1,"name":"Inicio","item":"https:\/\/medicina.udd.cl\/centro-epidemiologia-politicas-salud\/"},{"@type":"ListItem","position":2,"name":"Lucy Poffald"}]},{"@type":"WebSite","@id":"https:\/\/medicina.udd.cl\/centro-epidemiologia-politicas-salud\/#website","url":"https:\/\/medicina.udd.cl\/centro-epidemiologia-politicas-salud\/","name":"Centro de Epidemiolog\u00eda y Pol\u00edticas de Salud","description":"Otro blog m\u00e1s de Medicina","inLanguage":"es"}]}},"_links":{"self":[{"href":"https:\/\/medicina.udd.cl\/centro-epidemiologia-politicas-salud\/wp-json\/wp\/v2\/pages\/68","targetHints":{"allow":["GET"]}}],"collection":[{"href":"https:\/\/medicina.udd.cl\/centro-epidemiologia-politicas-salud\/wp-json\/wp\/v2\/pages"}],"about":[{"href":"https:\/\/medicina.udd.cl\/centro-epidemiologia-politicas-salud\/wp-json\/wp\/v2\/types\/page"}],"author":[{"embeddable":true,"href":"https:\/\/medicina.udd.cl\/centro-epidemiologia-politicas-salud\/wp-json\/wp\/v2\/users\/1"}],"replies":[{"embeddable":true,"href":"https:\/\/medicina.udd.cl\/centro-epidemiologia-politicas-salud\/wp-json\/wp\/v2\/comments?post=68"}],"version-history":[{"count":2,"href":"https:\/\/medicina.udd.cl\/centro-epidemiologia-politicas-salud\/wp-json\/wp\/v2\/pages\/68\/revisions"}],"predecessor-version":[{"id":435,"href":"https:\/\/medicina.udd.cl\/centro-epidemiologia-politicas-salud\/wp-json\/wp\/v2\/pages\/68\/revisions\/435"}],"wp:attachment":[{"href":"https:\/\/medicina.udd.cl\/centro-epidemiologia-politicas-salud\/wp-json\/wp\/v2\/media?parent=68"}],"curies":[{"name":"wp","href":"https:\/\/api.w.org\/{rel}","templated":true}]}}