{"id":8,"date":"2010-04-06T12:07:13","date_gmt":"2010-04-06T16:07:13","guid":{"rendered":"http:\/\/medicina.udd.cl\/centro-epidemiologia-politicas-salud\/sobre-el-centro\/mision\/"},"modified":"2014-12-30T12:29:58","modified_gmt":"2014-12-30T15:29:58","slug":"mision","status":"publish","type":"page","link":"https:\/\/medicina.udd.cl\/centro-epidemiologia-politicas-salud\/sobre-el-centro\/mision\/","title":{"rendered":"Misi\u00f3n"},"content":{"rendered":"<p style=\"text-align: justify;\"><a href=\"http:\/\/medicina.udd.cl\/centro-epidemiologia-politicas-salud\/files\/2010\/04\/Equipo-Centro-de-Epidemiolog\u00eda-y-Pol\u00edticas-de-Salud.jpg\"><img loading=\"lazy\" decoding=\"async\" class=\"size-medium wp-image-1027 alignright\" alt=\"Equipo Centro de Epidemiolog\u00eda y Pol\u00edticas de Salud\" src=\"http:\/\/medicina.udd.cl\/centro-epidemiologia-politicas-salud\/files\/2010\/04\/Equipo-Centro-de-Epidemiolog\u00eda-y-Pol\u00edticas-de-Salud-200x300.jpg\" width=\"200\" height=\"300\" srcset=\"https:\/\/medicina.udd.cl\/centro-epidemiologia-politicas-salud\/files\/2010\/04\/Equipo-Centro-de-Epidemiolog\u00eda-y-Pol\u00edticas-de-Salud-200x300.jpg 200w, https:\/\/medicina.udd.cl\/centro-epidemiologia-politicas-salud\/files\/2010\/04\/Equipo-Centro-de-Epidemiolog\u00eda-y-Pol\u00edticas-de-Salud.jpg 450w\" sizes=\"auto, (max-width: 200px) 100vw, 200px\" \/><\/a><\/p>\n<p>El <strong>Centro de Epidemiolog\u00eda y Pol\u00edticas de Salud P\u00fablica<\/strong> <strong>de la Facultad de Medicina Cl\u00ednica Alemana Universidad del Desarrollo<\/strong> tiene como misi\u00f3n proveer un espacio multiprofesional para el estudio y an\u00e1lisis de los problemas de salud de nuestro pa\u00eds, desarrollando docencia e investigaci\u00f3n de excelencia en el campo de la Salud P\u00fablica y sus disciplinas asociadas.<\/p>\n<p>Su objetivo es participar de la comunidad universitaria y de la sociedad chilena, contribuyendo positivamente en la toma de decisiones en pol\u00edticas p\u00fablicas de salud, basados en los principios del respeto, tolerancia y equidad.<\/p>\n<p>Entre sus tareas, se encuentra identificar las pol\u00edticas e intervenciones que podr\u00edan maximizar los beneficios y en el largo plazo, tener un impacto positivo en la mejora del sistema de salud chileno, con un especial \u00e9nfasis en la reducci\u00f3n de las desigualdades. Asimismo, desarrollar l\u00edneas de investigaci\u00f3n relativas a profundizar el conocimiento de los principales problemas de salud y evaluar la respuesta del sistema a \u00e9stos problemas.<\/p>\n<p>Su equipo de profesionales especialistas y postgraduados se preocupa de elaborar planes de estudios para el pregrado y postgrado, buscando una mejor comprensi\u00f3n de las contribuciones de los factores no m\u00e9dicos y no biol\u00f3gicos a la salud, a la enfermedad, y a la rehabilitaci\u00f3n.<\/p>\n<p>En el ejercicio de sus tareas y funciones el equipo de CEPS trabaja en un marco colaborativo con profesionales especialistas del \u00e1rea de salud p\u00fablica del Hospital Padre Hurtado.<\/p>\n","protected":false},"excerpt":{"rendered":"<p>Conoce la misi\u00f3n del Centro de Epidemiolog\u00eda y Pol\u00edticas de Salud.<\/p>\n","protected":false},"author":1,"featured_media":0,"parent":7,"menu_order":0,"comment_status":"open","ping_status":"open","template":"","meta":{"footnotes":""},"class_list":["post-8","page","type-page","status-publish","hentry"],"yoast_head":"<!-- This site is optimized with the Yoast SEO plugin v26.9 - https:\/\/yoast.com\/product\/yoast-seo-wordpress\/ -->\n<title>Misi\u00f3n - Centro de Epidemiolog\u00eda y Pol\u00edticas de Salud<\/title>\n<meta name=\"robots\" content=\"index, follow, max-snippet:-1, max-image-preview:large, max-video-preview:-1\" \/>\n<link rel=\"canonical\" href=\"https:\/\/medicina.udd.cl\/centro-epidemiologia-politicas-salud\/sobre-el-centro\/mision\/\" \/>\n<meta property=\"og:locale\" content=\"es_ES\" \/>\n<meta property=\"og:type\" content=\"article\" \/>\n<meta property=\"og:title\" content=\"Misi\u00f3n - Centro de Epidemiolog\u00eda y Pol\u00edticas de Salud\" \/>\n<meta property=\"og:description\" content=\"Conoce la misi\u00f3n del Centro de Epidemiolog\u00eda y Pol\u00edticas de Salud.\" \/>\n<meta property=\"og:url\" content=\"https:\/\/medicina.udd.cl\/centro-epidemiologia-politicas-salud\/sobre-el-centro\/mision\/\" \/>\n<meta property=\"og:site_name\" content=\"Centro de Epidemiolog\u00eda y Pol\u00edticas de Salud\" \/>\n<meta property=\"article:modified_time\" content=\"2014-12-30T15:29:58+00:00\" \/>\n<meta name=\"twitter:label1\" content=\"Tiempo de lectura\" \/>\n\t<meta name=\"twitter:data1\" content=\"1 minuto\" \/>\n<script type=\"application\/ld+json\" class=\"yoast-schema-graph\">{\"@context\":\"https:\/\/schema.org\",\"@graph\":[{\"@type\":\"WebPage\",\"@id\":\"https:\/\/medicina.udd.cl\/centro-epidemiologia-politicas-salud\/sobre-el-centro\/mision\/\",\"url\":\"https:\/\/medicina.udd.cl\/centro-epidemiologia-politicas-salud\/sobre-el-centro\/mision\/\",\"name\":\"Misi\u00f3n - Centro de Epidemiolog\u00eda y Pol\u00edticas de Salud\",\"isPartOf\":{\"@id\":\"https:\/\/medicina.udd.cl\/centro-epidemiologia-politicas-salud\/#website\"},\"datePublished\":\"2010-04-06T16:07:13+00:00\",\"dateModified\":\"2014-12-30T15:29:58+00:00\",\"breadcrumb\":{\"@id\":\"https:\/\/medicina.udd.cl\/centro-epidemiologia-politicas-salud\/sobre-el-centro\/mision\/#breadcrumb\"},\"inLanguage\":\"es\",\"potentialAction\":[{\"@type\":\"ReadAction\",\"target\":[\"https:\/\/medicina.udd.cl\/centro-epidemiologia-politicas-salud\/sobre-el-centro\/mision\/\"]}]},{\"@type\":\"BreadcrumbList\",\"@id\":\"https:\/\/medicina.udd.cl\/centro-epidemiologia-politicas-salud\/sobre-el-centro\/mision\/#breadcrumb\",\"itemListElement\":[{\"@type\":\"ListItem\",\"position\":1,\"name\":\"Inicio\",\"item\":\"https:\/\/medicina.udd.cl\/centro-epidemiologia-politicas-salud\/\"},{\"@type\":\"ListItem\",\"position\":2,\"name\":\"Sobre el Centro\",\"item\":\"https:\/\/medicina.udd.cl\/centro-epidemiologia-politicas-salud\/sobre-el-centro\/\"},{\"@type\":\"ListItem\",\"position\":3,\"name\":\"Misi\u00f3n\"}]},{\"@type\":\"WebSite\",\"@id\":\"https:\/\/medicina.udd.cl\/centro-epidemiologia-politicas-salud\/#website\",\"url\":\"https:\/\/medicina.udd.cl\/centro-epidemiologia-politicas-salud\/\",\"name\":\"Centro de Epidemiolog\u00eda y Pol\u00edticas de Salud\",\"description\":\"Otro blog m\u00e1s de Medicina\",\"inLanguage\":\"es\"}]}<\/script>\n<!-- \/ Yoast SEO plugin. -->","yoast_head_json":{"title":"Misi\u00f3n - Centro de Epidemiolog\u00eda y Pol\u00edticas de Salud","robots":{"index":"index","follow":"follow","max-snippet":"max-snippet:-1","max-image-preview":"max-image-preview:large","max-video-preview":"max-video-preview:-1"},"canonical":"https:\/\/medicina.udd.cl\/centro-epidemiologia-politicas-salud\/sobre-el-centro\/mision\/","og_locale":"es_ES","og_type":"article","og_title":"Misi\u00f3n - Centro de Epidemiolog\u00eda y Pol\u00edticas de Salud","og_description":"Conoce la misi\u00f3n del Centro de Epidemiolog\u00eda y Pol\u00edticas de Salud.","og_url":"https:\/\/medicina.udd.cl\/centro-epidemiologia-politicas-salud\/sobre-el-centro\/mision\/","og_site_name":"Centro de Epidemiolog\u00eda y Pol\u00edticas de Salud","article_modified_time":"2014-12-30T15:29:58+00:00","twitter_misc":{"Tiempo de lectura":"1 minuto"},"schema":{"@context":"https:\/\/schema.org","@graph":[{"@type":"WebPage","@id":"https:\/\/medicina.udd.cl\/centro-epidemiologia-politicas-salud\/sobre-el-centro\/mision\/","url":"https:\/\/medicina.udd.cl\/centro-epidemiologia-politicas-salud\/sobre-el-centro\/mision\/","name":"Misi\u00f3n - Centro de Epidemiolog\u00eda y Pol\u00edticas de Salud","isPartOf":{"@id":"https:\/\/medicina.udd.cl\/centro-epidemiologia-politicas-salud\/#website"},"datePublished":"2010-04-06T16:07:13+00:00","dateModified":"2014-12-30T15:29:58+00:00","breadcrumb":{"@id":"https:\/\/medicina.udd.cl\/centro-epidemiologia-politicas-salud\/sobre-el-centro\/mision\/#breadcrumb"},"inLanguage":"es","potentialAction":[{"@type":"ReadAction","target":["https:\/\/medicina.udd.cl\/centro-epidemiologia-politicas-salud\/sobre-el-centro\/mision\/"]}]},{"@type":"BreadcrumbList","@id":"https:\/\/medicina.udd.cl\/centro-epidemiologia-politicas-salud\/sobre-el-centro\/mision\/#breadcrumb","itemListElement":[{"@type":"ListItem","position":1,"name":"Inicio","item":"https:\/\/medicina.udd.cl\/centro-epidemiologia-politicas-salud\/"},{"@type":"ListItem","position":2,"name":"Sobre el Centro","item":"https:\/\/medicina.udd.cl\/centro-epidemiologia-politicas-salud\/sobre-el-centro\/"},{"@type":"ListItem","position":3,"name":"Misi\u00f3n"}]},{"@type":"WebSite","@id":"https:\/\/medicina.udd.cl\/centro-epidemiologia-politicas-salud\/#website","url":"https:\/\/medicina.udd.cl\/centro-epidemiologia-politicas-salud\/","name":"Centro de Epidemiolog\u00eda y Pol\u00edticas de Salud","description":"Otro blog m\u00e1s de Medicina","inLanguage":"es"}]}},"_links":{"self":[{"href":"https:\/\/medicina.udd.cl\/centro-epidemiologia-politicas-salud\/wp-json\/wp\/v2\/pages\/8","targetHints":{"allow":["GET"]}}],"collection":[{"href":"https:\/\/medicina.udd.cl\/centro-epidemiologia-politicas-salud\/wp-json\/wp\/v2\/pages"}],"about":[{"href":"https:\/\/medicina.udd.cl\/centro-epidemiologia-politicas-salud\/wp-json\/wp\/v2\/types\/page"}],"author":[{"embeddable":true,"href":"https:\/\/medicina.udd.cl\/centro-epidemiologia-politicas-salud\/wp-json\/wp\/v2\/users\/1"}],"replies":[{"embeddable":true,"href":"https:\/\/medicina.udd.cl\/centro-epidemiologia-politicas-salud\/wp-json\/wp\/v2\/comments?post=8"}],"version-history":[{"count":9,"href":"https:\/\/medicina.udd.cl\/centro-epidemiologia-politicas-salud\/wp-json\/wp\/v2\/pages\/8\/revisions"}],"predecessor-version":[{"id":1103,"href":"https:\/\/medicina.udd.cl\/centro-epidemiologia-politicas-salud\/wp-json\/wp\/v2\/pages\/8\/revisions\/1103"}],"up":[{"embeddable":true,"href":"https:\/\/medicina.udd.cl\/centro-epidemiologia-politicas-salud\/wp-json\/wp\/v2\/pages\/7"}],"wp:attachment":[{"href":"https:\/\/medicina.udd.cl\/centro-epidemiologia-politicas-salud\/wp-json\/wp\/v2\/media?parent=8"}],"curies":[{"name":"wp","href":"https:\/\/api.w.org\/{rel}","templated":true}]}}