{"id":2156,"date":"2017-09-15T11:49:21","date_gmt":"2017-09-15T14:49:21","guid":{"rendered":"http:\/\/medicina.udd.cl\/centro-genetica-genomica\/files\/2017\/09\/Andr\u00e9s-Klein-en-Congreso-2.jpg"},"modified":"2017-09-15T11:49:21","modified_gmt":"2017-09-15T14:49:21","slug":"andres-klein-en-congreso-2","status":"inherit","type":"attachment","link":"https:\/\/medicina.udd.cl\/centro-genetica-genomica\/noticias\/2017\/09\/15\/investigador-udd-expuso-en-congreso-internacional-sobre-errores-innatos-en-el-metabolismo\/andres-klein-en-congreso-2\/","title":{"rendered":"Andr\u00e9s Klein en Congreso (2)"},"author":42,"featured_media":0,"comment_status":"open","ping_status":"closed","template":"","meta":[],"class_list":["post-2156","attachment","type-attachment","status-inherit","hentry"],"yoast_head":"<!-- This site is optimized with the Yoast SEO plugin v26.9 - https:\/\/yoast.com\/product\/yoast-seo-wordpress\/ -->\n<title>Andr\u00e9s Klein en Congreso (2) - Centro de Gen\u00e9tica y Gen\u00f3mica<\/title>\n<meta name=\"robots\" content=\"index, follow, max-snippet:-1, max-image-preview:large, max-video-preview:-1\" \/>\n<link rel=\"canonical\" href=\"https:\/\/medicina.udd.cl\/centro-genetica-genomica\/files\/2017\/09\/Andr\u00e9s-Klein-en-Congreso-2.jpg\" \/>\n<meta property=\"og:locale\" content=\"es_ES\" \/>\n<meta property=\"og:type\" content=\"article\" \/>\n<meta property=\"og:title\" content=\"Andr\u00e9s Klein en Congreso (2) - Centro de Gen\u00e9tica y Gen\u00f3mica\" \/>\n<meta property=\"og:url\" content=\"https:\/\/medicina.udd.cl\/centro-genetica-genomica\/files\/2017\/09\/Andr\u00e9s-Klein-en-Congreso-2.jpg\" \/>\n<meta property=\"og:site_name\" content=\"Centro de Gen\u00e9tica y Gen\u00f3mica\" \/>\n<meta property=\"og:image\" content=\"https:\/\/medicina.udd.cl\/centro-genetica-genomica\/files\/2017\/09\/Andr\u00e9s-Klein-en-Congreso-2.jpg\" \/>\n\t<meta property=\"og:image:width\" content=\"654\" \/>\n\t<meta property=\"og:image:height\" content=\"450\" \/>\n\t<meta property=\"og:image:type\" content=\"image\/jpeg\" \/>\n<script type=\"application\/ld+json\" class=\"yoast-schema-graph\">{\"@context\":\"https:\/\/schema.org\",\"@graph\":[{\"@type\":\"WebPage\",\"@id\":\"https:\/\/medicina.udd.cl\/centro-genetica-genomica\/files\/2017\/09\/Andr\u00e9s-Klein-en-Congreso-2.jpg\",\"url\":\"https:\/\/medicina.udd.cl\/centro-genetica-genomica\/files\/2017\/09\/Andr\u00e9s-Klein-en-Congreso-2.jpg\",\"name\":\"Andr\u00e9s Klein en Congreso (2) - Centro de Gen\u00e9tica y Gen\u00f3mica\",\"isPartOf\":{\"@id\":\"https:\/\/medicina.udd.cl\/centro-genetica-genomica\/#website\"},\"datePublished\":\"2017-09-15T14:49:21+00:00\",\"breadcrumb\":{\"@id\":\"https:\/\/medicina.udd.cl\/centro-genetica-genomica\/files\/2017\/09\/Andr\u00e9s-Klein-en-Congreso-2.jpg#breadcrumb\"},\"inLanguage\":\"es\",\"potentialAction\":[{\"@type\":\"ReadAction\",\"target\":[\"https:\/\/medicina.udd.cl\/centro-genetica-genomica\/files\/2017\/09\/Andr\u00e9s-Klein-en-Congreso-2.jpg\"]}]},{\"@type\":\"BreadcrumbList\",\"@id\":\"https:\/\/medicina.udd.cl\/centro-genetica-genomica\/files\/2017\/09\/Andr\u00e9s-Klein-en-Congreso-2.jpg#breadcrumb\",\"itemListElement\":[{\"@type\":\"ListItem\",\"position\":1,\"name\":\"Inicio\",\"item\":\"https:\/\/medicina.udd.cl\/centro-genetica-genomica\/\"},{\"@type\":\"ListItem\",\"position\":2,\"name\":\"Investigador UDD expuso en congreso internacional sobre errores innatos en el metabolismo\",\"item\":\"https:\/\/medicina.udd.cl\/centro-genetica-genomica\/noticias\/2017\/09\/15\/investigador-udd-expuso-en-congreso-internacional-sobre-errores-innatos-en-el-metabolismo\/\"},{\"@type\":\"ListItem\",\"position\":3,\"name\":\"Andr\u00e9s Klein en Congreso (2)\"}]},{\"@type\":\"WebSite\",\"@id\":\"https:\/\/medicina.udd.cl\/centro-genetica-genomica\/#website\",\"url\":\"https:\/\/medicina.udd.cl\/centro-genetica-genomica\/\",\"name\":\"Centro de Gen\u00e9tica y Gen\u00f3mica\",\"description\":\"\",\"inLanguage\":\"es\"}]}<\/script>\n<!-- \/ Yoast SEO plugin. -->","yoast_head_json":{"title":"Andr\u00e9s Klein en Congreso (2) - Centro de Gen\u00e9tica y Gen\u00f3mica","robots":{"index":"index","follow":"follow","max-snippet":"max-snippet:-1","max-image-preview":"max-image-preview:large","max-video-preview":"max-video-preview:-1"},"canonical":"https:\/\/medicina.udd.cl\/centro-genetica-genomica\/files\/2017\/09\/Andr\u00e9s-Klein-en-Congreso-2.jpg","og_locale":"es_ES","og_type":"article","og_title":"Andr\u00e9s Klein en Congreso (2) - Centro de Gen\u00e9tica y Gen\u00f3mica","og_url":"https:\/\/medicina.udd.cl\/centro-genetica-genomica\/files\/2017\/09\/Andr\u00e9s-Klein-en-Congreso-2.jpg","og_site_name":"Centro de Gen\u00e9tica y Gen\u00f3mica","og_image":[{"width":654,"height":450,"url":"https:\/\/medicina.udd.cl\/centro-genetica-genomica\/files\/2017\/09\/Andr\u00e9s-Klein-en-Congreso-2.jpg","type":"image\/jpeg"}],"schema":{"@context":"https:\/\/schema.org","@graph":[{"@type":"WebPage","@id":"https:\/\/medicina.udd.cl\/centro-genetica-genomica\/files\/2017\/09\/Andr\u00e9s-Klein-en-Congreso-2.jpg","url":"https:\/\/medicina.udd.cl\/centro-genetica-genomica\/files\/2017\/09\/Andr\u00e9s-Klein-en-Congreso-2.jpg","name":"Andr\u00e9s Klein en Congreso (2) - Centro de Gen\u00e9tica y Gen\u00f3mica","isPartOf":{"@id":"https:\/\/medicina.udd.cl\/centro-genetica-genomica\/#website"},"datePublished":"2017-09-15T14:49:21+00:00","breadcrumb":{"@id":"https:\/\/medicina.udd.cl\/centro-genetica-genomica\/files\/2017\/09\/Andr\u00e9s-Klein-en-Congreso-2.jpg#breadcrumb"},"inLanguage":"es","potentialAction":[{"@type":"ReadAction","target":["https:\/\/medicina.udd.cl\/centro-genetica-genomica\/files\/2017\/09\/Andr\u00e9s-Klein-en-Congreso-2.jpg"]}]},{"@type":"BreadcrumbList","@id":"https:\/\/medicina.udd.cl\/centro-genetica-genomica\/files\/2017\/09\/Andr\u00e9s-Klein-en-Congreso-2.jpg#breadcrumb","itemListElement":[{"@type":"ListItem","position":1,"name":"Inicio","item":"https:\/\/medicina.udd.cl\/centro-genetica-genomica\/"},{"@type":"ListItem","position":2,"name":"Investigador UDD expuso en congreso internacional sobre errores innatos en el metabolismo","item":"https:\/\/medicina.udd.cl\/centro-genetica-genomica\/noticias\/2017\/09\/15\/investigador-udd-expuso-en-congreso-internacional-sobre-errores-innatos-en-el-metabolismo\/"},{"@type":"ListItem","position":3,"name":"Andr\u00e9s Klein en Congreso (2)"}]},{"@type":"WebSite","@id":"https:\/\/medicina.udd.cl\/centro-genetica-genomica\/#website","url":"https:\/\/medicina.udd.cl\/centro-genetica-genomica\/","name":"Centro de Gen\u00e9tica y Gen\u00f3mica","description":"","inLanguage":"es"}]}},"description":{"rendered":"<p class=\"attachment\"><a href='https:\/\/medicina.udd.cl\/centro-genetica-genomica\/files\/2017\/09\/Andr\u00e9s-Klein-en-Congreso-2.jpg'><img loading=\"lazy\" decoding=\"async\" width=\"300\" height=\"206\" src=\"https:\/\/medicina.udd.cl\/centro-genetica-genomica\/files\/2017\/09\/Andr\u00e9s-Klein-en-Congreso-2-300x206.jpg\" class=\"attachment-medium size-medium\" alt=\"\" srcset=\"https:\/\/medicina.udd.cl\/centro-genetica-genomica\/files\/2017\/09\/Andr\u00e9s-Klein-en-Congreso-2-300x206.jpg 300w, https:\/\/medicina.udd.cl\/centro-genetica-genomica\/files\/2017\/09\/Andr\u00e9s-Klein-en-Congreso-2.jpg 654w\" sizes=\"auto, (max-width: 300px) 100vw, 300px\" \/><\/a><\/p>\n"},"caption":{"rendered":""},"alt_text":"","media_type":"image","mime_type":"image\/jpeg","media_details":{"width":654,"height":450,"file":"2017\/09\/Andr\u00e9s-Klein-en-Congreso-2.jpg","sizes":{"thumbnail":{"file":"Andr\u00e9s-Klein-en-Congreso-2-150x150.jpg","width":150,"height":150,"mime_type":"image\/jpeg","source_url":"https:\/\/medicina.udd.cl\/centro-genetica-genomica\/files\/2017\/09\/Andr\u00e9s-Klein-en-Congreso-2-150x150.jpg"},"medium":{"file":"Andr\u00e9s-Klein-en-Congreso-2-300x206.jpg","width":300,"height":206,"mime_type":"image\/jpeg","source_url":"https:\/\/medicina.udd.cl\/centro-genetica-genomica\/files\/2017\/09\/Andr\u00e9s-Klein-en-Congreso-2-300x206.jpg"},"newsletter_featured":{"file":"Andr\u00e9s-Klein-en-Congreso-2-316x224.jpg","width":316,"height":224,"mime_type":"image\/jpeg","source_url":"https:\/\/medicina.udd.cl\/centro-genetica-genomica\/files\/2017\/09\/Andr\u00e9s-Klein-en-Congreso-2-316x224.jpg"},"newsletter_first":{"file":"Andr\u00e9s-Klein-en-Congreso-2-286x205.jpg","width":286,"height":205,"mime_type":"image\/jpeg","source_url":"https:\/\/medicina.udd.cl\/centro-genetica-genomica\/files\/2017\/09\/Andr\u00e9s-Klein-en-Congreso-2-286x205.jpg"},"newsletter_thumb":{"file":"Andr\u00e9s-Klein-en-Congreso-2-288x150.jpg","width":288,"height":150,"mime_type":"image\/jpeg","source_url":"https:\/\/medicina.udd.cl\/centro-genetica-genomica\/files\/2017\/09\/Andr\u00e9s-Klein-en-Congreso-2-288x150.jpg"},"newsletter_column":{"file":"Andr\u00e9s-Klein-en-Congreso-2-182x140.jpg","width":182,"height":140,"mime_type":"image\/jpeg","source_url":"https:\/\/medicina.udd.cl\/centro-genetica-genomica\/files\/2017\/09\/Andr\u00e9s-Klein-en-Congreso-2-182x140.jpg"},"newsletter_square":{"file":"Andr\u00e9s-Klein-en-Congreso-2-62x62.jpg","width":62,"height":62,"mime_type":"image\/jpeg","source_url":"https:\/\/medicina.udd.cl\/centro-genetica-genomica\/files\/2017\/09\/Andr\u00e9s-Klein-en-Congreso-2-62x62.jpg"},"newsletter_square_large":{"file":"Andr\u00e9s-Klein-en-Congreso-2-87x62.jpg","width":87,"height":62,"mime_type":"image\/jpeg","source_url":"https:\/\/medicina.udd.cl\/centro-genetica-genomica\/files\/2017\/09\/Andr\u00e9s-Klein-en-Congreso-2-87x62.jpg"},"featured-home":{"file":"Andr\u00e9s-Klein-en-Congreso-2-654x450.jpg","width":654,"height":450,"mime_type":"image\/jpeg","source_url":"https:\/\/medicina.udd.cl\/centro-genetica-genomica\/files\/2017\/09\/Andr\u00e9s-Klein-en-Congreso-2-654x450.jpg"},"featured-career":{"file":"Andr\u00e9s-Klein-en-Congreso-2-654x430.jpg","width":654,"height":430,"mime_type":"image\/jpeg","source_url":"https:\/\/medicina.udd.cl\/centro-genetica-genomica\/files\/2017\/09\/Andr\u00e9s-Klein-en-Congreso-2-654x430.jpg"},"squared":{"file":"Andr\u00e9s-Klein-en-Congreso-2-300x300.jpg","width":300,"height":300,"mime_type":"image\/jpeg","source_url":"https:\/\/medicina.udd.cl\/centro-genetica-genomica\/files\/2017\/09\/Andr\u00e9s-Klein-en-Congreso-2-300x300.jpg"},"stretch":{"file":"Andr\u00e9s-Klein-en-Congreso-2-654x450.jpg","width":654,"height":450,"mime_type":"image\/jpeg","source_url":"https:\/\/medicina.udd.cl\/centro-genetica-genomica\/files\/2017\/09\/Andr\u00e9s-Klein-en-Congreso-2-654x450.jpg"},"portrait-medium":{"file":"Andr\u00e9s-Klein-en-Congreso-2-220x260.jpg","width":220,"height":260,"mime_type":"image\/jpeg","source_url":"https:\/\/medicina.udd.cl\/centro-genetica-genomica\/files\/2017\/09\/Andr\u00e9s-Klein-en-Congreso-2-220x260.jpg"},"landscape-small":{"file":"Andr\u00e9s-Klein-en-Congreso-2-125x80.jpg","width":125,"height":80,"mime_type":"image\/jpeg","source_url":"https:\/\/medicina.udd.cl\/centro-genetica-genomica\/files\/2017\/09\/Andr\u00e9s-Klein-en-Congreso-2-125x80.jpg"},"landscape-medium":{"file":"Andr\u00e9s-Klein-en-Congreso-2-340x220.jpg","width":340,"height":220,"mime_type":"image\/jpeg","source_url":"https:\/\/medicina.udd.cl\/centro-genetica-genomica\/files\/2017\/09\/Andr\u00e9s-Klein-en-Congreso-2-340x220.jpg"},"landscape-large":{"file":"Andr\u00e9s-Klein-en-Congreso-2-365x255.jpg","width":365,"height":255,"mime_type":"image\/jpeg","source_url":"https:\/\/medicina.udd.cl\/centro-genetica-genomica\/files\/2017\/09\/Andr\u00e9s-Klein-en-Congreso-2-365x255.jpg"},"landscape-xlarge":{"file":"Andr\u00e9s-Klein-en-Congreso-2-654x430.jpg","width":654,"height":430,"mime_type":"image\/jpeg","source_url":"https:\/\/medicina.udd.cl\/centro-genetica-genomica\/files\/2017\/09\/Andr\u00e9s-Klein-en-Congreso-2-654x430.jpg"},"panoramic":{"file":"Andr\u00e9s-Klein-en-Congreso-2-654x345.jpg","width":654,"height":345,"mime_type":"image\/jpeg","source_url":"https:\/\/medicina.udd.cl\/centro-genetica-genomica\/files\/2017\/09\/Andr\u00e9s-Klein-en-Congreso-2-654x345.jpg"},"stretch-large":{"file":"Andr\u00e9s-Klein-en-Congreso-2-654x450.jpg","width":654,"height":450,"mime_type":"image\/jpeg","source_url":"https:\/\/medicina.udd.cl\/centro-genetica-genomica\/files\/2017\/09\/Andr\u00e9s-Klein-en-Congreso-2-654x450.jpg"},"custom_content":{"file":"Andr\u00e9s-Klein-en-Congreso-2-126x126.jpg","width":126,"height":126,"mime_type":"image\/jpeg","source_url":"https:\/\/medicina.udd.cl\/centro-genetica-genomica\/files\/2017\/09\/Andr\u00e9s-Klein-en-Congreso-2-126x126.jpg"},"full":{"file":"Andr\u00e9s-Klein-en-Congreso-2.jpg","width":654,"height":450,"mime_type":"image\/jpeg","source_url":"https:\/\/medicina.udd.cl\/centro-genetica-genomica\/files\/2017\/09\/Andr\u00e9s-Klein-en-Congreso-2.jpg"}},"image_meta":{"aperture":"0","credit":"","camera":"","caption":"","created_timestamp":"0","copyright":"","focal_length":"0","iso":"0","shutter_speed":"0","title":"","orientation":"1","keywords":[]}},"post":2154,"source_url":"https:\/\/medicina.udd.cl\/centro-genetica-genomica\/files\/2017\/09\/Andr\u00e9s-Klein-en-Congreso-2.jpg","_links":{"self":[{"href":"https:\/\/medicina.udd.cl\/centro-genetica-genomica\/wp-json\/wp\/v2\/media\/2156","targetHints":{"allow":["GET"]}}],"collection":[{"href":"https:\/\/medicina.udd.cl\/centro-genetica-genomica\/wp-json\/wp\/v2\/media"}],"about":[{"href":"https:\/\/medicina.udd.cl\/centro-genetica-genomica\/wp-json\/wp\/v2\/types\/attachment"}],"author":[{"embeddable":true,"href":"https:\/\/medicina.udd.cl\/centro-genetica-genomica\/wp-json\/wp\/v2\/users\/42"}],"replies":[{"embeddable":true,"href":"https:\/\/medicina.udd.cl\/centro-genetica-genomica\/wp-json\/wp\/v2\/comments?post=2156"}],"wp:attached-to":[{"embeddable":true,"post_type":"post","id":2154,"href":"https:\/\/medicina.udd.cl\/centro-genetica-genomica\/wp-json\/wp\/v2\/posts\/2154"}],"curies":[{"name":"wp","href":"https:\/\/api.w.org\/{rel}","templated":true}]}}