{"id":2472,"date":"2020-06-18T15:09:17","date_gmt":"2020-06-18T19:09:17","guid":{"rendered":"http:\/\/medicina.udd.cl\/centro-genetica-genomica\/files\/2020\/06\/WhatsApp-Image-2020-06-18-at-14.39.55.jpeg"},"modified":"2020-06-18T15:09:17","modified_gmt":"2020-06-18T19:09:17","slug":"whatsapp-image-2020-06-18-at-14-39-55","status":"inherit","type":"attachment","link":"https:\/\/medicina.udd.cl\/centro-genetica-genomica\/noticias\/2020\/06\/18\/equipo-de-alto-rendimiento-permitira-aumentar-examenes-pcr-para-deteccion-de-covid-19-procesados-en-el-icim\/whatsapp-image-2020-06-18-at-14-39-55\/","title":{"rendered":"WhatsApp-Image-2020-06-18-at-14.39.55"},"author":42,"featured_media":0,"comment_status":"open","ping_status":"closed","template":"","meta":[],"class_list":["post-2472","attachment","type-attachment","status-inherit","hentry"],"yoast_head":"<!-- This site is optimized with the Yoast SEO plugin v26.9 - https:\/\/yoast.com\/product\/yoast-seo-wordpress\/ -->\n<title>WhatsApp-Image-2020-06-18-at-14.39.55 - Centro de Gen\u00e9tica y Gen\u00f3mica<\/title>\n<meta name=\"robots\" content=\"index, follow, max-snippet:-1, max-image-preview:large, max-video-preview:-1\" \/>\n<link rel=\"canonical\" href=\"https:\/\/medicina.udd.cl\/centro-genetica-genomica\/files\/2020\/06\/WhatsApp-Image-2020-06-18-at-14.39.55.jpeg\" \/>\n<meta property=\"og:locale\" content=\"es_ES\" \/>\n<meta property=\"og:type\" content=\"article\" \/>\n<meta property=\"og:title\" content=\"WhatsApp-Image-2020-06-18-at-14.39.55 - Centro de Gen\u00e9tica y Gen\u00f3mica\" \/>\n<meta property=\"og:url\" content=\"https:\/\/medicina.udd.cl\/centro-genetica-genomica\/files\/2020\/06\/WhatsApp-Image-2020-06-18-at-14.39.55.jpeg\" \/>\n<meta property=\"og:site_name\" content=\"Centro de Gen\u00e9tica y Gen\u00f3mica\" \/>\n<meta property=\"og:image\" content=\"https:\/\/medicina.udd.cl\/centro-genetica-genomica\/files\/2020\/06\/WhatsApp-Image-2020-06-18-at-14.39.55.jpeg\" \/>\n\t<meta property=\"og:image:width\" content=\"1271\" \/>\n\t<meta property=\"og:image:height\" content=\"1120\" \/>\n\t<meta property=\"og:image:type\" content=\"image\/jpeg\" \/>\n<script type=\"application\/ld+json\" class=\"yoast-schema-graph\">{\"@context\":\"https:\/\/schema.org\",\"@graph\":[{\"@type\":\"WebPage\",\"@id\":\"https:\/\/medicina.udd.cl\/centro-genetica-genomica\/files\/2020\/06\/WhatsApp-Image-2020-06-18-at-14.39.55.jpeg\",\"url\":\"https:\/\/medicina.udd.cl\/centro-genetica-genomica\/files\/2020\/06\/WhatsApp-Image-2020-06-18-at-14.39.55.jpeg\",\"name\":\"WhatsApp-Image-2020-06-18-at-14.39.55 - Centro de Gen\u00e9tica y Gen\u00f3mica\",\"isPartOf\":{\"@id\":\"https:\/\/medicina.udd.cl\/centro-genetica-genomica\/#website\"},\"datePublished\":\"2020-06-18T19:09:17+00:00\",\"breadcrumb\":{\"@id\":\"https:\/\/medicina.udd.cl\/centro-genetica-genomica\/files\/2020\/06\/WhatsApp-Image-2020-06-18-at-14.39.55.jpeg#breadcrumb\"},\"inLanguage\":\"es\",\"potentialAction\":[{\"@type\":\"ReadAction\",\"target\":[\"https:\/\/medicina.udd.cl\/centro-genetica-genomica\/files\/2020\/06\/WhatsApp-Image-2020-06-18-at-14.39.55.jpeg\"]}]},{\"@type\":\"BreadcrumbList\",\"@id\":\"https:\/\/medicina.udd.cl\/centro-genetica-genomica\/files\/2020\/06\/WhatsApp-Image-2020-06-18-at-14.39.55.jpeg#breadcrumb\",\"itemListElement\":[{\"@type\":\"ListItem\",\"position\":1,\"name\":\"Inicio\",\"item\":\"https:\/\/medicina.udd.cl\/centro-genetica-genomica\/\"},{\"@type\":\"ListItem\",\"position\":2,\"name\":\"Equipo de alto rendimiento permitir\u00e1 aumentar ex\u00e1menes PCR para detecci\u00f3n de Covid-19 procesados en el ICIM\",\"item\":\"https:\/\/medicina.udd.cl\/centro-genetica-genomica\/noticias\/2020\/06\/18\/equipo-de-alto-rendimiento-permitira-aumentar-examenes-pcr-para-deteccion-de-covid-19-procesados-en-el-icim\/\"},{\"@type\":\"ListItem\",\"position\":3,\"name\":\"WhatsApp-Image-2020-06-18-at-14.39.55\"}]},{\"@type\":\"WebSite\",\"@id\":\"https:\/\/medicina.udd.cl\/centro-genetica-genomica\/#website\",\"url\":\"https:\/\/medicina.udd.cl\/centro-genetica-genomica\/\",\"name\":\"Centro de Gen\u00e9tica y Gen\u00f3mica\",\"description\":\"\",\"inLanguage\":\"es\"}]}<\/script>\n<!-- \/ Yoast SEO plugin. -->","yoast_head_json":{"title":"WhatsApp-Image-2020-06-18-at-14.39.55 - Centro de Gen\u00e9tica y Gen\u00f3mica","robots":{"index":"index","follow":"follow","max-snippet":"max-snippet:-1","max-image-preview":"max-image-preview:large","max-video-preview":"max-video-preview:-1"},"canonical":"https:\/\/medicina.udd.cl\/centro-genetica-genomica\/files\/2020\/06\/WhatsApp-Image-2020-06-18-at-14.39.55.jpeg","og_locale":"es_ES","og_type":"article","og_title":"WhatsApp-Image-2020-06-18-at-14.39.55 - Centro de Gen\u00e9tica y Gen\u00f3mica","og_url":"https:\/\/medicina.udd.cl\/centro-genetica-genomica\/files\/2020\/06\/WhatsApp-Image-2020-06-18-at-14.39.55.jpeg","og_site_name":"Centro de Gen\u00e9tica y Gen\u00f3mica","og_image":[{"width":1271,"height":1120,"url":"https:\/\/medicina.udd.cl\/centro-genetica-genomica\/files\/2020\/06\/WhatsApp-Image-2020-06-18-at-14.39.55.jpeg","type":"image\/jpeg"}],"schema":{"@context":"https:\/\/schema.org","@graph":[{"@type":"WebPage","@id":"https:\/\/medicina.udd.cl\/centro-genetica-genomica\/files\/2020\/06\/WhatsApp-Image-2020-06-18-at-14.39.55.jpeg","url":"https:\/\/medicina.udd.cl\/centro-genetica-genomica\/files\/2020\/06\/WhatsApp-Image-2020-06-18-at-14.39.55.jpeg","name":"WhatsApp-Image-2020-06-18-at-14.39.55 - Centro de Gen\u00e9tica y Gen\u00f3mica","isPartOf":{"@id":"https:\/\/medicina.udd.cl\/centro-genetica-genomica\/#website"},"datePublished":"2020-06-18T19:09:17+00:00","breadcrumb":{"@id":"https:\/\/medicina.udd.cl\/centro-genetica-genomica\/files\/2020\/06\/WhatsApp-Image-2020-06-18-at-14.39.55.jpeg#breadcrumb"},"inLanguage":"es","potentialAction":[{"@type":"ReadAction","target":["https:\/\/medicina.udd.cl\/centro-genetica-genomica\/files\/2020\/06\/WhatsApp-Image-2020-06-18-at-14.39.55.jpeg"]}]},{"@type":"BreadcrumbList","@id":"https:\/\/medicina.udd.cl\/centro-genetica-genomica\/files\/2020\/06\/WhatsApp-Image-2020-06-18-at-14.39.55.jpeg#breadcrumb","itemListElement":[{"@type":"ListItem","position":1,"name":"Inicio","item":"https:\/\/medicina.udd.cl\/centro-genetica-genomica\/"},{"@type":"ListItem","position":2,"name":"Equipo de alto rendimiento permitir\u00e1 aumentar ex\u00e1menes PCR para detecci\u00f3n de Covid-19 procesados en el ICIM","item":"https:\/\/medicina.udd.cl\/centro-genetica-genomica\/noticias\/2020\/06\/18\/equipo-de-alto-rendimiento-permitira-aumentar-examenes-pcr-para-deteccion-de-covid-19-procesados-en-el-icim\/"},{"@type":"ListItem","position":3,"name":"WhatsApp-Image-2020-06-18-at-14.39.55"}]},{"@type":"WebSite","@id":"https:\/\/medicina.udd.cl\/centro-genetica-genomica\/#website","url":"https:\/\/medicina.udd.cl\/centro-genetica-genomica\/","name":"Centro de Gen\u00e9tica y Gen\u00f3mica","description":"","inLanguage":"es"}]}},"description":{"rendered":"<p class=\"attachment\"><a href='https:\/\/medicina.udd.cl\/centro-genetica-genomica\/files\/2020\/06\/WhatsApp-Image-2020-06-18-at-14.39.55.jpeg'><img loading=\"lazy\" decoding=\"async\" width=\"300\" height=\"264\" src=\"https:\/\/medicina.udd.cl\/centro-genetica-genomica\/files\/2020\/06\/WhatsApp-Image-2020-06-18-at-14.39.55-300x264.jpeg\" class=\"attachment-medium size-medium\" alt=\"\" srcset=\"https:\/\/medicina.udd.cl\/centro-genetica-genomica\/files\/2020\/06\/WhatsApp-Image-2020-06-18-at-14.39.55-300x264.jpeg 300w, https:\/\/medicina.udd.cl\/centro-genetica-genomica\/files\/2020\/06\/WhatsApp-Image-2020-06-18-at-14.39.55-768x677.jpeg 768w, https:\/\/medicina.udd.cl\/centro-genetica-genomica\/files\/2020\/06\/WhatsApp-Image-2020-06-18-at-14.39.55-1024x902.jpeg 1024w, https:\/\/medicina.udd.cl\/centro-genetica-genomica\/files\/2020\/06\/WhatsApp-Image-2020-06-18-at-14.39.55-960x846.jpeg 960w, https:\/\/medicina.udd.cl\/centro-genetica-genomica\/files\/2020\/06\/WhatsApp-Image-2020-06-18-at-14.39.55.jpeg 1271w\" sizes=\"auto, (max-width: 300px) 100vw, 300px\" \/><\/a><\/p>\n"},"caption":{"rendered":""},"alt_text":"","media_type":"image","mime_type":"image\/jpeg","media_details":{"width":1271,"height":1120,"file":"2020\/06\/WhatsApp-Image-2020-06-18-at-14.39.55.jpeg","sizes":{"thumbnail":{"file":"WhatsApp-Image-2020-06-18-at-14.39.55-150x150.jpeg","width":150,"height":150,"mime_type":"image\/jpeg","source_url":"https:\/\/medicina.udd.cl\/centro-genetica-genomica\/files\/2020\/06\/WhatsApp-Image-2020-06-18-at-14.39.55-150x150.jpeg"},"medium":{"file":"WhatsApp-Image-2020-06-18-at-14.39.55-300x264.jpeg","width":300,"height":264,"mime_type":"image\/jpeg","source_url":"https:\/\/medicina.udd.cl\/centro-genetica-genomica\/files\/2020\/06\/WhatsApp-Image-2020-06-18-at-14.39.55-300x264.jpeg"},"medium_large":{"file":"WhatsApp-Image-2020-06-18-at-14.39.55-768x677.jpeg","width":768,"height":677,"mime_type":"image\/jpeg","source_url":"https:\/\/medicina.udd.cl\/centro-genetica-genomica\/files\/2020\/06\/WhatsApp-Image-2020-06-18-at-14.39.55-768x677.jpeg"},"large":{"file":"WhatsApp-Image-2020-06-18-at-14.39.55-1024x902.jpeg","width":1024,"height":902,"mime_type":"image\/jpeg","source_url":"https:\/\/medicina.udd.cl\/centro-genetica-genomica\/files\/2020\/06\/WhatsApp-Image-2020-06-18-at-14.39.55-1024x902.jpeg"},"newsletter_featured":{"file":"WhatsApp-Image-2020-06-18-at-14.39.55-316x224.jpeg","width":316,"height":224,"mime_type":"image\/jpeg","source_url":"https:\/\/medicina.udd.cl\/centro-genetica-genomica\/files\/2020\/06\/WhatsApp-Image-2020-06-18-at-14.39.55-316x224.jpeg"},"newsletter_first":{"file":"WhatsApp-Image-2020-06-18-at-14.39.55-286x205.jpeg","width":286,"height":205,"mime_type":"image\/jpeg","source_url":"https:\/\/medicina.udd.cl\/centro-genetica-genomica\/files\/2020\/06\/WhatsApp-Image-2020-06-18-at-14.39.55-286x205.jpeg"},"newsletter_thumb":{"file":"WhatsApp-Image-2020-06-18-at-14.39.55-288x150.jpeg","width":288,"height":150,"mime_type":"image\/jpeg","source_url":"https:\/\/medicina.udd.cl\/centro-genetica-genomica\/files\/2020\/06\/WhatsApp-Image-2020-06-18-at-14.39.55-288x150.jpeg"},"newsletter_column":{"file":"WhatsApp-Image-2020-06-18-at-14.39.55-182x140.jpeg","width":182,"height":140,"mime_type":"image\/jpeg","source_url":"https:\/\/medicina.udd.cl\/centro-genetica-genomica\/files\/2020\/06\/WhatsApp-Image-2020-06-18-at-14.39.55-182x140.jpeg"},"newsletter_square":{"file":"WhatsApp-Image-2020-06-18-at-14.39.55-62x62.jpeg","width":62,"height":62,"mime_type":"image\/jpeg","source_url":"https:\/\/medicina.udd.cl\/centro-genetica-genomica\/files\/2020\/06\/WhatsApp-Image-2020-06-18-at-14.39.55-62x62.jpeg"},"newsletter_square_large":{"file":"WhatsApp-Image-2020-06-18-at-14.39.55-87x62.jpeg","width":87,"height":62,"mime_type":"image\/jpeg","source_url":"https:\/\/medicina.udd.cl\/centro-genetica-genomica\/files\/2020\/06\/WhatsApp-Image-2020-06-18-at-14.39.55-87x62.jpeg"},"featured-home":{"file":"WhatsApp-Image-2020-06-18-at-14.39.55-800x450.jpeg","width":800,"height":450,"mime_type":"image\/jpeg","source_url":"https:\/\/medicina.udd.cl\/centro-genetica-genomica\/files\/2020\/06\/WhatsApp-Image-2020-06-18-at-14.39.55-800x450.jpeg"},"featured-career":{"file":"WhatsApp-Image-2020-06-18-at-14.39.55-660x430.jpeg","width":660,"height":430,"mime_type":"image\/jpeg","source_url":"https:\/\/medicina.udd.cl\/centro-genetica-genomica\/files\/2020\/06\/WhatsApp-Image-2020-06-18-at-14.39.55-660x430.jpeg"},"squared":{"file":"WhatsApp-Image-2020-06-18-at-14.39.55-300x300.jpeg","width":300,"height":300,"mime_type":"image\/jpeg","source_url":"https:\/\/medicina.udd.cl\/centro-genetica-genomica\/files\/2020\/06\/WhatsApp-Image-2020-06-18-at-14.39.55-300x300.jpeg"},"stretch":{"file":"WhatsApp-Image-2020-06-18-at-14.39.55-800x450.jpeg","width":800,"height":450,"mime_type":"image\/jpeg","source_url":"https:\/\/medicina.udd.cl\/centro-genetica-genomica\/files\/2020\/06\/WhatsApp-Image-2020-06-18-at-14.39.55-800x450.jpeg"},"portrait-medium":{"file":"WhatsApp-Image-2020-06-18-at-14.39.55-220x260.jpeg","width":220,"height":260,"mime_type":"image\/jpeg","source_url":"https:\/\/medicina.udd.cl\/centro-genetica-genomica\/files\/2020\/06\/WhatsApp-Image-2020-06-18-at-14.39.55-220x260.jpeg"},"landscape-small":{"file":"WhatsApp-Image-2020-06-18-at-14.39.55-125x80.jpeg","width":125,"height":80,"mime_type":"image\/jpeg","source_url":"https:\/\/medicina.udd.cl\/centro-genetica-genomica\/files\/2020\/06\/WhatsApp-Image-2020-06-18-at-14.39.55-125x80.jpeg"},"landscape-medium":{"file":"WhatsApp-Image-2020-06-18-at-14.39.55-340x220.jpeg","width":340,"height":220,"mime_type":"image\/jpeg","source_url":"https:\/\/medicina.udd.cl\/centro-genetica-genomica\/files\/2020\/06\/WhatsApp-Image-2020-06-18-at-14.39.55-340x220.jpeg"},"landscape-large":{"file":"WhatsApp-Image-2020-06-18-at-14.39.55-365x255.jpeg","width":365,"height":255,"mime_type":"image\/jpeg","source_url":"https:\/\/medicina.udd.cl\/centro-genetica-genomica\/files\/2020\/06\/WhatsApp-Image-2020-06-18-at-14.39.55-365x255.jpeg"},"landscape-xlarge":{"file":"WhatsApp-Image-2020-06-18-at-14.39.55-660x430.jpeg","width":660,"height":430,"mime_type":"image\/jpeg","source_url":"https:\/\/medicina.udd.cl\/centro-genetica-genomica\/files\/2020\/06\/WhatsApp-Image-2020-06-18-at-14.39.55-660x430.jpeg"},"panoramic":{"file":"WhatsApp-Image-2020-06-18-at-14.39.55-940x345.jpeg","width":940,"height":345,"mime_type":"image\/jpeg","source_url":"https:\/\/medicina.udd.cl\/centro-genetica-genomica\/files\/2020\/06\/WhatsApp-Image-2020-06-18-at-14.39.55-940x345.jpeg"},"stretch-large":{"file":"WhatsApp-Image-2020-06-18-at-14.39.55-940x450.jpeg","width":940,"height":450,"mime_type":"image\/jpeg","source_url":"https:\/\/medicina.udd.cl\/centro-genetica-genomica\/files\/2020\/06\/WhatsApp-Image-2020-06-18-at-14.39.55-940x450.jpeg"},"proportional-large":{"file":"WhatsApp-Image-2020-06-18-at-14.39.55-960x846.jpeg","width":960,"height":846,"mime_type":"image\/jpeg","source_url":"https:\/\/medicina.udd.cl\/centro-genetica-genomica\/files\/2020\/06\/WhatsApp-Image-2020-06-18-at-14.39.55-960x846.jpeg"},"custom_content":{"file":"WhatsApp-Image-2020-06-18-at-14.39.55-126x126.jpeg","width":126,"height":126,"mime_type":"image\/jpeg","source_url":"https:\/\/medicina.udd.cl\/centro-genetica-genomica\/files\/2020\/06\/WhatsApp-Image-2020-06-18-at-14.39.55-126x126.jpeg"},"full":{"file":"WhatsApp-Image-2020-06-18-at-14.39.55.jpeg","width":1271,"height":1120,"mime_type":"image\/jpeg","source_url":"https:\/\/medicina.udd.cl\/centro-genetica-genomica\/files\/2020\/06\/WhatsApp-Image-2020-06-18-at-14.39.55.jpeg"}},"image_meta":{"aperture":"0","credit":"","camera":"","caption":"","created_timestamp":"1592491347","copyright":"","focal_length":"0","iso":"0","shutter_speed":"0","title":"","orientation":"1","keywords":[]}},"post":2471,"source_url":"https:\/\/medicina.udd.cl\/centro-genetica-genomica\/files\/2020\/06\/WhatsApp-Image-2020-06-18-at-14.39.55.jpeg","_links":{"self":[{"href":"https:\/\/medicina.udd.cl\/centro-genetica-genomica\/wp-json\/wp\/v2\/media\/2472","targetHints":{"allow":["GET"]}}],"collection":[{"href":"https:\/\/medicina.udd.cl\/centro-genetica-genomica\/wp-json\/wp\/v2\/media"}],"about":[{"href":"https:\/\/medicina.udd.cl\/centro-genetica-genomica\/wp-json\/wp\/v2\/types\/attachment"}],"author":[{"embeddable":true,"href":"https:\/\/medicina.udd.cl\/centro-genetica-genomica\/wp-json\/wp\/v2\/users\/42"}],"replies":[{"embeddable":true,"href":"https:\/\/medicina.udd.cl\/centro-genetica-genomica\/wp-json\/wp\/v2\/comments?post=2472"}],"wp:attached-to":[{"embeddable":true,"post_type":"post","id":2471,"href":"https:\/\/medicina.udd.cl\/centro-genetica-genomica\/wp-json\/wp\/v2\/posts\/2471"}],"curies":[{"name":"wp","href":"https:\/\/api.w.org\/{rel}","templated":true}]}}