{"id":2492,"date":"2020-08-27T09:20:13","date_gmt":"2020-08-27T13:20:13","guid":{"rendered":"http:\/\/medicina.udd.cl\/centro-genetica-genomica\/files\/2020\/08\/diarios-para-centro-de-gen\u00e9tica-y-gen\u00f3mica.jpg"},"modified":"2020-08-27T09:20:13","modified_gmt":"2020-08-27T13:20:13","slug":"diarios-para-centro-de-genetica-y-genomica","status":"inherit","type":"attachment","link":"https:\/\/medicina.udd.cl\/centro-genetica-genomica\/inicio\/diarios-para-centro-de-genetica-y-genomica\/","title":{"rendered":"diarios para centro de gen\u00e9tica y gen\u00f3mica"},"author":9192194,"featured_media":0,"comment_status":"open","ping_status":"closed","template":"","meta":[],"class_list":["post-2492","attachment","type-attachment","status-inherit","hentry"],"yoast_head":"<!-- This site is optimized with the Yoast SEO plugin v26.9 - https:\/\/yoast.com\/product\/yoast-seo-wordpress\/ -->\n<title>diarios para centro de gen\u00e9tica y gen\u00f3mica - Centro de Gen\u00e9tica y Gen\u00f3mica<\/title>\n<meta name=\"robots\" content=\"index, follow, max-snippet:-1, max-image-preview:large, max-video-preview:-1\" \/>\n<link rel=\"canonical\" href=\"https:\/\/medicina.udd.cl\/centro-genetica-genomica\/files\/2020\/08\/diarios-para-centro-de-gen\u00e9tica-y-gen\u00f3mica.jpg\" \/>\n<meta property=\"og:locale\" content=\"es_ES\" \/>\n<meta property=\"og:type\" content=\"article\" \/>\n<meta property=\"og:title\" content=\"diarios para centro de gen\u00e9tica y gen\u00f3mica - Centro de Gen\u00e9tica y Gen\u00f3mica\" \/>\n<meta property=\"og:url\" content=\"https:\/\/medicina.udd.cl\/centro-genetica-genomica\/files\/2020\/08\/diarios-para-centro-de-gen\u00e9tica-y-gen\u00f3mica.jpg\" \/>\n<meta property=\"og:site_name\" content=\"Centro de Gen\u00e9tica y Gen\u00f3mica\" \/>\n<meta property=\"og:image\" content=\"https:\/\/medicina.udd.cl\/centro-genetica-genomica\/files\/2020\/08\/diarios-para-centro-de-gen\u00e9tica-y-gen\u00f3mica.jpg\" \/>\n\t<meta property=\"og:image:width\" content=\"1024\" \/>\n\t<meta property=\"og:image:height\" content=\"680\" \/>\n\t<meta property=\"og:image:type\" content=\"image\/jpeg\" \/>\n<script type=\"application\/ld+json\" class=\"yoast-schema-graph\">{\"@context\":\"https:\/\/schema.org\",\"@graph\":[{\"@type\":\"WebPage\",\"@id\":\"https:\/\/medicina.udd.cl\/centro-genetica-genomica\/files\/2020\/08\/diarios-para-centro-de-gen\u00e9tica-y-gen\u00f3mica.jpg\",\"url\":\"https:\/\/medicina.udd.cl\/centro-genetica-genomica\/files\/2020\/08\/diarios-para-centro-de-gen\u00e9tica-y-gen\u00f3mica.jpg\",\"name\":\"diarios para centro de gen\u00e9tica y gen\u00f3mica - Centro de Gen\u00e9tica y Gen\u00f3mica\",\"isPartOf\":{\"@id\":\"https:\/\/medicina.udd.cl\/centro-genetica-genomica\/#website\"},\"datePublished\":\"2020-08-27T13:20:13+00:00\",\"breadcrumb\":{\"@id\":\"https:\/\/medicina.udd.cl\/centro-genetica-genomica\/files\/2020\/08\/diarios-para-centro-de-gen\u00e9tica-y-gen\u00f3mica.jpg#breadcrumb\"},\"inLanguage\":\"es\",\"potentialAction\":[{\"@type\":\"ReadAction\",\"target\":[\"https:\/\/medicina.udd.cl\/centro-genetica-genomica\/files\/2020\/08\/diarios-para-centro-de-gen\u00e9tica-y-gen\u00f3mica.jpg\"]}]},{\"@type\":\"BreadcrumbList\",\"@id\":\"https:\/\/medicina.udd.cl\/centro-genetica-genomica\/files\/2020\/08\/diarios-para-centro-de-gen\u00e9tica-y-gen\u00f3mica.jpg#breadcrumb\",\"itemListElement\":[{\"@type\":\"ListItem\",\"position\":1,\"name\":\"Inicio\",\"item\":\"https:\/\/medicina.udd.cl\/centro-genetica-genomica\/\"},{\"@type\":\"ListItem\",\"position\":2,\"name\":\"Centro Gen\u00e9tica y Gen\u00f3mica (CGG)\",\"item\":\"https:\/\/medicina.udd.cl\/centro-genetica-genomica\/\"},{\"@type\":\"ListItem\",\"position\":3,\"name\":\"diarios para centro de gen\u00e9tica y gen\u00f3mica\"}]},{\"@type\":\"WebSite\",\"@id\":\"https:\/\/medicina.udd.cl\/centro-genetica-genomica\/#website\",\"url\":\"https:\/\/medicina.udd.cl\/centro-genetica-genomica\/\",\"name\":\"Centro de Gen\u00e9tica y Gen\u00f3mica\",\"description\":\"\",\"inLanguage\":\"es\"}]}<\/script>\n<!-- \/ Yoast SEO plugin. -->","yoast_head_json":{"title":"diarios para centro de gen\u00e9tica y gen\u00f3mica - Centro de Gen\u00e9tica y Gen\u00f3mica","robots":{"index":"index","follow":"follow","max-snippet":"max-snippet:-1","max-image-preview":"max-image-preview:large","max-video-preview":"max-video-preview:-1"},"canonical":"https:\/\/medicina.udd.cl\/centro-genetica-genomica\/files\/2020\/08\/diarios-para-centro-de-gen\u00e9tica-y-gen\u00f3mica.jpg","og_locale":"es_ES","og_type":"article","og_title":"diarios para centro de gen\u00e9tica y gen\u00f3mica - Centro de Gen\u00e9tica y Gen\u00f3mica","og_url":"https:\/\/medicina.udd.cl\/centro-genetica-genomica\/files\/2020\/08\/diarios-para-centro-de-gen\u00e9tica-y-gen\u00f3mica.jpg","og_site_name":"Centro de Gen\u00e9tica y Gen\u00f3mica","og_image":[{"width":1024,"height":680,"url":"https:\/\/medicina.udd.cl\/centro-genetica-genomica\/files\/2020\/08\/diarios-para-centro-de-gen\u00e9tica-y-gen\u00f3mica.jpg","type":"image\/jpeg"}],"schema":{"@context":"https:\/\/schema.org","@graph":[{"@type":"WebPage","@id":"https:\/\/medicina.udd.cl\/centro-genetica-genomica\/files\/2020\/08\/diarios-para-centro-de-gen\u00e9tica-y-gen\u00f3mica.jpg","url":"https:\/\/medicina.udd.cl\/centro-genetica-genomica\/files\/2020\/08\/diarios-para-centro-de-gen\u00e9tica-y-gen\u00f3mica.jpg","name":"diarios para centro de gen\u00e9tica y gen\u00f3mica - Centro de Gen\u00e9tica y Gen\u00f3mica","isPartOf":{"@id":"https:\/\/medicina.udd.cl\/centro-genetica-genomica\/#website"},"datePublished":"2020-08-27T13:20:13+00:00","breadcrumb":{"@id":"https:\/\/medicina.udd.cl\/centro-genetica-genomica\/files\/2020\/08\/diarios-para-centro-de-gen\u00e9tica-y-gen\u00f3mica.jpg#breadcrumb"},"inLanguage":"es","potentialAction":[{"@type":"ReadAction","target":["https:\/\/medicina.udd.cl\/centro-genetica-genomica\/files\/2020\/08\/diarios-para-centro-de-gen\u00e9tica-y-gen\u00f3mica.jpg"]}]},{"@type":"BreadcrumbList","@id":"https:\/\/medicina.udd.cl\/centro-genetica-genomica\/files\/2020\/08\/diarios-para-centro-de-gen\u00e9tica-y-gen\u00f3mica.jpg#breadcrumb","itemListElement":[{"@type":"ListItem","position":1,"name":"Inicio","item":"https:\/\/medicina.udd.cl\/centro-genetica-genomica\/"},{"@type":"ListItem","position":2,"name":"Centro Gen\u00e9tica y Gen\u00f3mica (CGG)","item":"https:\/\/medicina.udd.cl\/centro-genetica-genomica\/"},{"@type":"ListItem","position":3,"name":"diarios para centro de gen\u00e9tica y gen\u00f3mica"}]},{"@type":"WebSite","@id":"https:\/\/medicina.udd.cl\/centro-genetica-genomica\/#website","url":"https:\/\/medicina.udd.cl\/centro-genetica-genomica\/","name":"Centro de Gen\u00e9tica y Gen\u00f3mica","description":"","inLanguage":"es"}]}},"description":{"rendered":"<p class=\"attachment\"><a href='https:\/\/medicina.udd.cl\/centro-genetica-genomica\/files\/2020\/08\/diarios-para-centro-de-gen\u00e9tica-y-gen\u00f3mica.jpg'><img loading=\"lazy\" decoding=\"async\" width=\"300\" height=\"199\" src=\"https:\/\/medicina.udd.cl\/centro-genetica-genomica\/files\/2020\/08\/diarios-para-centro-de-gen\u00e9tica-y-gen\u00f3mica-300x199.jpg\" class=\"attachment-medium size-medium\" alt=\"\" srcset=\"https:\/\/medicina.udd.cl\/centro-genetica-genomica\/files\/2020\/08\/diarios-para-centro-de-gen\u00e9tica-y-gen\u00f3mica-300x199.jpg 300w, https:\/\/medicina.udd.cl\/centro-genetica-genomica\/files\/2020\/08\/diarios-para-centro-de-gen\u00e9tica-y-gen\u00f3mica-768x510.jpg 768w, https:\/\/medicina.udd.cl\/centro-genetica-genomica\/files\/2020\/08\/diarios-para-centro-de-gen\u00e9tica-y-gen\u00f3mica.jpg 1024w\" sizes=\"auto, (max-width: 300px) 100vw, 300px\" \/><\/a><\/p>\n"},"caption":{"rendered":""},"alt_text":"","media_type":"image","mime_type":"image\/jpeg","media_details":{"width":1024,"height":680,"file":"2020\/08\/diarios-para-centro-de-gen\u00e9tica-y-gen\u00f3mica.jpg","sizes":{"medium":{"file":"diarios-para-centro-de-gen\u00e9tica-y-gen\u00f3mica-300x199.jpg","width":300,"height":199,"mime_type":"image\/jpeg","source_url":"https:\/\/medicina.udd.cl\/centro-genetica-genomica\/files\/2020\/08\/diarios-para-centro-de-gen\u00e9tica-y-gen\u00f3mica-300x199.jpg"},"thumbnail":{"file":"diarios-para-centro-de-gen\u00e9tica-y-gen\u00f3mica-150x150.jpg","width":150,"height":150,"mime_type":"image\/jpeg","source_url":"https:\/\/medicina.udd.cl\/centro-genetica-genomica\/files\/2020\/08\/diarios-para-centro-de-gen\u00e9tica-y-gen\u00f3mica-150x150.jpg"},"medium_large":{"file":"diarios-para-centro-de-gen\u00e9tica-y-gen\u00f3mica-768x510.jpg","width":768,"height":510,"mime_type":"image\/jpeg","source_url":"https:\/\/medicina.udd.cl\/centro-genetica-genomica\/files\/2020\/08\/diarios-para-centro-de-gen\u00e9tica-y-gen\u00f3mica-768x510.jpg"},"newsletter_featured":{"file":"diarios-para-centro-de-gen\u00e9tica-y-gen\u00f3mica-316x224.jpg","width":316,"height":224,"mime_type":"image\/jpeg","source_url":"https:\/\/medicina.udd.cl\/centro-genetica-genomica\/files\/2020\/08\/diarios-para-centro-de-gen\u00e9tica-y-gen\u00f3mica-316x224.jpg"},"newsletter_first":{"file":"diarios-para-centro-de-gen\u00e9tica-y-gen\u00f3mica-286x205.jpg","width":286,"height":205,"mime_type":"image\/jpeg","source_url":"https:\/\/medicina.udd.cl\/centro-genetica-genomica\/files\/2020\/08\/diarios-para-centro-de-gen\u00e9tica-y-gen\u00f3mica-286x205.jpg"},"newsletter_thumb":{"file":"diarios-para-centro-de-gen\u00e9tica-y-gen\u00f3mica-288x150.jpg","width":288,"height":150,"mime_type":"image\/jpeg","source_url":"https:\/\/medicina.udd.cl\/centro-genetica-genomica\/files\/2020\/08\/diarios-para-centro-de-gen\u00e9tica-y-gen\u00f3mica-288x150.jpg"},"newsletter_column":{"file":"diarios-para-centro-de-gen\u00e9tica-y-gen\u00f3mica-182x140.jpg","width":182,"height":140,"mime_type":"image\/jpeg","source_url":"https:\/\/medicina.udd.cl\/centro-genetica-genomica\/files\/2020\/08\/diarios-para-centro-de-gen\u00e9tica-y-gen\u00f3mica-182x140.jpg"},"newsletter_square":{"file":"diarios-para-centro-de-gen\u00e9tica-y-gen\u00f3mica-62x62.jpg","width":62,"height":62,"mime_type":"image\/jpeg","source_url":"https:\/\/medicina.udd.cl\/centro-genetica-genomica\/files\/2020\/08\/diarios-para-centro-de-gen\u00e9tica-y-gen\u00f3mica-62x62.jpg"},"newsletter_square_large":{"file":"diarios-para-centro-de-gen\u00e9tica-y-gen\u00f3mica-87x62.jpg","width":87,"height":62,"mime_type":"image\/jpeg","source_url":"https:\/\/medicina.udd.cl\/centro-genetica-genomica\/files\/2020\/08\/diarios-para-centro-de-gen\u00e9tica-y-gen\u00f3mica-87x62.jpg"},"landscape_952":{"file":"diarios-para-centro-de-gen\u00e9tica-y-gen\u00f3mica-952x534.jpg","width":952,"height":534,"mime_type":"image\/jpeg","source_url":"https:\/\/medicina.udd.cl\/centro-genetica-genomica\/files\/2020\/08\/diarios-para-centro-de-gen\u00e9tica-y-gen\u00f3mica-952x534.jpg"},"landscape_680":{"file":"diarios-para-centro-de-gen\u00e9tica-y-gen\u00f3mica-680x382.jpg","width":680,"height":382,"mime_type":"image\/jpeg","source_url":"https:\/\/medicina.udd.cl\/centro-genetica-genomica\/files\/2020\/08\/diarios-para-centro-de-gen\u00e9tica-y-gen\u00f3mica-680x382.jpg"},"square_750":{"file":"diarios-para-centro-de-gen\u00e9tica-y-gen\u00f3mica-750x680.jpg","width":750,"height":680,"mime_type":"image\/jpeg","source_url":"https:\/\/medicina.udd.cl\/centro-genetica-genomica\/files\/2020\/08\/diarios-para-centro-de-gen\u00e9tica-y-gen\u00f3mica-750x680.jpg"},"square_500":{"file":"diarios-para-centro-de-gen\u00e9tica-y-gen\u00f3mica-500x500.jpg","width":500,"height":500,"mime_type":"image\/jpeg","source_url":"https:\/\/medicina.udd.cl\/centro-genetica-genomica\/files\/2020\/08\/diarios-para-centro-de-gen\u00e9tica-y-gen\u00f3mica-500x500.jpg"},"square_200":{"file":"diarios-para-centro-de-gen\u00e9tica-y-gen\u00f3mica-250x250.jpg","width":250,"height":250,"mime_type":"image\/jpeg","source_url":"https:\/\/medicina.udd.cl\/centro-genetica-genomica\/files\/2020\/08\/diarios-para-centro-de-gen\u00e9tica-y-gen\u00f3mica-250x250.jpg"},"post-thumbnail":{"file":"diarios-para-centro-de-gen\u00e9tica-y-gen\u00f3mica-952x534.jpg","width":952,"height":534,"mime_type":"image\/jpeg","source_url":"https:\/\/medicina.udd.cl\/centro-genetica-genomica\/files\/2020\/08\/diarios-para-centro-de-gen\u00e9tica-y-gen\u00f3mica-952x534.jpg"},"custom_content":{"file":"diarios-para-centro-de-gen\u00e9tica-y-gen\u00f3mica-126x126.jpg","width":126,"height":126,"mime_type":"image\/jpeg","source_url":"https:\/\/medicina.udd.cl\/centro-genetica-genomica\/files\/2020\/08\/diarios-para-centro-de-gen\u00e9tica-y-gen\u00f3mica-126x126.jpg"},"full":{"file":"diarios-para-centro-de-gen\u00e9tica-y-gen\u00f3mica.jpg","width":1024,"height":680,"mime_type":"image\/jpeg","source_url":"https:\/\/medicina.udd.cl\/centro-genetica-genomica\/files\/2020\/08\/diarios-para-centro-de-gen\u00e9tica-y-gen\u00f3mica.jpg"}},"image_meta":{"aperture":"0","credit":"","camera":"","caption":"","created_timestamp":"0","copyright":"","focal_length":"0","iso":"0","shutter_speed":"0","title":"","orientation":"0","keywords":[]}},"post":2484,"source_url":"https:\/\/medicina.udd.cl\/centro-genetica-genomica\/files\/2020\/08\/diarios-para-centro-de-gen\u00e9tica-y-gen\u00f3mica.jpg","_links":{"self":[{"href":"https:\/\/medicina.udd.cl\/centro-genetica-genomica\/wp-json\/wp\/v2\/media\/2492","targetHints":{"allow":["GET"]}}],"collection":[{"href":"https:\/\/medicina.udd.cl\/centro-genetica-genomica\/wp-json\/wp\/v2\/media"}],"about":[{"href":"https:\/\/medicina.udd.cl\/centro-genetica-genomica\/wp-json\/wp\/v2\/types\/attachment"}],"author":[{"embeddable":true,"href":"https:\/\/medicina.udd.cl\/centro-genetica-genomica\/wp-json\/wp\/v2\/users\/9192194"}],"replies":[{"embeddable":true,"href":"https:\/\/medicina.udd.cl\/centro-genetica-genomica\/wp-json\/wp\/v2\/comments?post=2492"}],"wp:attached-to":[{"embeddable":true,"post_type":"page","id":2484,"href":"https:\/\/medicina.udd.cl\/centro-genetica-genomica\/wp-json\/wp\/v2\/pages\/2484"}],"curies":[{"name":"wp","href":"https:\/\/api.w.org\/{rel}","templated":true}]}}