{"id":266,"date":"2010-09-02T09:22:47","date_gmt":"2010-09-02T13:22:47","guid":{"rendered":"http:\/\/medicina.udd.cl\/centro-genetica-humana\/files\/2010\/09\/gen\u00e9tica1-003.jpg"},"modified":"2010-09-02T09:22:47","modified_gmt":"2010-09-02T13:22:47","slug":"genetica1-003","status":"inherit","type":"attachment","link":"https:\/\/medicina.udd.cl\/centro-genetica-genomica\/noticias\/2010\/09\/01\/simposio-latinoamericano-en-manejo-interdisciplinario-de-sindrome-velocardiofacial\/genetica1-003\/","title":{"rendered":"Presentaci\u00f3n Dra. Gabriela Repetto"},"author":1,"featured_media":0,"comment_status":"open","ping_status":"open","template":"","meta":[],"class_list":["post-266","attachment","type-attachment","status-inherit","hentry"],"yoast_head":"<!-- This site is optimized with the Yoast SEO plugin v26.9 - https:\/\/yoast.com\/product\/yoast-seo-wordpress\/ -->\n<title>Presentaci\u00f3n Dra. Gabriela Repetto - Centro de Gen\u00e9tica y Gen\u00f3mica<\/title>\n<meta name=\"robots\" content=\"index, follow, max-snippet:-1, max-image-preview:large, max-video-preview:-1\" \/>\n<link rel=\"canonical\" href=\"https:\/\/medicina.udd.cl\/centro-genetica-genomica\/files\/2010\/09\/gen\u00e9tica1-003.jpg\" \/>\n<meta property=\"og:locale\" content=\"es_ES\" \/>\n<meta property=\"og:type\" content=\"article\" \/>\n<meta property=\"og:title\" content=\"Presentaci\u00f3n Dra. Gabriela Repetto - Centro de Gen\u00e9tica y Gen\u00f3mica\" \/>\n<meta property=\"og:url\" content=\"https:\/\/medicina.udd.cl\/centro-genetica-genomica\/files\/2010\/09\/gen\u00e9tica1-003.jpg\" \/>\n<meta property=\"og:site_name\" content=\"Centro de Gen\u00e9tica y Gen\u00f3mica\" \/>\n<meta property=\"og:image\" content=\"https:\/\/medicina.udd.cl\/centro-genetica-genomica\/files\/2010\/09\/gen\u00e9tica1-003.jpg\" \/>\n\t<meta property=\"og:image:width\" content=\"3083\" \/>\n\t<meta property=\"og:image:height\" content=\"2128\" \/>\n\t<meta property=\"og:image:type\" content=\"image\/jpeg\" \/>\n<script type=\"application\/ld+json\" class=\"yoast-schema-graph\">{\"@context\":\"https:\/\/schema.org\",\"@graph\":[{\"@type\":\"WebPage\",\"@id\":\"https:\/\/medicina.udd.cl\/centro-genetica-genomica\/files\/2010\/09\/gen\u00e9tica1-003.jpg\",\"url\":\"https:\/\/medicina.udd.cl\/centro-genetica-genomica\/files\/2010\/09\/gen\u00e9tica1-003.jpg\",\"name\":\"Presentaci\u00f3n Dra. Gabriela Repetto - Centro de Gen\u00e9tica y Gen\u00f3mica\",\"isPartOf\":{\"@id\":\"https:\/\/medicina.udd.cl\/centro-genetica-genomica\/#website\"},\"datePublished\":\"2010-09-02T13:22:47+00:00\",\"breadcrumb\":{\"@id\":\"https:\/\/medicina.udd.cl\/centro-genetica-genomica\/files\/2010\/09\/gen\u00e9tica1-003.jpg#breadcrumb\"},\"inLanguage\":\"es\",\"potentialAction\":[{\"@type\":\"ReadAction\",\"target\":[\"https:\/\/medicina.udd.cl\/centro-genetica-genomica\/files\/2010\/09\/gen\u00e9tica1-003.jpg\"]}]},{\"@type\":\"BreadcrumbList\",\"@id\":\"https:\/\/medicina.udd.cl\/centro-genetica-genomica\/files\/2010\/09\/gen\u00e9tica1-003.jpg#breadcrumb\",\"itemListElement\":[{\"@type\":\"ListItem\",\"position\":1,\"name\":\"Inicio\",\"item\":\"https:\/\/medicina.udd.cl\/centro-genetica-genomica\/\"},{\"@type\":\"ListItem\",\"position\":2,\"name\":\"Simposio Latinoamericano en Manejo Interdisciplinario de S\u00edndrome Velocardiofacial\",\"item\":\"https:\/\/medicina.udd.cl\/centro-genetica-genomica\/noticias\/2010\/09\/01\/simposio-latinoamericano-en-manejo-interdisciplinario-de-sindrome-velocardiofacial\/\"},{\"@type\":\"ListItem\",\"position\":3,\"name\":\"Presentaci\u00f3n Dra. Gabriela Repetto\"}]},{\"@type\":\"WebSite\",\"@id\":\"https:\/\/medicina.udd.cl\/centro-genetica-genomica\/#website\",\"url\":\"https:\/\/medicina.udd.cl\/centro-genetica-genomica\/\",\"name\":\"Centro de Gen\u00e9tica y Gen\u00f3mica\",\"description\":\"\",\"inLanguage\":\"es\"}]}<\/script>\n<!-- \/ Yoast SEO plugin. -->","yoast_head_json":{"title":"Presentaci\u00f3n Dra. Gabriela Repetto - Centro de Gen\u00e9tica y Gen\u00f3mica","robots":{"index":"index","follow":"follow","max-snippet":"max-snippet:-1","max-image-preview":"max-image-preview:large","max-video-preview":"max-video-preview:-1"},"canonical":"https:\/\/medicina.udd.cl\/centro-genetica-genomica\/files\/2010\/09\/gen\u00e9tica1-003.jpg","og_locale":"es_ES","og_type":"article","og_title":"Presentaci\u00f3n Dra. Gabriela Repetto - Centro de Gen\u00e9tica y Gen\u00f3mica","og_url":"https:\/\/medicina.udd.cl\/centro-genetica-genomica\/files\/2010\/09\/gen\u00e9tica1-003.jpg","og_site_name":"Centro de Gen\u00e9tica y Gen\u00f3mica","og_image":[{"width":3083,"height":2128,"url":"https:\/\/medicina.udd.cl\/centro-genetica-genomica\/files\/2010\/09\/gen\u00e9tica1-003.jpg","type":"image\/jpeg"}],"schema":{"@context":"https:\/\/schema.org","@graph":[{"@type":"WebPage","@id":"https:\/\/medicina.udd.cl\/centro-genetica-genomica\/files\/2010\/09\/gen\u00e9tica1-003.jpg","url":"https:\/\/medicina.udd.cl\/centro-genetica-genomica\/files\/2010\/09\/gen\u00e9tica1-003.jpg","name":"Presentaci\u00f3n Dra. Gabriela Repetto - Centro de Gen\u00e9tica y Gen\u00f3mica","isPartOf":{"@id":"https:\/\/medicina.udd.cl\/centro-genetica-genomica\/#website"},"datePublished":"2010-09-02T13:22:47+00:00","breadcrumb":{"@id":"https:\/\/medicina.udd.cl\/centro-genetica-genomica\/files\/2010\/09\/gen\u00e9tica1-003.jpg#breadcrumb"},"inLanguage":"es","potentialAction":[{"@type":"ReadAction","target":["https:\/\/medicina.udd.cl\/centro-genetica-genomica\/files\/2010\/09\/gen\u00e9tica1-003.jpg"]}]},{"@type":"BreadcrumbList","@id":"https:\/\/medicina.udd.cl\/centro-genetica-genomica\/files\/2010\/09\/gen\u00e9tica1-003.jpg#breadcrumb","itemListElement":[{"@type":"ListItem","position":1,"name":"Inicio","item":"https:\/\/medicina.udd.cl\/centro-genetica-genomica\/"},{"@type":"ListItem","position":2,"name":"Simposio Latinoamericano en Manejo Interdisciplinario de S\u00edndrome Velocardiofacial","item":"https:\/\/medicina.udd.cl\/centro-genetica-genomica\/noticias\/2010\/09\/01\/simposio-latinoamericano-en-manejo-interdisciplinario-de-sindrome-velocardiofacial\/"},{"@type":"ListItem","position":3,"name":"Presentaci\u00f3n Dra. Gabriela Repetto"}]},{"@type":"WebSite","@id":"https:\/\/medicina.udd.cl\/centro-genetica-genomica\/#website","url":"https:\/\/medicina.udd.cl\/centro-genetica-genomica\/","name":"Centro de Gen\u00e9tica y Gen\u00f3mica","description":"","inLanguage":"es"}]}},"description":{"rendered":"<p class=\"attachment\"><a href='https:\/\/medicina.udd.cl\/centro-genetica-genomica\/files\/2010\/09\/gen\u00e9tica1-003.jpg'><img loading=\"lazy\" decoding=\"async\" width=\"300\" height=\"207\" src=\"https:\/\/medicina.udd.cl\/centro-genetica-genomica\/files\/2010\/09\/gen\u00e9tica1-003-300x207.jpg\" class=\"attachment-medium size-medium\" alt=\"\" srcset=\"https:\/\/medicina.udd.cl\/centro-genetica-genomica\/files\/2010\/09\/gen\u00e9tica1-003-300x207.jpg 300w, https:\/\/medicina.udd.cl\/centro-genetica-genomica\/files\/2010\/09\/gen\u00e9tica1-003-768x530.jpg 768w, https:\/\/medicina.udd.cl\/centro-genetica-genomica\/files\/2010\/09\/gen\u00e9tica1-003-1024x707.jpg 1024w, https:\/\/medicina.udd.cl\/centro-genetica-genomica\/files\/2010\/09\/gen\u00e9tica1-003-960x663.jpg 960w\" sizes=\"auto, (max-width: 300px) 100vw, 300px\" \/><\/a><\/p>\n"},"caption":{"rendered":""},"alt_text":"","media_type":"image","mime_type":"image\/jpeg","media_details":{"width":3083,"height":2128,"file":"2010\/09\/gen\u00e9tica1-003.jpg","sizes":{"thumbnail":{"file":"gen\u00e9tica1-003-150x150.jpg","width":150,"height":150,"mime_type":"image\/jpeg","source_url":"https:\/\/medicina.udd.cl\/centro-genetica-genomica\/files\/2010\/09\/gen\u00e9tica1-003-150x150.jpg"},"medium":{"file":"gen\u00e9tica1-003-300x207.jpg","width":300,"height":207,"mime_type":"image\/jpeg","source_url":"https:\/\/medicina.udd.cl\/centro-genetica-genomica\/files\/2010\/09\/gen\u00e9tica1-003-300x207.jpg"},"medium_large":{"file":"gen\u00e9tica1-003-768x530.jpg","width":768,"height":530,"mime_type":"image\/jpeg","source_url":"https:\/\/medicina.udd.cl\/centro-genetica-genomica\/files\/2010\/09\/gen\u00e9tica1-003-768x530.jpg"},"large":{"file":"gen\u00e9tica1-003-1024x707.jpg","width":1024,"height":707,"mime_type":"image\/jpeg","source_url":"https:\/\/medicina.udd.cl\/centro-genetica-genomica\/files\/2010\/09\/gen\u00e9tica1-003-1024x707.jpg"},"newsletter_featured":{"file":"gen\u00e9tica1-003-316x224.jpg","width":316,"height":224,"mime_type":"image\/jpeg","source_url":"https:\/\/medicina.udd.cl\/centro-genetica-genomica\/files\/2010\/09\/gen\u00e9tica1-003-316x224.jpg"},"newsletter_first":{"file":"gen\u00e9tica1-003-286x205.jpg","width":286,"height":205,"mime_type":"image\/jpeg","source_url":"https:\/\/medicina.udd.cl\/centro-genetica-genomica\/files\/2010\/09\/gen\u00e9tica1-003-286x205.jpg"},"newsletter_thumb":{"file":"gen\u00e9tica1-003-288x150.jpg","width":288,"height":150,"mime_type":"image\/jpeg","source_url":"https:\/\/medicina.udd.cl\/centro-genetica-genomica\/files\/2010\/09\/gen\u00e9tica1-003-288x150.jpg"},"newsletter_column":{"file":"gen\u00e9tica1-003-182x140.jpg","width":182,"height":140,"mime_type":"image\/jpeg","source_url":"https:\/\/medicina.udd.cl\/centro-genetica-genomica\/files\/2010\/09\/gen\u00e9tica1-003-182x140.jpg"},"newsletter_square":{"file":"gen\u00e9tica1-003-62x62.jpg","width":62,"height":62,"mime_type":"image\/jpeg","source_url":"https:\/\/medicina.udd.cl\/centro-genetica-genomica\/files\/2010\/09\/gen\u00e9tica1-003-62x62.jpg"},"newsletter_square_large":{"file":"gen\u00e9tica1-003-87x62.jpg","width":87,"height":62,"mime_type":"image\/jpeg","source_url":"https:\/\/medicina.udd.cl\/centro-genetica-genomica\/files\/2010\/09\/gen\u00e9tica1-003-87x62.jpg"},"featured-home":{"file":"gen\u00e9tica1-003-800x450.jpg","width":800,"height":450,"mime_type":"image\/jpeg","source_url":"https:\/\/medicina.udd.cl\/centro-genetica-genomica\/files\/2010\/09\/gen\u00e9tica1-003-800x450.jpg"},"featured-career":{"file":"gen\u00e9tica1-003-660x430.jpg","width":660,"height":430,"mime_type":"image\/jpeg","source_url":"https:\/\/medicina.udd.cl\/centro-genetica-genomica\/files\/2010\/09\/gen\u00e9tica1-003-660x430.jpg"},"squared":{"file":"gen\u00e9tica1-003-300x300.jpg","width":300,"height":300,"mime_type":"image\/jpeg","source_url":"https:\/\/medicina.udd.cl\/centro-genetica-genomica\/files\/2010\/09\/gen\u00e9tica1-003-300x300.jpg"},"stretch":{"file":"gen\u00e9tica1-003-800x450.jpg","width":800,"height":450,"mime_type":"image\/jpeg","source_url":"https:\/\/medicina.udd.cl\/centro-genetica-genomica\/files\/2010\/09\/gen\u00e9tica1-003-800x450.jpg"},"portrait-medium":{"file":"gen\u00e9tica1-003-220x260.jpg","width":220,"height":260,"mime_type":"image\/jpeg","source_url":"https:\/\/medicina.udd.cl\/centro-genetica-genomica\/files\/2010\/09\/gen\u00e9tica1-003-220x260.jpg"},"landscape-small":{"file":"gen\u00e9tica1-003-125x80.jpg","width":125,"height":80,"mime_type":"image\/jpeg","source_url":"https:\/\/medicina.udd.cl\/centro-genetica-genomica\/files\/2010\/09\/gen\u00e9tica1-003-125x80.jpg"},"landscape-medium":{"file":"gen\u00e9tica1-003-340x220.jpg","width":340,"height":220,"mime_type":"image\/jpeg","source_url":"https:\/\/medicina.udd.cl\/centro-genetica-genomica\/files\/2010\/09\/gen\u00e9tica1-003-340x220.jpg"},"landscape-large":{"file":"gen\u00e9tica1-003-365x255.jpg","width":365,"height":255,"mime_type":"image\/jpeg","source_url":"https:\/\/medicina.udd.cl\/centro-genetica-genomica\/files\/2010\/09\/gen\u00e9tica1-003-365x255.jpg"},"landscape-xlarge":{"file":"gen\u00e9tica1-003-660x430.jpg","width":660,"height":430,"mime_type":"image\/jpeg","source_url":"https:\/\/medicina.udd.cl\/centro-genetica-genomica\/files\/2010\/09\/gen\u00e9tica1-003-660x430.jpg"},"panoramic":{"file":"gen\u00e9tica1-003-940x345.jpg","width":940,"height":345,"mime_type":"image\/jpeg","source_url":"https:\/\/medicina.udd.cl\/centro-genetica-genomica\/files\/2010\/09\/gen\u00e9tica1-003-940x345.jpg"},"stretch-large":{"file":"gen\u00e9tica1-003-940x450.jpg","width":940,"height":450,"mime_type":"image\/jpeg","source_url":"https:\/\/medicina.udd.cl\/centro-genetica-genomica\/files\/2010\/09\/gen\u00e9tica1-003-940x450.jpg"},"proportional-large":{"file":"gen\u00e9tica1-003-960x663.jpg","width":960,"height":663,"mime_type":"image\/jpeg","source_url":"https:\/\/medicina.udd.cl\/centro-genetica-genomica\/files\/2010\/09\/gen\u00e9tica1-003-960x663.jpg"},"custom_content":{"file":"gen\u00e9tica1-003-126x126.jpg","width":126,"height":126,"mime_type":"image\/jpeg","source_url":"https:\/\/medicina.udd.cl\/centro-genetica-genomica\/files\/2010\/09\/gen\u00e9tica1-003-126x126.jpg"},"full":{"file":"gen\u00e9tica1-003.jpg","width":3083,"height":2128,"mime_type":"image\/jpeg","source_url":"https:\/\/medicina.udd.cl\/centro-genetica-genomica\/files\/2010\/09\/gen\u00e9tica1-003.jpg"}},"image_meta":{"aperture":"4.5","credit":"","camera":"FinePix S2000HD S2100HD","caption":"","created_timestamp":"1282730092","copyright":"","focal_length":"15.1","iso":"800","shutter_speed":"0.008","title":"","orientation":"0","keywords":[]}},"post":261,"source_url":"https:\/\/medicina.udd.cl\/centro-genetica-genomica\/files\/2010\/09\/gen\u00e9tica1-003.jpg","_links":{"self":[{"href":"https:\/\/medicina.udd.cl\/centro-genetica-genomica\/wp-json\/wp\/v2\/media\/266","targetHints":{"allow":["GET"]}}],"collection":[{"href":"https:\/\/medicina.udd.cl\/centro-genetica-genomica\/wp-json\/wp\/v2\/media"}],"about":[{"href":"https:\/\/medicina.udd.cl\/centro-genetica-genomica\/wp-json\/wp\/v2\/types\/attachment"}],"author":[{"embeddable":true,"href":"https:\/\/medicina.udd.cl\/centro-genetica-genomica\/wp-json\/wp\/v2\/users\/1"}],"replies":[{"embeddable":true,"href":"https:\/\/medicina.udd.cl\/centro-genetica-genomica\/wp-json\/wp\/v2\/comments?post=266"}],"wp:attached-to":[{"embeddable":true,"post_type":"post","id":261,"href":"https:\/\/medicina.udd.cl\/centro-genetica-genomica\/wp-json\/wp\/v2\/posts\/261"}],"curies":[{"name":"wp","href":"https:\/\/api.w.org\/{rel}","templated":true}]}}