{"id":2844,"date":"2022-01-11T11:18:04","date_gmt":"2022-01-11T14:18:04","guid":{"rendered":"https:\/\/medicina.udd.cl\/centro-genetica-genomica\/files\/2022\/01\/Foto-Andre\u0301s-Klein.jpeg"},"modified":"2022-01-11T11:18:04","modified_gmt":"2022-01-11T14:18:04","slug":"foto-andres-klein","status":"inherit","type":"attachment","link":"https:\/\/medicina.udd.cl\/centro-genetica-genomica\/noticias\/2022\/01\/11\/andres-klein-fue-nombrado-vicepresidente-del-consejo-asesor-cientifico-de-cures-within-reach\/foto-andres-klein\/","title":{"rendered":"Foto-Andre\u0301s-Klein"},"author":42,"featured_media":0,"comment_status":"open","ping_status":"closed","template":"","meta":[],"class_list":["post-2844","attachment","type-attachment","status-inherit","hentry"],"yoast_head":"<!-- This site is optimized with the Yoast SEO plugin v26.9 - https:\/\/yoast.com\/product\/yoast-seo-wordpress\/ -->\n<title>Foto-Andre\u0301s-Klein - Centro de Gen\u00e9tica y Gen\u00f3mica<\/title>\n<meta name=\"robots\" content=\"index, follow, max-snippet:-1, max-image-preview:large, max-video-preview:-1\" \/>\n<link rel=\"canonical\" href=\"https:\/\/medicina.udd.cl\/centro-genetica-genomica\/files\/2022\/01\/Foto-Andr\u00e9s-Klein.jpeg\" \/>\n<meta property=\"og:locale\" content=\"es_ES\" \/>\n<meta property=\"og:type\" content=\"article\" \/>\n<meta property=\"og:title\" content=\"Foto-Andre\u0301s-Klein - Centro de Gen\u00e9tica y Gen\u00f3mica\" \/>\n<meta property=\"og:url\" content=\"https:\/\/medicina.udd.cl\/centro-genetica-genomica\/files\/2022\/01\/Foto-Andr\u00e9s-Klein.jpeg\" \/>\n<meta property=\"og:site_name\" content=\"Centro de Gen\u00e9tica y Gen\u00f3mica\" \/>\n<meta property=\"og:image\" content=\"https:\/\/medicina.udd.cl\/centro-genetica-genomica\/files\/2022\/01\/Foto-Andr\u00e9s-Klein.jpeg\" \/>\n\t<meta property=\"og:image:width\" content=\"1200\" \/>\n\t<meta property=\"og:image:height\" content=\"1600\" \/>\n\t<meta property=\"og:image:type\" content=\"image\/jpeg\" \/>\n<script type=\"application\/ld+json\" class=\"yoast-schema-graph\">{\"@context\":\"https:\/\/schema.org\",\"@graph\":[{\"@type\":\"WebPage\",\"@id\":\"https:\/\/medicina.udd.cl\/centro-genetica-genomica\/files\/2022\/01\/Foto-Andr\u00e9s-Klein.jpeg\",\"url\":\"https:\/\/medicina.udd.cl\/centro-genetica-genomica\/files\/2022\/01\/Foto-Andr\u00e9s-Klein.jpeg\",\"name\":\"Foto-Andre\u0301s-Klein - Centro de Gen\u00e9tica y Gen\u00f3mica\",\"isPartOf\":{\"@id\":\"https:\/\/medicina.udd.cl\/centro-genetica-genomica\/#website\"},\"datePublished\":\"2022-01-11T14:18:04+00:00\",\"breadcrumb\":{\"@id\":\"https:\/\/medicina.udd.cl\/centro-genetica-genomica\/files\/2022\/01\/Foto-Andr\u00e9s-Klein.jpeg#breadcrumb\"},\"inLanguage\":\"es\",\"potentialAction\":[{\"@type\":\"ReadAction\",\"target\":[\"https:\/\/medicina.udd.cl\/centro-genetica-genomica\/files\/2022\/01\/Foto-Andr\u00e9s-Klein.jpeg\"]}]},{\"@type\":\"BreadcrumbList\",\"@id\":\"https:\/\/medicina.udd.cl\/centro-genetica-genomica\/files\/2022\/01\/Foto-Andr\u00e9s-Klein.jpeg#breadcrumb\",\"itemListElement\":[{\"@type\":\"ListItem\",\"position\":1,\"name\":\"Inicio\",\"item\":\"https:\/\/medicina.udd.cl\/centro-genetica-genomica\/\"},{\"@type\":\"ListItem\",\"position\":2,\"name\":\"Andr\u00e9s Klein fue nombrado vicepresidente del Consejo Asesor Cient\u00edfico de Cures Within Reach\",\"item\":\"https:\/\/medicina.udd.cl\/centro-genetica-genomica\/noticias\/2022\/01\/11\/andres-klein-fue-nombrado-vicepresidente-del-consejo-asesor-cientifico-de-cures-within-reach\/\"},{\"@type\":\"ListItem\",\"position\":3,\"name\":\"Foto-Andre\u0301s-Klein\"}]},{\"@type\":\"WebSite\",\"@id\":\"https:\/\/medicina.udd.cl\/centro-genetica-genomica\/#website\",\"url\":\"https:\/\/medicina.udd.cl\/centro-genetica-genomica\/\",\"name\":\"Centro de Gen\u00e9tica y Gen\u00f3mica\",\"description\":\"\",\"inLanguage\":\"es\"}]}<\/script>\n<!-- \/ Yoast SEO plugin. -->","yoast_head_json":{"title":"Foto-Andre\u0301s-Klein - Centro de Gen\u00e9tica y Gen\u00f3mica","robots":{"index":"index","follow":"follow","max-snippet":"max-snippet:-1","max-image-preview":"max-image-preview:large","max-video-preview":"max-video-preview:-1"},"canonical":"https:\/\/medicina.udd.cl\/centro-genetica-genomica\/files\/2022\/01\/Foto-Andr\u00e9s-Klein.jpeg","og_locale":"es_ES","og_type":"article","og_title":"Foto-Andre\u0301s-Klein - Centro de Gen\u00e9tica y Gen\u00f3mica","og_url":"https:\/\/medicina.udd.cl\/centro-genetica-genomica\/files\/2022\/01\/Foto-Andr\u00e9s-Klein.jpeg","og_site_name":"Centro de Gen\u00e9tica y Gen\u00f3mica","og_image":[{"width":1200,"height":1600,"url":"https:\/\/medicina.udd.cl\/centro-genetica-genomica\/files\/2022\/01\/Foto-Andr\u00e9s-Klein.jpeg","type":"image\/jpeg"}],"schema":{"@context":"https:\/\/schema.org","@graph":[{"@type":"WebPage","@id":"https:\/\/medicina.udd.cl\/centro-genetica-genomica\/files\/2022\/01\/Foto-Andr\u00e9s-Klein.jpeg","url":"https:\/\/medicina.udd.cl\/centro-genetica-genomica\/files\/2022\/01\/Foto-Andr\u00e9s-Klein.jpeg","name":"Foto-Andre\u0301s-Klein - Centro de Gen\u00e9tica y Gen\u00f3mica","isPartOf":{"@id":"https:\/\/medicina.udd.cl\/centro-genetica-genomica\/#website"},"datePublished":"2022-01-11T14:18:04+00:00","breadcrumb":{"@id":"https:\/\/medicina.udd.cl\/centro-genetica-genomica\/files\/2022\/01\/Foto-Andr\u00e9s-Klein.jpeg#breadcrumb"},"inLanguage":"es","potentialAction":[{"@type":"ReadAction","target":["https:\/\/medicina.udd.cl\/centro-genetica-genomica\/files\/2022\/01\/Foto-Andr\u00e9s-Klein.jpeg"]}]},{"@type":"BreadcrumbList","@id":"https:\/\/medicina.udd.cl\/centro-genetica-genomica\/files\/2022\/01\/Foto-Andr\u00e9s-Klein.jpeg#breadcrumb","itemListElement":[{"@type":"ListItem","position":1,"name":"Inicio","item":"https:\/\/medicina.udd.cl\/centro-genetica-genomica\/"},{"@type":"ListItem","position":2,"name":"Andr\u00e9s Klein fue nombrado vicepresidente del Consejo Asesor Cient\u00edfico de Cures Within Reach","item":"https:\/\/medicina.udd.cl\/centro-genetica-genomica\/noticias\/2022\/01\/11\/andres-klein-fue-nombrado-vicepresidente-del-consejo-asesor-cientifico-de-cures-within-reach\/"},{"@type":"ListItem","position":3,"name":"Foto-Andre\u0301s-Klein"}]},{"@type":"WebSite","@id":"https:\/\/medicina.udd.cl\/centro-genetica-genomica\/#website","url":"https:\/\/medicina.udd.cl\/centro-genetica-genomica\/","name":"Centro de Gen\u00e9tica y Gen\u00f3mica","description":"","inLanguage":"es"}]}},"description":{"rendered":"<p class=\"attachment\"><a href='https:\/\/medicina.udd.cl\/centro-genetica-genomica\/files\/2022\/01\/Foto-Andr\u00e9s-Klein.jpeg'><img loading=\"lazy\" decoding=\"async\" width=\"225\" height=\"300\" src=\"https:\/\/medicina.udd.cl\/centro-genetica-genomica\/files\/2022\/01\/Foto-Andr\u00e9s-Klein-225x300.jpeg\" class=\"attachment-medium size-medium\" alt=\"\" srcset=\"https:\/\/medicina.udd.cl\/centro-genetica-genomica\/files\/2022\/01\/Foto-Andr\u00e9s-Klein-225x300.jpeg 225w, https:\/\/medicina.udd.cl\/centro-genetica-genomica\/files\/2022\/01\/Foto-Andr\u00e9s-Klein-768x1024.jpeg 768w, https:\/\/medicina.udd.cl\/centro-genetica-genomica\/files\/2022\/01\/Foto-Andr\u00e9s-Klein-1152x1536.jpeg 1152w, https:\/\/medicina.udd.cl\/centro-genetica-genomica\/files\/2022\/01\/Foto-Andr\u00e9s-Klein.jpeg 1200w\" sizes=\"auto, (max-width: 225px) 100vw, 225px\" \/><\/a><\/p>\n"},"caption":{"rendered":""},"alt_text":"","media_type":"image","mime_type":"image\/jpeg","media_details":{"width":1200,"height":1600,"file":"2022\/01\/Foto-Andre\u0301s-Klein.jpeg","sizes":{"medium":{"file":"Foto-Andre\u0301s-Klein-225x300.jpeg","width":225,"height":300,"mime_type":"image\/jpeg","source_url":"https:\/\/medicina.udd.cl\/centro-genetica-genomica\/files\/2022\/01\/Foto-Andre\u0301s-Klein-225x300.jpeg"},"large":{"file":"Foto-Andre\u0301s-Klein-768x1024.jpeg","width":768,"height":1024,"mime_type":"image\/jpeg","source_url":"https:\/\/medicina.udd.cl\/centro-genetica-genomica\/files\/2022\/01\/Foto-Andre\u0301s-Klein-768x1024.jpeg"},"thumbnail":{"file":"Foto-Andre\u0301s-Klein-150x150.jpeg","width":150,"height":150,"mime_type":"image\/jpeg","source_url":"https:\/\/medicina.udd.cl\/centro-genetica-genomica\/files\/2022\/01\/Foto-Andre\u0301s-Klein-150x150.jpeg"},"medium_large":{"file":"Foto-Andre\u0301s-Klein-768x1024.jpeg","width":768,"height":1024,"mime_type":"image\/jpeg","source_url":"https:\/\/medicina.udd.cl\/centro-genetica-genomica\/files\/2022\/01\/Foto-Andre\u0301s-Klein-768x1024.jpeg"},"newsletter_featured":{"file":"Foto-Andre\u0301s-Klein-316x224.jpeg","width":316,"height":224,"mime_type":"image\/jpeg","source_url":"https:\/\/medicina.udd.cl\/centro-genetica-genomica\/files\/2022\/01\/Foto-Andre\u0301s-Klein-316x224.jpeg"},"newsletter_first":{"file":"Foto-Andre\u0301s-Klein-286x205.jpeg","width":286,"height":205,"mime_type":"image\/jpeg","source_url":"https:\/\/medicina.udd.cl\/centro-genetica-genomica\/files\/2022\/01\/Foto-Andre\u0301s-Klein-286x205.jpeg"},"newsletter_thumb":{"file":"Foto-Andre\u0301s-Klein-288x150.jpeg","width":288,"height":150,"mime_type":"image\/jpeg","source_url":"https:\/\/medicina.udd.cl\/centro-genetica-genomica\/files\/2022\/01\/Foto-Andre\u0301s-Klein-288x150.jpeg"},"newsletter_column":{"file":"Foto-Andre\u0301s-Klein-182x140.jpeg","width":182,"height":140,"mime_type":"image\/jpeg","source_url":"https:\/\/medicina.udd.cl\/centro-genetica-genomica\/files\/2022\/01\/Foto-Andre\u0301s-Klein-182x140.jpeg"},"newsletter_square":{"file":"Foto-Andre\u0301s-Klein-62x62.jpeg","width":62,"height":62,"mime_type":"image\/jpeg","source_url":"https:\/\/medicina.udd.cl\/centro-genetica-genomica\/files\/2022\/01\/Foto-Andre\u0301s-Klein-62x62.jpeg"},"newsletter_square_large":{"file":"Foto-Andre\u0301s-Klein-87x62.jpeg","width":87,"height":62,"mime_type":"image\/jpeg","source_url":"https:\/\/medicina.udd.cl\/centro-genetica-genomica\/files\/2022\/01\/Foto-Andre\u0301s-Klein-87x62.jpeg"},"1536x1536":{"file":"Foto-Andre\u0301s-Klein-1152x1536.jpeg","width":1152,"height":1536,"mime_type":"image\/jpeg","source_url":"https:\/\/medicina.udd.cl\/centro-genetica-genomica\/files\/2022\/01\/Foto-Andre\u0301s-Klein-1152x1536.jpeg"},"landscape_1920":{"file":"Foto-Andre\u0301s-Klein-1200x1080.jpeg","width":1200,"height":1080,"mime_type":"image\/jpeg","source_url":"https:\/\/medicina.udd.cl\/centro-genetica-genomica\/files\/2022\/01\/Foto-Andre\u0301s-Klein-1200x1080.jpeg"},"landscape_1366":{"file":"Foto-Andre\u0301s-Klein-1200x768.jpeg","width":1200,"height":768,"mime_type":"image\/jpeg","source_url":"https:\/\/medicina.udd.cl\/centro-genetica-genomica\/files\/2022\/01\/Foto-Andre\u0301s-Klein-1200x768.jpeg"},"landscape_952":{"file":"Foto-Andre\u0301s-Klein-952x534.jpeg","width":952,"height":534,"mime_type":"image\/jpeg","source_url":"https:\/\/medicina.udd.cl\/centro-genetica-genomica\/files\/2022\/01\/Foto-Andre\u0301s-Klein-952x534.jpeg"},"landscape_680":{"file":"Foto-Andre\u0301s-Klein-680x382.jpeg","width":680,"height":382,"mime_type":"image\/jpeg","source_url":"https:\/\/medicina.udd.cl\/centro-genetica-genomica\/files\/2022\/01\/Foto-Andre\u0301s-Klein-680x382.jpeg"},"square_750":{"file":"Foto-Andre\u0301s-Klein-750x750.jpeg","width":750,"height":750,"mime_type":"image\/jpeg","source_url":"https:\/\/medicina.udd.cl\/centro-genetica-genomica\/files\/2022\/01\/Foto-Andre\u0301s-Klein-750x750.jpeg"},"square_500":{"file":"Foto-Andre\u0301s-Klein-500x500.jpeg","width":500,"height":500,"mime_type":"image\/jpeg","source_url":"https:\/\/medicina.udd.cl\/centro-genetica-genomica\/files\/2022\/01\/Foto-Andre\u0301s-Klein-500x500.jpeg"},"square_200":{"file":"Foto-Andre\u0301s-Klein-250x250.jpeg","width":250,"height":250,"mime_type":"image\/jpeg","source_url":"https:\/\/medicina.udd.cl\/centro-genetica-genomica\/files\/2022\/01\/Foto-Andre\u0301s-Klein-250x250.jpeg"},"post-thumbnail":{"file":"Foto-Andre\u0301s-Klein-952x534.jpeg","width":952,"height":534,"mime_type":"image\/jpeg","source_url":"https:\/\/medicina.udd.cl\/centro-genetica-genomica\/files\/2022\/01\/Foto-Andre\u0301s-Klein-952x534.jpeg"},"custom_content":{"file":"Foto-Andre\u0301s-Klein-126x126.jpeg","width":126,"height":126,"mime_type":"image\/jpeg","source_url":"https:\/\/medicina.udd.cl\/centro-genetica-genomica\/files\/2022\/01\/Foto-Andre\u0301s-Klein-126x126.jpeg"},"full":{"file":"Foto-Andr\u00e9s-Klein.jpeg","width":1200,"height":1600,"mime_type":"image\/jpeg","source_url":"https:\/\/medicina.udd.cl\/centro-genetica-genomica\/files\/2022\/01\/Foto-Andr\u00e9s-Klein.jpeg"}},"image_meta":{"aperture":"0","credit":"","camera":"","caption":"","created_timestamp":"0","copyright":"","focal_length":"0","iso":"0","shutter_speed":"0","title":"","orientation":"0","keywords":[]}},"post":2843,"source_url":"https:\/\/medicina.udd.cl\/centro-genetica-genomica\/files\/2022\/01\/Foto-Andr\u00e9s-Klein.jpeg","_links":{"self":[{"href":"https:\/\/medicina.udd.cl\/centro-genetica-genomica\/wp-json\/wp\/v2\/media\/2844","targetHints":{"allow":["GET"]}}],"collection":[{"href":"https:\/\/medicina.udd.cl\/centro-genetica-genomica\/wp-json\/wp\/v2\/media"}],"about":[{"href":"https:\/\/medicina.udd.cl\/centro-genetica-genomica\/wp-json\/wp\/v2\/types\/attachment"}],"author":[{"embeddable":true,"href":"https:\/\/medicina.udd.cl\/centro-genetica-genomica\/wp-json\/wp\/v2\/users\/42"}],"replies":[{"embeddable":true,"href":"https:\/\/medicina.udd.cl\/centro-genetica-genomica\/wp-json\/wp\/v2\/comments?post=2844"}],"wp:attached-to":[{"embeddable":true,"post_type":"post","id":2843,"href":"https:\/\/medicina.udd.cl\/centro-genetica-genomica\/wp-json\/wp\/v2\/posts\/2843"}],"curies":[{"name":"wp","href":"https:\/\/api.w.org\/{rel}","templated":true}]}}