{"id":761,"date":"2013-03-11T11:39:56","date_gmt":"2013-03-11T15:39:56","guid":{"rendered":"http:\/\/medicina.udd.cl\/centro-genetica-humana\/files\/2013\/03\/Voluntarias-y-ni\u00f1os-S\u00edndrome-VCF.jpg"},"modified":"2013-03-11T11:39:56","modified_gmt":"2013-03-11T15:39:56","slug":"voluntarias-y-ninos-sindrome-vcf","status":"inherit","type":"attachment","link":"https:\/\/medicina.udd.cl\/centro-genetica-genomica\/noticias\/2013\/03\/11\/sindrome-velocardiofacial-prioridad-tratar-a-tiempo-problemas-del-habla\/voluntarias-y-ninos-sindrome-vcf\/","title":{"rendered":"Voluntarias y ni\u00f1os S\u00edndrome VCF"},"author":31,"featured_media":0,"comment_status":"open","ping_status":"open","template":"","meta":[],"class_list":["post-761","attachment","type-attachment","status-inherit","hentry"],"yoast_head":"<!-- This site is optimized with the Yoast SEO plugin v26.9 - https:\/\/yoast.com\/product\/yoast-seo-wordpress\/ -->\n<title>Voluntarias y ni\u00f1os S\u00edndrome VCF - Centro de Gen\u00e9tica y Gen\u00f3mica<\/title>\n<meta name=\"robots\" content=\"index, follow, max-snippet:-1, max-image-preview:large, max-video-preview:-1\" \/>\n<link rel=\"canonical\" href=\"https:\/\/medicina.udd.cl\/centro-genetica-genomica\/files\/2013\/03\/Voluntarias-y-ni\u00f1os-S\u00edndrome-VCF.jpg\" \/>\n<meta property=\"og:locale\" content=\"es_ES\" \/>\n<meta property=\"og:type\" content=\"article\" \/>\n<meta property=\"og:title\" content=\"Voluntarias y ni\u00f1os S\u00edndrome VCF - Centro de Gen\u00e9tica y Gen\u00f3mica\" \/>\n<meta property=\"og:url\" content=\"https:\/\/medicina.udd.cl\/centro-genetica-genomica\/files\/2013\/03\/Voluntarias-y-ni\u00f1os-S\u00edndrome-VCF.jpg\" \/>\n<meta property=\"og:site_name\" content=\"Centro de Gen\u00e9tica y Gen\u00f3mica\" \/>\n<meta property=\"og:image\" content=\"https:\/\/medicina.udd.cl\/centro-genetica-genomica\/files\/2013\/03\/Voluntarias-y-ni\u00f1os-S\u00edndrome-VCF.jpg\" \/>\n\t<meta property=\"og:image:width\" content=\"640\" \/>\n\t<meta property=\"og:image:height\" content=\"405\" \/>\n\t<meta property=\"og:image:type\" content=\"image\/jpeg\" \/>\n<script type=\"application\/ld+json\" class=\"yoast-schema-graph\">{\"@context\":\"https:\/\/schema.org\",\"@graph\":[{\"@type\":\"WebPage\",\"@id\":\"https:\/\/medicina.udd.cl\/centro-genetica-genomica\/files\/2013\/03\/Voluntarias-y-ni\u00f1os-S\u00edndrome-VCF.jpg\",\"url\":\"https:\/\/medicina.udd.cl\/centro-genetica-genomica\/files\/2013\/03\/Voluntarias-y-ni\u00f1os-S\u00edndrome-VCF.jpg\",\"name\":\"Voluntarias y ni\u00f1os S\u00edndrome VCF - Centro de Gen\u00e9tica y Gen\u00f3mica\",\"isPartOf\":{\"@id\":\"https:\/\/medicina.udd.cl\/centro-genetica-genomica\/#website\"},\"datePublished\":\"2013-03-11T15:39:56+00:00\",\"breadcrumb\":{\"@id\":\"https:\/\/medicina.udd.cl\/centro-genetica-genomica\/files\/2013\/03\/Voluntarias-y-ni\u00f1os-S\u00edndrome-VCF.jpg#breadcrumb\"},\"inLanguage\":\"es\",\"potentialAction\":[{\"@type\":\"ReadAction\",\"target\":[\"https:\/\/medicina.udd.cl\/centro-genetica-genomica\/files\/2013\/03\/Voluntarias-y-ni\u00f1os-S\u00edndrome-VCF.jpg\"]}]},{\"@type\":\"BreadcrumbList\",\"@id\":\"https:\/\/medicina.udd.cl\/centro-genetica-genomica\/files\/2013\/03\/Voluntarias-y-ni\u00f1os-S\u00edndrome-VCF.jpg#breadcrumb\",\"itemListElement\":[{\"@type\":\"ListItem\",\"position\":1,\"name\":\"Inicio\",\"item\":\"https:\/\/medicina.udd.cl\/centro-genetica-genomica\/\"},{\"@type\":\"ListItem\",\"position\":2,\"name\":\"S\u00edndrome Velocardiofacial: prioridad tratar a tiempo problemas del habla\",\"item\":\"https:\/\/medicina.udd.cl\/centro-genetica-genomica\/noticias\/2013\/03\/11\/sindrome-velocardiofacial-prioridad-tratar-a-tiempo-problemas-del-habla\/\"},{\"@type\":\"ListItem\",\"position\":3,\"name\":\"Voluntarias y ni\u00f1os S\u00edndrome VCF\"}]},{\"@type\":\"WebSite\",\"@id\":\"https:\/\/medicina.udd.cl\/centro-genetica-genomica\/#website\",\"url\":\"https:\/\/medicina.udd.cl\/centro-genetica-genomica\/\",\"name\":\"Centro de Gen\u00e9tica y Gen\u00f3mica\",\"description\":\"\",\"inLanguage\":\"es\"}]}<\/script>\n<!-- \/ Yoast SEO plugin. -->","yoast_head_json":{"title":"Voluntarias y ni\u00f1os S\u00edndrome VCF - Centro de Gen\u00e9tica y Gen\u00f3mica","robots":{"index":"index","follow":"follow","max-snippet":"max-snippet:-1","max-image-preview":"max-image-preview:large","max-video-preview":"max-video-preview:-1"},"canonical":"https:\/\/medicina.udd.cl\/centro-genetica-genomica\/files\/2013\/03\/Voluntarias-y-ni\u00f1os-S\u00edndrome-VCF.jpg","og_locale":"es_ES","og_type":"article","og_title":"Voluntarias y ni\u00f1os S\u00edndrome VCF - Centro de Gen\u00e9tica y Gen\u00f3mica","og_url":"https:\/\/medicina.udd.cl\/centro-genetica-genomica\/files\/2013\/03\/Voluntarias-y-ni\u00f1os-S\u00edndrome-VCF.jpg","og_site_name":"Centro de Gen\u00e9tica y Gen\u00f3mica","og_image":[{"width":640,"height":405,"url":"https:\/\/medicina.udd.cl\/centro-genetica-genomica\/files\/2013\/03\/Voluntarias-y-ni\u00f1os-S\u00edndrome-VCF.jpg","type":"image\/jpeg"}],"schema":{"@context":"https:\/\/schema.org","@graph":[{"@type":"WebPage","@id":"https:\/\/medicina.udd.cl\/centro-genetica-genomica\/files\/2013\/03\/Voluntarias-y-ni\u00f1os-S\u00edndrome-VCF.jpg","url":"https:\/\/medicina.udd.cl\/centro-genetica-genomica\/files\/2013\/03\/Voluntarias-y-ni\u00f1os-S\u00edndrome-VCF.jpg","name":"Voluntarias y ni\u00f1os S\u00edndrome VCF - Centro de Gen\u00e9tica y Gen\u00f3mica","isPartOf":{"@id":"https:\/\/medicina.udd.cl\/centro-genetica-genomica\/#website"},"datePublished":"2013-03-11T15:39:56+00:00","breadcrumb":{"@id":"https:\/\/medicina.udd.cl\/centro-genetica-genomica\/files\/2013\/03\/Voluntarias-y-ni\u00f1os-S\u00edndrome-VCF.jpg#breadcrumb"},"inLanguage":"es","potentialAction":[{"@type":"ReadAction","target":["https:\/\/medicina.udd.cl\/centro-genetica-genomica\/files\/2013\/03\/Voluntarias-y-ni\u00f1os-S\u00edndrome-VCF.jpg"]}]},{"@type":"BreadcrumbList","@id":"https:\/\/medicina.udd.cl\/centro-genetica-genomica\/files\/2013\/03\/Voluntarias-y-ni\u00f1os-S\u00edndrome-VCF.jpg#breadcrumb","itemListElement":[{"@type":"ListItem","position":1,"name":"Inicio","item":"https:\/\/medicina.udd.cl\/centro-genetica-genomica\/"},{"@type":"ListItem","position":2,"name":"S\u00edndrome Velocardiofacial: prioridad tratar a tiempo problemas del habla","item":"https:\/\/medicina.udd.cl\/centro-genetica-genomica\/noticias\/2013\/03\/11\/sindrome-velocardiofacial-prioridad-tratar-a-tiempo-problemas-del-habla\/"},{"@type":"ListItem","position":3,"name":"Voluntarias y ni\u00f1os S\u00edndrome VCF"}]},{"@type":"WebSite","@id":"https:\/\/medicina.udd.cl\/centro-genetica-genomica\/#website","url":"https:\/\/medicina.udd.cl\/centro-genetica-genomica\/","name":"Centro de Gen\u00e9tica y Gen\u00f3mica","description":"","inLanguage":"es"}]}},"description":{"rendered":"<p class=\"attachment\"><a href='https:\/\/medicina.udd.cl\/centro-genetica-genomica\/files\/2013\/03\/Voluntarias-y-ni\u00f1os-S\u00edndrome-VCF.jpg'><img loading=\"lazy\" decoding=\"async\" width=\"300\" height=\"190\" src=\"https:\/\/medicina.udd.cl\/centro-genetica-genomica\/files\/2013\/03\/Voluntarias-y-ni\u00f1os-S\u00edndrome-VCF-300x190.jpg\" class=\"attachment-medium size-medium\" alt=\"\" srcset=\"https:\/\/medicina.udd.cl\/centro-genetica-genomica\/files\/2013\/03\/Voluntarias-y-ni\u00f1os-S\u00edndrome-VCF-300x190.jpg 300w, https:\/\/medicina.udd.cl\/centro-genetica-genomica\/files\/2013\/03\/Voluntarias-y-ni\u00f1os-S\u00edndrome-VCF-125x80.jpg 125w, https:\/\/medicina.udd.cl\/centro-genetica-genomica\/files\/2013\/03\/Voluntarias-y-ni\u00f1os-S\u00edndrome-VCF.jpg 640w\" sizes=\"auto, (max-width: 300px) 100vw, 300px\" \/><\/a><\/p>\n"},"caption":{"rendered":""},"alt_text":"","media_type":"image","mime_type":"image\/jpeg","media_details":{"width":640,"height":405,"file":"2013\/03\/Voluntarias-y-ni\u00f1os-S\u00edndrome-VCF.jpg","sizes":{"thumbnail":{"file":"Voluntarias-y-ni\u00f1os-S\u00edndrome-VCF-150x150.jpg","width":150,"height":150,"mime_type":"image\/jpeg","source_url":"https:\/\/medicina.udd.cl\/centro-genetica-genomica\/files\/2013\/03\/Voluntarias-y-ni\u00f1os-S\u00edndrome-VCF-150x150.jpg"},"medium":{"file":"Voluntarias-y-ni\u00f1os-S\u00edndrome-VCF-300x190.jpg","width":300,"height":190,"mime_type":"image\/jpeg","source_url":"https:\/\/medicina.udd.cl\/centro-genetica-genomica\/files\/2013\/03\/Voluntarias-y-ni\u00f1os-S\u00edndrome-VCF-300x190.jpg"},"newsletter_featured":{"file":"Voluntarias-y-ni\u00f1os-S\u00edndrome-VCF-316x224.jpg","width":316,"height":224,"mime_type":"image\/jpeg","source_url":"https:\/\/medicina.udd.cl\/centro-genetica-genomica\/files\/2013\/03\/Voluntarias-y-ni\u00f1os-S\u00edndrome-VCF-316x224.jpg"},"newsletter_first":{"file":"Voluntarias-y-ni\u00f1os-S\u00edndrome-VCF-286x205.jpg","width":286,"height":205,"mime_type":"image\/jpeg","source_url":"https:\/\/medicina.udd.cl\/centro-genetica-genomica\/files\/2013\/03\/Voluntarias-y-ni\u00f1os-S\u00edndrome-VCF-286x205.jpg"},"newsletter_thumb":{"file":"Voluntarias-y-ni\u00f1os-S\u00edndrome-VCF-288x150.jpg","width":288,"height":150,"mime_type":"image\/jpeg","source_url":"https:\/\/medicina.udd.cl\/centro-genetica-genomica\/files\/2013\/03\/Voluntarias-y-ni\u00f1os-S\u00edndrome-VCF-288x150.jpg"},"newsletter_column":{"file":"Voluntarias-y-ni\u00f1os-S\u00edndrome-VCF-182x140.jpg","width":182,"height":140,"mime_type":"image\/jpeg","source_url":"https:\/\/medicina.udd.cl\/centro-genetica-genomica\/files\/2013\/03\/Voluntarias-y-ni\u00f1os-S\u00edndrome-VCF-182x140.jpg"},"newsletter_square":{"file":"Voluntarias-y-ni\u00f1os-S\u00edndrome-VCF-62x62.jpg","width":62,"height":62,"mime_type":"image\/jpeg","source_url":"https:\/\/medicina.udd.cl\/centro-genetica-genomica\/files\/2013\/03\/Voluntarias-y-ni\u00f1os-S\u00edndrome-VCF-62x62.jpg"},"newsletter_square_large":{"file":"Voluntarias-y-ni\u00f1os-S\u00edndrome-VCF-87x62.jpg","width":87,"height":62,"mime_type":"image\/jpeg","source_url":"https:\/\/medicina.udd.cl\/centro-genetica-genomica\/files\/2013\/03\/Voluntarias-y-ni\u00f1os-S\u00edndrome-VCF-87x62.jpg"},"squared":{"file":"Voluntarias-y-ni\u00f1os-S\u00edndrome-VCF-300x300.jpg","width":300,"height":300,"mime_type":"image\/jpeg","source_url":"https:\/\/medicina.udd.cl\/centro-genetica-genomica\/files\/2013\/03\/Voluntarias-y-ni\u00f1os-S\u00edndrome-VCF-300x300.jpg"},"portrait-medium":{"file":"Voluntarias-y-ni\u00f1os-S\u00edndrome-VCF-220x260.jpg","width":220,"height":260,"mime_type":"image\/jpeg","source_url":"https:\/\/medicina.udd.cl\/centro-genetica-genomica\/files\/2013\/03\/Voluntarias-y-ni\u00f1os-S\u00edndrome-VCF-220x260.jpg"},"landscape-small":{"file":"Voluntarias-y-ni\u00f1os-S\u00edndrome-VCF-125x80.jpg","width":125,"height":80,"mime_type":"image\/jpeg","source_url":"https:\/\/medicina.udd.cl\/centro-genetica-genomica\/files\/2013\/03\/Voluntarias-y-ni\u00f1os-S\u00edndrome-VCF-125x80.jpg"},"landscape-medium":{"file":"Voluntarias-y-ni\u00f1os-S\u00edndrome-VCF-340x220.jpg","width":340,"height":220,"mime_type":"image\/jpeg","source_url":"https:\/\/medicina.udd.cl\/centro-genetica-genomica\/files\/2013\/03\/Voluntarias-y-ni\u00f1os-S\u00edndrome-VCF-340x220.jpg"},"landscape-large":{"file":"Voluntarias-y-ni\u00f1os-S\u00edndrome-VCF-365x255.jpg","width":365,"height":255,"mime_type":"image\/jpeg","source_url":"https:\/\/medicina.udd.cl\/centro-genetica-genomica\/files\/2013\/03\/Voluntarias-y-ni\u00f1os-S\u00edndrome-VCF-365x255.jpg"},"panoramic":{"file":"Voluntarias-y-ni\u00f1os-S\u00edndrome-VCF-640x345.jpg","width":640,"height":345,"mime_type":"image\/jpeg","source_url":"https:\/\/medicina.udd.cl\/centro-genetica-genomica\/files\/2013\/03\/Voluntarias-y-ni\u00f1os-S\u00edndrome-VCF-640x345.jpg"},"custom_content":{"file":"Voluntarias-y-ni\u00f1os-S\u00edndrome-VCF-126x126.jpg","width":126,"height":126,"mime_type":"image\/jpeg","source_url":"https:\/\/medicina.udd.cl\/centro-genetica-genomica\/files\/2013\/03\/Voluntarias-y-ni\u00f1os-S\u00edndrome-VCF-126x126.jpg"},"full":{"file":"Voluntarias-y-ni\u00f1os-S\u00edndrome-VCF.jpg","width":640,"height":405,"mime_type":"image\/jpeg","source_url":"https:\/\/medicina.udd.cl\/centro-genetica-genomica\/files\/2013\/03\/Voluntarias-y-ni\u00f1os-S\u00edndrome-VCF.jpg"}},"image_meta":{"aperture":"4.5","credit":"","camera":"Canon EOS REBEL T2i","caption":"","created_timestamp":"1362824704","copyright":"","focal_length":"32","iso":"250","shutter_speed":"0.02","title":"","orientation":"1","keywords":[]}},"post":755,"source_url":"https:\/\/medicina.udd.cl\/centro-genetica-genomica\/files\/2013\/03\/Voluntarias-y-ni\u00f1os-S\u00edndrome-VCF.jpg","_links":{"self":[{"href":"https:\/\/medicina.udd.cl\/centro-genetica-genomica\/wp-json\/wp\/v2\/media\/761","targetHints":{"allow":["GET"]}}],"collection":[{"href":"https:\/\/medicina.udd.cl\/centro-genetica-genomica\/wp-json\/wp\/v2\/media"}],"about":[{"href":"https:\/\/medicina.udd.cl\/centro-genetica-genomica\/wp-json\/wp\/v2\/types\/attachment"}],"author":[{"embeddable":true,"href":"https:\/\/medicina.udd.cl\/centro-genetica-genomica\/wp-json\/wp\/v2\/users\/31"}],"replies":[{"embeddable":true,"href":"https:\/\/medicina.udd.cl\/centro-genetica-genomica\/wp-json\/wp\/v2\/comments?post=761"}],"wp:attached-to":[{"embeddable":true,"post_type":"post","id":755,"href":"https:\/\/medicina.udd.cl\/centro-genetica-genomica\/wp-json\/wp\/v2\/posts\/755"}],"curies":[{"name":"wp","href":"https:\/\/api.w.org\/{rel}","templated":true}]}}