{"id":1824,"date":"2016-08-09T15:17:19","date_gmt":"2016-08-09T19:17:19","guid":{"rendered":"http:\/\/medicina.udd.cl\/centro-genetica-genomica\/?post_type=person&#038;p=1824"},"modified":"2018-03-26T10:48:00","modified_gmt":"2018-03-26T13:48:00","slug":"boris-rebolledo","status":"publish","type":"person","link":"https:\/\/medicina.udd.cl\/centro-genetica-genomica\/persona\/boris-rebolledo\/","title":{"rendered":"Boris Rebolledo"},"featured_media":2264,"template":"","people_tax":[4037,10100],"people_areas":[],"people_levels":[],"class_list":["post-1824","person","type-person","status-publish","has-post-thumbnail","hentry","people_tax-equipo","people_tax-sindrome-de-delecion-22q11","people_list-integrantes"],"yoast_head":"<!-- This site is optimized with the Yoast SEO plugin v26.9 - https:\/\/yoast.com\/product\/yoast-seo-wordpress\/ -->\n<title>Boris Rebolledo - Centro de Gen\u00e9tica y Gen\u00f3mica<\/title>\n<meta name=\"robots\" content=\"index, follow, max-snippet:-1, max-image-preview:large, max-video-preview:-1\" \/>\n<link rel=\"canonical\" href=\"https:\/\/medicina.udd.cl\/centro-genetica-genomica\/persona\/boris-rebolledo\/\" \/>\n<meta property=\"og:locale\" content=\"es_ES\" \/>\n<meta property=\"og:type\" content=\"article\" \/>\n<meta property=\"og:title\" content=\"Boris Rebolledo - Centro de Gen\u00e9tica y Gen\u00f3mica\" \/>\n<meta property=\"og:url\" content=\"https:\/\/medicina.udd.cl\/centro-genetica-genomica\/persona\/boris-rebolledo\/\" \/>\n<meta property=\"og:site_name\" content=\"Centro de Gen\u00e9tica y Gen\u00f3mica\" \/>\n<meta property=\"article:modified_time\" content=\"2018-03-26T13:48:00+00:00\" \/>\n<meta property=\"og:image\" content=\"https:\/\/medicina.udd.cl\/centro-genetica-genomica\/files\/2016\/08\/Boris-Rebolledo-1024x928.jpg\" \/>\n\t<meta property=\"og:image:width\" content=\"1024\" \/>\n\t<meta property=\"og:image:height\" content=\"928\" \/>\n\t<meta property=\"og:image:type\" content=\"image\/jpeg\" \/>\n<script type=\"application\/ld+json\" class=\"yoast-schema-graph\">{\"@context\":\"https:\/\/schema.org\",\"@graph\":[{\"@type\":\"WebPage\",\"@id\":\"https:\/\/medicina.udd.cl\/centro-genetica-genomica\/persona\/boris-rebolledo\/\",\"url\":\"https:\/\/medicina.udd.cl\/centro-genetica-genomica\/persona\/boris-rebolledo\/\",\"name\":\"Boris Rebolledo - Centro de Gen\u00e9tica y Gen\u00f3mica\",\"isPartOf\":{\"@id\":\"https:\/\/medicina.udd.cl\/centro-genetica-genomica\/#website\"},\"primaryImageOfPage\":{\"@id\":\"https:\/\/medicina.udd.cl\/centro-genetica-genomica\/persona\/boris-rebolledo\/#primaryimage\"},\"image\":{\"@id\":\"https:\/\/medicina.udd.cl\/centro-genetica-genomica\/persona\/boris-rebolledo\/#primaryimage\"},\"thumbnailUrl\":\"https:\/\/medicina.udd.cl\/centro-genetica-genomica\/files\/2016\/08\/Boris-Rebolledo.jpg\",\"datePublished\":\"2016-08-09T19:17:19+00:00\",\"dateModified\":\"2018-03-26T13:48:00+00:00\",\"breadcrumb\":{\"@id\":\"https:\/\/medicina.udd.cl\/centro-genetica-genomica\/persona\/boris-rebolledo\/#breadcrumb\"},\"inLanguage\":\"es\",\"potentialAction\":[{\"@type\":\"ReadAction\",\"target\":[\"https:\/\/medicina.udd.cl\/centro-genetica-genomica\/persona\/boris-rebolledo\/\"]}]},{\"@type\":\"ImageObject\",\"inLanguage\":\"es\",\"@id\":\"https:\/\/medicina.udd.cl\/centro-genetica-genomica\/persona\/boris-rebolledo\/#primaryimage\",\"url\":\"https:\/\/medicina.udd.cl\/centro-genetica-genomica\/files\/2016\/08\/Boris-Rebolledo.jpg\",\"contentUrl\":\"https:\/\/medicina.udd.cl\/centro-genetica-genomica\/files\/2016\/08\/Boris-Rebolledo.jpg\",\"width\":3330,\"height\":3018},{\"@type\":\"BreadcrumbList\",\"@id\":\"https:\/\/medicina.udd.cl\/centro-genetica-genomica\/persona\/boris-rebolledo\/#breadcrumb\",\"itemListElement\":[{\"@type\":\"ListItem\",\"position\":1,\"name\":\"Inicio\",\"item\":\"https:\/\/medicina.udd.cl\/centro-genetica-genomica\/\"},{\"@type\":\"ListItem\",\"position\":2,\"name\":\"Personas\",\"item\":\"https:\/\/medicina.udd.cl\/centro-genetica-genomica\/persona\/\"},{\"@type\":\"ListItem\",\"position\":3,\"name\":\"Boris Rebolledo\"}]},{\"@type\":\"WebSite\",\"@id\":\"https:\/\/medicina.udd.cl\/centro-genetica-genomica\/#website\",\"url\":\"https:\/\/medicina.udd.cl\/centro-genetica-genomica\/\",\"name\":\"Centro de Gen\u00e9tica y Gen\u00f3mica\",\"description\":\"\",\"inLanguage\":\"es\"}]}<\/script>\n<!-- \/ Yoast SEO plugin. -->","yoast_head_json":{"title":"Boris Rebolledo - Centro de Gen\u00e9tica y Gen\u00f3mica","robots":{"index":"index","follow":"follow","max-snippet":"max-snippet:-1","max-image-preview":"max-image-preview:large","max-video-preview":"max-video-preview:-1"},"canonical":"https:\/\/medicina.udd.cl\/centro-genetica-genomica\/persona\/boris-rebolledo\/","og_locale":"es_ES","og_type":"article","og_title":"Boris Rebolledo - Centro de Gen\u00e9tica y Gen\u00f3mica","og_url":"https:\/\/medicina.udd.cl\/centro-genetica-genomica\/persona\/boris-rebolledo\/","og_site_name":"Centro de Gen\u00e9tica y Gen\u00f3mica","article_modified_time":"2018-03-26T13:48:00+00:00","og_image":[{"width":1024,"height":928,"url":"https:\/\/medicina.udd.cl\/centro-genetica-genomica\/files\/2016\/08\/Boris-Rebolledo-1024x928.jpg","type":"image\/jpeg"}],"schema":{"@context":"https:\/\/schema.org","@graph":[{"@type":"WebPage","@id":"https:\/\/medicina.udd.cl\/centro-genetica-genomica\/persona\/boris-rebolledo\/","url":"https:\/\/medicina.udd.cl\/centro-genetica-genomica\/persona\/boris-rebolledo\/","name":"Boris Rebolledo - Centro de Gen\u00e9tica y Gen\u00f3mica","isPartOf":{"@id":"https:\/\/medicina.udd.cl\/centro-genetica-genomica\/#website"},"primaryImageOfPage":{"@id":"https:\/\/medicina.udd.cl\/centro-genetica-genomica\/persona\/boris-rebolledo\/#primaryimage"},"image":{"@id":"https:\/\/medicina.udd.cl\/centro-genetica-genomica\/persona\/boris-rebolledo\/#primaryimage"},"thumbnailUrl":"https:\/\/medicina.udd.cl\/centro-genetica-genomica\/files\/2016\/08\/Boris-Rebolledo.jpg","datePublished":"2016-08-09T19:17:19+00:00","dateModified":"2018-03-26T13:48:00+00:00","breadcrumb":{"@id":"https:\/\/medicina.udd.cl\/centro-genetica-genomica\/persona\/boris-rebolledo\/#breadcrumb"},"inLanguage":"es","potentialAction":[{"@type":"ReadAction","target":["https:\/\/medicina.udd.cl\/centro-genetica-genomica\/persona\/boris-rebolledo\/"]}]},{"@type":"ImageObject","inLanguage":"es","@id":"https:\/\/medicina.udd.cl\/centro-genetica-genomica\/persona\/boris-rebolledo\/#primaryimage","url":"https:\/\/medicina.udd.cl\/centro-genetica-genomica\/files\/2016\/08\/Boris-Rebolledo.jpg","contentUrl":"https:\/\/medicina.udd.cl\/centro-genetica-genomica\/files\/2016\/08\/Boris-Rebolledo.jpg","width":3330,"height":3018},{"@type":"BreadcrumbList","@id":"https:\/\/medicina.udd.cl\/centro-genetica-genomica\/persona\/boris-rebolledo\/#breadcrumb","itemListElement":[{"@type":"ListItem","position":1,"name":"Inicio","item":"https:\/\/medicina.udd.cl\/centro-genetica-genomica\/"},{"@type":"ListItem","position":2,"name":"Personas","item":"https:\/\/medicina.udd.cl\/centro-genetica-genomica\/persona\/"},{"@type":"ListItem","position":3,"name":"Boris Rebolledo"}]},{"@type":"WebSite","@id":"https:\/\/medicina.udd.cl\/centro-genetica-genomica\/#website","url":"https:\/\/medicina.udd.cl\/centro-genetica-genomica\/","name":"Centro de Gen\u00e9tica y Gen\u00f3mica","description":"","inLanguage":"es"}]}},"label":"Boris Rebolledo","role":false,"thumbnail_url":"https:\/\/medicina.udd.cl\/centro-genetica-genomica\/files\/2016\/08\/Boris-Rebolledo.jpg","email":"brebolledo@udd.cl","tel_job":"","content":{"rendered":"<div class=\"person-modal person-modal--scl\">\n\t<header class=\"person-modal__header\">\n\t\t<div class=\"person-modal__bg\"><\/div>\n\t\t<div class=\"modal-container\">\n\t\t\t\t\t\t<div class=\"person-modal__media\">\n\t\t\t\t<img width=\"500\" height=\"453\" src=\"https:\/\/medicina.udd.cl\/centro-genetica-genomica\/files\/2016\/08\/Boris-Rebolledo.jpg\" class=\"person-modal__image wp-post-image\" alt=\"\" decoding=\"async\" loading=\"lazy\" srcset=\"https:\/\/medicina.udd.cl\/centro-genetica-genomica\/files\/2016\/08\/Boris-Rebolledo.jpg 3330w, https:\/\/medicina.udd.cl\/centro-genetica-genomica\/files\/2016\/08\/Boris-Rebolledo-300x272.jpg 300w, https:\/\/medicina.udd.cl\/centro-genetica-genomica\/files\/2016\/08\/Boris-Rebolledo-768x696.jpg 768w, https:\/\/medicina.udd.cl\/centro-genetica-genomica\/files\/2016\/08\/Boris-Rebolledo-1024x928.jpg 1024w, https:\/\/medicina.udd.cl\/centro-genetica-genomica\/files\/2016\/08\/Boris-Rebolledo-960x870.jpg 960w\" sizes=\"auto, (max-width: 500px) 100vw, 500px\" \/>\t\t\t<\/div>\n\t\t\t\t\t\t<div class=\"person-modal__data\">\n\t\t\t\t<h1 class=\"person-modal__name\">Boris Rebolledo<\/h1>\n\t\t\t\t\t\t\t\t\t\t\t\t\t<a href=\"mailto:&#098;r&#101;&#098;olle&#100;o&#064;u&#100;d.c&#108;\" class=\"person-modal__email\">b&#114;&#101;&#98;o&#108;&#108;&#101;&#100;o&#64;&#117;d&#100;&#46;&#99;l<\/a>\n\t\t\t\t\t\t\t\t\t<\/div>\n\t\t<\/div>\n\t<\/header>\n\t<div class=\"modal-container\">\n\t\t\t<div class=\"person-modal__content text\">\n\t\t\t\t\t<p>Ph.D. en Bioinform\u00e1tica y Gen\u00f3mica, Penn State University (USA). Mag\u00edster en Bioqu\u00edmica y Bioinform\u00e1tica, Universidad de Concepci\u00f3n. Bioingenier\u00eda, Universidad de Concepci\u00f3n. L\u00edneas de investigaci\u00f3n: Variaci\u00f3n del ADN mitocondrial, bioinform\u00e1tica y gen\u00f3mica humana.<\/p>\n\t\t\t\t\t\t\t\t\t\t<p>&nbsp;<\/p>\n<p><strong>Intereses.<\/strong><\/p>\n<p>Mi interesa el desarrollo e integraci\u00f3n de herramientas bioinform\u00e1ticas para el an\u00e1lisis de datos de gen\u00f3mica m\u00e9dica.\u00a0Me he enfocado en investigar aspectos b\u00e1sicos del ADN mitocondrial: heteroplasmia, din\u00e1mica de transmisi\u00f3n y evoluci\u00f3n. Actualmente, me interesa entender la coordinaci\u00f3n gen\u00e9tica entre los genomas nuclear y mitocondrial, y c\u00f3mo variantes gen\u00e9ticas que afectan esta interacci\u00f3n contribuyen al desarrollo de enfermedades.<\/p>\n<p>&nbsp;<\/p>\n<p><strong>Interests.<\/strong><\/p>\n<p>I am interested in the development and integration of computational tools for the analysis of medical genomics data.\u00a0I have been focused on basic aspects of mitochondrial DNA biology: heteroplasmy, dynamics of transmission, and evolution. I am currently interested in the genetic coordination between the nuclear and mitochondrial genomes, and how genetic variability affecting the mito-nuclear interaction contributes to diseases.<\/p>\n<p>&nbsp;<\/p>\n<p><strong>Publicaciones seleccionadas<\/strong><\/p>\n<ul>\n<li>Rebolledo-Jaramillo B*, Su MS*, McElhoe J, Stoller N, Dickins B, Korneliussen T, Nielsen R, Holland M, Paul I, Nekrutenko A, Makova KD. (2014) Maternal Age Effect and Severe Germline Bottleneck in the Inheritance of Human Mitochondrial DNA. [*Equal contribution]\u00a0<a href=\"http:\/\/www.pnas.org\/content\/111\/43\/15474\"><span>PNAS 111(43):15474<\/span><\/a><\/li>\n<li>Dickins B*, Rebolledo-Jaramillo B*, Shu-Wei S, Paul IM, Blankenberg D, Stoler N, Makova KD, Nekrutenko A. (2014). Controlling for contamination in resequencing studies with a reproducible web-based phylogenetic approach. [*Equal contribution]\u00a0<a href=\"http:\/\/goo.gl\/jv2J34\"><span>BioTechniques, 56(3):134<\/span><\/a><\/li>\n<li>Bar-Yaacov D, Avital G, Levin L, Richards A, Hachen N, Rebolledo-Jaramillo B, Nekrutenko A, Zarivach R, Mishmar D. (2013). RNA-DNA differences in human mitochondria restore ancestral form of 16S ribosomal RNA.\u00a0<a href=\"http:\/\/genome.cshlp.org\/content\/23\/11\/1789.long\"><span>Genome Res. 23(11):1789-96<\/span><\/a><\/li>\n<\/ul>\n<p class=\"MsoNormal\">\n\t\t<\/div>\n\t<\/div>\n<\/div>\n"},"identifier":"91b7a3fdc70429aa640d8eaa1e0af85bdceb4671","has_credential":[],"given_name":"Boris","family_name":"Rebolledo","name":"Boris Rebolledo","job_title":"","telephone":"","note":"Ph.D. en Bioinform\u00e1tica y Gen\u00f3mica, Penn State University (USA). Mag\u00edster en Bioqu\u00edmica y Bioinform\u00e1tica, Universidad de Concepci\u00f3n. Bioingenier\u00eda, Universidad de Concepci\u00f3n. L\u00edneas de investigaci\u00f3n: Variaci\u00f3n del ADN mitocondrial, bioinform\u00e1tica y gen\u00f3mica humana.\r\n\r\n","im":"","_self_schedule":null,"_links":{"self":[{"href":"https:\/\/medicina.udd.cl\/centro-genetica-genomica\/wp-json\/wp\/v2\/people\/1824","targetHints":{"allow":["GET"]}}],"collection":[{"href":"https:\/\/medicina.udd.cl\/centro-genetica-genomica\/wp-json\/wp\/v2\/people"}],"about":[{"href":"https:\/\/medicina.udd.cl\/centro-genetica-genomica\/wp-json\/wp\/v2\/types\/person"}],"wp:featuredmedia":[{"embeddable":true,"href":"https:\/\/medicina.udd.cl\/centro-genetica-genomica\/wp-json\/wp\/v2\/media\/2264"}],"wp:attachment":[{"href":"https:\/\/medicina.udd.cl\/centro-genetica-genomica\/wp-json\/wp\/v2\/media?parent=1824"}],"wp:term":[{"taxonomy":"people_tax","embeddable":true,"href":"https:\/\/medicina.udd.cl\/centro-genetica-genomica\/wp-json\/wp\/v2\/people_tax?post=1824"},{"taxonomy":"people_areas","embeddable":true,"href":"https:\/\/medicina.udd.cl\/centro-genetica-genomica\/wp-json\/wp\/v2\/people_areas?post=1824"},{"taxonomy":"people_levels","embeddable":true,"href":"https:\/\/medicina.udd.cl\/centro-genetica-genomica\/wp-json\/wp\/v2\/people_levels?post=1824"}],"curies":[{"name":"wp","href":"https:\/\/api.w.org\/{rel}","templated":true}]}}