{"id":2027,"date":"2017-07-24T15:18:09","date_gmt":"2017-07-24T19:18:09","guid":{"rendered":"http:\/\/medicina.udd.cl\/centro-genetica-genomica\/?post_type=person&#038;p=2027"},"modified":"2017-07-27T15:48:55","modified_gmt":"2017-07-27T19:48:55","slug":"analia-cuiza","status":"publish","type":"person","link":"https:\/\/medicina.udd.cl\/centro-genetica-genomica\/persona\/analia-cuiza\/","title":{"rendered":"Anal\u00eda Cuiza"},"featured_media":2028,"template":"","people_tax":[4037,10100],"people_areas":[],"people_levels":[],"class_list":["post-2027","person","type-person","status-publish","has-post-thumbnail","hentry","people_tax-equipo","people_tax-sindrome-de-delecion-22q11"],"yoast_head":"<!-- This site is optimized with the Yoast SEO plugin v26.9 - https:\/\/yoast.com\/product\/yoast-seo-wordpress\/ -->\n<title>Anal\u00eda Cuiza - Centro de Gen\u00e9tica y Gen\u00f3mica<\/title>\n<meta name=\"robots\" content=\"index, follow, max-snippet:-1, max-image-preview:large, max-video-preview:-1\" \/>\n<link rel=\"canonical\" href=\"https:\/\/medicina.udd.cl\/centro-genetica-genomica\/persona\/analia-cuiza\/\" \/>\n<meta property=\"og:locale\" content=\"es_ES\" \/>\n<meta property=\"og:type\" content=\"article\" \/>\n<meta property=\"og:title\" content=\"Anal\u00eda Cuiza - Centro de Gen\u00e9tica y Gen\u00f3mica\" \/>\n<meta property=\"og:url\" content=\"https:\/\/medicina.udd.cl\/centro-genetica-genomica\/persona\/analia-cuiza\/\" \/>\n<meta property=\"og:site_name\" content=\"Centro de Gen\u00e9tica y Gen\u00f3mica\" \/>\n<meta property=\"article:modified_time\" content=\"2017-07-27T19:48:55+00:00\" \/>\n<meta property=\"og:image\" content=\"https:\/\/medicina.udd.cl\/centro-genetica-genomica\/files\/2017\/07\/Anal\u00eda-Cuiza.jpg\" \/>\n\t<meta property=\"og:image:width\" content=\"563\" \/>\n\t<meta property=\"og:image:height\" content=\"450\" \/>\n\t<meta property=\"og:image:type\" content=\"image\/jpeg\" \/>\n<script type=\"application\/ld+json\" class=\"yoast-schema-graph\">{\"@context\":\"https:\/\/schema.org\",\"@graph\":[{\"@type\":\"WebPage\",\"@id\":\"https:\/\/medicina.udd.cl\/centro-genetica-genomica\/persona\/analia-cuiza\/\",\"url\":\"https:\/\/medicina.udd.cl\/centro-genetica-genomica\/persona\/analia-cuiza\/\",\"name\":\"Anal\u00eda Cuiza - Centro de Gen\u00e9tica y Gen\u00f3mica\",\"isPartOf\":{\"@id\":\"https:\/\/medicina.udd.cl\/centro-genetica-genomica\/#website\"},\"primaryImageOfPage\":{\"@id\":\"https:\/\/medicina.udd.cl\/centro-genetica-genomica\/persona\/analia-cuiza\/#primaryimage\"},\"image\":{\"@id\":\"https:\/\/medicina.udd.cl\/centro-genetica-genomica\/persona\/analia-cuiza\/#primaryimage\"},\"thumbnailUrl\":\"https:\/\/medicina.udd.cl\/centro-genetica-genomica\/files\/2017\/07\/Anal\u00eda-Cuiza.jpg\",\"datePublished\":\"2017-07-24T19:18:09+00:00\",\"dateModified\":\"2017-07-27T19:48:55+00:00\",\"breadcrumb\":{\"@id\":\"https:\/\/medicina.udd.cl\/centro-genetica-genomica\/persona\/analia-cuiza\/#breadcrumb\"},\"inLanguage\":\"es\",\"potentialAction\":[{\"@type\":\"ReadAction\",\"target\":[\"https:\/\/medicina.udd.cl\/centro-genetica-genomica\/persona\/analia-cuiza\/\"]}]},{\"@type\":\"ImageObject\",\"inLanguage\":\"es\",\"@id\":\"https:\/\/medicina.udd.cl\/centro-genetica-genomica\/persona\/analia-cuiza\/#primaryimage\",\"url\":\"https:\/\/medicina.udd.cl\/centro-genetica-genomica\/files\/2017\/07\/Anal\u00eda-Cuiza.jpg\",\"contentUrl\":\"https:\/\/medicina.udd.cl\/centro-genetica-genomica\/files\/2017\/07\/Anal\u00eda-Cuiza.jpg\",\"width\":563,\"height\":450},{\"@type\":\"BreadcrumbList\",\"@id\":\"https:\/\/medicina.udd.cl\/centro-genetica-genomica\/persona\/analia-cuiza\/#breadcrumb\",\"itemListElement\":[{\"@type\":\"ListItem\",\"position\":1,\"name\":\"Inicio\",\"item\":\"https:\/\/medicina.udd.cl\/centro-genetica-genomica\/\"},{\"@type\":\"ListItem\",\"position\":2,\"name\":\"Personas\",\"item\":\"https:\/\/medicina.udd.cl\/centro-genetica-genomica\/persona\/\"},{\"@type\":\"ListItem\",\"position\":3,\"name\":\"Anal\u00eda Cuiza\"}]},{\"@type\":\"WebSite\",\"@id\":\"https:\/\/medicina.udd.cl\/centro-genetica-genomica\/#website\",\"url\":\"https:\/\/medicina.udd.cl\/centro-genetica-genomica\/\",\"name\":\"Centro de Gen\u00e9tica y Gen\u00f3mica\",\"description\":\"\",\"inLanguage\":\"es\"}]}<\/script>\n<!-- \/ Yoast SEO plugin. -->","yoast_head_json":{"title":"Anal\u00eda Cuiza - Centro de Gen\u00e9tica y Gen\u00f3mica","robots":{"index":"index","follow":"follow","max-snippet":"max-snippet:-1","max-image-preview":"max-image-preview:large","max-video-preview":"max-video-preview:-1"},"canonical":"https:\/\/medicina.udd.cl\/centro-genetica-genomica\/persona\/analia-cuiza\/","og_locale":"es_ES","og_type":"article","og_title":"Anal\u00eda Cuiza - Centro de Gen\u00e9tica y Gen\u00f3mica","og_url":"https:\/\/medicina.udd.cl\/centro-genetica-genomica\/persona\/analia-cuiza\/","og_site_name":"Centro de Gen\u00e9tica y Gen\u00f3mica","article_modified_time":"2017-07-27T19:48:55+00:00","og_image":[{"width":563,"height":450,"url":"https:\/\/medicina.udd.cl\/centro-genetica-genomica\/files\/2017\/07\/Anal\u00eda-Cuiza.jpg","type":"image\/jpeg"}],"schema":{"@context":"https:\/\/schema.org","@graph":[{"@type":"WebPage","@id":"https:\/\/medicina.udd.cl\/centro-genetica-genomica\/persona\/analia-cuiza\/","url":"https:\/\/medicina.udd.cl\/centro-genetica-genomica\/persona\/analia-cuiza\/","name":"Anal\u00eda Cuiza - Centro de Gen\u00e9tica y Gen\u00f3mica","isPartOf":{"@id":"https:\/\/medicina.udd.cl\/centro-genetica-genomica\/#website"},"primaryImageOfPage":{"@id":"https:\/\/medicina.udd.cl\/centro-genetica-genomica\/persona\/analia-cuiza\/#primaryimage"},"image":{"@id":"https:\/\/medicina.udd.cl\/centro-genetica-genomica\/persona\/analia-cuiza\/#primaryimage"},"thumbnailUrl":"https:\/\/medicina.udd.cl\/centro-genetica-genomica\/files\/2017\/07\/Anal\u00eda-Cuiza.jpg","datePublished":"2017-07-24T19:18:09+00:00","dateModified":"2017-07-27T19:48:55+00:00","breadcrumb":{"@id":"https:\/\/medicina.udd.cl\/centro-genetica-genomica\/persona\/analia-cuiza\/#breadcrumb"},"inLanguage":"es","potentialAction":[{"@type":"ReadAction","target":["https:\/\/medicina.udd.cl\/centro-genetica-genomica\/persona\/analia-cuiza\/"]}]},{"@type":"ImageObject","inLanguage":"es","@id":"https:\/\/medicina.udd.cl\/centro-genetica-genomica\/persona\/analia-cuiza\/#primaryimage","url":"https:\/\/medicina.udd.cl\/centro-genetica-genomica\/files\/2017\/07\/Anal\u00eda-Cuiza.jpg","contentUrl":"https:\/\/medicina.udd.cl\/centro-genetica-genomica\/files\/2017\/07\/Anal\u00eda-Cuiza.jpg","width":563,"height":450},{"@type":"BreadcrumbList","@id":"https:\/\/medicina.udd.cl\/centro-genetica-genomica\/persona\/analia-cuiza\/#breadcrumb","itemListElement":[{"@type":"ListItem","position":1,"name":"Inicio","item":"https:\/\/medicina.udd.cl\/centro-genetica-genomica\/"},{"@type":"ListItem","position":2,"name":"Personas","item":"https:\/\/medicina.udd.cl\/centro-genetica-genomica\/persona\/"},{"@type":"ListItem","position":3,"name":"Anal\u00eda Cuiza"}]},{"@type":"WebSite","@id":"https:\/\/medicina.udd.cl\/centro-genetica-genomica\/#website","url":"https:\/\/medicina.udd.cl\/centro-genetica-genomica\/","name":"Centro de Gen\u00e9tica y Gen\u00f3mica","description":"","inLanguage":"es"}]}},"label":"Anal\u00eda Cuiza","role":false,"thumbnail_url":"https:\/\/medicina.udd.cl\/centro-genetica-genomica\/files\/2017\/07\/Anal\u00eda-Cuiza.jpg","email":"","tel_job":"","content":{"rendered":"<div class=\"person-modal person-modal--scl\">\n\t<header class=\"person-modal__header\">\n\t\t<div class=\"person-modal__bg\"><\/div>\n\t\t<div class=\"modal-container\">\n\t\t\t\t\t\t<div class=\"person-modal__media\">\n\t\t\t\t<img width=\"500\" height=\"400\" src=\"https:\/\/medicina.udd.cl\/centro-genetica-genomica\/files\/2017\/07\/Anal\u00eda-Cuiza.jpg\" class=\"person-modal__image wp-post-image\" alt=\"\" decoding=\"async\" loading=\"lazy\" srcset=\"https:\/\/medicina.udd.cl\/centro-genetica-genomica\/files\/2017\/07\/Anal\u00eda-Cuiza.jpg 563w, https:\/\/medicina.udd.cl\/centro-genetica-genomica\/files\/2017\/07\/Anal\u00eda-Cuiza-300x240.jpg 300w\" sizes=\"auto, (max-width: 500px) 100vw, 500px\" \/>\t\t\t<\/div>\n\t\t\t\t\t\t<div class=\"person-modal__data\">\n\t\t\t\t<h1 class=\"person-modal__name\">Anal\u00eda Cuiza<\/h1>\n\t\t\t\t\t\t\t\t\t\t\t\t\t\t\t<\/div>\n\t\t<\/div>\n\t<\/header>\n\t<div class=\"modal-container\">\n\t\t\t<div class=\"person-modal__content text\">\n\t\t\t\t\t\t\t\t\t\t\t\t<\/div>\n\t<\/div>\n<\/div>\n"},"identifier":"f9754206ab7c0a8c1369da4c4226db1f65e01026","has_credential":[],"given_name":"Anal\u00eda","family_name":"Cuiza","name":"Anal\u00eda Cuiza","job_title":"","telephone":"","note":"","im":"","_self_schedule":null,"_links":{"self":[{"href":"https:\/\/medicina.udd.cl\/centro-genetica-genomica\/wp-json\/wp\/v2\/people\/2027","targetHints":{"allow":["GET"]}}],"collection":[{"href":"https:\/\/medicina.udd.cl\/centro-genetica-genomica\/wp-json\/wp\/v2\/people"}],"about":[{"href":"https:\/\/medicina.udd.cl\/centro-genetica-genomica\/wp-json\/wp\/v2\/types\/person"}],"wp:featuredmedia":[{"embeddable":true,"href":"https:\/\/medicina.udd.cl\/centro-genetica-genomica\/wp-json\/wp\/v2\/media\/2028"}],"wp:attachment":[{"href":"https:\/\/medicina.udd.cl\/centro-genetica-genomica\/wp-json\/wp\/v2\/media?parent=2027"}],"wp:term":[{"taxonomy":"people_tax","embeddable":true,"href":"https:\/\/medicina.udd.cl\/centro-genetica-genomica\/wp-json\/wp\/v2\/people_tax?post=2027"},{"taxonomy":"people_areas","embeddable":true,"href":"https:\/\/medicina.udd.cl\/centro-genetica-genomica\/wp-json\/wp\/v2\/people_areas?post=2027"},{"taxonomy":"people_levels","embeddable":true,"href":"https:\/\/medicina.udd.cl\/centro-genetica-genomica\/wp-json\/wp\/v2\/people_levels?post=2027"}],"curies":[{"name":"wp","href":"https:\/\/api.w.org\/{rel}","templated":true}]}}