{"id":2220,"date":"2017-03-20T12:49:48","date_gmt":"2017-03-20T15:49:48","guid":{"rendered":"http:\/\/medicina.udd.cl\/centro-humanidades\/?page_id=2220"},"modified":"2018-03-23T12:29:55","modified_gmt":"2018-03-23T15:29:55","slug":"galeria-de-imagenes","status":"publish","type":"page","link":"https:\/\/medicina.udd.cl\/centro-humanidades\/eventos-y-actividades\/galeria-de-imagenes\/","title":{"rendered":"Galer\u00eda de im\u00e1genes"},"content":{"rendered":"<h4>\u00a0Arte y Salud<\/h4>\n<div class=\"gallery gallery-post\" id=\"gallery-2220-1\"><div class=\"gallery-post-feature gallery-item\"><\/div><div class=\"gallery-carousel\"><div id=\"nav-post-gallery-gallery-2220-1\" class=\"crsl-nav\"><a href=\"#\" class=\"previous icon icon-caret-left\"><\/a><a href=\"#\" class=\"next icon icon-caret-right\"><\/a><\/div><div id=\"post-gallery-gallery-2220-1\" class=\"crsl-items\" data-navigation=\"nav-post-gallery-gallery-2220-1\" data-crsl='{ \"visible\": 4, \"itemMargin\": 10 }'><div class=\"crsl-wrap\"><figure class=\"gallery-item crsl-item crsl-active\"><a href=\"https:\/\/medicina.udd.cl\/centro-humanidades\/files\/2017\/03\/Arte-y-Salud-2016-Obra-Teatro-con-Centro-UC-Si\u0301ndrome-de-Down--660x430.jpg\" title=\"Arte y Salud 2016 Obra Teatro con Centro UC Si\u0301ndrome de Down\" class=\"gallery-thumb\" id=\"thumbnail-2264-0\" data-full-url=\"https:\/\/medicina.udd.cl\/centro-humanidades\/files\/2017\/03\/Arte-y-Salud-2016-Obra-Teatro-con-Centro-UC-S\u00edndrome-de-Down-.jpg\"><img decoding=\"async\" src=\"https:\/\/medicina.udd.cl\/centro-humanidades\/files\/2017\/03\/Arte-y-Salud-2016-Obra-Teatro-con-Centro-UC-Si\u0301ndrome-de-Down--125x80.jpg\" class=\"full-width\" alt=\"Arte y Salud 2016 Obra Teatro con Centro UC Si\u0301ndrome de Down\"><\/a><\/figure><figure class=\"gallery-item crsl-item\"><a href=\"https:\/\/medicina.udd.cl\/centro-humanidades\/files\/2017\/03\/Arte-y-Salud-2016-Obra-Teatro-660x430.jpg\" title=\"Arte y Salud 2016 Obra Teatro\" class=\"gallery-thumb\" id=\"thumbnail-2265-1\" data-full-url=\"https:\/\/medicina.udd.cl\/centro-humanidades\/files\/2017\/03\/Arte-y-Salud-2016-Obra-Teatro.jpg\"><img decoding=\"async\" src=\"https:\/\/medicina.udd.cl\/centro-humanidades\/files\/2017\/03\/Arte-y-Salud-2016-Obra-Teatro-125x80.jpg\" class=\"full-width\" alt=\"Arte y Salud 2016 Obra Teatro\"><\/a><\/figure><figure class=\"gallery-item crsl-item\"><a href=\"https:\/\/medicina.udd.cl\/centro-humanidades\/files\/2017\/03\/Arte-y-Salud-1-660x430.jpg\" title=\"Arte y Salud (1)\" class=\"gallery-thumb\" id=\"thumbnail-2266-2\" data-full-url=\"https:\/\/medicina.udd.cl\/centro-humanidades\/files\/2017\/03\/Arte-y-Salud-1.jpg\"><img decoding=\"async\" src=\"https:\/\/medicina.udd.cl\/centro-humanidades\/files\/2017\/03\/Arte-y-Salud-1-125x80.jpg\" class=\"full-width\" alt=\"Arte y Salud (1)\"><\/a><\/figure><figure class=\"gallery-item crsl-item\"><a href=\"https:\/\/medicina.udd.cl\/centro-humanidades\/files\/2017\/03\/Arte-y-Salud-2-660x430.jpg\" title=\"Arte y Salud (2)\" class=\"gallery-thumb\" id=\"thumbnail-2267-3\" data-full-url=\"https:\/\/medicina.udd.cl\/centro-humanidades\/files\/2017\/03\/Arte-y-Salud-2.jpg\"><img decoding=\"async\" src=\"https:\/\/medicina.udd.cl\/centro-humanidades\/files\/2017\/03\/Arte-y-Salud-2-125x80.jpg\" class=\"full-width\" alt=\"Arte y Salud (2)\"><\/a><\/figure><figure class=\"gallery-item crsl-item\"><a href=\"https:\/\/medicina.udd.cl\/centro-humanidades\/files\/2017\/03\/Ciclo-Arte-y-Salud-2016-disCAPACIDAD-y-transformacio\u0301n-CREATIVA-660x430.jpg\" title=\"Ciclo Arte y Salud 2016 disCAPACIDAD y transformacio\u0301n CREATIVA\" class=\"gallery-thumb\" id=\"thumbnail-2268-4\" data-full-url=\"https:\/\/medicina.udd.cl\/centro-humanidades\/files\/2017\/03\/Ciclo-Arte-y-Salud-2016-disCAPACIDAD-y-transformaci\u00f3n-CREATIVA.jpg\"><img decoding=\"async\" src=\"https:\/\/medicina.udd.cl\/centro-humanidades\/files\/2017\/03\/Ciclo-Arte-y-Salud-2016-disCAPACIDAD-y-transformacio\u0301n-CREATIVA-125x80.jpg\" class=\"full-width\" alt=\"Ciclo Arte y Salud 2016 disCAPACIDAD y transformacio\u0301n CREATIVA\"><\/a><\/figure><\/div><\/div><\/div><\/div>\n<h4>Concurso Art\u00edstico y Literario<\/h4>\n<div class=\"gallery gallery-post\" id=\"gallery-2220-2\"><div class=\"gallery-post-feature gallery-item\"><\/div><div class=\"gallery-carousel\"><div id=\"nav-post-gallery-gallery-2220-2\" class=\"crsl-nav\"><a href=\"#\" class=\"previous icon icon-caret-left\"><\/a><a href=\"#\" class=\"next icon icon-caret-right\"><\/a><\/div><div id=\"post-gallery-gallery-2220-2\" class=\"crsl-items\" data-navigation=\"nav-post-gallery-gallery-2220-2\" data-crsl='{ \"visible\": 4, \"itemMargin\": 10 }'><div class=\"crsl-wrap\"><figure class=\"gallery-item crsl-item crsl-active\"><a href=\"https:\/\/medicina.udd.cl\/centro-humanidades\/files\/2017\/03\/Deliberando-Concurso-L_A-2016-660x430.jpg\" title=\"Deliberando Concurso L_A 2016\" class=\"gallery-thumb\" id=\"thumbnail-2270-0\" data-full-url=\"https:\/\/medicina.udd.cl\/centro-humanidades\/files\/2017\/03\/Deliberando-Concurso-L_A-2016.jpg\"><img decoding=\"async\" src=\"https:\/\/medicina.udd.cl\/centro-humanidades\/files\/2017\/03\/Deliberando-Concurso-L_A-2016-125x80.jpg\" class=\"full-width\" alt=\"Deliberando Concurso L_A 2016\"><\/a><\/figure><figure class=\"gallery-item crsl-item\"><a href=\"https:\/\/medicina.udd.cl\/centro-humanidades\/files\/2017\/03\/Obras-Concurso-A_L-2016-en-Centro-de-Humanidades-1-660x430.jpg\" title=\"Obras Concurso A_L 2016 en Centro de Humanidades\" class=\"gallery-thumb\" id=\"thumbnail-2271-1\" data-full-url=\"https:\/\/medicina.udd.cl\/centro-humanidades\/files\/2017\/03\/Obras-Concurso-A_L-2016-en-Centro-de-Humanidades-1.jpg\"><img decoding=\"async\" src=\"https:\/\/medicina.udd.cl\/centro-humanidades\/files\/2017\/03\/Obras-Concurso-A_L-2016-en-Centro-de-Humanidades-1-125x80.jpg\" class=\"full-width\" alt=\"Obras Concurso A_L 2016 en Centro de Humanidades\"><\/a><\/figure><figure class=\"gallery-item crsl-item\"><a href=\"https:\/\/medicina.udd.cl\/centro-humanidades\/files\/2017\/03\/Premiacio\u0301n-concurso-2016-1-659x430.jpg\" title=\"Premiacio\u0301n-concurso-2016\" class=\"gallery-thumb\" id=\"thumbnail-2274-2\" data-full-url=\"https:\/\/medicina.udd.cl\/centro-humanidades\/files\/2017\/03\/Premiaci\u00f3n-concurso-2016-1.jpg\"><img decoding=\"async\" src=\"https:\/\/medicina.udd.cl\/centro-humanidades\/files\/2017\/03\/Premiacio\u0301n-concurso-2016-1-125x80.jpg\" class=\"full-width\" alt=\"Premiacio\u0301n-concurso-2016\"><\/a><\/figure><figure class=\"gallery-item crsl-item\"><a href=\"https:\/\/medicina.udd.cl\/centro-humanidades\/files\/2017\/03\/Premiacio\u0301n-concurso-L_A-2016-1-660x430.jpg\" title=\"Premiacio\u0301n-concurso L_A 2016\" class=\"gallery-thumb\" id=\"thumbnail-2272-3\" data-full-url=\"https:\/\/medicina.udd.cl\/centro-humanidades\/files\/2017\/03\/Premiaci\u00f3n-concurso-L_A-2016-1.jpg\"><img decoding=\"async\" src=\"https:\/\/medicina.udd.cl\/centro-humanidades\/files\/2017\/03\/Premiacio\u0301n-concurso-L_A-2016-1-125x80.jpg\" class=\"full-width\" alt=\"Premiacio\u0301n-concurso L_A 2016\"><\/a><\/figure><figure class=\"gallery-item crsl-item\"><a href=\"https:\/\/medicina.udd.cl\/centro-humanidades\/files\/2017\/03\/Premiaci\u00f3n-concurso-L_A-1.jpg\" title=\"Premiacio\u0301n-concurso L_A\" class=\"gallery-thumb\" id=\"thumbnail-2273-4\" data-full-url=\"https:\/\/medicina.udd.cl\/centro-humanidades\/files\/2017\/03\/Premiaci\u00f3n-concurso-L_A-1.jpg\"><img decoding=\"async\" src=\"https:\/\/medicina.udd.cl\/centro-humanidades\/files\/2017\/03\/Premiacio\u0301n-concurso-L_A-1-125x80.jpg\" class=\"full-width\" alt=\"Premiacio\u0301n-concurso L_A\"><\/a><\/figure><\/div><\/div><\/div><\/div>\n<h4>Cierre de A\u00f1o Acad\u00e9mico (Obra de Teatro)<\/h4>\n<div class=\"gallery gallery-post\" id=\"gallery-2220-3\"><div class=\"gallery-post-feature gallery-item\"><\/div><div class=\"gallery-carousel\"><div id=\"nav-post-gallery-gallery-2220-3\" class=\"crsl-nav\"><a href=\"#\" class=\"previous icon icon-caret-left\"><\/a><a href=\"#\" class=\"next icon icon-caret-right\"><\/a><\/div><div id=\"post-gallery-gallery-2220-3\" class=\"crsl-items\" data-navigation=\"nav-post-gallery-gallery-2220-3\" data-crsl='{ \"visible\": 4, \"itemMargin\": 10 }'><div class=\"crsl-wrap\"><figure class=\"gallery-item crsl-item crsl-active\"><a href=\"https:\/\/medicina.udd.cl\/centro-humanidades\/files\/2017\/03\/CANCIO\u0301N-DE-NAVIDAD--660x430.jpg\" title=\"CANCIO\u0301N DE NAVIDAD\" class=\"gallery-thumb\" id=\"thumbnail-2253-0\" data-full-url=\"https:\/\/medicina.udd.cl\/centro-humanidades\/files\/2017\/03\/CANCI\u00d3N-DE-NAVIDAD-.jpg\"><img decoding=\"async\" src=\"https:\/\/medicina.udd.cl\/centro-humanidades\/files\/2017\/03\/CANCIO\u0301N-DE-NAVIDAD--125x80.jpg\" class=\"full-width\" alt=\"CANCIO\u0301N DE NAVIDAD\"><\/a><\/figure><figure class=\"gallery-item crsl-item\"><a href=\"https:\/\/medicina.udd.cl\/centro-humanidades\/files\/2017\/03\/Cancio\u0301n-de-Navidad-en-La-Granja-660x430.jpg\" title=\"Cancio\u0301n de Navidad en La Granja\" class=\"gallery-thumb\" id=\"thumbnail-2256-1\" data-full-url=\"https:\/\/medicina.udd.cl\/centro-humanidades\/files\/2017\/03\/Canci\u00f3n-de-Navidad-en-La-Granja.jpg\"><img decoding=\"async\" src=\"https:\/\/medicina.udd.cl\/centro-humanidades\/files\/2017\/03\/Cancio\u0301n-de-Navidad-en-La-Granja-125x80.jpg\" class=\"full-width\" alt=\"Cancio\u0301n de Navidad en La Granja\"><\/a><\/figure><figure class=\"gallery-item crsl-item\"><a href=\"https:\/\/medicina.udd.cl\/centro-humanidades\/files\/2017\/03\/Cancio\u0301n-de-Navidad-Centro-de-Humanidades-660x430.jpg\" title=\"Cancio\u0301n de Navidad Centro de Humanidades\" class=\"gallery-thumb\" id=\"thumbnail-2255-2\" data-full-url=\"https:\/\/medicina.udd.cl\/centro-humanidades\/files\/2017\/03\/Canci\u00f3n-de-Navidad-Centro-de-Humanidades.jpg\"><img decoding=\"async\" src=\"https:\/\/medicina.udd.cl\/centro-humanidades\/files\/2017\/03\/Cancio\u0301n-de-Navidad-Centro-de-Humanidades-125x80.jpg\" class=\"full-width\" alt=\"Cancio\u0301n de Navidad Centro de Humanidades\"><\/a><\/figure><figure class=\"gallery-item crsl-item\"><a href=\"https:\/\/medicina.udd.cl\/centro-humanidades\/files\/2017\/03\/Cancio\u0301n-de-Navidad-2016-660x430.jpg\" title=\"Cancio\u0301n de Navidad 2016\" class=\"gallery-thumb\" id=\"thumbnail-2252-3\" data-full-url=\"https:\/\/medicina.udd.cl\/centro-humanidades\/files\/2017\/03\/Canci\u00f3n-de-Navidad-2016.jpg\"><img decoding=\"async\" src=\"https:\/\/medicina.udd.cl\/centro-humanidades\/files\/2017\/03\/Cancio\u0301n-de-Navidad-2016-125x80.jpg\" class=\"full-width\" alt=\"Cancio\u0301n de Navidad 2016\"><\/a><\/figure><figure class=\"gallery-item crsl-item\"><a href=\"https:\/\/medicina.udd.cl\/centro-humanidades\/files\/2017\/03\/Cancio\u0301n-de-Navidad-2016-1-660x430.jpg\" title=\"Cancio\u0301n de Navidad 2016\" class=\"gallery-thumb\" id=\"thumbnail-2254-4\" data-full-url=\"https:\/\/medicina.udd.cl\/centro-humanidades\/files\/2017\/03\/Canci\u00f3n-de-Navidad-2016-1.jpg\"><img decoding=\"async\" src=\"https:\/\/medicina.udd.cl\/centro-humanidades\/files\/2017\/03\/Cancio\u0301n-de-Navidad-2016-1-125x80.jpg\" class=\"full-width\" alt=\"Cancio\u0301n de Navidad 2016\"><\/a><\/figure><figure class=\"gallery-item crsl-item\"><a href=\"https:\/\/medicina.udd.cl\/centro-humanidades\/files\/2017\/12\/Pinocchio-Las-Condes-18-660x430.jpg\" title=\"Pinocchio Las Condes (18)\" class=\"gallery-thumb\" id=\"thumbnail-2530-5\" data-full-url=\"https:\/\/medicina.udd.cl\/centro-humanidades\/files\/2017\/12\/Pinocchio-Las-Condes-18.jpg\"><img decoding=\"async\" src=\"https:\/\/medicina.udd.cl\/centro-humanidades\/files\/2017\/12\/Pinocchio-Las-Condes-18-125x80.jpg\" class=\"full-width\" alt=\"Pinocchio Las Condes (18)\"><\/a><\/figure><figure class=\"gallery-item crsl-item\"><a href=\"https:\/\/medicina.udd.cl\/centro-humanidades\/files\/2017\/12\/Pinocchio-Las-Condes-21-660x430.jpg\" title=\"Pinocchio Las Condes (21)\" class=\"gallery-thumb\" id=\"thumbnail-2533-6\" data-full-url=\"https:\/\/medicina.udd.cl\/centro-humanidades\/files\/2017\/12\/Pinocchio-Las-Condes-21.jpg\"><img decoding=\"async\" src=\"https:\/\/medicina.udd.cl\/centro-humanidades\/files\/2017\/12\/Pinocchio-Las-Condes-21-125x80.jpg\" class=\"full-width\" alt=\"Pinocchio Las Condes (21)\"><\/a><\/figure><figure class=\"gallery-item crsl-item\"><a href=\"https:\/\/medicina.udd.cl\/centro-humanidades\/files\/2017\/12\/Pinocchio-Las-Condes-20-660x430.jpg\" title=\"Pinocchio Las Condes (20)\" class=\"gallery-thumb\" id=\"thumbnail-2532-7\" data-full-url=\"https:\/\/medicina.udd.cl\/centro-humanidades\/files\/2017\/12\/Pinocchio-Las-Condes-20.jpg\"><img decoding=\"async\" src=\"https:\/\/medicina.udd.cl\/centro-humanidades\/files\/2017\/12\/Pinocchio-Las-Condes-20-125x80.jpg\" class=\"full-width\" alt=\"Pinocchio Las Condes (20)\"><\/a><\/figure><figure class=\"gallery-item crsl-item\"><a href=\"https:\/\/medicina.udd.cl\/centro-humanidades\/files\/2017\/12\/Pinocchio-Las-Condes-19-660x430.jpg\" title=\"Pinocchio Las Condes (19)\" class=\"gallery-thumb\" id=\"thumbnail-2531-8\" data-full-url=\"https:\/\/medicina.udd.cl\/centro-humanidades\/files\/2017\/12\/Pinocchio-Las-Condes-19.jpg\"><img decoding=\"async\" src=\"https:\/\/medicina.udd.cl\/centro-humanidades\/files\/2017\/12\/Pinocchio-Las-Condes-19-125x80.jpg\" class=\"full-width\" alt=\"Pinocchio Las Condes (19)\"><\/a><\/figure><figure class=\"gallery-item crsl-item\"><a href=\"https:\/\/medicina.udd.cl\/centro-humanidades\/files\/2017\/12\/Pinocchio-Las-Condes-14-660x430.jpg\" title=\"Pinocchio Las Condes (14)\" class=\"gallery-thumb\" id=\"thumbnail-2526-9\" data-full-url=\"https:\/\/medicina.udd.cl\/centro-humanidades\/files\/2017\/12\/Pinocchio-Las-Condes-14.jpg\"><img decoding=\"async\" src=\"https:\/\/medicina.udd.cl\/centro-humanidades\/files\/2017\/12\/Pinocchio-Las-Condes-14-125x80.jpg\" class=\"full-width\" alt=\"Pinocchio Las Condes (14)\"><\/a><\/figure><figure class=\"gallery-item crsl-item\"><a href=\"https:\/\/medicina.udd.cl\/centro-humanidades\/files\/2017\/12\/Pinocchio-Las-Condes-15-660x430.jpg\" title=\"Pinocchio Las Condes (15)\" class=\"gallery-thumb\" id=\"thumbnail-2527-10\" data-full-url=\"https:\/\/medicina.udd.cl\/centro-humanidades\/files\/2017\/12\/Pinocchio-Las-Condes-15.jpg\"><img decoding=\"async\" src=\"https:\/\/medicina.udd.cl\/centro-humanidades\/files\/2017\/12\/Pinocchio-Las-Condes-15-125x80.jpg\" class=\"full-width\" alt=\"Pinocchio Las Condes (15)\"><\/a><\/figure><figure class=\"gallery-item crsl-item\"><a href=\"https:\/\/medicina.udd.cl\/centro-humanidades\/files\/2017\/12\/Pinocchio-Las-Condes-16-660x430.jpg\" title=\"Pinocchio Las Condes (16)\" class=\"gallery-thumb\" id=\"thumbnail-2528-11\" data-full-url=\"https:\/\/medicina.udd.cl\/centro-humanidades\/files\/2017\/12\/Pinocchio-Las-Condes-16.jpg\"><img decoding=\"async\" src=\"https:\/\/medicina.udd.cl\/centro-humanidades\/files\/2017\/12\/Pinocchio-Las-Condes-16-125x80.jpg\" class=\"full-width\" alt=\"Pinocchio Las Condes (16)\"><\/a><\/figure><figure class=\"gallery-item crsl-item\"><a href=\"https:\/\/medicina.udd.cl\/centro-humanidades\/files\/2017\/12\/Pinocchio-Las-Condes-17-660x430.jpg\" title=\"Pinocchio Las Condes (17)\" class=\"gallery-thumb\" id=\"thumbnail-2529-12\" data-full-url=\"https:\/\/medicina.udd.cl\/centro-humanidades\/files\/2017\/12\/Pinocchio-Las-Condes-17.jpg\"><img decoding=\"async\" src=\"https:\/\/medicina.udd.cl\/centro-humanidades\/files\/2017\/12\/Pinocchio-Las-Condes-17-125x80.jpg\" class=\"full-width\" alt=\"Pinocchio Las Condes (17)\"><\/a><\/figure><figure class=\"gallery-item crsl-item\"><a href=\"https:\/\/medicina.udd.cl\/centro-humanidades\/files\/2017\/12\/Pinocchio-Las-Condes-10-660x430.jpg\" title=\"Pinocchio Las Condes (10)\" class=\"gallery-thumb\" id=\"thumbnail-2522-13\" data-full-url=\"https:\/\/medicina.udd.cl\/centro-humanidades\/files\/2017\/12\/Pinocchio-Las-Condes-10.jpg\"><img decoding=\"async\" src=\"https:\/\/medicina.udd.cl\/centro-humanidades\/files\/2017\/12\/Pinocchio-Las-Condes-10-125x80.jpg\" class=\"full-width\" alt=\"Pinocchio Las Condes (10)\"><\/a><\/figure><figure class=\"gallery-item crsl-item\"><a href=\"https:\/\/medicina.udd.cl\/centro-humanidades\/files\/2017\/12\/Pinocchio-Las-Condes-9-660x430.jpg\" title=\"Pinocchio Las Condes (9)\" class=\"gallery-thumb\" id=\"thumbnail-2521-14\" data-full-url=\"https:\/\/medicina.udd.cl\/centro-humanidades\/files\/2017\/12\/Pinocchio-Las-Condes-9.jpg\"><img decoding=\"async\" src=\"https:\/\/medicina.udd.cl\/centro-humanidades\/files\/2017\/12\/Pinocchio-Las-Condes-9-125x80.jpg\" class=\"full-width\" alt=\"Pinocchio Las Condes (9)\"><\/a><\/figure><figure class=\"gallery-item crsl-item\"><a href=\"https:\/\/medicina.udd.cl\/centro-humanidades\/files\/2017\/12\/Pinocchio-Las-Condes-11-660x430.jpg\" title=\"Pinocchio Las Condes (11)\" class=\"gallery-thumb\" id=\"thumbnail-2523-15\" data-full-url=\"https:\/\/medicina.udd.cl\/centro-humanidades\/files\/2017\/12\/Pinocchio-Las-Condes-11.jpg\"><img decoding=\"async\" src=\"https:\/\/medicina.udd.cl\/centro-humanidades\/files\/2017\/12\/Pinocchio-Las-Condes-11-125x80.jpg\" class=\"full-width\" alt=\"Pinocchio Las Condes (11)\"><\/a><\/figure><figure class=\"gallery-item crsl-item\"><a href=\"https:\/\/medicina.udd.cl\/centro-humanidades\/files\/2017\/12\/Pinocchio-Las-Condes-12-660x430.jpg\" title=\"Pinocchio Las Condes (12)\" class=\"gallery-thumb\" id=\"thumbnail-2524-16\" data-full-url=\"https:\/\/medicina.udd.cl\/centro-humanidades\/files\/2017\/12\/Pinocchio-Las-Condes-12.jpg\"><img decoding=\"async\" src=\"https:\/\/medicina.udd.cl\/centro-humanidades\/files\/2017\/12\/Pinocchio-Las-Condes-12-125x80.jpg\" class=\"full-width\" alt=\"Pinocchio Las Condes (12)\"><\/a><\/figure><figure class=\"gallery-item crsl-item\"><a href=\"https:\/\/medicina.udd.cl\/centro-humanidades\/files\/2017\/12\/Pinocchio-Las-Condes-13-660x430.jpg\" title=\"Pinocchio Las Condes (13)\" class=\"gallery-thumb\" id=\"thumbnail-2525-17\" data-full-url=\"https:\/\/medicina.udd.cl\/centro-humanidades\/files\/2017\/12\/Pinocchio-Las-Condes-13.jpg\"><img decoding=\"async\" src=\"https:\/\/medicina.udd.cl\/centro-humanidades\/files\/2017\/12\/Pinocchio-Las-Condes-13-125x80.jpg\" class=\"full-width\" alt=\"Pinocchio Las Condes (13)\"><\/a><\/figure><figure class=\"gallery-item crsl-item\"><a href=\"https:\/\/medicina.udd.cl\/centro-humanidades\/files\/2017\/12\/Pinocchio-Las-Condes-8-660x430.jpg\" title=\"Pinocchio Las Condes (8)\" class=\"gallery-thumb\" id=\"thumbnail-2520-18\" data-full-url=\"https:\/\/medicina.udd.cl\/centro-humanidades\/files\/2017\/12\/Pinocchio-Las-Condes-8.jpg\"><img decoding=\"async\" src=\"https:\/\/medicina.udd.cl\/centro-humanidades\/files\/2017\/12\/Pinocchio-Las-Condes-8-125x80.jpg\" class=\"full-width\" alt=\"Pinocchio Las Condes (8)\"><\/a><\/figure><figure class=\"gallery-item crsl-item\"><a href=\"https:\/\/medicina.udd.cl\/centro-humanidades\/files\/2017\/12\/Pinocchio-Las-Condes-7-660x430.jpg\" title=\"Pinocchio Las Condes (7)\" class=\"gallery-thumb\" id=\"thumbnail-2519-19\" data-full-url=\"https:\/\/medicina.udd.cl\/centro-humanidades\/files\/2017\/12\/Pinocchio-Las-Condes-7.jpg\"><img decoding=\"async\" src=\"https:\/\/medicina.udd.cl\/centro-humanidades\/files\/2017\/12\/Pinocchio-Las-Condes-7-125x80.jpg\" class=\"full-width\" alt=\"Pinocchio Las Condes (7)\"><\/a><\/figure><figure class=\"gallery-item crsl-item\"><a href=\"https:\/\/medicina.udd.cl\/centro-humanidades\/files\/2017\/12\/Pinocchio-Las-Condes-6-660x430.jpg\" title=\"Pinocchio Las Condes (6)\" class=\"gallery-thumb\" id=\"thumbnail-2518-20\" data-full-url=\"https:\/\/medicina.udd.cl\/centro-humanidades\/files\/2017\/12\/Pinocchio-Las-Condes-6.jpg\"><img decoding=\"async\" src=\"https:\/\/medicina.udd.cl\/centro-humanidades\/files\/2017\/12\/Pinocchio-Las-Condes-6-125x80.jpg\" class=\"full-width\" alt=\"Pinocchio Las Condes (6)\"><\/a><\/figure><figure class=\"gallery-item crsl-item\"><a href=\"https:\/\/medicina.udd.cl\/centro-humanidades\/files\/2017\/12\/Pinocchio-Las-Condes-5-660x430.jpg\" title=\"Pinocchio Las Condes (5)\" class=\"gallery-thumb\" id=\"thumbnail-2517-21\" data-full-url=\"https:\/\/medicina.udd.cl\/centro-humanidades\/files\/2017\/12\/Pinocchio-Las-Condes-5.jpg\"><img decoding=\"async\" src=\"https:\/\/medicina.udd.cl\/centro-humanidades\/files\/2017\/12\/Pinocchio-Las-Condes-5-125x80.jpg\" class=\"full-width\" alt=\"Pinocchio Las Condes (5)\"><\/a><\/figure><figure class=\"gallery-item crsl-item\"><a href=\"https:\/\/medicina.udd.cl\/centro-humanidades\/files\/2017\/12\/Pinocchio-Las-Condes-4-660x430.jpg\" title=\"Pinocchio Las Condes (4)\" class=\"gallery-thumb\" id=\"thumbnail-2516-22\" data-full-url=\"https:\/\/medicina.udd.cl\/centro-humanidades\/files\/2017\/12\/Pinocchio-Las-Condes-4.jpg\"><img decoding=\"async\" src=\"https:\/\/medicina.udd.cl\/centro-humanidades\/files\/2017\/12\/Pinocchio-Las-Condes-4-125x80.jpg\" class=\"full-width\" alt=\"Pinocchio Las Condes (4)\"><\/a><\/figure><figure class=\"gallery-item crsl-item\"><a href=\"https:\/\/medicina.udd.cl\/centro-humanidades\/files\/2017\/12\/Pinocchio-Las-Condes-3-660x430.jpg\" title=\"Pinocchio Las Condes (3)\" class=\"gallery-thumb\" id=\"thumbnail-2515-23\" data-full-url=\"https:\/\/medicina.udd.cl\/centro-humanidades\/files\/2017\/12\/Pinocchio-Las-Condes-3.jpg\"><img decoding=\"async\" src=\"https:\/\/medicina.udd.cl\/centro-humanidades\/files\/2017\/12\/Pinocchio-Las-Condes-3-125x80.jpg\" class=\"full-width\" alt=\"Pinocchio Las Condes (3)\"><\/a><\/figure><figure class=\"gallery-item crsl-item\"><a href=\"https:\/\/medicina.udd.cl\/centro-humanidades\/files\/2017\/12\/Pinocchio-Las-Condes-2-660x430.jpg\" title=\"Pinocchio Las Condes (2)\" class=\"gallery-thumb\" id=\"thumbnail-2514-24\" data-full-url=\"https:\/\/medicina.udd.cl\/centro-humanidades\/files\/2017\/12\/Pinocchio-Las-Condes-2.jpg\"><img decoding=\"async\" src=\"https:\/\/medicina.udd.cl\/centro-humanidades\/files\/2017\/12\/Pinocchio-Las-Condes-2-125x80.jpg\" class=\"full-width\" alt=\"Pinocchio Las Condes (2)\"><\/a><\/figure><\/div><\/div><\/div><\/div>\n<h4><strong>Cofrad\u00eda de los Lectores\u00a0<\/strong><\/h4>\n<div class=\"gallery gallery-post\" id=\"gallery-2220-4\"><div class=\"gallery-post-feature gallery-item\"><\/div><div class=\"gallery-carousel\"><div id=\"nav-post-gallery-gallery-2220-4\" class=\"crsl-nav\"><a href=\"#\" class=\"previous icon icon-caret-left\"><\/a><a href=\"#\" class=\"next icon icon-caret-right\"><\/a><\/div><div id=\"post-gallery-gallery-2220-4\" class=\"crsl-items\" data-navigation=\"nav-post-gallery-gallery-2220-4\" data-crsl='{ \"visible\": 4, \"itemMargin\": 10 }'><div class=\"crsl-wrap\"><figure class=\"gallery-item crsl-item crsl-active\"><a href=\"https:\/\/medicina.udd.cl\/centro-humanidades\/files\/2017\/03\/Cofradi\u0301a-de-los-Lectores-660x430.jpg\" title=\"Cofradi\u0301a de los Lectores\" class=\"gallery-thumb\" id=\"thumbnail-2278-0\" data-full-url=\"https:\/\/medicina.udd.cl\/centro-humanidades\/files\/2017\/03\/Cofrad\u00eda-de-los-Lectores.jpg\"><img decoding=\"async\" src=\"https:\/\/medicina.udd.cl\/centro-humanidades\/files\/2017\/03\/Cofradi\u0301a-de-los-Lectores-125x80.jpg\" class=\"full-width\" alt=\"Cofradi\u0301a de los Lectores\"><\/a><\/figure><figure class=\"gallery-item crsl-item\"><a href=\"https:\/\/medicina.udd.cl\/centro-humanidades\/files\/2017\/03\/Cristia\u0301n-Barros-Cofradi\u0301a-de-los-Lectores-660x430.jpg\" title=\"Cristia\u0301n Barros, Cofradi\u0301a de los Lectores\" class=\"gallery-thumb\" id=\"thumbnail-2279-1\" data-full-url=\"https:\/\/medicina.udd.cl\/centro-humanidades\/files\/2017\/03\/Cristi\u00e1n-Barros-Cofrad\u00eda-de-los-Lectores.jpg\"><img decoding=\"async\" src=\"https:\/\/medicina.udd.cl\/centro-humanidades\/files\/2017\/03\/Cristia\u0301n-Barros-Cofradi\u0301a-de-los-Lectores-125x80.jpg\" class=\"full-width\" alt=\"Cristia\u0301n Barros, Cofradi\u0301a de los Lectores\"><\/a><\/figure><\/div><\/div><\/div><\/div>\n<h4><strong>Coloquios de Humanidades\u00a0<\/strong><\/h4>\n<div class=\"gallery gallery-post\" id=\"gallery-2220-5\"><div class=\"gallery-post-feature gallery-item\"><\/div><div class=\"gallery-carousel\"><div id=\"nav-post-gallery-gallery-2220-5\" class=\"crsl-nav\"><a href=\"#\" class=\"previous icon icon-caret-left\"><\/a><a href=\"#\" class=\"next icon icon-caret-right\"><\/a><\/div><div id=\"post-gallery-gallery-2220-5\" class=\"crsl-items\" data-navigation=\"nav-post-gallery-gallery-2220-5\" data-crsl='{ \"visible\": 4, \"itemMargin\": 10 }'><div class=\"crsl-wrap\"><figure class=\"gallery-item crsl-item crsl-active\"><a href=\"https:\/\/medicina.udd.cl\/centro-humanidades\/files\/2017\/03\/coloquio-3-640x430.jpg\" title=\"coloquio 3\" class=\"gallery-thumb\" id=\"thumbnail-2553-0\" data-full-url=\"https:\/\/medicina.udd.cl\/centro-humanidades\/files\/2017\/03\/coloquio-3.jpg\"><img decoding=\"async\" src=\"https:\/\/medicina.udd.cl\/centro-humanidades\/files\/2017\/03\/coloquio-3-125x80.jpg\" class=\"full-width\" alt=\"coloquio 3\"><\/a><\/figure><figure class=\"gallery-item crsl-item\"><a href=\"https:\/\/medicina.udd.cl\/centro-humanidades\/files\/2017\/03\/IMG_0760-660x430.jpg\" title=\"IMG_0760\" class=\"gallery-thumb\" id=\"thumbnail-2554-1\" data-full-url=\"https:\/\/medicina.udd.cl\/centro-humanidades\/files\/2017\/03\/IMG_0760.jpg\"><img decoding=\"async\" src=\"https:\/\/medicina.udd.cl\/centro-humanidades\/files\/2017\/03\/IMG_0760-125x80.jpg\" class=\"full-width\" alt=\"IMG_0760\"><\/a><\/figure><figure class=\"gallery-item crsl-item\"><a href=\"https:\/\/medicina.udd.cl\/centro-humanidades\/files\/2017\/03\/IMG_0766-660x430.jpg\" title=\"IMG_0766\" class=\"gallery-thumb\" id=\"thumbnail-2555-2\" data-full-url=\"https:\/\/medicina.udd.cl\/centro-humanidades\/files\/2017\/03\/IMG_0766.jpg\"><img decoding=\"async\" src=\"https:\/\/medicina.udd.cl\/centro-humanidades\/files\/2017\/03\/IMG_0766-125x80.jpg\" class=\"full-width\" alt=\"IMG_0766\"><\/a><\/figure><figure class=\"gallery-item crsl-item\"><a href=\"https:\/\/medicina.udd.cl\/centro-humanidades\/files\/2017\/03\/IMG_0771-660x430.jpg\" title=\"IMG_0771\" class=\"gallery-thumb\" id=\"thumbnail-2556-3\" data-full-url=\"https:\/\/medicina.udd.cl\/centro-humanidades\/files\/2017\/03\/IMG_0771.jpg\"><img decoding=\"async\" src=\"https:\/\/medicina.udd.cl\/centro-humanidades\/files\/2017\/03\/IMG_0771-125x80.jpg\" class=\"full-width\" alt=\"IMG_0771\"><\/a><\/figure><figure class=\"gallery-item crsl-item\"><a href=\"https:\/\/medicina.udd.cl\/centro-humanidades\/files\/2017\/03\/IMG_0775-660x430.jpg\" title=\"IMG_0775\" class=\"gallery-thumb\" id=\"thumbnail-2557-4\" data-full-url=\"https:\/\/medicina.udd.cl\/centro-humanidades\/files\/2017\/03\/IMG_0775.jpg\"><img decoding=\"async\" src=\"https:\/\/medicina.udd.cl\/centro-humanidades\/files\/2017\/03\/IMG_0775-125x80.jpg\" class=\"full-width\" alt=\"IMG_0775\"><\/a><\/figure><figure class=\"gallery-item crsl-item\"><a href=\"https:\/\/medicina.udd.cl\/centro-humanidades\/files\/2017\/03\/IMG_0782-660x430.jpg\" title=\"IMG_0782\" class=\"gallery-thumb\" id=\"thumbnail-2558-5\" data-full-url=\"https:\/\/medicina.udd.cl\/centro-humanidades\/files\/2017\/03\/IMG_0782.jpg\"><img decoding=\"async\" src=\"https:\/\/medicina.udd.cl\/centro-humanidades\/files\/2017\/03\/IMG_0782-125x80.jpg\" class=\"full-width\" alt=\"IMG_0782\"><\/a><\/figure><figure class=\"gallery-item crsl-item\"><a href=\"https:\/\/medicina.udd.cl\/centro-humanidades\/files\/2017\/03\/IMG_1113-660x430.jpg\" title=\"IMG_1113\" class=\"gallery-thumb\" id=\"thumbnail-2559-6\" data-full-url=\"https:\/\/medicina.udd.cl\/centro-humanidades\/files\/2017\/03\/IMG_1113.jpg\"><img decoding=\"async\" src=\"https:\/\/medicina.udd.cl\/centro-humanidades\/files\/2017\/03\/IMG_1113-125x80.jpg\" class=\"full-width\" alt=\"IMG_1113\"><\/a><\/figure><figure class=\"gallery-item crsl-item\"><a href=\"https:\/\/medicina.udd.cl\/centro-humanidades\/files\/2017\/03\/Ximena-Perez-segundo-coloquio-660x430.jpeg\" title=\"Ximena Perez segundo coloquio\" class=\"gallery-thumb\" id=\"thumbnail-2560-7\" data-full-url=\"https:\/\/medicina.udd.cl\/centro-humanidades\/files\/2017\/03\/Ximena-Perez-segundo-coloquio.jpeg\"><img decoding=\"async\" src=\"https:\/\/medicina.udd.cl\/centro-humanidades\/files\/2017\/03\/Ximena-Perez-segundo-coloquio-125x80.jpeg\" class=\"full-width\" alt=\"Ximena Perez segundo coloquio\"><\/a><\/figure><\/div><\/div><\/div><\/div>\n<p>&nbsp;<\/p>\n<p>&nbsp;<\/p>\n<p>&nbsp;<\/p>\n<p>&nbsp;<\/p>\n<p>&nbsp;<\/p>\n<p>&nbsp;<\/p>\n","protected":false},"excerpt":{"rendered":"<p>\u00a0Arte y Salud Concurso Art\u00edstico y Literario Cierre de A\u00f1o Acad\u00e9mico (Obra de Teatro) Cofrad\u00eda de los Lectores\u00a0 Coloquios de Humanidades\u00a0 &nbsp; &nbsp; &nbsp; &nbsp; &nbsp; &nbsp;<\/p>\n","protected":false},"author":42,"featured_media":0,"parent":5,"menu_order":0,"comment_status":"closed","ping_status":"closed","template":"","meta":{"footnotes":""},"class_list":["post-2220","page","type-page","status-publish","hentry"],"yoast_head":"<!-- This site is optimized with the Yoast SEO plugin v26.9 - https:\/\/yoast.com\/product\/yoast-seo-wordpress\/ -->\n<title>Galer\u00eda de im\u00e1genes - Centro de Humanidades<\/title>\n<meta name=\"robots\" content=\"index, follow, max-snippet:-1, max-image-preview:large, max-video-preview:-1\" \/>\n<link rel=\"canonical\" href=\"https:\/\/medicina.udd.cl\/centro-humanidades\/eventos-y-actividades\/galeria-de-imagenes\/\" \/>\n<meta property=\"og:locale\" content=\"es_ES\" \/>\n<meta property=\"og:type\" content=\"article\" \/>\n<meta property=\"og:title\" content=\"Galer\u00eda de im\u00e1genes - Centro de Humanidades\" \/>\n<meta property=\"og:description\" content=\"\u00a0Arte y Salud Concurso Art\u00edstico y Literario Cierre de A\u00f1o Acad\u00e9mico (Obra de Teatro) Cofrad\u00eda de los Lectores\u00a0 Coloquios de Humanidades\u00a0 &nbsp; &nbsp; &nbsp; &nbsp; &nbsp; &nbsp;\" \/>\n<meta property=\"og:url\" content=\"https:\/\/medicina.udd.cl\/centro-humanidades\/eventos-y-actividades\/galeria-de-imagenes\/\" \/>\n<meta property=\"og:site_name\" content=\"Centro de Humanidades\" \/>\n<meta property=\"article:modified_time\" content=\"2018-03-23T15:29:55+00:00\" \/>\n<meta property=\"og:image\" content=\"https:\/\/medicina.udd.cl\/centro-humanidades\/files\/2017\/03\/Arte-y-Salud-2016-Obra-Teatro-con-Centro-UC-S\u00edndrome-de-Down--125x80.jpg\" \/>\n<script type=\"application\/ld+json\" class=\"yoast-schema-graph\">{\"@context\":\"https:\/\/schema.org\",\"@graph\":[{\"@type\":\"WebPage\",\"@id\":\"https:\/\/medicina.udd.cl\/centro-humanidades\/eventos-y-actividades\/galeria-de-imagenes\/\",\"url\":\"https:\/\/medicina.udd.cl\/centro-humanidades\/eventos-y-actividades\/galeria-de-imagenes\/\",\"name\":\"Galer\u00eda de im\u00e1genes - Centro de Humanidades\",\"isPartOf\":{\"@id\":\"https:\/\/medicina.udd.cl\/centro-humanidades\/#website\"},\"datePublished\":\"2017-03-20T15:49:48+00:00\",\"dateModified\":\"2018-03-23T15:29:55+00:00\",\"breadcrumb\":{\"@id\":\"https:\/\/medicina.udd.cl\/centro-humanidades\/eventos-y-actividades\/galeria-de-imagenes\/#breadcrumb\"},\"inLanguage\":\"es\",\"potentialAction\":[{\"@type\":\"ReadAction\",\"target\":[\"https:\/\/medicina.udd.cl\/centro-humanidades\/eventos-y-actividades\/galeria-de-imagenes\/\"]}]},{\"@type\":\"BreadcrumbList\",\"@id\":\"https:\/\/medicina.udd.cl\/centro-humanidades\/eventos-y-actividades\/galeria-de-imagenes\/#breadcrumb\",\"itemListElement\":[{\"@type\":\"ListItem\",\"position\":1,\"name\":\"Home\",\"item\":\"https:\/\/medicina.udd.cl\/centro-humanidades\/\"},{\"@type\":\"ListItem\",\"position\":2,\"name\":\"Actividades\",\"item\":\"https:\/\/medicina.udd.cl\/centro-humanidades\/eventos-y-actividades\/\"},{\"@type\":\"ListItem\",\"position\":3,\"name\":\"Galer\u00eda de im\u00e1genes\"}]},{\"@type\":\"WebSite\",\"@id\":\"https:\/\/medicina.udd.cl\/centro-humanidades\/#website\",\"url\":\"https:\/\/medicina.udd.cl\/centro-humanidades\/\",\"name\":\"Centro de Humanidades\",\"description\":\"Otro sitio m\u00e1s de Medicina\",\"potentialAction\":[{\"@type\":\"SearchAction\",\"target\":{\"@type\":\"EntryPoint\",\"urlTemplate\":\"https:\/\/medicina.udd.cl\/centro-humanidades\/?s={search_term_string}\"},\"query-input\":{\"@type\":\"PropertyValueSpecification\",\"valueRequired\":true,\"valueName\":\"search_term_string\"}}],\"inLanguage\":\"es\"}]}<\/script>\n<!-- \/ Yoast SEO plugin. -->","yoast_head_json":{"title":"Galer\u00eda de im\u00e1genes - Centro de Humanidades","robots":{"index":"index","follow":"follow","max-snippet":"max-snippet:-1","max-image-preview":"max-image-preview:large","max-video-preview":"max-video-preview:-1"},"canonical":"https:\/\/medicina.udd.cl\/centro-humanidades\/eventos-y-actividades\/galeria-de-imagenes\/","og_locale":"es_ES","og_type":"article","og_title":"Galer\u00eda de im\u00e1genes - Centro de Humanidades","og_description":"\u00a0Arte y Salud Concurso Art\u00edstico y Literario Cierre de A\u00f1o Acad\u00e9mico (Obra de Teatro) Cofrad\u00eda de los Lectores\u00a0 Coloquios de Humanidades\u00a0 &nbsp; &nbsp; &nbsp; &nbsp; &nbsp; &nbsp;","og_url":"https:\/\/medicina.udd.cl\/centro-humanidades\/eventos-y-actividades\/galeria-de-imagenes\/","og_site_name":"Centro de Humanidades","article_modified_time":"2018-03-23T15:29:55+00:00","og_image":[{"url":"https:\/\/medicina.udd.cl\/centro-humanidades\/files\/2017\/03\/Arte-y-Salud-2016-Obra-Teatro-con-Centro-UC-Si\u0301ndrome-de-Down--125x80.jpg","type":"","width":"","height":""}],"schema":{"@context":"https:\/\/schema.org","@graph":[{"@type":"WebPage","@id":"https:\/\/medicina.udd.cl\/centro-humanidades\/eventos-y-actividades\/galeria-de-imagenes\/","url":"https:\/\/medicina.udd.cl\/centro-humanidades\/eventos-y-actividades\/galeria-de-imagenes\/","name":"Galer\u00eda de im\u00e1genes - Centro de Humanidades","isPartOf":{"@id":"https:\/\/medicina.udd.cl\/centro-humanidades\/#website"},"datePublished":"2017-03-20T15:49:48+00:00","dateModified":"2018-03-23T15:29:55+00:00","breadcrumb":{"@id":"https:\/\/medicina.udd.cl\/centro-humanidades\/eventos-y-actividades\/galeria-de-imagenes\/#breadcrumb"},"inLanguage":"es","potentialAction":[{"@type":"ReadAction","target":["https:\/\/medicina.udd.cl\/centro-humanidades\/eventos-y-actividades\/galeria-de-imagenes\/"]}]},{"@type":"BreadcrumbList","@id":"https:\/\/medicina.udd.cl\/centro-humanidades\/eventos-y-actividades\/galeria-de-imagenes\/#breadcrumb","itemListElement":[{"@type":"ListItem","position":1,"name":"Home","item":"https:\/\/medicina.udd.cl\/centro-humanidades\/"},{"@type":"ListItem","position":2,"name":"Actividades","item":"https:\/\/medicina.udd.cl\/centro-humanidades\/eventos-y-actividades\/"},{"@type":"ListItem","position":3,"name":"Galer\u00eda de im\u00e1genes"}]},{"@type":"WebSite","@id":"https:\/\/medicina.udd.cl\/centro-humanidades\/#website","url":"https:\/\/medicina.udd.cl\/centro-humanidades\/","name":"Centro de Humanidades","description":"Otro sitio m\u00e1s de Medicina","potentialAction":[{"@type":"SearchAction","target":{"@type":"EntryPoint","urlTemplate":"https:\/\/medicina.udd.cl\/centro-humanidades\/?s={search_term_string}"},"query-input":{"@type":"PropertyValueSpecification","valueRequired":true,"valueName":"search_term_string"}}],"inLanguage":"es"}]}},"_links":{"self":[{"href":"https:\/\/medicina.udd.cl\/centro-humanidades\/wp-json\/wp\/v2\/pages\/2220","targetHints":{"allow":["GET"]}}],"collection":[{"href":"https:\/\/medicina.udd.cl\/centro-humanidades\/wp-json\/wp\/v2\/pages"}],"about":[{"href":"https:\/\/medicina.udd.cl\/centro-humanidades\/wp-json\/wp\/v2\/types\/page"}],"author":[{"embeddable":true,"href":"https:\/\/medicina.udd.cl\/centro-humanidades\/wp-json\/wp\/v2\/users\/42"}],"replies":[{"embeddable":true,"href":"https:\/\/medicina.udd.cl\/centro-humanidades\/wp-json\/wp\/v2\/comments?post=2220"}],"version-history":[{"count":38,"href":"https:\/\/medicina.udd.cl\/centro-humanidades\/wp-json\/wp\/v2\/pages\/2220\/revisions"}],"predecessor-version":[{"id":2561,"href":"https:\/\/medicina.udd.cl\/centro-humanidades\/wp-json\/wp\/v2\/pages\/2220\/revisions\/2561"}],"up":[{"embeddable":true,"href":"https:\/\/medicina.udd.cl\/centro-humanidades\/wp-json\/wp\/v2\/pages\/5"}],"wp:attachment":[{"href":"https:\/\/medicina.udd.cl\/centro-humanidades\/wp-json\/wp\/v2\/media?parent=2220"}],"curies":[{"name":"wp","href":"https:\/\/api.w.org\/{rel}","templated":true}]}}